{"id":19374,"date":"2018-11-13T11:34:56","date_gmt":"2018-11-13T09:34:56","guid":{"rendered":"https:\/\/www.cruillabarcelona.cat\/?post_type=artists&#038;p=19374"},"modified":"2019-05-13T18:09:57","modified_gmt":"2019-05-13T16:09:57","slug":"kylie-minogue","status":"publish","type":"artists","link":"https:\/\/www.cruillabarcelona.cat\/en\/artists\/kylie-minogue\/","title":{"rendered":"Kylie"},"content":{"rendered":"<h2>Kylie Minogue, a pop diva at Festival Cru\u00eflla<\/h2>\n<p style=\"text-align: justify;\">Kylie Minogue will come back to Barcelona next summer to present the songs of her\u00a0<strong>last album\u00a0<em>Golden<\/em><\/strong>, along with a <strong>selection of the best-known hits<\/strong> of her three-decade-long career.<\/p>\n<p style=\"text-align: justify;\">On\u00a0<strong>July, 6, 2019<\/strong> we have a date with a real pop superstar, in what will be an\u00a0<strong>exclusive concert in Spain<\/strong>. There we will be witnesses of the strength of an artist who is still in top form.<\/p>\n<p style=\"text-align: justify;\">With your ticket for\u00a0<strong>Saturday, 6<\/strong> you will not only see Kylie Minogue live, you will also be able to enjoy the performances of <a href=\"https:\/\/www.cruillabarcelona.cat\/en\/artists\/love-of-lesbian\/\" target=\"_blank\" rel=\"noopener noreferrer\">Love of Lesbian<\/a>, <a href=\"https:\/\/www.cruillabarcelona.cat\/en\/artists\/dorian-cruilla-2019\/\" target=\"_blank\" rel=\"noopener noreferrer\">Dorian<\/a> and many other artists yet to be announced.<\/p>\n<hr \/>\n<p style=\"text-align: center;\"><em>Buy here your Saturday ticket or, if you&#8217;d rather live the whole experience, get the full festival pass.<\/em><\/p>\n<p style=\"text-align: center;\"><a class=\"efsbutton button \" target=\"_blank\">TICKETS<\/a><\/p>\n<hr \/>\n<p style=\"text-align: justify;\">Little more can be said of the Australian&#8217;s career. She became well known as a television actress thanks to <strong>TV series\u00a0<em>Neighbours<\/em><\/strong>, and then become a pop icon as early as the late 80s.<\/p>\n<p style=\"text-align: justify;\">The<strong> dozens of awards<\/strong> she has won and the <strong>90 million copies<\/strong> she has sold of her albums have turned her into one of the most influential figures in music, a key figure to understand pop music, and also a symbol for the LGTBIQ collective.<\/p>\n<!-- auto-added video if acf\/single-artist-video not used  --> <iframe style=\"width: 100%;max-width: 100%;height: auto;aspect-ratio: 16 \/ 9;\" src=\"https:\/\/www.youtube-nocookie.com\/embed\/c18441Eh_WE\" frameborder=\"0\" allow=\"accelerometer; autoplay; encrypted-media; gyroscope; picture-in-picture\" allowfullscreen><\/iframe>","protected":false},"featured_media":19439,"template":"","meta":{"_acf_changed":false},"artists_edition":[729],"class_list":["post-19374","artists","type-artists","status-publish","has-post-thumbnail","hentry","artists_location-estrella","artists_edition-729"],"acf":{"_thumbnail_id":19439,"youtube_player":"c18441Eh_WE","artist_edition":[729],"artist_date":"20190706","artist_time":"23:00:00","artist_time_2":"","artist_location":[20],"artist_ticket_url":"https:\/\/cruilla.seetickets.com\/event\/entrada-dissabte\/parc-del-forum-barcelona\/1278180?lang=en-GB","artist_ticket_status":"","artist_extra_date__show":false,"artist_extra_date_2":null,"artist_time_of_date2":"","artist_extra_date_3":null,"artist_time_of_date3":"","artist_extra_date_4":null,"artist_time_of_date4":"","artist_extra_date_5":null,"artist_time_of_date5":"","artist_date__show_month":false,"artist_sidebar_active":false,"show_in_agenda":false,"artist_sidebar__banner_img":null,"artist_sidebar__banner_link":"","artist_hero_content":"<p style=\"text-align: center;\">Saturday, July 6 at Festival Cru\u00eflla<\/p>","artist_style":false,"artist_nationality":false,"artist_audience_age":false},"yoast_head":"<!-- This site is optimized with the Yoast SEO plugin v27.5 - https:\/\/yoast.com\/product\/yoast-seo-wordpress\/ -->\n<title>Kylie Minogue in concert at Festival Cru\u00eflla 2019. July 6, Barcelona<\/title>\n<meta name=\"description\" content=\"Tickets now on sale to see Kylie Minogue in concert at Festival Cru\u00eflla. Summer 2019. Saturday, July 6 at Parc del F\u00f2rum in Barcelona.\" \/>\n<meta name=\"robots\" content=\"index, follow, max-snippet:-1, max-image-preview:large, max-video-preview:-1\" \/>\n<link rel=\"canonical\" href=\"https:\/\/www.cruillabarcelona.cat\/en\/artists\/kylie-minogue\/\" \/>\n<meta property=\"og:locale\" content=\"en_US\" \/>\n<meta property=\"og:type\" content=\"article\" \/>\n<meta property=\"og:title\" content=\"Kylie Minogue in concert at Festival Cru\u00eflla 2019. July 6, Barcelona\" \/>\n<meta property=\"og:description\" content=\"Tickets now on sale to see Kylie Minogue in concert at Festival Cru\u00eflla. Summer 2019. Saturday, July 6 at Parc del F\u00f2rum in Barcelona.\" \/>\n<meta property=\"og:url\" content=\"https:\/\/www.cruillabarcelona.cat\/en\/artists\/kylie-minogue\/\" \/>\n<meta property=\"og:site_name\" content=\"Festival Cru\u00eflla\" \/>\n<meta property=\"article:modified_time\" content=\"2019-05-13T16:09:57+00:00\" \/>\n<meta property=\"og:image\" content=\"https:\/\/www.cruillabarcelona.cat\/wp-content\/uploads\/2018\/11\/7_KylieMinogue_Neta.jpg\" \/>\n\t<meta property=\"og:image:width\" content=\"1001\" \/>\n\t<meta property=\"og:image:height\" content=\"1001\" \/>\n\t<meta property=\"og:image:type\" content=\"image\/jpeg\" \/>\n<meta name=\"twitter:card\" content=\"summary_large_image\" \/>\n<meta name=\"twitter:label1\" content=\"Est. reading time\" \/>\n\t<meta name=\"twitter:data1\" content=\"1 minute\" \/>\n<script type=\"application\/ld+json\" class=\"yoast-schema-graph\">{\"@context\":\"https:\\\/\\\/schema.org\",\"@graph\":[{\"@type\":\"WebPage\",\"@id\":\"https:\\\/\\\/www.cruillabarcelona.cat\\\/en\\\/artists\\\/kylie-minogue\\\/\",\"url\":\"https:\\\/\\\/www.cruillabarcelona.cat\\\/en\\\/artists\\\/kylie-minogue\\\/\",\"name\":\"Kylie Minogue in concert at Festival Cru\u00eflla 2019. July 6, Barcelona\",\"isPartOf\":{\"@id\":\"https:\\\/\\\/www.cruillabarcelona.cat\\\/en\\\/#website\"},\"primaryImageOfPage\":{\"@id\":\"https:\\\/\\\/www.cruillabarcelona.cat\\\/en\\\/artists\\\/kylie-minogue\\\/#primaryimage\"},\"image\":{\"@id\":\"https:\\\/\\\/www.cruillabarcelona.cat\\\/en\\\/artists\\\/kylie-minogue\\\/#primaryimage\"},\"thumbnailUrl\":\"https:\\\/\\\/www.cruillabarcelona.cat\\\/wp-content\\\/uploads\\\/2018\\\/11\\\/7_KylieMinogue_Neta.jpg\",\"datePublished\":\"2018-11-13T09:34:56+00:00\",\"dateModified\":\"2019-05-13T16:09:57+00:00\",\"description\":\"Tickets now on sale to see Kylie Minogue in concert at Festival Cru\u00eflla. Summer 2019. Saturday, July 6 at Parc del F\u00f2rum in Barcelona.\",\"breadcrumb\":{\"@id\":\"https:\\\/\\\/www.cruillabarcelona.cat\\\/en\\\/artists\\\/kylie-minogue\\\/#breadcrumb\"},\"inLanguage\":\"en-US\",\"potentialAction\":[{\"@type\":\"ReadAction\",\"target\":[\"https:\\\/\\\/www.cruillabarcelona.cat\\\/en\\\/artists\\\/kylie-minogue\\\/\"]}]},{\"@type\":\"ImageObject\",\"inLanguage\":\"en-US\",\"@id\":\"https:\\\/\\\/www.cruillabarcelona.cat\\\/en\\\/artists\\\/kylie-minogue\\\/#primaryimage\",\"url\":\"https:\\\/\\\/www.cruillabarcelona.cat\\\/wp-content\\\/uploads\\\/2018\\\/11\\\/7_KylieMinogue_Neta.jpg\",\"contentUrl\":\"https:\\\/\\\/www.cruillabarcelona.cat\\\/wp-content\\\/uploads\\\/2018\\\/11\\\/7_KylieMinogue_Neta.jpg\",\"width\":1001,\"height\":1001,\"caption\":\"Kylie Minogue\"},{\"@type\":\"BreadcrumbList\",\"@id\":\"https:\\\/\\\/www.cruillabarcelona.cat\\\/en\\\/artists\\\/kylie-minogue\\\/#breadcrumb\",\"itemListElement\":[{\"@type\":\"ListItem\",\"position\":1,\"name\":\"Home\",\"item\":\"https:\\\/\\\/www.cruillabarcelona.cat\\\/en\\\/\"},{\"@type\":\"ListItem\",\"position\":2,\"name\":\"Kylie\"}]},{\"@type\":\"WebSite\",\"@id\":\"https:\\\/\\\/www.cruillabarcelona.cat\\\/en\\\/#website\",\"url\":\"https:\\\/\\\/www.cruillabarcelona.cat\\\/en\\\/\",\"name\":\"Festival Cru\u00eflla\",\"description\":\"\",\"publisher\":{\"@id\":\"https:\\\/\\\/www.cruillabarcelona.cat\\\/en\\\/#organization\"},\"potentialAction\":[{\"@type\":\"SearchAction\",\"target\":{\"@type\":\"EntryPoint\",\"urlTemplate\":\"https:\\\/\\\/www.cruillabarcelona.cat\\\/en\\\/?s={search_term_string}\"},\"query-input\":{\"@type\":\"PropertyValueSpecification\",\"valueRequired\":true,\"valueName\":\"search_term_string\"}}],\"inLanguage\":\"en-US\"},{\"@type\":\"Organization\",\"@id\":\"https:\\\/\\\/www.cruillabarcelona.cat\\\/en\\\/#organization\",\"name\":\"Festival Cru\u00eflla\",\"url\":\"https:\\\/\\\/www.cruillabarcelona.cat\\\/en\\\/\",\"logo\":{\"@type\":\"ImageObject\",\"inLanguage\":\"en-US\",\"@id\":\"https:\\\/\\\/www.cruillabarcelona.cat\\\/en\\\/#\\\/schema\\\/logo\\\/image\\\/\",\"url\":\"https:\\\/\\\/www.cruillabarcelona.cat\\\/wp-content\\\/uploads\\\/2025\\\/12\\\/cruill-logo-negativo.png\",\"contentUrl\":\"https:\\\/\\\/www.cruillabarcelona.cat\\\/wp-content\\\/uploads\\\/2025\\\/12\\\/cruill-logo-negativo.png\",\"width\":400,\"height\":101,\"caption\":\"Festival Cru\u00eflla\"},\"image\":{\"@id\":\"https:\\\/\\\/www.cruillabarcelona.cat\\\/en\\\/#\\\/schema\\\/logo\\\/image\\\/\"}}]}<\/script>\n<!-- \/ Yoast SEO plugin. -->","yoast_head_json":{"title":"Kylie Minogue in concert at Festival Cru\u00eflla 2019. July 6, Barcelona","description":"Tickets now on sale to see Kylie Minogue in concert at Festival Cru\u00eflla. Summer 2019. Saturday, July 6 at Parc del F\u00f2rum in Barcelona.","robots":{"index":"index","follow":"follow","max-snippet":"max-snippet:-1","max-image-preview":"max-image-preview:large","max-video-preview":"max-video-preview:-1"},"canonical":"https:\/\/www.cruillabarcelona.cat\/en\/artists\/kylie-minogue\/","og_locale":"en_US","og_type":"article","og_title":"Kylie Minogue in concert at Festival Cru\u00eflla 2019. July 6, Barcelona","og_description":"Tickets now on sale to see Kylie Minogue in concert at Festival Cru\u00eflla. Summer 2019. Saturday, July 6 at Parc del F\u00f2rum in Barcelona.","og_url":"https:\/\/www.cruillabarcelona.cat\/en\/artists\/kylie-minogue\/","og_site_name":"Festival Cru\u00eflla","article_modified_time":"2019-05-13T16:09:57+00:00","og_image":[{"width":1001,"height":1001,"url":"https:\/\/www.cruillabarcelona.cat\/wp-content\/uploads\/2018\/11\/7_KylieMinogue_Neta.jpg","type":"image\/jpeg"}],"twitter_card":"summary_large_image","twitter_misc":{"Est. reading time":"1 minute"},"schema":{"@context":"https:\/\/schema.org","@graph":[{"@type":"WebPage","@id":"https:\/\/www.cruillabarcelona.cat\/en\/artists\/kylie-minogue\/","url":"https:\/\/www.cruillabarcelona.cat\/en\/artists\/kylie-minogue\/","name":"Kylie Minogue in concert at Festival Cru\u00eflla 2019. July 6, Barcelona","isPartOf":{"@id":"https:\/\/www.cruillabarcelona.cat\/en\/#website"},"primaryImageOfPage":{"@id":"https:\/\/www.cruillabarcelona.cat\/en\/artists\/kylie-minogue\/#primaryimage"},"image":{"@id":"https:\/\/www.cruillabarcelona.cat\/en\/artists\/kylie-minogue\/#primaryimage"},"thumbnailUrl":"https:\/\/www.cruillabarcelona.cat\/wp-content\/uploads\/2018\/11\/7_KylieMinogue_Neta.jpg","datePublished":"2018-11-13T09:34:56+00:00","dateModified":"2019-05-13T16:09:57+00:00","description":"Tickets now on sale to see Kylie Minogue in concert at Festival Cru\u00eflla. Summer 2019. Saturday, July 6 at Parc del F\u00f2rum in Barcelona.","breadcrumb":{"@id":"https:\/\/www.cruillabarcelona.cat\/en\/artists\/kylie-minogue\/#breadcrumb"},"inLanguage":"en-US","potentialAction":[{"@type":"ReadAction","target":["https:\/\/www.cruillabarcelona.cat\/en\/artists\/kylie-minogue\/"]}]},{"@type":"ImageObject","inLanguage":"en-US","@id":"https:\/\/www.cruillabarcelona.cat\/en\/artists\/kylie-minogue\/#primaryimage","url":"https:\/\/www.cruillabarcelona.cat\/wp-content\/uploads\/2018\/11\/7_KylieMinogue_Neta.jpg","contentUrl":"https:\/\/www.cruillabarcelona.cat\/wp-content\/uploads\/2018\/11\/7_KylieMinogue_Neta.jpg","width":1001,"height":1001,"caption":"Kylie Minogue"},{"@type":"BreadcrumbList","@id":"https:\/\/www.cruillabarcelona.cat\/en\/artists\/kylie-minogue\/#breadcrumb","itemListElement":[{"@type":"ListItem","position":1,"name":"Home","item":"https:\/\/www.cruillabarcelona.cat\/en\/"},{"@type":"ListItem","position":2,"name":"Kylie"}]},{"@type":"WebSite","@id":"https:\/\/www.cruillabarcelona.cat\/en\/#website","url":"https:\/\/www.cruillabarcelona.cat\/en\/","name":"Festival Cru\u00eflla","description":"","publisher":{"@id":"https:\/\/www.cruillabarcelona.cat\/en\/#organization"},"potentialAction":[{"@type":"SearchAction","target":{"@type":"EntryPoint","urlTemplate":"https:\/\/www.cruillabarcelona.cat\/en\/?s={search_term_string}"},"query-input":{"@type":"PropertyValueSpecification","valueRequired":true,"valueName":"search_term_string"}}],"inLanguage":"en-US"},{"@type":"Organization","@id":"https:\/\/www.cruillabarcelona.cat\/en\/#organization","name":"Festival Cru\u00eflla","url":"https:\/\/www.cruillabarcelona.cat\/en\/","logo":{"@type":"ImageObject","inLanguage":"en-US","@id":"https:\/\/www.cruillabarcelona.cat\/en\/#\/schema\/logo\/image\/","url":"https:\/\/www.cruillabarcelona.cat\/wp-content\/uploads\/2025\/12\/cruill-logo-negativo.png","contentUrl":"https:\/\/www.cruillabarcelona.cat\/wp-content\/uploads\/2025\/12\/cruill-logo-negativo.png","width":400,"height":101,"caption":"Festival Cru\u00eflla"},"image":{"@id":"https:\/\/www.cruillabarcelona.cat\/en\/#\/schema\/logo\/image\/"}}]}},"_links":{"self":[{"href":"https:\/\/www.cruillabarcelona.cat\/en\/wp-json\/wp\/v2\/artists\/19374","targetHints":{"allow":["GET"]}}],"collection":[{"href":"https:\/\/www.cruillabarcelona.cat\/en\/wp-json\/wp\/v2\/artists"}],"about":[{"href":"https:\/\/www.cruillabarcelona.cat\/en\/wp-json\/wp\/v2\/types\/artists"}],"acf:term":[{"embeddable":true,"taxonomy":"artists_location","href":"https:\/\/www.cruillabarcelona.cat\/en\/wp-json\/wp\/v2\/artists_location\/20"},{"embeddable":true,"taxonomy":"artists_edition","href":"https:\/\/www.cruillabarcelona.cat\/en\/wp-json\/wp\/v2\/artists_edition\/729"}],"wp:featuredmedia":[{"embeddable":true,"href":"https:\/\/www.cruillabarcelona.cat\/en\/wp-json\/wp\/v2\/media\/19439"}],"wp:attachment":[{"href":"https:\/\/www.cruillabarcelona.cat\/en\/wp-json\/wp\/v2\/media?parent=19374"}],"wp:term":[{"taxonomy":"artists_edition","embeddable":true,"href":"https:\/\/www.cruillabarcelona.cat\/en\/wp-json\/wp\/v2\/artists_edition?post=19374"}],"curies":[{"name":"wp","href":"https:\/\/api.w.org\/{rel}","templated":true}]}}