{"id":19377,"date":"2018-11-20T10:58:51","date_gmt":"2018-11-20T08:58:51","guid":{"rendered":"https:\/\/www.cruillabarcelona.cat\/?post_type=artists&#038;p=19377"},"modified":"2019-05-13T13:44:22","modified_gmt":"2019-05-13T11:44:22","slug":"foals","status":"publish","type":"artists","link":"https:\/\/www.cruillabarcelona.cat\/en\/artists\/foals\/","title":{"rendered":"Foals"},"content":{"rendered":"<h2>The band from Oxford returns to Barcelona!<\/h2>\n<p style=\"text-align: justify;\"><strong>Foals<\/strong>&#8216; fans have many reasons to congratulate: the British band doesn&#8217;t seem to stop. <span style=\"font-weight: 400;\"><em><strong>Everything not saved will be lost\u00a0<\/strong><\/em>is the name of their new double album, which is already on its way to becoming one of their best creations.\u00a0<\/span><\/p>\n<p style=\"text-align: justify;\">On\u00a0<strong>July 5, 2019<\/strong>\u00a0the\u00a0<strong>band from Oxford<\/strong> will come back to Barcelona after more than three years to present their new songs live at Festival Cru\u00eflla.<\/p>\n<p style=\"text-align: justify;\">With your ticket for\u00a0<strong>Friday, 5<\/strong>\u00a0you will not only see Foals&#8217; performance, you will also be able to enjoy the live shows of artists like <a href=\"https:\/\/www.cruillabarcelona.cat\/en\/artists\/garbage\" target=\"_blank\" rel=\"noopener noreferrer\">Garbage<\/a>,\u00a0<a href=\"https:\/\/www.cruillabarcelona.cat\/en\/artists\/bastille\" target=\"_blank\" rel=\"noopener noreferrer\">Bastille<\/a>\u00a0or <a href=\"https:\/\/www.cruillabarcelona.cat\/en\/artists\/gang-of-youths\/\" target=\"_blank\" rel=\"noopener noreferrer\">Gang of Youths<\/a>.<\/p>\n<hr \/>\n<p style=\"text-align: center;\"><em>Buy here your Friday ticket or, if you&#8217;d rather live the whole experience, get the full festival pass.<\/em><\/p>\n<p style=\"text-align: center;\"><a class=\"efsbutton button \" target=\"_blank\">TICKETS<\/a><\/p>\n<hr \/>\n<p style=\"text-align: justify;\">Even though five years have passed since the <strong>band led by\u00a0Yannis Philippakis<\/strong> released their latest album, Foals have not stopped even for a moment. Their tour\u00a0<em>What Went Down<\/em> led them to become<strong> headliners in some of the most prestigious festivals around the world<\/strong>, such as Glastonbury, Roskilde, Lollapalooza, Osehada, Reading and Leeds or Coachella, to name a few examples.<\/p>\n<p style=\"text-align: justify;\">We are curious to know how far they will go with their new album. Foals is a band that has not stopped ascending album by album until reaching the Olympus of British indie, never ceasing to surprise.<\/p>\n<p style=\"text-align: justify;\">From the mathematical and spasmodic math-rock that marked\u00a0<em><strong>Antidotes<\/strong><\/em><strong>, their debut album<\/strong>, through the danceable textures of\u00a0<em>Total Life Forever<\/em>, to those hymn-generator machines that were their last two albums:\u00a0<em>Holy Fire<\/em> and\u00a0<em>What Went Down<\/em>.<\/p>\n<!-- auto-added video if acf\/single-artist-video not used  --> <iframe style=\"width: 100%;max-width: 100%;height: auto;aspect-ratio: 16 \/ 9;\" src=\"https:\/\/www.youtube-nocookie.com\/embed\/XDlPqNNIvV4\" frameborder=\"0\" allow=\"accelerometer; autoplay; encrypted-media; gyroscope; picture-in-picture\" allowfullscreen><\/iframe>","protected":false},"featured_media":20804,"template":"","meta":{"_acf_changed":false},"artists_edition":[729],"class_list":["post-19377","artists","type-artists","status-publish","has-post-thumbnail","hentry","artists_location-estrella","artists_edition-729"],"acf":{"_thumbnail_id":20804,"youtube_player":"XDlPqNNIvV4","artist_edition":[729],"artist_date":"20190705","artist_time":"02:00:00","artist_time_2":"","artist_location":[20],"artist_ticket_url":"https:\/\/cruilla.seetickets.com\/event\/entrada-divendres\/parc-del-forum-barcelona\/1278175?lang=en-GB","artist_ticket_status":"","artist_extra_date__show":false,"artist_extra_date_2":null,"artist_time_of_date2":"","artist_extra_date_3":null,"artist_time_of_date3":"","artist_extra_date_4":null,"artist_time_of_date4":"","artist_extra_date_5":null,"artist_time_of_date5":"","artist_date__show_month":false,"artist_sidebar_active":false,"show_in_agenda":false,"artist_sidebar__banner_img":null,"artist_sidebar__banner_link":"","artist_hero_content":"<p style=\"text-align: center;\">Friday, July 5 at Festival Cru\u00eflla<\/p>","artist_style":false,"artist_nationality":false,"artist_audience_age":false},"yoast_head":"<!-- This site is optimized with the Yoast SEO plugin v27.5 - https:\/\/yoast.com\/product\/yoast-seo-wordpress\/ -->\n<title>Foals in concert. July 5, 2019. Festival Cru\u00eflla, Parc del F\u00f2rum, Barcelona<\/title>\n<meta name=\"description\" content=\"Get your tickets now for the concert that Foals will offer at Festival Cru\u00eflla. Summer 2019, Friday, July 5, Parc del F\u00f2rum de Barcelona.\" \/>\n<meta name=\"robots\" content=\"index, follow, max-snippet:-1, max-image-preview:large, max-video-preview:-1\" \/>\n<link rel=\"canonical\" href=\"https:\/\/www.cruillabarcelona.cat\/en\/artists\/foals\/\" \/>\n<meta property=\"og:locale\" content=\"en_US\" \/>\n<meta property=\"og:type\" content=\"article\" \/>\n<meta property=\"og:title\" content=\"Foals in concert. July 5, 2019. Festival Cru\u00eflla, Parc del F\u00f2rum, Barcelona\" \/>\n<meta property=\"og:description\" content=\"Get your tickets now for the concert that Foals will offer at Festival Cru\u00eflla. Summer 2019, Friday, July 5, Parc del F\u00f2rum de Barcelona.\" \/>\n<meta property=\"og:url\" content=\"https:\/\/www.cruillabarcelona.cat\/en\/artists\/foals\/\" \/>\n<meta property=\"og:site_name\" content=\"Festival Cru\u00eflla\" \/>\n<meta property=\"article:modified_time\" content=\"2019-05-13T11:44:22+00:00\" \/>\n<meta property=\"og:image\" content=\"https:\/\/www.cruillabarcelona.cat\/wp-content\/uploads\/2018\/11\/19_Foals_Neta.jpg\" \/>\n\t<meta property=\"og:image:width\" content=\"1200\" \/>\n\t<meta property=\"og:image:height\" content=\"1200\" \/>\n\t<meta property=\"og:image:type\" content=\"image\/jpeg\" \/>\n<meta name=\"twitter:card\" content=\"summary_large_image\" \/>\n<meta name=\"twitter:label1\" content=\"Est. reading time\" \/>\n\t<meta name=\"twitter:data1\" content=\"1 minute\" \/>\n<script type=\"application\/ld+json\" class=\"yoast-schema-graph\">{\"@context\":\"https:\\\/\\\/schema.org\",\"@graph\":[{\"@type\":\"WebPage\",\"@id\":\"https:\\\/\\\/www.cruillabarcelona.cat\\\/en\\\/artists\\\/foals\\\/\",\"url\":\"https:\\\/\\\/www.cruillabarcelona.cat\\\/en\\\/artists\\\/foals\\\/\",\"name\":\"Foals in concert. July 5, 2019. Festival Cru\u00eflla, Parc del F\u00f2rum, Barcelona\",\"isPartOf\":{\"@id\":\"https:\\\/\\\/www.cruillabarcelona.cat\\\/en\\\/#website\"},\"primaryImageOfPage\":{\"@id\":\"https:\\\/\\\/www.cruillabarcelona.cat\\\/en\\\/artists\\\/foals\\\/#primaryimage\"},\"image\":{\"@id\":\"https:\\\/\\\/www.cruillabarcelona.cat\\\/en\\\/artists\\\/foals\\\/#primaryimage\"},\"thumbnailUrl\":\"https:\\\/\\\/www.cruillabarcelona.cat\\\/wp-content\\\/uploads\\\/2018\\\/11\\\/19_Foals_Neta.jpg\",\"datePublished\":\"2018-11-20T08:58:51+00:00\",\"dateModified\":\"2019-05-13T11:44:22+00:00\",\"description\":\"Get your tickets now for the concert that Foals will offer at Festival Cru\u00eflla. Summer 2019, Friday, July 5, Parc del F\u00f2rum de Barcelona.\",\"breadcrumb\":{\"@id\":\"https:\\\/\\\/www.cruillabarcelona.cat\\\/en\\\/artists\\\/foals\\\/#breadcrumb\"},\"inLanguage\":\"en-US\",\"potentialAction\":[{\"@type\":\"ReadAction\",\"target\":[\"https:\\\/\\\/www.cruillabarcelona.cat\\\/en\\\/artists\\\/foals\\\/\"]}]},{\"@type\":\"ImageObject\",\"inLanguage\":\"en-US\",\"@id\":\"https:\\\/\\\/www.cruillabarcelona.cat\\\/en\\\/artists\\\/foals\\\/#primaryimage\",\"url\":\"https:\\\/\\\/www.cruillabarcelona.cat\\\/wp-content\\\/uploads\\\/2018\\\/11\\\/19_Foals_Neta.jpg\",\"contentUrl\":\"https:\\\/\\\/www.cruillabarcelona.cat\\\/wp-content\\\/uploads\\\/2018\\\/11\\\/19_Foals_Neta.jpg\",\"width\":1200,\"height\":1200},{\"@type\":\"BreadcrumbList\",\"@id\":\"https:\\\/\\\/www.cruillabarcelona.cat\\\/en\\\/artists\\\/foals\\\/#breadcrumb\",\"itemListElement\":[{\"@type\":\"ListItem\",\"position\":1,\"name\":\"Home\",\"item\":\"https:\\\/\\\/www.cruillabarcelona.cat\\\/en\\\/\"},{\"@type\":\"ListItem\",\"position\":2,\"name\":\"Foals\"}]},{\"@type\":\"WebSite\",\"@id\":\"https:\\\/\\\/www.cruillabarcelona.cat\\\/en\\\/#website\",\"url\":\"https:\\\/\\\/www.cruillabarcelona.cat\\\/en\\\/\",\"name\":\"Festival Cru\u00eflla\",\"description\":\"\",\"publisher\":{\"@id\":\"https:\\\/\\\/www.cruillabarcelona.cat\\\/en\\\/#organization\"},\"potentialAction\":[{\"@type\":\"SearchAction\",\"target\":{\"@type\":\"EntryPoint\",\"urlTemplate\":\"https:\\\/\\\/www.cruillabarcelona.cat\\\/en\\\/?s={search_term_string}\"},\"query-input\":{\"@type\":\"PropertyValueSpecification\",\"valueRequired\":true,\"valueName\":\"search_term_string\"}}],\"inLanguage\":\"en-US\"},{\"@type\":\"Organization\",\"@id\":\"https:\\\/\\\/www.cruillabarcelona.cat\\\/en\\\/#organization\",\"name\":\"Festival Cru\u00eflla\",\"url\":\"https:\\\/\\\/www.cruillabarcelona.cat\\\/en\\\/\",\"logo\":{\"@type\":\"ImageObject\",\"inLanguage\":\"en-US\",\"@id\":\"https:\\\/\\\/www.cruillabarcelona.cat\\\/en\\\/#\\\/schema\\\/logo\\\/image\\\/\",\"url\":\"https:\\\/\\\/www.cruillabarcelona.cat\\\/wp-content\\\/uploads\\\/2025\\\/12\\\/cruill-logo-negativo.png\",\"contentUrl\":\"https:\\\/\\\/www.cruillabarcelona.cat\\\/wp-content\\\/uploads\\\/2025\\\/12\\\/cruill-logo-negativo.png\",\"width\":400,\"height\":101,\"caption\":\"Festival Cru\u00eflla\"},\"image\":{\"@id\":\"https:\\\/\\\/www.cruillabarcelona.cat\\\/en\\\/#\\\/schema\\\/logo\\\/image\\\/\"}}]}<\/script>\n<!-- \/ Yoast SEO plugin. -->","yoast_head_json":{"title":"Foals in concert. July 5, 2019. Festival Cru\u00eflla, Parc del F\u00f2rum, Barcelona","description":"Get your tickets now for the concert that Foals will offer at Festival Cru\u00eflla. Summer 2019, Friday, July 5, Parc del F\u00f2rum de Barcelona.","robots":{"index":"index","follow":"follow","max-snippet":"max-snippet:-1","max-image-preview":"max-image-preview:large","max-video-preview":"max-video-preview:-1"},"canonical":"https:\/\/www.cruillabarcelona.cat\/en\/artists\/foals\/","og_locale":"en_US","og_type":"article","og_title":"Foals in concert. July 5, 2019. Festival Cru\u00eflla, Parc del F\u00f2rum, Barcelona","og_description":"Get your tickets now for the concert that Foals will offer at Festival Cru\u00eflla. Summer 2019, Friday, July 5, Parc del F\u00f2rum de Barcelona.","og_url":"https:\/\/www.cruillabarcelona.cat\/en\/artists\/foals\/","og_site_name":"Festival Cru\u00eflla","article_modified_time":"2019-05-13T11:44:22+00:00","og_image":[{"width":1200,"height":1200,"url":"https:\/\/www.cruillabarcelona.cat\/wp-content\/uploads\/2018\/11\/19_Foals_Neta.jpg","type":"image\/jpeg"}],"twitter_card":"summary_large_image","twitter_misc":{"Est. reading time":"1 minute"},"schema":{"@context":"https:\/\/schema.org","@graph":[{"@type":"WebPage","@id":"https:\/\/www.cruillabarcelona.cat\/en\/artists\/foals\/","url":"https:\/\/www.cruillabarcelona.cat\/en\/artists\/foals\/","name":"Foals in concert. July 5, 2019. Festival Cru\u00eflla, Parc del F\u00f2rum, Barcelona","isPartOf":{"@id":"https:\/\/www.cruillabarcelona.cat\/en\/#website"},"primaryImageOfPage":{"@id":"https:\/\/www.cruillabarcelona.cat\/en\/artists\/foals\/#primaryimage"},"image":{"@id":"https:\/\/www.cruillabarcelona.cat\/en\/artists\/foals\/#primaryimage"},"thumbnailUrl":"https:\/\/www.cruillabarcelona.cat\/wp-content\/uploads\/2018\/11\/19_Foals_Neta.jpg","datePublished":"2018-11-20T08:58:51+00:00","dateModified":"2019-05-13T11:44:22+00:00","description":"Get your tickets now for the concert that Foals will offer at Festival Cru\u00eflla. Summer 2019, Friday, July 5, Parc del F\u00f2rum de Barcelona.","breadcrumb":{"@id":"https:\/\/www.cruillabarcelona.cat\/en\/artists\/foals\/#breadcrumb"},"inLanguage":"en-US","potentialAction":[{"@type":"ReadAction","target":["https:\/\/www.cruillabarcelona.cat\/en\/artists\/foals\/"]}]},{"@type":"ImageObject","inLanguage":"en-US","@id":"https:\/\/www.cruillabarcelona.cat\/en\/artists\/foals\/#primaryimage","url":"https:\/\/www.cruillabarcelona.cat\/wp-content\/uploads\/2018\/11\/19_Foals_Neta.jpg","contentUrl":"https:\/\/www.cruillabarcelona.cat\/wp-content\/uploads\/2018\/11\/19_Foals_Neta.jpg","width":1200,"height":1200},{"@type":"BreadcrumbList","@id":"https:\/\/www.cruillabarcelona.cat\/en\/artists\/foals\/#breadcrumb","itemListElement":[{"@type":"ListItem","position":1,"name":"Home","item":"https:\/\/www.cruillabarcelona.cat\/en\/"},{"@type":"ListItem","position":2,"name":"Foals"}]},{"@type":"WebSite","@id":"https:\/\/www.cruillabarcelona.cat\/en\/#website","url":"https:\/\/www.cruillabarcelona.cat\/en\/","name":"Festival Cru\u00eflla","description":"","publisher":{"@id":"https:\/\/www.cruillabarcelona.cat\/en\/#organization"},"potentialAction":[{"@type":"SearchAction","target":{"@type":"EntryPoint","urlTemplate":"https:\/\/www.cruillabarcelona.cat\/en\/?s={search_term_string}"},"query-input":{"@type":"PropertyValueSpecification","valueRequired":true,"valueName":"search_term_string"}}],"inLanguage":"en-US"},{"@type":"Organization","@id":"https:\/\/www.cruillabarcelona.cat\/en\/#organization","name":"Festival Cru\u00eflla","url":"https:\/\/www.cruillabarcelona.cat\/en\/","logo":{"@type":"ImageObject","inLanguage":"en-US","@id":"https:\/\/www.cruillabarcelona.cat\/en\/#\/schema\/logo\/image\/","url":"https:\/\/www.cruillabarcelona.cat\/wp-content\/uploads\/2025\/12\/cruill-logo-negativo.png","contentUrl":"https:\/\/www.cruillabarcelona.cat\/wp-content\/uploads\/2025\/12\/cruill-logo-negativo.png","width":400,"height":101,"caption":"Festival Cru\u00eflla"},"image":{"@id":"https:\/\/www.cruillabarcelona.cat\/en\/#\/schema\/logo\/image\/"}}]}},"_links":{"self":[{"href":"https:\/\/www.cruillabarcelona.cat\/en\/wp-json\/wp\/v2\/artists\/19377","targetHints":{"allow":["GET"]}}],"collection":[{"href":"https:\/\/www.cruillabarcelona.cat\/en\/wp-json\/wp\/v2\/artists"}],"about":[{"href":"https:\/\/www.cruillabarcelona.cat\/en\/wp-json\/wp\/v2\/types\/artists"}],"acf:term":[{"embeddable":true,"taxonomy":"artists_location","href":"https:\/\/www.cruillabarcelona.cat\/en\/wp-json\/wp\/v2\/artists_location\/20"},{"embeddable":true,"taxonomy":"artists_edition","href":"https:\/\/www.cruillabarcelona.cat\/en\/wp-json\/wp\/v2\/artists_edition\/729"}],"wp:featuredmedia":[{"embeddable":true,"href":"https:\/\/www.cruillabarcelona.cat\/en\/wp-json\/wp\/v2\/media\/20804"}],"wp:attachment":[{"href":"https:\/\/www.cruillabarcelona.cat\/en\/wp-json\/wp\/v2\/media?parent=19377"}],"wp:term":[{"taxonomy":"artists_edition","embeddable":true,"href":"https:\/\/www.cruillabarcelona.cat\/en\/wp-json\/wp\/v2\/artists_edition?post=19377"}],"curies":[{"name":"wp","href":"https:\/\/api.w.org\/{rel}","templated":true}]}}