{"id":19379,"date":"2018-12-11T11:16:51","date_gmt":"2018-12-11T09:16:51","guid":{"rendered":"https:\/\/www.cruillabarcelona.cat\/?post_type=artists&#038;p=19379"},"modified":"2019-05-13T13:46:50","modified_gmt":"2019-05-13T11:46:50","slug":"zaz","status":"publish","type":"artists","link":"https:\/\/www.cruillabarcelona.cat\/en\/artists\/zaz\/","title":{"rendered":"Zaz"},"content":{"rendered":"<h2>New album by the French <em>chanteuse<\/em>!<\/h2>\n<p style=\"text-align: justify;\">Isabelle Geffroy, best known for her\u00a0<strong>artistic nickname Zaz<\/strong>, debuted live in Spain in 2014 at Festival Cru\u00eflla. Her\u00a0<strong>first album\u00a0<em>Zaz<\/em><\/strong> broke record sales in her native France, and the\u00a0<strong>song\u00a0<em>Je Veux<\/em><\/strong> placed her among the most successful artists of her country.<\/p>\n<p style=\"text-align: justify;\">Next summer she will return to Parc del F\u00f2rum to present the songs of her\u00a0<strong>new album\u00a0<em>Effet miroir<\/em><\/strong>. On\u00a0<strong>July 5, 2019<\/strong>, in what will be her\u00a0<strong>only performance in Catalonia during the summer<\/strong>.<\/p>\n<p style=\"text-align: justify;\">With your ticket for\u00a0<strong>Friday, 5<\/strong>\u00a0you will not only see Zaz live, you will also be able to enjoy the performances of artists like <a href=\"https:\/\/www.cruillabarcelona.cat\/en\/artists\/garbage\" target=\"_blank\" rel=\"noopener noreferrer\">Garbage<\/a>,\u00a0<a href=\"https:\/\/www.cruillabarcelona.cat\/en\/artists\/bastille\" target=\"_blank\" rel=\"noopener noreferrer\">Bastille<\/a>\u00a0or <a href=\"https:\/\/www.cruillabarcelona.cat\/en\/artists\/foals\" target=\"_blank\" rel=\"noopener noreferrer\">Foals<\/a>.<\/p>\n<hr \/>\n<p style=\"text-align: center;\"><em>Buy here your Friday ticket or, if you&#8217;d rather live the whole experience, get the full festival pass.<\/em><\/p>\n<p style=\"text-align: center;\"><a class=\"efsbutton button \" target=\"_blank\">TICKETS<\/a><\/p>\n<hr \/>\n<p style=\"text-align: justify;\">It&#8217;s been a long time since Zaz first heard the call of music. When she was only\u00a0<strong>5 years old she began to study music<\/strong> at the Tours Conservatory, where she specialized in music theory, violin, piano, guitar and choral singing.<\/p>\n<p style=\"text-align: justify;\">Among her best-known collaborations are included the ones with artists such as Charles Aznavour, Thomas Dutronc or Quincy Jones.<\/p>\n<p style=\"text-align: justify;\">Her last album was released on November 16, 2018, and her live show at Festival Cru\u00eflla 2019 will be a new opportunity to enjoy the live performance of a global star that collects sold outs all around the world.<\/p>\n<!-- auto-added video if acf\/single-artist-video not used  --> <iframe style=\"width: 100%;max-width: 100%;height: auto;aspect-ratio: 16 \/ 9;\" src=\"https:\/\/www.youtube-nocookie.com\/embed\/6THHrPyZQuQ\" frameborder=\"0\" allow=\"accelerometer; autoplay; encrypted-media; gyroscope; picture-in-picture\" allowfullscreen><\/iframe>","protected":false},"featured_media":20157,"template":"","meta":{"_acf_changed":false},"artists_edition":[729],"class_list":["post-19379","artists","type-artists","status-publish","has-post-thumbnail","hentry","artists_location-cruilla-enamora","artists_edition-729"],"acf":{"_thumbnail_id":20157,"youtube_player":"6THHrPyZQuQ","artist_edition":[729],"artist_date":"20190705","artist_time":"21:30:00","artist_time_2":"","artist_location":[590],"artist_ticket_url":"https:\/\/cruilla.seetickets.com\/event\/entrada-divendres\/parc-del-forum-barcelona\/1278175?lang=en-GB","artist_ticket_status":"","artist_extra_date__show":false,"artist_extra_date_2":null,"artist_time_of_date2":"","artist_extra_date_3":null,"artist_time_of_date3":"","artist_extra_date_4":null,"artist_time_of_date4":"","artist_extra_date_5":null,"artist_time_of_date5":"","artist_date__show_month":false,"artist_sidebar_active":false,"show_in_agenda":false,"artist_sidebar__banner_img":null,"artist_sidebar__banner_link":"","artist_hero_content":"<p style=\"text-align: center;\">Friday, July 5 at Festival Cru\u00eflla<\/p>","artist_style":false,"artist_nationality":false,"artist_audience_age":false},"yoast_head":"<!-- This site is optimized with the Yoast SEO plugin v27.5 - https:\/\/yoast.com\/product\/yoast-seo-wordpress\/ -->\n<title>Zaz in concert at Festival Cru\u00eflla 2019: July 5 at Parc del F\u00f2rum, Barcelona<\/title>\n<meta name=\"description\" content=\"Tickets now on sale for the concert that Zaz will offer next summer at Festival Cru\u00eflla. Friday, July 5, 2019 at Parc del F\u00f2rum de Barcelona.\" \/>\n<meta name=\"robots\" content=\"index, follow, max-snippet:-1, max-image-preview:large, max-video-preview:-1\" \/>\n<link rel=\"canonical\" href=\"https:\/\/www.cruillabarcelona.cat\/en\/artists\/zaz\/\" \/>\n<meta property=\"og:locale\" content=\"en_US\" \/>\n<meta property=\"og:type\" content=\"article\" \/>\n<meta property=\"og:title\" content=\"Zaz in concert at Festival Cru\u00eflla 2019: July 5 at Parc del F\u00f2rum, Barcelona\" \/>\n<meta property=\"og:description\" content=\"Tickets now on sale for the concert that Zaz will offer next summer at Festival Cru\u00eflla. Friday, July 5, 2019 at Parc del F\u00f2rum de Barcelona.\" \/>\n<meta property=\"og:url\" content=\"https:\/\/www.cruillabarcelona.cat\/en\/artists\/zaz\/\" \/>\n<meta property=\"og:site_name\" content=\"Festival Cru\u00eflla\" \/>\n<meta property=\"article:modified_time\" content=\"2019-05-13T11:46:50+00:00\" \/>\n<meta property=\"og:image\" content=\"https:\/\/www.cruillabarcelona.cat\/wp-content\/uploads\/2018\/12\/17_Zaz_Neta.jpg\" \/>\n\t<meta property=\"og:image:width\" content=\"1080\" \/>\n\t<meta property=\"og:image:height\" content=\"1080\" \/>\n\t<meta property=\"og:image:type\" content=\"image\/jpeg\" \/>\n<meta name=\"twitter:card\" content=\"summary_large_image\" \/>\n<meta name=\"twitter:label1\" content=\"Est. reading time\" \/>\n\t<meta name=\"twitter:data1\" content=\"1 minute\" \/>\n<script type=\"application\/ld+json\" class=\"yoast-schema-graph\">{\"@context\":\"https:\\\/\\\/schema.org\",\"@graph\":[{\"@type\":\"WebPage\",\"@id\":\"https:\\\/\\\/www.cruillabarcelona.cat\\\/en\\\/artists\\\/zaz\\\/\",\"url\":\"https:\\\/\\\/www.cruillabarcelona.cat\\\/en\\\/artists\\\/zaz\\\/\",\"name\":\"Zaz in concert at Festival Cru\u00eflla 2019: July 5 at Parc del F\u00f2rum, Barcelona\",\"isPartOf\":{\"@id\":\"https:\\\/\\\/www.cruillabarcelona.cat\\\/en\\\/#website\"},\"primaryImageOfPage\":{\"@id\":\"https:\\\/\\\/www.cruillabarcelona.cat\\\/en\\\/artists\\\/zaz\\\/#primaryimage\"},\"image\":{\"@id\":\"https:\\\/\\\/www.cruillabarcelona.cat\\\/en\\\/artists\\\/zaz\\\/#primaryimage\"},\"thumbnailUrl\":\"https:\\\/\\\/www.cruillabarcelona.cat\\\/wp-content\\\/uploads\\\/2018\\\/12\\\/17_Zaz_Neta.jpg\",\"datePublished\":\"2018-12-11T09:16:51+00:00\",\"dateModified\":\"2019-05-13T11:46:50+00:00\",\"description\":\"Tickets now on sale for the concert that Zaz will offer next summer at Festival Cru\u00eflla. Friday, July 5, 2019 at Parc del F\u00f2rum de Barcelona.\",\"breadcrumb\":{\"@id\":\"https:\\\/\\\/www.cruillabarcelona.cat\\\/en\\\/artists\\\/zaz\\\/#breadcrumb\"},\"inLanguage\":\"en-US\",\"potentialAction\":[{\"@type\":\"ReadAction\",\"target\":[\"https:\\\/\\\/www.cruillabarcelona.cat\\\/en\\\/artists\\\/zaz\\\/\"]}]},{\"@type\":\"ImageObject\",\"inLanguage\":\"en-US\",\"@id\":\"https:\\\/\\\/www.cruillabarcelona.cat\\\/en\\\/artists\\\/zaz\\\/#primaryimage\",\"url\":\"https:\\\/\\\/www.cruillabarcelona.cat\\\/wp-content\\\/uploads\\\/2018\\\/12\\\/17_Zaz_Neta.jpg\",\"contentUrl\":\"https:\\\/\\\/www.cruillabarcelona.cat\\\/wp-content\\\/uploads\\\/2018\\\/12\\\/17_Zaz_Neta.jpg\",\"width\":1080,\"height\":1080,\"caption\":\"Zaz\"},{\"@type\":\"BreadcrumbList\",\"@id\":\"https:\\\/\\\/www.cruillabarcelona.cat\\\/en\\\/artists\\\/zaz\\\/#breadcrumb\",\"itemListElement\":[{\"@type\":\"ListItem\",\"position\":1,\"name\":\"Home\",\"item\":\"https:\\\/\\\/www.cruillabarcelona.cat\\\/en\\\/\"},{\"@type\":\"ListItem\",\"position\":2,\"name\":\"Zaz\"}]},{\"@type\":\"WebSite\",\"@id\":\"https:\\\/\\\/www.cruillabarcelona.cat\\\/en\\\/#website\",\"url\":\"https:\\\/\\\/www.cruillabarcelona.cat\\\/en\\\/\",\"name\":\"Festival Cru\u00eflla\",\"description\":\"\",\"publisher\":{\"@id\":\"https:\\\/\\\/www.cruillabarcelona.cat\\\/en\\\/#organization\"},\"potentialAction\":[{\"@type\":\"SearchAction\",\"target\":{\"@type\":\"EntryPoint\",\"urlTemplate\":\"https:\\\/\\\/www.cruillabarcelona.cat\\\/en\\\/?s={search_term_string}\"},\"query-input\":{\"@type\":\"PropertyValueSpecification\",\"valueRequired\":true,\"valueName\":\"search_term_string\"}}],\"inLanguage\":\"en-US\"},{\"@type\":\"Organization\",\"@id\":\"https:\\\/\\\/www.cruillabarcelona.cat\\\/en\\\/#organization\",\"name\":\"Festival Cru\u00eflla\",\"url\":\"https:\\\/\\\/www.cruillabarcelona.cat\\\/en\\\/\",\"logo\":{\"@type\":\"ImageObject\",\"inLanguage\":\"en-US\",\"@id\":\"https:\\\/\\\/www.cruillabarcelona.cat\\\/en\\\/#\\\/schema\\\/logo\\\/image\\\/\",\"url\":\"https:\\\/\\\/www.cruillabarcelona.cat\\\/wp-content\\\/uploads\\\/2025\\\/12\\\/cruill-logo-negativo.png\",\"contentUrl\":\"https:\\\/\\\/www.cruillabarcelona.cat\\\/wp-content\\\/uploads\\\/2025\\\/12\\\/cruill-logo-negativo.png\",\"width\":400,\"height\":101,\"caption\":\"Festival Cru\u00eflla\"},\"image\":{\"@id\":\"https:\\\/\\\/www.cruillabarcelona.cat\\\/en\\\/#\\\/schema\\\/logo\\\/image\\\/\"}}]}<\/script>\n<!-- \/ Yoast SEO plugin. -->","yoast_head_json":{"title":"Zaz in concert at Festival Cru\u00eflla 2019: July 5 at Parc del F\u00f2rum, Barcelona","description":"Tickets now on sale for the concert that Zaz will offer next summer at Festival Cru\u00eflla. Friday, July 5, 2019 at Parc del F\u00f2rum de Barcelona.","robots":{"index":"index","follow":"follow","max-snippet":"max-snippet:-1","max-image-preview":"max-image-preview:large","max-video-preview":"max-video-preview:-1"},"canonical":"https:\/\/www.cruillabarcelona.cat\/en\/artists\/zaz\/","og_locale":"en_US","og_type":"article","og_title":"Zaz in concert at Festival Cru\u00eflla 2019: July 5 at Parc del F\u00f2rum, Barcelona","og_description":"Tickets now on sale for the concert that Zaz will offer next summer at Festival Cru\u00eflla. Friday, July 5, 2019 at Parc del F\u00f2rum de Barcelona.","og_url":"https:\/\/www.cruillabarcelona.cat\/en\/artists\/zaz\/","og_site_name":"Festival Cru\u00eflla","article_modified_time":"2019-05-13T11:46:50+00:00","og_image":[{"width":1080,"height":1080,"url":"https:\/\/www.cruillabarcelona.cat\/wp-content\/uploads\/2018\/12\/17_Zaz_Neta.jpg","type":"image\/jpeg"}],"twitter_card":"summary_large_image","twitter_misc":{"Est. reading time":"1 minute"},"schema":{"@context":"https:\/\/schema.org","@graph":[{"@type":"WebPage","@id":"https:\/\/www.cruillabarcelona.cat\/en\/artists\/zaz\/","url":"https:\/\/www.cruillabarcelona.cat\/en\/artists\/zaz\/","name":"Zaz in concert at Festival Cru\u00eflla 2019: July 5 at Parc del F\u00f2rum, Barcelona","isPartOf":{"@id":"https:\/\/www.cruillabarcelona.cat\/en\/#website"},"primaryImageOfPage":{"@id":"https:\/\/www.cruillabarcelona.cat\/en\/artists\/zaz\/#primaryimage"},"image":{"@id":"https:\/\/www.cruillabarcelona.cat\/en\/artists\/zaz\/#primaryimage"},"thumbnailUrl":"https:\/\/www.cruillabarcelona.cat\/wp-content\/uploads\/2018\/12\/17_Zaz_Neta.jpg","datePublished":"2018-12-11T09:16:51+00:00","dateModified":"2019-05-13T11:46:50+00:00","description":"Tickets now on sale for the concert that Zaz will offer next summer at Festival Cru\u00eflla. Friday, July 5, 2019 at Parc del F\u00f2rum de Barcelona.","breadcrumb":{"@id":"https:\/\/www.cruillabarcelona.cat\/en\/artists\/zaz\/#breadcrumb"},"inLanguage":"en-US","potentialAction":[{"@type":"ReadAction","target":["https:\/\/www.cruillabarcelona.cat\/en\/artists\/zaz\/"]}]},{"@type":"ImageObject","inLanguage":"en-US","@id":"https:\/\/www.cruillabarcelona.cat\/en\/artists\/zaz\/#primaryimage","url":"https:\/\/www.cruillabarcelona.cat\/wp-content\/uploads\/2018\/12\/17_Zaz_Neta.jpg","contentUrl":"https:\/\/www.cruillabarcelona.cat\/wp-content\/uploads\/2018\/12\/17_Zaz_Neta.jpg","width":1080,"height":1080,"caption":"Zaz"},{"@type":"BreadcrumbList","@id":"https:\/\/www.cruillabarcelona.cat\/en\/artists\/zaz\/#breadcrumb","itemListElement":[{"@type":"ListItem","position":1,"name":"Home","item":"https:\/\/www.cruillabarcelona.cat\/en\/"},{"@type":"ListItem","position":2,"name":"Zaz"}]},{"@type":"WebSite","@id":"https:\/\/www.cruillabarcelona.cat\/en\/#website","url":"https:\/\/www.cruillabarcelona.cat\/en\/","name":"Festival Cru\u00eflla","description":"","publisher":{"@id":"https:\/\/www.cruillabarcelona.cat\/en\/#organization"},"potentialAction":[{"@type":"SearchAction","target":{"@type":"EntryPoint","urlTemplate":"https:\/\/www.cruillabarcelona.cat\/en\/?s={search_term_string}"},"query-input":{"@type":"PropertyValueSpecification","valueRequired":true,"valueName":"search_term_string"}}],"inLanguage":"en-US"},{"@type":"Organization","@id":"https:\/\/www.cruillabarcelona.cat\/en\/#organization","name":"Festival Cru\u00eflla","url":"https:\/\/www.cruillabarcelona.cat\/en\/","logo":{"@type":"ImageObject","inLanguage":"en-US","@id":"https:\/\/www.cruillabarcelona.cat\/en\/#\/schema\/logo\/image\/","url":"https:\/\/www.cruillabarcelona.cat\/wp-content\/uploads\/2025\/12\/cruill-logo-negativo.png","contentUrl":"https:\/\/www.cruillabarcelona.cat\/wp-content\/uploads\/2025\/12\/cruill-logo-negativo.png","width":400,"height":101,"caption":"Festival Cru\u00eflla"},"image":{"@id":"https:\/\/www.cruillabarcelona.cat\/en\/#\/schema\/logo\/image\/"}}]}},"_links":{"self":[{"href":"https:\/\/www.cruillabarcelona.cat\/en\/wp-json\/wp\/v2\/artists\/19379","targetHints":{"allow":["GET"]}}],"collection":[{"href":"https:\/\/www.cruillabarcelona.cat\/en\/wp-json\/wp\/v2\/artists"}],"about":[{"href":"https:\/\/www.cruillabarcelona.cat\/en\/wp-json\/wp\/v2\/types\/artists"}],"acf:term":[{"embeddable":true,"taxonomy":"artists_location","href":"https:\/\/www.cruillabarcelona.cat\/en\/wp-json\/wp\/v2\/artists_location\/590"},{"embeddable":true,"taxonomy":"artists_edition","href":"https:\/\/www.cruillabarcelona.cat\/en\/wp-json\/wp\/v2\/artists_edition\/729"}],"wp:featuredmedia":[{"embeddable":true,"href":"https:\/\/www.cruillabarcelona.cat\/en\/wp-json\/wp\/v2\/media\/20157"}],"wp:attachment":[{"href":"https:\/\/www.cruillabarcelona.cat\/en\/wp-json\/wp\/v2\/media?parent=19379"}],"wp:term":[{"taxonomy":"artists_edition","embeddable":true,"href":"https:\/\/www.cruillabarcelona.cat\/en\/wp-json\/wp\/v2\/artists_edition?post=19379"}],"curies":[{"name":"wp","href":"https:\/\/api.w.org\/{rel}","templated":true}]}}