{"id":22077,"date":"2019-03-07T13:00:01","date_gmt":"2019-03-07T11:00:01","guid":{"rendered":"https:\/\/www.cruillabarcelona.cat\/?post_type=artists&#038;p=22077"},"modified":"2019-06-05T18:18:07","modified_gmt":"2019-06-05T16:18:07","slug":"marcelo-d2","status":"publish","type":"artists","link":"https:\/\/www.cruillabarcelona.cat\/en\/artists\/marcelo-d2\/","title":{"rendered":"Marcelo D2"},"content":{"rendered":"<h2>Marcelo D2&#8217;s hip hop samba, finally in Barcelona<\/h2>\n<p>The day before he became the first extreme right president in the history of Brazil, Jair Bolsonaro went on Twitter and asked the world: &#8220;<strong>Good night! Who is Marcelo D2?<\/strong>&#8220;.<\/p>\n<p>Marcelo D2, who was in his car at the time, <strong>took a selfie and replied<\/strong> to Bolsonaro: &#8220;You probably know who I am. <strong>I am campaigning against you<\/strong>&#8220;.<\/p>\n<p>Of course Bolsonaro knows who Marcelo D2 is. <strong>A legendary character in the Brazilian music scene and activism<\/strong>. A kid that became a man in the\u00a0<em>favela<\/em>, and who found a way out in rap music. A gentleman that ended up becoming <strong>a pioneer in mixing hip hop and samba<\/strong>, two apparently opposite styles.<\/p>\n<p>We&#8217;re lucky. It&#8217;s been <strong>13 years since Marcelo D2 performed in Catalunya<\/strong> and there&#8217;s only one place where he will play: Cru\u00eflla 2019.<\/p>\n<p>With your <strong>Saturday<\/strong> ticket you&#8217;ll see Marcelo D2 and many other artists, such as <a href=\"https:\/\/www.cruillabarcelona.cat\/en\/artists\/kylie-minogue\/\" target=\"_blank\" rel=\"noopener noreferrer\">Kylie Minogue<\/a>, <a href=\"https:\/\/www.cruillabarcelona.cat\/en\/artists\/jorge-drexler\/\" target=\"_blank\" rel=\"noopener noreferrer\">Jorge Drexler<\/a> or\u00a0<a href=\"https:\/\/www.cruillabarcelona.cat\/en\/artists\/michael-kiwanuka\/\" target=\"_blank\" rel=\"noopener noreferrer\">Michael Kiwanuka<\/a>.<\/p>\n<hr \/>\n<p style=\"text-align: center;\"><em>Buy here your Saturday ticket or, if you&#8217;d rather live the whole experience, get the full festival pass.<\/em><\/p>\n<p style=\"text-align: center;\"><a class=\"efsbutton button \" target=\"_blank\">TICKETS<\/a><\/p>\n<hr \/>\n<p>Marcelo D2 will arrive in Cru\u00eflla with an hour and a half of <strong>samba, bossa and hip hop<\/strong>. He will be presenting his last album, <em>Amar \u00e9 para os fortes<\/em>, a flawless record that he presented in a short film.<\/p>\n<p>He will also perform the <strong>greatest hits of his career<\/strong>, such as <em>Qual \u00e9?<\/em> or\u00a0<em>A maldi\u00e7\u00e3o do samba<\/em>, songs that compete effortlessly with the Beastie Boys or Cypress Hill.<\/p>\n<!-- auto-added video if acf\/single-artist-video not used  --> <iframe style=\"width: 100%;max-width: 100%;height: auto;aspect-ratio: 16 \/ 9;\" src=\"https:\/\/www.youtube-nocookie.com\/embed\/qQe_X4T64B8\" frameborder=\"0\" allow=\"accelerometer; autoplay; encrypted-media; gyroscope; picture-in-picture\" allowfullscreen><\/iframe>","protected":false},"featured_media":22109,"template":"","meta":{"_acf_changed":false},"artists_edition":[729],"class_list":["post-22077","artists","type-artists","status-publish","has-post-thumbnail","hentry","artists_location-radio-3","artists_edition-729"],"acf":{"_thumbnail_id":22109,"youtube_player":"qQe_X4T64B8","artist_edition":[729],"artist_date":"20190706","artist_time":"02:00:00","artist_time_2":"","artist_location":[591],"artist_ticket_url":"https:\/\/cruilla.seetickets.com\/event\/entrada-dissabte\/parc-del-forum-barcelona\/1278180?lang=en-GB","artist_ticket_status":"","artist_extra_date__show":false,"artist_extra_date_2":null,"artist_time_of_date2":"","artist_extra_date_3":null,"artist_time_of_date3":"","artist_extra_date_4":null,"artist_time_of_date4":"","artist_extra_date_5":null,"artist_time_of_date5":"","artist_date__show_month":false,"artist_sidebar_active":false,"show_in_agenda":false,"artist_sidebar__banner_img":null,"artist_sidebar__banner_link":"","artist_hero_content":"<p style=\"text-align: center;\">Saturday, July 6 at Festival Cru\u00eflla<\/p>","artist_style":false,"artist_nationality":false,"artist_audience_age":false},"yoast_head":"<!-- This site is optimized with the Yoast SEO plugin v27.5 - https:\/\/yoast.com\/product\/yoast-seo-wordpress\/ -->\n<title>Marcelo D2 at Festival Cru\u00eflla 2019: Saturday, July 6 in Barcelona<\/title>\n<meta name=\"description\" content=\"Get your tickets to see Marcelo D2 in concert at Festival Cru\u00eflla 2019. This summer at Parc del F\u00f2rum de Barcelona, on Saturday, July 6.\" \/>\n<meta name=\"robots\" content=\"index, follow, max-snippet:-1, max-image-preview:large, max-video-preview:-1\" \/>\n<link rel=\"canonical\" href=\"https:\/\/www.cruillabarcelona.cat\/en\/artists\/marcelo-d2\/\" \/>\n<meta property=\"og:locale\" content=\"en_US\" \/>\n<meta property=\"og:type\" content=\"article\" \/>\n<meta property=\"og:title\" content=\"Marcelo D2 at Festival Cru\u00eflla 2019: Saturday, July 6 in Barcelona\" \/>\n<meta property=\"og:description\" content=\"Get your tickets to see Marcelo D2 in concert at Festival Cru\u00eflla 2019. This summer at Parc del F\u00f2rum de Barcelona, on Saturday, July 6.\" \/>\n<meta property=\"og:url\" content=\"https:\/\/www.cruillabarcelona.cat\/en\/artists\/marcelo-d2\/\" \/>\n<meta property=\"og:site_name\" content=\"Festival Cru\u00eflla\" \/>\n<meta property=\"article:modified_time\" content=\"2019-06-05T16:18:07+00:00\" \/>\n<meta property=\"og:image\" content=\"https:\/\/www.cruillabarcelona.cat\/wp-content\/uploads\/2019\/03\/26_Marcelo_D2_Foto_Neta.jpg\" \/>\n\t<meta property=\"og:image:width\" content=\"1200\" \/>\n\t<meta property=\"og:image:height\" content=\"1200\" \/>\n\t<meta property=\"og:image:type\" content=\"image\/jpeg\" \/>\n<meta name=\"twitter:card\" content=\"summary_large_image\" \/>\n<meta name=\"twitter:label1\" content=\"Est. reading time\" \/>\n\t<meta name=\"twitter:data1\" content=\"1 minute\" \/>\n<script type=\"application\/ld+json\" class=\"yoast-schema-graph\">{\"@context\":\"https:\\\/\\\/schema.org\",\"@graph\":[{\"@type\":\"WebPage\",\"@id\":\"https:\\\/\\\/www.cruillabarcelona.cat\\\/en\\\/artists\\\/marcelo-d2\\\/\",\"url\":\"https:\\\/\\\/www.cruillabarcelona.cat\\\/en\\\/artists\\\/marcelo-d2\\\/\",\"name\":\"Marcelo D2 at Festival Cru\u00eflla 2019: Saturday, July 6 in Barcelona\",\"isPartOf\":{\"@id\":\"https:\\\/\\\/www.cruillabarcelona.cat\\\/en\\\/#website\"},\"primaryImageOfPage\":{\"@id\":\"https:\\\/\\\/www.cruillabarcelona.cat\\\/en\\\/artists\\\/marcelo-d2\\\/#primaryimage\"},\"image\":{\"@id\":\"https:\\\/\\\/www.cruillabarcelona.cat\\\/en\\\/artists\\\/marcelo-d2\\\/#primaryimage\"},\"thumbnailUrl\":\"https:\\\/\\\/www.cruillabarcelona.cat\\\/wp-content\\\/uploads\\\/2019\\\/03\\\/26_Marcelo_D2_Foto_Neta.jpg\",\"datePublished\":\"2019-03-07T11:00:01+00:00\",\"dateModified\":\"2019-06-05T16:18:07+00:00\",\"description\":\"Get your tickets to see Marcelo D2 in concert at Festival Cru\u00eflla 2019. This summer at Parc del F\u00f2rum de Barcelona, on Saturday, July 6.\",\"breadcrumb\":{\"@id\":\"https:\\\/\\\/www.cruillabarcelona.cat\\\/en\\\/artists\\\/marcelo-d2\\\/#breadcrumb\"},\"inLanguage\":\"en-US\",\"potentialAction\":[{\"@type\":\"ReadAction\",\"target\":[\"https:\\\/\\\/www.cruillabarcelona.cat\\\/en\\\/artists\\\/marcelo-d2\\\/\"]}]},{\"@type\":\"ImageObject\",\"inLanguage\":\"en-US\",\"@id\":\"https:\\\/\\\/www.cruillabarcelona.cat\\\/en\\\/artists\\\/marcelo-d2\\\/#primaryimage\",\"url\":\"https:\\\/\\\/www.cruillabarcelona.cat\\\/wp-content\\\/uploads\\\/2019\\\/03\\\/26_Marcelo_D2_Foto_Neta.jpg\",\"contentUrl\":\"https:\\\/\\\/www.cruillabarcelona.cat\\\/wp-content\\\/uploads\\\/2019\\\/03\\\/26_Marcelo_D2_Foto_Neta.jpg\",\"width\":1200,\"height\":1200,\"caption\":\"Marcelo D2\"},{\"@type\":\"BreadcrumbList\",\"@id\":\"https:\\\/\\\/www.cruillabarcelona.cat\\\/en\\\/artists\\\/marcelo-d2\\\/#breadcrumb\",\"itemListElement\":[{\"@type\":\"ListItem\",\"position\":1,\"name\":\"Home\",\"item\":\"https:\\\/\\\/www.cruillabarcelona.cat\\\/en\\\/\"},{\"@type\":\"ListItem\",\"position\":2,\"name\":\"Marcelo D2\"}]},{\"@type\":\"WebSite\",\"@id\":\"https:\\\/\\\/www.cruillabarcelona.cat\\\/en\\\/#website\",\"url\":\"https:\\\/\\\/www.cruillabarcelona.cat\\\/en\\\/\",\"name\":\"Festival Cru\u00eflla\",\"description\":\"\",\"publisher\":{\"@id\":\"https:\\\/\\\/www.cruillabarcelona.cat\\\/en\\\/#organization\"},\"potentialAction\":[{\"@type\":\"SearchAction\",\"target\":{\"@type\":\"EntryPoint\",\"urlTemplate\":\"https:\\\/\\\/www.cruillabarcelona.cat\\\/en\\\/?s={search_term_string}\"},\"query-input\":{\"@type\":\"PropertyValueSpecification\",\"valueRequired\":true,\"valueName\":\"search_term_string\"}}],\"inLanguage\":\"en-US\"},{\"@type\":\"Organization\",\"@id\":\"https:\\\/\\\/www.cruillabarcelona.cat\\\/en\\\/#organization\",\"name\":\"Festival Cru\u00eflla\",\"url\":\"https:\\\/\\\/www.cruillabarcelona.cat\\\/en\\\/\",\"logo\":{\"@type\":\"ImageObject\",\"inLanguage\":\"en-US\",\"@id\":\"https:\\\/\\\/www.cruillabarcelona.cat\\\/en\\\/#\\\/schema\\\/logo\\\/image\\\/\",\"url\":\"https:\\\/\\\/www.cruillabarcelona.cat\\\/wp-content\\\/uploads\\\/2025\\\/12\\\/cruill-logo-negativo.png\",\"contentUrl\":\"https:\\\/\\\/www.cruillabarcelona.cat\\\/wp-content\\\/uploads\\\/2025\\\/12\\\/cruill-logo-negativo.png\",\"width\":400,\"height\":101,\"caption\":\"Festival Cru\u00eflla\"},\"image\":{\"@id\":\"https:\\\/\\\/www.cruillabarcelona.cat\\\/en\\\/#\\\/schema\\\/logo\\\/image\\\/\"}}]}<\/script>\n<!-- \/ Yoast SEO plugin. -->","yoast_head_json":{"title":"Marcelo D2 at Festival Cru\u00eflla 2019: Saturday, July 6 in Barcelona","description":"Get your tickets to see Marcelo D2 in concert at Festival Cru\u00eflla 2019. This summer at Parc del F\u00f2rum de Barcelona, on Saturday, July 6.","robots":{"index":"index","follow":"follow","max-snippet":"max-snippet:-1","max-image-preview":"max-image-preview:large","max-video-preview":"max-video-preview:-1"},"canonical":"https:\/\/www.cruillabarcelona.cat\/en\/artists\/marcelo-d2\/","og_locale":"en_US","og_type":"article","og_title":"Marcelo D2 at Festival Cru\u00eflla 2019: Saturday, July 6 in Barcelona","og_description":"Get your tickets to see Marcelo D2 in concert at Festival Cru\u00eflla 2019. This summer at Parc del F\u00f2rum de Barcelona, on Saturday, July 6.","og_url":"https:\/\/www.cruillabarcelona.cat\/en\/artists\/marcelo-d2\/","og_site_name":"Festival Cru\u00eflla","article_modified_time":"2019-06-05T16:18:07+00:00","og_image":[{"width":1200,"height":1200,"url":"https:\/\/www.cruillabarcelona.cat\/wp-content\/uploads\/2019\/03\/26_Marcelo_D2_Foto_Neta.jpg","type":"image\/jpeg"}],"twitter_card":"summary_large_image","twitter_misc":{"Est. reading time":"1 minute"},"schema":{"@context":"https:\/\/schema.org","@graph":[{"@type":"WebPage","@id":"https:\/\/www.cruillabarcelona.cat\/en\/artists\/marcelo-d2\/","url":"https:\/\/www.cruillabarcelona.cat\/en\/artists\/marcelo-d2\/","name":"Marcelo D2 at Festival Cru\u00eflla 2019: Saturday, July 6 in Barcelona","isPartOf":{"@id":"https:\/\/www.cruillabarcelona.cat\/en\/#website"},"primaryImageOfPage":{"@id":"https:\/\/www.cruillabarcelona.cat\/en\/artists\/marcelo-d2\/#primaryimage"},"image":{"@id":"https:\/\/www.cruillabarcelona.cat\/en\/artists\/marcelo-d2\/#primaryimage"},"thumbnailUrl":"https:\/\/www.cruillabarcelona.cat\/wp-content\/uploads\/2019\/03\/26_Marcelo_D2_Foto_Neta.jpg","datePublished":"2019-03-07T11:00:01+00:00","dateModified":"2019-06-05T16:18:07+00:00","description":"Get your tickets to see Marcelo D2 in concert at Festival Cru\u00eflla 2019. This summer at Parc del F\u00f2rum de Barcelona, on Saturday, July 6.","breadcrumb":{"@id":"https:\/\/www.cruillabarcelona.cat\/en\/artists\/marcelo-d2\/#breadcrumb"},"inLanguage":"en-US","potentialAction":[{"@type":"ReadAction","target":["https:\/\/www.cruillabarcelona.cat\/en\/artists\/marcelo-d2\/"]}]},{"@type":"ImageObject","inLanguage":"en-US","@id":"https:\/\/www.cruillabarcelona.cat\/en\/artists\/marcelo-d2\/#primaryimage","url":"https:\/\/www.cruillabarcelona.cat\/wp-content\/uploads\/2019\/03\/26_Marcelo_D2_Foto_Neta.jpg","contentUrl":"https:\/\/www.cruillabarcelona.cat\/wp-content\/uploads\/2019\/03\/26_Marcelo_D2_Foto_Neta.jpg","width":1200,"height":1200,"caption":"Marcelo D2"},{"@type":"BreadcrumbList","@id":"https:\/\/www.cruillabarcelona.cat\/en\/artists\/marcelo-d2\/#breadcrumb","itemListElement":[{"@type":"ListItem","position":1,"name":"Home","item":"https:\/\/www.cruillabarcelona.cat\/en\/"},{"@type":"ListItem","position":2,"name":"Marcelo D2"}]},{"@type":"WebSite","@id":"https:\/\/www.cruillabarcelona.cat\/en\/#website","url":"https:\/\/www.cruillabarcelona.cat\/en\/","name":"Festival Cru\u00eflla","description":"","publisher":{"@id":"https:\/\/www.cruillabarcelona.cat\/en\/#organization"},"potentialAction":[{"@type":"SearchAction","target":{"@type":"EntryPoint","urlTemplate":"https:\/\/www.cruillabarcelona.cat\/en\/?s={search_term_string}"},"query-input":{"@type":"PropertyValueSpecification","valueRequired":true,"valueName":"search_term_string"}}],"inLanguage":"en-US"},{"@type":"Organization","@id":"https:\/\/www.cruillabarcelona.cat\/en\/#organization","name":"Festival Cru\u00eflla","url":"https:\/\/www.cruillabarcelona.cat\/en\/","logo":{"@type":"ImageObject","inLanguage":"en-US","@id":"https:\/\/www.cruillabarcelona.cat\/en\/#\/schema\/logo\/image\/","url":"https:\/\/www.cruillabarcelona.cat\/wp-content\/uploads\/2025\/12\/cruill-logo-negativo.png","contentUrl":"https:\/\/www.cruillabarcelona.cat\/wp-content\/uploads\/2025\/12\/cruill-logo-negativo.png","width":400,"height":101,"caption":"Festival Cru\u00eflla"},"image":{"@id":"https:\/\/www.cruillabarcelona.cat\/en\/#\/schema\/logo\/image\/"}}]}},"_links":{"self":[{"href":"https:\/\/www.cruillabarcelona.cat\/en\/wp-json\/wp\/v2\/artists\/22077","targetHints":{"allow":["GET"]}}],"collection":[{"href":"https:\/\/www.cruillabarcelona.cat\/en\/wp-json\/wp\/v2\/artists"}],"about":[{"href":"https:\/\/www.cruillabarcelona.cat\/en\/wp-json\/wp\/v2\/types\/artists"}],"acf:term":[{"embeddable":true,"taxonomy":"artists_location","href":"https:\/\/www.cruillabarcelona.cat\/en\/wp-json\/wp\/v2\/artists_location\/591"},{"embeddable":true,"taxonomy":"artists_edition","href":"https:\/\/www.cruillabarcelona.cat\/en\/wp-json\/wp\/v2\/artists_edition\/729"}],"wp:featuredmedia":[{"embeddable":true,"href":"https:\/\/www.cruillabarcelona.cat\/en\/wp-json\/wp\/v2\/media\/22109"}],"wp:attachment":[{"href":"https:\/\/www.cruillabarcelona.cat\/en\/wp-json\/wp\/v2\/media?parent=22077"}],"wp:term":[{"taxonomy":"artists_edition","embeddable":true,"href":"https:\/\/www.cruillabarcelona.cat\/en\/wp-json\/wp\/v2\/artists_edition?post=22077"}],"curies":[{"name":"wp","href":"https:\/\/api.w.org\/{rel}","templated":true}]}}