{"id":22535,"date":"2019-04-02T10:52:20","date_gmt":"2019-04-02T08:52:20","guid":{"rendered":"https:\/\/www.cruillabarcelona.cat\/?post_type=artists&#038;p=22535"},"modified":"2025-06-04T11:00:38","modified_gmt":"2025-06-04T09:00:38","slug":"seu-jorge","status":"publish","type":"artists","link":"https:\/\/www.cruillabarcelona.cat\/en\/artists\/seu-jorge\/","title":{"rendered":"Seu Jorge"},"content":{"rendered":"<h2>Seu Jorge IN CONCERT AT FESTIVAL\u00a0CRU\u00cfLLA 2025!<\/h2>\n<h3>The Essence of Brazil<\/h3>\n<p>When we talk about\u00a0<strong>contemporary Brazilian music<\/strong>, one name stands out:\u00a0<strong>Seu Jorge.<\/strong>\u00a0This singer, songwriter, and actor from Rio de Janeiro has\u00a0<strong>redefined samba and Brazilian popular music,<\/strong>\u00a0bringing them to the global stage with his unmistakable style. His hits like &#8220;Burguesinha&#8221; and &#8220;Amiga da Minha Mulher&#8221;, sung with his\u00a0<strong>warm, deep voice<\/strong>, have captivated audiences worldwide.<\/p>\n<p>On\u00a0<strong>Thursday, July 10th, Festival Cru\u00eflla 2025\u00a0<\/strong>will be filled with tropical rhythms and the vibrant energy of Brazil with Seu Jorge\u2019s performance. With his\u00a0<strong>natural charisma<\/strong>\u00a0and the ability to make us feel like we&#8217;re at a beach party in Rio, this concert promises to be one of the festival&#8217;s most special moments.<\/p>\n<hr \/>\n<p style=\"text-align: center;\"><em><b>Get your tickets for the Festival Cru\u00eflla 2025 here:<\/b><\/em><\/p>\n<p style=\"text-align: center;\"><a class=\"efsbutton button \" target=\"_blank\">TICKETS<\/a><\/p>\n<hr \/>\n<p><strong>Seu Jorge<\/strong>\u00a0brings all his magic to the stage, blending\u00a0<strong>samba, funk, MPB, and soul sounds<\/strong>\u00a0into a live show full of soul and authenticity. He has triumphed at international festivals like the Montreux Jazz Festival and Rock in Rio, always leaving an unforgettable mark.<\/p>\n<p>This summer,\u00a0<strong>Parc del F\u00f2rum<\/strong>\u00a0will vibrate with the\u00a0<strong>essence of Brazilian music\u00a0<\/strong>at Seu Jorge\u2019s concert. Get ready to sing, dance, and let yourself be carried away by the passion of an artist who knows how to connect with the heart of his audience. Don\u2019t miss this musical journey that will\u00a0<strong>bring you closer to Brazil\u00a0<\/strong>without leaving Barcelona!<\/p>\n<!-- auto-added video if acf\/single-artist-video not used  --> <iframe style=\"width: 100%;max-width: 100%;height: auto;aspect-ratio: 16 \/ 9;\" src=\"https:\/\/www.youtube-nocookie.com\/embed\/2Ws_5-hiqao\" frameborder=\"0\" allow=\"accelerometer; autoplay; encrypted-media; gyroscope; picture-in-picture\" allowfullscreen><\/iframe>","protected":false},"featured_media":55950,"template":"","meta":{"_acf_changed":false},"artists_edition":[893],"class_list":["post-22535","artists","type-artists","status-publish","has-post-thumbnail","hentry","artists_location-escenari-occident","artists_edition-893"],"acf":{"_thumbnail_id":55950,"youtube_player":"2Ws_5-hiqao","artist_edition":[893],"artist_date":"20250710","artist_time":"19:00","artist_time_2":"","artist_location":[889],"artist_ticket_url":"https:\/\/www.cruillabarcelona.cat\/en\/tickets\/","artist_ticket_status":"","artist_extra_date__show":false,"artist_extra_date_2":null,"artist_time_of_date2":"","artist_extra_date_3":null,"artist_time_of_date3":"","artist_extra_date_4":null,"artist_time_of_date4":"","artist_extra_date_5":null,"artist_time_of_date5":"","artist_date__show_month":true,"artist_sidebar_active":true,"show_in_agenda":true,"artist_sidebar__banner_img":"","artist_sidebar__banner_link":"","artist_hero_content":"Festival Cru\u00eflla 2025","artist_style":false,"artist_nationality":false,"artist_audience_age":false},"yoast_head":"<!-- This site is optimized with the Yoast SEO plugin v27.5 - https:\/\/yoast.com\/product\/yoast-seo-wordpress\/ -->\n<title>Seu Jorge concert at the Festival Cru\u00eflla, July 10th in Barcelona<\/title>\n<meta name=\"description\" content=\"Buy tickets for the Seu Jorge concert at the Festival Cru\u00eflla 2025 ,on July 10th at the Parc del F\u00f2rum in Barcelona.\" \/>\n<meta name=\"robots\" content=\"index, follow, max-snippet:-1, max-image-preview:large, max-video-preview:-1\" \/>\n<link rel=\"canonical\" href=\"https:\/\/www.cruillabarcelona.cat\/en\/artists\/seu-jorge\/\" \/>\n<meta property=\"og:locale\" content=\"en_US\" \/>\n<meta property=\"og:type\" content=\"article\" \/>\n<meta property=\"og:title\" content=\"Seu Jorge concert at the Festival Cru\u00eflla, July 10th in Barcelona\" \/>\n<meta property=\"og:description\" content=\"Buy tickets for the Seu Jorge concert at the Festival Cru\u00eflla 2025 ,on July 10th at the Parc del F\u00f2rum in Barcelona.\" \/>\n<meta property=\"og:url\" content=\"https:\/\/www.cruillabarcelona.cat\/en\/artists\/seu-jorge\/\" \/>\n<meta property=\"og:site_name\" content=\"Festival Cru\u00eflla\" \/>\n<meta property=\"article:modified_time\" content=\"2025-06-04T09:00:38+00:00\" \/>\n<meta property=\"og:image\" content=\"https:\/\/www.cruillabarcelona.cat\/wp-content\/uploads\/2019\/04\/SEU-JORGE-SHOOTING-314-1.jpg\" \/>\n\t<meta property=\"og:image:width\" content=\"1000\" \/>\n\t<meta property=\"og:image:height\" content=\"1000\" \/>\n\t<meta property=\"og:image:type\" content=\"image\/jpeg\" \/>\n<meta name=\"twitter:card\" content=\"summary_large_image\" \/>\n<meta name=\"twitter:label1\" content=\"Est. reading time\" \/>\n\t<meta name=\"twitter:data1\" content=\"2 minutes\" \/>\n<script type=\"application\/ld+json\" class=\"yoast-schema-graph\">{\"@context\":\"https:\\\/\\\/schema.org\",\"@graph\":[{\"@type\":\"WebPage\",\"@id\":\"https:\\\/\\\/www.cruillabarcelona.cat\\\/en\\\/artists\\\/seu-jorge\\\/\",\"url\":\"https:\\\/\\\/www.cruillabarcelona.cat\\\/en\\\/artists\\\/seu-jorge\\\/\",\"name\":\"Seu Jorge concert at the Festival Cru\u00eflla, July 10th in Barcelona\",\"isPartOf\":{\"@id\":\"https:\\\/\\\/www.cruillabarcelona.cat\\\/en\\\/#website\"},\"primaryImageOfPage\":{\"@id\":\"https:\\\/\\\/www.cruillabarcelona.cat\\\/en\\\/artists\\\/seu-jorge\\\/#primaryimage\"},\"image\":{\"@id\":\"https:\\\/\\\/www.cruillabarcelona.cat\\\/en\\\/artists\\\/seu-jorge\\\/#primaryimage\"},\"thumbnailUrl\":\"https:\\\/\\\/www.cruillabarcelona.cat\\\/wp-content\\\/uploads\\\/2019\\\/04\\\/SEU-JORGE-SHOOTING-314-1.jpg\",\"datePublished\":\"2019-04-02T08:52:20+00:00\",\"dateModified\":\"2025-06-04T09:00:38+00:00\",\"description\":\"Buy tickets for the Seu Jorge concert at the Festival Cru\u00eflla 2025 ,on July 10th at the Parc del F\u00f2rum in Barcelona.\",\"breadcrumb\":{\"@id\":\"https:\\\/\\\/www.cruillabarcelona.cat\\\/en\\\/artists\\\/seu-jorge\\\/#breadcrumb\"},\"inLanguage\":\"en-US\",\"potentialAction\":[{\"@type\":\"ReadAction\",\"target\":[\"https:\\\/\\\/www.cruillabarcelona.cat\\\/en\\\/artists\\\/seu-jorge\\\/\"]}]},{\"@type\":\"ImageObject\",\"inLanguage\":\"en-US\",\"@id\":\"https:\\\/\\\/www.cruillabarcelona.cat\\\/en\\\/artists\\\/seu-jorge\\\/#primaryimage\",\"url\":\"https:\\\/\\\/www.cruillabarcelona.cat\\\/wp-content\\\/uploads\\\/2019\\\/04\\\/SEU-JORGE-SHOOTING-314-1.jpg\",\"contentUrl\":\"https:\\\/\\\/www.cruillabarcelona.cat\\\/wp-content\\\/uploads\\\/2019\\\/04\\\/SEU-JORGE-SHOOTING-314-1.jpg\",\"width\":1000,\"height\":1000},{\"@type\":\"BreadcrumbList\",\"@id\":\"https:\\\/\\\/www.cruillabarcelona.cat\\\/en\\\/artists\\\/seu-jorge\\\/#breadcrumb\",\"itemListElement\":[{\"@type\":\"ListItem\",\"position\":1,\"name\":\"Home\",\"item\":\"https:\\\/\\\/www.cruillabarcelona.cat\\\/en\\\/\"},{\"@type\":\"ListItem\",\"position\":2,\"name\":\"Seu Jorge\"}]},{\"@type\":\"WebSite\",\"@id\":\"https:\\\/\\\/www.cruillabarcelona.cat\\\/en\\\/#website\",\"url\":\"https:\\\/\\\/www.cruillabarcelona.cat\\\/en\\\/\",\"name\":\"Festival Cru\u00eflla\",\"description\":\"\",\"publisher\":{\"@id\":\"https:\\\/\\\/www.cruillabarcelona.cat\\\/en\\\/#organization\"},\"potentialAction\":[{\"@type\":\"SearchAction\",\"target\":{\"@type\":\"EntryPoint\",\"urlTemplate\":\"https:\\\/\\\/www.cruillabarcelona.cat\\\/en\\\/?s={search_term_string}\"},\"query-input\":{\"@type\":\"PropertyValueSpecification\",\"valueRequired\":true,\"valueName\":\"search_term_string\"}}],\"inLanguage\":\"en-US\"},{\"@type\":\"Organization\",\"@id\":\"https:\\\/\\\/www.cruillabarcelona.cat\\\/en\\\/#organization\",\"name\":\"Festival Cru\u00eflla\",\"url\":\"https:\\\/\\\/www.cruillabarcelona.cat\\\/en\\\/\",\"logo\":{\"@type\":\"ImageObject\",\"inLanguage\":\"en-US\",\"@id\":\"https:\\\/\\\/www.cruillabarcelona.cat\\\/en\\\/#\\\/schema\\\/logo\\\/image\\\/\",\"url\":\"https:\\\/\\\/www.cruillabarcelona.cat\\\/wp-content\\\/uploads\\\/2025\\\/12\\\/cruill-logo-negativo.png\",\"contentUrl\":\"https:\\\/\\\/www.cruillabarcelona.cat\\\/wp-content\\\/uploads\\\/2025\\\/12\\\/cruill-logo-negativo.png\",\"width\":400,\"height\":101,\"caption\":\"Festival Cru\u00eflla\"},\"image\":{\"@id\":\"https:\\\/\\\/www.cruillabarcelona.cat\\\/en\\\/#\\\/schema\\\/logo\\\/image\\\/\"}}]}<\/script>\n<!-- \/ Yoast SEO plugin. -->","yoast_head_json":{"title":"Seu Jorge concert at the Festival Cru\u00eflla, July 10th in Barcelona","description":"Buy tickets for the Seu Jorge concert at the Festival Cru\u00eflla 2025 ,on July 10th at the Parc del F\u00f2rum in Barcelona.","robots":{"index":"index","follow":"follow","max-snippet":"max-snippet:-1","max-image-preview":"max-image-preview:large","max-video-preview":"max-video-preview:-1"},"canonical":"https:\/\/www.cruillabarcelona.cat\/en\/artists\/seu-jorge\/","og_locale":"en_US","og_type":"article","og_title":"Seu Jorge concert at the Festival Cru\u00eflla, July 10th in Barcelona","og_description":"Buy tickets for the Seu Jorge concert at the Festival Cru\u00eflla 2025 ,on July 10th at the Parc del F\u00f2rum in Barcelona.","og_url":"https:\/\/www.cruillabarcelona.cat\/en\/artists\/seu-jorge\/","og_site_name":"Festival Cru\u00eflla","article_modified_time":"2025-06-04T09:00:38+00:00","og_image":[{"width":1000,"height":1000,"url":"https:\/\/www.cruillabarcelona.cat\/wp-content\/uploads\/2019\/04\/SEU-JORGE-SHOOTING-314-1.jpg","type":"image\/jpeg"}],"twitter_card":"summary_large_image","twitter_misc":{"Est. reading time":"2 minutes"},"schema":{"@context":"https:\/\/schema.org","@graph":[{"@type":"WebPage","@id":"https:\/\/www.cruillabarcelona.cat\/en\/artists\/seu-jorge\/","url":"https:\/\/www.cruillabarcelona.cat\/en\/artists\/seu-jorge\/","name":"Seu Jorge concert at the Festival Cru\u00eflla, July 10th in Barcelona","isPartOf":{"@id":"https:\/\/www.cruillabarcelona.cat\/en\/#website"},"primaryImageOfPage":{"@id":"https:\/\/www.cruillabarcelona.cat\/en\/artists\/seu-jorge\/#primaryimage"},"image":{"@id":"https:\/\/www.cruillabarcelona.cat\/en\/artists\/seu-jorge\/#primaryimage"},"thumbnailUrl":"https:\/\/www.cruillabarcelona.cat\/wp-content\/uploads\/2019\/04\/SEU-JORGE-SHOOTING-314-1.jpg","datePublished":"2019-04-02T08:52:20+00:00","dateModified":"2025-06-04T09:00:38+00:00","description":"Buy tickets for the Seu Jorge concert at the Festival Cru\u00eflla 2025 ,on July 10th at the Parc del F\u00f2rum in Barcelona.","breadcrumb":{"@id":"https:\/\/www.cruillabarcelona.cat\/en\/artists\/seu-jorge\/#breadcrumb"},"inLanguage":"en-US","potentialAction":[{"@type":"ReadAction","target":["https:\/\/www.cruillabarcelona.cat\/en\/artists\/seu-jorge\/"]}]},{"@type":"ImageObject","inLanguage":"en-US","@id":"https:\/\/www.cruillabarcelona.cat\/en\/artists\/seu-jorge\/#primaryimage","url":"https:\/\/www.cruillabarcelona.cat\/wp-content\/uploads\/2019\/04\/SEU-JORGE-SHOOTING-314-1.jpg","contentUrl":"https:\/\/www.cruillabarcelona.cat\/wp-content\/uploads\/2019\/04\/SEU-JORGE-SHOOTING-314-1.jpg","width":1000,"height":1000},{"@type":"BreadcrumbList","@id":"https:\/\/www.cruillabarcelona.cat\/en\/artists\/seu-jorge\/#breadcrumb","itemListElement":[{"@type":"ListItem","position":1,"name":"Home","item":"https:\/\/www.cruillabarcelona.cat\/en\/"},{"@type":"ListItem","position":2,"name":"Seu Jorge"}]},{"@type":"WebSite","@id":"https:\/\/www.cruillabarcelona.cat\/en\/#website","url":"https:\/\/www.cruillabarcelona.cat\/en\/","name":"Festival Cru\u00eflla","description":"","publisher":{"@id":"https:\/\/www.cruillabarcelona.cat\/en\/#organization"},"potentialAction":[{"@type":"SearchAction","target":{"@type":"EntryPoint","urlTemplate":"https:\/\/www.cruillabarcelona.cat\/en\/?s={search_term_string}"},"query-input":{"@type":"PropertyValueSpecification","valueRequired":true,"valueName":"search_term_string"}}],"inLanguage":"en-US"},{"@type":"Organization","@id":"https:\/\/www.cruillabarcelona.cat\/en\/#organization","name":"Festival Cru\u00eflla","url":"https:\/\/www.cruillabarcelona.cat\/en\/","logo":{"@type":"ImageObject","inLanguage":"en-US","@id":"https:\/\/www.cruillabarcelona.cat\/en\/#\/schema\/logo\/image\/","url":"https:\/\/www.cruillabarcelona.cat\/wp-content\/uploads\/2025\/12\/cruill-logo-negativo.png","contentUrl":"https:\/\/www.cruillabarcelona.cat\/wp-content\/uploads\/2025\/12\/cruill-logo-negativo.png","width":400,"height":101,"caption":"Festival Cru\u00eflla"},"image":{"@id":"https:\/\/www.cruillabarcelona.cat\/en\/#\/schema\/logo\/image\/"}}]}},"_links":{"self":[{"href":"https:\/\/www.cruillabarcelona.cat\/en\/wp-json\/wp\/v2\/artists\/22535","targetHints":{"allow":["GET"]}}],"collection":[{"href":"https:\/\/www.cruillabarcelona.cat\/en\/wp-json\/wp\/v2\/artists"}],"about":[{"href":"https:\/\/www.cruillabarcelona.cat\/en\/wp-json\/wp\/v2\/types\/artists"}],"acf:term":[{"embeddable":true,"taxonomy":"artists_location","href":"https:\/\/www.cruillabarcelona.cat\/en\/wp-json\/wp\/v2\/artists_location\/889"},{"embeddable":true,"taxonomy":"artists_edition","href":"https:\/\/www.cruillabarcelona.cat\/en\/wp-json\/wp\/v2\/artists_edition\/893"}],"wp:featuredmedia":[{"embeddable":true,"href":"https:\/\/www.cruillabarcelona.cat\/en\/wp-json\/wp\/v2\/media\/55950"}],"wp:attachment":[{"href":"https:\/\/www.cruillabarcelona.cat\/en\/wp-json\/wp\/v2\/media?parent=22535"}],"wp:term":[{"taxonomy":"artists_edition","embeddable":true,"href":"https:\/\/www.cruillabarcelona.cat\/en\/wp-json\/wp\/v2\/artists_edition?post=22535"}],"curies":[{"name":"wp","href":"https:\/\/api.w.org\/{rel}","templated":true}]}}