{"id":25542,"date":"2019-06-06T11:55:26","date_gmt":"2019-06-06T09:55:26","guid":{"rendered":"https:\/\/www.cruillabarcelona.cat\/?post_type=artists&#038;p=25542"},"modified":"2019-06-07T10:34:47","modified_gmt":"2019-06-07T08:34:47","slug":"marcelo-d2-talks","status":"publish","type":"artists","link":"https:\/\/www.cruillabarcelona.cat\/en\/artists\/marcelo-d2-talks\/","title":{"rendered":"Marcelo D2"},"content":{"rendered":"<h2>How to fight populism with culture<\/h2>\n<p>The day before he became the first extreme right president in the history of Brazil, Jair Bolsonaro went on Twitter and asked the world: &#8220;<strong>Good night! Who is Marcelo D2?<\/strong>&#8220;.<\/p>\n<p>Marcelo D2, who was in his car at the time, <strong>took a selfie and replied<\/strong> to Bolsonaro: &#8220;You probably know who I am. <strong>I am campaigning against you<\/strong>&#8220;.<\/p>\n<p>Of course Bolsonaro knows who Marcelo D2 is. <strong>A legendary character in the Brazilian music scene and activism<\/strong>. A kid that became a man in the\u00a0<em>favela<\/em>, and who found a way out in rap music. A gentleman that ended up becoming <strong>a pioneer in mixing hip hop and samba<\/strong>, two apparently opposite styles.<\/p>\n<p>On <strong>July 6th<\/strong>, Marcelo D2 will share his views in <strong>Cru\u00eflla Talks<\/strong>. He will be answering <strong>\u00d2scar Broc<\/strong>&#8216;s questions and will speak out about topics such as political populism and fake news. The event will take place very close to the festival, at the <strong>Museu de Ci\u00e8ncies Naturals de Barcelona<\/strong>.<\/p>\n<ul>\n<li><strong>Marcelo D2<\/strong> interviewed by <strong>\u00d2scar Broc<\/strong>.<\/li>\n<li><strong>Time and place<\/strong>: Saturday July 6th at 5PM, at the Museu de Ci\u00e8ncies Naturals.<\/li>\n<li><strong>Duration<\/strong>: 60 minutes + viewers&#8217; questions.<\/li>\n<li><strong>Ticket price<\/strong>: 2\u20ac donation to the NGO Proactiva Open Arms.<\/li>\n<\/ul>\n<p style=\"text-align: center;\"><a class=\"efsbutton button \" target=\"_blank\">TICKETS<\/a><\/p>\n","protected":false},"featured_media":25499,"template":"","meta":{"_acf_changed":false},"artists_edition":[774],"class_list":["post-25542","artists","type-artists","status-publish","has-post-thumbnail","hentry","artists_location-museu-ciencies-naturals","artists_edition-2019-talks"],"acf":{"_thumbnail_id":25499,"youtube_player":"","artist_edition":[774],"artist_date":"20190706","artist_time":"17:00:00","artist_time_2":"","artist_location":[775],"artist_ticket_url":"https:\/\/cruillatalks.seetickets.com\/event\/cru-lla-talks-marcelo-d2\/museu-de-ci-ncies-naturals\/1391110?direct=true","artist_ticket_status":"","artist_extra_date__show":false,"artist_extra_date_2":null,"artist_time_of_date2":"","artist_extra_date_3":null,"artist_time_of_date3":"","artist_extra_date_4":null,"artist_time_of_date4":"","artist_extra_date_5":null,"artist_time_of_date5":"","artist_date__show_month":true,"artist_sidebar_active":false,"show_in_agenda":false,"artist_sidebar__banner_img":null,"artist_sidebar__banner_link":"","artist_hero_content":"Brazilian musician and activist, interviewed by \u00d2scar Broc","artist_style":false,"artist_nationality":false,"artist_audience_age":false},"yoast_head":"<!-- This site is optimized with the Yoast SEO plugin v27.5 - https:\/\/yoast.com\/product\/yoast-seo-wordpress\/ -->\n<title>Marcelo D2 - Cru\u00eflla Talks 2019. July 6th in Barcelona.<\/title>\n<meta name=\"description\" content=\"Rapper Marcelo D2 comes to Cru\u00eflla Talks 2019 to talk about the far right in Brazil. July 6th at the Museu de Ci\u00e8ncies Naturals in Barcelona.\" \/>\n<meta name=\"robots\" content=\"index, follow, max-snippet:-1, max-image-preview:large, max-video-preview:-1\" \/>\n<link rel=\"canonical\" href=\"https:\/\/www.cruillabarcelona.cat\/en\/artists\/marcelo-d2-talks\/\" \/>\n<meta property=\"og:locale\" content=\"en_US\" \/>\n<meta property=\"og:type\" content=\"article\" \/>\n<meta property=\"og:title\" content=\"Marcelo D2 - Cru\u00eflla Talks 2019. July 6th in Barcelona.\" \/>\n<meta property=\"og:description\" content=\"Rapper Marcelo D2 comes to Cru\u00eflla Talks 2019 to talk about the far right in Brazil. July 6th at the Museu de Ci\u00e8ncies Naturals in Barcelona.\" \/>\n<meta property=\"og:url\" content=\"https:\/\/www.cruillabarcelona.cat\/en\/artists\/marcelo-d2-talks\/\" \/>\n<meta property=\"og:site_name\" content=\"Festival Cru\u00eflla\" \/>\n<meta property=\"article:modified_time\" content=\"2019-06-07T08:34:47+00:00\" \/>\n<meta property=\"og:image\" content=\"https:\/\/www.cruillabarcelona.cat\/wp-content\/uploads\/2019\/06\/4_Marcelo_D2.jpg\" \/>\n\t<meta property=\"og:image:width\" content=\"1200\" \/>\n\t<meta property=\"og:image:height\" content=\"1200\" \/>\n\t<meta property=\"og:image:type\" content=\"image\/jpeg\" \/>\n<meta name=\"twitter:card\" content=\"summary_large_image\" \/>\n<meta name=\"twitter:label1\" content=\"Est. reading time\" \/>\n\t<meta name=\"twitter:data1\" content=\"1 minute\" \/>\n<script type=\"application\/ld+json\" class=\"yoast-schema-graph\">{\"@context\":\"https:\\\/\\\/schema.org\",\"@graph\":[{\"@type\":\"WebPage\",\"@id\":\"https:\\\/\\\/www.cruillabarcelona.cat\\\/en\\\/artists\\\/marcelo-d2-talks\\\/\",\"url\":\"https:\\\/\\\/www.cruillabarcelona.cat\\\/en\\\/artists\\\/marcelo-d2-talks\\\/\",\"name\":\"Marcelo D2 - Cru\u00eflla Talks 2019. July 6th in Barcelona.\",\"isPartOf\":{\"@id\":\"https:\\\/\\\/www.cruillabarcelona.cat\\\/en\\\/#website\"},\"primaryImageOfPage\":{\"@id\":\"https:\\\/\\\/www.cruillabarcelona.cat\\\/en\\\/artists\\\/marcelo-d2-talks\\\/#primaryimage\"},\"image\":{\"@id\":\"https:\\\/\\\/www.cruillabarcelona.cat\\\/en\\\/artists\\\/marcelo-d2-talks\\\/#primaryimage\"},\"thumbnailUrl\":\"https:\\\/\\\/www.cruillabarcelona.cat\\\/wp-content\\\/uploads\\\/2019\\\/06\\\/4_Marcelo_D2.jpg\",\"datePublished\":\"2019-06-06T09:55:26+00:00\",\"dateModified\":\"2019-06-07T08:34:47+00:00\",\"description\":\"Rapper Marcelo D2 comes to Cru\u00eflla Talks 2019 to talk about the far right in Brazil. July 6th at the Museu de Ci\u00e8ncies Naturals in Barcelona.\",\"breadcrumb\":{\"@id\":\"https:\\\/\\\/www.cruillabarcelona.cat\\\/en\\\/artists\\\/marcelo-d2-talks\\\/#breadcrumb\"},\"inLanguage\":\"en-US\",\"potentialAction\":[{\"@type\":\"ReadAction\",\"target\":[\"https:\\\/\\\/www.cruillabarcelona.cat\\\/en\\\/artists\\\/marcelo-d2-talks\\\/\"]}]},{\"@type\":\"ImageObject\",\"inLanguage\":\"en-US\",\"@id\":\"https:\\\/\\\/www.cruillabarcelona.cat\\\/en\\\/artists\\\/marcelo-d2-talks\\\/#primaryimage\",\"url\":\"https:\\\/\\\/www.cruillabarcelona.cat\\\/wp-content\\\/uploads\\\/2019\\\/06\\\/4_Marcelo_D2.jpg\",\"contentUrl\":\"https:\\\/\\\/www.cruillabarcelona.cat\\\/wp-content\\\/uploads\\\/2019\\\/06\\\/4_Marcelo_D2.jpg\",\"width\":1200,\"height\":1200},{\"@type\":\"BreadcrumbList\",\"@id\":\"https:\\\/\\\/www.cruillabarcelona.cat\\\/en\\\/artists\\\/marcelo-d2-talks\\\/#breadcrumb\",\"itemListElement\":[{\"@type\":\"ListItem\",\"position\":1,\"name\":\"Home\",\"item\":\"https:\\\/\\\/www.cruillabarcelona.cat\\\/en\\\/\"},{\"@type\":\"ListItem\",\"position\":2,\"name\":\"Marcelo D2\"}]},{\"@type\":\"WebSite\",\"@id\":\"https:\\\/\\\/www.cruillabarcelona.cat\\\/en\\\/#website\",\"url\":\"https:\\\/\\\/www.cruillabarcelona.cat\\\/en\\\/\",\"name\":\"Festival Cru\u00eflla\",\"description\":\"\",\"publisher\":{\"@id\":\"https:\\\/\\\/www.cruillabarcelona.cat\\\/en\\\/#organization\"},\"potentialAction\":[{\"@type\":\"SearchAction\",\"target\":{\"@type\":\"EntryPoint\",\"urlTemplate\":\"https:\\\/\\\/www.cruillabarcelona.cat\\\/en\\\/?s={search_term_string}\"},\"query-input\":{\"@type\":\"PropertyValueSpecification\",\"valueRequired\":true,\"valueName\":\"search_term_string\"}}],\"inLanguage\":\"en-US\"},{\"@type\":\"Organization\",\"@id\":\"https:\\\/\\\/www.cruillabarcelona.cat\\\/en\\\/#organization\",\"name\":\"Festival Cru\u00eflla\",\"url\":\"https:\\\/\\\/www.cruillabarcelona.cat\\\/en\\\/\",\"logo\":{\"@type\":\"ImageObject\",\"inLanguage\":\"en-US\",\"@id\":\"https:\\\/\\\/www.cruillabarcelona.cat\\\/en\\\/#\\\/schema\\\/logo\\\/image\\\/\",\"url\":\"https:\\\/\\\/www.cruillabarcelona.cat\\\/wp-content\\\/uploads\\\/2025\\\/12\\\/cruill-logo-negativo.png\",\"contentUrl\":\"https:\\\/\\\/www.cruillabarcelona.cat\\\/wp-content\\\/uploads\\\/2025\\\/12\\\/cruill-logo-negativo.png\",\"width\":400,\"height\":101,\"caption\":\"Festival Cru\u00eflla\"},\"image\":{\"@id\":\"https:\\\/\\\/www.cruillabarcelona.cat\\\/en\\\/#\\\/schema\\\/logo\\\/image\\\/\"}}]}<\/script>\n<!-- \/ Yoast SEO plugin. -->","yoast_head_json":{"title":"Marcelo D2 - Cru\u00eflla Talks 2019. July 6th in Barcelona.","description":"Rapper Marcelo D2 comes to Cru\u00eflla Talks 2019 to talk about the far right in Brazil. July 6th at the Museu de Ci\u00e8ncies Naturals in Barcelona.","robots":{"index":"index","follow":"follow","max-snippet":"max-snippet:-1","max-image-preview":"max-image-preview:large","max-video-preview":"max-video-preview:-1"},"canonical":"https:\/\/www.cruillabarcelona.cat\/en\/artists\/marcelo-d2-talks\/","og_locale":"en_US","og_type":"article","og_title":"Marcelo D2 - Cru\u00eflla Talks 2019. July 6th in Barcelona.","og_description":"Rapper Marcelo D2 comes to Cru\u00eflla Talks 2019 to talk about the far right in Brazil. July 6th at the Museu de Ci\u00e8ncies Naturals in Barcelona.","og_url":"https:\/\/www.cruillabarcelona.cat\/en\/artists\/marcelo-d2-talks\/","og_site_name":"Festival Cru\u00eflla","article_modified_time":"2019-06-07T08:34:47+00:00","og_image":[{"width":1200,"height":1200,"url":"https:\/\/www.cruillabarcelona.cat\/wp-content\/uploads\/2019\/06\/4_Marcelo_D2.jpg","type":"image\/jpeg"}],"twitter_card":"summary_large_image","twitter_misc":{"Est. reading time":"1 minute"},"schema":{"@context":"https:\/\/schema.org","@graph":[{"@type":"WebPage","@id":"https:\/\/www.cruillabarcelona.cat\/en\/artists\/marcelo-d2-talks\/","url":"https:\/\/www.cruillabarcelona.cat\/en\/artists\/marcelo-d2-talks\/","name":"Marcelo D2 - Cru\u00eflla Talks 2019. July 6th in Barcelona.","isPartOf":{"@id":"https:\/\/www.cruillabarcelona.cat\/en\/#website"},"primaryImageOfPage":{"@id":"https:\/\/www.cruillabarcelona.cat\/en\/artists\/marcelo-d2-talks\/#primaryimage"},"image":{"@id":"https:\/\/www.cruillabarcelona.cat\/en\/artists\/marcelo-d2-talks\/#primaryimage"},"thumbnailUrl":"https:\/\/www.cruillabarcelona.cat\/wp-content\/uploads\/2019\/06\/4_Marcelo_D2.jpg","datePublished":"2019-06-06T09:55:26+00:00","dateModified":"2019-06-07T08:34:47+00:00","description":"Rapper Marcelo D2 comes to Cru\u00eflla Talks 2019 to talk about the far right in Brazil. July 6th at the Museu de Ci\u00e8ncies Naturals in Barcelona.","breadcrumb":{"@id":"https:\/\/www.cruillabarcelona.cat\/en\/artists\/marcelo-d2-talks\/#breadcrumb"},"inLanguage":"en-US","potentialAction":[{"@type":"ReadAction","target":["https:\/\/www.cruillabarcelona.cat\/en\/artists\/marcelo-d2-talks\/"]}]},{"@type":"ImageObject","inLanguage":"en-US","@id":"https:\/\/www.cruillabarcelona.cat\/en\/artists\/marcelo-d2-talks\/#primaryimage","url":"https:\/\/www.cruillabarcelona.cat\/wp-content\/uploads\/2019\/06\/4_Marcelo_D2.jpg","contentUrl":"https:\/\/www.cruillabarcelona.cat\/wp-content\/uploads\/2019\/06\/4_Marcelo_D2.jpg","width":1200,"height":1200},{"@type":"BreadcrumbList","@id":"https:\/\/www.cruillabarcelona.cat\/en\/artists\/marcelo-d2-talks\/#breadcrumb","itemListElement":[{"@type":"ListItem","position":1,"name":"Home","item":"https:\/\/www.cruillabarcelona.cat\/en\/"},{"@type":"ListItem","position":2,"name":"Marcelo D2"}]},{"@type":"WebSite","@id":"https:\/\/www.cruillabarcelona.cat\/en\/#website","url":"https:\/\/www.cruillabarcelona.cat\/en\/","name":"Festival Cru\u00eflla","description":"","publisher":{"@id":"https:\/\/www.cruillabarcelona.cat\/en\/#organization"},"potentialAction":[{"@type":"SearchAction","target":{"@type":"EntryPoint","urlTemplate":"https:\/\/www.cruillabarcelona.cat\/en\/?s={search_term_string}"},"query-input":{"@type":"PropertyValueSpecification","valueRequired":true,"valueName":"search_term_string"}}],"inLanguage":"en-US"},{"@type":"Organization","@id":"https:\/\/www.cruillabarcelona.cat\/en\/#organization","name":"Festival Cru\u00eflla","url":"https:\/\/www.cruillabarcelona.cat\/en\/","logo":{"@type":"ImageObject","inLanguage":"en-US","@id":"https:\/\/www.cruillabarcelona.cat\/en\/#\/schema\/logo\/image\/","url":"https:\/\/www.cruillabarcelona.cat\/wp-content\/uploads\/2025\/12\/cruill-logo-negativo.png","contentUrl":"https:\/\/www.cruillabarcelona.cat\/wp-content\/uploads\/2025\/12\/cruill-logo-negativo.png","width":400,"height":101,"caption":"Festival Cru\u00eflla"},"image":{"@id":"https:\/\/www.cruillabarcelona.cat\/en\/#\/schema\/logo\/image\/"}}]}},"_links":{"self":[{"href":"https:\/\/www.cruillabarcelona.cat\/en\/wp-json\/wp\/v2\/artists\/25542","targetHints":{"allow":["GET"]}}],"collection":[{"href":"https:\/\/www.cruillabarcelona.cat\/en\/wp-json\/wp\/v2\/artists"}],"about":[{"href":"https:\/\/www.cruillabarcelona.cat\/en\/wp-json\/wp\/v2\/types\/artists"}],"acf:term":[{"embeddable":true,"taxonomy":"artists_location","href":"https:\/\/www.cruillabarcelona.cat\/en\/wp-json\/wp\/v2\/artists_location\/775"},{"embeddable":true,"taxonomy":"artists_edition","href":"https:\/\/www.cruillabarcelona.cat\/en\/wp-json\/wp\/v2\/artists_edition\/774"}],"wp:featuredmedia":[{"embeddable":true,"href":"https:\/\/www.cruillabarcelona.cat\/en\/wp-json\/wp\/v2\/media\/25499"}],"wp:attachment":[{"href":"https:\/\/www.cruillabarcelona.cat\/en\/wp-json\/wp\/v2\/media?parent=25542"}],"wp:term":[{"taxonomy":"artists_edition","embeddable":true,"href":"https:\/\/www.cruillabarcelona.cat\/en\/wp-json\/wp\/v2\/artists_edition?post=25542"}],"curies":[{"name":"wp","href":"https:\/\/api.w.org\/{rel}","templated":true}]}}