{"id":25558,"date":"2019-06-06T15:50:45","date_gmt":"2019-06-06T13:50:45","guid":{"rendered":"https:\/\/www.cruillabarcelona.cat\/?post_type=artists&#038;p=25558"},"modified":"2019-06-17T19:17:28","modified_gmt":"2019-06-17T17:17:28","slug":"riba-rossy-paula-bonet","status":"publish","type":"artists","link":"https:\/\/www.cruillabarcelona.cat\/en\/artists\/riba-rossy-paula-bonet\/","title":{"rendered":"Riba Rossy + Paula Bonet"},"content":{"rendered":"<h2>Against posing, two thoughtful voices on social media<\/h2>\n<p><strong>Two illustrators<\/strong> with one purpose: <strong>get rid of fear and social barriers<\/strong>. Through their drawings, they turned painting in the strongest weapon to fight for women rights. And, on July 4th, they will talk about using art with social purposes at <strong>Cru\u00efllla Talks<\/strong>.<\/p>\n<h3>Raquel Riba Rossy<\/h3>\n<p>She is the creator of one of the most iconic feminist characters in Spain: <strong>Lola Vendetta<\/strong>. A rebel and non-conformist female comic character who talks about <strong>delicate topics such as period, romantic love, toxic relationships and maternity<\/strong>.<\/p>\n<p>The main purpose of Raquel Riba Rossy is <strong>questioning all those habits imposed by society<\/strong>. She wants to <strong>end the invisibility of women<\/strong>, break the female social chains.<\/p>\n<p>And to do so, she talks about<strong> her own story<\/strong>. She digs deep into her own scars and analyzes her own experiences. From the bullying situations that she witnessed to her experience as a congress hostess. <strong>Everything is a source of inspiration<\/strong>.<\/p>\n<h3>Paula Bonet<\/h3>\n<p><strong>&#8220;I don&#8217;t believe in the art uncommitted with the social context&#8221;<\/strong>. With these words, Paula Bonet sums up perfectly her artistic career.<\/p>\n<p>She is<strong> an illustrator and a writer<\/strong> and her work <strong>distils reality<\/strong>: it&#8217;s human, it&#8217;s homely and it doesn&#8217;t worry about political correctness. It&#8217;s easy to get related with her art because she explores life without taboos.<\/p>\n<p>In fact, her last illustrated book,\u00a0<strong><em>Roedores<\/em><\/strong>, breaks the <strong>taboo of spontaneous abortion<\/strong> as a tribute to her two unborn children. This experience made her change her usual work method: instead of making an &#8220;intellectual and bibliographic research&#8221; to theorize about her art, she focused on her own life.<\/p>\n<ul>\n<li>Talk between <strong>Raquel Riba Rossy<\/strong> y\u00a0<strong>Paula Bonet<\/strong>.<\/li>\n<li><b>Time and place<\/b>: Thursday July 4th at 7PM, at Centre d&#8217;Arts Santa M\u00f2nica.<\/li>\n<li><strong>Duration<\/strong>: 60 minutes + viewers&#8217; questions.<\/li>\n<li><strong>Ticket price<\/strong>: 2\u20ac donation to the NGO Proactiva Open Arms.<\/li>\n<\/ul>\n<p style=\"text-align: center;\"><a class=\"efsbutton button \" target=\"_blank\">TICKETS<\/a><\/p>\n","protected":false},"featured_media":25504,"template":"","meta":{"_acf_changed":false},"artists_edition":[774],"class_list":["post-25558","artists","type-artists","status-publish","has-post-thumbnail","hentry","artists_location-arts-santa-monica","artists_edition-2019-talks"],"acf":{"_thumbnail_id":25504,"youtube_player":"","artist_edition":[774],"artist_date":"20190704","artist_time":"19:00:00","artist_time_2":"","artist_location":[777],"artist_ticket_url":"https:\/\/cruillatalks.seetickets.com\/event\/cru-lla-talks-raquel-riba-rossy-paula-bonet\/centre-d-arts-santa-m-nica\/1391140?direct=true","artist_ticket_status":"","artist_extra_date__show":false,"artist_extra_date_2":null,"artist_time_of_date2":"","artist_extra_date_3":null,"artist_time_of_date3":"","artist_extra_date_4":null,"artist_time_of_date4":"","artist_extra_date_5":null,"artist_time_of_date5":"","artist_date__show_month":true,"artist_sidebar_active":false,"show_in_agenda":false,"artist_sidebar__banner_img":null,"artist_sidebar__banner_link":"","artist_hero_content":"Illustrators","artist_style":false,"artist_nationality":false,"artist_audience_age":false},"yoast_head":"<!-- This site is optimized with the Yoast SEO plugin v27.5 - https:\/\/yoast.com\/product\/yoast-seo-wordpress\/ -->\n<title>Raquel Riba Rossy and Paula Bonet - Cru\u00eflla Talks 2019. July 4, Barcelona<\/title>\n<meta name=\"description\" content=\"Illustrators Raquel Riba Rossy and Paula Bonet join Cru\u00eflla Talks 2019. July 4th at Centre d&#039;Arts Santa M\u00f2nica in Barcelona.\" \/>\n<meta name=\"robots\" content=\"index, follow, max-snippet:-1, max-image-preview:large, max-video-preview:-1\" \/>\n<link rel=\"canonical\" href=\"https:\/\/www.cruillabarcelona.cat\/en\/artists\/riba-rossy-paula-bonet\/\" \/>\n<meta property=\"og:locale\" content=\"en_US\" \/>\n<meta property=\"og:type\" content=\"article\" \/>\n<meta property=\"og:title\" content=\"Raquel Riba Rossy and Paula Bonet - Cru\u00eflla Talks 2019. July 4, Barcelona\" \/>\n<meta property=\"og:description\" content=\"Illustrators Raquel Riba Rossy and Paula Bonet join Cru\u00eflla Talks 2019. July 4th at Centre d&#039;Arts Santa M\u00f2nica in Barcelona.\" \/>\n<meta property=\"og:url\" content=\"https:\/\/www.cruillabarcelona.cat\/en\/artists\/riba-rossy-paula-bonet\/\" \/>\n<meta property=\"og:site_name\" content=\"Festival Cru\u00eflla\" \/>\n<meta property=\"article:modified_time\" content=\"2019-06-17T17:17:28+00:00\" \/>\n<meta property=\"og:image\" content=\"https:\/\/www.cruillabarcelona.cat\/wp-content\/uploads\/2019\/06\/3_Raquel_Paula.jpg\" \/>\n\t<meta property=\"og:image:width\" content=\"1200\" \/>\n\t<meta property=\"og:image:height\" content=\"1200\" \/>\n\t<meta property=\"og:image:type\" content=\"image\/jpeg\" \/>\n<meta name=\"twitter:card\" content=\"summary_large_image\" \/>\n<meta name=\"twitter:label1\" content=\"Est. reading time\" \/>\n\t<meta name=\"twitter:data1\" content=\"2 minutes\" \/>\n<script type=\"application\/ld+json\" class=\"yoast-schema-graph\">{\"@context\":\"https:\\\/\\\/schema.org\",\"@graph\":[{\"@type\":\"WebPage\",\"@id\":\"https:\\\/\\\/www.cruillabarcelona.cat\\\/en\\\/artists\\\/riba-rossy-paula-bonet\\\/\",\"url\":\"https:\\\/\\\/www.cruillabarcelona.cat\\\/en\\\/artists\\\/riba-rossy-paula-bonet\\\/\",\"name\":\"Raquel Riba Rossy and Paula Bonet - Cru\u00eflla Talks 2019. July 4, Barcelona\",\"isPartOf\":{\"@id\":\"https:\\\/\\\/www.cruillabarcelona.cat\\\/en\\\/#website\"},\"primaryImageOfPage\":{\"@id\":\"https:\\\/\\\/www.cruillabarcelona.cat\\\/en\\\/artists\\\/riba-rossy-paula-bonet\\\/#primaryimage\"},\"image\":{\"@id\":\"https:\\\/\\\/www.cruillabarcelona.cat\\\/en\\\/artists\\\/riba-rossy-paula-bonet\\\/#primaryimage\"},\"thumbnailUrl\":\"https:\\\/\\\/www.cruillabarcelona.cat\\\/wp-content\\\/uploads\\\/2019\\\/06\\\/3_Raquel_Paula.jpg\",\"datePublished\":\"2019-06-06T13:50:45+00:00\",\"dateModified\":\"2019-06-17T17:17:28+00:00\",\"description\":\"Illustrators Raquel Riba Rossy and Paula Bonet join Cru\u00eflla Talks 2019. July 4th at Centre d'Arts Santa M\u00f2nica in Barcelona.\",\"breadcrumb\":{\"@id\":\"https:\\\/\\\/www.cruillabarcelona.cat\\\/en\\\/artists\\\/riba-rossy-paula-bonet\\\/#breadcrumb\"},\"inLanguage\":\"en-US\",\"potentialAction\":[{\"@type\":\"ReadAction\",\"target\":[\"https:\\\/\\\/www.cruillabarcelona.cat\\\/en\\\/artists\\\/riba-rossy-paula-bonet\\\/\"]}]},{\"@type\":\"ImageObject\",\"inLanguage\":\"en-US\",\"@id\":\"https:\\\/\\\/www.cruillabarcelona.cat\\\/en\\\/artists\\\/riba-rossy-paula-bonet\\\/#primaryimage\",\"url\":\"https:\\\/\\\/www.cruillabarcelona.cat\\\/wp-content\\\/uploads\\\/2019\\\/06\\\/3_Raquel_Paula.jpg\",\"contentUrl\":\"https:\\\/\\\/www.cruillabarcelona.cat\\\/wp-content\\\/uploads\\\/2019\\\/06\\\/3_Raquel_Paula.jpg\",\"width\":1200,\"height\":1200},{\"@type\":\"BreadcrumbList\",\"@id\":\"https:\\\/\\\/www.cruillabarcelona.cat\\\/en\\\/artists\\\/riba-rossy-paula-bonet\\\/#breadcrumb\",\"itemListElement\":[{\"@type\":\"ListItem\",\"position\":1,\"name\":\"Home\",\"item\":\"https:\\\/\\\/www.cruillabarcelona.cat\\\/en\\\/\"},{\"@type\":\"ListItem\",\"position\":2,\"name\":\"Riba Rossy + Paula Bonet\"}]},{\"@type\":\"WebSite\",\"@id\":\"https:\\\/\\\/www.cruillabarcelona.cat\\\/en\\\/#website\",\"url\":\"https:\\\/\\\/www.cruillabarcelona.cat\\\/en\\\/\",\"name\":\"Festival Cru\u00eflla\",\"description\":\"\",\"publisher\":{\"@id\":\"https:\\\/\\\/www.cruillabarcelona.cat\\\/en\\\/#organization\"},\"potentialAction\":[{\"@type\":\"SearchAction\",\"target\":{\"@type\":\"EntryPoint\",\"urlTemplate\":\"https:\\\/\\\/www.cruillabarcelona.cat\\\/en\\\/?s={search_term_string}\"},\"query-input\":{\"@type\":\"PropertyValueSpecification\",\"valueRequired\":true,\"valueName\":\"search_term_string\"}}],\"inLanguage\":\"en-US\"},{\"@type\":\"Organization\",\"@id\":\"https:\\\/\\\/www.cruillabarcelona.cat\\\/en\\\/#organization\",\"name\":\"Festival Cru\u00eflla\",\"url\":\"https:\\\/\\\/www.cruillabarcelona.cat\\\/en\\\/\",\"logo\":{\"@type\":\"ImageObject\",\"inLanguage\":\"en-US\",\"@id\":\"https:\\\/\\\/www.cruillabarcelona.cat\\\/en\\\/#\\\/schema\\\/logo\\\/image\\\/\",\"url\":\"https:\\\/\\\/www.cruillabarcelona.cat\\\/wp-content\\\/uploads\\\/2025\\\/12\\\/cruill-logo-negativo.png\",\"contentUrl\":\"https:\\\/\\\/www.cruillabarcelona.cat\\\/wp-content\\\/uploads\\\/2025\\\/12\\\/cruill-logo-negativo.png\",\"width\":400,\"height\":101,\"caption\":\"Festival Cru\u00eflla\"},\"image\":{\"@id\":\"https:\\\/\\\/www.cruillabarcelona.cat\\\/en\\\/#\\\/schema\\\/logo\\\/image\\\/\"}}]}<\/script>\n<!-- \/ Yoast SEO plugin. -->","yoast_head_json":{"title":"Raquel Riba Rossy and Paula Bonet - Cru\u00eflla Talks 2019. July 4, Barcelona","description":"Illustrators Raquel Riba Rossy and Paula Bonet join Cru\u00eflla Talks 2019. July 4th at Centre d'Arts Santa M\u00f2nica in Barcelona.","robots":{"index":"index","follow":"follow","max-snippet":"max-snippet:-1","max-image-preview":"max-image-preview:large","max-video-preview":"max-video-preview:-1"},"canonical":"https:\/\/www.cruillabarcelona.cat\/en\/artists\/riba-rossy-paula-bonet\/","og_locale":"en_US","og_type":"article","og_title":"Raquel Riba Rossy and Paula Bonet - Cru\u00eflla Talks 2019. July 4, Barcelona","og_description":"Illustrators Raquel Riba Rossy and Paula Bonet join Cru\u00eflla Talks 2019. July 4th at Centre d'Arts Santa M\u00f2nica in Barcelona.","og_url":"https:\/\/www.cruillabarcelona.cat\/en\/artists\/riba-rossy-paula-bonet\/","og_site_name":"Festival Cru\u00eflla","article_modified_time":"2019-06-17T17:17:28+00:00","og_image":[{"width":1200,"height":1200,"url":"https:\/\/www.cruillabarcelona.cat\/wp-content\/uploads\/2019\/06\/3_Raquel_Paula.jpg","type":"image\/jpeg"}],"twitter_card":"summary_large_image","twitter_misc":{"Est. reading time":"2 minutes"},"schema":{"@context":"https:\/\/schema.org","@graph":[{"@type":"WebPage","@id":"https:\/\/www.cruillabarcelona.cat\/en\/artists\/riba-rossy-paula-bonet\/","url":"https:\/\/www.cruillabarcelona.cat\/en\/artists\/riba-rossy-paula-bonet\/","name":"Raquel Riba Rossy and Paula Bonet - Cru\u00eflla Talks 2019. July 4, Barcelona","isPartOf":{"@id":"https:\/\/www.cruillabarcelona.cat\/en\/#website"},"primaryImageOfPage":{"@id":"https:\/\/www.cruillabarcelona.cat\/en\/artists\/riba-rossy-paula-bonet\/#primaryimage"},"image":{"@id":"https:\/\/www.cruillabarcelona.cat\/en\/artists\/riba-rossy-paula-bonet\/#primaryimage"},"thumbnailUrl":"https:\/\/www.cruillabarcelona.cat\/wp-content\/uploads\/2019\/06\/3_Raquel_Paula.jpg","datePublished":"2019-06-06T13:50:45+00:00","dateModified":"2019-06-17T17:17:28+00:00","description":"Illustrators Raquel Riba Rossy and Paula Bonet join Cru\u00eflla Talks 2019. July 4th at Centre d'Arts Santa M\u00f2nica in Barcelona.","breadcrumb":{"@id":"https:\/\/www.cruillabarcelona.cat\/en\/artists\/riba-rossy-paula-bonet\/#breadcrumb"},"inLanguage":"en-US","potentialAction":[{"@type":"ReadAction","target":["https:\/\/www.cruillabarcelona.cat\/en\/artists\/riba-rossy-paula-bonet\/"]}]},{"@type":"ImageObject","inLanguage":"en-US","@id":"https:\/\/www.cruillabarcelona.cat\/en\/artists\/riba-rossy-paula-bonet\/#primaryimage","url":"https:\/\/www.cruillabarcelona.cat\/wp-content\/uploads\/2019\/06\/3_Raquel_Paula.jpg","contentUrl":"https:\/\/www.cruillabarcelona.cat\/wp-content\/uploads\/2019\/06\/3_Raquel_Paula.jpg","width":1200,"height":1200},{"@type":"BreadcrumbList","@id":"https:\/\/www.cruillabarcelona.cat\/en\/artists\/riba-rossy-paula-bonet\/#breadcrumb","itemListElement":[{"@type":"ListItem","position":1,"name":"Home","item":"https:\/\/www.cruillabarcelona.cat\/en\/"},{"@type":"ListItem","position":2,"name":"Riba Rossy + Paula Bonet"}]},{"@type":"WebSite","@id":"https:\/\/www.cruillabarcelona.cat\/en\/#website","url":"https:\/\/www.cruillabarcelona.cat\/en\/","name":"Festival Cru\u00eflla","description":"","publisher":{"@id":"https:\/\/www.cruillabarcelona.cat\/en\/#organization"},"potentialAction":[{"@type":"SearchAction","target":{"@type":"EntryPoint","urlTemplate":"https:\/\/www.cruillabarcelona.cat\/en\/?s={search_term_string}"},"query-input":{"@type":"PropertyValueSpecification","valueRequired":true,"valueName":"search_term_string"}}],"inLanguage":"en-US"},{"@type":"Organization","@id":"https:\/\/www.cruillabarcelona.cat\/en\/#organization","name":"Festival Cru\u00eflla","url":"https:\/\/www.cruillabarcelona.cat\/en\/","logo":{"@type":"ImageObject","inLanguage":"en-US","@id":"https:\/\/www.cruillabarcelona.cat\/en\/#\/schema\/logo\/image\/","url":"https:\/\/www.cruillabarcelona.cat\/wp-content\/uploads\/2025\/12\/cruill-logo-negativo.png","contentUrl":"https:\/\/www.cruillabarcelona.cat\/wp-content\/uploads\/2025\/12\/cruill-logo-negativo.png","width":400,"height":101,"caption":"Festival Cru\u00eflla"},"image":{"@id":"https:\/\/www.cruillabarcelona.cat\/en\/#\/schema\/logo\/image\/"}}]}},"_links":{"self":[{"href":"https:\/\/www.cruillabarcelona.cat\/en\/wp-json\/wp\/v2\/artists\/25558","targetHints":{"allow":["GET"]}}],"collection":[{"href":"https:\/\/www.cruillabarcelona.cat\/en\/wp-json\/wp\/v2\/artists"}],"about":[{"href":"https:\/\/www.cruillabarcelona.cat\/en\/wp-json\/wp\/v2\/types\/artists"}],"acf:term":[{"embeddable":true,"taxonomy":"artists_location","href":"https:\/\/www.cruillabarcelona.cat\/en\/wp-json\/wp\/v2\/artists_location\/777"},{"embeddable":true,"taxonomy":"artists_edition","href":"https:\/\/www.cruillabarcelona.cat\/en\/wp-json\/wp\/v2\/artists_edition\/774"}],"wp:featuredmedia":[{"embeddable":true,"href":"https:\/\/www.cruillabarcelona.cat\/en\/wp-json\/wp\/v2\/media\/25504"}],"wp:attachment":[{"href":"https:\/\/www.cruillabarcelona.cat\/en\/wp-json\/wp\/v2\/media?parent=25558"}],"wp:term":[{"taxonomy":"artists_edition","embeddable":true,"href":"https:\/\/www.cruillabarcelona.cat\/en\/wp-json\/wp\/v2\/artists_edition?post=25558"}],"curies":[{"name":"wp","href":"https:\/\/api.w.org\/{rel}","templated":true}]}}