{"id":26729,"date":"2019-07-11T16:42:19","date_gmt":"2019-07-11T14:42:19","guid":{"rendered":"https:\/\/www.cruillabarcelona.cat\/?post_type=artists&#038;p=26729"},"modified":"2021-06-15T12:47:23","modified_gmt":"2021-06-15T10:47:23","slug":"manel","status":"publish","type":"artists","link":"https:\/\/www.cruillabarcelona.cat\/en\/artists\/manel\/","title":{"rendered":"Manel"},"content":{"rendered":"<h2 style=\"text-align: center;\">Manel at Cru\u00eflla Festival!<\/h2>\n<p>They are one of the best-known bands in Catalonia. One of those groups that everybody has listened. With five wonderful albums already published, <strong>Manel<\/strong> has earned an <strong>honourable spot among the artists who sing in Catalan<\/strong>.<\/p>\n<p>Their international success have forced them to abandon their mother tongue. They have proven that <strong>good music is above borders or idiomatic barriers<\/strong>: they are the one and only artists in history to have entered at the top of Spanish charts with three consecutive albums singed in Catalan language.<\/p>\n<p>Moreover, they have carried their music <strong>across the globe<\/strong> with concerts at USA, Argentina, France, Great Britain, Ireland, Luxembourg, Switzerland and Germany. And, on <strong>July 9th<\/strong>, they will land at <strong>Cru\u00eflla Festival <\/strong>to introduce their fifth album. Their latest record is the first one published under <strong>their own record label: Cer\u00e0miques Guzm\u00e1n<\/strong>. And they will try to surpass the success of their previous album:\u00a0<em>Jo competeixo<\/em>.<\/p>\n<p>We are sure that <strong>their personal style, with folk and electronic vibes,<\/strong> will make us fall in love again with their music at <strong>Parc del F\u00f2rum<\/strong>.<\/p>\n<!-- auto-added video if acf\/single-artist-video not used  --> <iframe style=\"width: 100%;max-width: 100%;height: auto;aspect-ratio: 16 \/ 9;\" src=\"https:\/\/www.youtube-nocookie.com\/embed\/zhyfs0WR60c\" frameborder=\"0\" allow=\"accelerometer; autoplay; encrypted-media; gyroscope; picture-in-picture\" allowfullscreen><\/iframe>","protected":false},"featured_media":35464,"template":"","meta":{"_acf_changed":false},"artists_edition":[794],"class_list":["post-26729","artists","type-artists","status-publish","has-post-thumbnail","hentry","artists_location-cruilla-enamora","artists_edition-794"],"acf":{"_thumbnail_id":35464,"youtube_player":"zhyfs0WR60c","artist_edition":[794],"artist_date":"20210709","artist_time":"01:15","artist_time_2":"","artist_location":[590],"artist_ticket_url":"https:\/\/www.cruillabarcelona.cat\/en\/tickets","artist_ticket_status":"","artist_extra_date__show":false,"artist_extra_date_2":null,"artist_time_of_date2":"","artist_extra_date_3":null,"artist_time_of_date3":"","artist_extra_date_4":null,"artist_time_of_date4":"","artist_extra_date_5":null,"artist_time_of_date5":"","artist_date__show_month":true,"artist_sidebar_active":false,"show_in_agenda":false,"artist_sidebar__banner_img":null,"artist_sidebar__banner_link":"","artist_hero_content":"Cru\u00eflla de Tardor","artist_style":false,"artist_nationality":false,"artist_audience_age":false},"yoast_head":"<!-- This site is optimized with the Yoast SEO plugin v27.5 - https:\/\/yoast.com\/product\/yoast-seo-wordpress\/ -->\n<title>Manel live in Parc del F\u00f2rum Barcelona, Cru\u00eflla Festival 2021<\/title>\n<meta name=\"description\" content=\"Buy tickets for Manel concert in Barcelona, Cru\u00eflla Festival 2021 at Parc del F\u00f2rum. Manel live! Tickets are aviable\" \/>\n<meta name=\"robots\" content=\"index, follow, max-snippet:-1, max-image-preview:large, max-video-preview:-1\" \/>\n<link rel=\"canonical\" href=\"https:\/\/www.cruillabarcelona.cat\/en\/artists\/manel\/\" \/>\n<meta property=\"og:locale\" content=\"en_US\" \/>\n<meta property=\"og:type\" content=\"article\" \/>\n<meta property=\"og:title\" content=\"Manel live in Parc del F\u00f2rum Barcelona, Cru\u00eflla Festival 2021\" \/>\n<meta property=\"og:description\" content=\"Buy tickets for Manel concert in Barcelona, Cru\u00eflla Festival 2021 at Parc del F\u00f2rum. Manel live! Tickets are aviable\" \/>\n<meta property=\"og:url\" content=\"https:\/\/www.cruillabarcelona.cat\/en\/artists\/manel\/\" \/>\n<meta property=\"og:site_name\" content=\"Festival Cru\u00eflla\" \/>\n<meta property=\"article:modified_time\" content=\"2021-06-15T10:47:23+00:00\" \/>\n<meta property=\"og:image\" content=\"https:\/\/www.cruillabarcelona.cat\/wp-content\/uploads\/2019\/07\/4_Manel_1200x1200.jpg\" \/>\n\t<meta property=\"og:image:width\" content=\"1200\" \/>\n\t<meta property=\"og:image:height\" content=\"1200\" \/>\n\t<meta property=\"og:image:type\" content=\"image\/jpeg\" \/>\n<meta name=\"twitter:card\" content=\"summary_large_image\" \/>\n<meta name=\"twitter:label1\" content=\"Est. reading time\" \/>\n\t<meta name=\"twitter:data1\" content=\"1 minute\" \/>\n<script type=\"application\/ld+json\" class=\"yoast-schema-graph\">{\"@context\":\"https:\\\/\\\/schema.org\",\"@graph\":[{\"@type\":\"WebPage\",\"@id\":\"https:\\\/\\\/www.cruillabarcelona.cat\\\/en\\\/artists\\\/manel\\\/\",\"url\":\"https:\\\/\\\/www.cruillabarcelona.cat\\\/en\\\/artists\\\/manel\\\/\",\"name\":\"Manel live in Parc del F\u00f2rum Barcelona, Cru\u00eflla Festival 2021\",\"isPartOf\":{\"@id\":\"https:\\\/\\\/www.cruillabarcelona.cat\\\/en\\\/#website\"},\"primaryImageOfPage\":{\"@id\":\"https:\\\/\\\/www.cruillabarcelona.cat\\\/en\\\/artists\\\/manel\\\/#primaryimage\"},\"image\":{\"@id\":\"https:\\\/\\\/www.cruillabarcelona.cat\\\/en\\\/artists\\\/manel\\\/#primaryimage\"},\"thumbnailUrl\":\"https:\\\/\\\/www.cruillabarcelona.cat\\\/wp-content\\\/uploads\\\/2019\\\/07\\\/4_Manel_1200x1200.jpg\",\"datePublished\":\"2019-07-11T14:42:19+00:00\",\"dateModified\":\"2021-06-15T10:47:23+00:00\",\"description\":\"Buy tickets for Manel concert in Barcelona, Cru\u00eflla Festival 2021 at Parc del F\u00f2rum. Manel live! Tickets are aviable\",\"breadcrumb\":{\"@id\":\"https:\\\/\\\/www.cruillabarcelona.cat\\\/en\\\/artists\\\/manel\\\/#breadcrumb\"},\"inLanguage\":\"en-US\",\"potentialAction\":[{\"@type\":\"ReadAction\",\"target\":[\"https:\\\/\\\/www.cruillabarcelona.cat\\\/en\\\/artists\\\/manel\\\/\"]}]},{\"@type\":\"ImageObject\",\"inLanguage\":\"en-US\",\"@id\":\"https:\\\/\\\/www.cruillabarcelona.cat\\\/en\\\/artists\\\/manel\\\/#primaryimage\",\"url\":\"https:\\\/\\\/www.cruillabarcelona.cat\\\/wp-content\\\/uploads\\\/2019\\\/07\\\/4_Manel_1200x1200.jpg\",\"contentUrl\":\"https:\\\/\\\/www.cruillabarcelona.cat\\\/wp-content\\\/uploads\\\/2019\\\/07\\\/4_Manel_1200x1200.jpg\",\"width\":1200,\"height\":1200,\"caption\":\"Manel_Cru\u00eflla_2021\"},{\"@type\":\"BreadcrumbList\",\"@id\":\"https:\\\/\\\/www.cruillabarcelona.cat\\\/en\\\/artists\\\/manel\\\/#breadcrumb\",\"itemListElement\":[{\"@type\":\"ListItem\",\"position\":1,\"name\":\"Home\",\"item\":\"https:\\\/\\\/www.cruillabarcelona.cat\\\/en\\\/\"},{\"@type\":\"ListItem\",\"position\":2,\"name\":\"Manel\"}]},{\"@type\":\"WebSite\",\"@id\":\"https:\\\/\\\/www.cruillabarcelona.cat\\\/en\\\/#website\",\"url\":\"https:\\\/\\\/www.cruillabarcelona.cat\\\/en\\\/\",\"name\":\"Festival Cru\u00eflla\",\"description\":\"\",\"publisher\":{\"@id\":\"https:\\\/\\\/www.cruillabarcelona.cat\\\/en\\\/#organization\"},\"potentialAction\":[{\"@type\":\"SearchAction\",\"target\":{\"@type\":\"EntryPoint\",\"urlTemplate\":\"https:\\\/\\\/www.cruillabarcelona.cat\\\/en\\\/?s={search_term_string}\"},\"query-input\":{\"@type\":\"PropertyValueSpecification\",\"valueRequired\":true,\"valueName\":\"search_term_string\"}}],\"inLanguage\":\"en-US\"},{\"@type\":\"Organization\",\"@id\":\"https:\\\/\\\/www.cruillabarcelona.cat\\\/en\\\/#organization\",\"name\":\"Festival Cru\u00eflla\",\"url\":\"https:\\\/\\\/www.cruillabarcelona.cat\\\/en\\\/\",\"logo\":{\"@type\":\"ImageObject\",\"inLanguage\":\"en-US\",\"@id\":\"https:\\\/\\\/www.cruillabarcelona.cat\\\/en\\\/#\\\/schema\\\/logo\\\/image\\\/\",\"url\":\"https:\\\/\\\/www.cruillabarcelona.cat\\\/wp-content\\\/uploads\\\/2025\\\/12\\\/cruill-logo-negativo.png\",\"contentUrl\":\"https:\\\/\\\/www.cruillabarcelona.cat\\\/wp-content\\\/uploads\\\/2025\\\/12\\\/cruill-logo-negativo.png\",\"width\":400,\"height\":101,\"caption\":\"Festival Cru\u00eflla\"},\"image\":{\"@id\":\"https:\\\/\\\/www.cruillabarcelona.cat\\\/en\\\/#\\\/schema\\\/logo\\\/image\\\/\"}}]}<\/script>\n<!-- \/ Yoast SEO plugin. -->","yoast_head_json":{"title":"Manel live in Parc del F\u00f2rum Barcelona, Cru\u00eflla Festival 2021","description":"Buy tickets for Manel concert in Barcelona, Cru\u00eflla Festival 2021 at Parc del F\u00f2rum. Manel live! Tickets are aviable","robots":{"index":"index","follow":"follow","max-snippet":"max-snippet:-1","max-image-preview":"max-image-preview:large","max-video-preview":"max-video-preview:-1"},"canonical":"https:\/\/www.cruillabarcelona.cat\/en\/artists\/manel\/","og_locale":"en_US","og_type":"article","og_title":"Manel live in Parc del F\u00f2rum Barcelona, Cru\u00eflla Festival 2021","og_description":"Buy tickets for Manel concert in Barcelona, Cru\u00eflla Festival 2021 at Parc del F\u00f2rum. Manel live! Tickets are aviable","og_url":"https:\/\/www.cruillabarcelona.cat\/en\/artists\/manel\/","og_site_name":"Festival Cru\u00eflla","article_modified_time":"2021-06-15T10:47:23+00:00","og_image":[{"width":1200,"height":1200,"url":"https:\/\/www.cruillabarcelona.cat\/wp-content\/uploads\/2019\/07\/4_Manel_1200x1200.jpg","type":"image\/jpeg"}],"twitter_card":"summary_large_image","twitter_misc":{"Est. reading time":"1 minute"},"schema":{"@context":"https:\/\/schema.org","@graph":[{"@type":"WebPage","@id":"https:\/\/www.cruillabarcelona.cat\/en\/artists\/manel\/","url":"https:\/\/www.cruillabarcelona.cat\/en\/artists\/manel\/","name":"Manel live in Parc del F\u00f2rum Barcelona, Cru\u00eflla Festival 2021","isPartOf":{"@id":"https:\/\/www.cruillabarcelona.cat\/en\/#website"},"primaryImageOfPage":{"@id":"https:\/\/www.cruillabarcelona.cat\/en\/artists\/manel\/#primaryimage"},"image":{"@id":"https:\/\/www.cruillabarcelona.cat\/en\/artists\/manel\/#primaryimage"},"thumbnailUrl":"https:\/\/www.cruillabarcelona.cat\/wp-content\/uploads\/2019\/07\/4_Manel_1200x1200.jpg","datePublished":"2019-07-11T14:42:19+00:00","dateModified":"2021-06-15T10:47:23+00:00","description":"Buy tickets for Manel concert in Barcelona, Cru\u00eflla Festival 2021 at Parc del F\u00f2rum. Manel live! Tickets are aviable","breadcrumb":{"@id":"https:\/\/www.cruillabarcelona.cat\/en\/artists\/manel\/#breadcrumb"},"inLanguage":"en-US","potentialAction":[{"@type":"ReadAction","target":["https:\/\/www.cruillabarcelona.cat\/en\/artists\/manel\/"]}]},{"@type":"ImageObject","inLanguage":"en-US","@id":"https:\/\/www.cruillabarcelona.cat\/en\/artists\/manel\/#primaryimage","url":"https:\/\/www.cruillabarcelona.cat\/wp-content\/uploads\/2019\/07\/4_Manel_1200x1200.jpg","contentUrl":"https:\/\/www.cruillabarcelona.cat\/wp-content\/uploads\/2019\/07\/4_Manel_1200x1200.jpg","width":1200,"height":1200,"caption":"Manel_Cru\u00eflla_2021"},{"@type":"BreadcrumbList","@id":"https:\/\/www.cruillabarcelona.cat\/en\/artists\/manel\/#breadcrumb","itemListElement":[{"@type":"ListItem","position":1,"name":"Home","item":"https:\/\/www.cruillabarcelona.cat\/en\/"},{"@type":"ListItem","position":2,"name":"Manel"}]},{"@type":"WebSite","@id":"https:\/\/www.cruillabarcelona.cat\/en\/#website","url":"https:\/\/www.cruillabarcelona.cat\/en\/","name":"Festival Cru\u00eflla","description":"","publisher":{"@id":"https:\/\/www.cruillabarcelona.cat\/en\/#organization"},"potentialAction":[{"@type":"SearchAction","target":{"@type":"EntryPoint","urlTemplate":"https:\/\/www.cruillabarcelona.cat\/en\/?s={search_term_string}"},"query-input":{"@type":"PropertyValueSpecification","valueRequired":true,"valueName":"search_term_string"}}],"inLanguage":"en-US"},{"@type":"Organization","@id":"https:\/\/www.cruillabarcelona.cat\/en\/#organization","name":"Festival Cru\u00eflla","url":"https:\/\/www.cruillabarcelona.cat\/en\/","logo":{"@type":"ImageObject","inLanguage":"en-US","@id":"https:\/\/www.cruillabarcelona.cat\/en\/#\/schema\/logo\/image\/","url":"https:\/\/www.cruillabarcelona.cat\/wp-content\/uploads\/2025\/12\/cruill-logo-negativo.png","contentUrl":"https:\/\/www.cruillabarcelona.cat\/wp-content\/uploads\/2025\/12\/cruill-logo-negativo.png","width":400,"height":101,"caption":"Festival Cru\u00eflla"},"image":{"@id":"https:\/\/www.cruillabarcelona.cat\/en\/#\/schema\/logo\/image\/"}}]}},"_links":{"self":[{"href":"https:\/\/www.cruillabarcelona.cat\/en\/wp-json\/wp\/v2\/artists\/26729","targetHints":{"allow":["GET"]}}],"collection":[{"href":"https:\/\/www.cruillabarcelona.cat\/en\/wp-json\/wp\/v2\/artists"}],"about":[{"href":"https:\/\/www.cruillabarcelona.cat\/en\/wp-json\/wp\/v2\/types\/artists"}],"acf:term":[{"embeddable":true,"taxonomy":"artists_location","href":"https:\/\/www.cruillabarcelona.cat\/en\/wp-json\/wp\/v2\/artists_location\/590"},{"embeddable":true,"taxonomy":"artists_edition","href":"https:\/\/www.cruillabarcelona.cat\/en\/wp-json\/wp\/v2\/artists_edition\/794"}],"wp:featuredmedia":[{"embeddable":true,"href":"https:\/\/www.cruillabarcelona.cat\/en\/wp-json\/wp\/v2\/media\/35464"}],"wp:attachment":[{"href":"https:\/\/www.cruillabarcelona.cat\/en\/wp-json\/wp\/v2\/media?parent=26729"}],"wp:term":[{"taxonomy":"artists_edition","embeddable":true,"href":"https:\/\/www.cruillabarcelona.cat\/en\/wp-json\/wp\/v2\/artists_edition?post=26729"}],"curies":[{"name":"wp","href":"https:\/\/api.w.org\/{rel}","templated":true}]}}