{"id":41080,"date":"2022-02-16T14:19:16","date_gmt":"2022-02-16T12:19:16","guid":{"rendered":"https:\/\/www.cruillabarcelona.cat\/?post_type=artists&#038;p=41080"},"modified":"2022-07-08T13:19:41","modified_gmt":"2022-07-08T11:19:41","slug":"habla-de-mi-en-presente-2022","status":"publish","type":"artists","link":"https:\/\/www.cruillabarcelona.cat\/en\/artists\/habla-de-mi-en-presente-2022\/","title":{"rendered":"Habla de m\u00ed en presente"},"content":{"rendered":"<h2>Talking about dancing: Habla de m\u00ed en presente at the Cru\u00eflla Festival 2022<\/h2>\n<p><strong>Keep in mind that the Four Roses Stage has limited capacity. If you want to see this artist, please come before the show starts.<\/strong><\/p>\n<p>They were born in Berlin, with the desire to <strong>warm up the bodies<\/strong> of the German capital through music that would make people dance and laugh. 6 musicians from different parts of the world, pooled their talent and let their rumba infuse with the techno that sounded in the corners of the city. And so, between tradition and modernity, <strong>Habla de m\u00ed en presente<\/strong> delighted the souls and made them dance to the rhythm of their <strong>technorumba<\/strong>. The originality of their music, their stage presence and the sincerity of their compositions are what have guaranteed them continued success.<\/p>\n<p>In 2017 they released their first album <em>Rumba del Nord<\/em>, a presentation demo that would be just a small tasting of everything that was to come. An album with songs like <em>Tiempo<\/em> or<em> Bonita<\/em>, a track that they themselves defined as one of the most special.<\/p>\n<p>From Berlin they came to Barcelona, where they began to venture playing in music halls and bars, in front of an audience that understood their lyrics and that opened a new cultural dimension for them. And with the arrival of 2022, their most recent project comes to light, which kicks off a new stage, the release of their album; <strong><em>Vivir m\u00e1s.<\/em><\/strong> An album with songs like <em>Ksa, Fa calor<\/em> or the one that gives its name to the album itself, <em>Vivir m\u00e1s<\/em>, with lyrics that do not lose the <strong>humorous and surreal<\/strong> <strong>touch<\/strong> that defines the group, and rhythms that drink from techno, hip hop or afro beat.<\/p>\n<p>After enjoying a more intimate concert at the Cru\u00eflla Primavera, we will be able to experience them live on<strong> July 7th<\/strong> at the <strong>Cru\u00eflla Festival 2022<\/strong>.<\/p>\n<hr \/>\n<p style=\"text-align: center;\"><strong>Get your tickets here<\/strong><\/p>\n<p style=\"text-align: center;\"><a class=\"efsbutton button \" target=\"_blank\">TICKETS<\/a><\/p>\n<hr \/>\n<p>&nbsp;<\/p>\n<!-- auto-added video if acf\/single-artist-video not used  --> <iframe style=\"width: 100%;max-width: 100%;height: auto;aspect-ratio: 16 \/ 9;\" src=\"https:\/\/www.youtube-nocookie.com\/embed\/ztam0LXWBjs\" frameborder=\"0\" allow=\"accelerometer; autoplay; encrypted-media; gyroscope; picture-in-picture\" allowfullscreen><\/iframe>","protected":false},"featured_media":40454,"template":"","meta":{"_acf_changed":false},"artists_edition":[834],"class_list":["post-41080","artists","type-artists","status-publish","has-post-thumbnail","hentry","artists_edition-834"],"acf":{"_thumbnail_id":40454,"youtube_player":"ztam0LXWBjs","artist_edition":[834],"artist_date":"20220709","artist_time":"18:15","artist_time_2":"","artist_location":false,"artist_ticket_url":"https:\/\/www.cruillabarcelona.cat\/en\/tickets\/","artist_ticket_status":"","artist_extra_date__show":false,"artist_extra_date_2":null,"artist_time_of_date2":"","artist_extra_date_3":null,"artist_time_of_date3":"","artist_extra_date_4":null,"artist_time_of_date4":"","artist_extra_date_5":null,"artist_time_of_date5":"","artist_date__show_month":true,"artist_sidebar_active":true,"show_in_agenda":false,"artist_sidebar__banner_img":"","artist_sidebar__banner_link":"","artist_hero_content":"Festival Cru\u00eflla 2022","artist_style":false,"artist_nationality":false,"artist_audience_age":false},"yoast_head":"<!-- This site is optimized with the Yoast SEO plugin v27.5 - https:\/\/yoast.com\/product\/yoast-seo-wordpress\/ -->\n<title>Habla de m\u00ed en presente concert in Barcelona, July 9th 2022<\/title>\n<meta name=\"description\" content=\"Buy tickets for Habla de m\u00ed en presente&#039;s concert in Barcelona, Cru\u00eflla Festival 2022. Live at Parc del F\u00f2rum in Barcelona.\" \/>\n<meta name=\"robots\" content=\"index, follow, max-snippet:-1, max-image-preview:large, max-video-preview:-1\" \/>\n<link rel=\"canonical\" href=\"https:\/\/www.cruillabarcelona.cat\/en\/artists\/habla-de-mi-en-presente-2022\/\" \/>\n<meta property=\"og:locale\" content=\"en_US\" \/>\n<meta property=\"og:type\" content=\"article\" \/>\n<meta property=\"og:title\" content=\"Habla de m\u00ed en presente concert in Barcelona, July 9th 2022\" \/>\n<meta property=\"og:description\" content=\"Buy tickets for Habla de m\u00ed en presente&#039;s concert in Barcelona, Cru\u00eflla Festival 2022. Live at Parc del F\u00f2rum in Barcelona.\" \/>\n<meta property=\"og:url\" content=\"https:\/\/www.cruillabarcelona.cat\/en\/artists\/habla-de-mi-en-presente-2022\/\" \/>\n<meta property=\"og:site_name\" content=\"Festival Cru\u00eflla\" \/>\n<meta property=\"article:modified_time\" content=\"2022-07-08T11:19:41+00:00\" \/>\n<meta property=\"og:image\" content=\"https:\/\/www.cruillabarcelona.cat\/wp-content\/uploads\/2021\/11\/Habla-de-mi.jpg\" \/>\n\t<meta property=\"og:image:width\" content=\"834\" \/>\n\t<meta property=\"og:image:height\" content=\"673\" \/>\n\t<meta property=\"og:image:type\" content=\"image\/jpeg\" \/>\n<meta name=\"twitter:card\" content=\"summary_large_image\" \/>\n<meta name=\"twitter:label1\" content=\"Est. reading time\" \/>\n\t<meta name=\"twitter:data1\" content=\"1 minute\" \/>\n<script type=\"application\/ld+json\" class=\"yoast-schema-graph\">{\"@context\":\"https:\\\/\\\/schema.org\",\"@graph\":[{\"@type\":\"WebPage\",\"@id\":\"https:\\\/\\\/www.cruillabarcelona.cat\\\/en\\\/artists\\\/habla-de-mi-en-presente-2022\\\/\",\"url\":\"https:\\\/\\\/www.cruillabarcelona.cat\\\/en\\\/artists\\\/habla-de-mi-en-presente-2022\\\/\",\"name\":\"Habla de m\u00ed en presente concert in Barcelona, July 9th 2022\",\"isPartOf\":{\"@id\":\"https:\\\/\\\/www.cruillabarcelona.cat\\\/en\\\/#website\"},\"primaryImageOfPage\":{\"@id\":\"https:\\\/\\\/www.cruillabarcelona.cat\\\/en\\\/artists\\\/habla-de-mi-en-presente-2022\\\/#primaryimage\"},\"image\":{\"@id\":\"https:\\\/\\\/www.cruillabarcelona.cat\\\/en\\\/artists\\\/habla-de-mi-en-presente-2022\\\/#primaryimage\"},\"thumbnailUrl\":\"https:\\\/\\\/www.cruillabarcelona.cat\\\/wp-content\\\/uploads\\\/2021\\\/11\\\/Habla-de-mi.jpg\",\"datePublished\":\"2022-02-16T12:19:16+00:00\",\"dateModified\":\"2022-07-08T11:19:41+00:00\",\"description\":\"Buy tickets for Habla de m\u00ed en presente's concert in Barcelona, Cru\u00eflla Festival 2022. Live at Parc del F\u00f2rum in Barcelona.\",\"breadcrumb\":{\"@id\":\"https:\\\/\\\/www.cruillabarcelona.cat\\\/en\\\/artists\\\/habla-de-mi-en-presente-2022\\\/#breadcrumb\"},\"inLanguage\":\"en-US\",\"potentialAction\":[{\"@type\":\"ReadAction\",\"target\":[\"https:\\\/\\\/www.cruillabarcelona.cat\\\/en\\\/artists\\\/habla-de-mi-en-presente-2022\\\/\"]}]},{\"@type\":\"ImageObject\",\"inLanguage\":\"en-US\",\"@id\":\"https:\\\/\\\/www.cruillabarcelona.cat\\\/en\\\/artists\\\/habla-de-mi-en-presente-2022\\\/#primaryimage\",\"url\":\"https:\\\/\\\/www.cruillabarcelona.cat\\\/wp-content\\\/uploads\\\/2021\\\/11\\\/Habla-de-mi.jpg\",\"contentUrl\":\"https:\\\/\\\/www.cruillabarcelona.cat\\\/wp-content\\\/uploads\\\/2021\\\/11\\\/Habla-de-mi.jpg\",\"width\":834,\"height\":673,\"caption\":\"Habla de mi\"},{\"@type\":\"BreadcrumbList\",\"@id\":\"https:\\\/\\\/www.cruillabarcelona.cat\\\/en\\\/artists\\\/habla-de-mi-en-presente-2022\\\/#breadcrumb\",\"itemListElement\":[{\"@type\":\"ListItem\",\"position\":1,\"name\":\"Home\",\"item\":\"https:\\\/\\\/www.cruillabarcelona.cat\\\/en\\\/\"},{\"@type\":\"ListItem\",\"position\":2,\"name\":\"Habla de m\u00ed en presente\"}]},{\"@type\":\"WebSite\",\"@id\":\"https:\\\/\\\/www.cruillabarcelona.cat\\\/en\\\/#website\",\"url\":\"https:\\\/\\\/www.cruillabarcelona.cat\\\/en\\\/\",\"name\":\"Festival Cru\u00eflla\",\"description\":\"\",\"publisher\":{\"@id\":\"https:\\\/\\\/www.cruillabarcelona.cat\\\/en\\\/#organization\"},\"potentialAction\":[{\"@type\":\"SearchAction\",\"target\":{\"@type\":\"EntryPoint\",\"urlTemplate\":\"https:\\\/\\\/www.cruillabarcelona.cat\\\/en\\\/?s={search_term_string}\"},\"query-input\":{\"@type\":\"PropertyValueSpecification\",\"valueRequired\":true,\"valueName\":\"search_term_string\"}}],\"inLanguage\":\"en-US\"},{\"@type\":\"Organization\",\"@id\":\"https:\\\/\\\/www.cruillabarcelona.cat\\\/en\\\/#organization\",\"name\":\"Festival Cru\u00eflla\",\"url\":\"https:\\\/\\\/www.cruillabarcelona.cat\\\/en\\\/\",\"logo\":{\"@type\":\"ImageObject\",\"inLanguage\":\"en-US\",\"@id\":\"https:\\\/\\\/www.cruillabarcelona.cat\\\/en\\\/#\\\/schema\\\/logo\\\/image\\\/\",\"url\":\"https:\\\/\\\/www.cruillabarcelona.cat\\\/wp-content\\\/uploads\\\/2025\\\/12\\\/cruill-logo-negativo.png\",\"contentUrl\":\"https:\\\/\\\/www.cruillabarcelona.cat\\\/wp-content\\\/uploads\\\/2025\\\/12\\\/cruill-logo-negativo.png\",\"width\":400,\"height\":101,\"caption\":\"Festival Cru\u00eflla\"},\"image\":{\"@id\":\"https:\\\/\\\/www.cruillabarcelona.cat\\\/en\\\/#\\\/schema\\\/logo\\\/image\\\/\"}}]}<\/script>\n<!-- \/ Yoast SEO plugin. -->","yoast_head_json":{"title":"Habla de m\u00ed en presente concert in Barcelona, July 9th 2022","description":"Buy tickets for Habla de m\u00ed en presente's concert in Barcelona, Cru\u00eflla Festival 2022. Live at Parc del F\u00f2rum in Barcelona.","robots":{"index":"index","follow":"follow","max-snippet":"max-snippet:-1","max-image-preview":"max-image-preview:large","max-video-preview":"max-video-preview:-1"},"canonical":"https:\/\/www.cruillabarcelona.cat\/en\/artists\/habla-de-mi-en-presente-2022\/","og_locale":"en_US","og_type":"article","og_title":"Habla de m\u00ed en presente concert in Barcelona, July 9th 2022","og_description":"Buy tickets for Habla de m\u00ed en presente's concert in Barcelona, Cru\u00eflla Festival 2022. Live at Parc del F\u00f2rum in Barcelona.","og_url":"https:\/\/www.cruillabarcelona.cat\/en\/artists\/habla-de-mi-en-presente-2022\/","og_site_name":"Festival Cru\u00eflla","article_modified_time":"2022-07-08T11:19:41+00:00","og_image":[{"width":834,"height":673,"url":"https:\/\/www.cruillabarcelona.cat\/wp-content\/uploads\/2021\/11\/Habla-de-mi.jpg","type":"image\/jpeg"}],"twitter_card":"summary_large_image","twitter_misc":{"Est. reading time":"1 minute"},"schema":{"@context":"https:\/\/schema.org","@graph":[{"@type":"WebPage","@id":"https:\/\/www.cruillabarcelona.cat\/en\/artists\/habla-de-mi-en-presente-2022\/","url":"https:\/\/www.cruillabarcelona.cat\/en\/artists\/habla-de-mi-en-presente-2022\/","name":"Habla de m\u00ed en presente concert in Barcelona, July 9th 2022","isPartOf":{"@id":"https:\/\/www.cruillabarcelona.cat\/en\/#website"},"primaryImageOfPage":{"@id":"https:\/\/www.cruillabarcelona.cat\/en\/artists\/habla-de-mi-en-presente-2022\/#primaryimage"},"image":{"@id":"https:\/\/www.cruillabarcelona.cat\/en\/artists\/habla-de-mi-en-presente-2022\/#primaryimage"},"thumbnailUrl":"https:\/\/www.cruillabarcelona.cat\/wp-content\/uploads\/2021\/11\/Habla-de-mi.jpg","datePublished":"2022-02-16T12:19:16+00:00","dateModified":"2022-07-08T11:19:41+00:00","description":"Buy tickets for Habla de m\u00ed en presente's concert in Barcelona, Cru\u00eflla Festival 2022. Live at Parc del F\u00f2rum in Barcelona.","breadcrumb":{"@id":"https:\/\/www.cruillabarcelona.cat\/en\/artists\/habla-de-mi-en-presente-2022\/#breadcrumb"},"inLanguage":"en-US","potentialAction":[{"@type":"ReadAction","target":["https:\/\/www.cruillabarcelona.cat\/en\/artists\/habla-de-mi-en-presente-2022\/"]}]},{"@type":"ImageObject","inLanguage":"en-US","@id":"https:\/\/www.cruillabarcelona.cat\/en\/artists\/habla-de-mi-en-presente-2022\/#primaryimage","url":"https:\/\/www.cruillabarcelona.cat\/wp-content\/uploads\/2021\/11\/Habla-de-mi.jpg","contentUrl":"https:\/\/www.cruillabarcelona.cat\/wp-content\/uploads\/2021\/11\/Habla-de-mi.jpg","width":834,"height":673,"caption":"Habla de mi"},{"@type":"BreadcrumbList","@id":"https:\/\/www.cruillabarcelona.cat\/en\/artists\/habla-de-mi-en-presente-2022\/#breadcrumb","itemListElement":[{"@type":"ListItem","position":1,"name":"Home","item":"https:\/\/www.cruillabarcelona.cat\/en\/"},{"@type":"ListItem","position":2,"name":"Habla de m\u00ed en presente"}]},{"@type":"WebSite","@id":"https:\/\/www.cruillabarcelona.cat\/en\/#website","url":"https:\/\/www.cruillabarcelona.cat\/en\/","name":"Festival Cru\u00eflla","description":"","publisher":{"@id":"https:\/\/www.cruillabarcelona.cat\/en\/#organization"},"potentialAction":[{"@type":"SearchAction","target":{"@type":"EntryPoint","urlTemplate":"https:\/\/www.cruillabarcelona.cat\/en\/?s={search_term_string}"},"query-input":{"@type":"PropertyValueSpecification","valueRequired":true,"valueName":"search_term_string"}}],"inLanguage":"en-US"},{"@type":"Organization","@id":"https:\/\/www.cruillabarcelona.cat\/en\/#organization","name":"Festival Cru\u00eflla","url":"https:\/\/www.cruillabarcelona.cat\/en\/","logo":{"@type":"ImageObject","inLanguage":"en-US","@id":"https:\/\/www.cruillabarcelona.cat\/en\/#\/schema\/logo\/image\/","url":"https:\/\/www.cruillabarcelona.cat\/wp-content\/uploads\/2025\/12\/cruill-logo-negativo.png","contentUrl":"https:\/\/www.cruillabarcelona.cat\/wp-content\/uploads\/2025\/12\/cruill-logo-negativo.png","width":400,"height":101,"caption":"Festival Cru\u00eflla"},"image":{"@id":"https:\/\/www.cruillabarcelona.cat\/en\/#\/schema\/logo\/image\/"}}]}},"_links":{"self":[{"href":"https:\/\/www.cruillabarcelona.cat\/en\/wp-json\/wp\/v2\/artists\/41080","targetHints":{"allow":["GET"]}}],"collection":[{"href":"https:\/\/www.cruillabarcelona.cat\/en\/wp-json\/wp\/v2\/artists"}],"about":[{"href":"https:\/\/www.cruillabarcelona.cat\/en\/wp-json\/wp\/v2\/types\/artists"}],"acf:term":[{"embeddable":true,"taxonomy":"artists_edition","href":"https:\/\/www.cruillabarcelona.cat\/en\/wp-json\/wp\/v2\/artists_edition\/834"}],"wp:featuredmedia":[{"embeddable":true,"href":"https:\/\/www.cruillabarcelona.cat\/en\/wp-json\/wp\/v2\/media\/40454"}],"wp:attachment":[{"href":"https:\/\/www.cruillabarcelona.cat\/en\/wp-json\/wp\/v2\/media?parent=41080"}],"wp:term":[{"taxonomy":"artists_edition","embeddable":true,"href":"https:\/\/www.cruillabarcelona.cat\/en\/wp-json\/wp\/v2\/artists_edition?post=41080"}],"curies":[{"name":"wp","href":"https:\/\/api.w.org\/{rel}","templated":true}]}}