{"id":41104,"date":"2022-02-16T14:18:08","date_gmt":"2022-02-16T12:18:08","guid":{"rendered":"https:\/\/www.cruillabarcelona.cat\/?post_type=artists&#038;p=41104"},"modified":"2022-07-08T13:19:51","modified_gmt":"2022-07-08T11:19:51","slug":"colectivo-da-silva","status":"publish","type":"artists","link":"https:\/\/www.cruillabarcelona.cat\/en\/artists\/colectivo-da-silva\/","title":{"rendered":"Colectivo Da Silva"},"content":{"rendered":"<h2>Don&#8217;t cry any more: Colectivo da Silva at Festival Cru\u00eflla 2022<\/h2>\n<p><strong>Keep in mind that the Four Roses Stage has limited capacity. If you want to see this artist, please come before the show starts.<\/strong><\/p>\n<p>Sounding like a <strong>cassette<\/strong> <strong>from<\/strong> <strong>the<\/strong> <strong>yey\u00e9<\/strong> <strong>era<\/strong>, <strong>Colectivo<\/strong> <strong>Da<\/strong> <strong>Silva<\/strong> present themselves as a colourful organism that moves between the spectres of <strong>lo-fi<\/strong>,\u00a0the dusk of <strong>pop<\/strong> and the dark sound of <strong>psychedelia<\/strong>. They practise the <strong>pop rebelliousness<\/strong> that it seeks, but does not find, despite guaranteeing a <strong>big show<\/strong> on stage.<\/p>\n<p>After becoming an authentic revolution thanks to their first single &#8230;Y era verano, <em>Casa<\/em> <em>Vargas<\/em> arrives, the<strong> first album<\/strong> that the band from Granada have turned into the box where they keep hits like <em>Que Dios Bendiga el Reguet\u00f3n<\/em>, a parody of the genre with a synthesizer beat, <em>Nos Vemos Luego<\/em> or <em>Llorar\u00e9 por Ti.<\/em><\/p>\n<p>But there&#8217;s no need to cry any more because the <strong>Colectivo Da Silva<\/strong> is coming to <strong>Festival Cru\u00eflla 2022<\/strong>\u00a0on <strong>9 July<\/strong> with a live performance that will leave no one indifferent.<\/p>\n<hr \/>\n<p style=\"text-align: center;\"><strong>Get your tickets here<\/strong><\/p>\n<p style=\"text-align: center;\"><a class=\"efsbutton button \" target=\"_blank\">TICKETS<\/a><\/p>\n<!-- auto-added video if acf\/single-artist-video not used  --> <iframe style=\"width: 100%;max-width: 100%;height: auto;aspect-ratio: 16 \/ 9;\" src=\"https:\/\/www.youtube-nocookie.com\/embed\/9cmmi4DDJwk\" frameborder=\"0\" allow=\"accelerometer; autoplay; encrypted-media; gyroscope; picture-in-picture\" allowfullscreen><\/iframe>","protected":false},"featured_media":41122,"template":"","meta":{"_acf_changed":false},"artists_edition":[834],"class_list":["post-41104","artists","type-artists","status-publish","has-post-thumbnail","hentry","artists_edition-834"],"acf":{"_thumbnail_id":41122,"youtube_player":"9cmmi4DDJwk","artist_edition":[834],"artist_date":"20220709","artist_time":"22:45","artist_time_2":"","artist_location":false,"artist_ticket_url":"https:\/\/www.cruillabarcelona.cat\/en\/tickets","artist_ticket_status":"","artist_extra_date__show":false,"artist_extra_date_2":null,"artist_time_of_date2":"","artist_extra_date_3":null,"artist_time_of_date3":"","artist_extra_date_4":null,"artist_time_of_date4":"","artist_extra_date_5":null,"artist_time_of_date5":"","artist_date__show_month":true,"artist_sidebar_active":true,"show_in_agenda":false,"artist_sidebar__banner_img":"","artist_sidebar__banner_link":"","artist_hero_content":"Festival Cru\u00eflla 2022","artist_style":false,"artist_nationality":false,"artist_audience_age":false},"yoast_head":"<!-- This site is optimized with the Yoast SEO plugin v27.5 - https:\/\/yoast.com\/product\/yoast-seo-wordpress\/ -->\n<title>Colectivo Da Silva concert in Barcelona, July 9th 2022 at Cru\u00eflla Festival<\/title>\n<meta name=\"description\" content=\"Buy tickets for Colectivo Da Silva&#039;s concert in Barcelona, Cru\u00eflla Festival 2022. Live at Parc del F\u00f2rum in Barcelona.\" \/>\n<meta name=\"robots\" content=\"index, follow, max-snippet:-1, max-image-preview:large, max-video-preview:-1\" \/>\n<link rel=\"canonical\" href=\"https:\/\/www.cruillabarcelona.cat\/en\/artists\/colectivo-da-silva\/\" \/>\n<meta property=\"og:locale\" content=\"en_US\" \/>\n<meta property=\"og:type\" content=\"article\" \/>\n<meta property=\"og:title\" content=\"Colectivo Da Silva concert in Barcelona, July 9th 2022 at Cru\u00eflla Festival\" \/>\n<meta property=\"og:description\" content=\"Buy tickets for Colectivo Da Silva&#039;s concert in Barcelona, Cru\u00eflla Festival 2022. Live at Parc del F\u00f2rum in Barcelona.\" \/>\n<meta property=\"og:url\" content=\"https:\/\/www.cruillabarcelona.cat\/en\/artists\/colectivo-da-silva\/\" \/>\n<meta property=\"og:site_name\" content=\"Festival Cru\u00eflla\" \/>\n<meta property=\"article:modified_time\" content=\"2022-07-08T11:19:51+00:00\" \/>\n<meta property=\"og:image\" content=\"https:\/\/www.cruillabarcelona.cat\/wp-content\/uploads\/2022\/02\/ColectivoDaSilva.jpeg\" \/>\n\t<meta property=\"og:image:width\" content=\"600\" \/>\n\t<meta property=\"og:image:height\" content=\"600\" \/>\n\t<meta property=\"og:image:type\" content=\"image\/jpeg\" \/>\n<meta name=\"twitter:card\" content=\"summary_large_image\" \/>\n<meta name=\"twitter:label1\" content=\"Est. reading time\" \/>\n\t<meta name=\"twitter:data1\" content=\"1 minute\" \/>\n<script type=\"application\/ld+json\" class=\"yoast-schema-graph\">{\"@context\":\"https:\\\/\\\/schema.org\",\"@graph\":[{\"@type\":\"WebPage\",\"@id\":\"https:\\\/\\\/www.cruillabarcelona.cat\\\/en\\\/artists\\\/colectivo-da-silva\\\/\",\"url\":\"https:\\\/\\\/www.cruillabarcelona.cat\\\/en\\\/artists\\\/colectivo-da-silva\\\/\",\"name\":\"Colectivo Da Silva concert in Barcelona, July 9th 2022 at Cru\u00eflla Festival\",\"isPartOf\":{\"@id\":\"https:\\\/\\\/www.cruillabarcelona.cat\\\/en\\\/#website\"},\"primaryImageOfPage\":{\"@id\":\"https:\\\/\\\/www.cruillabarcelona.cat\\\/en\\\/artists\\\/colectivo-da-silva\\\/#primaryimage\"},\"image\":{\"@id\":\"https:\\\/\\\/www.cruillabarcelona.cat\\\/en\\\/artists\\\/colectivo-da-silva\\\/#primaryimage\"},\"thumbnailUrl\":\"https:\\\/\\\/www.cruillabarcelona.cat\\\/wp-content\\\/uploads\\\/2022\\\/02\\\/ColectivoDaSilva.jpeg\",\"datePublished\":\"2022-02-16T12:18:08+00:00\",\"dateModified\":\"2022-07-08T11:19:51+00:00\",\"description\":\"Buy tickets for Colectivo Da Silva's concert in Barcelona, Cru\u00eflla Festival 2022. Live at Parc del F\u00f2rum in Barcelona.\",\"breadcrumb\":{\"@id\":\"https:\\\/\\\/www.cruillabarcelona.cat\\\/en\\\/artists\\\/colectivo-da-silva\\\/#breadcrumb\"},\"inLanguage\":\"en-US\",\"potentialAction\":[{\"@type\":\"ReadAction\",\"target\":[\"https:\\\/\\\/www.cruillabarcelona.cat\\\/en\\\/artists\\\/colectivo-da-silva\\\/\"]}]},{\"@type\":\"ImageObject\",\"inLanguage\":\"en-US\",\"@id\":\"https:\\\/\\\/www.cruillabarcelona.cat\\\/en\\\/artists\\\/colectivo-da-silva\\\/#primaryimage\",\"url\":\"https:\\\/\\\/www.cruillabarcelona.cat\\\/wp-content\\\/uploads\\\/2022\\\/02\\\/ColectivoDaSilva.jpeg\",\"contentUrl\":\"https:\\\/\\\/www.cruillabarcelona.cat\\\/wp-content\\\/uploads\\\/2022\\\/02\\\/ColectivoDaSilva.jpeg\",\"width\":600,\"height\":600,\"caption\":\"Colectivo Da Silva Festival Cru\u00eflla\"},{\"@type\":\"BreadcrumbList\",\"@id\":\"https:\\\/\\\/www.cruillabarcelona.cat\\\/en\\\/artists\\\/colectivo-da-silva\\\/#breadcrumb\",\"itemListElement\":[{\"@type\":\"ListItem\",\"position\":1,\"name\":\"Home\",\"item\":\"https:\\\/\\\/www.cruillabarcelona.cat\\\/en\\\/\"},{\"@type\":\"ListItem\",\"position\":2,\"name\":\"Colectivo Da Silva\"}]},{\"@type\":\"WebSite\",\"@id\":\"https:\\\/\\\/www.cruillabarcelona.cat\\\/en\\\/#website\",\"url\":\"https:\\\/\\\/www.cruillabarcelona.cat\\\/en\\\/\",\"name\":\"Festival Cru\u00eflla\",\"description\":\"\",\"publisher\":{\"@id\":\"https:\\\/\\\/www.cruillabarcelona.cat\\\/en\\\/#organization\"},\"potentialAction\":[{\"@type\":\"SearchAction\",\"target\":{\"@type\":\"EntryPoint\",\"urlTemplate\":\"https:\\\/\\\/www.cruillabarcelona.cat\\\/en\\\/?s={search_term_string}\"},\"query-input\":{\"@type\":\"PropertyValueSpecification\",\"valueRequired\":true,\"valueName\":\"search_term_string\"}}],\"inLanguage\":\"en-US\"},{\"@type\":\"Organization\",\"@id\":\"https:\\\/\\\/www.cruillabarcelona.cat\\\/en\\\/#organization\",\"name\":\"Festival Cru\u00eflla\",\"url\":\"https:\\\/\\\/www.cruillabarcelona.cat\\\/en\\\/\",\"logo\":{\"@type\":\"ImageObject\",\"inLanguage\":\"en-US\",\"@id\":\"https:\\\/\\\/www.cruillabarcelona.cat\\\/en\\\/#\\\/schema\\\/logo\\\/image\\\/\",\"url\":\"https:\\\/\\\/www.cruillabarcelona.cat\\\/wp-content\\\/uploads\\\/2025\\\/12\\\/cruill-logo-negativo.png\",\"contentUrl\":\"https:\\\/\\\/www.cruillabarcelona.cat\\\/wp-content\\\/uploads\\\/2025\\\/12\\\/cruill-logo-negativo.png\",\"width\":400,\"height\":101,\"caption\":\"Festival Cru\u00eflla\"},\"image\":{\"@id\":\"https:\\\/\\\/www.cruillabarcelona.cat\\\/en\\\/#\\\/schema\\\/logo\\\/image\\\/\"}}]}<\/script>\n<!-- \/ Yoast SEO plugin. -->","yoast_head_json":{"title":"Colectivo Da Silva concert in Barcelona, July 9th 2022 at Cru\u00eflla Festival","description":"Buy tickets for Colectivo Da Silva's concert in Barcelona, Cru\u00eflla Festival 2022. Live at Parc del F\u00f2rum in Barcelona.","robots":{"index":"index","follow":"follow","max-snippet":"max-snippet:-1","max-image-preview":"max-image-preview:large","max-video-preview":"max-video-preview:-1"},"canonical":"https:\/\/www.cruillabarcelona.cat\/en\/artists\/colectivo-da-silva\/","og_locale":"en_US","og_type":"article","og_title":"Colectivo Da Silva concert in Barcelona, July 9th 2022 at Cru\u00eflla Festival","og_description":"Buy tickets for Colectivo Da Silva's concert in Barcelona, Cru\u00eflla Festival 2022. Live at Parc del F\u00f2rum in Barcelona.","og_url":"https:\/\/www.cruillabarcelona.cat\/en\/artists\/colectivo-da-silva\/","og_site_name":"Festival Cru\u00eflla","article_modified_time":"2022-07-08T11:19:51+00:00","og_image":[{"width":600,"height":600,"url":"https:\/\/www.cruillabarcelona.cat\/wp-content\/uploads\/2022\/02\/ColectivoDaSilva.jpeg","type":"image\/jpeg"}],"twitter_card":"summary_large_image","twitter_misc":{"Est. reading time":"1 minute"},"schema":{"@context":"https:\/\/schema.org","@graph":[{"@type":"WebPage","@id":"https:\/\/www.cruillabarcelona.cat\/en\/artists\/colectivo-da-silva\/","url":"https:\/\/www.cruillabarcelona.cat\/en\/artists\/colectivo-da-silva\/","name":"Colectivo Da Silva concert in Barcelona, July 9th 2022 at Cru\u00eflla Festival","isPartOf":{"@id":"https:\/\/www.cruillabarcelona.cat\/en\/#website"},"primaryImageOfPage":{"@id":"https:\/\/www.cruillabarcelona.cat\/en\/artists\/colectivo-da-silva\/#primaryimage"},"image":{"@id":"https:\/\/www.cruillabarcelona.cat\/en\/artists\/colectivo-da-silva\/#primaryimage"},"thumbnailUrl":"https:\/\/www.cruillabarcelona.cat\/wp-content\/uploads\/2022\/02\/ColectivoDaSilva.jpeg","datePublished":"2022-02-16T12:18:08+00:00","dateModified":"2022-07-08T11:19:51+00:00","description":"Buy tickets for Colectivo Da Silva's concert in Barcelona, Cru\u00eflla Festival 2022. Live at Parc del F\u00f2rum in Barcelona.","breadcrumb":{"@id":"https:\/\/www.cruillabarcelona.cat\/en\/artists\/colectivo-da-silva\/#breadcrumb"},"inLanguage":"en-US","potentialAction":[{"@type":"ReadAction","target":["https:\/\/www.cruillabarcelona.cat\/en\/artists\/colectivo-da-silva\/"]}]},{"@type":"ImageObject","inLanguage":"en-US","@id":"https:\/\/www.cruillabarcelona.cat\/en\/artists\/colectivo-da-silva\/#primaryimage","url":"https:\/\/www.cruillabarcelona.cat\/wp-content\/uploads\/2022\/02\/ColectivoDaSilva.jpeg","contentUrl":"https:\/\/www.cruillabarcelona.cat\/wp-content\/uploads\/2022\/02\/ColectivoDaSilva.jpeg","width":600,"height":600,"caption":"Colectivo Da Silva Festival Cru\u00eflla"},{"@type":"BreadcrumbList","@id":"https:\/\/www.cruillabarcelona.cat\/en\/artists\/colectivo-da-silva\/#breadcrumb","itemListElement":[{"@type":"ListItem","position":1,"name":"Home","item":"https:\/\/www.cruillabarcelona.cat\/en\/"},{"@type":"ListItem","position":2,"name":"Colectivo Da Silva"}]},{"@type":"WebSite","@id":"https:\/\/www.cruillabarcelona.cat\/en\/#website","url":"https:\/\/www.cruillabarcelona.cat\/en\/","name":"Festival Cru\u00eflla","description":"","publisher":{"@id":"https:\/\/www.cruillabarcelona.cat\/en\/#organization"},"potentialAction":[{"@type":"SearchAction","target":{"@type":"EntryPoint","urlTemplate":"https:\/\/www.cruillabarcelona.cat\/en\/?s={search_term_string}"},"query-input":{"@type":"PropertyValueSpecification","valueRequired":true,"valueName":"search_term_string"}}],"inLanguage":"en-US"},{"@type":"Organization","@id":"https:\/\/www.cruillabarcelona.cat\/en\/#organization","name":"Festival Cru\u00eflla","url":"https:\/\/www.cruillabarcelona.cat\/en\/","logo":{"@type":"ImageObject","inLanguage":"en-US","@id":"https:\/\/www.cruillabarcelona.cat\/en\/#\/schema\/logo\/image\/","url":"https:\/\/www.cruillabarcelona.cat\/wp-content\/uploads\/2025\/12\/cruill-logo-negativo.png","contentUrl":"https:\/\/www.cruillabarcelona.cat\/wp-content\/uploads\/2025\/12\/cruill-logo-negativo.png","width":400,"height":101,"caption":"Festival Cru\u00eflla"},"image":{"@id":"https:\/\/www.cruillabarcelona.cat\/en\/#\/schema\/logo\/image\/"}}]}},"_links":{"self":[{"href":"https:\/\/www.cruillabarcelona.cat\/en\/wp-json\/wp\/v2\/artists\/41104","targetHints":{"allow":["GET"]}}],"collection":[{"href":"https:\/\/www.cruillabarcelona.cat\/en\/wp-json\/wp\/v2\/artists"}],"about":[{"href":"https:\/\/www.cruillabarcelona.cat\/en\/wp-json\/wp\/v2\/types\/artists"}],"acf:term":[{"embeddable":true,"taxonomy":"artists_edition","href":"https:\/\/www.cruillabarcelona.cat\/en\/wp-json\/wp\/v2\/artists_edition\/834"}],"wp:featuredmedia":[{"embeddable":true,"href":"https:\/\/www.cruillabarcelona.cat\/en\/wp-json\/wp\/v2\/media\/41122"}],"wp:attachment":[{"href":"https:\/\/www.cruillabarcelona.cat\/en\/wp-json\/wp\/v2\/media?parent=41104"}],"wp:term":[{"taxonomy":"artists_edition","embeddable":true,"href":"https:\/\/www.cruillabarcelona.cat\/en\/wp-json\/wp\/v2\/artists_edition?post=41104"}],"curies":[{"name":"wp","href":"https:\/\/api.w.org\/{rel}","templated":true}]}}