{"id":42244,"date":"2022-03-30T11:57:46","date_gmt":"2022-03-30T09:57:46","guid":{"rendered":"https:\/\/www.cruillabarcelona.cat\/?post_type=artists&#038;p=42244"},"modified":"2022-05-06T14:43:26","modified_gmt":"2022-05-06T12:43:26","slug":"els-catarres-2022-2","status":"publish","type":"artists","link":"https:\/\/www.cruillabarcelona.cat\/en\/artists\/els-catarres-2022-2\/","title":{"rendered":"Ginest\u00e0"},"content":{"rendered":"<h2>From the heart: Ginest\u00e0 at Cru\u00eflla Festival 2022<\/h2>\n<p>Summer feels more like summer with J\u00falia and Pau\u2019s songs. That&#8217;s why when we listen to songs like <b><i>L&#8217;Eva i la Jana<\/i><\/b> we can&#8217;t help but remember the unforgettable moments of vacation. <b>Ginest\u00e0 <\/b>has brought us <i>Suposo que l&#8217;amor \u00e9s aix\u00f2<\/i>, their <b>third album<\/b> with a good weather taste and we could\u2019nt miss it this July at the Forum.<\/p>\n<p>The most Catalan pop\u2019s beloved siblings bring us their music with <b>electronic loops and synthesizers<\/b> inspired by the seventies, discovering a new sound and visual style but without losing the essence. The <b>closeness and tenderness<\/b> so characteristic of Ginest\u00e0 make each song touches our heart.<\/p>\n<p><b>Ginest\u00e0 <\/b>presented their new live show at the <b>Cru\u00eflla Primavera<\/b>, and now they return to <b>Cru\u00eflla Festival 2022,<\/b> on <b>Saturday July 9th<\/b>. We will listen to the best of the band, which manages to thrill us and make us dance at the same time!<\/p>\n<hr \/>\n<p style=\"text-align: center;\"><strong>Get your tickets now!<\/strong><\/p>\n<p style=\"text-align: center;\"><a class=\"efsbutton button \" target=\"_blank\">TICKETS<\/a><\/p>\n<!-- auto-added video if acf\/single-artist-video not used  --> <iframe style=\"width: 100%;max-width: 100%;height: auto;aspect-ratio: 16 \/ 9;\" src=\"https:\/\/www.youtube-nocookie.com\/embed\/12YO2ggQIlg\" frameborder=\"0\" allow=\"accelerometer; autoplay; encrypted-media; gyroscope; picture-in-picture\" allowfullscreen><\/iframe>","protected":false},"featured_media":42278,"template":"","meta":{"_acf_changed":false},"artists_edition":[834],"class_list":["post-42244","artists","type-artists","status-publish","has-post-thumbnail","hentry","artists_location-escenari-vueling","artists_edition-834"],"acf":{"_thumbnail_id":42278,"youtube_player":"12YO2ggQIlg","artist_edition":[834],"artist_date":"20220709","artist_time":"18:45","artist_time_2":"","artist_location":[875],"artist_ticket_url":"https:\/\/www.cruillabarcelona.cat\/en\/tickets\/","artist_ticket_status":"","artist_extra_date__show":false,"artist_extra_date_2":null,"artist_time_of_date2":"","artist_extra_date_3":null,"artist_time_of_date3":"","artist_extra_date_4":null,"artist_time_of_date4":"","artist_extra_date_5":null,"artist_time_of_date5":"","artist_date__show_month":true,"artist_sidebar_active":true,"show_in_agenda":false,"artist_sidebar__banner_img":"","artist_sidebar__banner_link":"","artist_hero_content":"Festival Cru\u00eflla 2022","artist_style":false,"artist_nationality":false,"artist_audience_age":false},"yoast_head":"<!-- This site is optimized with the Yoast SEO plugin v27.5 - https:\/\/yoast.com\/product\/yoast-seo-wordpress\/ -->\n<title>Ginest\u00e0 live show in Barcelona, July 9th at Cru\u00eflla Festival<\/title>\n<meta name=\"description\" content=\"Buy tickets for the Ginest\u00e0 concert in Barcelona, on July 9th at Cru\u00eflla Festival 2022. Ginest\u00e0 live at Parc del F\u00f2rum, Barcelona\" \/>\n<meta name=\"robots\" content=\"index, follow, max-snippet:-1, max-image-preview:large, max-video-preview:-1\" \/>\n<link rel=\"canonical\" href=\"https:\/\/www.cruillabarcelona.cat\/en\/artists\/els-catarres-2022-2\/\" \/>\n<meta property=\"og:locale\" content=\"en_US\" \/>\n<meta property=\"og:type\" content=\"article\" \/>\n<meta property=\"og:title\" content=\"Ginest\u00e0 live show in Barcelona, July 9th at Cru\u00eflla Festival\" \/>\n<meta property=\"og:description\" content=\"Buy tickets for the Ginest\u00e0 concert in Barcelona, on July 9th at Cru\u00eflla Festival 2022. Ginest\u00e0 live at Parc del F\u00f2rum, Barcelona\" \/>\n<meta property=\"og:url\" content=\"https:\/\/www.cruillabarcelona.cat\/en\/artists\/els-catarres-2022-2\/\" \/>\n<meta property=\"og:site_name\" content=\"Festival Cru\u00eflla\" \/>\n<meta property=\"article:modified_time\" content=\"2022-05-06T12:43:26+00:00\" \/>\n<meta property=\"og:image\" content=\"https:\/\/www.cruillabarcelona.cat\/wp-content\/uploads\/2022\/03\/GINESTA\u0300-_FOTO-OFICIAL-CONCERTS-2022_vertical_\u00a9Cristina_de_Blas-1-1.jpg\" \/>\n\t<meta property=\"og:image:width\" content=\"850\" \/>\n\t<meta property=\"og:image:height\" content=\"850\" \/>\n\t<meta property=\"og:image:type\" content=\"image\/jpeg\" \/>\n<meta name=\"twitter:card\" content=\"summary_large_image\" \/>\n<meta name=\"twitter:label1\" content=\"Est. reading time\" \/>\n\t<meta name=\"twitter:data1\" content=\"1 minute\" \/>\n<script type=\"application\/ld+json\" class=\"yoast-schema-graph\">{\"@context\":\"https:\\\/\\\/schema.org\",\"@graph\":[{\"@type\":\"WebPage\",\"@id\":\"https:\\\/\\\/www.cruillabarcelona.cat\\\/en\\\/artists\\\/els-catarres-2022-2\\\/\",\"url\":\"https:\\\/\\\/www.cruillabarcelona.cat\\\/en\\\/artists\\\/els-catarres-2022-2\\\/\",\"name\":\"Ginest\u00e0 live show in Barcelona, July 9th at Cru\u00eflla Festival\",\"isPartOf\":{\"@id\":\"https:\\\/\\\/www.cruillabarcelona.cat\\\/en\\\/#website\"},\"primaryImageOfPage\":{\"@id\":\"https:\\\/\\\/www.cruillabarcelona.cat\\\/en\\\/artists\\\/els-catarres-2022-2\\\/#primaryimage\"},\"image\":{\"@id\":\"https:\\\/\\\/www.cruillabarcelona.cat\\\/en\\\/artists\\\/els-catarres-2022-2\\\/#primaryimage\"},\"thumbnailUrl\":\"https:\\\/\\\/www.cruillabarcelona.cat\\\/wp-content\\\/uploads\\\/2022\\\/03\\\/GINESTA\u0300-_FOTO-OFICIAL-CONCERTS-2022_vertical_\u00a9Cristina_de_Blas-1-1.jpg\",\"datePublished\":\"2022-03-30T09:57:46+00:00\",\"dateModified\":\"2022-05-06T12:43:26+00:00\",\"description\":\"Buy tickets for the Ginest\u00e0 concert in Barcelona, on July 9th at Cru\u00eflla Festival 2022. Ginest\u00e0 live at Parc del F\u00f2rum, Barcelona\",\"breadcrumb\":{\"@id\":\"https:\\\/\\\/www.cruillabarcelona.cat\\\/en\\\/artists\\\/els-catarres-2022-2\\\/#breadcrumb\"},\"inLanguage\":\"en-US\",\"potentialAction\":[{\"@type\":\"ReadAction\",\"target\":[\"https:\\\/\\\/www.cruillabarcelona.cat\\\/en\\\/artists\\\/els-catarres-2022-2\\\/\"]}]},{\"@type\":\"ImageObject\",\"inLanguage\":\"en-US\",\"@id\":\"https:\\\/\\\/www.cruillabarcelona.cat\\\/en\\\/artists\\\/els-catarres-2022-2\\\/#primaryimage\",\"url\":\"https:\\\/\\\/www.cruillabarcelona.cat\\\/wp-content\\\/uploads\\\/2022\\\/03\\\/GINESTA\u0300-_FOTO-OFICIAL-CONCERTS-2022_vertical_\u00a9Cristina_de_Blas-1-1.jpg\",\"contentUrl\":\"https:\\\/\\\/www.cruillabarcelona.cat\\\/wp-content\\\/uploads\\\/2022\\\/03\\\/GINESTA\u0300-_FOTO-OFICIAL-CONCERTS-2022_vertical_\u00a9Cristina_de_Blas-1-1.jpg\",\"width\":850,\"height\":850},{\"@type\":\"BreadcrumbList\",\"@id\":\"https:\\\/\\\/www.cruillabarcelona.cat\\\/en\\\/artists\\\/els-catarres-2022-2\\\/#breadcrumb\",\"itemListElement\":[{\"@type\":\"ListItem\",\"position\":1,\"name\":\"Home\",\"item\":\"https:\\\/\\\/www.cruillabarcelona.cat\\\/en\\\/\"},{\"@type\":\"ListItem\",\"position\":2,\"name\":\"Ginest\u00e0\"}]},{\"@type\":\"WebSite\",\"@id\":\"https:\\\/\\\/www.cruillabarcelona.cat\\\/en\\\/#website\",\"url\":\"https:\\\/\\\/www.cruillabarcelona.cat\\\/en\\\/\",\"name\":\"Festival Cru\u00eflla\",\"description\":\"\",\"publisher\":{\"@id\":\"https:\\\/\\\/www.cruillabarcelona.cat\\\/en\\\/#organization\"},\"potentialAction\":[{\"@type\":\"SearchAction\",\"target\":{\"@type\":\"EntryPoint\",\"urlTemplate\":\"https:\\\/\\\/www.cruillabarcelona.cat\\\/en\\\/?s={search_term_string}\"},\"query-input\":{\"@type\":\"PropertyValueSpecification\",\"valueRequired\":true,\"valueName\":\"search_term_string\"}}],\"inLanguage\":\"en-US\"},{\"@type\":\"Organization\",\"@id\":\"https:\\\/\\\/www.cruillabarcelona.cat\\\/en\\\/#organization\",\"name\":\"Festival Cru\u00eflla\",\"url\":\"https:\\\/\\\/www.cruillabarcelona.cat\\\/en\\\/\",\"logo\":{\"@type\":\"ImageObject\",\"inLanguage\":\"en-US\",\"@id\":\"https:\\\/\\\/www.cruillabarcelona.cat\\\/en\\\/#\\\/schema\\\/logo\\\/image\\\/\",\"url\":\"https:\\\/\\\/www.cruillabarcelona.cat\\\/wp-content\\\/uploads\\\/2025\\\/12\\\/cruill-logo-negativo.png\",\"contentUrl\":\"https:\\\/\\\/www.cruillabarcelona.cat\\\/wp-content\\\/uploads\\\/2025\\\/12\\\/cruill-logo-negativo.png\",\"width\":400,\"height\":101,\"caption\":\"Festival Cru\u00eflla\"},\"image\":{\"@id\":\"https:\\\/\\\/www.cruillabarcelona.cat\\\/en\\\/#\\\/schema\\\/logo\\\/image\\\/\"}}]}<\/script>\n<!-- \/ Yoast SEO plugin. -->","yoast_head_json":{"title":"Ginest\u00e0 live show in Barcelona, July 9th at Cru\u00eflla Festival","description":"Buy tickets for the Ginest\u00e0 concert in Barcelona, on July 9th at Cru\u00eflla Festival 2022. Ginest\u00e0 live at Parc del F\u00f2rum, Barcelona","robots":{"index":"index","follow":"follow","max-snippet":"max-snippet:-1","max-image-preview":"max-image-preview:large","max-video-preview":"max-video-preview:-1"},"canonical":"https:\/\/www.cruillabarcelona.cat\/en\/artists\/els-catarres-2022-2\/","og_locale":"en_US","og_type":"article","og_title":"Ginest\u00e0 live show in Barcelona, July 9th at Cru\u00eflla Festival","og_description":"Buy tickets for the Ginest\u00e0 concert in Barcelona, on July 9th at Cru\u00eflla Festival 2022. Ginest\u00e0 live at Parc del F\u00f2rum, Barcelona","og_url":"https:\/\/www.cruillabarcelona.cat\/en\/artists\/els-catarres-2022-2\/","og_site_name":"Festival Cru\u00eflla","article_modified_time":"2022-05-06T12:43:26+00:00","og_image":[{"width":850,"height":850,"url":"https:\/\/www.cruillabarcelona.cat\/wp-content\/uploads\/2022\/03\/GINESTA\u0300-_FOTO-OFICIAL-CONCERTS-2022_vertical_\u00a9Cristina_de_Blas-1-1.jpg","type":"image\/jpeg"}],"twitter_card":"summary_large_image","twitter_misc":{"Est. reading time":"1 minute"},"schema":{"@context":"https:\/\/schema.org","@graph":[{"@type":"WebPage","@id":"https:\/\/www.cruillabarcelona.cat\/en\/artists\/els-catarres-2022-2\/","url":"https:\/\/www.cruillabarcelona.cat\/en\/artists\/els-catarres-2022-2\/","name":"Ginest\u00e0 live show in Barcelona, July 9th at Cru\u00eflla Festival","isPartOf":{"@id":"https:\/\/www.cruillabarcelona.cat\/en\/#website"},"primaryImageOfPage":{"@id":"https:\/\/www.cruillabarcelona.cat\/en\/artists\/els-catarres-2022-2\/#primaryimage"},"image":{"@id":"https:\/\/www.cruillabarcelona.cat\/en\/artists\/els-catarres-2022-2\/#primaryimage"},"thumbnailUrl":"https:\/\/www.cruillabarcelona.cat\/wp-content\/uploads\/2022\/03\/GINESTA\u0300-_FOTO-OFICIAL-CONCERTS-2022_vertical_\u00a9Cristina_de_Blas-1-1.jpg","datePublished":"2022-03-30T09:57:46+00:00","dateModified":"2022-05-06T12:43:26+00:00","description":"Buy tickets for the Ginest\u00e0 concert in Barcelona, on July 9th at Cru\u00eflla Festival 2022. Ginest\u00e0 live at Parc del F\u00f2rum, Barcelona","breadcrumb":{"@id":"https:\/\/www.cruillabarcelona.cat\/en\/artists\/els-catarres-2022-2\/#breadcrumb"},"inLanguage":"en-US","potentialAction":[{"@type":"ReadAction","target":["https:\/\/www.cruillabarcelona.cat\/en\/artists\/els-catarres-2022-2\/"]}]},{"@type":"ImageObject","inLanguage":"en-US","@id":"https:\/\/www.cruillabarcelona.cat\/en\/artists\/els-catarres-2022-2\/#primaryimage","url":"https:\/\/www.cruillabarcelona.cat\/wp-content\/uploads\/2022\/03\/GINESTA\u0300-_FOTO-OFICIAL-CONCERTS-2022_vertical_\u00a9Cristina_de_Blas-1-1.jpg","contentUrl":"https:\/\/www.cruillabarcelona.cat\/wp-content\/uploads\/2022\/03\/GINESTA\u0300-_FOTO-OFICIAL-CONCERTS-2022_vertical_\u00a9Cristina_de_Blas-1-1.jpg","width":850,"height":850},{"@type":"BreadcrumbList","@id":"https:\/\/www.cruillabarcelona.cat\/en\/artists\/els-catarres-2022-2\/#breadcrumb","itemListElement":[{"@type":"ListItem","position":1,"name":"Home","item":"https:\/\/www.cruillabarcelona.cat\/en\/"},{"@type":"ListItem","position":2,"name":"Ginest\u00e0"}]},{"@type":"WebSite","@id":"https:\/\/www.cruillabarcelona.cat\/en\/#website","url":"https:\/\/www.cruillabarcelona.cat\/en\/","name":"Festival Cru\u00eflla","description":"","publisher":{"@id":"https:\/\/www.cruillabarcelona.cat\/en\/#organization"},"potentialAction":[{"@type":"SearchAction","target":{"@type":"EntryPoint","urlTemplate":"https:\/\/www.cruillabarcelona.cat\/en\/?s={search_term_string}"},"query-input":{"@type":"PropertyValueSpecification","valueRequired":true,"valueName":"search_term_string"}}],"inLanguage":"en-US"},{"@type":"Organization","@id":"https:\/\/www.cruillabarcelona.cat\/en\/#organization","name":"Festival Cru\u00eflla","url":"https:\/\/www.cruillabarcelona.cat\/en\/","logo":{"@type":"ImageObject","inLanguage":"en-US","@id":"https:\/\/www.cruillabarcelona.cat\/en\/#\/schema\/logo\/image\/","url":"https:\/\/www.cruillabarcelona.cat\/wp-content\/uploads\/2025\/12\/cruill-logo-negativo.png","contentUrl":"https:\/\/www.cruillabarcelona.cat\/wp-content\/uploads\/2025\/12\/cruill-logo-negativo.png","width":400,"height":101,"caption":"Festival Cru\u00eflla"},"image":{"@id":"https:\/\/www.cruillabarcelona.cat\/en\/#\/schema\/logo\/image\/"}}]}},"_links":{"self":[{"href":"https:\/\/www.cruillabarcelona.cat\/en\/wp-json\/wp\/v2\/artists\/42244","targetHints":{"allow":["GET"]}}],"collection":[{"href":"https:\/\/www.cruillabarcelona.cat\/en\/wp-json\/wp\/v2\/artists"}],"about":[{"href":"https:\/\/www.cruillabarcelona.cat\/en\/wp-json\/wp\/v2\/types\/artists"}],"acf:term":[{"embeddable":true,"taxonomy":"artists_location","href":"https:\/\/www.cruillabarcelona.cat\/en\/wp-json\/wp\/v2\/artists_location\/875"},{"embeddable":true,"taxonomy":"artists_edition","href":"https:\/\/www.cruillabarcelona.cat\/en\/wp-json\/wp\/v2\/artists_edition\/834"}],"wp:featuredmedia":[{"embeddable":true,"href":"https:\/\/www.cruillabarcelona.cat\/en\/wp-json\/wp\/v2\/media\/42278"}],"wp:attachment":[{"href":"https:\/\/www.cruillabarcelona.cat\/en\/wp-json\/wp\/v2\/media?parent=42244"}],"wp:term":[{"taxonomy":"artists_edition","embeddable":true,"href":"https:\/\/www.cruillabarcelona.cat\/en\/wp-json\/wp\/v2\/artists_edition?post=42244"}],"curies":[{"name":"wp","href":"https:\/\/api.w.org\/{rel}","templated":true}]}}