{"id":55923,"date":"2025-02-06T13:53:14","date_gmt":"2025-02-06T11:53:14","guid":{"rendered":"https:\/\/www.cruillabarcelona.cat\/?post_type=artists&#038;p=55923"},"modified":"2025-06-04T10:49:08","modified_gmt":"2025-06-04T08:49:08","slug":"gracie-abrams","status":"publish","type":"artists","link":"https:\/\/www.cruillabarcelona.cat\/en\/artists\/gracie-abrams\/","title":{"rendered":"Gracie Abrams"},"content":{"rendered":"<h2>Gracie Abrams IN CONCERT AT FESTIVAL\u00a0CRU\u00cfLLA 2025!<\/h2>\n<h3>The magic of intimacy<\/h3>\n<p>Transforming her emotional proximity into an intimate pop style that is captivating an entire new generation,\u00a0<strong>Gracie Abrams<\/strong>\u00a0is\u00a0<strong>one<\/strong>\u00a0of the most fascinating singer-songwriters of the moment. With songs like &#8220;That\u2019s So True&#8221; and \u201cI Love You, I\u2019m Sorry\u201d, she has managed to make her audience feel her stories, achieving streaming records and receiving\u00a0<strong>multiple GRAMMY\u00ae nominations<\/strong>.<\/p>\n<p>With a delicate style and a voice that is\u00a0<strong>sweet yet powerful,<\/strong>\u00a0seemingly made to provide the soundtrack for the most personal and introspective moments, this young singer\u00a0magically makes you feel something special; like she is singing to you, directly to you, &#8220;Close to You&#8221;. And on the upcoming Wednesday,\u00a0<strong>July 9<\/strong><strong>th<\/strong><strong>,\u00a0<\/strong>we\u2019ll experience that unique proximity at the\u00a0<strong>Festival<\/strong><strong>\u00a0<\/strong><strong>Cru\u00eflla 2025!<\/strong><\/p>\n<hr \/>\n<p style=\"text-align: center;\"><em><b>Get your tickets for the Festival Cru\u00eflla 2025 here<\/b><\/em><\/p>\n<p style=\"text-align: center;\"><em>Get your Wednesday ticket for \u20ac50 before the price change on April 1st.<\/em><\/p>\n<p style=\"text-align: center;\"><a class=\"efsbutton button \" target=\"_blank\">TICKETS<\/a><\/p>\n<hr \/>\n<p>In February 2023, Gracie released her highly anticipated debut album, &#8216;<strong>Good Riddance&#8217;<\/strong>, and presented it on a North American tour that sold out in less than an hour. After being an opening act for\u00a0<strong>Taylor Swift\u00a0<\/strong>on several dates of her historic\u00a0&#8216;The Eras Tour&#8217;, in June 2023, Abrams released her second album, &#8216;<strong>The Secret of Us&#8217;<\/strong>, which received a spectacular reception.<\/p>\n<p>Her worldwide\u00a0&#8216;The Secret of Us Tour&#8217;, has managed to<strong>\u00a0connect with the souls of the thousands of listeners\u00a0<\/strong>who seek beauty in vulnerability and strength in moments of fragility. On<strong>\u00a0July 9<\/strong><strong>th<\/strong><strong>,\u00a0<\/strong>she will perform at\u00a0<strong>Parc del F\u00f2rum in Barcelona,<\/strong>\u00a0offering us an\u00a0<strong>unforgettable evening\u00a0<\/strong>where words and music blend to\u00a0<strong>create a connection\u00a0<\/strong>that will surely be memorable!<\/p>\n<!-- auto-added video if acf\/single-artist-video not used  --> <iframe style=\"width: 100%;max-width: 100%;height: auto;aspect-ratio: 16 \/ 9;\" src=\"https:\/\/www.youtube-nocookie.com\/embed\/qVl0AuoWukM\" frameborder=\"0\" allow=\"accelerometer; autoplay; encrypted-media; gyroscope; picture-in-picture\" allowfullscreen><\/iframe>","protected":false},"featured_media":55898,"template":"","meta":{"_acf_changed":false},"artists_edition":[893],"class_list":["post-55923","artists","type-artists","status-publish","has-post-thumbnail","hentry","artists_location-escenari-estrella-damm","artists_edition-893"],"acf":{"_thumbnail_id":55898,"youtube_player":"qVl0AuoWukM","artist_edition":[893],"artist_date":"20250709","artist_time":"21:30","artist_time_2":"","artist_location":[888],"artist_ticket_url":"https:\/\/www.cruillabarcelona.cat\/en\/tickets\/","artist_ticket_status":"","artist_extra_date__show":false,"artist_extra_date_2":null,"artist_time_of_date2":"","artist_extra_date_3":null,"artist_time_of_date3":"","artist_extra_date_4":null,"artist_time_of_date4":"","artist_extra_date_5":null,"artist_time_of_date5":"","artist_date__show_month":true,"artist_sidebar_active":true,"show_in_agenda":true,"artist_sidebar__banner_img":"","artist_sidebar__banner_link":"","artist_hero_content":"Festival Cru\u00eflla 2025","artist_style":false,"artist_nationality":false,"artist_audience_age":false},"yoast_head":"<!-- This site is optimized with the Yoast SEO plugin v27.4 - https:\/\/yoast.com\/product\/yoast-seo-wordpress\/ -->\n<title>Gracie Abrams concert at the Festival Cru\u00eflla, July 9th in Barcelona<\/title>\n<meta name=\"description\" content=\"Buy tickets for the Gracie Abrams concert at the Festival Cru\u00eflla 2025 ,on July 9th at the Parc del F\u00f2rum in Barcelona.\" \/>\n<meta name=\"robots\" content=\"index, follow, max-snippet:-1, max-image-preview:large, max-video-preview:-1\" \/>\n<link rel=\"canonical\" href=\"https:\/\/www.cruillabarcelona.cat\/en\/artists\/gracie-abrams\/\" \/>\n<meta property=\"og:locale\" content=\"en_US\" \/>\n<meta property=\"og:type\" content=\"article\" \/>\n<meta property=\"og:title\" content=\"Gracie Abrams concert at the Festival Cru\u00eflla, July 9th in Barcelona\" \/>\n<meta property=\"og:description\" content=\"Buy tickets for the Gracie Abrams concert at the Festival Cru\u00eflla 2025 ,on July 9th at the Parc del F\u00f2rum in Barcelona.\" \/>\n<meta property=\"og:url\" content=\"https:\/\/www.cruillabarcelona.cat\/en\/artists\/gracie-abrams\/\" \/>\n<meta property=\"og:site_name\" content=\"Festival Cru\u00eflla\" \/>\n<meta property=\"article:modified_time\" content=\"2025-06-04T08:49:08+00:00\" \/>\n<meta property=\"og:image\" content=\"https:\/\/www.cruillabarcelona.cat\/wp-content\/uploads\/2025\/01\/PC_-Abby-Waisler-2-1.jpeg\" \/>\n\t<meta property=\"og:image:width\" content=\"1000\" \/>\n\t<meta property=\"og:image:height\" content=\"1000\" \/>\n\t<meta property=\"og:image:type\" content=\"image\/jpeg\" \/>\n<meta name=\"twitter:card\" content=\"summary_large_image\" \/>\n<meta name=\"twitter:label1\" content=\"Est. reading time\" \/>\n\t<meta name=\"twitter:data1\" content=\"2 minutes\" \/>\n<script type=\"application\/ld+json\" class=\"yoast-schema-graph\">{\"@context\":\"https:\\\/\\\/schema.org\",\"@graph\":[{\"@type\":\"WebPage\",\"@id\":\"https:\\\/\\\/www.cruillabarcelona.cat\\\/en\\\/artists\\\/gracie-abrams\\\/\",\"url\":\"https:\\\/\\\/www.cruillabarcelona.cat\\\/en\\\/artists\\\/gracie-abrams\\\/\",\"name\":\"Gracie Abrams concert at the Festival Cru\u00eflla, July 9th in Barcelona\",\"isPartOf\":{\"@id\":\"https:\\\/\\\/www.cruillabarcelona.cat\\\/en\\\/#website\"},\"primaryImageOfPage\":{\"@id\":\"https:\\\/\\\/www.cruillabarcelona.cat\\\/en\\\/artists\\\/gracie-abrams\\\/#primaryimage\"},\"image\":{\"@id\":\"https:\\\/\\\/www.cruillabarcelona.cat\\\/en\\\/artists\\\/gracie-abrams\\\/#primaryimage\"},\"thumbnailUrl\":\"https:\\\/\\\/www.cruillabarcelona.cat\\\/wp-content\\\/uploads\\\/2025\\\/01\\\/PC_-Abby-Waisler-2-1.jpeg\",\"datePublished\":\"2025-02-06T11:53:14+00:00\",\"dateModified\":\"2025-06-04T08:49:08+00:00\",\"description\":\"Buy tickets for the Gracie Abrams concert at the Festival Cru\u00eflla 2025 ,on July 9th at the Parc del F\u00f2rum in Barcelona.\",\"breadcrumb\":{\"@id\":\"https:\\\/\\\/www.cruillabarcelona.cat\\\/en\\\/artists\\\/gracie-abrams\\\/#breadcrumb\"},\"inLanguage\":\"en-US\",\"potentialAction\":[{\"@type\":\"ReadAction\",\"target\":[\"https:\\\/\\\/www.cruillabarcelona.cat\\\/en\\\/artists\\\/gracie-abrams\\\/\"]}]},{\"@type\":\"ImageObject\",\"inLanguage\":\"en-US\",\"@id\":\"https:\\\/\\\/www.cruillabarcelona.cat\\\/en\\\/artists\\\/gracie-abrams\\\/#primaryimage\",\"url\":\"https:\\\/\\\/www.cruillabarcelona.cat\\\/wp-content\\\/uploads\\\/2025\\\/01\\\/PC_-Abby-Waisler-2-1.jpeg\",\"contentUrl\":\"https:\\\/\\\/www.cruillabarcelona.cat\\\/wp-content\\\/uploads\\\/2025\\\/01\\\/PC_-Abby-Waisler-2-1.jpeg\",\"width\":1000,\"height\":1000},{\"@type\":\"BreadcrumbList\",\"@id\":\"https:\\\/\\\/www.cruillabarcelona.cat\\\/en\\\/artists\\\/gracie-abrams\\\/#breadcrumb\",\"itemListElement\":[{\"@type\":\"ListItem\",\"position\":1,\"name\":\"Home\",\"item\":\"https:\\\/\\\/www.cruillabarcelona.cat\\\/en\\\/\"},{\"@type\":\"ListItem\",\"position\":2,\"name\":\"Gracie Abrams\"}]},{\"@type\":\"WebSite\",\"@id\":\"https:\\\/\\\/www.cruillabarcelona.cat\\\/en\\\/#website\",\"url\":\"https:\\\/\\\/www.cruillabarcelona.cat\\\/en\\\/\",\"name\":\"Festival Cru\u00eflla\",\"description\":\"\",\"publisher\":{\"@id\":\"https:\\\/\\\/www.cruillabarcelona.cat\\\/en\\\/#organization\"},\"potentialAction\":[{\"@type\":\"SearchAction\",\"target\":{\"@type\":\"EntryPoint\",\"urlTemplate\":\"https:\\\/\\\/www.cruillabarcelona.cat\\\/en\\\/?s={search_term_string}\"},\"query-input\":{\"@type\":\"PropertyValueSpecification\",\"valueRequired\":true,\"valueName\":\"search_term_string\"}}],\"inLanguage\":\"en-US\"},{\"@type\":\"Organization\",\"@id\":\"https:\\\/\\\/www.cruillabarcelona.cat\\\/en\\\/#organization\",\"name\":\"Festival Cru\u00eflla\",\"url\":\"https:\\\/\\\/www.cruillabarcelona.cat\\\/en\\\/\",\"logo\":{\"@type\":\"ImageObject\",\"inLanguage\":\"en-US\",\"@id\":\"https:\\\/\\\/www.cruillabarcelona.cat\\\/en\\\/#\\\/schema\\\/logo\\\/image\\\/\",\"url\":\"https:\\\/\\\/www.cruillabarcelona.cat\\\/wp-content\\\/uploads\\\/2025\\\/12\\\/cruill-logo-negativo.png\",\"contentUrl\":\"https:\\\/\\\/www.cruillabarcelona.cat\\\/wp-content\\\/uploads\\\/2025\\\/12\\\/cruill-logo-negativo.png\",\"width\":400,\"height\":101,\"caption\":\"Festival Cru\u00eflla\"},\"image\":{\"@id\":\"https:\\\/\\\/www.cruillabarcelona.cat\\\/en\\\/#\\\/schema\\\/logo\\\/image\\\/\"}}]}<\/script>\n<!-- \/ Yoast SEO plugin. -->","yoast_head_json":{"title":"Gracie Abrams concert at the Festival Cru\u00eflla, July 9th in Barcelona","description":"Buy tickets for the Gracie Abrams concert at the Festival Cru\u00eflla 2025 ,on July 9th at the Parc del F\u00f2rum in Barcelona.","robots":{"index":"index","follow":"follow","max-snippet":"max-snippet:-1","max-image-preview":"max-image-preview:large","max-video-preview":"max-video-preview:-1"},"canonical":"https:\/\/www.cruillabarcelona.cat\/en\/artists\/gracie-abrams\/","og_locale":"en_US","og_type":"article","og_title":"Gracie Abrams concert at the Festival Cru\u00eflla, July 9th in Barcelona","og_description":"Buy tickets for the Gracie Abrams concert at the Festival Cru\u00eflla 2025 ,on July 9th at the Parc del F\u00f2rum in Barcelona.","og_url":"https:\/\/www.cruillabarcelona.cat\/en\/artists\/gracie-abrams\/","og_site_name":"Festival Cru\u00eflla","article_modified_time":"2025-06-04T08:49:08+00:00","og_image":[{"width":1000,"height":1000,"url":"https:\/\/www.cruillabarcelona.cat\/wp-content\/uploads\/2025\/01\/PC_-Abby-Waisler-2-1.jpeg","type":"image\/jpeg"}],"twitter_card":"summary_large_image","twitter_misc":{"Est. reading time":"2 minutes"},"schema":{"@context":"https:\/\/schema.org","@graph":[{"@type":"WebPage","@id":"https:\/\/www.cruillabarcelona.cat\/en\/artists\/gracie-abrams\/","url":"https:\/\/www.cruillabarcelona.cat\/en\/artists\/gracie-abrams\/","name":"Gracie Abrams concert at the Festival Cru\u00eflla, July 9th in Barcelona","isPartOf":{"@id":"https:\/\/www.cruillabarcelona.cat\/en\/#website"},"primaryImageOfPage":{"@id":"https:\/\/www.cruillabarcelona.cat\/en\/artists\/gracie-abrams\/#primaryimage"},"image":{"@id":"https:\/\/www.cruillabarcelona.cat\/en\/artists\/gracie-abrams\/#primaryimage"},"thumbnailUrl":"https:\/\/www.cruillabarcelona.cat\/wp-content\/uploads\/2025\/01\/PC_-Abby-Waisler-2-1.jpeg","datePublished":"2025-02-06T11:53:14+00:00","dateModified":"2025-06-04T08:49:08+00:00","description":"Buy tickets for the Gracie Abrams concert at the Festival Cru\u00eflla 2025 ,on July 9th at the Parc del F\u00f2rum in Barcelona.","breadcrumb":{"@id":"https:\/\/www.cruillabarcelona.cat\/en\/artists\/gracie-abrams\/#breadcrumb"},"inLanguage":"en-US","potentialAction":[{"@type":"ReadAction","target":["https:\/\/www.cruillabarcelona.cat\/en\/artists\/gracie-abrams\/"]}]},{"@type":"ImageObject","inLanguage":"en-US","@id":"https:\/\/www.cruillabarcelona.cat\/en\/artists\/gracie-abrams\/#primaryimage","url":"https:\/\/www.cruillabarcelona.cat\/wp-content\/uploads\/2025\/01\/PC_-Abby-Waisler-2-1.jpeg","contentUrl":"https:\/\/www.cruillabarcelona.cat\/wp-content\/uploads\/2025\/01\/PC_-Abby-Waisler-2-1.jpeg","width":1000,"height":1000},{"@type":"BreadcrumbList","@id":"https:\/\/www.cruillabarcelona.cat\/en\/artists\/gracie-abrams\/#breadcrumb","itemListElement":[{"@type":"ListItem","position":1,"name":"Home","item":"https:\/\/www.cruillabarcelona.cat\/en\/"},{"@type":"ListItem","position":2,"name":"Gracie Abrams"}]},{"@type":"WebSite","@id":"https:\/\/www.cruillabarcelona.cat\/en\/#website","url":"https:\/\/www.cruillabarcelona.cat\/en\/","name":"Festival Cru\u00eflla","description":"","publisher":{"@id":"https:\/\/www.cruillabarcelona.cat\/en\/#organization"},"potentialAction":[{"@type":"SearchAction","target":{"@type":"EntryPoint","urlTemplate":"https:\/\/www.cruillabarcelona.cat\/en\/?s={search_term_string}"},"query-input":{"@type":"PropertyValueSpecification","valueRequired":true,"valueName":"search_term_string"}}],"inLanguage":"en-US"},{"@type":"Organization","@id":"https:\/\/www.cruillabarcelona.cat\/en\/#organization","name":"Festival Cru\u00eflla","url":"https:\/\/www.cruillabarcelona.cat\/en\/","logo":{"@type":"ImageObject","inLanguage":"en-US","@id":"https:\/\/www.cruillabarcelona.cat\/en\/#\/schema\/logo\/image\/","url":"https:\/\/www.cruillabarcelona.cat\/wp-content\/uploads\/2025\/12\/cruill-logo-negativo.png","contentUrl":"https:\/\/www.cruillabarcelona.cat\/wp-content\/uploads\/2025\/12\/cruill-logo-negativo.png","width":400,"height":101,"caption":"Festival Cru\u00eflla"},"image":{"@id":"https:\/\/www.cruillabarcelona.cat\/en\/#\/schema\/logo\/image\/"}}]}},"_links":{"self":[{"href":"https:\/\/www.cruillabarcelona.cat\/en\/wp-json\/wp\/v2\/artists\/55923","targetHints":{"allow":["GET"]}}],"collection":[{"href":"https:\/\/www.cruillabarcelona.cat\/en\/wp-json\/wp\/v2\/artists"}],"about":[{"href":"https:\/\/www.cruillabarcelona.cat\/en\/wp-json\/wp\/v2\/types\/artists"}],"acf:term":[{"embeddable":true,"taxonomy":"artists_location","href":"https:\/\/www.cruillabarcelona.cat\/en\/wp-json\/wp\/v2\/artists_location\/888"},{"embeddable":true,"taxonomy":"artists_edition","href":"https:\/\/www.cruillabarcelona.cat\/en\/wp-json\/wp\/v2\/artists_edition\/893"}],"wp:featuredmedia":[{"embeddable":true,"href":"https:\/\/www.cruillabarcelona.cat\/en\/wp-json\/wp\/v2\/media\/55898"}],"wp:attachment":[{"href":"https:\/\/www.cruillabarcelona.cat\/en\/wp-json\/wp\/v2\/media?parent=55923"}],"wp:term":[{"taxonomy":"artists_edition","embeddable":true,"href":"https:\/\/www.cruillabarcelona.cat\/en\/wp-json\/wp\/v2\/artists_edition?post=55923"}],"curies":[{"name":"wp","href":"https:\/\/api.w.org\/{rel}","templated":true}]}}