{"id":56026,"date":"2025-02-06T13:53:15","date_gmt":"2025-02-06T11:53:15","guid":{"rendered":"https:\/\/www.cruillabarcelona.cat\/?post_type=artists&#038;p=56026"},"modified":"2025-06-04T10:54:31","modified_gmt":"2025-06-04T08:54:31","slug":"nsqk","status":"publish","type":"artists","link":"https:\/\/www.cruillabarcelona.cat\/en\/artists\/nsqk\/","title":{"rendered":"Nsqk"},"content":{"rendered":"<h2>Nsqk IN CONCERT AT FESTIVAL\u00a0CRU\u00cfLLA 2025!<\/h2>\n<h3>Unlike Any Other<\/h3>\n<p>The alternative urban pop scene has a name that resonates loudly:\u00a0<strong>Nsqk<\/strong>. The artist and producer from Monterrey, Mexico, has positioned himself as one of the\u00a0<strong>most innovative<\/strong>\u00a0figures in contemporary Latin music. From the release of his debut album ROY to the resounding success of ATP (A\u00fan Te Pienso), Nsqk has captured the attention of fans and critics alike with his\u00a0<strong>unique blend of rhythms combining rap, reggaeton, R&amp;B, and Mexican music,<\/strong>\u00a0creating a totally new sound that has broken the barriers of traditional genres.<\/p>\n<p>His ability to connect with audiences through sincere lyrics and an electrifying stage presence has made him an\u00a0<strong>idol for new generations.\u00a0<\/strong>His live performances are a one-of-a-kind experience:\u00a0<strong>vibrant, energetic, and absolutely authentic<\/strong>, and on\u00a0<strong>Wednesday, July 9th<\/strong>, we&#8217;ll get to experience it at the\u00a0<strong>Festival Cru\u00eflla 2025!<\/strong><\/p>\n<hr \/>\n<p style=\"text-align: center;\"><em><b>Get your tickets for the Festival Cru\u00eflla 2025 here:<\/b><\/em><\/p>\n<p style=\"text-align: center;\"><a class=\"efsbutton button \" target=\"_blank\">TICKETS<\/a><\/p>\n<hr \/>\n<p>With his recent release and the spectacular\u00a0<strong>&#8216;ALTER EGO TOUR&#8217;<\/strong>, which has sold out venues in Mexico, South America, and the United States, Nsqk has proven his\u00a0<strong>unstoppable power\u00a0<\/strong>as an artist. From his first international tour to sold-out shows in Brooklyn and San Diego, his impact is undeniable. His album &#8216;<strong>ATP&#8217;<\/strong>\u00a0has surpassed\u00a0<strong>100 million streams,<\/strong>\u00a0solidifying him as one of the most prominent\u00a0<strong>figures in contemporary music.<\/strong><\/p>\n<p>This summer, Nsqk will arrive at\u00a0<strong>Parc del F\u00f2rum\u00a0<\/strong>to present his most\u00a0<strong>powerful live show.\u00a0<\/strong>With a setlist full of e<strong>motion and true passion,<\/strong>\u00a0it will be a concert that marks a turning point, featuring the personal stamp that has defined his journey:\u00a0<strong>innovation, energy, and freshness.<\/strong><\/p>\n<!-- auto-added video if acf\/single-artist-video not used  --> <iframe style=\"width: 100%;max-width: 100%;height: auto;aspect-ratio: 16 \/ 9;\" src=\"https:\/\/www.youtube-nocookie.com\/embed\/fxlJLrw4OEs\" frameborder=\"0\" allow=\"accelerometer; autoplay; encrypted-media; gyroscope; picture-in-picture\" allowfullscreen><\/iframe>","protected":false},"featured_media":56136,"template":"","meta":{"_acf_changed":false},"artists_edition":[893],"class_list":["post-56026","artists","type-artists","status-publish","has-post-thumbnail","hentry","artists_location-escenari-vueling","artists_edition-893"],"acf":{"_thumbnail_id":56136,"youtube_player":"fxlJLrw4OEs","artist_edition":[893],"artist_date":"20250709","artist_time":"20:15","artist_time_2":"","artist_location":[875],"artist_ticket_url":"https:\/\/www.cruillabarcelona.cat\/en\/tickets\/","artist_ticket_status":"","artist_extra_date__show":false,"artist_extra_date_2":null,"artist_time_of_date2":"","artist_extra_date_3":null,"artist_time_of_date3":"","artist_extra_date_4":null,"artist_time_of_date4":"","artist_extra_date_5":null,"artist_time_of_date5":"","artist_date__show_month":true,"artist_sidebar_active":true,"show_in_agenda":true,"artist_sidebar__banner_img":"","artist_sidebar__banner_link":"","artist_hero_content":"Festival Cru\u00eflla 2025","artist_style":false,"artist_nationality":false,"artist_audience_age":false},"yoast_head":"<!-- This site is optimized with the Yoast SEO plugin v27.4 - https:\/\/yoast.com\/product\/yoast-seo-wordpress\/ -->\n<title>Nsqk concert at the Festival Cru\u00eflla, July 9th in Barcelona<\/title>\n<meta name=\"description\" content=\"Buy tickets for the Nsqk concert at the Festival Cru\u00eflla 2025 ,on July 9th at the Parc del F\u00f2rum in Barcelona.\" \/>\n<meta name=\"robots\" content=\"index, follow, max-snippet:-1, max-image-preview:large, max-video-preview:-1\" \/>\n<link rel=\"canonical\" href=\"https:\/\/www.cruillabarcelona.cat\/en\/artists\/nsqk\/\" \/>\n<meta property=\"og:locale\" content=\"en_US\" \/>\n<meta property=\"og:type\" content=\"article\" \/>\n<meta property=\"og:title\" content=\"Nsqk concert at the Festival Cru\u00eflla, July 9th in Barcelona\" \/>\n<meta property=\"og:description\" content=\"Buy tickets for the Nsqk concert at the Festival Cru\u00eflla 2025 ,on July 9th at the Parc del F\u00f2rum in Barcelona.\" \/>\n<meta property=\"og:url\" content=\"https:\/\/www.cruillabarcelona.cat\/en\/artists\/nsqk\/\" \/>\n<meta property=\"og:site_name\" content=\"Festival Cru\u00eflla\" \/>\n<meta property=\"article:modified_time\" content=\"2025-06-04T08:54:31+00:00\" \/>\n<meta property=\"og:image\" content=\"https:\/\/www.cruillabarcelona.cat\/wp-content\/uploads\/2025\/01\/This-Is-Nsqk-ATP-1.jpg\" \/>\n\t<meta property=\"og:image:width\" content=\"1000\" \/>\n\t<meta property=\"og:image:height\" content=\"1000\" \/>\n\t<meta property=\"og:image:type\" content=\"image\/jpeg\" \/>\n<meta name=\"twitter:card\" content=\"summary_large_image\" \/>\n<meta name=\"twitter:label1\" content=\"Est. reading time\" \/>\n\t<meta name=\"twitter:data1\" content=\"2 minutes\" \/>\n<script type=\"application\/ld+json\" class=\"yoast-schema-graph\">{\"@context\":\"https:\\\/\\\/schema.org\",\"@graph\":[{\"@type\":\"WebPage\",\"@id\":\"https:\\\/\\\/www.cruillabarcelona.cat\\\/en\\\/artists\\\/nsqk\\\/\",\"url\":\"https:\\\/\\\/www.cruillabarcelona.cat\\\/en\\\/artists\\\/nsqk\\\/\",\"name\":\"Nsqk concert at the Festival Cru\u00eflla, July 9th in Barcelona\",\"isPartOf\":{\"@id\":\"https:\\\/\\\/www.cruillabarcelona.cat\\\/en\\\/#website\"},\"primaryImageOfPage\":{\"@id\":\"https:\\\/\\\/www.cruillabarcelona.cat\\\/en\\\/artists\\\/nsqk\\\/#primaryimage\"},\"image\":{\"@id\":\"https:\\\/\\\/www.cruillabarcelona.cat\\\/en\\\/artists\\\/nsqk\\\/#primaryimage\"},\"thumbnailUrl\":\"https:\\\/\\\/www.cruillabarcelona.cat\\\/wp-content\\\/uploads\\\/2025\\\/01\\\/This-Is-Nsqk-ATP-1.jpg\",\"datePublished\":\"2025-02-06T11:53:15+00:00\",\"dateModified\":\"2025-06-04T08:54:31+00:00\",\"description\":\"Buy tickets for the Nsqk concert at the Festival Cru\u00eflla 2025 ,on July 9th at the Parc del F\u00f2rum in Barcelona.\",\"breadcrumb\":{\"@id\":\"https:\\\/\\\/www.cruillabarcelona.cat\\\/en\\\/artists\\\/nsqk\\\/#breadcrumb\"},\"inLanguage\":\"en-US\",\"potentialAction\":[{\"@type\":\"ReadAction\",\"target\":[\"https:\\\/\\\/www.cruillabarcelona.cat\\\/en\\\/artists\\\/nsqk\\\/\"]}]},{\"@type\":\"ImageObject\",\"inLanguage\":\"en-US\",\"@id\":\"https:\\\/\\\/www.cruillabarcelona.cat\\\/en\\\/artists\\\/nsqk\\\/#primaryimage\",\"url\":\"https:\\\/\\\/www.cruillabarcelona.cat\\\/wp-content\\\/uploads\\\/2025\\\/01\\\/This-Is-Nsqk-ATP-1.jpg\",\"contentUrl\":\"https:\\\/\\\/www.cruillabarcelona.cat\\\/wp-content\\\/uploads\\\/2025\\\/01\\\/This-Is-Nsqk-ATP-1.jpg\",\"width\":1000,\"height\":1000},{\"@type\":\"BreadcrumbList\",\"@id\":\"https:\\\/\\\/www.cruillabarcelona.cat\\\/en\\\/artists\\\/nsqk\\\/#breadcrumb\",\"itemListElement\":[{\"@type\":\"ListItem\",\"position\":1,\"name\":\"Home\",\"item\":\"https:\\\/\\\/www.cruillabarcelona.cat\\\/en\\\/\"},{\"@type\":\"ListItem\",\"position\":2,\"name\":\"Nsqk\"}]},{\"@type\":\"WebSite\",\"@id\":\"https:\\\/\\\/www.cruillabarcelona.cat\\\/en\\\/#website\",\"url\":\"https:\\\/\\\/www.cruillabarcelona.cat\\\/en\\\/\",\"name\":\"Festival Cru\u00eflla\",\"description\":\"\",\"publisher\":{\"@id\":\"https:\\\/\\\/www.cruillabarcelona.cat\\\/en\\\/#organization\"},\"potentialAction\":[{\"@type\":\"SearchAction\",\"target\":{\"@type\":\"EntryPoint\",\"urlTemplate\":\"https:\\\/\\\/www.cruillabarcelona.cat\\\/en\\\/?s={search_term_string}\"},\"query-input\":{\"@type\":\"PropertyValueSpecification\",\"valueRequired\":true,\"valueName\":\"search_term_string\"}}],\"inLanguage\":\"en-US\"},{\"@type\":\"Organization\",\"@id\":\"https:\\\/\\\/www.cruillabarcelona.cat\\\/en\\\/#organization\",\"name\":\"Festival Cru\u00eflla\",\"url\":\"https:\\\/\\\/www.cruillabarcelona.cat\\\/en\\\/\",\"logo\":{\"@type\":\"ImageObject\",\"inLanguage\":\"en-US\",\"@id\":\"https:\\\/\\\/www.cruillabarcelona.cat\\\/en\\\/#\\\/schema\\\/logo\\\/image\\\/\",\"url\":\"https:\\\/\\\/www.cruillabarcelona.cat\\\/wp-content\\\/uploads\\\/2025\\\/12\\\/cruill-logo-negativo.png\",\"contentUrl\":\"https:\\\/\\\/www.cruillabarcelona.cat\\\/wp-content\\\/uploads\\\/2025\\\/12\\\/cruill-logo-negativo.png\",\"width\":400,\"height\":101,\"caption\":\"Festival Cru\u00eflla\"},\"image\":{\"@id\":\"https:\\\/\\\/www.cruillabarcelona.cat\\\/en\\\/#\\\/schema\\\/logo\\\/image\\\/\"}}]}<\/script>\n<!-- \/ Yoast SEO plugin. -->","yoast_head_json":{"title":"Nsqk concert at the Festival Cru\u00eflla, July 9th in Barcelona","description":"Buy tickets for the Nsqk concert at the Festival Cru\u00eflla 2025 ,on July 9th at the Parc del F\u00f2rum in Barcelona.","robots":{"index":"index","follow":"follow","max-snippet":"max-snippet:-1","max-image-preview":"max-image-preview:large","max-video-preview":"max-video-preview:-1"},"canonical":"https:\/\/www.cruillabarcelona.cat\/en\/artists\/nsqk\/","og_locale":"en_US","og_type":"article","og_title":"Nsqk concert at the Festival Cru\u00eflla, July 9th in Barcelona","og_description":"Buy tickets for the Nsqk concert at the Festival Cru\u00eflla 2025 ,on July 9th at the Parc del F\u00f2rum in Barcelona.","og_url":"https:\/\/www.cruillabarcelona.cat\/en\/artists\/nsqk\/","og_site_name":"Festival Cru\u00eflla","article_modified_time":"2025-06-04T08:54:31+00:00","og_image":[{"width":1000,"height":1000,"url":"https:\/\/www.cruillabarcelona.cat\/wp-content\/uploads\/2025\/01\/This-Is-Nsqk-ATP-1.jpg","type":"image\/jpeg"}],"twitter_card":"summary_large_image","twitter_misc":{"Est. reading time":"2 minutes"},"schema":{"@context":"https:\/\/schema.org","@graph":[{"@type":"WebPage","@id":"https:\/\/www.cruillabarcelona.cat\/en\/artists\/nsqk\/","url":"https:\/\/www.cruillabarcelona.cat\/en\/artists\/nsqk\/","name":"Nsqk concert at the Festival Cru\u00eflla, July 9th in Barcelona","isPartOf":{"@id":"https:\/\/www.cruillabarcelona.cat\/en\/#website"},"primaryImageOfPage":{"@id":"https:\/\/www.cruillabarcelona.cat\/en\/artists\/nsqk\/#primaryimage"},"image":{"@id":"https:\/\/www.cruillabarcelona.cat\/en\/artists\/nsqk\/#primaryimage"},"thumbnailUrl":"https:\/\/www.cruillabarcelona.cat\/wp-content\/uploads\/2025\/01\/This-Is-Nsqk-ATP-1.jpg","datePublished":"2025-02-06T11:53:15+00:00","dateModified":"2025-06-04T08:54:31+00:00","description":"Buy tickets for the Nsqk concert at the Festival Cru\u00eflla 2025 ,on July 9th at the Parc del F\u00f2rum in Barcelona.","breadcrumb":{"@id":"https:\/\/www.cruillabarcelona.cat\/en\/artists\/nsqk\/#breadcrumb"},"inLanguage":"en-US","potentialAction":[{"@type":"ReadAction","target":["https:\/\/www.cruillabarcelona.cat\/en\/artists\/nsqk\/"]}]},{"@type":"ImageObject","inLanguage":"en-US","@id":"https:\/\/www.cruillabarcelona.cat\/en\/artists\/nsqk\/#primaryimage","url":"https:\/\/www.cruillabarcelona.cat\/wp-content\/uploads\/2025\/01\/This-Is-Nsqk-ATP-1.jpg","contentUrl":"https:\/\/www.cruillabarcelona.cat\/wp-content\/uploads\/2025\/01\/This-Is-Nsqk-ATP-1.jpg","width":1000,"height":1000},{"@type":"BreadcrumbList","@id":"https:\/\/www.cruillabarcelona.cat\/en\/artists\/nsqk\/#breadcrumb","itemListElement":[{"@type":"ListItem","position":1,"name":"Home","item":"https:\/\/www.cruillabarcelona.cat\/en\/"},{"@type":"ListItem","position":2,"name":"Nsqk"}]},{"@type":"WebSite","@id":"https:\/\/www.cruillabarcelona.cat\/en\/#website","url":"https:\/\/www.cruillabarcelona.cat\/en\/","name":"Festival Cru\u00eflla","description":"","publisher":{"@id":"https:\/\/www.cruillabarcelona.cat\/en\/#organization"},"potentialAction":[{"@type":"SearchAction","target":{"@type":"EntryPoint","urlTemplate":"https:\/\/www.cruillabarcelona.cat\/en\/?s={search_term_string}"},"query-input":{"@type":"PropertyValueSpecification","valueRequired":true,"valueName":"search_term_string"}}],"inLanguage":"en-US"},{"@type":"Organization","@id":"https:\/\/www.cruillabarcelona.cat\/en\/#organization","name":"Festival Cru\u00eflla","url":"https:\/\/www.cruillabarcelona.cat\/en\/","logo":{"@type":"ImageObject","inLanguage":"en-US","@id":"https:\/\/www.cruillabarcelona.cat\/en\/#\/schema\/logo\/image\/","url":"https:\/\/www.cruillabarcelona.cat\/wp-content\/uploads\/2025\/12\/cruill-logo-negativo.png","contentUrl":"https:\/\/www.cruillabarcelona.cat\/wp-content\/uploads\/2025\/12\/cruill-logo-negativo.png","width":400,"height":101,"caption":"Festival Cru\u00eflla"},"image":{"@id":"https:\/\/www.cruillabarcelona.cat\/en\/#\/schema\/logo\/image\/"}}]}},"_links":{"self":[{"href":"https:\/\/www.cruillabarcelona.cat\/en\/wp-json\/wp\/v2\/artists\/56026","targetHints":{"allow":["GET"]}}],"collection":[{"href":"https:\/\/www.cruillabarcelona.cat\/en\/wp-json\/wp\/v2\/artists"}],"about":[{"href":"https:\/\/www.cruillabarcelona.cat\/en\/wp-json\/wp\/v2\/types\/artists"}],"acf:term":[{"embeddable":true,"taxonomy":"artists_location","href":"https:\/\/www.cruillabarcelona.cat\/en\/wp-json\/wp\/v2\/artists_location\/875"},{"embeddable":true,"taxonomy":"artists_edition","href":"https:\/\/www.cruillabarcelona.cat\/en\/wp-json\/wp\/v2\/artists_edition\/893"}],"wp:featuredmedia":[{"embeddable":true,"href":"https:\/\/www.cruillabarcelona.cat\/en\/wp-json\/wp\/v2\/media\/56136"}],"wp:attachment":[{"href":"https:\/\/www.cruillabarcelona.cat\/en\/wp-json\/wp\/v2\/media?parent=56026"}],"wp:term":[{"taxonomy":"artists_edition","embeddable":true,"href":"https:\/\/www.cruillabarcelona.cat\/en\/wp-json\/wp\/v2\/artists_edition?post=56026"}],"curies":[{"name":"wp","href":"https:\/\/api.w.org\/{rel}","templated":true}]}}