{"id":56099,"date":"2025-02-06T13:53:15","date_gmt":"2025-02-06T11:53:15","guid":{"rendered":"https:\/\/www.cruillabarcelona.cat\/?post_type=artists&#038;p=56099"},"modified":"2025-06-04T10:57:08","modified_gmt":"2025-06-04T08:57:08","slug":"balma","status":"publish","type":"artists","link":"https:\/\/www.cruillabarcelona.cat\/en\/artists\/balma\/","title":{"rendered":"Balma"},"content":{"rendered":"<h2>Balma IN CONCERT AT FESTIVAL\u00a0CRU\u00cfLLA 2025!<\/h2>\n<h3>The &#8216;Soft Bakala&#8217; Route<\/h3>\n<p>Imagine a universe where\u00a0<strong>electronic melodies<\/strong>\u00a0merge with the raw energy of\u00a0<strong>rave culture,<\/strong>\u00a0but with a soft and playful touch, where each beat invites you to lose yourself in a spiral of sensations. This is the world of\u00a0<strong>BALMA<\/strong>, the creative duo that, with<strong>\u00a0a unique and revolutionary style,<\/strong>\u00a0is redefining the Catalan electronic music scene. Breaking down barriers between House, Drum and Bass, UK Garage, and urban music, BALMA bursts onto the scene with a\u00a0<strong>highly anticipated and authentic proposal.<\/strong><\/p>\n<p>Their live show, inspired by an\u00a0<strong>authentic club session<\/strong>, is an explosion of sounds, instruments, percussion, and vocals that captivates you and transports you to an\u00a0<strong>unforgettable sonic journey<\/strong>. And on\u00a0<strong>Wednesday, July 9th,<\/strong>\u00a0we&#8217;ll be able to experience it at the\u00a0<strong>Festival<\/strong><strong>\u00a0Cru\u00eflla 2025!<\/strong><\/p>\n<hr \/>\n<p style=\"text-align: center;\"><em><b>Get your tickets for the Festival Cru\u00eflla 2025 here:<\/b><\/em><\/p>\n<p style=\"text-align: center;\"><a class=\"efsbutton button \" target=\"_blank\">TICKETS<\/a><\/p>\n<hr \/>\n<p>After the release of their track &#8220;<strong>X083<\/strong>&#8220;, 2024 has been the year of their debut on stage. Their album\u00a0<strong>&#8216;Soft Bakala<\/strong><em>&#8216;<\/em>\u00a0is taking shape, with tracks like &#8220;Prou que m\u2019agrada&#8221; giving us a preview of their musical universe and their desire to dance. With other releases like &#8220;2 Bicis&#8221; and &#8220;Espiral&#8221;, their\u00a0<strong>pop-electronic<\/strong>\u00a0sound and deep club roots blend seamlessly.<\/p>\n<p>&#8216;Soft Bakala&#8217; is not just an album; it&#8217;s a\u00a0<strong>declaration of intent:\u00a0<\/strong>a fusion between the power of the most intense and destructive rave culture and a new, softer, more playful, and introspective perspective. It&#8217;s the celebration of an<strong>\u00a0electronic scene without complexes<\/strong>\u00a0but with a deeper outlook. A journey through emotions and music will stop at the\u00a0<strong>Parc del F\u00f2rum<\/strong>\u00a0for the\u00a0Festival\u00a0Cru\u00eflla 2025!<\/p>\n<!-- auto-added video if acf\/single-artist-video not used  --> <iframe style=\"width: 100%;max-width: 100%;height: auto;aspect-ratio: 16 \/ 9;\" src=\"https:\/\/www.youtube-nocookie.com\/embed\/T0JP_P3MR3w\" frameborder=\"0\" allow=\"accelerometer; autoplay; encrypted-media; gyroscope; picture-in-picture\" allowfullscreen><\/iframe>","protected":false},"featured_media":56102,"template":"","meta":{"_acf_changed":false},"artists_edition":[893],"class_list":["post-56099","artists","type-artists","status-publish","has-post-thumbnail","hentry","artists_location-escenari-vichy-catalan","artists_edition-893"],"acf":{"_thumbnail_id":56102,"youtube_player":"T0JP_P3MR3w","artist_edition":[893],"artist_date":"20250709","artist_time":"21:30","artist_time_2":"","artist_location":[896],"artist_ticket_url":"https:\/\/www.cruillabarcelona.cat\/en\/tickets\/","artist_ticket_status":"","artist_extra_date__show":false,"artist_extra_date_2":null,"artist_time_of_date2":"","artist_extra_date_3":null,"artist_time_of_date3":"","artist_extra_date_4":null,"artist_time_of_date4":"","artist_extra_date_5":null,"artist_time_of_date5":"","artist_date__show_month":true,"artist_sidebar_active":true,"show_in_agenda":true,"artist_sidebar__banner_img":"","artist_sidebar__banner_link":"","artist_hero_content":"Festival Cru\u00eflla 2025","artist_style":false,"artist_nationality":false,"artist_audience_age":false},"yoast_head":"<!-- This site is optimized with the Yoast SEO plugin v27.4 - https:\/\/yoast.com\/product\/yoast-seo-wordpress\/ -->\n<title>Balma concert at the Festival Cru\u00eflla, July 9th in Barcelona<\/title>\n<meta name=\"description\" content=\"Buy tickets for the Balma concert at the Festival Cru\u00eflla 2025 ,on July 9th at the Parc del F\u00f2rum in Barcelona.\" \/>\n<meta name=\"robots\" content=\"index, follow, max-snippet:-1, max-image-preview:large, max-video-preview:-1\" \/>\n<link rel=\"canonical\" href=\"https:\/\/www.cruillabarcelona.cat\/en\/artists\/balma\/\" \/>\n<meta property=\"og:locale\" content=\"en_US\" \/>\n<meta property=\"og:type\" content=\"article\" \/>\n<meta property=\"og:title\" content=\"Balma concert at the Festival Cru\u00eflla, July 9th in Barcelona\" \/>\n<meta property=\"og:description\" content=\"Buy tickets for the Balma concert at the Festival Cru\u00eflla 2025 ,on July 9th at the Parc del F\u00f2rum in Barcelona.\" \/>\n<meta property=\"og:url\" content=\"https:\/\/www.cruillabarcelona.cat\/en\/artists\/balma\/\" \/>\n<meta property=\"og:site_name\" content=\"Festival Cru\u00eflla\" \/>\n<meta property=\"article:modified_time\" content=\"2025-06-04T08:57:08+00:00\" \/>\n<meta property=\"og:image\" content=\"https:\/\/www.cruillabarcelona.cat\/wp-content\/uploads\/2025\/01\/BALMA-4-By-Helena-Roig-i-Aina-Canyelles-1.png\" \/>\n\t<meta property=\"og:image:width\" content=\"1000\" \/>\n\t<meta property=\"og:image:height\" content=\"1000\" \/>\n\t<meta property=\"og:image:type\" content=\"image\/png\" \/>\n<meta name=\"twitter:card\" content=\"summary_large_image\" \/>\n<meta name=\"twitter:label1\" content=\"Est. reading time\" \/>\n\t<meta name=\"twitter:data1\" content=\"2 minutes\" \/>\n<script type=\"application\/ld+json\" class=\"yoast-schema-graph\">{\"@context\":\"https:\\\/\\\/schema.org\",\"@graph\":[{\"@type\":\"WebPage\",\"@id\":\"https:\\\/\\\/www.cruillabarcelona.cat\\\/en\\\/artists\\\/balma\\\/\",\"url\":\"https:\\\/\\\/www.cruillabarcelona.cat\\\/en\\\/artists\\\/balma\\\/\",\"name\":\"Balma concert at the Festival Cru\u00eflla, July 9th in Barcelona\",\"isPartOf\":{\"@id\":\"https:\\\/\\\/www.cruillabarcelona.cat\\\/en\\\/#website\"},\"primaryImageOfPage\":{\"@id\":\"https:\\\/\\\/www.cruillabarcelona.cat\\\/en\\\/artists\\\/balma\\\/#primaryimage\"},\"image\":{\"@id\":\"https:\\\/\\\/www.cruillabarcelona.cat\\\/en\\\/artists\\\/balma\\\/#primaryimage\"},\"thumbnailUrl\":\"https:\\\/\\\/www.cruillabarcelona.cat\\\/wp-content\\\/uploads\\\/2025\\\/01\\\/BALMA-4-By-Helena-Roig-i-Aina-Canyelles-1.png\",\"datePublished\":\"2025-02-06T11:53:15+00:00\",\"dateModified\":\"2025-06-04T08:57:08+00:00\",\"description\":\"Buy tickets for the Balma concert at the Festival Cru\u00eflla 2025 ,on July 9th at the Parc del F\u00f2rum in Barcelona.\",\"breadcrumb\":{\"@id\":\"https:\\\/\\\/www.cruillabarcelona.cat\\\/en\\\/artists\\\/balma\\\/#breadcrumb\"},\"inLanguage\":\"en-US\",\"potentialAction\":[{\"@type\":\"ReadAction\",\"target\":[\"https:\\\/\\\/www.cruillabarcelona.cat\\\/en\\\/artists\\\/balma\\\/\"]}]},{\"@type\":\"ImageObject\",\"inLanguage\":\"en-US\",\"@id\":\"https:\\\/\\\/www.cruillabarcelona.cat\\\/en\\\/artists\\\/balma\\\/#primaryimage\",\"url\":\"https:\\\/\\\/www.cruillabarcelona.cat\\\/wp-content\\\/uploads\\\/2025\\\/01\\\/BALMA-4-By-Helena-Roig-i-Aina-Canyelles-1.png\",\"contentUrl\":\"https:\\\/\\\/www.cruillabarcelona.cat\\\/wp-content\\\/uploads\\\/2025\\\/01\\\/BALMA-4-By-Helena-Roig-i-Aina-Canyelles-1.png\",\"width\":1000,\"height\":1000},{\"@type\":\"BreadcrumbList\",\"@id\":\"https:\\\/\\\/www.cruillabarcelona.cat\\\/en\\\/artists\\\/balma\\\/#breadcrumb\",\"itemListElement\":[{\"@type\":\"ListItem\",\"position\":1,\"name\":\"Home\",\"item\":\"https:\\\/\\\/www.cruillabarcelona.cat\\\/en\\\/\"},{\"@type\":\"ListItem\",\"position\":2,\"name\":\"Balma\"}]},{\"@type\":\"WebSite\",\"@id\":\"https:\\\/\\\/www.cruillabarcelona.cat\\\/en\\\/#website\",\"url\":\"https:\\\/\\\/www.cruillabarcelona.cat\\\/en\\\/\",\"name\":\"Festival Cru\u00eflla\",\"description\":\"\",\"publisher\":{\"@id\":\"https:\\\/\\\/www.cruillabarcelona.cat\\\/en\\\/#organization\"},\"potentialAction\":[{\"@type\":\"SearchAction\",\"target\":{\"@type\":\"EntryPoint\",\"urlTemplate\":\"https:\\\/\\\/www.cruillabarcelona.cat\\\/en\\\/?s={search_term_string}\"},\"query-input\":{\"@type\":\"PropertyValueSpecification\",\"valueRequired\":true,\"valueName\":\"search_term_string\"}}],\"inLanguage\":\"en-US\"},{\"@type\":\"Organization\",\"@id\":\"https:\\\/\\\/www.cruillabarcelona.cat\\\/en\\\/#organization\",\"name\":\"Festival Cru\u00eflla\",\"url\":\"https:\\\/\\\/www.cruillabarcelona.cat\\\/en\\\/\",\"logo\":{\"@type\":\"ImageObject\",\"inLanguage\":\"en-US\",\"@id\":\"https:\\\/\\\/www.cruillabarcelona.cat\\\/en\\\/#\\\/schema\\\/logo\\\/image\\\/\",\"url\":\"https:\\\/\\\/www.cruillabarcelona.cat\\\/wp-content\\\/uploads\\\/2025\\\/12\\\/cruill-logo-negativo.png\",\"contentUrl\":\"https:\\\/\\\/www.cruillabarcelona.cat\\\/wp-content\\\/uploads\\\/2025\\\/12\\\/cruill-logo-negativo.png\",\"width\":400,\"height\":101,\"caption\":\"Festival Cru\u00eflla\"},\"image\":{\"@id\":\"https:\\\/\\\/www.cruillabarcelona.cat\\\/en\\\/#\\\/schema\\\/logo\\\/image\\\/\"}}]}<\/script>\n<!-- \/ Yoast SEO plugin. -->","yoast_head_json":{"title":"Balma concert at the Festival Cru\u00eflla, July 9th in Barcelona","description":"Buy tickets for the Balma concert at the Festival Cru\u00eflla 2025 ,on July 9th at the Parc del F\u00f2rum in Barcelona.","robots":{"index":"index","follow":"follow","max-snippet":"max-snippet:-1","max-image-preview":"max-image-preview:large","max-video-preview":"max-video-preview:-1"},"canonical":"https:\/\/www.cruillabarcelona.cat\/en\/artists\/balma\/","og_locale":"en_US","og_type":"article","og_title":"Balma concert at the Festival Cru\u00eflla, July 9th in Barcelona","og_description":"Buy tickets for the Balma concert at the Festival Cru\u00eflla 2025 ,on July 9th at the Parc del F\u00f2rum in Barcelona.","og_url":"https:\/\/www.cruillabarcelona.cat\/en\/artists\/balma\/","og_site_name":"Festival Cru\u00eflla","article_modified_time":"2025-06-04T08:57:08+00:00","og_image":[{"width":1000,"height":1000,"url":"https:\/\/www.cruillabarcelona.cat\/wp-content\/uploads\/2025\/01\/BALMA-4-By-Helena-Roig-i-Aina-Canyelles-1.png","type":"image\/png"}],"twitter_card":"summary_large_image","twitter_misc":{"Est. reading time":"2 minutes"},"schema":{"@context":"https:\/\/schema.org","@graph":[{"@type":"WebPage","@id":"https:\/\/www.cruillabarcelona.cat\/en\/artists\/balma\/","url":"https:\/\/www.cruillabarcelona.cat\/en\/artists\/balma\/","name":"Balma concert at the Festival Cru\u00eflla, July 9th in Barcelona","isPartOf":{"@id":"https:\/\/www.cruillabarcelona.cat\/en\/#website"},"primaryImageOfPage":{"@id":"https:\/\/www.cruillabarcelona.cat\/en\/artists\/balma\/#primaryimage"},"image":{"@id":"https:\/\/www.cruillabarcelona.cat\/en\/artists\/balma\/#primaryimage"},"thumbnailUrl":"https:\/\/www.cruillabarcelona.cat\/wp-content\/uploads\/2025\/01\/BALMA-4-By-Helena-Roig-i-Aina-Canyelles-1.png","datePublished":"2025-02-06T11:53:15+00:00","dateModified":"2025-06-04T08:57:08+00:00","description":"Buy tickets for the Balma concert at the Festival Cru\u00eflla 2025 ,on July 9th at the Parc del F\u00f2rum in Barcelona.","breadcrumb":{"@id":"https:\/\/www.cruillabarcelona.cat\/en\/artists\/balma\/#breadcrumb"},"inLanguage":"en-US","potentialAction":[{"@type":"ReadAction","target":["https:\/\/www.cruillabarcelona.cat\/en\/artists\/balma\/"]}]},{"@type":"ImageObject","inLanguage":"en-US","@id":"https:\/\/www.cruillabarcelona.cat\/en\/artists\/balma\/#primaryimage","url":"https:\/\/www.cruillabarcelona.cat\/wp-content\/uploads\/2025\/01\/BALMA-4-By-Helena-Roig-i-Aina-Canyelles-1.png","contentUrl":"https:\/\/www.cruillabarcelona.cat\/wp-content\/uploads\/2025\/01\/BALMA-4-By-Helena-Roig-i-Aina-Canyelles-1.png","width":1000,"height":1000},{"@type":"BreadcrumbList","@id":"https:\/\/www.cruillabarcelona.cat\/en\/artists\/balma\/#breadcrumb","itemListElement":[{"@type":"ListItem","position":1,"name":"Home","item":"https:\/\/www.cruillabarcelona.cat\/en\/"},{"@type":"ListItem","position":2,"name":"Balma"}]},{"@type":"WebSite","@id":"https:\/\/www.cruillabarcelona.cat\/en\/#website","url":"https:\/\/www.cruillabarcelona.cat\/en\/","name":"Festival Cru\u00eflla","description":"","publisher":{"@id":"https:\/\/www.cruillabarcelona.cat\/en\/#organization"},"potentialAction":[{"@type":"SearchAction","target":{"@type":"EntryPoint","urlTemplate":"https:\/\/www.cruillabarcelona.cat\/en\/?s={search_term_string}"},"query-input":{"@type":"PropertyValueSpecification","valueRequired":true,"valueName":"search_term_string"}}],"inLanguage":"en-US"},{"@type":"Organization","@id":"https:\/\/www.cruillabarcelona.cat\/en\/#organization","name":"Festival Cru\u00eflla","url":"https:\/\/www.cruillabarcelona.cat\/en\/","logo":{"@type":"ImageObject","inLanguage":"en-US","@id":"https:\/\/www.cruillabarcelona.cat\/en\/#\/schema\/logo\/image\/","url":"https:\/\/www.cruillabarcelona.cat\/wp-content\/uploads\/2025\/12\/cruill-logo-negativo.png","contentUrl":"https:\/\/www.cruillabarcelona.cat\/wp-content\/uploads\/2025\/12\/cruill-logo-negativo.png","width":400,"height":101,"caption":"Festival Cru\u00eflla"},"image":{"@id":"https:\/\/www.cruillabarcelona.cat\/en\/#\/schema\/logo\/image\/"}}]}},"_links":{"self":[{"href":"https:\/\/www.cruillabarcelona.cat\/en\/wp-json\/wp\/v2\/artists\/56099","targetHints":{"allow":["GET"]}}],"collection":[{"href":"https:\/\/www.cruillabarcelona.cat\/en\/wp-json\/wp\/v2\/artists"}],"about":[{"href":"https:\/\/www.cruillabarcelona.cat\/en\/wp-json\/wp\/v2\/types\/artists"}],"acf:term":[{"embeddable":true,"taxonomy":"artists_location","href":"https:\/\/www.cruillabarcelona.cat\/en\/wp-json\/wp\/v2\/artists_location\/896"},{"embeddable":true,"taxonomy":"artists_edition","href":"https:\/\/www.cruillabarcelona.cat\/en\/wp-json\/wp\/v2\/artists_edition\/893"}],"wp:featuredmedia":[{"embeddable":true,"href":"https:\/\/www.cruillabarcelona.cat\/en\/wp-json\/wp\/v2\/media\/56102"}],"wp:attachment":[{"href":"https:\/\/www.cruillabarcelona.cat\/en\/wp-json\/wp\/v2\/media?parent=56099"}],"wp:term":[{"taxonomy":"artists_edition","embeddable":true,"href":"https:\/\/www.cruillabarcelona.cat\/en\/wp-json\/wp\/v2\/artists_edition?post=56099"}],"curies":[{"name":"wp","href":"https:\/\/api.w.org\/{rel}","templated":true}]}}