{"id":8406,"date":"2018-02-21T11:31:58","date_gmt":"2018-02-21T11:31:58","guid":{"rendered":"https:\/\/www.cruillabarcelona.cat\/?post_type=artists&#038;p=8406\/"},"modified":"2018-06-18T13:46:07","modified_gmt":"2018-06-18T11:46:07","slug":"the-new-raemon","status":"publish","type":"artists","link":"https:\/\/www.cruillabarcelona.cat\/en\/artists\/the-new-raemon\/","title":{"rendered":"The New Raemon"},"content":{"rendered":"<h2 style=\"text-align: justify;\">Ram\u00f3n Rodr\u00edguez celebrates 10 years of his alter ego<\/h2>\n<p style=\"text-align: justify;\">To celebrate ten years of The New Raemon, stage name of Catalan singer-songwriter Ram\u00f3n Rodr\u00edguez, the artist announced the launch of two new releases. The first is a book which brings together all of his lyrics, accompanied by illustrations by Paula Bonet, and the second is a compilation of his best songs (plus five new tracks), selected by Ram\u00f3n himself.<\/p>\n<p style=\"text-align: justify;\">Both projects share a name, <em>Quema la memoria, <\/em>and they pay a more than deserved tribute to the ex-member of Madee, which we will be a part of at Cru\u00eflla in what will be the first performance of Cabrils-born Rodr\u00edguez at the festival.<\/p>\n<hr \/>\n<p><a href=\"https:\/\/www.portalticket.com\/entradas\/entrada-de-dissabte\/3687\/cruilla-barcelona\/web\" target=\"_blank\" rel=\"noopener\"><img decoding=\"async\" class=\"aligncenter wp-image-15770 size-full\" src=\"https:\/\/www.cruillabarcelona.cat\/wp-content\/uploads\/2018\/02\/dissabte-en.jpg\" alt=\"\" width=\"600\" height=\"122\" \/><\/a><\/p>\n<p><a href=\"https:\/\/www.portalticket.com\/entradas\/abonament-2-dies--13-i-14-juliol-\/3684\/cruilla-barcelona\/web\" target=\"_blank\" rel=\"noopener\"><img decoding=\"async\" class=\"aligncenter wp-image-15743 size-full\" src=\"https:\/\/www.cruillabarcelona.cat\/wp-content\/uploads\/2018\/02\/abono2-en.jpg\" alt=\"\" width=\"600\" height=\"122\" \/><\/a><\/p>\n<p><a href=\"https:\/\/www.portalticket.com\/entradas\/abonament-cruilla-2018_5498\/1966\/cruilla-barcelona\/web\" target=\"_blank\" rel=\"noopener\"><img decoding=\"async\" class=\"aligncenter wp-image-15752 size-full\" src=\"https:\/\/www.cruillabarcelona.cat\/wp-content\/uploads\/2018\/02\/abono3-en.jpg\" alt=\"\" width=\"600\" height=\"122\" \/><\/a><\/p>\n<p><img decoding=\"async\" class=\"aligncenter wp-image-15327 size-full\" src=\"https:\/\/www.cruillabarcelona.cat\/wp-content\/uploads\/2018\/06\/Cartell-general_low-en.jpg\" alt=\"Cruilla days\" width=\"500\" height=\"705\" srcset=\"https:\/\/www.cruillabarcelona.cat\/wp-content\/uploads\/2018\/06\/Cartell-general_low-en.jpg 500w, https:\/\/www.cruillabarcelona.cat\/wp-content\/uploads\/2018\/06\/Cartell-general_low-en-300x423.jpg 300w\" sizes=\"(max-width: 500px) 100vw, 500px\" \/><\/p>\n<!-- auto-added video if acf\/single-artist-video not used  --> <iframe style=\"width: 100%;max-width: 100%;height: auto;aspect-ratio: 16 \/ 9;\" src=\"https:\/\/www.youtube-nocookie.com\/embed\/qWN43THNXFU\" frameborder=\"0\" allow=\"accelerometer; autoplay; encrypted-media; gyroscope; picture-in-picture\" allowfullscreen><\/iframe>","protected":false},"featured_media":8479,"template":"","meta":{"_acf_changed":false},"artists_edition":[21],"class_list":["post-8406","artists","type-artists","status-publish","has-post-thumbnail","hentry","artists_location-movistar","artists_edition-21"],"acf":{"_thumbnail_id":8479,"youtube_player":"qWN43THNXFU","artist_edition":[21],"artist_date":"20180714","artist_time":"01:15:00","artist_time_2":"","artist_location":[550],"artist_ticket_url":"https:\/\/www.cruillabarcelona.cat\/en\/shop\/","artist_ticket_status":"","artist_extra_date__show":false,"artist_extra_date_2":null,"artist_time_of_date2":"","artist_extra_date_3":null,"artist_time_of_date3":"","artist_extra_date_4":null,"artist_time_of_date4":"","artist_extra_date_5":null,"artist_time_of_date5":"","artist_date__show_month":false,"artist_sidebar_active":false,"show_in_agenda":false,"artist_sidebar__banner_img":null,"artist_sidebar__banner_link":"","artist_hero_content":"<p style=\"text-align: center;\">July 14th at Festival Cru\u00eflla<\/p>","artist_style":false,"artist_nationality":false,"artist_audience_age":false},"yoast_head":"<!-- This site is optimized with the Yoast SEO plugin v27.5 - https:\/\/yoast.com\/product\/yoast-seo-wordpress\/ -->\n<title>The New Raemon celebrates his 10-year project at Festival Cru\u00eflla 2018<\/title>\n<meta name=\"description\" content=\"Ram\u00f3n Rodr\u00edguez, better known for his artistic name The New Raemon, will perform his album \u201cQuema la memoria\u201d at Festival Cru\u00eflla 2018, on Saturday, July 14th.\" \/>\n<meta name=\"robots\" content=\"index, follow, max-snippet:-1, max-image-preview:large, max-video-preview:-1\" \/>\n<link rel=\"canonical\" href=\"https:\/\/www.cruillabarcelona.cat\/en\/artists\/the-new-raemon\/\" \/>\n<meta property=\"og:locale\" content=\"en_US\" \/>\n<meta property=\"og:type\" content=\"article\" \/>\n<meta property=\"og:title\" content=\"The New Raemon celebrates his 10-year project at Festival Cru\u00eflla 2018\" \/>\n<meta property=\"og:description\" content=\"Ram\u00f3n Rodr\u00edguez, better known for his artistic name The New Raemon, will perform his album \u201cQuema la memoria\u201d at Festival Cru\u00eflla 2018, on Saturday, July 14th.\" \/>\n<meta property=\"og:url\" content=\"https:\/\/www.cruillabarcelona.cat\/en\/artists\/the-new-raemon\/\" \/>\n<meta property=\"og:site_name\" content=\"Festival Cru\u00eflla\" \/>\n<meta property=\"article:modified_time\" content=\"2018-06-18T11:46:07+00:00\" \/>\n<meta property=\"og:image\" content=\"https:\/\/www.cruillabarcelona.cat\/wp-content\/uploads\/2018\/02\/The-New-Raemon-web.jpg\" \/>\n\t<meta property=\"og:image:width\" content=\"1080\" \/>\n\t<meta property=\"og:image:height\" content=\"1080\" \/>\n\t<meta property=\"og:image:type\" content=\"image\/jpeg\" \/>\n<meta name=\"twitter:card\" content=\"summary_large_image\" \/>\n<meta name=\"twitter:label1\" content=\"Est. reading time\" \/>\n\t<meta name=\"twitter:data1\" content=\"1 minute\" \/>\n<script type=\"application\/ld+json\" class=\"yoast-schema-graph\">{\"@context\":\"https:\\\/\\\/schema.org\",\"@graph\":[{\"@type\":\"WebPage\",\"@id\":\"https:\\\/\\\/www.cruillabarcelona.cat\\\/en\\\/artists\\\/the-new-raemon\\\/\",\"url\":\"https:\\\/\\\/www.cruillabarcelona.cat\\\/en\\\/artists\\\/the-new-raemon\\\/\",\"name\":\"The New Raemon celebrates his 10-year project at Festival Cru\u00eflla 2018\",\"isPartOf\":{\"@id\":\"https:\\\/\\\/www.cruillabarcelona.cat\\\/en\\\/#website\"},\"primaryImageOfPage\":{\"@id\":\"https:\\\/\\\/www.cruillabarcelona.cat\\\/en\\\/artists\\\/the-new-raemon\\\/#primaryimage\"},\"image\":{\"@id\":\"https:\\\/\\\/www.cruillabarcelona.cat\\\/en\\\/artists\\\/the-new-raemon\\\/#primaryimage\"},\"thumbnailUrl\":\"https:\\\/\\\/www.cruillabarcelona.cat\\\/wp-content\\\/uploads\\\/2018\\\/02\\\/The-New-Raemon-web.jpg\",\"datePublished\":\"2018-02-21T11:31:58+00:00\",\"dateModified\":\"2018-06-18T11:46:07+00:00\",\"description\":\"Ram\u00f3n Rodr\u00edguez, better known for his artistic name The New Raemon, will perform his album \u201cQuema la memoria\u201d at Festival Cru\u00eflla 2018, on Saturday, July 14th.\",\"breadcrumb\":{\"@id\":\"https:\\\/\\\/www.cruillabarcelona.cat\\\/en\\\/artists\\\/the-new-raemon\\\/#breadcrumb\"},\"inLanguage\":\"en-US\",\"potentialAction\":[{\"@type\":\"ReadAction\",\"target\":[\"https:\\\/\\\/www.cruillabarcelona.cat\\\/en\\\/artists\\\/the-new-raemon\\\/\"]}]},{\"@type\":\"ImageObject\",\"inLanguage\":\"en-US\",\"@id\":\"https:\\\/\\\/www.cruillabarcelona.cat\\\/en\\\/artists\\\/the-new-raemon\\\/#primaryimage\",\"url\":\"https:\\\/\\\/www.cruillabarcelona.cat\\\/wp-content\\\/uploads\\\/2018\\\/02\\\/The-New-Raemon-web.jpg\",\"contentUrl\":\"https:\\\/\\\/www.cruillabarcelona.cat\\\/wp-content\\\/uploads\\\/2018\\\/02\\\/The-New-Raemon-web.jpg\",\"width\":1080,\"height\":1080,\"caption\":\"The New Raemon\"},{\"@type\":\"BreadcrumbList\",\"@id\":\"https:\\\/\\\/www.cruillabarcelona.cat\\\/en\\\/artists\\\/the-new-raemon\\\/#breadcrumb\",\"itemListElement\":[{\"@type\":\"ListItem\",\"position\":1,\"name\":\"Home\",\"item\":\"https:\\\/\\\/www.cruillabarcelona.cat\\\/en\\\/\"},{\"@type\":\"ListItem\",\"position\":2,\"name\":\"The New Raemon\"}]},{\"@type\":\"WebSite\",\"@id\":\"https:\\\/\\\/www.cruillabarcelona.cat\\\/en\\\/#website\",\"url\":\"https:\\\/\\\/www.cruillabarcelona.cat\\\/en\\\/\",\"name\":\"Festival Cru\u00eflla\",\"description\":\"\",\"publisher\":{\"@id\":\"https:\\\/\\\/www.cruillabarcelona.cat\\\/en\\\/#organization\"},\"potentialAction\":[{\"@type\":\"SearchAction\",\"target\":{\"@type\":\"EntryPoint\",\"urlTemplate\":\"https:\\\/\\\/www.cruillabarcelona.cat\\\/en\\\/?s={search_term_string}\"},\"query-input\":{\"@type\":\"PropertyValueSpecification\",\"valueRequired\":true,\"valueName\":\"search_term_string\"}}],\"inLanguage\":\"en-US\"},{\"@type\":\"Organization\",\"@id\":\"https:\\\/\\\/www.cruillabarcelona.cat\\\/en\\\/#organization\",\"name\":\"Festival Cru\u00eflla\",\"url\":\"https:\\\/\\\/www.cruillabarcelona.cat\\\/en\\\/\",\"logo\":{\"@type\":\"ImageObject\",\"inLanguage\":\"en-US\",\"@id\":\"https:\\\/\\\/www.cruillabarcelona.cat\\\/en\\\/#\\\/schema\\\/logo\\\/image\\\/\",\"url\":\"https:\\\/\\\/www.cruillabarcelona.cat\\\/wp-content\\\/uploads\\\/2025\\\/12\\\/cruill-logo-negativo.png\",\"contentUrl\":\"https:\\\/\\\/www.cruillabarcelona.cat\\\/wp-content\\\/uploads\\\/2025\\\/12\\\/cruill-logo-negativo.png\",\"width\":400,\"height\":101,\"caption\":\"Festival Cru\u00eflla\"},\"image\":{\"@id\":\"https:\\\/\\\/www.cruillabarcelona.cat\\\/en\\\/#\\\/schema\\\/logo\\\/image\\\/\"}}]}<\/script>\n<!-- \/ Yoast SEO plugin. -->","yoast_head_json":{"title":"The New Raemon celebrates his 10-year project at Festival Cru\u00eflla 2018","description":"Ram\u00f3n Rodr\u00edguez, better known for his artistic name The New Raemon, will perform his album \u201cQuema la memoria\u201d at Festival Cru\u00eflla 2018, on Saturday, July 14th.","robots":{"index":"index","follow":"follow","max-snippet":"max-snippet:-1","max-image-preview":"max-image-preview:large","max-video-preview":"max-video-preview:-1"},"canonical":"https:\/\/www.cruillabarcelona.cat\/en\/artists\/the-new-raemon\/","og_locale":"en_US","og_type":"article","og_title":"The New Raemon celebrates his 10-year project at Festival Cru\u00eflla 2018","og_description":"Ram\u00f3n Rodr\u00edguez, better known for his artistic name The New Raemon, will perform his album \u201cQuema la memoria\u201d at Festival Cru\u00eflla 2018, on Saturday, July 14th.","og_url":"https:\/\/www.cruillabarcelona.cat\/en\/artists\/the-new-raemon\/","og_site_name":"Festival Cru\u00eflla","article_modified_time":"2018-06-18T11:46:07+00:00","og_image":[{"width":1080,"height":1080,"url":"https:\/\/www.cruillabarcelona.cat\/wp-content\/uploads\/2018\/02\/The-New-Raemon-web.jpg","type":"image\/jpeg"}],"twitter_card":"summary_large_image","twitter_misc":{"Est. reading time":"1 minute"},"schema":{"@context":"https:\/\/schema.org","@graph":[{"@type":"WebPage","@id":"https:\/\/www.cruillabarcelona.cat\/en\/artists\/the-new-raemon\/","url":"https:\/\/www.cruillabarcelona.cat\/en\/artists\/the-new-raemon\/","name":"The New Raemon celebrates his 10-year project at Festival Cru\u00eflla 2018","isPartOf":{"@id":"https:\/\/www.cruillabarcelona.cat\/en\/#website"},"primaryImageOfPage":{"@id":"https:\/\/www.cruillabarcelona.cat\/en\/artists\/the-new-raemon\/#primaryimage"},"image":{"@id":"https:\/\/www.cruillabarcelona.cat\/en\/artists\/the-new-raemon\/#primaryimage"},"thumbnailUrl":"https:\/\/www.cruillabarcelona.cat\/wp-content\/uploads\/2018\/02\/The-New-Raemon-web.jpg","datePublished":"2018-02-21T11:31:58+00:00","dateModified":"2018-06-18T11:46:07+00:00","description":"Ram\u00f3n Rodr\u00edguez, better known for his artistic name The New Raemon, will perform his album \u201cQuema la memoria\u201d at Festival Cru\u00eflla 2018, on Saturday, July 14th.","breadcrumb":{"@id":"https:\/\/www.cruillabarcelona.cat\/en\/artists\/the-new-raemon\/#breadcrumb"},"inLanguage":"en-US","potentialAction":[{"@type":"ReadAction","target":["https:\/\/www.cruillabarcelona.cat\/en\/artists\/the-new-raemon\/"]}]},{"@type":"ImageObject","inLanguage":"en-US","@id":"https:\/\/www.cruillabarcelona.cat\/en\/artists\/the-new-raemon\/#primaryimage","url":"https:\/\/www.cruillabarcelona.cat\/wp-content\/uploads\/2018\/02\/The-New-Raemon-web.jpg","contentUrl":"https:\/\/www.cruillabarcelona.cat\/wp-content\/uploads\/2018\/02\/The-New-Raemon-web.jpg","width":1080,"height":1080,"caption":"The New Raemon"},{"@type":"BreadcrumbList","@id":"https:\/\/www.cruillabarcelona.cat\/en\/artists\/the-new-raemon\/#breadcrumb","itemListElement":[{"@type":"ListItem","position":1,"name":"Home","item":"https:\/\/www.cruillabarcelona.cat\/en\/"},{"@type":"ListItem","position":2,"name":"The New Raemon"}]},{"@type":"WebSite","@id":"https:\/\/www.cruillabarcelona.cat\/en\/#website","url":"https:\/\/www.cruillabarcelona.cat\/en\/","name":"Festival Cru\u00eflla","description":"","publisher":{"@id":"https:\/\/www.cruillabarcelona.cat\/en\/#organization"},"potentialAction":[{"@type":"SearchAction","target":{"@type":"EntryPoint","urlTemplate":"https:\/\/www.cruillabarcelona.cat\/en\/?s={search_term_string}"},"query-input":{"@type":"PropertyValueSpecification","valueRequired":true,"valueName":"search_term_string"}}],"inLanguage":"en-US"},{"@type":"Organization","@id":"https:\/\/www.cruillabarcelona.cat\/en\/#organization","name":"Festival Cru\u00eflla","url":"https:\/\/www.cruillabarcelona.cat\/en\/","logo":{"@type":"ImageObject","inLanguage":"en-US","@id":"https:\/\/www.cruillabarcelona.cat\/en\/#\/schema\/logo\/image\/","url":"https:\/\/www.cruillabarcelona.cat\/wp-content\/uploads\/2025\/12\/cruill-logo-negativo.png","contentUrl":"https:\/\/www.cruillabarcelona.cat\/wp-content\/uploads\/2025\/12\/cruill-logo-negativo.png","width":400,"height":101,"caption":"Festival Cru\u00eflla"},"image":{"@id":"https:\/\/www.cruillabarcelona.cat\/en\/#\/schema\/logo\/image\/"}}]}},"_links":{"self":[{"href":"https:\/\/www.cruillabarcelona.cat\/en\/wp-json\/wp\/v2\/artists\/8406","targetHints":{"allow":["GET"]}}],"collection":[{"href":"https:\/\/www.cruillabarcelona.cat\/en\/wp-json\/wp\/v2\/artists"}],"about":[{"href":"https:\/\/www.cruillabarcelona.cat\/en\/wp-json\/wp\/v2\/types\/artists"}],"acf:term":[{"embeddable":true,"taxonomy":"artists_location","href":"https:\/\/www.cruillabarcelona.cat\/en\/wp-json\/wp\/v2\/artists_location\/550"},{"embeddable":true,"taxonomy":"artists_edition","href":"https:\/\/www.cruillabarcelona.cat\/en\/wp-json\/wp\/v2\/artists_edition\/21"}],"wp:featuredmedia":[{"embeddable":true,"href":"https:\/\/www.cruillabarcelona.cat\/en\/wp-json\/wp\/v2\/media\/8479"}],"wp:attachment":[{"href":"https:\/\/www.cruillabarcelona.cat\/en\/wp-json\/wp\/v2\/media?parent=8406"}],"wp:term":[{"taxonomy":"artists_edition","embeddable":true,"href":"https:\/\/www.cruillabarcelona.cat\/en\/wp-json\/wp\/v2\/artists_edition?post=8406"}],"curies":[{"name":"wp","href":"https:\/\/api.w.org\/{rel}","templated":true}]}}