{"id":12928,"date":"2018-06-04T08:25:15","date_gmt":"2018-06-04T08:25:15","guid":{"rendered":"https:\/\/www.cruillabarcelona.cat\/?post_type=artists&#038;p=12928"},"modified":"2018-10-24T18:28:51","modified_gmt":"2018-10-24T16:28:51","slug":"mafalda","status":"publish","type":"artists","link":"https:\/\/www.cruillabarcelona.cat\/es\/artists\/mafalda\/","title":{"rendered":"Mafalda + Tremenda Jaur\u00eda"},"content":{"rendered":"<h3>Los horarios son los siguientes:<\/h3>\n<ul>\n<li>19:00h: apertura de puertas.<\/li>\n<li>20:00h: Tremenda Jaur\u00eda.<\/li>\n<li>21:45h: Mafalda.<\/li>\n<\/ul>\n<p style=\"text-align: justify;\">El precio de las entradas para disfrutar de ambos conciertos es de\u00a0<strong>15\u20ac<\/strong>\u00a0(anticipada) o\u00a0<strong>18\u20ac<\/strong>\u00a0(taquilla). Cuando se abran las puertas del recinto el d\u00eda del concierto finalizar\u00e1 la venta de entradas a trav\u00e9s de la web y los tickets solo se podr\u00e1n adquirir en las taquillas de Razzmatazz.<\/p>\n<hr \/>\n<h2>Mafalda, este Halloween nos van a o\u00edr<\/h2>\n<p style=\"text-align: justify;\"><strong>Anticapitalistas<\/strong>. Antifascistas. <strong>Feministas<\/strong>. La m\u00fasica siempre es pol\u00edtica, pero con Mafalda no hay medias tintas.<\/p>\n<p style=\"text-align: justify;\">Mafalda es un c\u00f3ctel de <strong>ska, funk, hardcore, punk, reggae, metal y hiphop<\/strong>. Con su \u00faltimo disco, <em>La \u00faltima vez que te escucho<\/em>, se han ganado la confirmaci\u00f3n en casi todos los grandes festivales contestatarios del estado.<\/p>\n<p style=\"text-align: justify;\"><strong>Coherentes en su mensaje, imprevisibles en el sonido<\/strong>. Mafalda son activistas que usan la m\u00fasica para deconstruir todo lo que nos imponen desde que nacemos.<\/p>\n<p style=\"text-align: justify;\">Los tendremos en directo en la <strong>sala Razzmatazz 1<\/strong>, junto con <strong>Tremenda Jaur\u00eda<\/strong>, el pr\u00f3ximo <strong>31 de octubre<\/strong>. Si eres de los que se atreven a cuestionar la injusticia y la imposici\u00f3n, este Halloween nos van a o\u00edr.<\/p>\n<p><iframe loading=\"lazy\" title=\"En Guerra - Mafalda\" width=\"1200\" height=\"675\" src=\"https:\/\/www.youtube.com\/embed\/NSHvI_nz71U?feature=oembed\" frameborder=\"0\" allow=\"accelerometer; autoplay; clipboard-write; encrypted-media; gyroscope; picture-in-picture; web-share\" referrerpolicy=\"strict-origin-when-cross-origin\" allowfullscreen><\/iframe><\/p>\n<h2>Tremenda Jaur\u00eda, reggaeton feminista, y del bueno<\/h2>\n<p style=\"text-align: justify;\">Ya no vale decir que la electr\u00f3nica latina es mala m\u00fasica, ni que es machista. <strong>Tremenda Jaur\u00eda<\/strong> hacen suyos la cumbia, el reggaeton y el moombahton para montar una <strong>fiesta pol\u00edtica y combativa<\/strong>. Reggaeton feminista, y del bueno.<\/p>\n<p style=\"text-align: justify;\">Rompen esquemas igual de f\u00e1cil que rompen caderas. Con poco m\u00e1s de un a\u00f1o de vida, ya han tocado en escenarios de toda la Pen\u00ednsula. Su \u00faltimo EP, <em>Codo con codo<\/em>, experimenta con <strong>nuevos ritmos y sonoridades<\/strong> mientras mantiene el <strong>hacha en pie de guerra<\/strong>.<\/p>\n<p style=\"text-align: justify;\">El pr\u00f3ximo <strong>31 de octubre<\/strong>\u00a0tendremos a las 2 bandas en directo en la <strong>Sala Razzmatazz 1<\/strong>. \u00a1Vamos!<\/p>\n<hr \/>\n<p style=\"text-align: justify;\">El precio de las entradas para disfrutar de ambos conciertos es de\u00a0<strong>15\u20ac<\/strong>\u00a0(anticipada) o\u00a0<strong>18\u20ac<\/strong>\u00a0(taquilla).<\/p>\n<p style=\"text-align: center;\"><a class=\"efsbutton button \" target=\"_blank\">ENTRADAS<\/a><\/p>\n<!-- auto-added video if acf\/single-artist-video not used  --> <iframe style=\"width: 100%;max-width: 100%;height: auto;aspect-ratio: 16 \/ 9;\" src=\"https:\/\/www.youtube-nocookie.com\/embed\/Cg2Zi5dR-Ls\" frameborder=\"0\" allow=\"accelerometer; autoplay; encrypted-media; gyroscope; picture-in-picture\" allowfullscreen><\/iframe>","protected":false},"featured_media":18191,"template":"","meta":{"_acf_changed":false},"artists_edition":[708],"class_list":["post-12928","artists","type-artists","status-publish","has-post-thumbnail","hentry","artists_location-razzmatazz-1","artists_edition-2018-tardor"],"acf":{"_thumbnail_id":18191,"youtube_player":"Cg2Zi5dR-Ls","artist_edition":[708],"artist_date":"20181031","artist_time":"19:00:00","artist_time_2":"","artist_location":[709],"artist_ticket_url":"https:\/\/www.portalticket.com\/entradas\/mafalda-+-tremenda-jauria\/cruilla-barcelona\/cruilla-de-tardor","artist_ticket_status":"","artist_extra_date__show":false,"artist_extra_date_2":null,"artist_time_of_date2":"","artist_extra_date_3":null,"artist_time_of_date3":"","artist_extra_date_4":null,"artist_time_of_date4":"","artist_extra_date_5":null,"artist_time_of_date5":"","artist_date__show_month":false,"artist_sidebar_active":false,"show_in_agenda":false,"artist_sidebar__banner_img":null,"artist_sidebar__banner_link":"","artist_hero_content":"","artist_style":false,"artist_nationality":false,"artist_audience_age":false},"yoast_head":"<!-- This site is optimized with the Yoast SEO plugin v27.5 - https:\/\/yoast.com\/product\/yoast-seo-wordpress\/ -->\n<title>Mafalda y Tremenda Jaur\u00eda. Razzmatazz 1. 31 octubre. Cru\u00eflla de Tardor<\/title>\n<meta name=\"description\" content=\"Mafalda y Tremenda Jaur\u00eda actuar\u00e1n en directo en el Cru\u00eflla de Tardor 2018, el 31 de octubre en la Sala Razzmatazz 1. \u00a1Consigue ya tus entradas!\" \/>\n<meta name=\"robots\" content=\"index, follow, max-snippet:-1, max-image-preview:large, max-video-preview:-1\" \/>\n<link rel=\"canonical\" href=\"https:\/\/www.cruillabarcelona.cat\/es\/artists\/mafalda\/\" \/>\n<meta property=\"og:locale\" content=\"es_ES\" \/>\n<meta property=\"og:type\" content=\"article\" \/>\n<meta property=\"og:title\" content=\"Mafalda y Tremenda Jaur\u00eda. Razzmatazz 1. 31 octubre. Cru\u00eflla de Tardor\" \/>\n<meta property=\"og:description\" content=\"Mafalda y Tremenda Jaur\u00eda actuar\u00e1n en directo en el Cru\u00eflla de Tardor 2018, el 31 de octubre en la Sala Razzmatazz 1. \u00a1Consigue ya tus entradas!\" \/>\n<meta property=\"og:url\" content=\"https:\/\/www.cruillabarcelona.cat\/es\/artists\/mafalda\/\" \/>\n<meta property=\"og:site_name\" content=\"Festival Cru\u00eflla\" \/>\n<meta property=\"article:modified_time\" content=\"2018-10-24T16:28:51+00:00\" \/>\n<meta property=\"og:image\" content=\"https:\/\/www.cruillabarcelona.cat\/wp-content\/uploads\/2018\/06\/Mafalda_Tremenda_600X600.jpg\" \/>\n\t<meta property=\"og:image:width\" content=\"600\" \/>\n\t<meta property=\"og:image:height\" content=\"600\" \/>\n\t<meta property=\"og:image:type\" content=\"image\/jpeg\" \/>\n<meta name=\"twitter:card\" content=\"summary_large_image\" \/>\n<meta name=\"twitter:label1\" content=\"Tiempo de lectura\" \/>\n\t<meta name=\"twitter:data1\" content=\"2 minutos\" \/>\n<script type=\"application\/ld+json\" class=\"yoast-schema-graph\">{\"@context\":\"https:\\\/\\\/schema.org\",\"@graph\":[{\"@type\":\"WebPage\",\"@id\":\"https:\\\/\\\/www.cruillabarcelona.cat\\\/es\\\/artists\\\/mafalda\\\/\",\"url\":\"https:\\\/\\\/www.cruillabarcelona.cat\\\/es\\\/artists\\\/mafalda\\\/\",\"name\":\"Mafalda y Tremenda Jaur\u00eda. Razzmatazz 1. 31 octubre. Cru\u00eflla de Tardor\",\"isPartOf\":{\"@id\":\"https:\\\/\\\/www.cruillabarcelona.cat\\\/es\\\/#website\"},\"primaryImageOfPage\":{\"@id\":\"https:\\\/\\\/www.cruillabarcelona.cat\\\/es\\\/artists\\\/mafalda\\\/#primaryimage\"},\"image\":{\"@id\":\"https:\\\/\\\/www.cruillabarcelona.cat\\\/es\\\/artists\\\/mafalda\\\/#primaryimage\"},\"thumbnailUrl\":\"https:\\\/\\\/www.cruillabarcelona.cat\\\/wp-content\\\/uploads\\\/2018\\\/06\\\/Mafalda_Tremenda_600X600.jpg\",\"datePublished\":\"2018-06-04T08:25:15+00:00\",\"dateModified\":\"2018-10-24T16:28:51+00:00\",\"description\":\"Mafalda y Tremenda Jaur\u00eda actuar\u00e1n en directo en el Cru\u00eflla de Tardor 2018, el 31 de octubre en la Sala Razzmatazz 1. \u00a1Consigue ya tus entradas!\",\"breadcrumb\":{\"@id\":\"https:\\\/\\\/www.cruillabarcelona.cat\\\/es\\\/artists\\\/mafalda\\\/#breadcrumb\"},\"inLanguage\":\"es\",\"potentialAction\":[{\"@type\":\"ReadAction\",\"target\":[\"https:\\\/\\\/www.cruillabarcelona.cat\\\/es\\\/artists\\\/mafalda\\\/\"]}]},{\"@type\":\"ImageObject\",\"inLanguage\":\"es\",\"@id\":\"https:\\\/\\\/www.cruillabarcelona.cat\\\/es\\\/artists\\\/mafalda\\\/#primaryimage\",\"url\":\"https:\\\/\\\/www.cruillabarcelona.cat\\\/wp-content\\\/uploads\\\/2018\\\/06\\\/Mafalda_Tremenda_600X600.jpg\",\"contentUrl\":\"https:\\\/\\\/www.cruillabarcelona.cat\\\/wp-content\\\/uploads\\\/2018\\\/06\\\/Mafalda_Tremenda_600X600.jpg\",\"width\":600,\"height\":600,\"caption\":\"Mafalda + Tremenda Jaur\u00eda\"},{\"@type\":\"BreadcrumbList\",\"@id\":\"https:\\\/\\\/www.cruillabarcelona.cat\\\/es\\\/artists\\\/mafalda\\\/#breadcrumb\",\"itemListElement\":[{\"@type\":\"ListItem\",\"position\":1,\"name\":\"Home\",\"item\":\"https:\\\/\\\/www.cruillabarcelona.cat\\\/es\\\/\"},{\"@type\":\"ListItem\",\"position\":2,\"name\":\"Mafalda + Tremenda Jaur\u00eda\"}]},{\"@type\":\"WebSite\",\"@id\":\"https:\\\/\\\/www.cruillabarcelona.cat\\\/es\\\/#website\",\"url\":\"https:\\\/\\\/www.cruillabarcelona.cat\\\/es\\\/\",\"name\":\"Festival Cru\u00eflla\",\"description\":\"\",\"publisher\":{\"@id\":\"https:\\\/\\\/www.cruillabarcelona.cat\\\/es\\\/#organization\"},\"potentialAction\":[{\"@type\":\"SearchAction\",\"target\":{\"@type\":\"EntryPoint\",\"urlTemplate\":\"https:\\\/\\\/www.cruillabarcelona.cat\\\/es\\\/?s={search_term_string}\"},\"query-input\":{\"@type\":\"PropertyValueSpecification\",\"valueRequired\":true,\"valueName\":\"search_term_string\"}}],\"inLanguage\":\"es\"},{\"@type\":\"Organization\",\"@id\":\"https:\\\/\\\/www.cruillabarcelona.cat\\\/es\\\/#organization\",\"name\":\"Festival Cru\u00eflla\",\"url\":\"https:\\\/\\\/www.cruillabarcelona.cat\\\/es\\\/\",\"logo\":{\"@type\":\"ImageObject\",\"inLanguage\":\"es\",\"@id\":\"https:\\\/\\\/www.cruillabarcelona.cat\\\/es\\\/#\\\/schema\\\/logo\\\/image\\\/\",\"url\":\"https:\\\/\\\/www.cruillabarcelona.cat\\\/wp-content\\\/uploads\\\/2025\\\/12\\\/cruill-logo-negativo.png\",\"contentUrl\":\"https:\\\/\\\/www.cruillabarcelona.cat\\\/wp-content\\\/uploads\\\/2025\\\/12\\\/cruill-logo-negativo.png\",\"width\":400,\"height\":101,\"caption\":\"Festival Cru\u00eflla\"},\"image\":{\"@id\":\"https:\\\/\\\/www.cruillabarcelona.cat\\\/es\\\/#\\\/schema\\\/logo\\\/image\\\/\"}}]}<\/script>\n<!-- \/ Yoast SEO plugin. -->","yoast_head_json":{"title":"Mafalda y Tremenda Jaur\u00eda. Razzmatazz 1. 31 octubre. Cru\u00eflla de Tardor","description":"Mafalda y Tremenda Jaur\u00eda actuar\u00e1n en directo en el Cru\u00eflla de Tardor 2018, el 31 de octubre en la Sala Razzmatazz 1. \u00a1Consigue ya tus entradas!","robots":{"index":"index","follow":"follow","max-snippet":"max-snippet:-1","max-image-preview":"max-image-preview:large","max-video-preview":"max-video-preview:-1"},"canonical":"https:\/\/www.cruillabarcelona.cat\/es\/artists\/mafalda\/","og_locale":"es_ES","og_type":"article","og_title":"Mafalda y Tremenda Jaur\u00eda. Razzmatazz 1. 31 octubre. Cru\u00eflla de Tardor","og_description":"Mafalda y Tremenda Jaur\u00eda actuar\u00e1n en directo en el Cru\u00eflla de Tardor 2018, el 31 de octubre en la Sala Razzmatazz 1. \u00a1Consigue ya tus entradas!","og_url":"https:\/\/www.cruillabarcelona.cat\/es\/artists\/mafalda\/","og_site_name":"Festival Cru\u00eflla","article_modified_time":"2018-10-24T16:28:51+00:00","og_image":[{"width":600,"height":600,"url":"https:\/\/www.cruillabarcelona.cat\/wp-content\/uploads\/2018\/06\/Mafalda_Tremenda_600X600.jpg","type":"image\/jpeg"}],"twitter_card":"summary_large_image","twitter_misc":{"Tiempo de lectura":"2 minutos"},"schema":{"@context":"https:\/\/schema.org","@graph":[{"@type":"WebPage","@id":"https:\/\/www.cruillabarcelona.cat\/es\/artists\/mafalda\/","url":"https:\/\/www.cruillabarcelona.cat\/es\/artists\/mafalda\/","name":"Mafalda y Tremenda Jaur\u00eda. Razzmatazz 1. 31 octubre. Cru\u00eflla de Tardor","isPartOf":{"@id":"https:\/\/www.cruillabarcelona.cat\/es\/#website"},"primaryImageOfPage":{"@id":"https:\/\/www.cruillabarcelona.cat\/es\/artists\/mafalda\/#primaryimage"},"image":{"@id":"https:\/\/www.cruillabarcelona.cat\/es\/artists\/mafalda\/#primaryimage"},"thumbnailUrl":"https:\/\/www.cruillabarcelona.cat\/wp-content\/uploads\/2018\/06\/Mafalda_Tremenda_600X600.jpg","datePublished":"2018-06-04T08:25:15+00:00","dateModified":"2018-10-24T16:28:51+00:00","description":"Mafalda y Tremenda Jaur\u00eda actuar\u00e1n en directo en el Cru\u00eflla de Tardor 2018, el 31 de octubre en la Sala Razzmatazz 1. \u00a1Consigue ya tus entradas!","breadcrumb":{"@id":"https:\/\/www.cruillabarcelona.cat\/es\/artists\/mafalda\/#breadcrumb"},"inLanguage":"es","potentialAction":[{"@type":"ReadAction","target":["https:\/\/www.cruillabarcelona.cat\/es\/artists\/mafalda\/"]}]},{"@type":"ImageObject","inLanguage":"es","@id":"https:\/\/www.cruillabarcelona.cat\/es\/artists\/mafalda\/#primaryimage","url":"https:\/\/www.cruillabarcelona.cat\/wp-content\/uploads\/2018\/06\/Mafalda_Tremenda_600X600.jpg","contentUrl":"https:\/\/www.cruillabarcelona.cat\/wp-content\/uploads\/2018\/06\/Mafalda_Tremenda_600X600.jpg","width":600,"height":600,"caption":"Mafalda + Tremenda Jaur\u00eda"},{"@type":"BreadcrumbList","@id":"https:\/\/www.cruillabarcelona.cat\/es\/artists\/mafalda\/#breadcrumb","itemListElement":[{"@type":"ListItem","position":1,"name":"Home","item":"https:\/\/www.cruillabarcelona.cat\/es\/"},{"@type":"ListItem","position":2,"name":"Mafalda + Tremenda Jaur\u00eda"}]},{"@type":"WebSite","@id":"https:\/\/www.cruillabarcelona.cat\/es\/#website","url":"https:\/\/www.cruillabarcelona.cat\/es\/","name":"Festival Cru\u00eflla","description":"","publisher":{"@id":"https:\/\/www.cruillabarcelona.cat\/es\/#organization"},"potentialAction":[{"@type":"SearchAction","target":{"@type":"EntryPoint","urlTemplate":"https:\/\/www.cruillabarcelona.cat\/es\/?s={search_term_string}"},"query-input":{"@type":"PropertyValueSpecification","valueRequired":true,"valueName":"search_term_string"}}],"inLanguage":"es"},{"@type":"Organization","@id":"https:\/\/www.cruillabarcelona.cat\/es\/#organization","name":"Festival Cru\u00eflla","url":"https:\/\/www.cruillabarcelona.cat\/es\/","logo":{"@type":"ImageObject","inLanguage":"es","@id":"https:\/\/www.cruillabarcelona.cat\/es\/#\/schema\/logo\/image\/","url":"https:\/\/www.cruillabarcelona.cat\/wp-content\/uploads\/2025\/12\/cruill-logo-negativo.png","contentUrl":"https:\/\/www.cruillabarcelona.cat\/wp-content\/uploads\/2025\/12\/cruill-logo-negativo.png","width":400,"height":101,"caption":"Festival Cru\u00eflla"},"image":{"@id":"https:\/\/www.cruillabarcelona.cat\/es\/#\/schema\/logo\/image\/"}}]}},"_links":{"self":[{"href":"https:\/\/www.cruillabarcelona.cat\/es\/wp-json\/wp\/v2\/artists\/12928","targetHints":{"allow":["GET"]}}],"collection":[{"href":"https:\/\/www.cruillabarcelona.cat\/es\/wp-json\/wp\/v2\/artists"}],"about":[{"href":"https:\/\/www.cruillabarcelona.cat\/es\/wp-json\/wp\/v2\/types\/artists"}],"acf:term":[{"embeddable":true,"taxonomy":"artists_location","href":"https:\/\/www.cruillabarcelona.cat\/es\/wp-json\/wp\/v2\/artists_location\/709"},{"embeddable":true,"taxonomy":"artists_edition","href":"https:\/\/www.cruillabarcelona.cat\/es\/wp-json\/wp\/v2\/artists_edition\/708"}],"wp:featuredmedia":[{"embeddable":true,"href":"https:\/\/www.cruillabarcelona.cat\/es\/wp-json\/wp\/v2\/media\/18191"}],"wp:attachment":[{"href":"https:\/\/www.cruillabarcelona.cat\/es\/wp-json\/wp\/v2\/media?parent=12928"}],"wp:term":[{"taxonomy":"artists_edition","embeddable":true,"href":"https:\/\/www.cruillabarcelona.cat\/es\/wp-json\/wp\/v2\/artists_edition?post=12928"}],"curies":[{"name":"wp","href":"https:\/\/api.w.org\/{rel}","templated":true}]}}