{"id":12937,"date":"2018-06-04T08:29:53","date_gmt":"2018-06-04T08:29:53","guid":{"rendered":"https:\/\/www.cruillabarcelona.cat\/?post_type=artists&#038;p=12937"},"modified":"2018-10-08T13:06:12","modified_gmt":"2018-10-08T11:06:12","slug":"la-moda-tardor","status":"publish","type":"artists","link":"https:\/\/www.cruillabarcelona.cat\/es\/artists\/la-moda-tardor\/","title":{"rendered":"La M.O.D.A. + Animal"},"content":{"rendered":"<h2>La M.O.D.A., un \u00edntimo fen\u00f3meno de masas<\/h2>\n<p style=\"text-align: justify;\"><strong>Pasi\u00f3n, honestidad y carretera<\/strong>. Esta es la \u00e9tica de trabajo de La Maravillosa Orquesta del Alcohol, m\u00e1s conocidos como <strong>La M.O.D.A.<\/strong> Y es algo que se siente f\u00e1cilmente cuando escuchas sus canciones.<\/p>\n<p style=\"text-align: justify;\">El grupo burgal\u00e9s vuelve al Cru\u00eflla por partida doble. En verano actuaron en el Festival y, <strong>el pr\u00f3ximo 20 de octubre, en el Cru\u00eflla de Tardor<\/strong>. No hay quien les pare: son un fen\u00f3meno de masas por la facilidad que tenemos de <strong>identificarnos con sus canciones<\/strong>, viscerales y sentidas.<\/p>\n<p style=\"text-align: justify;\">No nos cansamos de La M.O.D.A. Ser\u00e1 un placer verles en el <strong>Hivernacle del Poble Espanyol<\/strong>. No te lo podemos explicar, hay que sentirlo.<\/p>\n<p><iframe loading=\"lazy\" title=\"La M.O.D.A. \\  La inmensidad \u00b7  &#039;Salvavida (de las balas perdidas)&#039;\" width=\"1200\" height=\"675\" src=\"https:\/\/www.youtube.com\/embed\/w5-vUavzD8A?feature=oembed\" frameborder=\"0\" allow=\"accelerometer; autoplay; clipboard-write; encrypted-media; gyroscope; picture-in-picture; web-share\" referrerpolicy=\"strict-origin-when-cross-origin\" allowfullscreen><\/iframe><\/p>\n<h2>Animal, el dulce placer de dejarse llevar<\/h2>\n<p style=\"text-align: justify;\">Miles de seguidores en las redes sociales, m\u00e1s de 150 conciertos con un solo disco, millones de visualizaciones. Est\u00e1 claro que <strong>Animal<\/strong> se ha consolidado como <strong>una de las apuestas m\u00e1s fuertes de los Pa\u00efsos Catalans.<\/strong><\/p>\n<p style=\"text-align: justify;\">El septeto mezcla sonoridades <strong>pop, folk, rock, reggae y soul<\/strong>. Sus canciones te enganchan al instante y no te sueltan hasta que se acaban. Es el retorno del pop-folk catal\u00e1n, del <strong>buen rollo costumbrista<\/strong> amigo de Els Catarres.<\/p>\n<hr \/>\n<p>Los horarios son los siguientes:<\/p>\n<ul>\n<li>20:00h: apertura de puertas.<\/li>\n<li>20:30h: Animal.<\/li>\n<li>21:45h: La M.O.D.A.<\/li>\n<\/ul>\n<hr \/>\n<p style=\"text-align: justify;\">El precio de las entradas para disfrutar de ambos conciertos es de\u00a0<strong>20\u20ac<\/strong>\u00a0(anticipada) o\u00a0<strong>25\u20ac<\/strong>\u00a0(taquilla).<\/p>\n<p style=\"text-align: center;\"><a class=\"efsbutton button \" target=\"_blank\">ENTRADAS<\/a><\/p>\n<!-- auto-added video if acf\/single-artist-video not used  --> <iframe style=\"width: 100%;max-width: 100%;height: auto;aspect-ratio: 16 \/ 9;\" src=\"https:\/\/www.youtube-nocookie.com\/embed\/B6rtx3_r1Zo\" frameborder=\"0\" allow=\"accelerometer; autoplay; encrypted-media; gyroscope; picture-in-picture\" allowfullscreen><\/iframe>","protected":false},"featured_media":18188,"template":"","meta":{"_acf_changed":false},"artists_edition":[708],"class_list":["post-12937","artists","type-artists","status-publish","has-post-thumbnail","hentry","artists_location-hivernacle-poble-espanyol","artists_edition-2018-tardor"],"acf":{"_thumbnail_id":18188,"youtube_player":"B6rtx3_r1Zo","artist_edition":[708],"artist_date":"20181020","artist_time":"20:00:00","artist_time_2":"","artist_location":[611],"artist_ticket_url":"https:\/\/www.portalticket.com\/entradas\/la-m-o-d-a---+-animal\/cruilla-barcelona\/cruilla-de-tardor","artist_ticket_status":"","artist_extra_date__show":false,"artist_extra_date_2":null,"artist_time_of_date2":"","artist_extra_date_3":null,"artist_time_of_date3":"","artist_extra_date_4":null,"artist_time_of_date4":"","artist_extra_date_5":null,"artist_time_of_date5":"","artist_date__show_month":false,"artist_sidebar_active":false,"show_in_agenda":false,"artist_sidebar__banner_img":null,"artist_sidebar__banner_link":"","artist_hero_content":"","artist_style":false,"artist_nationality":false,"artist_audience_age":false},"yoast_head":"<!-- This site is optimized with the Yoast SEO plugin v27.5 - https:\/\/yoast.com\/product\/yoast-seo-wordpress\/ -->\n<title>La M.O.D.A. y Animal. Poble Espanyol. Cru\u00eflla de Tardor 2018. 20 octubre<\/title>\n<meta name=\"description\" content=\"La M.O.D.A. y Animal traen su directo al Cru\u00eflla de Tardor 2018, el 20 de octubre en el Hivernacle del Poble Espanyol. \u00a1Consigue ya tus entradas!\" \/>\n<meta name=\"robots\" content=\"index, follow, max-snippet:-1, max-image-preview:large, max-video-preview:-1\" \/>\n<link rel=\"canonical\" href=\"https:\/\/www.cruillabarcelona.cat\/es\/artists\/la-moda-tardor\/\" \/>\n<meta property=\"og:locale\" content=\"es_ES\" \/>\n<meta property=\"og:type\" content=\"article\" \/>\n<meta property=\"og:title\" content=\"La M.O.D.A. y Animal. Poble Espanyol. Cru\u00eflla de Tardor 2018. 20 octubre\" \/>\n<meta property=\"og:description\" content=\"La M.O.D.A. y Animal traen su directo al Cru\u00eflla de Tardor 2018, el 20 de octubre en el Hivernacle del Poble Espanyol. \u00a1Consigue ya tus entradas!\" \/>\n<meta property=\"og:url\" content=\"https:\/\/www.cruillabarcelona.cat\/es\/artists\/la-moda-tardor\/\" \/>\n<meta property=\"og:site_name\" content=\"Festival Cru\u00eflla\" \/>\n<meta property=\"article:modified_time\" content=\"2018-10-08T11:06:12+00:00\" \/>\n<meta property=\"og:image\" content=\"https:\/\/www.cruillabarcelona.cat\/wp-content\/uploads\/2018\/06\/La-MODA_Animal_600X600.jpg\" \/>\n\t<meta property=\"og:image:width\" content=\"600\" \/>\n\t<meta property=\"og:image:height\" content=\"600\" \/>\n\t<meta property=\"og:image:type\" content=\"image\/jpeg\" \/>\n<meta name=\"twitter:card\" content=\"summary_large_image\" \/>\n<meta name=\"twitter:label1\" content=\"Tiempo de lectura\" \/>\n\t<meta name=\"twitter:data1\" content=\"1 minuto\" \/>\n<script type=\"application\/ld+json\" class=\"yoast-schema-graph\">{\"@context\":\"https:\\\/\\\/schema.org\",\"@graph\":[{\"@type\":\"WebPage\",\"@id\":\"https:\\\/\\\/www.cruillabarcelona.cat\\\/es\\\/artists\\\/la-moda-tardor\\\/\",\"url\":\"https:\\\/\\\/www.cruillabarcelona.cat\\\/es\\\/artists\\\/la-moda-tardor\\\/\",\"name\":\"La M.O.D.A. y Animal. Poble Espanyol. Cru\u00eflla de Tardor 2018. 20 octubre\",\"isPartOf\":{\"@id\":\"https:\\\/\\\/www.cruillabarcelona.cat\\\/es\\\/#website\"},\"primaryImageOfPage\":{\"@id\":\"https:\\\/\\\/www.cruillabarcelona.cat\\\/es\\\/artists\\\/la-moda-tardor\\\/#primaryimage\"},\"image\":{\"@id\":\"https:\\\/\\\/www.cruillabarcelona.cat\\\/es\\\/artists\\\/la-moda-tardor\\\/#primaryimage\"},\"thumbnailUrl\":\"https:\\\/\\\/www.cruillabarcelona.cat\\\/wp-content\\\/uploads\\\/2018\\\/06\\\/La-MODA_Animal_600X600.jpg\",\"datePublished\":\"2018-06-04T08:29:53+00:00\",\"dateModified\":\"2018-10-08T11:06:12+00:00\",\"description\":\"La M.O.D.A. y Animal traen su directo al Cru\u00eflla de Tardor 2018, el 20 de octubre en el Hivernacle del Poble Espanyol. \u00a1Consigue ya tus entradas!\",\"breadcrumb\":{\"@id\":\"https:\\\/\\\/www.cruillabarcelona.cat\\\/es\\\/artists\\\/la-moda-tardor\\\/#breadcrumb\"},\"inLanguage\":\"es\",\"potentialAction\":[{\"@type\":\"ReadAction\",\"target\":[\"https:\\\/\\\/www.cruillabarcelona.cat\\\/es\\\/artists\\\/la-moda-tardor\\\/\"]}]},{\"@type\":\"ImageObject\",\"inLanguage\":\"es\",\"@id\":\"https:\\\/\\\/www.cruillabarcelona.cat\\\/es\\\/artists\\\/la-moda-tardor\\\/#primaryimage\",\"url\":\"https:\\\/\\\/www.cruillabarcelona.cat\\\/wp-content\\\/uploads\\\/2018\\\/06\\\/La-MODA_Animal_600X600.jpg\",\"contentUrl\":\"https:\\\/\\\/www.cruillabarcelona.cat\\\/wp-content\\\/uploads\\\/2018\\\/06\\\/La-MODA_Animal_600X600.jpg\",\"width\":600,\"height\":600,\"caption\":\"La M.O.D.A. + Animal\"},{\"@type\":\"BreadcrumbList\",\"@id\":\"https:\\\/\\\/www.cruillabarcelona.cat\\\/es\\\/artists\\\/la-moda-tardor\\\/#breadcrumb\",\"itemListElement\":[{\"@type\":\"ListItem\",\"position\":1,\"name\":\"Home\",\"item\":\"https:\\\/\\\/www.cruillabarcelona.cat\\\/es\\\/\"},{\"@type\":\"ListItem\",\"position\":2,\"name\":\"La M.O.D.A. + Animal\"}]},{\"@type\":\"WebSite\",\"@id\":\"https:\\\/\\\/www.cruillabarcelona.cat\\\/es\\\/#website\",\"url\":\"https:\\\/\\\/www.cruillabarcelona.cat\\\/es\\\/\",\"name\":\"Festival Cru\u00eflla\",\"description\":\"\",\"publisher\":{\"@id\":\"https:\\\/\\\/www.cruillabarcelona.cat\\\/es\\\/#organization\"},\"potentialAction\":[{\"@type\":\"SearchAction\",\"target\":{\"@type\":\"EntryPoint\",\"urlTemplate\":\"https:\\\/\\\/www.cruillabarcelona.cat\\\/es\\\/?s={search_term_string}\"},\"query-input\":{\"@type\":\"PropertyValueSpecification\",\"valueRequired\":true,\"valueName\":\"search_term_string\"}}],\"inLanguage\":\"es\"},{\"@type\":\"Organization\",\"@id\":\"https:\\\/\\\/www.cruillabarcelona.cat\\\/es\\\/#organization\",\"name\":\"Festival Cru\u00eflla\",\"url\":\"https:\\\/\\\/www.cruillabarcelona.cat\\\/es\\\/\",\"logo\":{\"@type\":\"ImageObject\",\"inLanguage\":\"es\",\"@id\":\"https:\\\/\\\/www.cruillabarcelona.cat\\\/es\\\/#\\\/schema\\\/logo\\\/image\\\/\",\"url\":\"https:\\\/\\\/www.cruillabarcelona.cat\\\/wp-content\\\/uploads\\\/2025\\\/12\\\/cruill-logo-negativo.png\",\"contentUrl\":\"https:\\\/\\\/www.cruillabarcelona.cat\\\/wp-content\\\/uploads\\\/2025\\\/12\\\/cruill-logo-negativo.png\",\"width\":400,\"height\":101,\"caption\":\"Festival Cru\u00eflla\"},\"image\":{\"@id\":\"https:\\\/\\\/www.cruillabarcelona.cat\\\/es\\\/#\\\/schema\\\/logo\\\/image\\\/\"}}]}<\/script>\n<!-- \/ Yoast SEO plugin. -->","yoast_head_json":{"title":"La M.O.D.A. y Animal. Poble Espanyol. Cru\u00eflla de Tardor 2018. 20 octubre","description":"La M.O.D.A. y Animal traen su directo al Cru\u00eflla de Tardor 2018, el 20 de octubre en el Hivernacle del Poble Espanyol. \u00a1Consigue ya tus entradas!","robots":{"index":"index","follow":"follow","max-snippet":"max-snippet:-1","max-image-preview":"max-image-preview:large","max-video-preview":"max-video-preview:-1"},"canonical":"https:\/\/www.cruillabarcelona.cat\/es\/artists\/la-moda-tardor\/","og_locale":"es_ES","og_type":"article","og_title":"La M.O.D.A. y Animal. Poble Espanyol. Cru\u00eflla de Tardor 2018. 20 octubre","og_description":"La M.O.D.A. y Animal traen su directo al Cru\u00eflla de Tardor 2018, el 20 de octubre en el Hivernacle del Poble Espanyol. \u00a1Consigue ya tus entradas!","og_url":"https:\/\/www.cruillabarcelona.cat\/es\/artists\/la-moda-tardor\/","og_site_name":"Festival Cru\u00eflla","article_modified_time":"2018-10-08T11:06:12+00:00","og_image":[{"width":600,"height":600,"url":"https:\/\/www.cruillabarcelona.cat\/wp-content\/uploads\/2018\/06\/La-MODA_Animal_600X600.jpg","type":"image\/jpeg"}],"twitter_card":"summary_large_image","twitter_misc":{"Tiempo de lectura":"1 minuto"},"schema":{"@context":"https:\/\/schema.org","@graph":[{"@type":"WebPage","@id":"https:\/\/www.cruillabarcelona.cat\/es\/artists\/la-moda-tardor\/","url":"https:\/\/www.cruillabarcelona.cat\/es\/artists\/la-moda-tardor\/","name":"La M.O.D.A. y Animal. Poble Espanyol. Cru\u00eflla de Tardor 2018. 20 octubre","isPartOf":{"@id":"https:\/\/www.cruillabarcelona.cat\/es\/#website"},"primaryImageOfPage":{"@id":"https:\/\/www.cruillabarcelona.cat\/es\/artists\/la-moda-tardor\/#primaryimage"},"image":{"@id":"https:\/\/www.cruillabarcelona.cat\/es\/artists\/la-moda-tardor\/#primaryimage"},"thumbnailUrl":"https:\/\/www.cruillabarcelona.cat\/wp-content\/uploads\/2018\/06\/La-MODA_Animal_600X600.jpg","datePublished":"2018-06-04T08:29:53+00:00","dateModified":"2018-10-08T11:06:12+00:00","description":"La M.O.D.A. y Animal traen su directo al Cru\u00eflla de Tardor 2018, el 20 de octubre en el Hivernacle del Poble Espanyol. \u00a1Consigue ya tus entradas!","breadcrumb":{"@id":"https:\/\/www.cruillabarcelona.cat\/es\/artists\/la-moda-tardor\/#breadcrumb"},"inLanguage":"es","potentialAction":[{"@type":"ReadAction","target":["https:\/\/www.cruillabarcelona.cat\/es\/artists\/la-moda-tardor\/"]}]},{"@type":"ImageObject","inLanguage":"es","@id":"https:\/\/www.cruillabarcelona.cat\/es\/artists\/la-moda-tardor\/#primaryimage","url":"https:\/\/www.cruillabarcelona.cat\/wp-content\/uploads\/2018\/06\/La-MODA_Animal_600X600.jpg","contentUrl":"https:\/\/www.cruillabarcelona.cat\/wp-content\/uploads\/2018\/06\/La-MODA_Animal_600X600.jpg","width":600,"height":600,"caption":"La M.O.D.A. + Animal"},{"@type":"BreadcrumbList","@id":"https:\/\/www.cruillabarcelona.cat\/es\/artists\/la-moda-tardor\/#breadcrumb","itemListElement":[{"@type":"ListItem","position":1,"name":"Home","item":"https:\/\/www.cruillabarcelona.cat\/es\/"},{"@type":"ListItem","position":2,"name":"La M.O.D.A. + Animal"}]},{"@type":"WebSite","@id":"https:\/\/www.cruillabarcelona.cat\/es\/#website","url":"https:\/\/www.cruillabarcelona.cat\/es\/","name":"Festival Cru\u00eflla","description":"","publisher":{"@id":"https:\/\/www.cruillabarcelona.cat\/es\/#organization"},"potentialAction":[{"@type":"SearchAction","target":{"@type":"EntryPoint","urlTemplate":"https:\/\/www.cruillabarcelona.cat\/es\/?s={search_term_string}"},"query-input":{"@type":"PropertyValueSpecification","valueRequired":true,"valueName":"search_term_string"}}],"inLanguage":"es"},{"@type":"Organization","@id":"https:\/\/www.cruillabarcelona.cat\/es\/#organization","name":"Festival Cru\u00eflla","url":"https:\/\/www.cruillabarcelona.cat\/es\/","logo":{"@type":"ImageObject","inLanguage":"es","@id":"https:\/\/www.cruillabarcelona.cat\/es\/#\/schema\/logo\/image\/","url":"https:\/\/www.cruillabarcelona.cat\/wp-content\/uploads\/2025\/12\/cruill-logo-negativo.png","contentUrl":"https:\/\/www.cruillabarcelona.cat\/wp-content\/uploads\/2025\/12\/cruill-logo-negativo.png","width":400,"height":101,"caption":"Festival Cru\u00eflla"},"image":{"@id":"https:\/\/www.cruillabarcelona.cat\/es\/#\/schema\/logo\/image\/"}}]}},"_links":{"self":[{"href":"https:\/\/www.cruillabarcelona.cat\/es\/wp-json\/wp\/v2\/artists\/12937","targetHints":{"allow":["GET"]}}],"collection":[{"href":"https:\/\/www.cruillabarcelona.cat\/es\/wp-json\/wp\/v2\/artists"}],"about":[{"href":"https:\/\/www.cruillabarcelona.cat\/es\/wp-json\/wp\/v2\/types\/artists"}],"acf:term":[{"embeddable":true,"taxonomy":"artists_location","href":"https:\/\/www.cruillabarcelona.cat\/es\/wp-json\/wp\/v2\/artists_location\/611"},{"embeddable":true,"taxonomy":"artists_edition","href":"https:\/\/www.cruillabarcelona.cat\/es\/wp-json\/wp\/v2\/artists_edition\/708"}],"wp:featuredmedia":[{"embeddable":true,"href":"https:\/\/www.cruillabarcelona.cat\/es\/wp-json\/wp\/v2\/media\/18188"}],"wp:attachment":[{"href":"https:\/\/www.cruillabarcelona.cat\/es\/wp-json\/wp\/v2\/media?parent=12937"}],"wp:term":[{"taxonomy":"artists_edition","embeddable":true,"href":"https:\/\/www.cruillabarcelona.cat\/es\/wp-json\/wp\/v2\/artists_edition?post=12937"}],"curies":[{"name":"wp","href":"https:\/\/api.w.org\/{rel}","templated":true}]}}