{"id":13186,"date":"2018-06-04T08:29:16","date_gmt":"2018-06-04T08:29:16","guid":{"rendered":"https:\/\/www.cruillabarcelona.cat\/?post_type=artists&#038;p=13186"},"modified":"2018-10-11T17:41:04","modified_gmt":"2018-10-11T15:41:04","slug":"anna-calvi","status":"publish","type":"artists","link":"https:\/\/www.cruillabarcelona.cat\/es\/artists\/anna-calvi\/","title":{"rendered":"Anna Calvi"},"content":{"rendered":"<h2>La m\u00e1s grande desde Patti Smith<\/h2>\n<p style=\"text-align: justify;\">Estamos de enhorabuena: <strong>Anna Calvi es la potencia hecha m\u00fasica<\/strong>, un r\u00edo de pasi\u00f3n que se ha abierto paso a golpe de guitarra en la industria de la m\u00fasica y en el coraz\u00f3n de sus fans.<\/p>\n<p style=\"text-align: justify;\">\u00abEs lo m\u00e1s grande desde Patti Smith\u00bb. <strong>Esta definici\u00f3n la hizo nada menos que Brian Eno<\/strong> cuando Calvi ten\u00eda solo un single en la calle. Parec\u00eda atrevido, pero el tiempo le est\u00e1 dando la raz\u00f3n.<\/p>\n<p style=\"text-align: justify;\">Las comparaciones siguieron un par de a\u00f1os m\u00e1s (\u00abla nueva PJ Harvey\u00bb, por ejemplo). Pero ahora mismo <strong>ya no necesita ser comparada<\/strong> con grandes estrellas del pasado. <strong>Anna Calvi ya es ella y nada m\u00e1s.<\/strong><\/p>\n<p style=\"text-align: justify;\">Nos alegra tenerla en directo el pr\u00f3ximo <strong>14 de octubre<\/strong> en la <strong>Sala Razzmatazz 2<\/strong>. \u00a1Te esperamos!<\/p>\n<p>Los horarios son los siguientes:<\/p>\n<ul>\n<li>20:00h: apertura de puertas.<\/li>\n<li>20:00h: DJ Jordi Chicletol.<\/li>\n<li>21:00h: Anna Calvi.<\/li>\n<\/ul>\n<hr \/>\n<p>El precio de las entradas es de\u00a0<strong>20\u20ac<\/strong>\u00a0(anticipada) o\u00a0<strong>25\u20ac<\/strong>\u00a0(taquilla).<\/p>\n<p style=\"text-align: center;\"><a class=\"efsbutton button \" target=\"_blank\">Entradas<\/a><\/p>\n<!-- auto-added video if acf\/single-artist-video not used  --> <iframe style=\"width: 100%;max-width: 100%;height: auto;aspect-ratio: 16 \/ 9;\" src=\"https:\/\/www.youtube-nocookie.com\/embed\/Aopr7X3Appg\" frameborder=\"0\" allow=\"accelerometer; autoplay; encrypted-media; gyroscope; picture-in-picture\" allowfullscreen><\/iframe>","protected":false},"featured_media":13248,"template":"","meta":{"_acf_changed":false},"artists_edition":[708],"class_list":["post-13186","artists","type-artists","status-publish","has-post-thumbnail","hentry","artists_location-razzmatazz-2","artists_edition-2018-tardor"],"acf":{"_thumbnail_id":13248,"youtube_player":"Aopr7X3Appg","artist_edition":[708],"artist_date":"20181014","artist_time":"20:00:00","artist_time_2":"","artist_location":[711],"artist_ticket_url":"https:\/\/www.portalticket.com\/entradas\/anna-calvi\/cruilla-barcelona\/cruilla-de-tardor","artist_ticket_status":"","artist_extra_date__show":false,"artist_extra_date_2":null,"artist_time_of_date2":"","artist_extra_date_3":null,"artist_time_of_date3":"","artist_extra_date_4":null,"artist_time_of_date4":"","artist_extra_date_5":null,"artist_time_of_date5":"","artist_date__show_month":false,"artist_sidebar_active":false,"show_in_agenda":false,"artist_sidebar__banner_img":null,"artist_sidebar__banner_link":"","artist_hero_content":"","artist_style":false,"artist_nationality":false,"artist_audience_age":false},"yoast_head":"<!-- This site is optimized with the Yoast SEO plugin v27.5 - https:\/\/yoast.com\/product\/yoast-seo-wordpress\/ -->\n<title>Anna Calvi en concierto. Cru\u00eflla de Tardor 2018. 14 octubre, Razzmatazz 2<\/title>\n<meta name=\"description\" content=\"Anna Calvi en directo el 14 de octubre en la Sala Razzmatazz 2 de Barcelona, dentro del ciclo de conciertos Cru\u00eflla de Tardor 2018. \u00a1Entradas ya a la venta!\" \/>\n<meta name=\"robots\" content=\"index, follow, max-snippet:-1, max-image-preview:large, max-video-preview:-1\" \/>\n<link rel=\"canonical\" href=\"https:\/\/www.cruillabarcelona.cat\/es\/artists\/anna-calvi\/\" \/>\n<meta property=\"og:locale\" content=\"es_ES\" \/>\n<meta property=\"og:type\" content=\"article\" \/>\n<meta property=\"og:title\" content=\"Anna Calvi en concierto. Cru\u00eflla de Tardor 2018. 14 octubre, Razzmatazz 2\" \/>\n<meta property=\"og:description\" content=\"Anna Calvi en directo el 14 de octubre en la Sala Razzmatazz 2 de Barcelona, dentro del ciclo de conciertos Cru\u00eflla de Tardor 2018. \u00a1Entradas ya a la venta!\" \/>\n<meta property=\"og:url\" content=\"https:\/\/www.cruillabarcelona.cat\/es\/artists\/anna-calvi\/\" \/>\n<meta property=\"og:site_name\" content=\"Festival Cru\u00eflla\" \/>\n<meta property=\"article:modified_time\" content=\"2018-10-11T15:41:04+00:00\" \/>\n<meta property=\"og:image\" content=\"https:\/\/www.cruillabarcelona.cat\/wp-content\/uploads\/2018\/06\/Anna-Calvi600x600.jpg\" \/>\n\t<meta property=\"og:image:width\" content=\"600\" \/>\n\t<meta property=\"og:image:height\" content=\"600\" \/>\n\t<meta property=\"og:image:type\" content=\"image\/jpeg\" \/>\n<meta name=\"twitter:card\" content=\"summary_large_image\" \/>\n<meta name=\"twitter:label1\" content=\"Tiempo de lectura\" \/>\n\t<meta name=\"twitter:data1\" content=\"1 minuto\" \/>\n<script type=\"application\/ld+json\" class=\"yoast-schema-graph\">{\"@context\":\"https:\\\/\\\/schema.org\",\"@graph\":[{\"@type\":\"WebPage\",\"@id\":\"https:\\\/\\\/www.cruillabarcelona.cat\\\/es\\\/artists\\\/anna-calvi\\\/\",\"url\":\"https:\\\/\\\/www.cruillabarcelona.cat\\\/es\\\/artists\\\/anna-calvi\\\/\",\"name\":\"Anna Calvi en concierto. Cru\u00eflla de Tardor 2018. 14 octubre, Razzmatazz 2\",\"isPartOf\":{\"@id\":\"https:\\\/\\\/www.cruillabarcelona.cat\\\/es\\\/#website\"},\"primaryImageOfPage\":{\"@id\":\"https:\\\/\\\/www.cruillabarcelona.cat\\\/es\\\/artists\\\/anna-calvi\\\/#primaryimage\"},\"image\":{\"@id\":\"https:\\\/\\\/www.cruillabarcelona.cat\\\/es\\\/artists\\\/anna-calvi\\\/#primaryimage\"},\"thumbnailUrl\":\"https:\\\/\\\/www.cruillabarcelona.cat\\\/wp-content\\\/uploads\\\/2018\\\/06\\\/Anna-Calvi600x600.jpg\",\"datePublished\":\"2018-06-04T08:29:16+00:00\",\"dateModified\":\"2018-10-11T15:41:04+00:00\",\"description\":\"Anna Calvi en directo el 14 de octubre en la Sala Razzmatazz 2 de Barcelona, dentro del ciclo de conciertos Cru\u00eflla de Tardor 2018. \u00a1Entradas ya a la venta!\",\"breadcrumb\":{\"@id\":\"https:\\\/\\\/www.cruillabarcelona.cat\\\/es\\\/artists\\\/anna-calvi\\\/#breadcrumb\"},\"inLanguage\":\"es\",\"potentialAction\":[{\"@type\":\"ReadAction\",\"target\":[\"https:\\\/\\\/www.cruillabarcelona.cat\\\/es\\\/artists\\\/anna-calvi\\\/\"]}]},{\"@type\":\"ImageObject\",\"inLanguage\":\"es\",\"@id\":\"https:\\\/\\\/www.cruillabarcelona.cat\\\/es\\\/artists\\\/anna-calvi\\\/#primaryimage\",\"url\":\"https:\\\/\\\/www.cruillabarcelona.cat\\\/wp-content\\\/uploads\\\/2018\\\/06\\\/Anna-Calvi600x600.jpg\",\"contentUrl\":\"https:\\\/\\\/www.cruillabarcelona.cat\\\/wp-content\\\/uploads\\\/2018\\\/06\\\/Anna-Calvi600x600.jpg\",\"width\":600,\"height\":600,\"caption\":\"Anna Calvi\"},{\"@type\":\"BreadcrumbList\",\"@id\":\"https:\\\/\\\/www.cruillabarcelona.cat\\\/es\\\/artists\\\/anna-calvi\\\/#breadcrumb\",\"itemListElement\":[{\"@type\":\"ListItem\",\"position\":1,\"name\":\"Home\",\"item\":\"https:\\\/\\\/www.cruillabarcelona.cat\\\/es\\\/\"},{\"@type\":\"ListItem\",\"position\":2,\"name\":\"Anna Calvi\"}]},{\"@type\":\"WebSite\",\"@id\":\"https:\\\/\\\/www.cruillabarcelona.cat\\\/es\\\/#website\",\"url\":\"https:\\\/\\\/www.cruillabarcelona.cat\\\/es\\\/\",\"name\":\"Festival Cru\u00eflla\",\"description\":\"\",\"publisher\":{\"@id\":\"https:\\\/\\\/www.cruillabarcelona.cat\\\/es\\\/#organization\"},\"potentialAction\":[{\"@type\":\"SearchAction\",\"target\":{\"@type\":\"EntryPoint\",\"urlTemplate\":\"https:\\\/\\\/www.cruillabarcelona.cat\\\/es\\\/?s={search_term_string}\"},\"query-input\":{\"@type\":\"PropertyValueSpecification\",\"valueRequired\":true,\"valueName\":\"search_term_string\"}}],\"inLanguage\":\"es\"},{\"@type\":\"Organization\",\"@id\":\"https:\\\/\\\/www.cruillabarcelona.cat\\\/es\\\/#organization\",\"name\":\"Festival Cru\u00eflla\",\"url\":\"https:\\\/\\\/www.cruillabarcelona.cat\\\/es\\\/\",\"logo\":{\"@type\":\"ImageObject\",\"inLanguage\":\"es\",\"@id\":\"https:\\\/\\\/www.cruillabarcelona.cat\\\/es\\\/#\\\/schema\\\/logo\\\/image\\\/\",\"url\":\"https:\\\/\\\/www.cruillabarcelona.cat\\\/wp-content\\\/uploads\\\/2025\\\/12\\\/cruill-logo-negativo.png\",\"contentUrl\":\"https:\\\/\\\/www.cruillabarcelona.cat\\\/wp-content\\\/uploads\\\/2025\\\/12\\\/cruill-logo-negativo.png\",\"width\":400,\"height\":101,\"caption\":\"Festival Cru\u00eflla\"},\"image\":{\"@id\":\"https:\\\/\\\/www.cruillabarcelona.cat\\\/es\\\/#\\\/schema\\\/logo\\\/image\\\/\"}}]}<\/script>\n<!-- \/ Yoast SEO plugin. -->","yoast_head_json":{"title":"Anna Calvi en concierto. Cru\u00eflla de Tardor 2018. 14 octubre, Razzmatazz 2","description":"Anna Calvi en directo el 14 de octubre en la Sala Razzmatazz 2 de Barcelona, dentro del ciclo de conciertos Cru\u00eflla de Tardor 2018. \u00a1Entradas ya a la venta!","robots":{"index":"index","follow":"follow","max-snippet":"max-snippet:-1","max-image-preview":"max-image-preview:large","max-video-preview":"max-video-preview:-1"},"canonical":"https:\/\/www.cruillabarcelona.cat\/es\/artists\/anna-calvi\/","og_locale":"es_ES","og_type":"article","og_title":"Anna Calvi en concierto. Cru\u00eflla de Tardor 2018. 14 octubre, Razzmatazz 2","og_description":"Anna Calvi en directo el 14 de octubre en la Sala Razzmatazz 2 de Barcelona, dentro del ciclo de conciertos Cru\u00eflla de Tardor 2018. \u00a1Entradas ya a la venta!","og_url":"https:\/\/www.cruillabarcelona.cat\/es\/artists\/anna-calvi\/","og_site_name":"Festival Cru\u00eflla","article_modified_time":"2018-10-11T15:41:04+00:00","og_image":[{"width":600,"height":600,"url":"https:\/\/www.cruillabarcelona.cat\/wp-content\/uploads\/2018\/06\/Anna-Calvi600x600.jpg","type":"image\/jpeg"}],"twitter_card":"summary_large_image","twitter_misc":{"Tiempo de lectura":"1 minuto"},"schema":{"@context":"https:\/\/schema.org","@graph":[{"@type":"WebPage","@id":"https:\/\/www.cruillabarcelona.cat\/es\/artists\/anna-calvi\/","url":"https:\/\/www.cruillabarcelona.cat\/es\/artists\/anna-calvi\/","name":"Anna Calvi en concierto. Cru\u00eflla de Tardor 2018. 14 octubre, Razzmatazz 2","isPartOf":{"@id":"https:\/\/www.cruillabarcelona.cat\/es\/#website"},"primaryImageOfPage":{"@id":"https:\/\/www.cruillabarcelona.cat\/es\/artists\/anna-calvi\/#primaryimage"},"image":{"@id":"https:\/\/www.cruillabarcelona.cat\/es\/artists\/anna-calvi\/#primaryimage"},"thumbnailUrl":"https:\/\/www.cruillabarcelona.cat\/wp-content\/uploads\/2018\/06\/Anna-Calvi600x600.jpg","datePublished":"2018-06-04T08:29:16+00:00","dateModified":"2018-10-11T15:41:04+00:00","description":"Anna Calvi en directo el 14 de octubre en la Sala Razzmatazz 2 de Barcelona, dentro del ciclo de conciertos Cru\u00eflla de Tardor 2018. \u00a1Entradas ya a la venta!","breadcrumb":{"@id":"https:\/\/www.cruillabarcelona.cat\/es\/artists\/anna-calvi\/#breadcrumb"},"inLanguage":"es","potentialAction":[{"@type":"ReadAction","target":["https:\/\/www.cruillabarcelona.cat\/es\/artists\/anna-calvi\/"]}]},{"@type":"ImageObject","inLanguage":"es","@id":"https:\/\/www.cruillabarcelona.cat\/es\/artists\/anna-calvi\/#primaryimage","url":"https:\/\/www.cruillabarcelona.cat\/wp-content\/uploads\/2018\/06\/Anna-Calvi600x600.jpg","contentUrl":"https:\/\/www.cruillabarcelona.cat\/wp-content\/uploads\/2018\/06\/Anna-Calvi600x600.jpg","width":600,"height":600,"caption":"Anna Calvi"},{"@type":"BreadcrumbList","@id":"https:\/\/www.cruillabarcelona.cat\/es\/artists\/anna-calvi\/#breadcrumb","itemListElement":[{"@type":"ListItem","position":1,"name":"Home","item":"https:\/\/www.cruillabarcelona.cat\/es\/"},{"@type":"ListItem","position":2,"name":"Anna Calvi"}]},{"@type":"WebSite","@id":"https:\/\/www.cruillabarcelona.cat\/es\/#website","url":"https:\/\/www.cruillabarcelona.cat\/es\/","name":"Festival Cru\u00eflla","description":"","publisher":{"@id":"https:\/\/www.cruillabarcelona.cat\/es\/#organization"},"potentialAction":[{"@type":"SearchAction","target":{"@type":"EntryPoint","urlTemplate":"https:\/\/www.cruillabarcelona.cat\/es\/?s={search_term_string}"},"query-input":{"@type":"PropertyValueSpecification","valueRequired":true,"valueName":"search_term_string"}}],"inLanguage":"es"},{"@type":"Organization","@id":"https:\/\/www.cruillabarcelona.cat\/es\/#organization","name":"Festival Cru\u00eflla","url":"https:\/\/www.cruillabarcelona.cat\/es\/","logo":{"@type":"ImageObject","inLanguage":"es","@id":"https:\/\/www.cruillabarcelona.cat\/es\/#\/schema\/logo\/image\/","url":"https:\/\/www.cruillabarcelona.cat\/wp-content\/uploads\/2025\/12\/cruill-logo-negativo.png","contentUrl":"https:\/\/www.cruillabarcelona.cat\/wp-content\/uploads\/2025\/12\/cruill-logo-negativo.png","width":400,"height":101,"caption":"Festival Cru\u00eflla"},"image":{"@id":"https:\/\/www.cruillabarcelona.cat\/es\/#\/schema\/logo\/image\/"}}]}},"_links":{"self":[{"href":"https:\/\/www.cruillabarcelona.cat\/es\/wp-json\/wp\/v2\/artists\/13186","targetHints":{"allow":["GET"]}}],"collection":[{"href":"https:\/\/www.cruillabarcelona.cat\/es\/wp-json\/wp\/v2\/artists"}],"about":[{"href":"https:\/\/www.cruillabarcelona.cat\/es\/wp-json\/wp\/v2\/types\/artists"}],"acf:term":[{"embeddable":true,"taxonomy":"artists_location","href":"https:\/\/www.cruillabarcelona.cat\/es\/wp-json\/wp\/v2\/artists_location\/711"},{"embeddable":true,"taxonomy":"artists_edition","href":"https:\/\/www.cruillabarcelona.cat\/es\/wp-json\/wp\/v2\/artists_edition\/708"}],"wp:featuredmedia":[{"embeddable":true,"href":"https:\/\/www.cruillabarcelona.cat\/es\/wp-json\/wp\/v2\/media\/13248"}],"wp:attachment":[{"href":"https:\/\/www.cruillabarcelona.cat\/es\/wp-json\/wp\/v2\/media?parent=13186"}],"wp:term":[{"taxonomy":"artists_edition","embeddable":true,"href":"https:\/\/www.cruillabarcelona.cat\/es\/wp-json\/wp\/v2\/artists_edition?post=13186"}],"curies":[{"name":"wp","href":"https:\/\/api.w.org\/{rel}","templated":true}]}}