{"id":17862,"date":"2018-07-13T11:38:04","date_gmt":"2018-07-13T09:38:04","guid":{"rendered":"https:\/\/www.cruillabarcelona.cat\/?post_type=artists&#038;p=17862"},"modified":"2018-10-25T13:43:06","modified_gmt":"2018-10-25T11:43:06","slug":"mgmt","status":"publish","type":"artists","link":"https:\/\/www.cruillabarcelona.cat\/es\/artists\/mgmt\/","title":{"rendered":"MGMT"},"content":{"rendered":"<h3>Los horarios de MGMT son los siguientes:<\/h3>\n<ul>\n<li>19:00h: apertura de puertas.<\/li>\n<li>20:30h: MGMT.<\/li>\n<\/ul>\n<p style=\"text-align: justify;\">El precio de las entradas es de\u00a0<strong>32,5\u20ac<\/strong>\u00a0(anticipada) o\u00a0<strong>40\u20ac<\/strong>\u00a0(taquilla). Cuando se abran las puertas del recinto el d\u00eda del concierto finalizar\u00e1 la venta de entradas a trav\u00e9s de la web y los tickets solo se podr\u00e1n adquirir en las taquillas del Poble Espanyol.<\/p>\n<p>&nbsp;<\/p>\n<p><strong>\u00a1IMPORTANTE! A causa de la celebraci\u00f3n del Rally RACC Catalunya Costa-Daurada las siguientes calles estar\u00e1n cortadas a la circulaci\u00f3n de veh\u00edculos: Avinguda Maria Cristina, Carles Bu\u00efgas (vial 6025), Avinguda Rius i Taulet, Avinguda Francesc Ferrer i Gu\u00e0rdia.<\/strong><\/p>\n<p><strong>Si vienes en veh\u00edculo privado:\u00a0<\/strong>te recomendamos llegar por la Avinguda de l&#8217;Estadi.<\/p>\n<p><strong>Si vienes en autob\u00fas: el recorrido de las l\u00edneas 13, 23 y 150<\/strong>\u00a0(que habitualmente tienen parada justo delante del recinto)\u00a0<strong>se ver\u00e1 afectado por los cortes de tr\u00e1fico.<\/strong><\/p>\n<hr \/>\n<h2>Los 80 est\u00e1n celosos, y no es para menos<\/h2>\n<p style=\"text-align: justify;\">MGMT es una de las bandas m\u00e1s representativas del <strong>pop electr\u00f3nico<\/strong> y la <strong>psicodelia<\/strong> de la \u00faltima d\u00e9cada. Su m\u00fasica ha sintonizado con las emociones de una generaci\u00f3n, que quiere <strong>bailar y sentir a la vez<\/strong>.<\/p>\n<p style=\"text-align: justify;\">El pr\u00f3ximo <strong>25 de octubre<\/strong> los tendremos en directo en el <strong>Hivernacle del Poble Espanyol<\/strong>. Nos presentar\u00e1n su \u00faltimo disco, <em>Little Dark Age<\/em>, una <strong>obra may\u00fascula<\/strong> de psicodelia electr\u00f3nica e instrumental. Escucharemos los hits que han convertido al grupo en cl\u00e1sicos de la escena, como <em>Kids<\/em> y <em>Time to pretend<\/em>.<\/p>\n<p style=\"text-align: justify;\">Los a\u00f1os 80 est\u00e1n celosos, y no es para menos: <strong>la mejor m\u00fasica de los 80 se hace ahora<\/strong>. Y es por culpa de MGMT.<\/p>\n<hr \/>\n<p>El precio de las entradas es de\u00a0<strong>32,5\u20ac<\/strong>\u00a0(anticipada) o\u00a0<strong>40\u20ac<\/strong>\u00a0(taquilla).<\/p>\n<p style=\"text-align: center;\"><a class=\"efsbutton button \" target=\"_blank\">Entradas<\/a><\/p>\n<!-- auto-added video if acf\/single-artist-video not used  --> <iframe style=\"width: 100%;max-width: 100%;height: auto;aspect-ratio: 16 \/ 9;\" src=\"https:\/\/www.youtube-nocookie.com\/embed\/rtL5oMyBHPs\" frameborder=\"0\" allow=\"accelerometer; autoplay; encrypted-media; gyroscope; picture-in-picture\" allowfullscreen><\/iframe>","protected":false},"featured_media":18134,"template":"","meta":{"_acf_changed":false},"artists_edition":[708],"class_list":["post-17862","artists","type-artists","status-publish","has-post-thumbnail","hentry","artists_location-hivernacle-poble-espanyol","artists_edition-2018-tardor"],"acf":{"_thumbnail_id":18134,"youtube_player":"rtL5oMyBHPs","artist_edition":[708],"artist_date":"20181025","artist_time":"19:00:00","artist_time_2":"","artist_location":[611],"artist_ticket_url":"https:\/\/www.portalticket.com\/entradas\/mgmt\/cruilla-barcelona\/cruilla-de-tardor","artist_ticket_status":"","artist_extra_date__show":false,"artist_extra_date_2":null,"artist_time_of_date2":"","artist_extra_date_3":null,"artist_time_of_date3":"","artist_extra_date_4":null,"artist_time_of_date4":"","artist_extra_date_5":null,"artist_time_of_date5":"","artist_date__show_month":false,"artist_sidebar_active":false,"show_in_agenda":false,"artist_sidebar__banner_img":null,"artist_sidebar__banner_link":"","artist_hero_content":"","artist_style":false,"artist_nationality":false,"artist_audience_age":false},"yoast_head":"<!-- This site is optimized with the Yoast SEO plugin v27.5 - https:\/\/yoast.com\/product\/yoast-seo-wordpress\/ -->\n<title>MGMT. Cru\u00eflla de Tardor. 25 octubre 2018. Hivernacle del Poble Espanyol<\/title>\n<meta name=\"description\" content=\"Consigue tus entradas para ver a MGMT en el Hivernacle del Poble Espanyol el 25 de octubre, dentro del ciclo de conciertos Cru\u00eflla de Tardor 2018.\" \/>\n<meta name=\"robots\" content=\"index, follow, max-snippet:-1, max-image-preview:large, max-video-preview:-1\" \/>\n<link rel=\"canonical\" href=\"https:\/\/www.cruillabarcelona.cat\/es\/artists\/mgmt\/\" \/>\n<meta property=\"og:locale\" content=\"es_ES\" \/>\n<meta property=\"og:type\" content=\"article\" \/>\n<meta property=\"og:title\" content=\"MGMT. Cru\u00eflla de Tardor. 25 octubre 2018. Hivernacle del Poble Espanyol\" \/>\n<meta property=\"og:description\" content=\"Consigue tus entradas para ver a MGMT en el Hivernacle del Poble Espanyol el 25 de octubre, dentro del ciclo de conciertos Cru\u00eflla de Tardor 2018.\" \/>\n<meta property=\"og:url\" content=\"https:\/\/www.cruillabarcelona.cat\/es\/artists\/mgmt\/\" \/>\n<meta property=\"og:site_name\" content=\"Festival Cru\u00eflla\" \/>\n<meta property=\"article:modified_time\" content=\"2018-10-25T11:43:06+00:00\" \/>\n<meta property=\"og:image\" content=\"https:\/\/www.cruillabarcelona.cat\/wp-content\/uploads\/2018\/07\/MGMT_web_low600x600.jpg\" \/>\n\t<meta property=\"og:image:width\" content=\"600\" \/>\n\t<meta property=\"og:image:height\" content=\"600\" \/>\n\t<meta property=\"og:image:type\" content=\"image\/jpeg\" \/>\n<meta name=\"twitter:card\" content=\"summary_large_image\" \/>\n<meta name=\"twitter:label1\" content=\"Tiempo de lectura\" \/>\n\t<meta name=\"twitter:data1\" content=\"2 minutos\" \/>\n<script type=\"application\/ld+json\" class=\"yoast-schema-graph\">{\"@context\":\"https:\\\/\\\/schema.org\",\"@graph\":[{\"@type\":\"WebPage\",\"@id\":\"https:\\\/\\\/www.cruillabarcelona.cat\\\/es\\\/artists\\\/mgmt\\\/\",\"url\":\"https:\\\/\\\/www.cruillabarcelona.cat\\\/es\\\/artists\\\/mgmt\\\/\",\"name\":\"MGMT. Cru\u00eflla de Tardor. 25 octubre 2018. Hivernacle del Poble Espanyol\",\"isPartOf\":{\"@id\":\"https:\\\/\\\/www.cruillabarcelona.cat\\\/es\\\/#website\"},\"primaryImageOfPage\":{\"@id\":\"https:\\\/\\\/www.cruillabarcelona.cat\\\/es\\\/artists\\\/mgmt\\\/#primaryimage\"},\"image\":{\"@id\":\"https:\\\/\\\/www.cruillabarcelona.cat\\\/es\\\/artists\\\/mgmt\\\/#primaryimage\"},\"thumbnailUrl\":\"https:\\\/\\\/www.cruillabarcelona.cat\\\/wp-content\\\/uploads\\\/2018\\\/07\\\/MGMT_web_low600x600.jpg\",\"datePublished\":\"2018-07-13T09:38:04+00:00\",\"dateModified\":\"2018-10-25T11:43:06+00:00\",\"description\":\"Consigue tus entradas para ver a MGMT en el Hivernacle del Poble Espanyol el 25 de octubre, dentro del ciclo de conciertos Cru\u00eflla de Tardor 2018.\",\"breadcrumb\":{\"@id\":\"https:\\\/\\\/www.cruillabarcelona.cat\\\/es\\\/artists\\\/mgmt\\\/#breadcrumb\"},\"inLanguage\":\"es\",\"potentialAction\":[{\"@type\":\"ReadAction\",\"target\":[\"https:\\\/\\\/www.cruillabarcelona.cat\\\/es\\\/artists\\\/mgmt\\\/\"]}]},{\"@type\":\"ImageObject\",\"inLanguage\":\"es\",\"@id\":\"https:\\\/\\\/www.cruillabarcelona.cat\\\/es\\\/artists\\\/mgmt\\\/#primaryimage\",\"url\":\"https:\\\/\\\/www.cruillabarcelona.cat\\\/wp-content\\\/uploads\\\/2018\\\/07\\\/MGMT_web_low600x600.jpg\",\"contentUrl\":\"https:\\\/\\\/www.cruillabarcelona.cat\\\/wp-content\\\/uploads\\\/2018\\\/07\\\/MGMT_web_low600x600.jpg\",\"width\":600,\"height\":600,\"caption\":\"MGMT\"},{\"@type\":\"BreadcrumbList\",\"@id\":\"https:\\\/\\\/www.cruillabarcelona.cat\\\/es\\\/artists\\\/mgmt\\\/#breadcrumb\",\"itemListElement\":[{\"@type\":\"ListItem\",\"position\":1,\"name\":\"Home\",\"item\":\"https:\\\/\\\/www.cruillabarcelona.cat\\\/es\\\/\"},{\"@type\":\"ListItem\",\"position\":2,\"name\":\"MGMT\"}]},{\"@type\":\"WebSite\",\"@id\":\"https:\\\/\\\/www.cruillabarcelona.cat\\\/es\\\/#website\",\"url\":\"https:\\\/\\\/www.cruillabarcelona.cat\\\/es\\\/\",\"name\":\"Festival Cru\u00eflla\",\"description\":\"\",\"publisher\":{\"@id\":\"https:\\\/\\\/www.cruillabarcelona.cat\\\/es\\\/#organization\"},\"potentialAction\":[{\"@type\":\"SearchAction\",\"target\":{\"@type\":\"EntryPoint\",\"urlTemplate\":\"https:\\\/\\\/www.cruillabarcelona.cat\\\/es\\\/?s={search_term_string}\"},\"query-input\":{\"@type\":\"PropertyValueSpecification\",\"valueRequired\":true,\"valueName\":\"search_term_string\"}}],\"inLanguage\":\"es\"},{\"@type\":\"Organization\",\"@id\":\"https:\\\/\\\/www.cruillabarcelona.cat\\\/es\\\/#organization\",\"name\":\"Festival Cru\u00eflla\",\"url\":\"https:\\\/\\\/www.cruillabarcelona.cat\\\/es\\\/\",\"logo\":{\"@type\":\"ImageObject\",\"inLanguage\":\"es\",\"@id\":\"https:\\\/\\\/www.cruillabarcelona.cat\\\/es\\\/#\\\/schema\\\/logo\\\/image\\\/\",\"url\":\"https:\\\/\\\/www.cruillabarcelona.cat\\\/wp-content\\\/uploads\\\/2025\\\/12\\\/cruill-logo-negativo.png\",\"contentUrl\":\"https:\\\/\\\/www.cruillabarcelona.cat\\\/wp-content\\\/uploads\\\/2025\\\/12\\\/cruill-logo-negativo.png\",\"width\":400,\"height\":101,\"caption\":\"Festival Cru\u00eflla\"},\"image\":{\"@id\":\"https:\\\/\\\/www.cruillabarcelona.cat\\\/es\\\/#\\\/schema\\\/logo\\\/image\\\/\"}}]}<\/script>\n<!-- \/ Yoast SEO plugin. -->","yoast_head_json":{"title":"MGMT. Cru\u00eflla de Tardor. 25 octubre 2018. Hivernacle del Poble Espanyol","description":"Consigue tus entradas para ver a MGMT en el Hivernacle del Poble Espanyol el 25 de octubre, dentro del ciclo de conciertos Cru\u00eflla de Tardor 2018.","robots":{"index":"index","follow":"follow","max-snippet":"max-snippet:-1","max-image-preview":"max-image-preview:large","max-video-preview":"max-video-preview:-1"},"canonical":"https:\/\/www.cruillabarcelona.cat\/es\/artists\/mgmt\/","og_locale":"es_ES","og_type":"article","og_title":"MGMT. Cru\u00eflla de Tardor. 25 octubre 2018. Hivernacle del Poble Espanyol","og_description":"Consigue tus entradas para ver a MGMT en el Hivernacle del Poble Espanyol el 25 de octubre, dentro del ciclo de conciertos Cru\u00eflla de Tardor 2018.","og_url":"https:\/\/www.cruillabarcelona.cat\/es\/artists\/mgmt\/","og_site_name":"Festival Cru\u00eflla","article_modified_time":"2018-10-25T11:43:06+00:00","og_image":[{"width":600,"height":600,"url":"https:\/\/www.cruillabarcelona.cat\/wp-content\/uploads\/2018\/07\/MGMT_web_low600x600.jpg","type":"image\/jpeg"}],"twitter_card":"summary_large_image","twitter_misc":{"Tiempo de lectura":"2 minutos"},"schema":{"@context":"https:\/\/schema.org","@graph":[{"@type":"WebPage","@id":"https:\/\/www.cruillabarcelona.cat\/es\/artists\/mgmt\/","url":"https:\/\/www.cruillabarcelona.cat\/es\/artists\/mgmt\/","name":"MGMT. Cru\u00eflla de Tardor. 25 octubre 2018. Hivernacle del Poble Espanyol","isPartOf":{"@id":"https:\/\/www.cruillabarcelona.cat\/es\/#website"},"primaryImageOfPage":{"@id":"https:\/\/www.cruillabarcelona.cat\/es\/artists\/mgmt\/#primaryimage"},"image":{"@id":"https:\/\/www.cruillabarcelona.cat\/es\/artists\/mgmt\/#primaryimage"},"thumbnailUrl":"https:\/\/www.cruillabarcelona.cat\/wp-content\/uploads\/2018\/07\/MGMT_web_low600x600.jpg","datePublished":"2018-07-13T09:38:04+00:00","dateModified":"2018-10-25T11:43:06+00:00","description":"Consigue tus entradas para ver a MGMT en el Hivernacle del Poble Espanyol el 25 de octubre, dentro del ciclo de conciertos Cru\u00eflla de Tardor 2018.","breadcrumb":{"@id":"https:\/\/www.cruillabarcelona.cat\/es\/artists\/mgmt\/#breadcrumb"},"inLanguage":"es","potentialAction":[{"@type":"ReadAction","target":["https:\/\/www.cruillabarcelona.cat\/es\/artists\/mgmt\/"]}]},{"@type":"ImageObject","inLanguage":"es","@id":"https:\/\/www.cruillabarcelona.cat\/es\/artists\/mgmt\/#primaryimage","url":"https:\/\/www.cruillabarcelona.cat\/wp-content\/uploads\/2018\/07\/MGMT_web_low600x600.jpg","contentUrl":"https:\/\/www.cruillabarcelona.cat\/wp-content\/uploads\/2018\/07\/MGMT_web_low600x600.jpg","width":600,"height":600,"caption":"MGMT"},{"@type":"BreadcrumbList","@id":"https:\/\/www.cruillabarcelona.cat\/es\/artists\/mgmt\/#breadcrumb","itemListElement":[{"@type":"ListItem","position":1,"name":"Home","item":"https:\/\/www.cruillabarcelona.cat\/es\/"},{"@type":"ListItem","position":2,"name":"MGMT"}]},{"@type":"WebSite","@id":"https:\/\/www.cruillabarcelona.cat\/es\/#website","url":"https:\/\/www.cruillabarcelona.cat\/es\/","name":"Festival Cru\u00eflla","description":"","publisher":{"@id":"https:\/\/www.cruillabarcelona.cat\/es\/#organization"},"potentialAction":[{"@type":"SearchAction","target":{"@type":"EntryPoint","urlTemplate":"https:\/\/www.cruillabarcelona.cat\/es\/?s={search_term_string}"},"query-input":{"@type":"PropertyValueSpecification","valueRequired":true,"valueName":"search_term_string"}}],"inLanguage":"es"},{"@type":"Organization","@id":"https:\/\/www.cruillabarcelona.cat\/es\/#organization","name":"Festival Cru\u00eflla","url":"https:\/\/www.cruillabarcelona.cat\/es\/","logo":{"@type":"ImageObject","inLanguage":"es","@id":"https:\/\/www.cruillabarcelona.cat\/es\/#\/schema\/logo\/image\/","url":"https:\/\/www.cruillabarcelona.cat\/wp-content\/uploads\/2025\/12\/cruill-logo-negativo.png","contentUrl":"https:\/\/www.cruillabarcelona.cat\/wp-content\/uploads\/2025\/12\/cruill-logo-negativo.png","width":400,"height":101,"caption":"Festival Cru\u00eflla"},"image":{"@id":"https:\/\/www.cruillabarcelona.cat\/es\/#\/schema\/logo\/image\/"}}]}},"_links":{"self":[{"href":"https:\/\/www.cruillabarcelona.cat\/es\/wp-json\/wp\/v2\/artists\/17862","targetHints":{"allow":["GET"]}}],"collection":[{"href":"https:\/\/www.cruillabarcelona.cat\/es\/wp-json\/wp\/v2\/artists"}],"about":[{"href":"https:\/\/www.cruillabarcelona.cat\/es\/wp-json\/wp\/v2\/types\/artists"}],"acf:term":[{"embeddable":true,"taxonomy":"artists_location","href":"https:\/\/www.cruillabarcelona.cat\/es\/wp-json\/wp\/v2\/artists_location\/611"},{"embeddable":true,"taxonomy":"artists_edition","href":"https:\/\/www.cruillabarcelona.cat\/es\/wp-json\/wp\/v2\/artists_edition\/708"}],"wp:featuredmedia":[{"embeddable":true,"href":"https:\/\/www.cruillabarcelona.cat\/es\/wp-json\/wp\/v2\/media\/18134"}],"wp:attachment":[{"href":"https:\/\/www.cruillabarcelona.cat\/es\/wp-json\/wp\/v2\/media?parent=17862"}],"wp:term":[{"taxonomy":"artists_edition","embeddable":true,"href":"https:\/\/www.cruillabarcelona.cat\/es\/wp-json\/wp\/v2\/artists_edition?post=17862"}],"curies":[{"name":"wp","href":"https:\/\/api.w.org\/{rel}","templated":true}]}}