{"id":18907,"date":"2018-11-20T10:52:25","date_gmt":"2018-11-20T08:52:25","guid":{"rendered":"https:\/\/www.cruillabarcelona.cat\/?post_type=artists&#038;p=18907"},"modified":"2019-05-13T13:47:37","modified_gmt":"2019-05-13T11:47:37","slug":"vetusta-morla","status":"publish","type":"artists","link":"https:\/\/www.cruillabarcelona.cat\/es\/artists\/vetusta-morla\/","title":{"rendered":"Vetusta Morla"},"content":{"rendered":"<h2>\u00a1Vetusta Morla vuelven al Festival Cru\u00eflla!<\/h2>\n<p style=\"text-align: justify;\">Vetusta Morla es el\u00a0<strong>grupo musical espa\u00f1ol de rock<\/strong> m\u00e1s importante de los \u00faltimos a\u00f1os. Desde la presentaci\u00f3n de su\u00a0<strong>\u00e1lbum debut en 2008<\/strong>, el sexteto no ha dejado de recibir el reconocimiento de p\u00fablico y cr\u00edtica.<\/p>\n<p style=\"text-align: justify;\">La banda de Tres Cantos llega al Cru\u00eflla el\u00a0<strong>5 de julio de 2019<\/strong>\u00a0con su gira <em>Mismo Sitio, Distinto Lugar<\/em> para demostrar por qu\u00e9 es la banda n\u00famero uno de la m\u00fasica independiente nacional.<\/p>\n<p style=\"text-align: justify;\">Con tu entrada para el\u00a0<strong>viernes 5<\/strong> no solo podr\u00e1s ver a Vetusta Morla en directo, sino que tambi\u00e9n podr\u00e1s asistir a los conciertos de artistas como <a href=\"https:\/\/www.cruillabarcelona.cat\/es\/artists\/garbage\" target=\"_blank\" rel=\"noopener noreferrer\">Garbage<\/a>,\u00a0<a href=\"https:\/\/www.cruillabarcelona.cat\/es\/artists\/bastille\" target=\"_blank\" rel=\"noopener noreferrer\">Bastille<\/a>, <a href=\"https:\/\/www.cruillabarcelona.cat\/es\/artists\/foals\" target=\"_blank\" rel=\"noopener noreferrer\">Foals<\/a> o <a href=\"https:\/\/www.cruillabarcelona.cat\/es\/artists\/xoel-lopez\" target=\"_blank\" rel=\"noopener noreferrer\">Xoel L\u00f3pez<\/a>.<\/p>\n<hr \/>\n<p style=\"text-align: center;\"><em>Compra aqu\u00ed tu entrada del viernes o, si quieres vivir la experiencia completa, consigue tu abono del festival.<\/em><\/p>\n<p style=\"text-align: center;\"><a class=\"efsbutton button \" target=\"_blank\">ENTRADAS<\/a><\/p>\n<hr \/>\n<p style=\"text-align: justify;\">Pucho y compa\u00f1\u00eda, que actualmente se encuentran de gira presentando su \u00faltimo disco, siguen rompiendo moldes con cada uno de sus \u00e1lbumes y conciertos.<\/p>\n<p style=\"text-align: justify;\">Cuentan en su haber con dos Discos de Platino, tres Discos de Oro y tres nominaciones a los Latin Grammy 2018 y se han convertido en referente del auge de la m\u00fasica en directo en Espa\u00f1a.<\/p>\n<p style=\"text-align: justify;\">Recientemente han sido galardonados con el\u00a0<strong>Premio Ondas Nacional de M\u00fasica al Mejor Espect\u00e1culo, Gira o<\/strong> <strong>Festival<\/strong> por el multitudinario concierto que celebraron el pasado 23 de junio de 2018 en Madrid.<\/p>\n<!-- auto-added video if acf\/single-artist-video not used  --> <iframe style=\"width: 100%;max-width: 100%;height: auto;aspect-ratio: 16 \/ 9;\" src=\"https:\/\/www.youtube-nocookie.com\/embed\/tXKg6qbY_Ss\" frameborder=\"0\" allow=\"accelerometer; autoplay; encrypted-media; gyroscope; picture-in-picture\" allowfullscreen><\/iframe>","protected":false},"featured_media":18994,"template":"","meta":{"_acf_changed":false},"artists_edition":[729],"class_list":["post-18907","artists","type-artists","status-publish","has-post-thumbnail","hentry","artists_location-estrella","artists_edition-729"],"acf":{"_thumbnail_id":18994,"youtube_player":"tXKg6qbY_Ss","artist_edition":[729],"artist_date":"20190705","artist_time":"23:00:00","artist_time_2":"","artist_location":[20],"artist_ticket_url":"https:\/\/cruilla.seetickets.com\/event\/entrada-divendres\/parc-del-forum-barcelona\/1278175?lang=es-ES","artist_ticket_status":"","artist_extra_date__show":false,"artist_extra_date_2":null,"artist_time_of_date2":"","artist_extra_date_3":null,"artist_time_of_date3":"","artist_extra_date_4":null,"artist_time_of_date4":"","artist_extra_date_5":null,"artist_time_of_date5":"","artist_date__show_month":false,"artist_sidebar_active":false,"show_in_agenda":false,"artist_sidebar__banner_img":null,"artist_sidebar__banner_link":"","artist_hero_content":"<p style=\"text-align: center;\">Viernes 5 de julio en el Festival Cru\u00eflla<\/p>","artist_style":false,"artist_nationality":false,"artist_audience_age":false},"yoast_head":"<!-- This site is optimized with the Yoast SEO plugin v27.5 - https:\/\/yoast.com\/product\/yoast-seo-wordpress\/ -->\n<title>Vetusta Morla en concierto en Barcelona el 5 de julio. Festival Cru\u00eflla 2019<\/title>\n<meta name=\"description\" content=\"Venta de entradas para el concierto de Vetusta Morla en el Festival Cru\u00eflla 2019. El pr\u00f3ximo verano, viernes 5 de julio en el Parc del F\u00f2rum de Barcelona.\" \/>\n<meta name=\"robots\" content=\"index, follow, max-snippet:-1, max-image-preview:large, max-video-preview:-1\" \/>\n<link rel=\"canonical\" href=\"https:\/\/www.cruillabarcelona.cat\/es\/artists\/vetusta-morla\/\" \/>\n<meta property=\"og:locale\" content=\"es_ES\" \/>\n<meta property=\"og:type\" content=\"article\" \/>\n<meta property=\"og:title\" content=\"Vetusta Morla en concierto en Barcelona el 5 de julio. Festival Cru\u00eflla 2019\" \/>\n<meta property=\"og:description\" content=\"Venta de entradas para el concierto de Vetusta Morla en el Festival Cru\u00eflla 2019. El pr\u00f3ximo verano, viernes 5 de julio en el Parc del F\u00f2rum de Barcelona.\" \/>\n<meta property=\"og:url\" content=\"https:\/\/www.cruillabarcelona.cat\/es\/artists\/vetusta-morla\/\" \/>\n<meta property=\"og:site_name\" content=\"Festival Cru\u00eflla\" \/>\n<meta property=\"article:modified_time\" content=\"2019-05-13T11:47:37+00:00\" \/>\n<meta property=\"og:image\" content=\"https:\/\/www.cruillabarcelona.cat\/wp-content\/uploads\/2018\/10\/600vetusta.jpg\" \/>\n\t<meta property=\"og:image:width\" content=\"600\" \/>\n\t<meta property=\"og:image:height\" content=\"600\" \/>\n\t<meta property=\"og:image:type\" content=\"image\/jpeg\" \/>\n<meta name=\"twitter:card\" content=\"summary_large_image\" \/>\n<meta name=\"twitter:label1\" content=\"Tiempo de lectura\" \/>\n\t<meta name=\"twitter:data1\" content=\"1 minuto\" \/>\n<script type=\"application\/ld+json\" class=\"yoast-schema-graph\">{\"@context\":\"https:\\\/\\\/schema.org\",\"@graph\":[{\"@type\":\"WebPage\",\"@id\":\"https:\\\/\\\/www.cruillabarcelona.cat\\\/es\\\/artists\\\/vetusta-morla\\\/\",\"url\":\"https:\\\/\\\/www.cruillabarcelona.cat\\\/es\\\/artists\\\/vetusta-morla\\\/\",\"name\":\"Vetusta Morla en concierto en Barcelona el 5 de julio. Festival Cru\u00eflla 2019\",\"isPartOf\":{\"@id\":\"https:\\\/\\\/www.cruillabarcelona.cat\\\/es\\\/#website\"},\"primaryImageOfPage\":{\"@id\":\"https:\\\/\\\/www.cruillabarcelona.cat\\\/es\\\/artists\\\/vetusta-morla\\\/#primaryimage\"},\"image\":{\"@id\":\"https:\\\/\\\/www.cruillabarcelona.cat\\\/es\\\/artists\\\/vetusta-morla\\\/#primaryimage\"},\"thumbnailUrl\":\"https:\\\/\\\/www.cruillabarcelona.cat\\\/wp-content\\\/uploads\\\/2018\\\/10\\\/600vetusta.jpg\",\"datePublished\":\"2018-11-20T08:52:25+00:00\",\"dateModified\":\"2019-05-13T11:47:37+00:00\",\"description\":\"Venta de entradas para el concierto de Vetusta Morla en el Festival Cru\u00eflla 2019. El pr\u00f3ximo verano, viernes 5 de julio en el Parc del F\u00f2rum de Barcelona.\",\"breadcrumb\":{\"@id\":\"https:\\\/\\\/www.cruillabarcelona.cat\\\/es\\\/artists\\\/vetusta-morla\\\/#breadcrumb\"},\"inLanguage\":\"es\",\"potentialAction\":[{\"@type\":\"ReadAction\",\"target\":[\"https:\\\/\\\/www.cruillabarcelona.cat\\\/es\\\/artists\\\/vetusta-morla\\\/\"]}]},{\"@type\":\"ImageObject\",\"inLanguage\":\"es\",\"@id\":\"https:\\\/\\\/www.cruillabarcelona.cat\\\/es\\\/artists\\\/vetusta-morla\\\/#primaryimage\",\"url\":\"https:\\\/\\\/www.cruillabarcelona.cat\\\/wp-content\\\/uploads\\\/2018\\\/10\\\/600vetusta.jpg\",\"contentUrl\":\"https:\\\/\\\/www.cruillabarcelona.cat\\\/wp-content\\\/uploads\\\/2018\\\/10\\\/600vetusta.jpg\",\"width\":600,\"height\":600,\"caption\":\"Vetusta Morla\"},{\"@type\":\"BreadcrumbList\",\"@id\":\"https:\\\/\\\/www.cruillabarcelona.cat\\\/es\\\/artists\\\/vetusta-morla\\\/#breadcrumb\",\"itemListElement\":[{\"@type\":\"ListItem\",\"position\":1,\"name\":\"Home\",\"item\":\"https:\\\/\\\/www.cruillabarcelona.cat\\\/es\\\/\"},{\"@type\":\"ListItem\",\"position\":2,\"name\":\"Vetusta Morla\"}]},{\"@type\":\"WebSite\",\"@id\":\"https:\\\/\\\/www.cruillabarcelona.cat\\\/es\\\/#website\",\"url\":\"https:\\\/\\\/www.cruillabarcelona.cat\\\/es\\\/\",\"name\":\"Festival Cru\u00eflla\",\"description\":\"\",\"publisher\":{\"@id\":\"https:\\\/\\\/www.cruillabarcelona.cat\\\/es\\\/#organization\"},\"potentialAction\":[{\"@type\":\"SearchAction\",\"target\":{\"@type\":\"EntryPoint\",\"urlTemplate\":\"https:\\\/\\\/www.cruillabarcelona.cat\\\/es\\\/?s={search_term_string}\"},\"query-input\":{\"@type\":\"PropertyValueSpecification\",\"valueRequired\":true,\"valueName\":\"search_term_string\"}}],\"inLanguage\":\"es\"},{\"@type\":\"Organization\",\"@id\":\"https:\\\/\\\/www.cruillabarcelona.cat\\\/es\\\/#organization\",\"name\":\"Festival Cru\u00eflla\",\"url\":\"https:\\\/\\\/www.cruillabarcelona.cat\\\/es\\\/\",\"logo\":{\"@type\":\"ImageObject\",\"inLanguage\":\"es\",\"@id\":\"https:\\\/\\\/www.cruillabarcelona.cat\\\/es\\\/#\\\/schema\\\/logo\\\/image\\\/\",\"url\":\"https:\\\/\\\/www.cruillabarcelona.cat\\\/wp-content\\\/uploads\\\/2025\\\/12\\\/cruill-logo-negativo.png\",\"contentUrl\":\"https:\\\/\\\/www.cruillabarcelona.cat\\\/wp-content\\\/uploads\\\/2025\\\/12\\\/cruill-logo-negativo.png\",\"width\":400,\"height\":101,\"caption\":\"Festival Cru\u00eflla\"},\"image\":{\"@id\":\"https:\\\/\\\/www.cruillabarcelona.cat\\\/es\\\/#\\\/schema\\\/logo\\\/image\\\/\"}}]}<\/script>\n<!-- \/ Yoast SEO plugin. -->","yoast_head_json":{"title":"Vetusta Morla en concierto en Barcelona el 5 de julio. Festival Cru\u00eflla 2019","description":"Venta de entradas para el concierto de Vetusta Morla en el Festival Cru\u00eflla 2019. El pr\u00f3ximo verano, viernes 5 de julio en el Parc del F\u00f2rum de Barcelona.","robots":{"index":"index","follow":"follow","max-snippet":"max-snippet:-1","max-image-preview":"max-image-preview:large","max-video-preview":"max-video-preview:-1"},"canonical":"https:\/\/www.cruillabarcelona.cat\/es\/artists\/vetusta-morla\/","og_locale":"es_ES","og_type":"article","og_title":"Vetusta Morla en concierto en Barcelona el 5 de julio. Festival Cru\u00eflla 2019","og_description":"Venta de entradas para el concierto de Vetusta Morla en el Festival Cru\u00eflla 2019. El pr\u00f3ximo verano, viernes 5 de julio en el Parc del F\u00f2rum de Barcelona.","og_url":"https:\/\/www.cruillabarcelona.cat\/es\/artists\/vetusta-morla\/","og_site_name":"Festival Cru\u00eflla","article_modified_time":"2019-05-13T11:47:37+00:00","og_image":[{"width":600,"height":600,"url":"https:\/\/www.cruillabarcelona.cat\/wp-content\/uploads\/2018\/10\/600vetusta.jpg","type":"image\/jpeg"}],"twitter_card":"summary_large_image","twitter_misc":{"Tiempo de lectura":"1 minuto"},"schema":{"@context":"https:\/\/schema.org","@graph":[{"@type":"WebPage","@id":"https:\/\/www.cruillabarcelona.cat\/es\/artists\/vetusta-morla\/","url":"https:\/\/www.cruillabarcelona.cat\/es\/artists\/vetusta-morla\/","name":"Vetusta Morla en concierto en Barcelona el 5 de julio. Festival Cru\u00eflla 2019","isPartOf":{"@id":"https:\/\/www.cruillabarcelona.cat\/es\/#website"},"primaryImageOfPage":{"@id":"https:\/\/www.cruillabarcelona.cat\/es\/artists\/vetusta-morla\/#primaryimage"},"image":{"@id":"https:\/\/www.cruillabarcelona.cat\/es\/artists\/vetusta-morla\/#primaryimage"},"thumbnailUrl":"https:\/\/www.cruillabarcelona.cat\/wp-content\/uploads\/2018\/10\/600vetusta.jpg","datePublished":"2018-11-20T08:52:25+00:00","dateModified":"2019-05-13T11:47:37+00:00","description":"Venta de entradas para el concierto de Vetusta Morla en el Festival Cru\u00eflla 2019. El pr\u00f3ximo verano, viernes 5 de julio en el Parc del F\u00f2rum de Barcelona.","breadcrumb":{"@id":"https:\/\/www.cruillabarcelona.cat\/es\/artists\/vetusta-morla\/#breadcrumb"},"inLanguage":"es","potentialAction":[{"@type":"ReadAction","target":["https:\/\/www.cruillabarcelona.cat\/es\/artists\/vetusta-morla\/"]}]},{"@type":"ImageObject","inLanguage":"es","@id":"https:\/\/www.cruillabarcelona.cat\/es\/artists\/vetusta-morla\/#primaryimage","url":"https:\/\/www.cruillabarcelona.cat\/wp-content\/uploads\/2018\/10\/600vetusta.jpg","contentUrl":"https:\/\/www.cruillabarcelona.cat\/wp-content\/uploads\/2018\/10\/600vetusta.jpg","width":600,"height":600,"caption":"Vetusta Morla"},{"@type":"BreadcrumbList","@id":"https:\/\/www.cruillabarcelona.cat\/es\/artists\/vetusta-morla\/#breadcrumb","itemListElement":[{"@type":"ListItem","position":1,"name":"Home","item":"https:\/\/www.cruillabarcelona.cat\/es\/"},{"@type":"ListItem","position":2,"name":"Vetusta Morla"}]},{"@type":"WebSite","@id":"https:\/\/www.cruillabarcelona.cat\/es\/#website","url":"https:\/\/www.cruillabarcelona.cat\/es\/","name":"Festival Cru\u00eflla","description":"","publisher":{"@id":"https:\/\/www.cruillabarcelona.cat\/es\/#organization"},"potentialAction":[{"@type":"SearchAction","target":{"@type":"EntryPoint","urlTemplate":"https:\/\/www.cruillabarcelona.cat\/es\/?s={search_term_string}"},"query-input":{"@type":"PropertyValueSpecification","valueRequired":true,"valueName":"search_term_string"}}],"inLanguage":"es"},{"@type":"Organization","@id":"https:\/\/www.cruillabarcelona.cat\/es\/#organization","name":"Festival Cru\u00eflla","url":"https:\/\/www.cruillabarcelona.cat\/es\/","logo":{"@type":"ImageObject","inLanguage":"es","@id":"https:\/\/www.cruillabarcelona.cat\/es\/#\/schema\/logo\/image\/","url":"https:\/\/www.cruillabarcelona.cat\/wp-content\/uploads\/2025\/12\/cruill-logo-negativo.png","contentUrl":"https:\/\/www.cruillabarcelona.cat\/wp-content\/uploads\/2025\/12\/cruill-logo-negativo.png","width":400,"height":101,"caption":"Festival Cru\u00eflla"},"image":{"@id":"https:\/\/www.cruillabarcelona.cat\/es\/#\/schema\/logo\/image\/"}}]}},"_links":{"self":[{"href":"https:\/\/www.cruillabarcelona.cat\/es\/wp-json\/wp\/v2\/artists\/18907","targetHints":{"allow":["GET"]}}],"collection":[{"href":"https:\/\/www.cruillabarcelona.cat\/es\/wp-json\/wp\/v2\/artists"}],"about":[{"href":"https:\/\/www.cruillabarcelona.cat\/es\/wp-json\/wp\/v2\/types\/artists"}],"acf:term":[{"embeddable":true,"taxonomy":"artists_location","href":"https:\/\/www.cruillabarcelona.cat\/es\/wp-json\/wp\/v2\/artists_location\/20"},{"embeddable":true,"taxonomy":"artists_edition","href":"https:\/\/www.cruillabarcelona.cat\/es\/wp-json\/wp\/v2\/artists_edition\/729"}],"wp:featuredmedia":[{"embeddable":true,"href":"https:\/\/www.cruillabarcelona.cat\/es\/wp-json\/wp\/v2\/media\/18994"}],"wp:attachment":[{"href":"https:\/\/www.cruillabarcelona.cat\/es\/wp-json\/wp\/v2\/media?parent=18907"}],"wp:term":[{"taxonomy":"artists_edition","embeddable":true,"href":"https:\/\/www.cruillabarcelona.cat\/es\/wp-json\/wp\/v2\/artists_edition?post=18907"}],"curies":[{"name":"wp","href":"https:\/\/api.w.org\/{rel}","templated":true}]}}