{"id":19352,"date":"2018-11-13T11:21:32","date_gmt":"2018-11-13T09:21:32","guid":{"rendered":"https:\/\/www.cruillabarcelona.cat\/?post_type=artists&#038;p=19352"},"modified":"2019-05-13T13:45:17","modified_gmt":"2019-05-13T11:45:17","slug":"bastille","status":"publish","type":"artists","link":"https:\/\/www.cruillabarcelona.cat\/es\/artists\/bastille\/","title":{"rendered":"Bastille"},"content":{"rendered":"<h2>Indie-pop brit\u00e1nico para hacernos bailar<\/h2>\n<p style=\"text-align: justify;\">El cuarteto londinense\u00a0<strong>Bastille<\/strong> cocin\u00f3 su\u00a0<strong>primer \u00e9xito\u00a0<em>Pompeii<\/em><\/strong> a base de texturas brillantes de sintetizadores de los a\u00f1os 80 y coros perfectos. Una mezcla que los catapult\u00f3 al n\u00famero 2 de las listas del Reino Unido y les ayud\u00f3 a vender millones de copias de su\u00a0<strong>\u00e1lbum debut,\u00a0<em>Bad Blood<\/em><\/strong>.<\/p>\n<p style=\"text-align: justify;\">El\u00a0<strong>5 de julio de 2019<\/strong> la banda brit\u00e1nica nos visitar\u00e1 para hacernos saltar sin parar en el Festival Cru\u00eflla, en el Parc del F\u00f2rum de Barcelona.<\/p>\n<p style=\"text-align: justify;\">Con tu entrada para el\u00a0<strong>viernes 5<\/strong> no solo disfrutar\u00e1s del directo de Bastille, sino que tambi\u00e9n podr\u00e1s asistir a los conciertos de artistas como <a href=\"https:\/\/www.cruillabarcelona.cat\/es\/artists\/garbage\" target=\"_blank\" rel=\"noopener noreferrer\">Garbage<\/a> o <a href=\"https:\/\/www.cruillabarcelona.cat\/es\/artists\/gang-of-youths\" target=\"_blank\" rel=\"noopener noreferrer\">Gang of Youths\u00a0<\/a>y muchos otros a\u00fan por anunciar.<\/p>\n<hr \/>\n<p style=\"text-align: center;\"><em>Compra aqu\u00ed tu entrada del viernes o, si quieres vivir la experiencia completa, consigue tu abono del festival.<\/em><\/p>\n<p style=\"text-align: center;\"><a class=\"efsbutton button \" target=\"_blank\">ENTRADAS<\/a><\/p>\n<hr \/>\n<p style=\"text-align: justify;\">El grupo naci\u00f3 como el proyecto en solitario del cantante y compositor Dan Smith, pero se convirti\u00f3 en una banda de pleno derecho en 2010 cuando atrajo la atenci\u00f3n del p\u00fablico despu\u00e9s de subir unos cuantos temas a internet. Poco despu\u00e9s ya estaban participando en los principales festivales del Reino Unido, como Glastonbury e Isla de Wight.<\/p>\n<p style=\"text-align: justify;\">Ya convertidos en estrellas, lanzaron su segundo disco\u00a0<em>Wild World<\/em>, que lleg\u00f3 al n\u00famero 1 en el Reino Unido, y debut\u00f3 dentro del Top Ten en una docena de pa\u00edses alrededor del mundo.<\/p>\n<!-- auto-added video if acf\/single-artist-video not used  --> <iframe style=\"width: 100%;max-width: 100%;height: auto;aspect-ratio: 16 \/ 9;\" src=\"https:\/\/www.youtube-nocookie.com\/embed\/F90Cw4l-8NY\" frameborder=\"0\" allow=\"accelerometer; autoplay; encrypted-media; gyroscope; picture-in-picture\" allowfullscreen><\/iframe>","protected":false},"featured_media":19349,"template":"","meta":{"_acf_changed":false},"artists_edition":[729],"class_list":["post-19352","artists","type-artists","status-publish","has-post-thumbnail","hentry","artists_location-estrella","artists_edition-729"],"acf":{"_thumbnail_id":19351,"youtube_player":"F90Cw4l-8NY","artist_edition":[729],"artist_date":"20190705","artist_time":"20:00:00","artist_time_2":"","artist_location":[20],"artist_ticket_url":"https:\/\/cruilla.seetickets.com\/event\/entrada-divendres\/parc-del-forum-barcelona\/1278175?lang=es-ES","artist_ticket_status":"","artist_extra_date__show":false,"artist_extra_date_2":null,"artist_time_of_date2":"","artist_extra_date_3":null,"artist_time_of_date3":"","artist_extra_date_4":null,"artist_time_of_date4":"","artist_extra_date_5":null,"artist_time_of_date5":"","artist_date__show_month":false,"artist_sidebar_active":false,"show_in_agenda":false,"artist_sidebar__banner_img":null,"artist_sidebar__banner_link":"","artist_hero_content":"<p style=\"text-align: center;\">Viernes 5 de julio en el Festival Cru\u00eflla<\/p>","artist_style":false,"artist_nationality":false,"artist_audience_age":false},"yoast_head":"<!-- This site is optimized with the Yoast SEO plugin v27.5 - https:\/\/yoast.com\/product\/yoast-seo-wordpress\/ -->\n<title>Bastille en concierto en el Festival Cru\u00eflla: 5 de julio de 2019 en Barcelona<\/title>\n<meta name=\"description\" content=\"Entradas ya a la venta para el concierto de Bastille en el Festival Cru\u00eflla. Disfruta del verano 2019 en Barcelona: viernes 5 de julio en el Parc del F\u00f2rum.\" \/>\n<meta name=\"robots\" content=\"index, follow, max-snippet:-1, max-image-preview:large, max-video-preview:-1\" \/>\n<link rel=\"canonical\" href=\"https:\/\/www.cruillabarcelona.cat\/es\/artists\/bastille\/\" \/>\n<meta property=\"og:locale\" content=\"es_ES\" \/>\n<meta property=\"og:type\" content=\"article\" \/>\n<meta property=\"og:title\" content=\"Bastille en concierto en el Festival Cru\u00eflla: 5 de julio de 2019 en Barcelona\" \/>\n<meta property=\"og:description\" content=\"Entradas ya a la venta para el concierto de Bastille en el Festival Cru\u00eflla. Disfruta del verano 2019 en Barcelona: viernes 5 de julio en el Parc del F\u00f2rum.\" \/>\n<meta property=\"og:url\" content=\"https:\/\/www.cruillabarcelona.cat\/es\/artists\/bastille\/\" \/>\n<meta property=\"og:site_name\" content=\"Festival Cru\u00eflla\" \/>\n<meta property=\"article:modified_time\" content=\"2019-05-13T11:45:17+00:00\" \/>\n<meta property=\"og:image\" content=\"https:\/\/www.cruillabarcelona.cat\/wp-content\/uploads\/2018\/11\/10_Bastille_Neta.jpg\" \/>\n\t<meta property=\"og:image:width\" content=\"1001\" \/>\n\t<meta property=\"og:image:height\" content=\"1001\" \/>\n\t<meta property=\"og:image:type\" content=\"image\/jpeg\" \/>\n<meta name=\"twitter:card\" content=\"summary_large_image\" \/>\n<meta name=\"twitter:label1\" content=\"Tiempo de lectura\" \/>\n\t<meta name=\"twitter:data1\" content=\"1 minuto\" \/>\n<script type=\"application\/ld+json\" class=\"yoast-schema-graph\">{\"@context\":\"https:\\\/\\\/schema.org\",\"@graph\":[{\"@type\":\"WebPage\",\"@id\":\"https:\\\/\\\/www.cruillabarcelona.cat\\\/es\\\/artists\\\/bastille\\\/\",\"url\":\"https:\\\/\\\/www.cruillabarcelona.cat\\\/es\\\/artists\\\/bastille\\\/\",\"name\":\"Bastille en concierto en el Festival Cru\u00eflla: 5 de julio de 2019 en Barcelona\",\"isPartOf\":{\"@id\":\"https:\\\/\\\/www.cruillabarcelona.cat\\\/es\\\/#website\"},\"primaryImageOfPage\":{\"@id\":\"https:\\\/\\\/www.cruillabarcelona.cat\\\/es\\\/artists\\\/bastille\\\/#primaryimage\"},\"image\":{\"@id\":\"https:\\\/\\\/www.cruillabarcelona.cat\\\/es\\\/artists\\\/bastille\\\/#primaryimage\"},\"thumbnailUrl\":\"https:\\\/\\\/www.cruillabarcelona.cat\\\/wp-content\\\/uploads\\\/2018\\\/11\\\/10_Bastille_Neta.jpg\",\"datePublished\":\"2018-11-13T09:21:32+00:00\",\"dateModified\":\"2019-05-13T11:45:17+00:00\",\"description\":\"Entradas ya a la venta para el concierto de Bastille en el Festival Cru\u00eflla. Disfruta del verano 2019 en Barcelona: viernes 5 de julio en el Parc del F\u00f2rum.\",\"breadcrumb\":{\"@id\":\"https:\\\/\\\/www.cruillabarcelona.cat\\\/es\\\/artists\\\/bastille\\\/#breadcrumb\"},\"inLanguage\":\"es\",\"potentialAction\":[{\"@type\":\"ReadAction\",\"target\":[\"https:\\\/\\\/www.cruillabarcelona.cat\\\/es\\\/artists\\\/bastille\\\/\"]}]},{\"@type\":\"ImageObject\",\"inLanguage\":\"es\",\"@id\":\"https:\\\/\\\/www.cruillabarcelona.cat\\\/es\\\/artists\\\/bastille\\\/#primaryimage\",\"url\":\"https:\\\/\\\/www.cruillabarcelona.cat\\\/wp-content\\\/uploads\\\/2018\\\/11\\\/10_Bastille_Neta.jpg\",\"contentUrl\":\"https:\\\/\\\/www.cruillabarcelona.cat\\\/wp-content\\\/uploads\\\/2018\\\/11\\\/10_Bastille_Neta.jpg\",\"width\":1001,\"height\":1001,\"caption\":\"Bastille\"},{\"@type\":\"BreadcrumbList\",\"@id\":\"https:\\\/\\\/www.cruillabarcelona.cat\\\/es\\\/artists\\\/bastille\\\/#breadcrumb\",\"itemListElement\":[{\"@type\":\"ListItem\",\"position\":1,\"name\":\"Home\",\"item\":\"https:\\\/\\\/www.cruillabarcelona.cat\\\/es\\\/\"},{\"@type\":\"ListItem\",\"position\":2,\"name\":\"Bastille\"}]},{\"@type\":\"WebSite\",\"@id\":\"https:\\\/\\\/www.cruillabarcelona.cat\\\/es\\\/#website\",\"url\":\"https:\\\/\\\/www.cruillabarcelona.cat\\\/es\\\/\",\"name\":\"Festival Cru\u00eflla\",\"description\":\"\",\"publisher\":{\"@id\":\"https:\\\/\\\/www.cruillabarcelona.cat\\\/es\\\/#organization\"},\"potentialAction\":[{\"@type\":\"SearchAction\",\"target\":{\"@type\":\"EntryPoint\",\"urlTemplate\":\"https:\\\/\\\/www.cruillabarcelona.cat\\\/es\\\/?s={search_term_string}\"},\"query-input\":{\"@type\":\"PropertyValueSpecification\",\"valueRequired\":true,\"valueName\":\"search_term_string\"}}],\"inLanguage\":\"es\"},{\"@type\":\"Organization\",\"@id\":\"https:\\\/\\\/www.cruillabarcelona.cat\\\/es\\\/#organization\",\"name\":\"Festival Cru\u00eflla\",\"url\":\"https:\\\/\\\/www.cruillabarcelona.cat\\\/es\\\/\",\"logo\":{\"@type\":\"ImageObject\",\"inLanguage\":\"es\",\"@id\":\"https:\\\/\\\/www.cruillabarcelona.cat\\\/es\\\/#\\\/schema\\\/logo\\\/image\\\/\",\"url\":\"https:\\\/\\\/www.cruillabarcelona.cat\\\/wp-content\\\/uploads\\\/2025\\\/12\\\/cruill-logo-negativo.png\",\"contentUrl\":\"https:\\\/\\\/www.cruillabarcelona.cat\\\/wp-content\\\/uploads\\\/2025\\\/12\\\/cruill-logo-negativo.png\",\"width\":400,\"height\":101,\"caption\":\"Festival Cru\u00eflla\"},\"image\":{\"@id\":\"https:\\\/\\\/www.cruillabarcelona.cat\\\/es\\\/#\\\/schema\\\/logo\\\/image\\\/\"}}]}<\/script>\n<!-- \/ Yoast SEO plugin. -->","yoast_head_json":{"title":"Bastille en concierto en el Festival Cru\u00eflla: 5 de julio de 2019 en Barcelona","description":"Entradas ya a la venta para el concierto de Bastille en el Festival Cru\u00eflla. Disfruta del verano 2019 en Barcelona: viernes 5 de julio en el Parc del F\u00f2rum.","robots":{"index":"index","follow":"follow","max-snippet":"max-snippet:-1","max-image-preview":"max-image-preview:large","max-video-preview":"max-video-preview:-1"},"canonical":"https:\/\/www.cruillabarcelona.cat\/es\/artists\/bastille\/","og_locale":"es_ES","og_type":"article","og_title":"Bastille en concierto en el Festival Cru\u00eflla: 5 de julio de 2019 en Barcelona","og_description":"Entradas ya a la venta para el concierto de Bastille en el Festival Cru\u00eflla. Disfruta del verano 2019 en Barcelona: viernes 5 de julio en el Parc del F\u00f2rum.","og_url":"https:\/\/www.cruillabarcelona.cat\/es\/artists\/bastille\/","og_site_name":"Festival Cru\u00eflla","article_modified_time":"2019-05-13T11:45:17+00:00","og_image":[{"width":1001,"height":1001,"url":"https:\/\/www.cruillabarcelona.cat\/wp-content\/uploads\/2018\/11\/10_Bastille_Neta.jpg","type":"image\/jpeg"}],"twitter_card":"summary_large_image","twitter_misc":{"Tiempo de lectura":"1 minuto"},"schema":{"@context":"https:\/\/schema.org","@graph":[{"@type":"WebPage","@id":"https:\/\/www.cruillabarcelona.cat\/es\/artists\/bastille\/","url":"https:\/\/www.cruillabarcelona.cat\/es\/artists\/bastille\/","name":"Bastille en concierto en el Festival Cru\u00eflla: 5 de julio de 2019 en Barcelona","isPartOf":{"@id":"https:\/\/www.cruillabarcelona.cat\/es\/#website"},"primaryImageOfPage":{"@id":"https:\/\/www.cruillabarcelona.cat\/es\/artists\/bastille\/#primaryimage"},"image":{"@id":"https:\/\/www.cruillabarcelona.cat\/es\/artists\/bastille\/#primaryimage"},"thumbnailUrl":"https:\/\/www.cruillabarcelona.cat\/wp-content\/uploads\/2018\/11\/10_Bastille_Neta.jpg","datePublished":"2018-11-13T09:21:32+00:00","dateModified":"2019-05-13T11:45:17+00:00","description":"Entradas ya a la venta para el concierto de Bastille en el Festival Cru\u00eflla. Disfruta del verano 2019 en Barcelona: viernes 5 de julio en el Parc del F\u00f2rum.","breadcrumb":{"@id":"https:\/\/www.cruillabarcelona.cat\/es\/artists\/bastille\/#breadcrumb"},"inLanguage":"es","potentialAction":[{"@type":"ReadAction","target":["https:\/\/www.cruillabarcelona.cat\/es\/artists\/bastille\/"]}]},{"@type":"ImageObject","inLanguage":"es","@id":"https:\/\/www.cruillabarcelona.cat\/es\/artists\/bastille\/#primaryimage","url":"https:\/\/www.cruillabarcelona.cat\/wp-content\/uploads\/2018\/11\/10_Bastille_Neta.jpg","contentUrl":"https:\/\/www.cruillabarcelona.cat\/wp-content\/uploads\/2018\/11\/10_Bastille_Neta.jpg","width":1001,"height":1001,"caption":"Bastille"},{"@type":"BreadcrumbList","@id":"https:\/\/www.cruillabarcelona.cat\/es\/artists\/bastille\/#breadcrumb","itemListElement":[{"@type":"ListItem","position":1,"name":"Home","item":"https:\/\/www.cruillabarcelona.cat\/es\/"},{"@type":"ListItem","position":2,"name":"Bastille"}]},{"@type":"WebSite","@id":"https:\/\/www.cruillabarcelona.cat\/es\/#website","url":"https:\/\/www.cruillabarcelona.cat\/es\/","name":"Festival Cru\u00eflla","description":"","publisher":{"@id":"https:\/\/www.cruillabarcelona.cat\/es\/#organization"},"potentialAction":[{"@type":"SearchAction","target":{"@type":"EntryPoint","urlTemplate":"https:\/\/www.cruillabarcelona.cat\/es\/?s={search_term_string}"},"query-input":{"@type":"PropertyValueSpecification","valueRequired":true,"valueName":"search_term_string"}}],"inLanguage":"es"},{"@type":"Organization","@id":"https:\/\/www.cruillabarcelona.cat\/es\/#organization","name":"Festival Cru\u00eflla","url":"https:\/\/www.cruillabarcelona.cat\/es\/","logo":{"@type":"ImageObject","inLanguage":"es","@id":"https:\/\/www.cruillabarcelona.cat\/es\/#\/schema\/logo\/image\/","url":"https:\/\/www.cruillabarcelona.cat\/wp-content\/uploads\/2025\/12\/cruill-logo-negativo.png","contentUrl":"https:\/\/www.cruillabarcelona.cat\/wp-content\/uploads\/2025\/12\/cruill-logo-negativo.png","width":400,"height":101,"caption":"Festival Cru\u00eflla"},"image":{"@id":"https:\/\/www.cruillabarcelona.cat\/es\/#\/schema\/logo\/image\/"}}]}},"_links":{"self":[{"href":"https:\/\/www.cruillabarcelona.cat\/es\/wp-json\/wp\/v2\/artists\/19352","targetHints":{"allow":["GET"]}}],"collection":[{"href":"https:\/\/www.cruillabarcelona.cat\/es\/wp-json\/wp\/v2\/artists"}],"about":[{"href":"https:\/\/www.cruillabarcelona.cat\/es\/wp-json\/wp\/v2\/types\/artists"}],"acf:term":[{"embeddable":true,"taxonomy":"artists_location","href":"https:\/\/www.cruillabarcelona.cat\/es\/wp-json\/wp\/v2\/artists_location\/20"},{"embeddable":true,"taxonomy":"artists_edition","href":"https:\/\/www.cruillabarcelona.cat\/es\/wp-json\/wp\/v2\/artists_edition\/729"}],"wp:featuredmedia":[{"embeddable":true,"href":"https:\/\/www.cruillabarcelona.cat\/es\/wp-json\/wp\/v2\/media\/19349"}],"wp:attachment":[{"href":"https:\/\/www.cruillabarcelona.cat\/es\/wp-json\/wp\/v2\/media?parent=19352"}],"wp:term":[{"taxonomy":"artists_edition","embeddable":true,"href":"https:\/\/www.cruillabarcelona.cat\/es\/wp-json\/wp\/v2\/artists_edition?post=19352"}],"curies":[{"name":"wp","href":"https:\/\/api.w.org\/{rel}","templated":true}]}}