{"id":19373,"date":"2018-11-13T11:29:23","date_gmt":"2018-11-13T09:29:23","guid":{"rendered":"https:\/\/www.cruillabarcelona.cat\/?post_type=artists&#038;p=19373"},"modified":"2019-05-13T18:09:34","modified_gmt":"2019-05-13T16:09:34","slug":"kylie-minogue","status":"publish","type":"artists","link":"https:\/\/www.cruillabarcelona.cat\/es\/artists\/kylie-minogue\/","title":{"rendered":"Kylie"},"content":{"rendered":"<h2>Kylie Minogue, una diva en el Cru\u00eflla<\/h2>\n<p style=\"text-align: justify;\">Kylie Minogue volver\u00e1 a Barcelona el pr\u00f3ximo verano para presentar las canciones de su\u00a0<strong>\u00faltimo disco\u00a0<em>Golden<\/em><\/strong>, as\u00ed como una selecci\u00f3n de sus\u00a0<em><strong>hits<\/strong><\/em><strong> m\u00e1s conocidos<\/strong>.<\/p>\n<p style=\"text-align: justify;\">El\u00a0<strong>6 de julio de 2019<\/strong> tienes una cita con una aut\u00e9ntica estrella mundial, en lo que ser\u00e1 una <strong>fecha exclusiva en Espa\u00f1a<\/strong> donde nos demostrar\u00e1 que sigue en plena forma.<\/p>\n<p style=\"text-align: justify;\">Con tu entrada para el\u00a0<strong>s\u00e1bado 6<\/strong> no solo podr\u00e1s ver a Kylie Minogue en directo, sino que tambi\u00e9n podr\u00e1s asistir a los conciertos de <a href=\"https:\/\/www.cruillabarcelona.cat\/es\/artists\/love-of-lesbian\/\" target=\"_blank\" rel=\"noopener noreferrer\">Love of Lesbian<\/a>, <a href=\"https:\/\/www.cruillabarcelona.cat\/es\/artists\/dorian-cruilla-2019\/\" target=\"_blank\" rel=\"noopener noreferrer\">Dorian<\/a> y muchos otros artistas a\u00fan por anunciar.<\/p>\n<hr \/>\n<p style=\"text-align: center;\"><em>Compra aqu\u00ed tu entrada del s\u00e1bado o, si quieres vivir la experiencia completa, consigue tu abono del festival.<\/em><\/p>\n<p style=\"text-align: center;\"><a class=\"efsbutton button \" target=\"_blank\">ENTRADAS<\/a><\/p>\n<hr \/>\n<p style=\"text-align: justify;\">Poco m\u00e1s se puede decir de la carrera de la australiana. Se dio a conocer como\u00a0<strong>actriz televisiva en la serie\u00a0<em>Vecinos<\/em><\/strong>, para convertirse en un\u00a0<strong>icono del pop<\/strong> ya a finales de los a\u00f1os 80.<\/p>\n<p style=\"text-align: justify;\">La multitud de premios que ha conseguido y los\u00a0<strong>90 millones de copias<\/strong> que ha vendido de sus discos la han convertido en una de las figuras m\u00e1s influyentes de la m\u00fasica, en un personaje clave para entender la m\u00fasica pop, y tambi\u00e9n en un s\u00edmbolo de la lucha del colectivo\u00a0LGTBIQ.<\/p>\n<!-- auto-added video if acf\/single-artist-video not used  --> <iframe style=\"width: 100%;max-width: 100%;height: auto;aspect-ratio: 16 \/ 9;\" src=\"https:\/\/www.youtube-nocookie.com\/embed\/c18441Eh_WE\" frameborder=\"0\" allow=\"accelerometer; autoplay; encrypted-media; gyroscope; picture-in-picture\" allowfullscreen><\/iframe>","protected":false},"featured_media":19440,"template":"","meta":{"_acf_changed":false},"artists_edition":[729],"class_list":["post-19373","artists","type-artists","status-publish","has-post-thumbnail","hentry","artists_location-estrella","artists_edition-729"],"acf":{"_thumbnail_id":19440,"youtube_player":"c18441Eh_WE","artist_edition":[729],"artist_date":"20190706","artist_time":"23:00:00","artist_time_2":"","artist_location":[20],"artist_ticket_url":"https:\/\/cruilla.seetickets.com\/event\/entrada-dissabte\/parc-del-forum-barcelona\/1278180?lang=es-ES","artist_ticket_status":"","artist_extra_date__show":false,"artist_extra_date_2":null,"artist_time_of_date2":"","artist_extra_date_3":null,"artist_time_of_date3":"","artist_extra_date_4":null,"artist_time_of_date4":"","artist_extra_date_5":null,"artist_time_of_date5":"","artist_date__show_month":false,"artist_sidebar_active":false,"show_in_agenda":false,"artist_sidebar__banner_img":null,"artist_sidebar__banner_link":"","artist_hero_content":"<p style=\"text-align: center;\">S\u00e1bado 6 de julio en el Festival Cru\u00eflla<\/p>","artist_style":false,"artist_nationality":false,"artist_audience_age":false},"yoast_head":"<!-- This site is optimized with the Yoast SEO plugin v27.5 - https:\/\/yoast.com\/product\/yoast-seo-wordpress\/ -->\n<title>Kylie Minogue en concierto. Festival Cru\u00eflla 2019. 6 de julio, Barcelona<\/title>\n<meta name=\"description\" content=\"Entradas a la venta para disfrutar del concierto que Kylie Minogue ofrecer\u00e1 en el Festival Cru\u00eflla. Verano 2019, s\u00e1bado 6 de julio en Barcelona.\" \/>\n<meta name=\"robots\" content=\"index, follow, max-snippet:-1, max-image-preview:large, max-video-preview:-1\" \/>\n<link rel=\"canonical\" href=\"https:\/\/www.cruillabarcelona.cat\/es\/artists\/kylie-minogue\/\" \/>\n<meta property=\"og:locale\" content=\"es_ES\" \/>\n<meta property=\"og:type\" content=\"article\" \/>\n<meta property=\"og:title\" content=\"Kylie Minogue en concierto. Festival Cru\u00eflla 2019. 6 de julio, Barcelona\" \/>\n<meta property=\"og:description\" content=\"Entradas a la venta para disfrutar del concierto que Kylie Minogue ofrecer\u00e1 en el Festival Cru\u00eflla. Verano 2019, s\u00e1bado 6 de julio en Barcelona.\" \/>\n<meta property=\"og:url\" content=\"https:\/\/www.cruillabarcelona.cat\/es\/artists\/kylie-minogue\/\" \/>\n<meta property=\"og:site_name\" content=\"Festival Cru\u00eflla\" \/>\n<meta property=\"article:modified_time\" content=\"2019-05-13T16:09:34+00:00\" \/>\n<meta property=\"og:image\" content=\"https:\/\/www.cruillabarcelona.cat\/wp-content\/uploads\/2018\/11\/7_KylieMinogue_Neta.jpg\" \/>\n\t<meta property=\"og:image:width\" content=\"1001\" \/>\n\t<meta property=\"og:image:height\" content=\"1001\" \/>\n\t<meta property=\"og:image:type\" content=\"image\/jpeg\" \/>\n<meta name=\"twitter:card\" content=\"summary_large_image\" \/>\n<meta name=\"twitter:label1\" content=\"Tiempo de lectura\" \/>\n\t<meta name=\"twitter:data1\" content=\"1 minuto\" \/>\n<script type=\"application\/ld+json\" class=\"yoast-schema-graph\">{\"@context\":\"https:\\\/\\\/schema.org\",\"@graph\":[{\"@type\":\"WebPage\",\"@id\":\"https:\\\/\\\/www.cruillabarcelona.cat\\\/es\\\/artists\\\/kylie-minogue\\\/\",\"url\":\"https:\\\/\\\/www.cruillabarcelona.cat\\\/es\\\/artists\\\/kylie-minogue\\\/\",\"name\":\"Kylie Minogue en concierto. Festival Cru\u00eflla 2019. 6 de julio, Barcelona\",\"isPartOf\":{\"@id\":\"https:\\\/\\\/www.cruillabarcelona.cat\\\/es\\\/#website\"},\"primaryImageOfPage\":{\"@id\":\"https:\\\/\\\/www.cruillabarcelona.cat\\\/es\\\/artists\\\/kylie-minogue\\\/#primaryimage\"},\"image\":{\"@id\":\"https:\\\/\\\/www.cruillabarcelona.cat\\\/es\\\/artists\\\/kylie-minogue\\\/#primaryimage\"},\"thumbnailUrl\":\"https:\\\/\\\/www.cruillabarcelona.cat\\\/wp-content\\\/uploads\\\/2018\\\/11\\\/7_KylieMinogue_Neta.jpg\",\"datePublished\":\"2018-11-13T09:29:23+00:00\",\"dateModified\":\"2019-05-13T16:09:34+00:00\",\"description\":\"Entradas a la venta para disfrutar del concierto que Kylie Minogue ofrecer\u00e1 en el Festival Cru\u00eflla. Verano 2019, s\u00e1bado 6 de julio en Barcelona.\",\"breadcrumb\":{\"@id\":\"https:\\\/\\\/www.cruillabarcelona.cat\\\/es\\\/artists\\\/kylie-minogue\\\/#breadcrumb\"},\"inLanguage\":\"es\",\"potentialAction\":[{\"@type\":\"ReadAction\",\"target\":[\"https:\\\/\\\/www.cruillabarcelona.cat\\\/es\\\/artists\\\/kylie-minogue\\\/\"]}]},{\"@type\":\"ImageObject\",\"inLanguage\":\"es\",\"@id\":\"https:\\\/\\\/www.cruillabarcelona.cat\\\/es\\\/artists\\\/kylie-minogue\\\/#primaryimage\",\"url\":\"https:\\\/\\\/www.cruillabarcelona.cat\\\/wp-content\\\/uploads\\\/2018\\\/11\\\/7_KylieMinogue_Neta.jpg\",\"contentUrl\":\"https:\\\/\\\/www.cruillabarcelona.cat\\\/wp-content\\\/uploads\\\/2018\\\/11\\\/7_KylieMinogue_Neta.jpg\",\"width\":1001,\"height\":1001,\"caption\":\"Kylie Minogue\"},{\"@type\":\"BreadcrumbList\",\"@id\":\"https:\\\/\\\/www.cruillabarcelona.cat\\\/es\\\/artists\\\/kylie-minogue\\\/#breadcrumb\",\"itemListElement\":[{\"@type\":\"ListItem\",\"position\":1,\"name\":\"Home\",\"item\":\"https:\\\/\\\/www.cruillabarcelona.cat\\\/es\\\/\"},{\"@type\":\"ListItem\",\"position\":2,\"name\":\"Kylie\"}]},{\"@type\":\"WebSite\",\"@id\":\"https:\\\/\\\/www.cruillabarcelona.cat\\\/es\\\/#website\",\"url\":\"https:\\\/\\\/www.cruillabarcelona.cat\\\/es\\\/\",\"name\":\"Festival Cru\u00eflla\",\"description\":\"\",\"publisher\":{\"@id\":\"https:\\\/\\\/www.cruillabarcelona.cat\\\/es\\\/#organization\"},\"potentialAction\":[{\"@type\":\"SearchAction\",\"target\":{\"@type\":\"EntryPoint\",\"urlTemplate\":\"https:\\\/\\\/www.cruillabarcelona.cat\\\/es\\\/?s={search_term_string}\"},\"query-input\":{\"@type\":\"PropertyValueSpecification\",\"valueRequired\":true,\"valueName\":\"search_term_string\"}}],\"inLanguage\":\"es\"},{\"@type\":\"Organization\",\"@id\":\"https:\\\/\\\/www.cruillabarcelona.cat\\\/es\\\/#organization\",\"name\":\"Festival Cru\u00eflla\",\"url\":\"https:\\\/\\\/www.cruillabarcelona.cat\\\/es\\\/\",\"logo\":{\"@type\":\"ImageObject\",\"inLanguage\":\"es\",\"@id\":\"https:\\\/\\\/www.cruillabarcelona.cat\\\/es\\\/#\\\/schema\\\/logo\\\/image\\\/\",\"url\":\"https:\\\/\\\/www.cruillabarcelona.cat\\\/wp-content\\\/uploads\\\/2025\\\/12\\\/cruill-logo-negativo.png\",\"contentUrl\":\"https:\\\/\\\/www.cruillabarcelona.cat\\\/wp-content\\\/uploads\\\/2025\\\/12\\\/cruill-logo-negativo.png\",\"width\":400,\"height\":101,\"caption\":\"Festival Cru\u00eflla\"},\"image\":{\"@id\":\"https:\\\/\\\/www.cruillabarcelona.cat\\\/es\\\/#\\\/schema\\\/logo\\\/image\\\/\"}}]}<\/script>\n<!-- \/ Yoast SEO plugin. -->","yoast_head_json":{"title":"Kylie Minogue en concierto. Festival Cru\u00eflla 2019. 6 de julio, Barcelona","description":"Entradas a la venta para disfrutar del concierto que Kylie Minogue ofrecer\u00e1 en el Festival Cru\u00eflla. Verano 2019, s\u00e1bado 6 de julio en Barcelona.","robots":{"index":"index","follow":"follow","max-snippet":"max-snippet:-1","max-image-preview":"max-image-preview:large","max-video-preview":"max-video-preview:-1"},"canonical":"https:\/\/www.cruillabarcelona.cat\/es\/artists\/kylie-minogue\/","og_locale":"es_ES","og_type":"article","og_title":"Kylie Minogue en concierto. Festival Cru\u00eflla 2019. 6 de julio, Barcelona","og_description":"Entradas a la venta para disfrutar del concierto que Kylie Minogue ofrecer\u00e1 en el Festival Cru\u00eflla. Verano 2019, s\u00e1bado 6 de julio en Barcelona.","og_url":"https:\/\/www.cruillabarcelona.cat\/es\/artists\/kylie-minogue\/","og_site_name":"Festival Cru\u00eflla","article_modified_time":"2019-05-13T16:09:34+00:00","og_image":[{"width":1001,"height":1001,"url":"https:\/\/www.cruillabarcelona.cat\/wp-content\/uploads\/2018\/11\/7_KylieMinogue_Neta.jpg","type":"image\/jpeg"}],"twitter_card":"summary_large_image","twitter_misc":{"Tiempo de lectura":"1 minuto"},"schema":{"@context":"https:\/\/schema.org","@graph":[{"@type":"WebPage","@id":"https:\/\/www.cruillabarcelona.cat\/es\/artists\/kylie-minogue\/","url":"https:\/\/www.cruillabarcelona.cat\/es\/artists\/kylie-minogue\/","name":"Kylie Minogue en concierto. Festival Cru\u00eflla 2019. 6 de julio, Barcelona","isPartOf":{"@id":"https:\/\/www.cruillabarcelona.cat\/es\/#website"},"primaryImageOfPage":{"@id":"https:\/\/www.cruillabarcelona.cat\/es\/artists\/kylie-minogue\/#primaryimage"},"image":{"@id":"https:\/\/www.cruillabarcelona.cat\/es\/artists\/kylie-minogue\/#primaryimage"},"thumbnailUrl":"https:\/\/www.cruillabarcelona.cat\/wp-content\/uploads\/2018\/11\/7_KylieMinogue_Neta.jpg","datePublished":"2018-11-13T09:29:23+00:00","dateModified":"2019-05-13T16:09:34+00:00","description":"Entradas a la venta para disfrutar del concierto que Kylie Minogue ofrecer\u00e1 en el Festival Cru\u00eflla. Verano 2019, s\u00e1bado 6 de julio en Barcelona.","breadcrumb":{"@id":"https:\/\/www.cruillabarcelona.cat\/es\/artists\/kylie-minogue\/#breadcrumb"},"inLanguage":"es","potentialAction":[{"@type":"ReadAction","target":["https:\/\/www.cruillabarcelona.cat\/es\/artists\/kylie-minogue\/"]}]},{"@type":"ImageObject","inLanguage":"es","@id":"https:\/\/www.cruillabarcelona.cat\/es\/artists\/kylie-minogue\/#primaryimage","url":"https:\/\/www.cruillabarcelona.cat\/wp-content\/uploads\/2018\/11\/7_KylieMinogue_Neta.jpg","contentUrl":"https:\/\/www.cruillabarcelona.cat\/wp-content\/uploads\/2018\/11\/7_KylieMinogue_Neta.jpg","width":1001,"height":1001,"caption":"Kylie Minogue"},{"@type":"BreadcrumbList","@id":"https:\/\/www.cruillabarcelona.cat\/es\/artists\/kylie-minogue\/#breadcrumb","itemListElement":[{"@type":"ListItem","position":1,"name":"Home","item":"https:\/\/www.cruillabarcelona.cat\/es\/"},{"@type":"ListItem","position":2,"name":"Kylie"}]},{"@type":"WebSite","@id":"https:\/\/www.cruillabarcelona.cat\/es\/#website","url":"https:\/\/www.cruillabarcelona.cat\/es\/","name":"Festival Cru\u00eflla","description":"","publisher":{"@id":"https:\/\/www.cruillabarcelona.cat\/es\/#organization"},"potentialAction":[{"@type":"SearchAction","target":{"@type":"EntryPoint","urlTemplate":"https:\/\/www.cruillabarcelona.cat\/es\/?s={search_term_string}"},"query-input":{"@type":"PropertyValueSpecification","valueRequired":true,"valueName":"search_term_string"}}],"inLanguage":"es"},{"@type":"Organization","@id":"https:\/\/www.cruillabarcelona.cat\/es\/#organization","name":"Festival Cru\u00eflla","url":"https:\/\/www.cruillabarcelona.cat\/es\/","logo":{"@type":"ImageObject","inLanguage":"es","@id":"https:\/\/www.cruillabarcelona.cat\/es\/#\/schema\/logo\/image\/","url":"https:\/\/www.cruillabarcelona.cat\/wp-content\/uploads\/2025\/12\/cruill-logo-negativo.png","contentUrl":"https:\/\/www.cruillabarcelona.cat\/wp-content\/uploads\/2025\/12\/cruill-logo-negativo.png","width":400,"height":101,"caption":"Festival Cru\u00eflla"},"image":{"@id":"https:\/\/www.cruillabarcelona.cat\/es\/#\/schema\/logo\/image\/"}}]}},"_links":{"self":[{"href":"https:\/\/www.cruillabarcelona.cat\/es\/wp-json\/wp\/v2\/artists\/19373","targetHints":{"allow":["GET"]}}],"collection":[{"href":"https:\/\/www.cruillabarcelona.cat\/es\/wp-json\/wp\/v2\/artists"}],"about":[{"href":"https:\/\/www.cruillabarcelona.cat\/es\/wp-json\/wp\/v2\/types\/artists"}],"acf:term":[{"embeddable":true,"taxonomy":"artists_location","href":"https:\/\/www.cruillabarcelona.cat\/es\/wp-json\/wp\/v2\/artists_location\/20"},{"embeddable":true,"taxonomy":"artists_edition","href":"https:\/\/www.cruillabarcelona.cat\/es\/wp-json\/wp\/v2\/artists_edition\/729"}],"wp:featuredmedia":[{"embeddable":true,"href":"https:\/\/www.cruillabarcelona.cat\/es\/wp-json\/wp\/v2\/media\/19440"}],"wp:attachment":[{"href":"https:\/\/www.cruillabarcelona.cat\/es\/wp-json\/wp\/v2\/media?parent=19373"}],"wp:term":[{"taxonomy":"artists_edition","embeddable":true,"href":"https:\/\/www.cruillabarcelona.cat\/es\/wp-json\/wp\/v2\/artists_edition?post=19373"}],"curies":[{"name":"wp","href":"https:\/\/api.w.org\/{rel}","templated":true}]}}