{"id":19376,"date":"2018-11-20T10:57:31","date_gmt":"2018-11-20T08:57:31","guid":{"rendered":"https:\/\/www.cruillabarcelona.cat\/?post_type=artists&#038;p=19376"},"modified":"2019-05-13T13:44:02","modified_gmt":"2019-05-13T11:44:02","slug":"foals","status":"publish","type":"artists","link":"https:\/\/www.cruillabarcelona.cat\/es\/artists\/foals\/","title":{"rendered":"Foals"},"content":{"rendered":"<h2>\u00a1Los de Oxford vuelven a Barcelona!<\/h2>\n<p style=\"text-align: justify;\">Los fans de\u00a0<strong>Foals<\/strong> tienen motivos para estar de enhorabuena: el grupo brit\u00e1nico no para de hacer m\u00fasica. <span style=\"font-weight: 400;\"><em><strong>Everything not saved will be lost<\/strong>\u00a0<\/em>es el nombre de su quinto \u00e1lbum de estudio, un disco doble que ya apunta a convertirse en uno de los mejores de toda su trayectoria.\u00a0\u00a0<\/span><\/p>\n<p style=\"text-align: justify;\">El pr\u00f3ximo <strong>5 de julio de 2019<\/strong>\u00a0el Festival Cru\u00eflla ser\u00e1 escenario del <strong>primer concierto de los\u00a0de Oxford en Barcelona<\/strong> en m\u00e1s de tres a\u00f1os, tambi\u00e9n la <strong>primera oportunidad para escuchar las canciones del nuevo \u00e1lbum<\/strong> en directo en Espa\u00f1a.<\/p>\n<p style=\"text-align: justify;\">Con tu entrada para el\u00a0<strong>viernes 5<\/strong> no solo disfrutar\u00e1s de la actuaci\u00f3n de Foals, sino que tambi\u00e9n podr\u00e1s asistir a los conciertos de artistas como <a href=\"https:\/\/www.cruillabarcelona.cat\/es\/artists\/garbage\" target=\"_blank\" rel=\"noopener noreferrer\">Garbage<\/a>,\u00a0<a href=\"https:\/\/www.cruillabarcelona.cat\/es\/artists\/bastille\" target=\"_blank\" rel=\"noopener noreferrer\">Bastille<\/a> o <a href=\"https:\/\/www.cruillabarcelona.cat\/es\/artists\/vetusta-morla\" target=\"_blank\" rel=\"noopener noreferrer\">Vetusta Morla<\/a>.<\/p>\n<hr \/>\n<p style=\"text-align: center;\"><em>Compra aqu\u00ed tu entrada del viernes o, si quieres vivir la experiencia completa, consigue tu abono del festival.<\/em><\/p>\n<p style=\"text-align: center;\"><a class=\"efsbutton button \" target=\"_blank\">ENTRADAS<\/a><\/p>\n<hr \/>\n<p style=\"text-align: justify;\">Aunque ya hace cinco a\u00f1os que la\u00a0<strong>banda liderada por Yannis Philippakis<\/strong> present\u00f3 su \u00faltimo disco, Foals no han parado ni un momento. Su gira\u00a0<em>What Went Down<\/em> los ha llevado a ser\u00a0<strong>cabezas de cartel en los festivales m\u00e1s prestigiosos del mundo<\/strong>, como Glastonbury, Roskilde, Lollapalooza, Osheaga, Reading and Leeds o Coachella, por citar algunos ejemplos.<\/p>\n<p style=\"text-align: justify;\">Tenemos curiosidad por saber hasta d\u00f3nde llegar\u00e1n con este nuevo \u00e1lbum. Hablamos de un grupo que no ha parado de ascender disco a disco hasta el Olimpo del indie brit\u00e1nico sin dejar nunca de sorprender.<\/p>\n<p style=\"text-align: justify;\">Desde el matem\u00e1tico y espasm\u00f3dico math-rock que marc\u00f3\u00a0<em><strong>Antidotes<\/strong><\/em><strong>, su disco debut<\/strong>, pasando por las texturas m\u00e1s bailables de\u00a0<em>Total Life Forever<\/em>, hasta esas m\u00e1quinas de generar himnos en que se convirtieron sus dos \u00faltimos \u00e1lbumes:\u00a0<em>Holy Fire<\/em> y\u00a0<em>What Went Down<\/em>.<\/p>\n<!-- auto-added video if acf\/single-artist-video not used  --> <iframe style=\"width: 100%;max-width: 100%;height: auto;aspect-ratio: 16 \/ 9;\" src=\"https:\/\/www.youtube-nocookie.com\/embed\/XDlPqNNIvV4\" frameborder=\"0\" allow=\"accelerometer; autoplay; encrypted-media; gyroscope; picture-in-picture\" allowfullscreen><\/iframe>","protected":false},"featured_media":20805,"template":"","meta":{"_acf_changed":false},"artists_edition":[729],"class_list":["post-19376","artists","type-artists","status-publish","has-post-thumbnail","hentry","artists_location-estrella","artists_edition-729"],"acf":{"_thumbnail_id":20805,"youtube_player":"XDlPqNNIvV4","artist_edition":[729],"artist_date":"20190705","artist_time":"02:00:00","artist_time_2":"","artist_location":[20],"artist_ticket_url":"https:\/\/cruilla.seetickets.com\/event\/entrada-divendres\/parc-del-forum-barcelona\/1278175?lang=es-ES","artist_ticket_status":"","artist_extra_date__show":false,"artist_extra_date_2":null,"artist_time_of_date2":"","artist_extra_date_3":null,"artist_time_of_date3":"","artist_extra_date_4":null,"artist_time_of_date4":"","artist_extra_date_5":null,"artist_time_of_date5":"","artist_date__show_month":false,"artist_sidebar_active":false,"show_in_agenda":false,"artist_sidebar__banner_img":null,"artist_sidebar__banner_link":"","artist_hero_content":"<p style=\"text-align: center;\">Viernes 5 de julio en el Festival Cru\u00eflla<\/p>","artist_style":false,"artist_nationality":false,"artist_audience_age":false},"yoast_head":"<!-- This site is optimized with the Yoast SEO plugin v27.5 - https:\/\/yoast.com\/product\/yoast-seo-wordpress\/ -->\n<title>Foals en concierto el 5 de julio de 2019: Festival Cru\u00eflla, Parc del F\u00f2rum<\/title>\n<meta name=\"description\" content=\"Consigue tus entradas para el concierto que Foals ofrecer\u00e1 en el Festival Cru\u00eflla. Verano 2019, viernes 5 de julio, Parc del F\u00f2rum de Barcelona.\" \/>\n<meta name=\"robots\" content=\"index, follow, max-snippet:-1, max-image-preview:large, max-video-preview:-1\" \/>\n<link rel=\"canonical\" href=\"https:\/\/www.cruillabarcelona.cat\/es\/artists\/foals\/\" \/>\n<meta property=\"og:locale\" content=\"es_ES\" \/>\n<meta property=\"og:type\" content=\"article\" \/>\n<meta property=\"og:title\" content=\"Foals en concierto el 5 de julio de 2019: Festival Cru\u00eflla, Parc del F\u00f2rum\" \/>\n<meta property=\"og:description\" content=\"Consigue tus entradas para el concierto que Foals ofrecer\u00e1 en el Festival Cru\u00eflla. Verano 2019, viernes 5 de julio, Parc del F\u00f2rum de Barcelona.\" \/>\n<meta property=\"og:url\" content=\"https:\/\/www.cruillabarcelona.cat\/es\/artists\/foals\/\" \/>\n<meta property=\"og:site_name\" content=\"Festival Cru\u00eflla\" \/>\n<meta property=\"article:modified_time\" content=\"2019-05-13T11:44:02+00:00\" \/>\n<meta property=\"og:image\" content=\"https:\/\/www.cruillabarcelona.cat\/wp-content\/uploads\/2018\/11\/19_Foals_Neta.jpg\" \/>\n\t<meta property=\"og:image:width\" content=\"1200\" \/>\n\t<meta property=\"og:image:height\" content=\"1200\" \/>\n\t<meta property=\"og:image:type\" content=\"image\/jpeg\" \/>\n<meta name=\"twitter:card\" content=\"summary_large_image\" \/>\n<meta name=\"twitter:label1\" content=\"Tiempo de lectura\" \/>\n\t<meta name=\"twitter:data1\" content=\"2 minutos\" \/>\n<script type=\"application\/ld+json\" class=\"yoast-schema-graph\">{\"@context\":\"https:\\\/\\\/schema.org\",\"@graph\":[{\"@type\":\"WebPage\",\"@id\":\"https:\\\/\\\/www.cruillabarcelona.cat\\\/es\\\/artists\\\/foals\\\/\",\"url\":\"https:\\\/\\\/www.cruillabarcelona.cat\\\/es\\\/artists\\\/foals\\\/\",\"name\":\"Foals en concierto el 5 de julio de 2019: Festival Cru\u00eflla, Parc del F\u00f2rum\",\"isPartOf\":{\"@id\":\"https:\\\/\\\/www.cruillabarcelona.cat\\\/es\\\/#website\"},\"primaryImageOfPage\":{\"@id\":\"https:\\\/\\\/www.cruillabarcelona.cat\\\/es\\\/artists\\\/foals\\\/#primaryimage\"},\"image\":{\"@id\":\"https:\\\/\\\/www.cruillabarcelona.cat\\\/es\\\/artists\\\/foals\\\/#primaryimage\"},\"thumbnailUrl\":\"https:\\\/\\\/www.cruillabarcelona.cat\\\/wp-content\\\/uploads\\\/2018\\\/11\\\/19_Foals_Neta.jpg\",\"datePublished\":\"2018-11-20T08:57:31+00:00\",\"dateModified\":\"2019-05-13T11:44:02+00:00\",\"description\":\"Consigue tus entradas para el concierto que Foals ofrecer\u00e1 en el Festival Cru\u00eflla. Verano 2019, viernes 5 de julio, Parc del F\u00f2rum de Barcelona.\",\"breadcrumb\":{\"@id\":\"https:\\\/\\\/www.cruillabarcelona.cat\\\/es\\\/artists\\\/foals\\\/#breadcrumb\"},\"inLanguage\":\"es\",\"potentialAction\":[{\"@type\":\"ReadAction\",\"target\":[\"https:\\\/\\\/www.cruillabarcelona.cat\\\/es\\\/artists\\\/foals\\\/\"]}]},{\"@type\":\"ImageObject\",\"inLanguage\":\"es\",\"@id\":\"https:\\\/\\\/www.cruillabarcelona.cat\\\/es\\\/artists\\\/foals\\\/#primaryimage\",\"url\":\"https:\\\/\\\/www.cruillabarcelona.cat\\\/wp-content\\\/uploads\\\/2018\\\/11\\\/19_Foals_Neta.jpg\",\"contentUrl\":\"https:\\\/\\\/www.cruillabarcelona.cat\\\/wp-content\\\/uploads\\\/2018\\\/11\\\/19_Foals_Neta.jpg\",\"width\":1200,\"height\":1200},{\"@type\":\"BreadcrumbList\",\"@id\":\"https:\\\/\\\/www.cruillabarcelona.cat\\\/es\\\/artists\\\/foals\\\/#breadcrumb\",\"itemListElement\":[{\"@type\":\"ListItem\",\"position\":1,\"name\":\"Home\",\"item\":\"https:\\\/\\\/www.cruillabarcelona.cat\\\/es\\\/\"},{\"@type\":\"ListItem\",\"position\":2,\"name\":\"Foals\"}]},{\"@type\":\"WebSite\",\"@id\":\"https:\\\/\\\/www.cruillabarcelona.cat\\\/es\\\/#website\",\"url\":\"https:\\\/\\\/www.cruillabarcelona.cat\\\/es\\\/\",\"name\":\"Festival Cru\u00eflla\",\"description\":\"\",\"publisher\":{\"@id\":\"https:\\\/\\\/www.cruillabarcelona.cat\\\/es\\\/#organization\"},\"potentialAction\":[{\"@type\":\"SearchAction\",\"target\":{\"@type\":\"EntryPoint\",\"urlTemplate\":\"https:\\\/\\\/www.cruillabarcelona.cat\\\/es\\\/?s={search_term_string}\"},\"query-input\":{\"@type\":\"PropertyValueSpecification\",\"valueRequired\":true,\"valueName\":\"search_term_string\"}}],\"inLanguage\":\"es\"},{\"@type\":\"Organization\",\"@id\":\"https:\\\/\\\/www.cruillabarcelona.cat\\\/es\\\/#organization\",\"name\":\"Festival Cru\u00eflla\",\"url\":\"https:\\\/\\\/www.cruillabarcelona.cat\\\/es\\\/\",\"logo\":{\"@type\":\"ImageObject\",\"inLanguage\":\"es\",\"@id\":\"https:\\\/\\\/www.cruillabarcelona.cat\\\/es\\\/#\\\/schema\\\/logo\\\/image\\\/\",\"url\":\"https:\\\/\\\/www.cruillabarcelona.cat\\\/wp-content\\\/uploads\\\/2025\\\/12\\\/cruill-logo-negativo.png\",\"contentUrl\":\"https:\\\/\\\/www.cruillabarcelona.cat\\\/wp-content\\\/uploads\\\/2025\\\/12\\\/cruill-logo-negativo.png\",\"width\":400,\"height\":101,\"caption\":\"Festival Cru\u00eflla\"},\"image\":{\"@id\":\"https:\\\/\\\/www.cruillabarcelona.cat\\\/es\\\/#\\\/schema\\\/logo\\\/image\\\/\"}}]}<\/script>\n<!-- \/ Yoast SEO plugin. -->","yoast_head_json":{"title":"Foals en concierto el 5 de julio de 2019: Festival Cru\u00eflla, Parc del F\u00f2rum","description":"Consigue tus entradas para el concierto que Foals ofrecer\u00e1 en el Festival Cru\u00eflla. Verano 2019, viernes 5 de julio, Parc del F\u00f2rum de Barcelona.","robots":{"index":"index","follow":"follow","max-snippet":"max-snippet:-1","max-image-preview":"max-image-preview:large","max-video-preview":"max-video-preview:-1"},"canonical":"https:\/\/www.cruillabarcelona.cat\/es\/artists\/foals\/","og_locale":"es_ES","og_type":"article","og_title":"Foals en concierto el 5 de julio de 2019: Festival Cru\u00eflla, Parc del F\u00f2rum","og_description":"Consigue tus entradas para el concierto que Foals ofrecer\u00e1 en el Festival Cru\u00eflla. Verano 2019, viernes 5 de julio, Parc del F\u00f2rum de Barcelona.","og_url":"https:\/\/www.cruillabarcelona.cat\/es\/artists\/foals\/","og_site_name":"Festival Cru\u00eflla","article_modified_time":"2019-05-13T11:44:02+00:00","og_image":[{"width":1200,"height":1200,"url":"https:\/\/www.cruillabarcelona.cat\/wp-content\/uploads\/2018\/11\/19_Foals_Neta.jpg","type":"image\/jpeg"}],"twitter_card":"summary_large_image","twitter_misc":{"Tiempo de lectura":"2 minutos"},"schema":{"@context":"https:\/\/schema.org","@graph":[{"@type":"WebPage","@id":"https:\/\/www.cruillabarcelona.cat\/es\/artists\/foals\/","url":"https:\/\/www.cruillabarcelona.cat\/es\/artists\/foals\/","name":"Foals en concierto el 5 de julio de 2019: Festival Cru\u00eflla, Parc del F\u00f2rum","isPartOf":{"@id":"https:\/\/www.cruillabarcelona.cat\/es\/#website"},"primaryImageOfPage":{"@id":"https:\/\/www.cruillabarcelona.cat\/es\/artists\/foals\/#primaryimage"},"image":{"@id":"https:\/\/www.cruillabarcelona.cat\/es\/artists\/foals\/#primaryimage"},"thumbnailUrl":"https:\/\/www.cruillabarcelona.cat\/wp-content\/uploads\/2018\/11\/19_Foals_Neta.jpg","datePublished":"2018-11-20T08:57:31+00:00","dateModified":"2019-05-13T11:44:02+00:00","description":"Consigue tus entradas para el concierto que Foals ofrecer\u00e1 en el Festival Cru\u00eflla. Verano 2019, viernes 5 de julio, Parc del F\u00f2rum de Barcelona.","breadcrumb":{"@id":"https:\/\/www.cruillabarcelona.cat\/es\/artists\/foals\/#breadcrumb"},"inLanguage":"es","potentialAction":[{"@type":"ReadAction","target":["https:\/\/www.cruillabarcelona.cat\/es\/artists\/foals\/"]}]},{"@type":"ImageObject","inLanguage":"es","@id":"https:\/\/www.cruillabarcelona.cat\/es\/artists\/foals\/#primaryimage","url":"https:\/\/www.cruillabarcelona.cat\/wp-content\/uploads\/2018\/11\/19_Foals_Neta.jpg","contentUrl":"https:\/\/www.cruillabarcelona.cat\/wp-content\/uploads\/2018\/11\/19_Foals_Neta.jpg","width":1200,"height":1200},{"@type":"BreadcrumbList","@id":"https:\/\/www.cruillabarcelona.cat\/es\/artists\/foals\/#breadcrumb","itemListElement":[{"@type":"ListItem","position":1,"name":"Home","item":"https:\/\/www.cruillabarcelona.cat\/es\/"},{"@type":"ListItem","position":2,"name":"Foals"}]},{"@type":"WebSite","@id":"https:\/\/www.cruillabarcelona.cat\/es\/#website","url":"https:\/\/www.cruillabarcelona.cat\/es\/","name":"Festival Cru\u00eflla","description":"","publisher":{"@id":"https:\/\/www.cruillabarcelona.cat\/es\/#organization"},"potentialAction":[{"@type":"SearchAction","target":{"@type":"EntryPoint","urlTemplate":"https:\/\/www.cruillabarcelona.cat\/es\/?s={search_term_string}"},"query-input":{"@type":"PropertyValueSpecification","valueRequired":true,"valueName":"search_term_string"}}],"inLanguage":"es"},{"@type":"Organization","@id":"https:\/\/www.cruillabarcelona.cat\/es\/#organization","name":"Festival Cru\u00eflla","url":"https:\/\/www.cruillabarcelona.cat\/es\/","logo":{"@type":"ImageObject","inLanguage":"es","@id":"https:\/\/www.cruillabarcelona.cat\/es\/#\/schema\/logo\/image\/","url":"https:\/\/www.cruillabarcelona.cat\/wp-content\/uploads\/2025\/12\/cruill-logo-negativo.png","contentUrl":"https:\/\/www.cruillabarcelona.cat\/wp-content\/uploads\/2025\/12\/cruill-logo-negativo.png","width":400,"height":101,"caption":"Festival Cru\u00eflla"},"image":{"@id":"https:\/\/www.cruillabarcelona.cat\/es\/#\/schema\/logo\/image\/"}}]}},"_links":{"self":[{"href":"https:\/\/www.cruillabarcelona.cat\/es\/wp-json\/wp\/v2\/artists\/19376","targetHints":{"allow":["GET"]}}],"collection":[{"href":"https:\/\/www.cruillabarcelona.cat\/es\/wp-json\/wp\/v2\/artists"}],"about":[{"href":"https:\/\/www.cruillabarcelona.cat\/es\/wp-json\/wp\/v2\/types\/artists"}],"acf:term":[{"embeddable":true,"taxonomy":"artists_location","href":"https:\/\/www.cruillabarcelona.cat\/es\/wp-json\/wp\/v2\/artists_location\/20"},{"embeddable":true,"taxonomy":"artists_edition","href":"https:\/\/www.cruillabarcelona.cat\/es\/wp-json\/wp\/v2\/artists_edition\/729"}],"wp:featuredmedia":[{"embeddable":true,"href":"https:\/\/www.cruillabarcelona.cat\/es\/wp-json\/wp\/v2\/media\/20805"}],"wp:attachment":[{"href":"https:\/\/www.cruillabarcelona.cat\/es\/wp-json\/wp\/v2\/media?parent=19376"}],"wp:term":[{"taxonomy":"artists_edition","embeddable":true,"href":"https:\/\/www.cruillabarcelona.cat\/es\/wp-json\/wp\/v2\/artists_edition?post=19376"}],"curies":[{"name":"wp","href":"https:\/\/api.w.org\/{rel}","templated":true}]}}