{"id":19378,"date":"2018-12-12T13:01:59","date_gmt":"2018-12-12T11:01:59","guid":{"rendered":"https:\/\/www.cruillabarcelona.cat\/?post_type=artists&#038;p=19378"},"modified":"2019-05-13T13:46:33","modified_gmt":"2019-05-13T11:46:33","slug":"zaz","status":"publish","type":"artists","link":"https:\/\/www.cruillabarcelona.cat\/es\/artists\/zaz\/","title":{"rendered":"Zaz"},"content":{"rendered":"<h2 style=\"text-align: center;\">El gipsy jazz que nos tiene el coraz\u00f3n robado<\/h2>\n<p style=\"text-align: justify;\">Isabelle Geffroy, m\u00e1s conocida por su\u00a0<strong>sobrenombre art\u00edstico Zaz<\/strong>, debut\u00f3 en directo en Espa\u00f1a en 2014 en el Festival Cru\u00eflla. Su\u00a0<strong>primer disco\u00a0<em>Zaz<\/em><\/strong> rompi\u00f3\u00a0<strong>r\u00e9cords de ventas<\/strong> en su Francia natal y la\u00a0<strong>canci\u00f3n\u00a0<em>Je Veux<\/em><\/strong> la situ\u00f3 entre las artistas de m\u00e1s \u00e9xito en su pa\u00eds.<\/p>\n<p style=\"text-align: justify;\">El pr\u00f3ximo verano volver\u00e1 al Parc del F\u00f2rum para presentar los temas de su\u00a0<strong>nuevo \u00e1lbum\u00a0<em>Effet miroir<\/em><\/strong>. El\u00a0<strong>5 de julio de 2019<\/strong>, en la que ser\u00e1 su\u00a0<strong>\u00fanica actuaci\u00f3n en Catalu\u00f1a durante el verano<\/strong>.<\/p>\n<p style=\"text-align: justify;\">Con tu entrada para el\u00a0<strong>viernes 5<\/strong> no solo podr\u00e1s ver a Zaz en directo, sino que tambi\u00e9n podr\u00e1s asistir a los conciertos de artistas como <a href=\"https:\/\/www.cruillabarcelona.cat\/es\/artists\/garbage\" target=\"_blank\" rel=\"noopener noreferrer\">Garbage<\/a>,\u00a0<a href=\"https:\/\/www.cruillabarcelona.cat\/es\/artists\/bastille\" target=\"_blank\" rel=\"noopener noreferrer\">Bastille<\/a>\u00a0o <a href=\"https:\/\/www.cruillabarcelona.cat\/es\/artists\/foals\" target=\"_blank\" rel=\"noopener noreferrer\">Foals<\/a>.<\/p>\n<hr \/>\n<p style=\"text-align: center;\"><em>Compra aqu\u00ed tu entrada del viernes o, si quieres vivir la experiencia completa, consigue tu abono del festival.<\/em><\/p>\n<p style=\"text-align: center;\"><a class=\"efsbutton button \" target=\"_blank\">ENTRADAS<\/a><\/p>\n<hr \/>\n<p style=\"text-align: justify;\">Mucho ha llovido desde que, de muy peque\u00f1a, Zaz sinti\u00f3 la llamada de la m\u00fasica. Con tan solo\u00a0<strong>5 a\u00f1os empez\u00f3 a estudiar m\u00fasica<\/strong> en el Conservatorio de Tours, donde se especializ\u00f3 en solfeo, viol\u00edn, piano, guitarra y canto coral.<\/p>\n<p style=\"text-align: justify;\">Entre sus colaboraciones m\u00e1s conocidas en nuestro pa\u00eds est\u00e1 la que protagoniz\u00f3 con Pablo Albor\u00e1n. Lo que muy pocos saben es que en sus discos ha contado tambi\u00e9n con el apoyo de artistas como Charles Aznavour, Thomas Dutronc o Quincy Jones.<\/p>\n<p style=\"text-align: justify;\">El \u00faltimo \u00e1lbum de la francesa se public\u00f3 el pasado 16 de noviembre de 2018, y su concierto en el Festival Cru\u00eflla 2019 ser\u00e1 una nueva ocasi\u00f3n de disfrutar del directo de una estrella global que acumula\u00a0<em>sold outs<\/em> en medio mundo.<\/p>\n<!-- auto-added video if acf\/single-artist-video not used  --> <iframe style=\"width: 100%;max-width: 100%;height: auto;aspect-ratio: 16 \/ 9;\" src=\"https:\/\/www.youtube-nocookie.com\/embed\/6THHrPyZQuQ\" frameborder=\"0\" allow=\"accelerometer; autoplay; encrypted-media; gyroscope; picture-in-picture\" allowfullscreen><\/iframe>","protected":false},"featured_media":20158,"template":"","meta":{"_acf_changed":false},"artists_edition":[729],"class_list":["post-19378","artists","type-artists","status-publish","has-post-thumbnail","hentry","artists_location-cruilla-enamora","artists_edition-729"],"acf":{"_thumbnail_id":20158,"youtube_player":"6THHrPyZQuQ","artist_edition":[729],"artist_date":"20190705","artist_time":"21:30:00","artist_time_2":"","artist_location":[590],"artist_ticket_url":"https:\/\/cruilla.seetickets.com\/event\/entrada-divendres\/parc-del-forum-barcelona\/1278175?lang=es-ES","artist_ticket_status":"","artist_extra_date__show":false,"artist_extra_date_2":null,"artist_time_of_date2":"","artist_extra_date_3":null,"artist_time_of_date3":"","artist_extra_date_4":null,"artist_time_of_date4":"","artist_extra_date_5":null,"artist_time_of_date5":"","artist_date__show_month":false,"artist_sidebar_active":false,"show_in_agenda":false,"artist_sidebar__banner_img":null,"artist_sidebar__banner_link":"","artist_hero_content":"<p style=\"text-align: center;\">Viernes 5 de julio en el Festival Cru\u00eflla<\/p>","artist_style":false,"artist_nationality":false,"artist_audience_age":false},"yoast_head":"<!-- This site is optimized with the Yoast SEO plugin v27.5 - https:\/\/yoast.com\/product\/yoast-seo-wordpress\/ -->\n<title>Zaz en concierto en el Festival Cru\u00eflla 2019: 5 de julio en el Parc del F\u00f2rum<\/title>\n<meta name=\"description\" content=\"Entradas a la venta para el concierto que Zaz ofrecer\u00e1 el pr\u00f3ximo verano en el Festival Cru\u00eflla. Viernes 5 de julio de 2019, Parc del F\u00f2rum de Barcelona.\" \/>\n<meta name=\"robots\" content=\"index, follow, max-snippet:-1, max-image-preview:large, max-video-preview:-1\" \/>\n<link rel=\"canonical\" href=\"https:\/\/www.cruillabarcelona.cat\/es\/artists\/zaz\/\" \/>\n<meta property=\"og:locale\" content=\"es_ES\" \/>\n<meta property=\"og:type\" content=\"article\" \/>\n<meta property=\"og:title\" content=\"Zaz en concierto en el Festival Cru\u00eflla 2019: 5 de julio en el Parc del F\u00f2rum\" \/>\n<meta property=\"og:description\" content=\"Entradas a la venta para el concierto que Zaz ofrecer\u00e1 el pr\u00f3ximo verano en el Festival Cru\u00eflla. Viernes 5 de julio de 2019, Parc del F\u00f2rum de Barcelona.\" \/>\n<meta property=\"og:url\" content=\"https:\/\/www.cruillabarcelona.cat\/es\/artists\/zaz\/\" \/>\n<meta property=\"og:site_name\" content=\"Festival Cru\u00eflla\" \/>\n<meta property=\"article:modified_time\" content=\"2019-05-13T11:46:33+00:00\" \/>\n<meta property=\"og:image\" content=\"https:\/\/www.cruillabarcelona.cat\/wp-content\/uploads\/2018\/12\/17_Zaz_Neta.jpg\" \/>\n\t<meta property=\"og:image:width\" content=\"1080\" \/>\n\t<meta property=\"og:image:height\" content=\"1080\" \/>\n\t<meta property=\"og:image:type\" content=\"image\/jpeg\" \/>\n<meta name=\"twitter:card\" content=\"summary_large_image\" \/>\n<meta name=\"twitter:label1\" content=\"Tiempo de lectura\" \/>\n\t<meta name=\"twitter:data1\" content=\"2 minutos\" \/>\n<script type=\"application\/ld+json\" class=\"yoast-schema-graph\">{\"@context\":\"https:\\\/\\\/schema.org\",\"@graph\":[{\"@type\":\"WebPage\",\"@id\":\"https:\\\/\\\/www.cruillabarcelona.cat\\\/es\\\/artists\\\/zaz\\\/\",\"url\":\"https:\\\/\\\/www.cruillabarcelona.cat\\\/es\\\/artists\\\/zaz\\\/\",\"name\":\"Zaz en concierto en el Festival Cru\u00eflla 2019: 5 de julio en el Parc del F\u00f2rum\",\"isPartOf\":{\"@id\":\"https:\\\/\\\/www.cruillabarcelona.cat\\\/es\\\/#website\"},\"primaryImageOfPage\":{\"@id\":\"https:\\\/\\\/www.cruillabarcelona.cat\\\/es\\\/artists\\\/zaz\\\/#primaryimage\"},\"image\":{\"@id\":\"https:\\\/\\\/www.cruillabarcelona.cat\\\/es\\\/artists\\\/zaz\\\/#primaryimage\"},\"thumbnailUrl\":\"https:\\\/\\\/www.cruillabarcelona.cat\\\/wp-content\\\/uploads\\\/2018\\\/12\\\/17_Zaz_Neta.jpg\",\"datePublished\":\"2018-12-12T11:01:59+00:00\",\"dateModified\":\"2019-05-13T11:46:33+00:00\",\"description\":\"Entradas a la venta para el concierto que Zaz ofrecer\u00e1 el pr\u00f3ximo verano en el Festival Cru\u00eflla. Viernes 5 de julio de 2019, Parc del F\u00f2rum de Barcelona.\",\"breadcrumb\":{\"@id\":\"https:\\\/\\\/www.cruillabarcelona.cat\\\/es\\\/artists\\\/zaz\\\/#breadcrumb\"},\"inLanguage\":\"es\",\"potentialAction\":[{\"@type\":\"ReadAction\",\"target\":[\"https:\\\/\\\/www.cruillabarcelona.cat\\\/es\\\/artists\\\/zaz\\\/\"]}]},{\"@type\":\"ImageObject\",\"inLanguage\":\"es\",\"@id\":\"https:\\\/\\\/www.cruillabarcelona.cat\\\/es\\\/artists\\\/zaz\\\/#primaryimage\",\"url\":\"https:\\\/\\\/www.cruillabarcelona.cat\\\/wp-content\\\/uploads\\\/2018\\\/12\\\/17_Zaz_Neta.jpg\",\"contentUrl\":\"https:\\\/\\\/www.cruillabarcelona.cat\\\/wp-content\\\/uploads\\\/2018\\\/12\\\/17_Zaz_Neta.jpg\",\"width\":1080,\"height\":1080,\"caption\":\"Zaz\"},{\"@type\":\"BreadcrumbList\",\"@id\":\"https:\\\/\\\/www.cruillabarcelona.cat\\\/es\\\/artists\\\/zaz\\\/#breadcrumb\",\"itemListElement\":[{\"@type\":\"ListItem\",\"position\":1,\"name\":\"Home\",\"item\":\"https:\\\/\\\/www.cruillabarcelona.cat\\\/es\\\/\"},{\"@type\":\"ListItem\",\"position\":2,\"name\":\"Zaz\"}]},{\"@type\":\"WebSite\",\"@id\":\"https:\\\/\\\/www.cruillabarcelona.cat\\\/es\\\/#website\",\"url\":\"https:\\\/\\\/www.cruillabarcelona.cat\\\/es\\\/\",\"name\":\"Festival Cru\u00eflla\",\"description\":\"\",\"publisher\":{\"@id\":\"https:\\\/\\\/www.cruillabarcelona.cat\\\/es\\\/#organization\"},\"potentialAction\":[{\"@type\":\"SearchAction\",\"target\":{\"@type\":\"EntryPoint\",\"urlTemplate\":\"https:\\\/\\\/www.cruillabarcelona.cat\\\/es\\\/?s={search_term_string}\"},\"query-input\":{\"@type\":\"PropertyValueSpecification\",\"valueRequired\":true,\"valueName\":\"search_term_string\"}}],\"inLanguage\":\"es\"},{\"@type\":\"Organization\",\"@id\":\"https:\\\/\\\/www.cruillabarcelona.cat\\\/es\\\/#organization\",\"name\":\"Festival Cru\u00eflla\",\"url\":\"https:\\\/\\\/www.cruillabarcelona.cat\\\/es\\\/\",\"logo\":{\"@type\":\"ImageObject\",\"inLanguage\":\"es\",\"@id\":\"https:\\\/\\\/www.cruillabarcelona.cat\\\/es\\\/#\\\/schema\\\/logo\\\/image\\\/\",\"url\":\"https:\\\/\\\/www.cruillabarcelona.cat\\\/wp-content\\\/uploads\\\/2025\\\/12\\\/cruill-logo-negativo.png\",\"contentUrl\":\"https:\\\/\\\/www.cruillabarcelona.cat\\\/wp-content\\\/uploads\\\/2025\\\/12\\\/cruill-logo-negativo.png\",\"width\":400,\"height\":101,\"caption\":\"Festival Cru\u00eflla\"},\"image\":{\"@id\":\"https:\\\/\\\/www.cruillabarcelona.cat\\\/es\\\/#\\\/schema\\\/logo\\\/image\\\/\"}}]}<\/script>\n<!-- \/ Yoast SEO plugin. -->","yoast_head_json":{"title":"Zaz en concierto en el Festival Cru\u00eflla 2019: 5 de julio en el Parc del F\u00f2rum","description":"Entradas a la venta para el concierto que Zaz ofrecer\u00e1 el pr\u00f3ximo verano en el Festival Cru\u00eflla. Viernes 5 de julio de 2019, Parc del F\u00f2rum de Barcelona.","robots":{"index":"index","follow":"follow","max-snippet":"max-snippet:-1","max-image-preview":"max-image-preview:large","max-video-preview":"max-video-preview:-1"},"canonical":"https:\/\/www.cruillabarcelona.cat\/es\/artists\/zaz\/","og_locale":"es_ES","og_type":"article","og_title":"Zaz en concierto en el Festival Cru\u00eflla 2019: 5 de julio en el Parc del F\u00f2rum","og_description":"Entradas a la venta para el concierto que Zaz ofrecer\u00e1 el pr\u00f3ximo verano en el Festival Cru\u00eflla. Viernes 5 de julio de 2019, Parc del F\u00f2rum de Barcelona.","og_url":"https:\/\/www.cruillabarcelona.cat\/es\/artists\/zaz\/","og_site_name":"Festival Cru\u00eflla","article_modified_time":"2019-05-13T11:46:33+00:00","og_image":[{"width":1080,"height":1080,"url":"https:\/\/www.cruillabarcelona.cat\/wp-content\/uploads\/2018\/12\/17_Zaz_Neta.jpg","type":"image\/jpeg"}],"twitter_card":"summary_large_image","twitter_misc":{"Tiempo de lectura":"2 minutos"},"schema":{"@context":"https:\/\/schema.org","@graph":[{"@type":"WebPage","@id":"https:\/\/www.cruillabarcelona.cat\/es\/artists\/zaz\/","url":"https:\/\/www.cruillabarcelona.cat\/es\/artists\/zaz\/","name":"Zaz en concierto en el Festival Cru\u00eflla 2019: 5 de julio en el Parc del F\u00f2rum","isPartOf":{"@id":"https:\/\/www.cruillabarcelona.cat\/es\/#website"},"primaryImageOfPage":{"@id":"https:\/\/www.cruillabarcelona.cat\/es\/artists\/zaz\/#primaryimage"},"image":{"@id":"https:\/\/www.cruillabarcelona.cat\/es\/artists\/zaz\/#primaryimage"},"thumbnailUrl":"https:\/\/www.cruillabarcelona.cat\/wp-content\/uploads\/2018\/12\/17_Zaz_Neta.jpg","datePublished":"2018-12-12T11:01:59+00:00","dateModified":"2019-05-13T11:46:33+00:00","description":"Entradas a la venta para el concierto que Zaz ofrecer\u00e1 el pr\u00f3ximo verano en el Festival Cru\u00eflla. Viernes 5 de julio de 2019, Parc del F\u00f2rum de Barcelona.","breadcrumb":{"@id":"https:\/\/www.cruillabarcelona.cat\/es\/artists\/zaz\/#breadcrumb"},"inLanguage":"es","potentialAction":[{"@type":"ReadAction","target":["https:\/\/www.cruillabarcelona.cat\/es\/artists\/zaz\/"]}]},{"@type":"ImageObject","inLanguage":"es","@id":"https:\/\/www.cruillabarcelona.cat\/es\/artists\/zaz\/#primaryimage","url":"https:\/\/www.cruillabarcelona.cat\/wp-content\/uploads\/2018\/12\/17_Zaz_Neta.jpg","contentUrl":"https:\/\/www.cruillabarcelona.cat\/wp-content\/uploads\/2018\/12\/17_Zaz_Neta.jpg","width":1080,"height":1080,"caption":"Zaz"},{"@type":"BreadcrumbList","@id":"https:\/\/www.cruillabarcelona.cat\/es\/artists\/zaz\/#breadcrumb","itemListElement":[{"@type":"ListItem","position":1,"name":"Home","item":"https:\/\/www.cruillabarcelona.cat\/es\/"},{"@type":"ListItem","position":2,"name":"Zaz"}]},{"@type":"WebSite","@id":"https:\/\/www.cruillabarcelona.cat\/es\/#website","url":"https:\/\/www.cruillabarcelona.cat\/es\/","name":"Festival Cru\u00eflla","description":"","publisher":{"@id":"https:\/\/www.cruillabarcelona.cat\/es\/#organization"},"potentialAction":[{"@type":"SearchAction","target":{"@type":"EntryPoint","urlTemplate":"https:\/\/www.cruillabarcelona.cat\/es\/?s={search_term_string}"},"query-input":{"@type":"PropertyValueSpecification","valueRequired":true,"valueName":"search_term_string"}}],"inLanguage":"es"},{"@type":"Organization","@id":"https:\/\/www.cruillabarcelona.cat\/es\/#organization","name":"Festival Cru\u00eflla","url":"https:\/\/www.cruillabarcelona.cat\/es\/","logo":{"@type":"ImageObject","inLanguage":"es","@id":"https:\/\/www.cruillabarcelona.cat\/es\/#\/schema\/logo\/image\/","url":"https:\/\/www.cruillabarcelona.cat\/wp-content\/uploads\/2025\/12\/cruill-logo-negativo.png","contentUrl":"https:\/\/www.cruillabarcelona.cat\/wp-content\/uploads\/2025\/12\/cruill-logo-negativo.png","width":400,"height":101,"caption":"Festival Cru\u00eflla"},"image":{"@id":"https:\/\/www.cruillabarcelona.cat\/es\/#\/schema\/logo\/image\/"}}]}},"_links":{"self":[{"href":"https:\/\/www.cruillabarcelona.cat\/es\/wp-json\/wp\/v2\/artists\/19378","targetHints":{"allow":["GET"]}}],"collection":[{"href":"https:\/\/www.cruillabarcelona.cat\/es\/wp-json\/wp\/v2\/artists"}],"about":[{"href":"https:\/\/www.cruillabarcelona.cat\/es\/wp-json\/wp\/v2\/types\/artists"}],"acf:term":[{"embeddable":true,"taxonomy":"artists_location","href":"https:\/\/www.cruillabarcelona.cat\/es\/wp-json\/wp\/v2\/artists_location\/590"},{"embeddable":true,"taxonomy":"artists_edition","href":"https:\/\/www.cruillabarcelona.cat\/es\/wp-json\/wp\/v2\/artists_edition\/729"}],"wp:featuredmedia":[{"embeddable":true,"href":"https:\/\/www.cruillabarcelona.cat\/es\/wp-json\/wp\/v2\/media\/20158"}],"wp:attachment":[{"href":"https:\/\/www.cruillabarcelona.cat\/es\/wp-json\/wp\/v2\/media?parent=19378"}],"wp:term":[{"taxonomy":"artists_edition","embeddable":true,"href":"https:\/\/www.cruillabarcelona.cat\/es\/wp-json\/wp\/v2\/artists_edition?post=19378"}],"curies":[{"name":"wp","href":"https:\/\/api.w.org\/{rel}","templated":true}]}}