{"id":20076,"date":"2018-12-03T18:47:23","date_gmt":"2018-12-03T16:47:23","guid":{"rendered":"https:\/\/www.cruillabarcelona.cat\/?post_type=artists&#038;p=20076"},"modified":"2019-02-08T12:06:41","modified_gmt":"2019-02-08T10:06:41","slug":"lildami-cruilla-primavera","status":"publish","type":"artists","link":"https:\/\/www.cruillabarcelona.cat\/es\/artists\/lildami-cruilla-primavera\/","title":{"rendered":"Lildami"},"content":{"rendered":"<h2 style=\"text-align: center;\"><span style=\"color: #ff0000;\">\u00a1Entradas agotadas!<\/span><\/h2>\n<p style=\"text-align: justify;\">El pr\u00f3ximo\u00a0<strong>viernes 5 de abril<\/strong> es la fecha elegida para la\u00a0<strong>presentaci\u00f3n en directo<\/strong> en la ciudad de Barcelona del\u00a0<strong>nuevo disco<\/strong> del\u00a0<strong>cantante<\/strong> de rap y trap\u00a0<strong>Lildami<\/strong>, en el que ser\u00e1 el\u00a0<strong>concierto inaugural del Cru\u00eflla de Primavera 2019<\/strong>.<\/p>\n<p style=\"text-align: justify;\">La actuaci\u00f3n tendr\u00e1 lugar en la sala\u00a0<strong>La Nau<\/strong> y servir\u00e1 como pistoletazo de salida del ciclo de conciertos primaverales en el que podremos disfrutar de los directos de <a href=\"https:\/\/www.cruillabarcelona.cat\/es\/artists\/izal-cruilla-primavera\/\" target=\"_blank\" rel=\"noopener\">IZAL<\/a> y <a href=\"https:\/\/www.cruillabarcelona.cat\/es\/artists\/la-pegatina-2019\/\" target=\"_blank\" rel=\"noopener\">La Pegatina<\/a>.<\/p>\n<hr \/>\n<p>Los horarios del viernes 5 de abril de 2019 son los siguientes:<\/p>\n<ul>\n<li>21h: apertura de puertas<\/li>\n<li>21.30h: Lildami<\/li>\n<\/ul>\n<p style=\"text-align: justify;\">Dami\u00e0 Rodr\u00edguez, m\u00e1s conocido por su sobrenombre art\u00edstico, es un cantante de rap y trap en catal\u00e1n. Sus canciones quieren huir de los estereotipos asociados a la m\u00fasica urbana y ofrecen un mensaje positivo.<\/p>\n<p style=\"text-align: justify;\">El nuevo \u00e1lbum del egarense sali\u00f3 a la venta a principios de 2019, una compilaci\u00f3n de temas con letras inteligentes, agudas e ir\u00f3nicas, siempre acompa\u00f1adas de las mejores bases.<\/p>\n","protected":false},"featured_media":20089,"template":"","meta":{"_acf_changed":false},"artists_edition":[730],"class_list":["post-20076","artists","type-artists","status-publish","has-post-thumbnail","hentry","artists_location-la-nau","artists_edition-primavera-2019"],"acf":{"_thumbnail_id":20089,"youtube_player":"","artist_edition":[730],"artist_date":"20190405","artist_time":"21:00:00","artist_time_2":"","artist_location":[740],"artist_ticket_url":"","artist_ticket_status":"","artist_extra_date__show":false,"artist_extra_date_2":null,"artist_time_of_date2":"","artist_extra_date_3":null,"artist_time_of_date3":"","artist_extra_date_4":null,"artist_time_of_date4":"","artist_extra_date_5":null,"artist_time_of_date5":"","artist_date__show_month":false,"artist_sidebar_active":false,"show_in_agenda":false,"artist_sidebar__banner_img":null,"artist_sidebar__banner_link":"","artist_hero_content":"<h2 style=\"text-align: center;\">5 de abril de 2019<\/h2>\r\n<h3 style=\"text-align: center;\">La Nau - Barcelona<\/h3>\r\n<h3 style=\"text-align: center;\"><span style=\"color: #ff0000;\">\u00a1Entradas agotadas!<\/span><\/h3>","artist_style":false,"artist_nationality":false,"artist_audience_age":false},"yoast_head":"<!-- This site is optimized with the Yoast SEO plugin v27.5 - https:\/\/yoast.com\/product\/yoast-seo-wordpress\/ -->\n<title>Lildami: concierto presentaci\u00f3n del nuevo disco. Barcelona, 5 abril 2019<\/title>\n<meta name=\"description\" content=\"Concierto de presentaci\u00f3n del nuevo \u00e1lbum de Lildami en La Nau de Barcelona el viernes 5 de abril de 2019. Concierto inaugural del Cru\u00eflla de Primavera.\" \/>\n<meta name=\"robots\" content=\"index, follow, max-snippet:-1, max-image-preview:large, max-video-preview:-1\" \/>\n<link rel=\"canonical\" href=\"https:\/\/www.cruillabarcelona.cat\/es\/artists\/lildami-cruilla-primavera\/\" \/>\n<meta property=\"og:locale\" content=\"es_ES\" \/>\n<meta property=\"og:type\" content=\"article\" \/>\n<meta property=\"og:title\" content=\"Lildami: concierto presentaci\u00f3n del nuevo disco. Barcelona, 5 abril 2019\" \/>\n<meta property=\"og:description\" content=\"Concierto de presentaci\u00f3n del nuevo \u00e1lbum de Lildami en La Nau de Barcelona el viernes 5 de abril de 2019. Concierto inaugural del Cru\u00eflla de Primavera.\" \/>\n<meta property=\"og:url\" content=\"https:\/\/www.cruillabarcelona.cat\/es\/artists\/lildami-cruilla-primavera\/\" \/>\n<meta property=\"og:site_name\" content=\"Festival Cru\u00eflla\" \/>\n<meta property=\"article:modified_time\" content=\"2019-02-08T10:06:41+00:00\" \/>\n<meta property=\"og:image\" content=\"https:\/\/www.cruillabarcelona.cat\/wp-content\/uploads\/2018\/12\/2_Neta_Lildami_CruillaPrimavera.jpg\" \/>\n\t<meta property=\"og:image:width\" content=\"540\" \/>\n\t<meta property=\"og:image:height\" content=\"540\" \/>\n\t<meta property=\"og:image:type\" content=\"image\/jpeg\" \/>\n<meta name=\"twitter:card\" content=\"summary_large_image\" \/>\n<meta name=\"twitter:label1\" content=\"Tiempo de lectura\" \/>\n\t<meta name=\"twitter:data1\" content=\"1 minuto\" \/>\n<script type=\"application\/ld+json\" class=\"yoast-schema-graph\">{\"@context\":\"https:\\\/\\\/schema.org\",\"@graph\":[{\"@type\":\"WebPage\",\"@id\":\"https:\\\/\\\/www.cruillabarcelona.cat\\\/es\\\/artists\\\/lildami-cruilla-primavera\\\/\",\"url\":\"https:\\\/\\\/www.cruillabarcelona.cat\\\/es\\\/artists\\\/lildami-cruilla-primavera\\\/\",\"name\":\"Lildami: concierto presentaci\u00f3n del nuevo disco. Barcelona, 5 abril 2019\",\"isPartOf\":{\"@id\":\"https:\\\/\\\/www.cruillabarcelona.cat\\\/es\\\/#website\"},\"primaryImageOfPage\":{\"@id\":\"https:\\\/\\\/www.cruillabarcelona.cat\\\/es\\\/artists\\\/lildami-cruilla-primavera\\\/#primaryimage\"},\"image\":{\"@id\":\"https:\\\/\\\/www.cruillabarcelona.cat\\\/es\\\/artists\\\/lildami-cruilla-primavera\\\/#primaryimage\"},\"thumbnailUrl\":\"https:\\\/\\\/www.cruillabarcelona.cat\\\/wp-content\\\/uploads\\\/2018\\\/12\\\/2_Neta_Lildami_CruillaPrimavera.jpg\",\"datePublished\":\"2018-12-03T16:47:23+00:00\",\"dateModified\":\"2019-02-08T10:06:41+00:00\",\"description\":\"Concierto de presentaci\u00f3n del nuevo \u00e1lbum de Lildami en La Nau de Barcelona el viernes 5 de abril de 2019. Concierto inaugural del Cru\u00eflla de Primavera.\",\"breadcrumb\":{\"@id\":\"https:\\\/\\\/www.cruillabarcelona.cat\\\/es\\\/artists\\\/lildami-cruilla-primavera\\\/#breadcrumb\"},\"inLanguage\":\"es\",\"potentialAction\":[{\"@type\":\"ReadAction\",\"target\":[\"https:\\\/\\\/www.cruillabarcelona.cat\\\/es\\\/artists\\\/lildami-cruilla-primavera\\\/\"]}]},{\"@type\":\"ImageObject\",\"inLanguage\":\"es\",\"@id\":\"https:\\\/\\\/www.cruillabarcelona.cat\\\/es\\\/artists\\\/lildami-cruilla-primavera\\\/#primaryimage\",\"url\":\"https:\\\/\\\/www.cruillabarcelona.cat\\\/wp-content\\\/uploads\\\/2018\\\/12\\\/2_Neta_Lildami_CruillaPrimavera.jpg\",\"contentUrl\":\"https:\\\/\\\/www.cruillabarcelona.cat\\\/wp-content\\\/uploads\\\/2018\\\/12\\\/2_Neta_Lildami_CruillaPrimavera.jpg\",\"width\":540,\"height\":540,\"caption\":\"Lildami\"},{\"@type\":\"BreadcrumbList\",\"@id\":\"https:\\\/\\\/www.cruillabarcelona.cat\\\/es\\\/artists\\\/lildami-cruilla-primavera\\\/#breadcrumb\",\"itemListElement\":[{\"@type\":\"ListItem\",\"position\":1,\"name\":\"Home\",\"item\":\"https:\\\/\\\/www.cruillabarcelona.cat\\\/es\\\/\"},{\"@type\":\"ListItem\",\"position\":2,\"name\":\"Lildami\"}]},{\"@type\":\"WebSite\",\"@id\":\"https:\\\/\\\/www.cruillabarcelona.cat\\\/es\\\/#website\",\"url\":\"https:\\\/\\\/www.cruillabarcelona.cat\\\/es\\\/\",\"name\":\"Festival Cru\u00eflla\",\"description\":\"\",\"publisher\":{\"@id\":\"https:\\\/\\\/www.cruillabarcelona.cat\\\/es\\\/#organization\"},\"potentialAction\":[{\"@type\":\"SearchAction\",\"target\":{\"@type\":\"EntryPoint\",\"urlTemplate\":\"https:\\\/\\\/www.cruillabarcelona.cat\\\/es\\\/?s={search_term_string}\"},\"query-input\":{\"@type\":\"PropertyValueSpecification\",\"valueRequired\":true,\"valueName\":\"search_term_string\"}}],\"inLanguage\":\"es\"},{\"@type\":\"Organization\",\"@id\":\"https:\\\/\\\/www.cruillabarcelona.cat\\\/es\\\/#organization\",\"name\":\"Festival Cru\u00eflla\",\"url\":\"https:\\\/\\\/www.cruillabarcelona.cat\\\/es\\\/\",\"logo\":{\"@type\":\"ImageObject\",\"inLanguage\":\"es\",\"@id\":\"https:\\\/\\\/www.cruillabarcelona.cat\\\/es\\\/#\\\/schema\\\/logo\\\/image\\\/\",\"url\":\"https:\\\/\\\/www.cruillabarcelona.cat\\\/wp-content\\\/uploads\\\/2025\\\/12\\\/cruill-logo-negativo.png\",\"contentUrl\":\"https:\\\/\\\/www.cruillabarcelona.cat\\\/wp-content\\\/uploads\\\/2025\\\/12\\\/cruill-logo-negativo.png\",\"width\":400,\"height\":101,\"caption\":\"Festival Cru\u00eflla\"},\"image\":{\"@id\":\"https:\\\/\\\/www.cruillabarcelona.cat\\\/es\\\/#\\\/schema\\\/logo\\\/image\\\/\"}}]}<\/script>\n<!-- \/ Yoast SEO plugin. -->","yoast_head_json":{"title":"Lildami: concierto presentaci\u00f3n del nuevo disco. Barcelona, 5 abril 2019","description":"Concierto de presentaci\u00f3n del nuevo \u00e1lbum de Lildami en La Nau de Barcelona el viernes 5 de abril de 2019. Concierto inaugural del Cru\u00eflla de Primavera.","robots":{"index":"index","follow":"follow","max-snippet":"max-snippet:-1","max-image-preview":"max-image-preview:large","max-video-preview":"max-video-preview:-1"},"canonical":"https:\/\/www.cruillabarcelona.cat\/es\/artists\/lildami-cruilla-primavera\/","og_locale":"es_ES","og_type":"article","og_title":"Lildami: concierto presentaci\u00f3n del nuevo disco. Barcelona, 5 abril 2019","og_description":"Concierto de presentaci\u00f3n del nuevo \u00e1lbum de Lildami en La Nau de Barcelona el viernes 5 de abril de 2019. Concierto inaugural del Cru\u00eflla de Primavera.","og_url":"https:\/\/www.cruillabarcelona.cat\/es\/artists\/lildami-cruilla-primavera\/","og_site_name":"Festival Cru\u00eflla","article_modified_time":"2019-02-08T10:06:41+00:00","og_image":[{"width":540,"height":540,"url":"https:\/\/www.cruillabarcelona.cat\/wp-content\/uploads\/2018\/12\/2_Neta_Lildami_CruillaPrimavera.jpg","type":"image\/jpeg"}],"twitter_card":"summary_large_image","twitter_misc":{"Tiempo de lectura":"1 minuto"},"schema":{"@context":"https:\/\/schema.org","@graph":[{"@type":"WebPage","@id":"https:\/\/www.cruillabarcelona.cat\/es\/artists\/lildami-cruilla-primavera\/","url":"https:\/\/www.cruillabarcelona.cat\/es\/artists\/lildami-cruilla-primavera\/","name":"Lildami: concierto presentaci\u00f3n del nuevo disco. Barcelona, 5 abril 2019","isPartOf":{"@id":"https:\/\/www.cruillabarcelona.cat\/es\/#website"},"primaryImageOfPage":{"@id":"https:\/\/www.cruillabarcelona.cat\/es\/artists\/lildami-cruilla-primavera\/#primaryimage"},"image":{"@id":"https:\/\/www.cruillabarcelona.cat\/es\/artists\/lildami-cruilla-primavera\/#primaryimage"},"thumbnailUrl":"https:\/\/www.cruillabarcelona.cat\/wp-content\/uploads\/2018\/12\/2_Neta_Lildami_CruillaPrimavera.jpg","datePublished":"2018-12-03T16:47:23+00:00","dateModified":"2019-02-08T10:06:41+00:00","description":"Concierto de presentaci\u00f3n del nuevo \u00e1lbum de Lildami en La Nau de Barcelona el viernes 5 de abril de 2019. Concierto inaugural del Cru\u00eflla de Primavera.","breadcrumb":{"@id":"https:\/\/www.cruillabarcelona.cat\/es\/artists\/lildami-cruilla-primavera\/#breadcrumb"},"inLanguage":"es","potentialAction":[{"@type":"ReadAction","target":["https:\/\/www.cruillabarcelona.cat\/es\/artists\/lildami-cruilla-primavera\/"]}]},{"@type":"ImageObject","inLanguage":"es","@id":"https:\/\/www.cruillabarcelona.cat\/es\/artists\/lildami-cruilla-primavera\/#primaryimage","url":"https:\/\/www.cruillabarcelona.cat\/wp-content\/uploads\/2018\/12\/2_Neta_Lildami_CruillaPrimavera.jpg","contentUrl":"https:\/\/www.cruillabarcelona.cat\/wp-content\/uploads\/2018\/12\/2_Neta_Lildami_CruillaPrimavera.jpg","width":540,"height":540,"caption":"Lildami"},{"@type":"BreadcrumbList","@id":"https:\/\/www.cruillabarcelona.cat\/es\/artists\/lildami-cruilla-primavera\/#breadcrumb","itemListElement":[{"@type":"ListItem","position":1,"name":"Home","item":"https:\/\/www.cruillabarcelona.cat\/es\/"},{"@type":"ListItem","position":2,"name":"Lildami"}]},{"@type":"WebSite","@id":"https:\/\/www.cruillabarcelona.cat\/es\/#website","url":"https:\/\/www.cruillabarcelona.cat\/es\/","name":"Festival Cru\u00eflla","description":"","publisher":{"@id":"https:\/\/www.cruillabarcelona.cat\/es\/#organization"},"potentialAction":[{"@type":"SearchAction","target":{"@type":"EntryPoint","urlTemplate":"https:\/\/www.cruillabarcelona.cat\/es\/?s={search_term_string}"},"query-input":{"@type":"PropertyValueSpecification","valueRequired":true,"valueName":"search_term_string"}}],"inLanguage":"es"},{"@type":"Organization","@id":"https:\/\/www.cruillabarcelona.cat\/es\/#organization","name":"Festival Cru\u00eflla","url":"https:\/\/www.cruillabarcelona.cat\/es\/","logo":{"@type":"ImageObject","inLanguage":"es","@id":"https:\/\/www.cruillabarcelona.cat\/es\/#\/schema\/logo\/image\/","url":"https:\/\/www.cruillabarcelona.cat\/wp-content\/uploads\/2025\/12\/cruill-logo-negativo.png","contentUrl":"https:\/\/www.cruillabarcelona.cat\/wp-content\/uploads\/2025\/12\/cruill-logo-negativo.png","width":400,"height":101,"caption":"Festival Cru\u00eflla"},"image":{"@id":"https:\/\/www.cruillabarcelona.cat\/es\/#\/schema\/logo\/image\/"}}]}},"_links":{"self":[{"href":"https:\/\/www.cruillabarcelona.cat\/es\/wp-json\/wp\/v2\/artists\/20076","targetHints":{"allow":["GET"]}}],"collection":[{"href":"https:\/\/www.cruillabarcelona.cat\/es\/wp-json\/wp\/v2\/artists"}],"about":[{"href":"https:\/\/www.cruillabarcelona.cat\/es\/wp-json\/wp\/v2\/types\/artists"}],"acf:term":[{"embeddable":true,"taxonomy":"artists_location","href":"https:\/\/www.cruillabarcelona.cat\/es\/wp-json\/wp\/v2\/artists_location\/740"},{"embeddable":true,"taxonomy":"artists_edition","href":"https:\/\/www.cruillabarcelona.cat\/es\/wp-json\/wp\/v2\/artists_edition\/730"}],"wp:featuredmedia":[{"embeddable":true,"href":"https:\/\/www.cruillabarcelona.cat\/es\/wp-json\/wp\/v2\/media\/20089"}],"wp:attachment":[{"href":"https:\/\/www.cruillabarcelona.cat\/es\/wp-json\/wp\/v2\/media?parent=20076"}],"wp:term":[{"taxonomy":"artists_edition","embeddable":true,"href":"https:\/\/www.cruillabarcelona.cat\/es\/wp-json\/wp\/v2\/artists_edition?post=20076"}],"curies":[{"name":"wp","href":"https:\/\/api.w.org\/{rel}","templated":true}]}}