{"id":20971,"date":"2019-01-31T13:02:47","date_gmt":"2019-01-31T11:02:47","guid":{"rendered":"https:\/\/www.cruillabarcelona.cat\/?post_type=artists&#038;p=20971"},"modified":"2019-05-14T10:23:43","modified_gmt":"2019-05-14T08:23:43","slug":"michael-kiwanuka","status":"publish","type":"artists","link":"https:\/\/www.cruillabarcelona.cat\/es\/artists\/michael-kiwanuka\/","title":{"rendered":"Michael Kiwanuka"},"content":{"rendered":"<h2>Llega el hijo prodigio del soul<\/h2>\n<p style=\"text-align: justify;\"><strong>Michael Kiwanuka<\/strong> es un chico emocional que compone mejor en horas bajas. Quiz\u00e1 tiene que ver con su <strong>precocidad<\/strong> y la velocidad vertiginosa de su <strong>\u00e9xito<\/strong>. Quiz\u00e1s sorprende tener todas las miradas encima y recibir llamadas de Adele y Kanye West cuando tienes veintitantos a\u00f1os.<\/p>\n<p style=\"text-align: justify;\">Es innegable que Kiwanuka es ya un <strong>gran nombre del soul y el folk.<\/strong> Es innegable que ha modernizado el soul cl\u00e1sico con un <strong>nuevo groove<\/strong>. Y tampoco dudamos que <strong>el Cru\u00eflla es el escenario perfecto para un concierto como el suyo.<\/strong><\/p>\n<p style=\"text-align: justify;\">Kiwanuka actuar\u00e1 el pr\u00f3ximo <strong>s\u00e1bado, 6 de julio<\/strong> en el Cru\u00eflla, en el que por el momento ser\u00e1 un <strong>show \u00fanico en Espa\u00f1a<\/strong>. Con tu entrada del s\u00e1bado tambi\u00e9n podr\u00e1s ver los conciertos de <a href=\"https:\/\/www.cruillabarcelona.cat\/es\/artists\/kylie-minogue\/\" target=\"_blank\" rel=\"noopener noreferrer\">Kylie Minogue<\/a>, <a href=\"https:\/\/www.cruillabarcelona.cat\/es\/artists\/tiken-jah-fakoly\" target=\"_blank\" rel=\"noopener noreferrer\">Tiken Jah Fakoly<\/a> y <a href=\"https:\/\/www.cruillabarcelona.cat\/es\/artists\/love-of-lesbian\/\" target=\"_blank\" rel=\"noopener noreferrer\">Love of Lesbian<\/a>, \u00a1entre otros!<\/p>\n<hr \/>\n<p style=\"text-align: center;\"><em>Compra aqu\u00ed tu entrada del s\u00e1bado o, si quieres vivir la experiencia completa, consigue tu abono del festival.<\/em><\/p>\n<p style=\"text-align: center;\"><a class=\"efsbutton button \" target=\"_blank\">ENTRADAS<\/a><\/p>\n<hr \/>\n<p style=\"text-align: justify;\">Michael Kiwanuka interpretar\u00e1 su \u00faltimo \u00e1lbum, <strong><em>Love&amp;Hate<\/em><\/strong>, y tambi\u00e9n canciones del resto de su trayectoria.<\/p>\n<p style=\"text-align: justify;\">Un m\u00fasico que ha teloneado a Adele y actualmente est\u00e1 de gira con Mumford&amp;Sons. Un m\u00fasico profesional que ejecuta todo lo que hace de manera impecable. Un <strong>chico normal<\/strong> que nos <strong>transmite todas las emociones que vierte en su m\u00fasica<\/strong>. Kiwanuka lo har\u00e1 todo en un escenario memorable: el Cru\u00eflla 2019.<\/p>\n<!-- auto-added video if acf\/single-artist-video not used  --> <iframe style=\"width: 100%;max-width: 100%;height: auto;aspect-ratio: 16 \/ 9;\" src=\"https:\/\/www.youtube-nocookie.com\/embed\/-TYlcVNI2AM\" frameborder=\"0\" allow=\"accelerometer; autoplay; encrypted-media; gyroscope; picture-in-picture\" allowfullscreen><\/iframe>","protected":false},"featured_media":21003,"template":"","meta":{"_acf_changed":false},"artists_edition":[729],"class_list":["post-20971","artists","type-artists","status-publish","has-post-thumbnail","hentry","artists_location-time-out","artists_edition-729"],"acf":{"_thumbnail_id":21003,"youtube_player":"-TYlcVNI2AM","artist_edition":[729],"artist_date":"20190706","artist_time":"21:30:00","artist_time_2":"","artist_location":[17],"artist_ticket_url":"https:\/\/cruilla.seetickets.com\/event\/entrada-dissabte\/parc-del-forum-barcelona\/1278180?lang=es-ES","artist_ticket_status":"","artist_extra_date__show":false,"artist_extra_date_2":null,"artist_time_of_date2":"","artist_extra_date_3":null,"artist_time_of_date3":"","artist_extra_date_4":null,"artist_time_of_date4":"","artist_extra_date_5":null,"artist_time_of_date5":"","artist_date__show_month":false,"artist_sidebar_active":false,"show_in_agenda":false,"artist_sidebar__banner_img":null,"artist_sidebar__banner_link":"","artist_hero_content":"<p style=\"text-align: center;\">S\u00e1bado 6 de julio en el Festival Cru\u00eflla<\/p>","artist_style":false,"artist_nationality":false,"artist_audience_age":false},"yoast_head":"<!-- This site is optimized with the Yoast SEO plugin v27.5 - https:\/\/yoast.com\/product\/yoast-seo-wordpress\/ -->\n<title>Michael Kiwanuka en concierto. S\u00e1bado 6 de julio. Festival Cru\u00eflla 2019<\/title>\n<meta name=\"description\" content=\"Consigue tus entradas para el concierto de Michael Kiwanuka en el Festival Cru\u00eflla el pr\u00f3ximo verano. S\u00e1bado 6 de julio de 2019, Parc del F\u00f2rum, Barcelona.\" \/>\n<meta name=\"robots\" content=\"index, follow, max-snippet:-1, max-image-preview:large, max-video-preview:-1\" \/>\n<link rel=\"canonical\" href=\"https:\/\/www.cruillabarcelona.cat\/es\/artists\/michael-kiwanuka\/\" \/>\n<meta property=\"og:locale\" content=\"es_ES\" \/>\n<meta property=\"og:type\" content=\"article\" \/>\n<meta property=\"og:title\" content=\"Michael Kiwanuka en concierto. S\u00e1bado 6 de julio. Festival Cru\u00eflla 2019\" \/>\n<meta property=\"og:description\" content=\"Consigue tus entradas para el concierto de Michael Kiwanuka en el Festival Cru\u00eflla el pr\u00f3ximo verano. S\u00e1bado 6 de julio de 2019, Parc del F\u00f2rum, Barcelona.\" \/>\n<meta property=\"og:url\" content=\"https:\/\/www.cruillabarcelona.cat\/es\/artists\/michael-kiwanuka\/\" \/>\n<meta property=\"og:site_name\" content=\"Festival Cru\u00eflla\" \/>\n<meta property=\"article:modified_time\" content=\"2019-05-14T08:23:43+00:00\" \/>\n<meta property=\"og:image\" content=\"https:\/\/www.cruillabarcelona.cat\/wp-content\/uploads\/2019\/01\/20_MichealKiwanuka_Neta.jpg\" \/>\n\t<meta property=\"og:image:width\" content=\"1200\" \/>\n\t<meta property=\"og:image:height\" content=\"1200\" \/>\n\t<meta property=\"og:image:type\" content=\"image\/jpeg\" \/>\n<meta name=\"twitter:card\" content=\"summary_large_image\" \/>\n<meta name=\"twitter:label1\" content=\"Tiempo de lectura\" \/>\n\t<meta name=\"twitter:data1\" content=\"1 minuto\" \/>\n<script type=\"application\/ld+json\" class=\"yoast-schema-graph\">{\"@context\":\"https:\\\/\\\/schema.org\",\"@graph\":[{\"@type\":\"WebPage\",\"@id\":\"https:\\\/\\\/www.cruillabarcelona.cat\\\/es\\\/artists\\\/michael-kiwanuka\\\/\",\"url\":\"https:\\\/\\\/www.cruillabarcelona.cat\\\/es\\\/artists\\\/michael-kiwanuka\\\/\",\"name\":\"Michael Kiwanuka en concierto. S\u00e1bado 6 de julio. Festival Cru\u00eflla 2019\",\"isPartOf\":{\"@id\":\"https:\\\/\\\/www.cruillabarcelona.cat\\\/es\\\/#website\"},\"primaryImageOfPage\":{\"@id\":\"https:\\\/\\\/www.cruillabarcelona.cat\\\/es\\\/artists\\\/michael-kiwanuka\\\/#primaryimage\"},\"image\":{\"@id\":\"https:\\\/\\\/www.cruillabarcelona.cat\\\/es\\\/artists\\\/michael-kiwanuka\\\/#primaryimage\"},\"thumbnailUrl\":\"https:\\\/\\\/www.cruillabarcelona.cat\\\/wp-content\\\/uploads\\\/2019\\\/01\\\/20_MichealKiwanuka_Neta.jpg\",\"datePublished\":\"2019-01-31T11:02:47+00:00\",\"dateModified\":\"2019-05-14T08:23:43+00:00\",\"description\":\"Consigue tus entradas para el concierto de Michael Kiwanuka en el Festival Cru\u00eflla el pr\u00f3ximo verano. S\u00e1bado 6 de julio de 2019, Parc del F\u00f2rum, Barcelona.\",\"breadcrumb\":{\"@id\":\"https:\\\/\\\/www.cruillabarcelona.cat\\\/es\\\/artists\\\/michael-kiwanuka\\\/#breadcrumb\"},\"inLanguage\":\"es\",\"potentialAction\":[{\"@type\":\"ReadAction\",\"target\":[\"https:\\\/\\\/www.cruillabarcelona.cat\\\/es\\\/artists\\\/michael-kiwanuka\\\/\"]}]},{\"@type\":\"ImageObject\",\"inLanguage\":\"es\",\"@id\":\"https:\\\/\\\/www.cruillabarcelona.cat\\\/es\\\/artists\\\/michael-kiwanuka\\\/#primaryimage\",\"url\":\"https:\\\/\\\/www.cruillabarcelona.cat\\\/wp-content\\\/uploads\\\/2019\\\/01\\\/20_MichealKiwanuka_Neta.jpg\",\"contentUrl\":\"https:\\\/\\\/www.cruillabarcelona.cat\\\/wp-content\\\/uploads\\\/2019\\\/01\\\/20_MichealKiwanuka_Neta.jpg\",\"width\":1200,\"height\":1200,\"caption\":\"Michael Kiwanuka\"},{\"@type\":\"BreadcrumbList\",\"@id\":\"https:\\\/\\\/www.cruillabarcelona.cat\\\/es\\\/artists\\\/michael-kiwanuka\\\/#breadcrumb\",\"itemListElement\":[{\"@type\":\"ListItem\",\"position\":1,\"name\":\"Home\",\"item\":\"https:\\\/\\\/www.cruillabarcelona.cat\\\/es\\\/\"},{\"@type\":\"ListItem\",\"position\":2,\"name\":\"Michael Kiwanuka\"}]},{\"@type\":\"WebSite\",\"@id\":\"https:\\\/\\\/www.cruillabarcelona.cat\\\/es\\\/#website\",\"url\":\"https:\\\/\\\/www.cruillabarcelona.cat\\\/es\\\/\",\"name\":\"Festival Cru\u00eflla\",\"description\":\"\",\"publisher\":{\"@id\":\"https:\\\/\\\/www.cruillabarcelona.cat\\\/es\\\/#organization\"},\"potentialAction\":[{\"@type\":\"SearchAction\",\"target\":{\"@type\":\"EntryPoint\",\"urlTemplate\":\"https:\\\/\\\/www.cruillabarcelona.cat\\\/es\\\/?s={search_term_string}\"},\"query-input\":{\"@type\":\"PropertyValueSpecification\",\"valueRequired\":true,\"valueName\":\"search_term_string\"}}],\"inLanguage\":\"es\"},{\"@type\":\"Organization\",\"@id\":\"https:\\\/\\\/www.cruillabarcelona.cat\\\/es\\\/#organization\",\"name\":\"Festival Cru\u00eflla\",\"url\":\"https:\\\/\\\/www.cruillabarcelona.cat\\\/es\\\/\",\"logo\":{\"@type\":\"ImageObject\",\"inLanguage\":\"es\",\"@id\":\"https:\\\/\\\/www.cruillabarcelona.cat\\\/es\\\/#\\\/schema\\\/logo\\\/image\\\/\",\"url\":\"https:\\\/\\\/www.cruillabarcelona.cat\\\/wp-content\\\/uploads\\\/2025\\\/12\\\/cruill-logo-negativo.png\",\"contentUrl\":\"https:\\\/\\\/www.cruillabarcelona.cat\\\/wp-content\\\/uploads\\\/2025\\\/12\\\/cruill-logo-negativo.png\",\"width\":400,\"height\":101,\"caption\":\"Festival Cru\u00eflla\"},\"image\":{\"@id\":\"https:\\\/\\\/www.cruillabarcelona.cat\\\/es\\\/#\\\/schema\\\/logo\\\/image\\\/\"}}]}<\/script>\n<!-- \/ Yoast SEO plugin. -->","yoast_head_json":{"title":"Michael Kiwanuka en concierto. S\u00e1bado 6 de julio. Festival Cru\u00eflla 2019","description":"Consigue tus entradas para el concierto de Michael Kiwanuka en el Festival Cru\u00eflla el pr\u00f3ximo verano. S\u00e1bado 6 de julio de 2019, Parc del F\u00f2rum, Barcelona.","robots":{"index":"index","follow":"follow","max-snippet":"max-snippet:-1","max-image-preview":"max-image-preview:large","max-video-preview":"max-video-preview:-1"},"canonical":"https:\/\/www.cruillabarcelona.cat\/es\/artists\/michael-kiwanuka\/","og_locale":"es_ES","og_type":"article","og_title":"Michael Kiwanuka en concierto. S\u00e1bado 6 de julio. Festival Cru\u00eflla 2019","og_description":"Consigue tus entradas para el concierto de Michael Kiwanuka en el Festival Cru\u00eflla el pr\u00f3ximo verano. S\u00e1bado 6 de julio de 2019, Parc del F\u00f2rum, Barcelona.","og_url":"https:\/\/www.cruillabarcelona.cat\/es\/artists\/michael-kiwanuka\/","og_site_name":"Festival Cru\u00eflla","article_modified_time":"2019-05-14T08:23:43+00:00","og_image":[{"width":1200,"height":1200,"url":"https:\/\/www.cruillabarcelona.cat\/wp-content\/uploads\/2019\/01\/20_MichealKiwanuka_Neta.jpg","type":"image\/jpeg"}],"twitter_card":"summary_large_image","twitter_misc":{"Tiempo de lectura":"1 minuto"},"schema":{"@context":"https:\/\/schema.org","@graph":[{"@type":"WebPage","@id":"https:\/\/www.cruillabarcelona.cat\/es\/artists\/michael-kiwanuka\/","url":"https:\/\/www.cruillabarcelona.cat\/es\/artists\/michael-kiwanuka\/","name":"Michael Kiwanuka en concierto. S\u00e1bado 6 de julio. Festival Cru\u00eflla 2019","isPartOf":{"@id":"https:\/\/www.cruillabarcelona.cat\/es\/#website"},"primaryImageOfPage":{"@id":"https:\/\/www.cruillabarcelona.cat\/es\/artists\/michael-kiwanuka\/#primaryimage"},"image":{"@id":"https:\/\/www.cruillabarcelona.cat\/es\/artists\/michael-kiwanuka\/#primaryimage"},"thumbnailUrl":"https:\/\/www.cruillabarcelona.cat\/wp-content\/uploads\/2019\/01\/20_MichealKiwanuka_Neta.jpg","datePublished":"2019-01-31T11:02:47+00:00","dateModified":"2019-05-14T08:23:43+00:00","description":"Consigue tus entradas para el concierto de Michael Kiwanuka en el Festival Cru\u00eflla el pr\u00f3ximo verano. S\u00e1bado 6 de julio de 2019, Parc del F\u00f2rum, Barcelona.","breadcrumb":{"@id":"https:\/\/www.cruillabarcelona.cat\/es\/artists\/michael-kiwanuka\/#breadcrumb"},"inLanguage":"es","potentialAction":[{"@type":"ReadAction","target":["https:\/\/www.cruillabarcelona.cat\/es\/artists\/michael-kiwanuka\/"]}]},{"@type":"ImageObject","inLanguage":"es","@id":"https:\/\/www.cruillabarcelona.cat\/es\/artists\/michael-kiwanuka\/#primaryimage","url":"https:\/\/www.cruillabarcelona.cat\/wp-content\/uploads\/2019\/01\/20_MichealKiwanuka_Neta.jpg","contentUrl":"https:\/\/www.cruillabarcelona.cat\/wp-content\/uploads\/2019\/01\/20_MichealKiwanuka_Neta.jpg","width":1200,"height":1200,"caption":"Michael Kiwanuka"},{"@type":"BreadcrumbList","@id":"https:\/\/www.cruillabarcelona.cat\/es\/artists\/michael-kiwanuka\/#breadcrumb","itemListElement":[{"@type":"ListItem","position":1,"name":"Home","item":"https:\/\/www.cruillabarcelona.cat\/es\/"},{"@type":"ListItem","position":2,"name":"Michael Kiwanuka"}]},{"@type":"WebSite","@id":"https:\/\/www.cruillabarcelona.cat\/es\/#website","url":"https:\/\/www.cruillabarcelona.cat\/es\/","name":"Festival Cru\u00eflla","description":"","publisher":{"@id":"https:\/\/www.cruillabarcelona.cat\/es\/#organization"},"potentialAction":[{"@type":"SearchAction","target":{"@type":"EntryPoint","urlTemplate":"https:\/\/www.cruillabarcelona.cat\/es\/?s={search_term_string}"},"query-input":{"@type":"PropertyValueSpecification","valueRequired":true,"valueName":"search_term_string"}}],"inLanguage":"es"},{"@type":"Organization","@id":"https:\/\/www.cruillabarcelona.cat\/es\/#organization","name":"Festival Cru\u00eflla","url":"https:\/\/www.cruillabarcelona.cat\/es\/","logo":{"@type":"ImageObject","inLanguage":"es","@id":"https:\/\/www.cruillabarcelona.cat\/es\/#\/schema\/logo\/image\/","url":"https:\/\/www.cruillabarcelona.cat\/wp-content\/uploads\/2025\/12\/cruill-logo-negativo.png","contentUrl":"https:\/\/www.cruillabarcelona.cat\/wp-content\/uploads\/2025\/12\/cruill-logo-negativo.png","width":400,"height":101,"caption":"Festival Cru\u00eflla"},"image":{"@id":"https:\/\/www.cruillabarcelona.cat\/es\/#\/schema\/logo\/image\/"}}]}},"_links":{"self":[{"href":"https:\/\/www.cruillabarcelona.cat\/es\/wp-json\/wp\/v2\/artists\/20971","targetHints":{"allow":["GET"]}}],"collection":[{"href":"https:\/\/www.cruillabarcelona.cat\/es\/wp-json\/wp\/v2\/artists"}],"about":[{"href":"https:\/\/www.cruillabarcelona.cat\/es\/wp-json\/wp\/v2\/types\/artists"}],"acf:term":[{"embeddable":true,"taxonomy":"artists_location","href":"https:\/\/www.cruillabarcelona.cat\/es\/wp-json\/wp\/v2\/artists_location\/17"},{"embeddable":true,"taxonomy":"artists_edition","href":"https:\/\/www.cruillabarcelona.cat\/es\/wp-json\/wp\/v2\/artists_edition\/729"}],"wp:featuredmedia":[{"embeddable":true,"href":"https:\/\/www.cruillabarcelona.cat\/es\/wp-json\/wp\/v2\/media\/21003"}],"wp:attachment":[{"href":"https:\/\/www.cruillabarcelona.cat\/es\/wp-json\/wp\/v2\/media?parent=20971"}],"wp:term":[{"taxonomy":"artists_edition","embeddable":true,"href":"https:\/\/www.cruillabarcelona.cat\/es\/wp-json\/wp\/v2\/artists_edition?post=20971"}],"curies":[{"name":"wp","href":"https:\/\/api.w.org\/{rel}","templated":true}]}}