{"id":21020,"date":"2019-01-29T17:22:21","date_gmt":"2019-01-29T15:22:21","guid":{"rendered":"https:\/\/www.cruillabarcelona.cat\/?post_type=artists&#038;p=21020"},"modified":"2019-05-13T13:53:23","modified_gmt":"2019-05-13T11:53:23","slug":"berri-txarrak","status":"publish","type":"artists","link":"https:\/\/www.cruillabarcelona.cat\/es\/artists\/berri-txarrak\/","title":{"rendered":"Berri Txarrak"},"content":{"rendered":"<h2>El punk rock como nunca lo has visto<\/h2>\n<p style=\"text-align: justify;\">En el d\u00e9cimo aniversario del Cru\u00eflla, <strong>Berri Txarrak<\/strong> vienen dispuestos a demostrar por qu\u00e9 son <strong>una de las mejores bandas independientes<\/strong> de las \u00faltimas d\u00e9cadas en Euskal Herria y Europa.<\/p>\n<p style=\"text-align: justify;\">El concierto de los navarros ser\u00e1 inolvidable porque la banda ha decidido parar indefinidamente, despu\u00e9s de <strong>25 a\u00f1os de inagotable y provechosa carrera<\/strong> en el mundo del rock. Un momento del Cru\u00eflla 2019 para vivirlo intensamente, tambi\u00e9n para los que todav\u00eda no han experimentado en directo <strong>la efectividad de su sonido.<\/strong><\/p>\n<p style=\"text-align: justify;\">Con tu entrada para el <strong>viernes<\/strong> no s\u00f3lo disfrutar\u00e1s de la actuaci\u00f3n de Berri Txarrak, sino que tambi\u00e9n podr\u00e1s asistir a los conciertos de artistas como <a href=\"https:\/\/www.cruillabarcelona.cat\/es\/artists\/garbage\/\" target=\"_blank\" rel=\"noopener noreferrer\">Garbage<\/a>, <a href=\"https:\/\/www.cruillabarcelona.cat\/es\/artists\/foals\/\" target=\"_blank\" rel=\"noopener noreferrer\">Foals<\/a>, <a href=\"https:\/\/www.cruillabarcelona.cat\/es\/artists\/gang-of-youths\/\" target=\"_blank\" rel=\"noopener noreferrer\">Gang of Youths<\/a>, <a href=\"https:\/\/www.cruillabarcelona.cat\/es\/artists\/vetusta-morla\/\" target=\"_blank\" rel=\"noopener noreferrer\">Vetusta Morla<\/a> o <a href=\"https:\/\/www.cruillabarcelona.cat\/es\/artists\/bastille\/\" target=\"_blank\" rel=\"noopener noreferrer\">Bastille<\/a>.<\/p>\n<hr \/>\n<p style=\"text-align: center;\"><em>Compra aqu\u00ed tu entrada del viernes o, si quieres vivir la experiencia completa, consigue tu abono del festival.<\/em><\/p>\n<p style=\"text-align: center;\"><a class=\"efsbutton button \" target=\"_blank\">ENTRADAS<\/a><\/p>\n<hr \/>\n<p style=\"text-align: justify;\">La banda de <strong>Lekunberri<\/strong> inicia su \u00faltima gira, Ikusi Arte Tour, que pondr\u00e1 punto y final a una trayectoria impecable de 25 a\u00f1os. Siempre desde discogr\u00e1ficas independientes y su propio sello, Berri Txarrak deja para la historia <strong>nueve LP&#8217;s<\/strong> de estudio, <strong>m\u00e1s de cien canciones<\/strong> cantadas en euskera y <strong>m\u00e1s de mil conciertos<\/strong> en todo el mundo.<\/p>\n<p style=\"text-align: justify;\">Desde 1994, Berri Txarrak ha sido la vida de Gorka Urbizu, David Gonz\u00e1lez y Galder Izaguirre. Para ellos, <strong>el rock es una actitud<\/strong> y un muro de contenci\u00f3n para evitar ser <strong>devorados por el sistema<\/strong>.<\/p>\n<p style=\"text-align: justify;\">Aunque no se encasillan en ning\u00fan g\u00e9nero, Berri Txarrak se ha hecho un nombre en la <strong>escena punk rock de la costa oeste de EE.UU.<\/strong>, tocando con grupos como Decendents.<\/p>\n<p style=\"text-align: justify;\">El tr\u00edo, que destaca <strong>el pop y otras influencias<\/strong> en su m\u00fasica, version\u00f3 a MGMT en el Cru\u00eflla de 2014. \u00bfLo viviste? Ahora tienes una <strong>nueva oportunidad<\/strong>, la definitiva, para empaparse de <strong>la fuerza de su m\u00fasica<\/strong> en directo en el Cru\u00eflla 2019.<\/p>\n<!-- auto-added video if acf\/single-artist-video not used  --> <iframe style=\"width: 100%;max-width: 100%;height: auto;aspect-ratio: 16 \/ 9;\" src=\"https:\/\/www.youtube-nocookie.com\/embed\/cXWjWzeNtO8\" frameborder=\"0\" allow=\"accelerometer; autoplay; encrypted-media; gyroscope; picture-in-picture\" allowfullscreen><\/iframe>","protected":false},"featured_media":21027,"template":"","meta":{"_acf_changed":false},"artists_edition":[729],"class_list":["post-21020","artists","type-artists","status-publish","has-post-thumbnail","hentry","artists_location-radio-3","artists_edition-729"],"acf":{"_thumbnail_id":21027,"youtube_player":"cXWjWzeNtO8","artist_edition":[729],"artist_date":"20190705","artist_time":"20:00:00","artist_time_2":"","artist_location":[591],"artist_ticket_url":"https:\/\/cruilla.seetickets.com\/event\/entrada-divendres\/parc-del-forum-barcelona\/1278175?lang=es-ES","artist_ticket_status":"","artist_extra_date__show":false,"artist_extra_date_2":null,"artist_time_of_date2":"","artist_extra_date_3":null,"artist_time_of_date3":"","artist_extra_date_4":null,"artist_time_of_date4":"","artist_extra_date_5":null,"artist_time_of_date5":"","artist_date__show_month":false,"artist_sidebar_active":false,"show_in_agenda":false,"artist_sidebar__banner_img":null,"artist_sidebar__banner_link":"","artist_hero_content":"<p style=\"text-align: center;\">Viernes 5 de julio en el Festival Cru\u00eflla<\/p>","artist_style":false,"artist_nationality":false,"artist_audience_age":false},"yoast_head":"<!-- This site is optimized with the Yoast SEO plugin v27.5 - https:\/\/yoast.com\/product\/yoast-seo-wordpress\/ -->\n<title>Berri Txarrak en concierto. Festival Cru\u00eflla 2019. 5 de julio, Parc del F\u00f2rum<\/title>\n<meta name=\"description\" content=\"Consigue tus entradas para el concierto que Berri Txarrak ofrecer\u00e1 en el Festival Cru\u00eflla. Viernes 5 de julio en el Parc del F\u00f2rum de Barcelona.\" \/>\n<meta name=\"robots\" content=\"index, follow, max-snippet:-1, max-image-preview:large, max-video-preview:-1\" \/>\n<link rel=\"canonical\" href=\"https:\/\/www.cruillabarcelona.cat\/es\/artists\/berri-txarrak\/\" \/>\n<meta property=\"og:locale\" content=\"es_ES\" \/>\n<meta property=\"og:type\" content=\"article\" \/>\n<meta property=\"og:title\" content=\"Berri Txarrak en concierto. Festival Cru\u00eflla 2019. 5 de julio, Parc del F\u00f2rum\" \/>\n<meta property=\"og:description\" content=\"Consigue tus entradas para el concierto que Berri Txarrak ofrecer\u00e1 en el Festival Cru\u00eflla. Viernes 5 de julio en el Parc del F\u00f2rum de Barcelona.\" \/>\n<meta property=\"og:url\" content=\"https:\/\/www.cruillabarcelona.cat\/es\/artists\/berri-txarrak\/\" \/>\n<meta property=\"og:site_name\" content=\"Festival Cru\u00eflla\" \/>\n<meta property=\"article:modified_time\" content=\"2019-05-13T11:53:23+00:00\" \/>\n<meta property=\"og:image\" content=\"https:\/\/www.cruillabarcelona.cat\/wp-content\/uploads\/2019\/01\/22_BerriTxarrak.jpg\" \/>\n\t<meta property=\"og:image:width\" content=\"1200\" \/>\n\t<meta property=\"og:image:height\" content=\"1200\" \/>\n\t<meta property=\"og:image:type\" content=\"image\/jpeg\" \/>\n<meta name=\"twitter:card\" content=\"summary_large_image\" \/>\n<meta name=\"twitter:label1\" content=\"Tiempo de lectura\" \/>\n\t<meta name=\"twitter:data1\" content=\"2 minutos\" \/>\n<script type=\"application\/ld+json\" class=\"yoast-schema-graph\">{\"@context\":\"https:\\\/\\\/schema.org\",\"@graph\":[{\"@type\":\"WebPage\",\"@id\":\"https:\\\/\\\/www.cruillabarcelona.cat\\\/es\\\/artists\\\/berri-txarrak\\\/\",\"url\":\"https:\\\/\\\/www.cruillabarcelona.cat\\\/es\\\/artists\\\/berri-txarrak\\\/\",\"name\":\"Berri Txarrak en concierto. Festival Cru\u00eflla 2019. 5 de julio, Parc del F\u00f2rum\",\"isPartOf\":{\"@id\":\"https:\\\/\\\/www.cruillabarcelona.cat\\\/es\\\/#website\"},\"primaryImageOfPage\":{\"@id\":\"https:\\\/\\\/www.cruillabarcelona.cat\\\/es\\\/artists\\\/berri-txarrak\\\/#primaryimage\"},\"image\":{\"@id\":\"https:\\\/\\\/www.cruillabarcelona.cat\\\/es\\\/artists\\\/berri-txarrak\\\/#primaryimage\"},\"thumbnailUrl\":\"https:\\\/\\\/www.cruillabarcelona.cat\\\/wp-content\\\/uploads\\\/2019\\\/01\\\/22_BerriTxarrak.jpg\",\"datePublished\":\"2019-01-29T15:22:21+00:00\",\"dateModified\":\"2019-05-13T11:53:23+00:00\",\"description\":\"Consigue tus entradas para el concierto que Berri Txarrak ofrecer\u00e1 en el Festival Cru\u00eflla. Viernes 5 de julio en el Parc del F\u00f2rum de Barcelona.\",\"breadcrumb\":{\"@id\":\"https:\\\/\\\/www.cruillabarcelona.cat\\\/es\\\/artists\\\/berri-txarrak\\\/#breadcrumb\"},\"inLanguage\":\"es\",\"potentialAction\":[{\"@type\":\"ReadAction\",\"target\":[\"https:\\\/\\\/www.cruillabarcelona.cat\\\/es\\\/artists\\\/berri-txarrak\\\/\"]}]},{\"@type\":\"ImageObject\",\"inLanguage\":\"es\",\"@id\":\"https:\\\/\\\/www.cruillabarcelona.cat\\\/es\\\/artists\\\/berri-txarrak\\\/#primaryimage\",\"url\":\"https:\\\/\\\/www.cruillabarcelona.cat\\\/wp-content\\\/uploads\\\/2019\\\/01\\\/22_BerriTxarrak.jpg\",\"contentUrl\":\"https:\\\/\\\/www.cruillabarcelona.cat\\\/wp-content\\\/uploads\\\/2019\\\/01\\\/22_BerriTxarrak.jpg\",\"width\":1200,\"height\":1200,\"caption\":\"Berri Txarrak\"},{\"@type\":\"BreadcrumbList\",\"@id\":\"https:\\\/\\\/www.cruillabarcelona.cat\\\/es\\\/artists\\\/berri-txarrak\\\/#breadcrumb\",\"itemListElement\":[{\"@type\":\"ListItem\",\"position\":1,\"name\":\"Home\",\"item\":\"https:\\\/\\\/www.cruillabarcelona.cat\\\/es\\\/\"},{\"@type\":\"ListItem\",\"position\":2,\"name\":\"Berri Txarrak\"}]},{\"@type\":\"WebSite\",\"@id\":\"https:\\\/\\\/www.cruillabarcelona.cat\\\/es\\\/#website\",\"url\":\"https:\\\/\\\/www.cruillabarcelona.cat\\\/es\\\/\",\"name\":\"Festival Cru\u00eflla\",\"description\":\"\",\"publisher\":{\"@id\":\"https:\\\/\\\/www.cruillabarcelona.cat\\\/es\\\/#organization\"},\"potentialAction\":[{\"@type\":\"SearchAction\",\"target\":{\"@type\":\"EntryPoint\",\"urlTemplate\":\"https:\\\/\\\/www.cruillabarcelona.cat\\\/es\\\/?s={search_term_string}\"},\"query-input\":{\"@type\":\"PropertyValueSpecification\",\"valueRequired\":true,\"valueName\":\"search_term_string\"}}],\"inLanguage\":\"es\"},{\"@type\":\"Organization\",\"@id\":\"https:\\\/\\\/www.cruillabarcelona.cat\\\/es\\\/#organization\",\"name\":\"Festival Cru\u00eflla\",\"url\":\"https:\\\/\\\/www.cruillabarcelona.cat\\\/es\\\/\",\"logo\":{\"@type\":\"ImageObject\",\"inLanguage\":\"es\",\"@id\":\"https:\\\/\\\/www.cruillabarcelona.cat\\\/es\\\/#\\\/schema\\\/logo\\\/image\\\/\",\"url\":\"https:\\\/\\\/www.cruillabarcelona.cat\\\/wp-content\\\/uploads\\\/2025\\\/12\\\/cruill-logo-negativo.png\",\"contentUrl\":\"https:\\\/\\\/www.cruillabarcelona.cat\\\/wp-content\\\/uploads\\\/2025\\\/12\\\/cruill-logo-negativo.png\",\"width\":400,\"height\":101,\"caption\":\"Festival Cru\u00eflla\"},\"image\":{\"@id\":\"https:\\\/\\\/www.cruillabarcelona.cat\\\/es\\\/#\\\/schema\\\/logo\\\/image\\\/\"}}]}<\/script>\n<!-- \/ Yoast SEO plugin. -->","yoast_head_json":{"title":"Berri Txarrak en concierto. Festival Cru\u00eflla 2019. 5 de julio, Parc del F\u00f2rum","description":"Consigue tus entradas para el concierto que Berri Txarrak ofrecer\u00e1 en el Festival Cru\u00eflla. Viernes 5 de julio en el Parc del F\u00f2rum de Barcelona.","robots":{"index":"index","follow":"follow","max-snippet":"max-snippet:-1","max-image-preview":"max-image-preview:large","max-video-preview":"max-video-preview:-1"},"canonical":"https:\/\/www.cruillabarcelona.cat\/es\/artists\/berri-txarrak\/","og_locale":"es_ES","og_type":"article","og_title":"Berri Txarrak en concierto. Festival Cru\u00eflla 2019. 5 de julio, Parc del F\u00f2rum","og_description":"Consigue tus entradas para el concierto que Berri Txarrak ofrecer\u00e1 en el Festival Cru\u00eflla. Viernes 5 de julio en el Parc del F\u00f2rum de Barcelona.","og_url":"https:\/\/www.cruillabarcelona.cat\/es\/artists\/berri-txarrak\/","og_site_name":"Festival Cru\u00eflla","article_modified_time":"2019-05-13T11:53:23+00:00","og_image":[{"width":1200,"height":1200,"url":"https:\/\/www.cruillabarcelona.cat\/wp-content\/uploads\/2019\/01\/22_BerriTxarrak.jpg","type":"image\/jpeg"}],"twitter_card":"summary_large_image","twitter_misc":{"Tiempo de lectura":"2 minutos"},"schema":{"@context":"https:\/\/schema.org","@graph":[{"@type":"WebPage","@id":"https:\/\/www.cruillabarcelona.cat\/es\/artists\/berri-txarrak\/","url":"https:\/\/www.cruillabarcelona.cat\/es\/artists\/berri-txarrak\/","name":"Berri Txarrak en concierto. Festival Cru\u00eflla 2019. 5 de julio, Parc del F\u00f2rum","isPartOf":{"@id":"https:\/\/www.cruillabarcelona.cat\/es\/#website"},"primaryImageOfPage":{"@id":"https:\/\/www.cruillabarcelona.cat\/es\/artists\/berri-txarrak\/#primaryimage"},"image":{"@id":"https:\/\/www.cruillabarcelona.cat\/es\/artists\/berri-txarrak\/#primaryimage"},"thumbnailUrl":"https:\/\/www.cruillabarcelona.cat\/wp-content\/uploads\/2019\/01\/22_BerriTxarrak.jpg","datePublished":"2019-01-29T15:22:21+00:00","dateModified":"2019-05-13T11:53:23+00:00","description":"Consigue tus entradas para el concierto que Berri Txarrak ofrecer\u00e1 en el Festival Cru\u00eflla. Viernes 5 de julio en el Parc del F\u00f2rum de Barcelona.","breadcrumb":{"@id":"https:\/\/www.cruillabarcelona.cat\/es\/artists\/berri-txarrak\/#breadcrumb"},"inLanguage":"es","potentialAction":[{"@type":"ReadAction","target":["https:\/\/www.cruillabarcelona.cat\/es\/artists\/berri-txarrak\/"]}]},{"@type":"ImageObject","inLanguage":"es","@id":"https:\/\/www.cruillabarcelona.cat\/es\/artists\/berri-txarrak\/#primaryimage","url":"https:\/\/www.cruillabarcelona.cat\/wp-content\/uploads\/2019\/01\/22_BerriTxarrak.jpg","contentUrl":"https:\/\/www.cruillabarcelona.cat\/wp-content\/uploads\/2019\/01\/22_BerriTxarrak.jpg","width":1200,"height":1200,"caption":"Berri Txarrak"},{"@type":"BreadcrumbList","@id":"https:\/\/www.cruillabarcelona.cat\/es\/artists\/berri-txarrak\/#breadcrumb","itemListElement":[{"@type":"ListItem","position":1,"name":"Home","item":"https:\/\/www.cruillabarcelona.cat\/es\/"},{"@type":"ListItem","position":2,"name":"Berri Txarrak"}]},{"@type":"WebSite","@id":"https:\/\/www.cruillabarcelona.cat\/es\/#website","url":"https:\/\/www.cruillabarcelona.cat\/es\/","name":"Festival Cru\u00eflla","description":"","publisher":{"@id":"https:\/\/www.cruillabarcelona.cat\/es\/#organization"},"potentialAction":[{"@type":"SearchAction","target":{"@type":"EntryPoint","urlTemplate":"https:\/\/www.cruillabarcelona.cat\/es\/?s={search_term_string}"},"query-input":{"@type":"PropertyValueSpecification","valueRequired":true,"valueName":"search_term_string"}}],"inLanguage":"es"},{"@type":"Organization","@id":"https:\/\/www.cruillabarcelona.cat\/es\/#organization","name":"Festival Cru\u00eflla","url":"https:\/\/www.cruillabarcelona.cat\/es\/","logo":{"@type":"ImageObject","inLanguage":"es","@id":"https:\/\/www.cruillabarcelona.cat\/es\/#\/schema\/logo\/image\/","url":"https:\/\/www.cruillabarcelona.cat\/wp-content\/uploads\/2025\/12\/cruill-logo-negativo.png","contentUrl":"https:\/\/www.cruillabarcelona.cat\/wp-content\/uploads\/2025\/12\/cruill-logo-negativo.png","width":400,"height":101,"caption":"Festival Cru\u00eflla"},"image":{"@id":"https:\/\/www.cruillabarcelona.cat\/es\/#\/schema\/logo\/image\/"}}]}},"_links":{"self":[{"href":"https:\/\/www.cruillabarcelona.cat\/es\/wp-json\/wp\/v2\/artists\/21020","targetHints":{"allow":["GET"]}}],"collection":[{"href":"https:\/\/www.cruillabarcelona.cat\/es\/wp-json\/wp\/v2\/artists"}],"about":[{"href":"https:\/\/www.cruillabarcelona.cat\/es\/wp-json\/wp\/v2\/types\/artists"}],"acf:term":[{"embeddable":true,"taxonomy":"artists_location","href":"https:\/\/www.cruillabarcelona.cat\/es\/wp-json\/wp\/v2\/artists_location\/591"},{"embeddable":true,"taxonomy":"artists_edition","href":"https:\/\/www.cruillabarcelona.cat\/es\/wp-json\/wp\/v2\/artists_edition\/729"}],"wp:featuredmedia":[{"embeddable":true,"href":"https:\/\/www.cruillabarcelona.cat\/es\/wp-json\/wp\/v2\/media\/21027"}],"wp:attachment":[{"href":"https:\/\/www.cruillabarcelona.cat\/es\/wp-json\/wp\/v2\/media?parent=21020"}],"wp:term":[{"taxonomy":"artists_edition","embeddable":true,"href":"https:\/\/www.cruillabarcelona.cat\/es\/wp-json\/wp\/v2\/artists_edition?post=21020"}],"curies":[{"name":"wp","href":"https:\/\/api.w.org\/{rel}","templated":true}]}}