{"id":22073,"date":"2019-03-07T13:01:00","date_gmt":"2019-03-07T11:01:00","guid":{"rendered":"https:\/\/www.cruillabarcelona.cat\/?post_type=artists&#038;p=22073"},"modified":"2019-05-14T10:21:25","modified_gmt":"2019-05-14T08:21:25","slug":"jorge-drexler","status":"publish","type":"artists","link":"https:\/\/www.cruillabarcelona.cat\/es\/artists\/jorge-drexler\/","title":{"rendered":"Jorge Drexler"},"content":{"rendered":"<h2>Ritmos y poes\u00eda de un m\u00fasico oscarizado<\/h2>\n<p>El cantautor y m\u00e9dico uruguayo <strong>Jorge Drexler<\/strong> (1964) llega en plena forma al Festival Cru\u00eflla, con los <strong>tres Grammys Latinos<\/strong> que gan\u00f3 el pasado noviembre por <em>Salvavidas de Hielo<\/em>, su \u00faltimo LP, y por <em>Telefon\u00eda<\/em>, que se llev\u00f3 el premio a la mejor canci\u00f3n.<\/p>\n<p>Sus <strong>composiciones relajadas, po\u00e9ticas, intimistas<\/strong> y ricas en <strong>ritmos de diversas culturas<\/strong>, siempre han encajado como un guante en el mundo del cine. As\u00ed, Drexler ha recibido diversos Goyas y en 2005 gan\u00f3 el Oscar a la mejor canci\u00f3n por <strong><em>Al otro lado del R\u00edo.<\/em><\/strong><\/p>\n<p>Con tu entrada para el s\u00e1bado no solo disfrutar\u00e1s de la actuaci\u00f3n de Jorge Drexler, tambi\u00e9n podr\u00e1s asistir a las de\u00a0<a href=\"https:\/\/www.cruillabarcelona.cat\/es\/artists\/michael-kiwanuka\/\" target=\"_blank\" rel=\"noopener noreferrer\">Michael Kiwanuka<\/a>, <a href=\"https:\/\/www.cruillabarcelona.cat\/es\/artists\/kylie-minogue\/\" target=\"_blank\" rel=\"noopener noreferrer\">Kylie Minogue<\/a> o <a href=\"https:\/\/www.cruillabarcelona.cat\/es\/artists\/love-of-lesbian\/\" target=\"_blank\" rel=\"noopener noreferrer\">Love of Lesbian<\/a>\u00a0entre muchos otros.<\/p>\n<hr \/>\n<p style=\"text-align: center;\"><em>Compra aqu\u00ed tu entrada para el s\u00e1bado o, si quieres vivir la experiencia completa, consigue un abono para el festival.\u00a0\u00a0<\/em><\/p>\n<p style=\"text-align: center;\"><a class=\"efsbutton button \" target=\"_blank\">ENTRADAS<\/a><\/p>\n<hr \/>\n<p>Drexler, debut\u00f3 en 1992 y ya ha publicado <strong>catorce \u00e1lbumes<\/strong>, vendr\u00e1 al Cru\u00eflla con sus m\u00fasicos para ofrecer un <strong>directo exquisito<\/strong>, lleno de los temas que m\u00e1s nos gusta cantar.<\/p>\n","protected":false},"featured_media":22117,"template":"","meta":{"_acf_changed":false},"artists_edition":[729],"class_list":["post-22073","artists","type-artists","status-publish","has-post-thumbnail","hentry","artists_location-time-out","artists_edition-729"],"acf":{"_thumbnail_id":22117,"youtube_player":"","artist_edition":[729],"artist_date":"20190706","artist_time":"00:30:00","artist_time_2":"","artist_location":[17],"artist_ticket_url":"https:\/\/cruilla.seetickets.com\/event\/entrada-dissabte\/parc-del-forum-barcelona\/1278180?lang=es-ES","artist_ticket_status":"","artist_extra_date__show":false,"artist_extra_date_2":null,"artist_time_of_date2":"","artist_extra_date_3":null,"artist_time_of_date3":"","artist_extra_date_4":null,"artist_time_of_date4":"","artist_extra_date_5":null,"artist_time_of_date5":"","artist_date__show_month":false,"artist_sidebar_active":false,"show_in_agenda":false,"artist_sidebar__banner_img":null,"artist_sidebar__banner_link":"","artist_hero_content":"<p style=\"text-align: center;\">S\u00e1bado 6 de julio en el Festival Cru\u00eflla<\/p>","artist_style":false,"artist_nationality":false,"artist_audience_age":false},"yoast_head":"<!-- This site is optimized with the Yoast SEO plugin v27.5 - https:\/\/yoast.com\/product\/yoast-seo-wordpress\/ -->\n<title>Jorge Drexler en concierto el s\u00e1bado 6 de julio en el Festival Cru\u00eflla<\/title>\n<meta name=\"description\" content=\"Compra tus entradas para ver a Jorge Drexler en directo en el Festival Cru\u00eflla 2019 este verano en Barcelona. El pr\u00f3ximo s\u00e1bado 6 de julio en el F\u00f2rum.\" \/>\n<meta name=\"robots\" content=\"index, follow, max-snippet:-1, max-image-preview:large, max-video-preview:-1\" \/>\n<link rel=\"canonical\" href=\"https:\/\/www.cruillabarcelona.cat\/es\/artists\/jorge-drexler\/\" \/>\n<meta property=\"og:locale\" content=\"es_ES\" \/>\n<meta property=\"og:type\" content=\"article\" \/>\n<meta property=\"og:title\" content=\"Jorge Drexler en concierto el s\u00e1bado 6 de julio en el Festival Cru\u00eflla\" \/>\n<meta property=\"og:description\" content=\"Compra tus entradas para ver a Jorge Drexler en directo en el Festival Cru\u00eflla 2019 este verano en Barcelona. El pr\u00f3ximo s\u00e1bado 6 de julio en el F\u00f2rum.\" \/>\n<meta property=\"og:url\" content=\"https:\/\/www.cruillabarcelona.cat\/es\/artists\/jorge-drexler\/\" \/>\n<meta property=\"og:site_name\" content=\"Festival Cru\u00eflla\" \/>\n<meta property=\"article:modified_time\" content=\"2019-05-14T08:21:25+00:00\" \/>\n<meta property=\"og:image\" content=\"https:\/\/www.cruillabarcelona.cat\/wp-content\/uploads\/2019\/03\/29_Jorge_Drexler_Foto_Neta.jpg\" \/>\n\t<meta property=\"og:image:width\" content=\"1200\" \/>\n\t<meta property=\"og:image:height\" content=\"1200\" \/>\n\t<meta property=\"og:image:type\" content=\"image\/jpeg\" \/>\n<meta name=\"twitter:card\" content=\"summary_large_image\" \/>\n<meta name=\"twitter:label1\" content=\"Tiempo de lectura\" \/>\n\t<meta name=\"twitter:data1\" content=\"1 minuto\" \/>\n<script type=\"application\/ld+json\" class=\"yoast-schema-graph\">{\"@context\":\"https:\\\/\\\/schema.org\",\"@graph\":[{\"@type\":\"WebPage\",\"@id\":\"https:\\\/\\\/www.cruillabarcelona.cat\\\/es\\\/artists\\\/jorge-drexler\\\/\",\"url\":\"https:\\\/\\\/www.cruillabarcelona.cat\\\/es\\\/artists\\\/jorge-drexler\\\/\",\"name\":\"Jorge Drexler en concierto el s\u00e1bado 6 de julio en el Festival Cru\u00eflla\",\"isPartOf\":{\"@id\":\"https:\\\/\\\/www.cruillabarcelona.cat\\\/es\\\/#website\"},\"primaryImageOfPage\":{\"@id\":\"https:\\\/\\\/www.cruillabarcelona.cat\\\/es\\\/artists\\\/jorge-drexler\\\/#primaryimage\"},\"image\":{\"@id\":\"https:\\\/\\\/www.cruillabarcelona.cat\\\/es\\\/artists\\\/jorge-drexler\\\/#primaryimage\"},\"thumbnailUrl\":\"https:\\\/\\\/www.cruillabarcelona.cat\\\/wp-content\\\/uploads\\\/2019\\\/03\\\/29_Jorge_Drexler_Foto_Neta.jpg\",\"datePublished\":\"2019-03-07T11:01:00+00:00\",\"dateModified\":\"2019-05-14T08:21:25+00:00\",\"description\":\"Compra tus entradas para ver a Jorge Drexler en directo en el Festival Cru\u00eflla 2019 este verano en Barcelona. El pr\u00f3ximo s\u00e1bado 6 de julio en el F\u00f2rum.\",\"breadcrumb\":{\"@id\":\"https:\\\/\\\/www.cruillabarcelona.cat\\\/es\\\/artists\\\/jorge-drexler\\\/#breadcrumb\"},\"inLanguage\":\"es\",\"potentialAction\":[{\"@type\":\"ReadAction\",\"target\":[\"https:\\\/\\\/www.cruillabarcelona.cat\\\/es\\\/artists\\\/jorge-drexler\\\/\"]}]},{\"@type\":\"ImageObject\",\"inLanguage\":\"es\",\"@id\":\"https:\\\/\\\/www.cruillabarcelona.cat\\\/es\\\/artists\\\/jorge-drexler\\\/#primaryimage\",\"url\":\"https:\\\/\\\/www.cruillabarcelona.cat\\\/wp-content\\\/uploads\\\/2019\\\/03\\\/29_Jorge_Drexler_Foto_Neta.jpg\",\"contentUrl\":\"https:\\\/\\\/www.cruillabarcelona.cat\\\/wp-content\\\/uploads\\\/2019\\\/03\\\/29_Jorge_Drexler_Foto_Neta.jpg\",\"width\":1200,\"height\":1200,\"caption\":\"Jorge Drexler\"},{\"@type\":\"BreadcrumbList\",\"@id\":\"https:\\\/\\\/www.cruillabarcelona.cat\\\/es\\\/artists\\\/jorge-drexler\\\/#breadcrumb\",\"itemListElement\":[{\"@type\":\"ListItem\",\"position\":1,\"name\":\"Home\",\"item\":\"https:\\\/\\\/www.cruillabarcelona.cat\\\/es\\\/\"},{\"@type\":\"ListItem\",\"position\":2,\"name\":\"Jorge Drexler\"}]},{\"@type\":\"WebSite\",\"@id\":\"https:\\\/\\\/www.cruillabarcelona.cat\\\/es\\\/#website\",\"url\":\"https:\\\/\\\/www.cruillabarcelona.cat\\\/es\\\/\",\"name\":\"Festival Cru\u00eflla\",\"description\":\"\",\"publisher\":{\"@id\":\"https:\\\/\\\/www.cruillabarcelona.cat\\\/es\\\/#organization\"},\"potentialAction\":[{\"@type\":\"SearchAction\",\"target\":{\"@type\":\"EntryPoint\",\"urlTemplate\":\"https:\\\/\\\/www.cruillabarcelona.cat\\\/es\\\/?s={search_term_string}\"},\"query-input\":{\"@type\":\"PropertyValueSpecification\",\"valueRequired\":true,\"valueName\":\"search_term_string\"}}],\"inLanguage\":\"es\"},{\"@type\":\"Organization\",\"@id\":\"https:\\\/\\\/www.cruillabarcelona.cat\\\/es\\\/#organization\",\"name\":\"Festival Cru\u00eflla\",\"url\":\"https:\\\/\\\/www.cruillabarcelona.cat\\\/es\\\/\",\"logo\":{\"@type\":\"ImageObject\",\"inLanguage\":\"es\",\"@id\":\"https:\\\/\\\/www.cruillabarcelona.cat\\\/es\\\/#\\\/schema\\\/logo\\\/image\\\/\",\"url\":\"https:\\\/\\\/www.cruillabarcelona.cat\\\/wp-content\\\/uploads\\\/2025\\\/12\\\/cruill-logo-negativo.png\",\"contentUrl\":\"https:\\\/\\\/www.cruillabarcelona.cat\\\/wp-content\\\/uploads\\\/2025\\\/12\\\/cruill-logo-negativo.png\",\"width\":400,\"height\":101,\"caption\":\"Festival Cru\u00eflla\"},\"image\":{\"@id\":\"https:\\\/\\\/www.cruillabarcelona.cat\\\/es\\\/#\\\/schema\\\/logo\\\/image\\\/\"}}]}<\/script>\n<!-- \/ Yoast SEO plugin. -->","yoast_head_json":{"title":"Jorge Drexler en concierto el s\u00e1bado 6 de julio en el Festival Cru\u00eflla","description":"Compra tus entradas para ver a Jorge Drexler en directo en el Festival Cru\u00eflla 2019 este verano en Barcelona. El pr\u00f3ximo s\u00e1bado 6 de julio en el F\u00f2rum.","robots":{"index":"index","follow":"follow","max-snippet":"max-snippet:-1","max-image-preview":"max-image-preview:large","max-video-preview":"max-video-preview:-1"},"canonical":"https:\/\/www.cruillabarcelona.cat\/es\/artists\/jorge-drexler\/","og_locale":"es_ES","og_type":"article","og_title":"Jorge Drexler en concierto el s\u00e1bado 6 de julio en el Festival Cru\u00eflla","og_description":"Compra tus entradas para ver a Jorge Drexler en directo en el Festival Cru\u00eflla 2019 este verano en Barcelona. El pr\u00f3ximo s\u00e1bado 6 de julio en el F\u00f2rum.","og_url":"https:\/\/www.cruillabarcelona.cat\/es\/artists\/jorge-drexler\/","og_site_name":"Festival Cru\u00eflla","article_modified_time":"2019-05-14T08:21:25+00:00","og_image":[{"width":1200,"height":1200,"url":"https:\/\/www.cruillabarcelona.cat\/wp-content\/uploads\/2019\/03\/29_Jorge_Drexler_Foto_Neta.jpg","type":"image\/jpeg"}],"twitter_card":"summary_large_image","twitter_misc":{"Tiempo de lectura":"1 minuto"},"schema":{"@context":"https:\/\/schema.org","@graph":[{"@type":"WebPage","@id":"https:\/\/www.cruillabarcelona.cat\/es\/artists\/jorge-drexler\/","url":"https:\/\/www.cruillabarcelona.cat\/es\/artists\/jorge-drexler\/","name":"Jorge Drexler en concierto el s\u00e1bado 6 de julio en el Festival Cru\u00eflla","isPartOf":{"@id":"https:\/\/www.cruillabarcelona.cat\/es\/#website"},"primaryImageOfPage":{"@id":"https:\/\/www.cruillabarcelona.cat\/es\/artists\/jorge-drexler\/#primaryimage"},"image":{"@id":"https:\/\/www.cruillabarcelona.cat\/es\/artists\/jorge-drexler\/#primaryimage"},"thumbnailUrl":"https:\/\/www.cruillabarcelona.cat\/wp-content\/uploads\/2019\/03\/29_Jorge_Drexler_Foto_Neta.jpg","datePublished":"2019-03-07T11:01:00+00:00","dateModified":"2019-05-14T08:21:25+00:00","description":"Compra tus entradas para ver a Jorge Drexler en directo en el Festival Cru\u00eflla 2019 este verano en Barcelona. El pr\u00f3ximo s\u00e1bado 6 de julio en el F\u00f2rum.","breadcrumb":{"@id":"https:\/\/www.cruillabarcelona.cat\/es\/artists\/jorge-drexler\/#breadcrumb"},"inLanguage":"es","potentialAction":[{"@type":"ReadAction","target":["https:\/\/www.cruillabarcelona.cat\/es\/artists\/jorge-drexler\/"]}]},{"@type":"ImageObject","inLanguage":"es","@id":"https:\/\/www.cruillabarcelona.cat\/es\/artists\/jorge-drexler\/#primaryimage","url":"https:\/\/www.cruillabarcelona.cat\/wp-content\/uploads\/2019\/03\/29_Jorge_Drexler_Foto_Neta.jpg","contentUrl":"https:\/\/www.cruillabarcelona.cat\/wp-content\/uploads\/2019\/03\/29_Jorge_Drexler_Foto_Neta.jpg","width":1200,"height":1200,"caption":"Jorge Drexler"},{"@type":"BreadcrumbList","@id":"https:\/\/www.cruillabarcelona.cat\/es\/artists\/jorge-drexler\/#breadcrumb","itemListElement":[{"@type":"ListItem","position":1,"name":"Home","item":"https:\/\/www.cruillabarcelona.cat\/es\/"},{"@type":"ListItem","position":2,"name":"Jorge Drexler"}]},{"@type":"WebSite","@id":"https:\/\/www.cruillabarcelona.cat\/es\/#website","url":"https:\/\/www.cruillabarcelona.cat\/es\/","name":"Festival Cru\u00eflla","description":"","publisher":{"@id":"https:\/\/www.cruillabarcelona.cat\/es\/#organization"},"potentialAction":[{"@type":"SearchAction","target":{"@type":"EntryPoint","urlTemplate":"https:\/\/www.cruillabarcelona.cat\/es\/?s={search_term_string}"},"query-input":{"@type":"PropertyValueSpecification","valueRequired":true,"valueName":"search_term_string"}}],"inLanguage":"es"},{"@type":"Organization","@id":"https:\/\/www.cruillabarcelona.cat\/es\/#organization","name":"Festival Cru\u00eflla","url":"https:\/\/www.cruillabarcelona.cat\/es\/","logo":{"@type":"ImageObject","inLanguage":"es","@id":"https:\/\/www.cruillabarcelona.cat\/es\/#\/schema\/logo\/image\/","url":"https:\/\/www.cruillabarcelona.cat\/wp-content\/uploads\/2025\/12\/cruill-logo-negativo.png","contentUrl":"https:\/\/www.cruillabarcelona.cat\/wp-content\/uploads\/2025\/12\/cruill-logo-negativo.png","width":400,"height":101,"caption":"Festival Cru\u00eflla"},"image":{"@id":"https:\/\/www.cruillabarcelona.cat\/es\/#\/schema\/logo\/image\/"}}]}},"_links":{"self":[{"href":"https:\/\/www.cruillabarcelona.cat\/es\/wp-json\/wp\/v2\/artists\/22073","targetHints":{"allow":["GET"]}}],"collection":[{"href":"https:\/\/www.cruillabarcelona.cat\/es\/wp-json\/wp\/v2\/artists"}],"about":[{"href":"https:\/\/www.cruillabarcelona.cat\/es\/wp-json\/wp\/v2\/types\/artists"}],"acf:term":[{"embeddable":true,"taxonomy":"artists_location","href":"https:\/\/www.cruillabarcelona.cat\/es\/wp-json\/wp\/v2\/artists_location\/17"},{"embeddable":true,"taxonomy":"artists_edition","href":"https:\/\/www.cruillabarcelona.cat\/es\/wp-json\/wp\/v2\/artists_edition\/729"}],"wp:featuredmedia":[{"embeddable":true,"href":"https:\/\/www.cruillabarcelona.cat\/es\/wp-json\/wp\/v2\/media\/22117"}],"wp:attachment":[{"href":"https:\/\/www.cruillabarcelona.cat\/es\/wp-json\/wp\/v2\/media?parent=22073"}],"wp:term":[{"taxonomy":"artists_edition","embeddable":true,"href":"https:\/\/www.cruillabarcelona.cat\/es\/wp-json\/wp\/v2\/artists_edition?post=22073"}],"curies":[{"name":"wp","href":"https:\/\/api.w.org\/{rel}","templated":true}]}}