{"id":22075,"date":"2019-03-07T12:59:52","date_gmt":"2019-03-07T10:59:52","guid":{"rendered":"https:\/\/www.cruillabarcelona.cat\/?post_type=artists&#038;p=22075"},"modified":"2019-06-05T18:12:18","modified_gmt":"2019-06-05T16:12:18","slug":"marcelo-d2","status":"publish","type":"artists","link":"https:\/\/www.cruillabarcelona.cat\/es\/artists\/marcelo-d2\/","title":{"rendered":"Marcelo D2"},"content":{"rendered":"<h2>La samba hip hop de Marcelo D2, por fin en Barcelona<\/h2>\n<p>Un d\u00eda antes de convertirse en el primer presidente de ultraderecha de la historia de Brasil, <strong>Jair Bolsonaro<\/strong> abri\u00f3 su cuenta de Twitter y pregunt\u00f3 al mundo: <strong>\u00ab\u00a1Buenas noches! \u00bfQui\u00e9n es Marcelo D2?\u00bb<\/strong><\/p>\n<p><strong>Marcelo D2<\/strong>, que en aquel momento estaba en el coche, se hizo un selfie y<strong> respondi\u00f3<\/strong> a Bolsonaro: \u00abSeguramente sabe quien soy, <strong>estoy haciendo campa\u00f1a contra usted<\/strong> y pienso robarle muchos votos\u00bb.<\/p>\n<p>Est\u00e1 claro que Bolsonaro sabe qui\u00e9n es Marcelo D2. <strong>Una figura m\u00edtica de la m\u00fasica y el activismo brasile\u00f1o<\/strong>. Un ni\u00f1o que se hizo hombre en las favelas y que encontr\u00f3 una salida a la pobreza en el rap. Un se\u00f1or que se acab\u00f3 convirtiendo en <strong>pionero al mezclar el hip hop con la samba<\/strong>, dos estilos aparentemente opuestos.<\/p>\n<p><strong>Estamos de enhorabuena.<\/strong> Hace 13 a\u00f1os que Marcelo D2 no act\u00faa en Catalunya y solo lo har\u00e1 en un lugar este a\u00f1o: en el Cru\u00eflla 2019.<\/p>\n<p>Con tu entrada del s\u00e1bado tambi\u00e9n podr\u00e1s ver los concierto de <a href=\"https:\/\/www.cruillabarcelona.cat\/es\/artists\/kylie-minogue\/\" target=\"_blank\" rel=\"noopener noreferrer\">Kylie Minogue<\/a>, <a href=\"https:\/\/www.cruillabarcelona.cat\/es\/artists\/jorge-drexler\/\" target=\"_blank\" rel=\"noopener noreferrer\">Jorge Drexler<\/a>\u00a0y\u00a0<a href=\"https:\/\/www.cruillabarcelona.cat\/es\/artists\/michael-kiwanuka\/\" target=\"_blank\" rel=\"noopener noreferrer\">Michael Kiwanuka<\/a>, entre muchos otros.<\/p>\n<hr \/>\n<p style=\"text-align: center;\"><em>Compra aqu\u00ed tu entrada del s\u00e1bado o, si quieres vivir la experiencia completa, consigue uno de los abonos del festival.\u00a0<\/em><\/p>\n<p style=\"text-align: center;\"><a class=\"efsbutton button \" target=\"_blank\">ENTRADAS<\/a><\/p>\n<hr \/>\n<p>Marcelo D2 vendr\u00e1 al Cru\u00eflla con una hora y media de <strong>samba, bosa nova y hip hop<\/strong>. Presentar\u00e1 su \u00faltimo \u00e1lbum, <em>Amar \u00e9 para os fortes<\/em>, un trabajo impecable que ha presentado en forma de pel\u00edcula.<\/p>\n<p>Tambi\u00e9n interpretar\u00e1 los <strong>grandes hits de su carrera<\/strong>, com <em>Qual \u00e9? o A maldi\u00e7ao do samba<\/em>, canciones que ya compiten al nivel de los Beastie Boys o Cypress Hill.<\/p>\n<!-- auto-added video if acf\/single-artist-video not used  --> <iframe style=\"width: 100%;max-width: 100%;height: auto;aspect-ratio: 16 \/ 9;\" src=\"https:\/\/www.youtube-nocookie.com\/embed\/qQe_X4T64B8\" frameborder=\"0\" allow=\"accelerometer; autoplay; encrypted-media; gyroscope; picture-in-picture\" allowfullscreen><\/iframe>","protected":false},"featured_media":22110,"template":"","meta":{"_acf_changed":false},"artists_edition":[729],"class_list":["post-22075","artists","type-artists","status-publish","has-post-thumbnail","hentry","artists_location-radio-3","artists_edition-729"],"acf":{"_thumbnail_id":22110,"youtube_player":"qQe_X4T64B8","artist_edition":[729],"artist_date":"20190706","artist_time":"02:00:00","artist_time_2":"","artist_location":[591],"artist_ticket_url":"https:\/\/cruilla.seetickets.com\/event\/entrada-dissabte\/parc-del-forum-barcelona\/1278180?lang=es-ES","artist_ticket_status":"","artist_extra_date__show":false,"artist_extra_date_2":null,"artist_time_of_date2":"","artist_extra_date_3":null,"artist_time_of_date3":"","artist_extra_date_4":null,"artist_time_of_date4":"","artist_extra_date_5":null,"artist_time_of_date5":"","artist_date__show_month":false,"artist_sidebar_active":false,"show_in_agenda":false,"artist_sidebar__banner_img":null,"artist_sidebar__banner_link":"","artist_hero_content":"<p style=\"text-align: center;\">S\u00e1bado 6 de julio en el Festival Cru\u00eflla<\/p>","artist_style":false,"artist_nationality":false,"artist_audience_age":false},"yoast_head":"<!-- This site is optimized with the Yoast SEO plugin v27.5 - https:\/\/yoast.com\/product\/yoast-seo-wordpress\/ -->\n<title>Marcelo D2 en el Festival Cruilla 2019 el s\u00e1bado 6 de julio en Barcelona<\/title>\n<meta name=\"description\" content=\"Compra tus entradas para ver a Marcelo D2 en directo en el Festival Cru\u00eflla 2019. Este verano en el Parc del F\u00f2rum de Barcelona, el s\u00e1bado 6 de julio.\" \/>\n<meta name=\"robots\" content=\"index, follow, max-snippet:-1, max-image-preview:large, max-video-preview:-1\" \/>\n<link rel=\"canonical\" href=\"https:\/\/www.cruillabarcelona.cat\/es\/artists\/marcelo-d2\/\" \/>\n<meta property=\"og:locale\" content=\"es_ES\" \/>\n<meta property=\"og:type\" content=\"article\" \/>\n<meta property=\"og:title\" content=\"Marcelo D2 en el Festival Cruilla 2019 el s\u00e1bado 6 de julio en Barcelona\" \/>\n<meta property=\"og:description\" content=\"Compra tus entradas para ver a Marcelo D2 en directo en el Festival Cru\u00eflla 2019. Este verano en el Parc del F\u00f2rum de Barcelona, el s\u00e1bado 6 de julio.\" \/>\n<meta property=\"og:url\" content=\"https:\/\/www.cruillabarcelona.cat\/es\/artists\/marcelo-d2\/\" \/>\n<meta property=\"og:site_name\" content=\"Festival Cru\u00eflla\" \/>\n<meta property=\"article:modified_time\" content=\"2019-06-05T16:12:18+00:00\" \/>\n<meta property=\"og:image\" content=\"https:\/\/www.cruillabarcelona.cat\/wp-content\/uploads\/2019\/03\/26_Marcelo_D2_Foto_Neta.jpg\" \/>\n\t<meta property=\"og:image:width\" content=\"1200\" \/>\n\t<meta property=\"og:image:height\" content=\"1200\" \/>\n\t<meta property=\"og:image:type\" content=\"image\/jpeg\" \/>\n<meta name=\"twitter:card\" content=\"summary_large_image\" \/>\n<meta name=\"twitter:label1\" content=\"Tiempo de lectura\" \/>\n\t<meta name=\"twitter:data1\" content=\"2 minutos\" \/>\n<script type=\"application\/ld+json\" class=\"yoast-schema-graph\">{\"@context\":\"https:\\\/\\\/schema.org\",\"@graph\":[{\"@type\":\"WebPage\",\"@id\":\"https:\\\/\\\/www.cruillabarcelona.cat\\\/es\\\/artists\\\/marcelo-d2\\\/\",\"url\":\"https:\\\/\\\/www.cruillabarcelona.cat\\\/es\\\/artists\\\/marcelo-d2\\\/\",\"name\":\"Marcelo D2 en el Festival Cruilla 2019 el s\u00e1bado 6 de julio en Barcelona\",\"isPartOf\":{\"@id\":\"https:\\\/\\\/www.cruillabarcelona.cat\\\/es\\\/#website\"},\"primaryImageOfPage\":{\"@id\":\"https:\\\/\\\/www.cruillabarcelona.cat\\\/es\\\/artists\\\/marcelo-d2\\\/#primaryimage\"},\"image\":{\"@id\":\"https:\\\/\\\/www.cruillabarcelona.cat\\\/es\\\/artists\\\/marcelo-d2\\\/#primaryimage\"},\"thumbnailUrl\":\"https:\\\/\\\/www.cruillabarcelona.cat\\\/wp-content\\\/uploads\\\/2019\\\/03\\\/26_Marcelo_D2_Foto_Neta.jpg\",\"datePublished\":\"2019-03-07T10:59:52+00:00\",\"dateModified\":\"2019-06-05T16:12:18+00:00\",\"description\":\"Compra tus entradas para ver a Marcelo D2 en directo en el Festival Cru\u00eflla 2019. Este verano en el Parc del F\u00f2rum de Barcelona, el s\u00e1bado 6 de julio.\",\"breadcrumb\":{\"@id\":\"https:\\\/\\\/www.cruillabarcelona.cat\\\/es\\\/artists\\\/marcelo-d2\\\/#breadcrumb\"},\"inLanguage\":\"es\",\"potentialAction\":[{\"@type\":\"ReadAction\",\"target\":[\"https:\\\/\\\/www.cruillabarcelona.cat\\\/es\\\/artists\\\/marcelo-d2\\\/\"]}]},{\"@type\":\"ImageObject\",\"inLanguage\":\"es\",\"@id\":\"https:\\\/\\\/www.cruillabarcelona.cat\\\/es\\\/artists\\\/marcelo-d2\\\/#primaryimage\",\"url\":\"https:\\\/\\\/www.cruillabarcelona.cat\\\/wp-content\\\/uploads\\\/2019\\\/03\\\/26_Marcelo_D2_Foto_Neta.jpg\",\"contentUrl\":\"https:\\\/\\\/www.cruillabarcelona.cat\\\/wp-content\\\/uploads\\\/2019\\\/03\\\/26_Marcelo_D2_Foto_Neta.jpg\",\"width\":1200,\"height\":1200,\"caption\":\"Marcelo D2\"},{\"@type\":\"BreadcrumbList\",\"@id\":\"https:\\\/\\\/www.cruillabarcelona.cat\\\/es\\\/artists\\\/marcelo-d2\\\/#breadcrumb\",\"itemListElement\":[{\"@type\":\"ListItem\",\"position\":1,\"name\":\"Home\",\"item\":\"https:\\\/\\\/www.cruillabarcelona.cat\\\/es\\\/\"},{\"@type\":\"ListItem\",\"position\":2,\"name\":\"Marcelo D2\"}]},{\"@type\":\"WebSite\",\"@id\":\"https:\\\/\\\/www.cruillabarcelona.cat\\\/es\\\/#website\",\"url\":\"https:\\\/\\\/www.cruillabarcelona.cat\\\/es\\\/\",\"name\":\"Festival Cru\u00eflla\",\"description\":\"\",\"publisher\":{\"@id\":\"https:\\\/\\\/www.cruillabarcelona.cat\\\/es\\\/#organization\"},\"potentialAction\":[{\"@type\":\"SearchAction\",\"target\":{\"@type\":\"EntryPoint\",\"urlTemplate\":\"https:\\\/\\\/www.cruillabarcelona.cat\\\/es\\\/?s={search_term_string}\"},\"query-input\":{\"@type\":\"PropertyValueSpecification\",\"valueRequired\":true,\"valueName\":\"search_term_string\"}}],\"inLanguage\":\"es\"},{\"@type\":\"Organization\",\"@id\":\"https:\\\/\\\/www.cruillabarcelona.cat\\\/es\\\/#organization\",\"name\":\"Festival Cru\u00eflla\",\"url\":\"https:\\\/\\\/www.cruillabarcelona.cat\\\/es\\\/\",\"logo\":{\"@type\":\"ImageObject\",\"inLanguage\":\"es\",\"@id\":\"https:\\\/\\\/www.cruillabarcelona.cat\\\/es\\\/#\\\/schema\\\/logo\\\/image\\\/\",\"url\":\"https:\\\/\\\/www.cruillabarcelona.cat\\\/wp-content\\\/uploads\\\/2025\\\/12\\\/cruill-logo-negativo.png\",\"contentUrl\":\"https:\\\/\\\/www.cruillabarcelona.cat\\\/wp-content\\\/uploads\\\/2025\\\/12\\\/cruill-logo-negativo.png\",\"width\":400,\"height\":101,\"caption\":\"Festival Cru\u00eflla\"},\"image\":{\"@id\":\"https:\\\/\\\/www.cruillabarcelona.cat\\\/es\\\/#\\\/schema\\\/logo\\\/image\\\/\"}}]}<\/script>\n<!-- \/ Yoast SEO plugin. -->","yoast_head_json":{"title":"Marcelo D2 en el Festival Cruilla 2019 el s\u00e1bado 6 de julio en Barcelona","description":"Compra tus entradas para ver a Marcelo D2 en directo en el Festival Cru\u00eflla 2019. Este verano en el Parc del F\u00f2rum de Barcelona, el s\u00e1bado 6 de julio.","robots":{"index":"index","follow":"follow","max-snippet":"max-snippet:-1","max-image-preview":"max-image-preview:large","max-video-preview":"max-video-preview:-1"},"canonical":"https:\/\/www.cruillabarcelona.cat\/es\/artists\/marcelo-d2\/","og_locale":"es_ES","og_type":"article","og_title":"Marcelo D2 en el Festival Cruilla 2019 el s\u00e1bado 6 de julio en Barcelona","og_description":"Compra tus entradas para ver a Marcelo D2 en directo en el Festival Cru\u00eflla 2019. Este verano en el Parc del F\u00f2rum de Barcelona, el s\u00e1bado 6 de julio.","og_url":"https:\/\/www.cruillabarcelona.cat\/es\/artists\/marcelo-d2\/","og_site_name":"Festival Cru\u00eflla","article_modified_time":"2019-06-05T16:12:18+00:00","og_image":[{"width":1200,"height":1200,"url":"https:\/\/www.cruillabarcelona.cat\/wp-content\/uploads\/2019\/03\/26_Marcelo_D2_Foto_Neta.jpg","type":"image\/jpeg"}],"twitter_card":"summary_large_image","twitter_misc":{"Tiempo de lectura":"2 minutos"},"schema":{"@context":"https:\/\/schema.org","@graph":[{"@type":"WebPage","@id":"https:\/\/www.cruillabarcelona.cat\/es\/artists\/marcelo-d2\/","url":"https:\/\/www.cruillabarcelona.cat\/es\/artists\/marcelo-d2\/","name":"Marcelo D2 en el Festival Cruilla 2019 el s\u00e1bado 6 de julio en Barcelona","isPartOf":{"@id":"https:\/\/www.cruillabarcelona.cat\/es\/#website"},"primaryImageOfPage":{"@id":"https:\/\/www.cruillabarcelona.cat\/es\/artists\/marcelo-d2\/#primaryimage"},"image":{"@id":"https:\/\/www.cruillabarcelona.cat\/es\/artists\/marcelo-d2\/#primaryimage"},"thumbnailUrl":"https:\/\/www.cruillabarcelona.cat\/wp-content\/uploads\/2019\/03\/26_Marcelo_D2_Foto_Neta.jpg","datePublished":"2019-03-07T10:59:52+00:00","dateModified":"2019-06-05T16:12:18+00:00","description":"Compra tus entradas para ver a Marcelo D2 en directo en el Festival Cru\u00eflla 2019. Este verano en el Parc del F\u00f2rum de Barcelona, el s\u00e1bado 6 de julio.","breadcrumb":{"@id":"https:\/\/www.cruillabarcelona.cat\/es\/artists\/marcelo-d2\/#breadcrumb"},"inLanguage":"es","potentialAction":[{"@type":"ReadAction","target":["https:\/\/www.cruillabarcelona.cat\/es\/artists\/marcelo-d2\/"]}]},{"@type":"ImageObject","inLanguage":"es","@id":"https:\/\/www.cruillabarcelona.cat\/es\/artists\/marcelo-d2\/#primaryimage","url":"https:\/\/www.cruillabarcelona.cat\/wp-content\/uploads\/2019\/03\/26_Marcelo_D2_Foto_Neta.jpg","contentUrl":"https:\/\/www.cruillabarcelona.cat\/wp-content\/uploads\/2019\/03\/26_Marcelo_D2_Foto_Neta.jpg","width":1200,"height":1200,"caption":"Marcelo D2"},{"@type":"BreadcrumbList","@id":"https:\/\/www.cruillabarcelona.cat\/es\/artists\/marcelo-d2\/#breadcrumb","itemListElement":[{"@type":"ListItem","position":1,"name":"Home","item":"https:\/\/www.cruillabarcelona.cat\/es\/"},{"@type":"ListItem","position":2,"name":"Marcelo D2"}]},{"@type":"WebSite","@id":"https:\/\/www.cruillabarcelona.cat\/es\/#website","url":"https:\/\/www.cruillabarcelona.cat\/es\/","name":"Festival Cru\u00eflla","description":"","publisher":{"@id":"https:\/\/www.cruillabarcelona.cat\/es\/#organization"},"potentialAction":[{"@type":"SearchAction","target":{"@type":"EntryPoint","urlTemplate":"https:\/\/www.cruillabarcelona.cat\/es\/?s={search_term_string}"},"query-input":{"@type":"PropertyValueSpecification","valueRequired":true,"valueName":"search_term_string"}}],"inLanguage":"es"},{"@type":"Organization","@id":"https:\/\/www.cruillabarcelona.cat\/es\/#organization","name":"Festival Cru\u00eflla","url":"https:\/\/www.cruillabarcelona.cat\/es\/","logo":{"@type":"ImageObject","inLanguage":"es","@id":"https:\/\/www.cruillabarcelona.cat\/es\/#\/schema\/logo\/image\/","url":"https:\/\/www.cruillabarcelona.cat\/wp-content\/uploads\/2025\/12\/cruill-logo-negativo.png","contentUrl":"https:\/\/www.cruillabarcelona.cat\/wp-content\/uploads\/2025\/12\/cruill-logo-negativo.png","width":400,"height":101,"caption":"Festival Cru\u00eflla"},"image":{"@id":"https:\/\/www.cruillabarcelona.cat\/es\/#\/schema\/logo\/image\/"}}]}},"_links":{"self":[{"href":"https:\/\/www.cruillabarcelona.cat\/es\/wp-json\/wp\/v2\/artists\/22075","targetHints":{"allow":["GET"]}}],"collection":[{"href":"https:\/\/www.cruillabarcelona.cat\/es\/wp-json\/wp\/v2\/artists"}],"about":[{"href":"https:\/\/www.cruillabarcelona.cat\/es\/wp-json\/wp\/v2\/types\/artists"}],"acf:term":[{"embeddable":true,"taxonomy":"artists_location","href":"https:\/\/www.cruillabarcelona.cat\/es\/wp-json\/wp\/v2\/artists_location\/591"},{"embeddable":true,"taxonomy":"artists_edition","href":"https:\/\/www.cruillabarcelona.cat\/es\/wp-json\/wp\/v2\/artists_edition\/729"}],"wp:featuredmedia":[{"embeddable":true,"href":"https:\/\/www.cruillabarcelona.cat\/es\/wp-json\/wp\/v2\/media\/22110"}],"wp:attachment":[{"href":"https:\/\/www.cruillabarcelona.cat\/es\/wp-json\/wp\/v2\/media?parent=22075"}],"wp:term":[{"taxonomy":"artists_edition","embeddable":true,"href":"https:\/\/www.cruillabarcelona.cat\/es\/wp-json\/wp\/v2\/artists_edition?post=22075"}],"curies":[{"name":"wp","href":"https:\/\/api.w.org\/{rel}","templated":true}]}}