{"id":22082,"date":"2019-03-07T12:58:58","date_gmt":"2019-03-07T10:58:58","guid":{"rendered":"https:\/\/www.cruillabarcelona.cat\/?post_type=artists&#038;p=22082"},"modified":"2019-05-14T10:26:21","modified_gmt":"2019-05-14T08:26:21","slug":"oumou-sangare","status":"publish","type":"artists","link":"https:\/\/www.cruillabarcelona.cat\/es\/artists\/oumou-sangare\/","title":{"rendered":"Oumou Sangar\u00e9"},"content":{"rendered":"<h2>El p\u00e1jaro cantor de Mali vuela hasta el Cru\u00eflla<\/h2>\n<p>No hace mucho, Oumou Sangar\u00e9 declar\u00f3 que \u00ab<strong>la aut\u00e9ntica riqueza de \u00c1frica se encuentra en la cultura<\/strong>\u00ab. En cierta manera, esta declaraci\u00f3n resume a la perfecci\u00f3n la trayectoria de la cantante, que de muy joven se marc\u00f3 como objetivo\u00a0<strong>cambiar la percepci\u00f3n que el mundo ten\u00eda de su tierra<\/strong>, y dejarnos boquiabiertos con un patrimonio musical de valor incalculable.<\/p>\n<p>Sangar\u00e9 es un aut\u00e9ntico referente, tanto por lo que respecta a la excelencia de \u00e1lbumes como\u00a0<em>Moussolou<\/em> o\u00a0<em>Mogoya<\/em>, como por\u00a0<strong>encabezar la lucha de los derechos de las mujeres<\/strong> y por su emprendimiento en proyectos extramusicales, encarados siempre con una\u00a0<strong>perspectiva humanista y sostenible<\/strong>.<\/p>\n<p><b>Un modelo a seguir<\/b> que en el Cru\u00eflla tambi\u00e9n nos har\u00e1 bailar, desfilando los intrincados tejidos r\u00edtmicos de sus canciones.<\/p>\n<p>Con tu entrada de <strong>s\u00e1bado<\/strong> no solo ver\u00e1s a Oumou Sangar\u00e9, tambi\u00e9n podr\u00e1s ver los directos de\u00a0<a href=\"https:\/\/www.cruillabarcelona.cat\/es\/artists\/kylie-minogue\/\" target=\"_blank\" rel=\"noopener noreferrer\">Kylie Minogue<\/a>, <a href=\"https:\/\/www.cruillabarcelona.cat\/es\/artists\/michael-kiwanuka\/\" target=\"_blank\" rel=\"noopener noreferrer\">Michael Kiwanuka<\/a> y <a href=\"https:\/\/www.cruillabarcelona.cat\/es\/artists\/marcelo-d2\/\" target=\"_blank\" rel=\"noopener noreferrer\">Marcelo D2<\/a>, entre muchos otros.<\/p>\n<hr \/>\n<p style=\"text-align: center;\"><em>Compra aqu\u00ed tu entrada de s\u00e1bado o, si quieres vivir la experiencia completa, consigue uno de los abonos del festival.<\/em><\/p>\n<p style=\"text-align: center;\"><a class=\"efsbutton button \" target=\"_blank\">ENTRADAS<\/a><\/p>\n<hr \/>\n<p>Con su determinaci\u00f3n y con una voz cercana y virtuosa, que le ha valido el sobrenombre de\u00a0<strong>p\u00e1jaro cantor de Wassoulou<\/strong>, Sangar\u00e9 se ha convertido en una de las grandes\u00a0<strong>superestrellas de la m\u00fasica africana<\/strong>.<\/p>\n<!-- auto-added video if acf\/single-artist-video not used  --> <iframe style=\"width: 100%;max-width: 100%;height: auto;aspect-ratio: 16 \/ 9;\" src=\"https:\/\/www.youtube-nocookie.com\/embed\/t4eXmjhudb8\" frameborder=\"0\" allow=\"accelerometer; autoplay; encrypted-media; gyroscope; picture-in-picture\" allowfullscreen><\/iframe>","protected":false},"featured_media":22104,"template":"","meta":{"_acf_changed":false},"artists_edition":[729],"class_list":["post-22082","artists","type-artists","status-publish","has-post-thumbnail","hentry","artists_location-time-out","artists_edition-729"],"acf":{"_thumbnail_id":22104,"youtube_player":"t4eXmjhudb8","artist_edition":[729],"artist_date":"20190706","artist_time":"18:45:00","artist_time_2":"","artist_location":[17],"artist_ticket_url":"https:\/\/cruilla.seetickets.com\/event\/entrada-dissabte\/parc-del-forum-barcelona\/1278180?lang=es-ES","artist_ticket_status":"","artist_extra_date__show":false,"artist_extra_date_2":null,"artist_time_of_date2":"","artist_extra_date_3":null,"artist_time_of_date3":"","artist_extra_date_4":null,"artist_time_of_date4":"","artist_extra_date_5":null,"artist_time_of_date5":"","artist_date__show_month":false,"artist_sidebar_active":false,"show_in_agenda":false,"artist_sidebar__banner_img":null,"artist_sidebar__banner_link":"","artist_hero_content":"<p style=\"text-align: center;\">S\u00e1bado 6 de julio en el Festival Cru\u00eflla<\/p>","artist_style":false,"artist_nationality":false,"artist_audience_age":false},"yoast_head":"<!-- This site is optimized with the Yoast SEO plugin v27.5 - https:\/\/yoast.com\/product\/yoast-seo-wordpress\/ -->\n<title>Oumou Sangar\u00e9 en directo en el Festival Cru\u00eflla 2019, s\u00e1bado 6 de julio<\/title>\n<meta name=\"description\" content=\"Compra tus entradas para ver el concierto de Oumou Sangar\u00e9 este verano en el Festival Cru\u00eflla 2019. S\u00e1bado 6 de julio, Parc del F\u00f2rum de Barcelona.\" \/>\n<meta name=\"robots\" content=\"index, follow, max-snippet:-1, max-image-preview:large, max-video-preview:-1\" \/>\n<link rel=\"canonical\" href=\"https:\/\/www.cruillabarcelona.cat\/es\/artists\/oumou-sangare\/\" \/>\n<meta property=\"og:locale\" content=\"es_ES\" \/>\n<meta property=\"og:type\" content=\"article\" \/>\n<meta property=\"og:title\" content=\"Oumou Sangar\u00e9 en directo en el Festival Cru\u00eflla 2019, s\u00e1bado 6 de julio\" \/>\n<meta property=\"og:description\" content=\"Compra tus entradas para ver el concierto de Oumou Sangar\u00e9 este verano en el Festival Cru\u00eflla 2019. S\u00e1bado 6 de julio, Parc del F\u00f2rum de Barcelona.\" \/>\n<meta property=\"og:url\" content=\"https:\/\/www.cruillabarcelona.cat\/es\/artists\/oumou-sangare\/\" \/>\n<meta property=\"og:site_name\" content=\"Festival Cru\u00eflla\" \/>\n<meta property=\"article:modified_time\" content=\"2019-05-14T08:26:21+00:00\" \/>\n<meta property=\"og:image\" content=\"https:\/\/www.cruillabarcelona.cat\/wp-content\/uploads\/2019\/03\/33_Oumou_Sangare_Foto_Neta.jpg\" \/>\n\t<meta property=\"og:image:width\" content=\"1200\" \/>\n\t<meta property=\"og:image:height\" content=\"1200\" \/>\n\t<meta property=\"og:image:type\" content=\"image\/jpeg\" \/>\n<meta name=\"twitter:card\" content=\"summary_large_image\" \/>\n<meta name=\"twitter:label1\" content=\"Tiempo de lectura\" \/>\n\t<meta name=\"twitter:data1\" content=\"1 minuto\" \/>\n<script type=\"application\/ld+json\" class=\"yoast-schema-graph\">{\"@context\":\"https:\\\/\\\/schema.org\",\"@graph\":[{\"@type\":\"WebPage\",\"@id\":\"https:\\\/\\\/www.cruillabarcelona.cat\\\/es\\\/artists\\\/oumou-sangare\\\/\",\"url\":\"https:\\\/\\\/www.cruillabarcelona.cat\\\/es\\\/artists\\\/oumou-sangare\\\/\",\"name\":\"Oumou Sangar\u00e9 en directo en el Festival Cru\u00eflla 2019, s\u00e1bado 6 de julio\",\"isPartOf\":{\"@id\":\"https:\\\/\\\/www.cruillabarcelona.cat\\\/es\\\/#website\"},\"primaryImageOfPage\":{\"@id\":\"https:\\\/\\\/www.cruillabarcelona.cat\\\/es\\\/artists\\\/oumou-sangare\\\/#primaryimage\"},\"image\":{\"@id\":\"https:\\\/\\\/www.cruillabarcelona.cat\\\/es\\\/artists\\\/oumou-sangare\\\/#primaryimage\"},\"thumbnailUrl\":\"https:\\\/\\\/www.cruillabarcelona.cat\\\/wp-content\\\/uploads\\\/2019\\\/03\\\/33_Oumou_Sangare_Foto_Neta.jpg\",\"datePublished\":\"2019-03-07T10:58:58+00:00\",\"dateModified\":\"2019-05-14T08:26:21+00:00\",\"description\":\"Compra tus entradas para ver el concierto de Oumou Sangar\u00e9 este verano en el Festival Cru\u00eflla 2019. S\u00e1bado 6 de julio, Parc del F\u00f2rum de Barcelona.\",\"breadcrumb\":{\"@id\":\"https:\\\/\\\/www.cruillabarcelona.cat\\\/es\\\/artists\\\/oumou-sangare\\\/#breadcrumb\"},\"inLanguage\":\"es\",\"potentialAction\":[{\"@type\":\"ReadAction\",\"target\":[\"https:\\\/\\\/www.cruillabarcelona.cat\\\/es\\\/artists\\\/oumou-sangare\\\/\"]}]},{\"@type\":\"ImageObject\",\"inLanguage\":\"es\",\"@id\":\"https:\\\/\\\/www.cruillabarcelona.cat\\\/es\\\/artists\\\/oumou-sangare\\\/#primaryimage\",\"url\":\"https:\\\/\\\/www.cruillabarcelona.cat\\\/wp-content\\\/uploads\\\/2019\\\/03\\\/33_Oumou_Sangare_Foto_Neta.jpg\",\"contentUrl\":\"https:\\\/\\\/www.cruillabarcelona.cat\\\/wp-content\\\/uploads\\\/2019\\\/03\\\/33_Oumou_Sangare_Foto_Neta.jpg\",\"width\":1200,\"height\":1200,\"caption\":\"Oumou Sangar\u00e9\"},{\"@type\":\"BreadcrumbList\",\"@id\":\"https:\\\/\\\/www.cruillabarcelona.cat\\\/es\\\/artists\\\/oumou-sangare\\\/#breadcrumb\",\"itemListElement\":[{\"@type\":\"ListItem\",\"position\":1,\"name\":\"Home\",\"item\":\"https:\\\/\\\/www.cruillabarcelona.cat\\\/es\\\/\"},{\"@type\":\"ListItem\",\"position\":2,\"name\":\"Oumou Sangar\u00e9\"}]},{\"@type\":\"WebSite\",\"@id\":\"https:\\\/\\\/www.cruillabarcelona.cat\\\/es\\\/#website\",\"url\":\"https:\\\/\\\/www.cruillabarcelona.cat\\\/es\\\/\",\"name\":\"Festival Cru\u00eflla\",\"description\":\"\",\"publisher\":{\"@id\":\"https:\\\/\\\/www.cruillabarcelona.cat\\\/es\\\/#organization\"},\"potentialAction\":[{\"@type\":\"SearchAction\",\"target\":{\"@type\":\"EntryPoint\",\"urlTemplate\":\"https:\\\/\\\/www.cruillabarcelona.cat\\\/es\\\/?s={search_term_string}\"},\"query-input\":{\"@type\":\"PropertyValueSpecification\",\"valueRequired\":true,\"valueName\":\"search_term_string\"}}],\"inLanguage\":\"es\"},{\"@type\":\"Organization\",\"@id\":\"https:\\\/\\\/www.cruillabarcelona.cat\\\/es\\\/#organization\",\"name\":\"Festival Cru\u00eflla\",\"url\":\"https:\\\/\\\/www.cruillabarcelona.cat\\\/es\\\/\",\"logo\":{\"@type\":\"ImageObject\",\"inLanguage\":\"es\",\"@id\":\"https:\\\/\\\/www.cruillabarcelona.cat\\\/es\\\/#\\\/schema\\\/logo\\\/image\\\/\",\"url\":\"https:\\\/\\\/www.cruillabarcelona.cat\\\/wp-content\\\/uploads\\\/2025\\\/12\\\/cruill-logo-negativo.png\",\"contentUrl\":\"https:\\\/\\\/www.cruillabarcelona.cat\\\/wp-content\\\/uploads\\\/2025\\\/12\\\/cruill-logo-negativo.png\",\"width\":400,\"height\":101,\"caption\":\"Festival Cru\u00eflla\"},\"image\":{\"@id\":\"https:\\\/\\\/www.cruillabarcelona.cat\\\/es\\\/#\\\/schema\\\/logo\\\/image\\\/\"}}]}<\/script>\n<!-- \/ Yoast SEO plugin. -->","yoast_head_json":{"title":"Oumou Sangar\u00e9 en directo en el Festival Cru\u00eflla 2019, s\u00e1bado 6 de julio","description":"Compra tus entradas para ver el concierto de Oumou Sangar\u00e9 este verano en el Festival Cru\u00eflla 2019. S\u00e1bado 6 de julio, Parc del F\u00f2rum de Barcelona.","robots":{"index":"index","follow":"follow","max-snippet":"max-snippet:-1","max-image-preview":"max-image-preview:large","max-video-preview":"max-video-preview:-1"},"canonical":"https:\/\/www.cruillabarcelona.cat\/es\/artists\/oumou-sangare\/","og_locale":"es_ES","og_type":"article","og_title":"Oumou Sangar\u00e9 en directo en el Festival Cru\u00eflla 2019, s\u00e1bado 6 de julio","og_description":"Compra tus entradas para ver el concierto de Oumou Sangar\u00e9 este verano en el Festival Cru\u00eflla 2019. S\u00e1bado 6 de julio, Parc del F\u00f2rum de Barcelona.","og_url":"https:\/\/www.cruillabarcelona.cat\/es\/artists\/oumou-sangare\/","og_site_name":"Festival Cru\u00eflla","article_modified_time":"2019-05-14T08:26:21+00:00","og_image":[{"width":1200,"height":1200,"url":"https:\/\/www.cruillabarcelona.cat\/wp-content\/uploads\/2019\/03\/33_Oumou_Sangare_Foto_Neta.jpg","type":"image\/jpeg"}],"twitter_card":"summary_large_image","twitter_misc":{"Tiempo de lectura":"1 minuto"},"schema":{"@context":"https:\/\/schema.org","@graph":[{"@type":"WebPage","@id":"https:\/\/www.cruillabarcelona.cat\/es\/artists\/oumou-sangare\/","url":"https:\/\/www.cruillabarcelona.cat\/es\/artists\/oumou-sangare\/","name":"Oumou Sangar\u00e9 en directo en el Festival Cru\u00eflla 2019, s\u00e1bado 6 de julio","isPartOf":{"@id":"https:\/\/www.cruillabarcelona.cat\/es\/#website"},"primaryImageOfPage":{"@id":"https:\/\/www.cruillabarcelona.cat\/es\/artists\/oumou-sangare\/#primaryimage"},"image":{"@id":"https:\/\/www.cruillabarcelona.cat\/es\/artists\/oumou-sangare\/#primaryimage"},"thumbnailUrl":"https:\/\/www.cruillabarcelona.cat\/wp-content\/uploads\/2019\/03\/33_Oumou_Sangare_Foto_Neta.jpg","datePublished":"2019-03-07T10:58:58+00:00","dateModified":"2019-05-14T08:26:21+00:00","description":"Compra tus entradas para ver el concierto de Oumou Sangar\u00e9 este verano en el Festival Cru\u00eflla 2019. S\u00e1bado 6 de julio, Parc del F\u00f2rum de Barcelona.","breadcrumb":{"@id":"https:\/\/www.cruillabarcelona.cat\/es\/artists\/oumou-sangare\/#breadcrumb"},"inLanguage":"es","potentialAction":[{"@type":"ReadAction","target":["https:\/\/www.cruillabarcelona.cat\/es\/artists\/oumou-sangare\/"]}]},{"@type":"ImageObject","inLanguage":"es","@id":"https:\/\/www.cruillabarcelona.cat\/es\/artists\/oumou-sangare\/#primaryimage","url":"https:\/\/www.cruillabarcelona.cat\/wp-content\/uploads\/2019\/03\/33_Oumou_Sangare_Foto_Neta.jpg","contentUrl":"https:\/\/www.cruillabarcelona.cat\/wp-content\/uploads\/2019\/03\/33_Oumou_Sangare_Foto_Neta.jpg","width":1200,"height":1200,"caption":"Oumou Sangar\u00e9"},{"@type":"BreadcrumbList","@id":"https:\/\/www.cruillabarcelona.cat\/es\/artists\/oumou-sangare\/#breadcrumb","itemListElement":[{"@type":"ListItem","position":1,"name":"Home","item":"https:\/\/www.cruillabarcelona.cat\/es\/"},{"@type":"ListItem","position":2,"name":"Oumou Sangar\u00e9"}]},{"@type":"WebSite","@id":"https:\/\/www.cruillabarcelona.cat\/es\/#website","url":"https:\/\/www.cruillabarcelona.cat\/es\/","name":"Festival Cru\u00eflla","description":"","publisher":{"@id":"https:\/\/www.cruillabarcelona.cat\/es\/#organization"},"potentialAction":[{"@type":"SearchAction","target":{"@type":"EntryPoint","urlTemplate":"https:\/\/www.cruillabarcelona.cat\/es\/?s={search_term_string}"},"query-input":{"@type":"PropertyValueSpecification","valueRequired":true,"valueName":"search_term_string"}}],"inLanguage":"es"},{"@type":"Organization","@id":"https:\/\/www.cruillabarcelona.cat\/es\/#organization","name":"Festival Cru\u00eflla","url":"https:\/\/www.cruillabarcelona.cat\/es\/","logo":{"@type":"ImageObject","inLanguage":"es","@id":"https:\/\/www.cruillabarcelona.cat\/es\/#\/schema\/logo\/image\/","url":"https:\/\/www.cruillabarcelona.cat\/wp-content\/uploads\/2025\/12\/cruill-logo-negativo.png","contentUrl":"https:\/\/www.cruillabarcelona.cat\/wp-content\/uploads\/2025\/12\/cruill-logo-negativo.png","width":400,"height":101,"caption":"Festival Cru\u00eflla"},"image":{"@id":"https:\/\/www.cruillabarcelona.cat\/es\/#\/schema\/logo\/image\/"}}]}},"_links":{"self":[{"href":"https:\/\/www.cruillabarcelona.cat\/es\/wp-json\/wp\/v2\/artists\/22082","targetHints":{"allow":["GET"]}}],"collection":[{"href":"https:\/\/www.cruillabarcelona.cat\/es\/wp-json\/wp\/v2\/artists"}],"about":[{"href":"https:\/\/www.cruillabarcelona.cat\/es\/wp-json\/wp\/v2\/types\/artists"}],"acf:term":[{"embeddable":true,"taxonomy":"artists_location","href":"https:\/\/www.cruillabarcelona.cat\/es\/wp-json\/wp\/v2\/artists_location\/17"},{"embeddable":true,"taxonomy":"artists_edition","href":"https:\/\/www.cruillabarcelona.cat\/es\/wp-json\/wp\/v2\/artists_edition\/729"}],"wp:featuredmedia":[{"embeddable":true,"href":"https:\/\/www.cruillabarcelona.cat\/es\/wp-json\/wp\/v2\/media\/22104"}],"wp:attachment":[{"href":"https:\/\/www.cruillabarcelona.cat\/es\/wp-json\/wp\/v2\/media?parent=22082"}],"wp:term":[{"taxonomy":"artists_edition","embeddable":true,"href":"https:\/\/www.cruillabarcelona.cat\/es\/wp-json\/wp\/v2\/artists_edition?post=22082"}],"curies":[{"name":"wp","href":"https:\/\/api.w.org\/{rel}","templated":true}]}}