{"id":22459,"date":"2019-04-02T10:58:06","date_gmt":"2019-04-02T08:58:06","guid":{"rendered":"https:\/\/www.cruillabarcelona.cat\/?post_type=artists&#038;p=22459"},"modified":"2019-05-13T17:53:11","modified_gmt":"2019-05-13T15:53:11","slug":"dermot-kennedy","status":"publish","type":"artists","link":"https:\/\/www.cruillabarcelona.cat\/es\/artists\/dermot-kennedy\/","title":{"rendered":"Dermot Kennedy"},"content":{"rendered":"<h2>Ha nacido una estrella<\/h2>\n<p>Si ves una foto de <strong>Dermot Kennedy<\/strong>, podr\u00edas pensar que se trata simplemente de un cantautor que rueda por el mundo enganchado a su guitarra.<\/p>\n<p>Pero s\u00f3lo hay que escuchar alguna de las canciones en su disco de debut hom\u00f3nimo para comprender que <strong>estamos ante algo m\u00e1s<\/strong>: no es solo que la voz de este dublin\u00e9s deshaga el hielo, sino que los samples y las bases electr\u00f3nicas que rodean sus composiciones lo sit\u00faan <strong>m\u00e1s cerca del R\u2019n&#8217;B y del hip hop<\/strong> que del que normalmente denominamos folk.<\/p>\n<hr \/>\n<p style=\"text-align: center;\"><em>Compra aqu\u00ed tu entrada del viernes o, si quieres vivir la experiencia completa, consigue uno de los abonos del festival.<\/em><\/p>\n<p style=\"text-align: center;\"><a class=\"efsbutton button \" target=\"_blank\">ENTRADAS<\/a><\/p>\n<hr \/>\n<p>Siguiendo el camino de Bon Iver y James Blake, Dermot Kennedy <strong>mezcla la emoci\u00f3n m\u00e1s aut\u00e9ntica con sonidos contempor\u00e1neos<\/strong> y, a momentos, casi experimentales, sin perder de vista el n\u00facleo mel\u00f3dico de las composiciones. El resultado es tan sorprendente c\u00f3mo irresistible, y no es extra\u00f1o que cada vez sea m\u00e1s frecuente ver el cartel de sold out en sus conciertos.<\/p>\n<div class=\"traductor-textarea form-group\">\n<div class=\"textarea-desti col-xs-12 col-sm-6\">\n<div class=\"form-control second-textarea\">Ha nacido una estrella, y en el Cru\u00eflla <strong>tendremos la oportunidad de verla debutar en Barcelona<\/strong>.<\/div>\n<\/div>\n<\/div>\n<div class=\"traductor-checkbox form-group\">\n<div class=\"row\"><\/div>\n<\/div>\n<!-- auto-added video if acf\/single-artist-video not used  --> <iframe style=\"width: 100%;max-width: 100%;height: auto;aspect-ratio: 16 \/ 9;\" src=\"https:\/\/www.youtube-nocookie.com\/embed\/ooXGj4RGrLs\" frameborder=\"0\" allow=\"accelerometer; autoplay; encrypted-media; gyroscope; picture-in-picture\" allowfullscreen><\/iframe>","protected":false},"featured_media":22575,"template":"","meta":{"_acf_changed":false},"artists_edition":[729],"class_list":["post-22459","artists","type-artists","status-publish","has-post-thumbnail","hentry","artists_location-radio-3","artists_edition-729"],"acf":{"_thumbnail_id":22575,"youtube_player":"ooXGj4RGrLs","artist_edition":[729],"artist_date":"20190705","artist_time":"23:00:00","artist_time_2":"","artist_location":[591],"artist_ticket_url":"https:\/\/cruilla.seetickets.com\/event\/entrada-divendres\/parc-del-forum-barcelona\/1278175?lang=es-ES","artist_ticket_status":"","artist_extra_date__show":false,"artist_extra_date_2":null,"artist_time_of_date2":"","artist_extra_date_3":null,"artist_time_of_date3":"","artist_extra_date_4":null,"artist_time_of_date4":"","artist_extra_date_5":null,"artist_time_of_date5":"","artist_date__show_month":false,"artist_sidebar_active":false,"show_in_agenda":false,"artist_sidebar__banner_img":null,"artist_sidebar__banner_link":"","artist_hero_content":"<p style=\"text-align: center;\">Viernes 5 de julio en el festival Cru\u00eflla<\/p>","artist_style":false,"artist_nationality":false,"artist_audience_age":false},"yoast_head":"<!-- This site is optimized with the Yoast SEO plugin v27.5 - https:\/\/yoast.com\/product\/yoast-seo-wordpress\/ -->\n<title>Dermot Kennedy en concierto en el Festival Cru\u00eflla 2019. 5 de julio<\/title>\n<meta name=\"description\" content=\"Compra entradas para el concierto de Dermot Kennedy en Barcelona. El viernes 5 de julio de 2019 en el Festival Cru\u00eflla, en el Parc del F\u00f2rum\" \/>\n<meta name=\"robots\" content=\"index, follow, max-snippet:-1, max-image-preview:large, max-video-preview:-1\" \/>\n<link rel=\"canonical\" href=\"https:\/\/www.cruillabarcelona.cat\/es\/artists\/dermot-kennedy\/\" \/>\n<meta property=\"og:locale\" content=\"es_ES\" \/>\n<meta property=\"og:type\" content=\"article\" \/>\n<meta property=\"og:title\" content=\"Dermot Kennedy en concierto en el Festival Cru\u00eflla 2019. 5 de julio\" \/>\n<meta property=\"og:description\" content=\"Compra entradas para el concierto de Dermot Kennedy en Barcelona. El viernes 5 de julio de 2019 en el Festival Cru\u00eflla, en el Parc del F\u00f2rum\" \/>\n<meta property=\"og:url\" content=\"https:\/\/www.cruillabarcelona.cat\/es\/artists\/dermot-kennedy\/\" \/>\n<meta property=\"og:site_name\" content=\"Festival Cru\u00eflla\" \/>\n<meta property=\"article:modified_time\" content=\"2019-05-13T15:53:11+00:00\" \/>\n<meta property=\"og:image\" content=\"https:\/\/www.cruillabarcelona.cat\/wp-content\/uploads\/2019\/04\/31_Dermont_Kennedy_Foto_Neta.jpg\" \/>\n\t<meta property=\"og:image:width\" content=\"1200\" \/>\n\t<meta property=\"og:image:height\" content=\"1200\" \/>\n\t<meta property=\"og:image:type\" content=\"image\/jpeg\" \/>\n<meta name=\"twitter:card\" content=\"summary_large_image\" \/>\n<meta name=\"twitter:label1\" content=\"Tiempo de lectura\" \/>\n\t<meta name=\"twitter:data1\" content=\"1 minuto\" \/>\n<script type=\"application\/ld+json\" class=\"yoast-schema-graph\">{\"@context\":\"https:\\\/\\\/schema.org\",\"@graph\":[{\"@type\":\"WebPage\",\"@id\":\"https:\\\/\\\/www.cruillabarcelona.cat\\\/es\\\/artists\\\/dermot-kennedy\\\/\",\"url\":\"https:\\\/\\\/www.cruillabarcelona.cat\\\/es\\\/artists\\\/dermot-kennedy\\\/\",\"name\":\"Dermot Kennedy en concierto en el Festival Cru\u00eflla 2019. 5 de julio\",\"isPartOf\":{\"@id\":\"https:\\\/\\\/www.cruillabarcelona.cat\\\/es\\\/#website\"},\"primaryImageOfPage\":{\"@id\":\"https:\\\/\\\/www.cruillabarcelona.cat\\\/es\\\/artists\\\/dermot-kennedy\\\/#primaryimage\"},\"image\":{\"@id\":\"https:\\\/\\\/www.cruillabarcelona.cat\\\/es\\\/artists\\\/dermot-kennedy\\\/#primaryimage\"},\"thumbnailUrl\":\"https:\\\/\\\/www.cruillabarcelona.cat\\\/wp-content\\\/uploads\\\/2019\\\/04\\\/31_Dermont_Kennedy_Foto_Neta.jpg\",\"datePublished\":\"2019-04-02T08:58:06+00:00\",\"dateModified\":\"2019-05-13T15:53:11+00:00\",\"description\":\"Compra entradas para el concierto de Dermot Kennedy en Barcelona. El viernes 5 de julio de 2019 en el Festival Cru\u00eflla, en el Parc del F\u00f2rum\",\"breadcrumb\":{\"@id\":\"https:\\\/\\\/www.cruillabarcelona.cat\\\/es\\\/artists\\\/dermot-kennedy\\\/#breadcrumb\"},\"inLanguage\":\"es\",\"potentialAction\":[{\"@type\":\"ReadAction\",\"target\":[\"https:\\\/\\\/www.cruillabarcelona.cat\\\/es\\\/artists\\\/dermot-kennedy\\\/\"]}]},{\"@type\":\"ImageObject\",\"inLanguage\":\"es\",\"@id\":\"https:\\\/\\\/www.cruillabarcelona.cat\\\/es\\\/artists\\\/dermot-kennedy\\\/#primaryimage\",\"url\":\"https:\\\/\\\/www.cruillabarcelona.cat\\\/wp-content\\\/uploads\\\/2019\\\/04\\\/31_Dermont_Kennedy_Foto_Neta.jpg\",\"contentUrl\":\"https:\\\/\\\/www.cruillabarcelona.cat\\\/wp-content\\\/uploads\\\/2019\\\/04\\\/31_Dermont_Kennedy_Foto_Neta.jpg\",\"width\":1200,\"height\":1200,\"caption\":\"Dermot Kennedy\"},{\"@type\":\"BreadcrumbList\",\"@id\":\"https:\\\/\\\/www.cruillabarcelona.cat\\\/es\\\/artists\\\/dermot-kennedy\\\/#breadcrumb\",\"itemListElement\":[{\"@type\":\"ListItem\",\"position\":1,\"name\":\"Home\",\"item\":\"https:\\\/\\\/www.cruillabarcelona.cat\\\/es\\\/\"},{\"@type\":\"ListItem\",\"position\":2,\"name\":\"Dermot Kennedy\"}]},{\"@type\":\"WebSite\",\"@id\":\"https:\\\/\\\/www.cruillabarcelona.cat\\\/es\\\/#website\",\"url\":\"https:\\\/\\\/www.cruillabarcelona.cat\\\/es\\\/\",\"name\":\"Festival Cru\u00eflla\",\"description\":\"\",\"publisher\":{\"@id\":\"https:\\\/\\\/www.cruillabarcelona.cat\\\/es\\\/#organization\"},\"potentialAction\":[{\"@type\":\"SearchAction\",\"target\":{\"@type\":\"EntryPoint\",\"urlTemplate\":\"https:\\\/\\\/www.cruillabarcelona.cat\\\/es\\\/?s={search_term_string}\"},\"query-input\":{\"@type\":\"PropertyValueSpecification\",\"valueRequired\":true,\"valueName\":\"search_term_string\"}}],\"inLanguage\":\"es\"},{\"@type\":\"Organization\",\"@id\":\"https:\\\/\\\/www.cruillabarcelona.cat\\\/es\\\/#organization\",\"name\":\"Festival Cru\u00eflla\",\"url\":\"https:\\\/\\\/www.cruillabarcelona.cat\\\/es\\\/\",\"logo\":{\"@type\":\"ImageObject\",\"inLanguage\":\"es\",\"@id\":\"https:\\\/\\\/www.cruillabarcelona.cat\\\/es\\\/#\\\/schema\\\/logo\\\/image\\\/\",\"url\":\"https:\\\/\\\/www.cruillabarcelona.cat\\\/wp-content\\\/uploads\\\/2025\\\/12\\\/cruill-logo-negativo.png\",\"contentUrl\":\"https:\\\/\\\/www.cruillabarcelona.cat\\\/wp-content\\\/uploads\\\/2025\\\/12\\\/cruill-logo-negativo.png\",\"width\":400,\"height\":101,\"caption\":\"Festival Cru\u00eflla\"},\"image\":{\"@id\":\"https:\\\/\\\/www.cruillabarcelona.cat\\\/es\\\/#\\\/schema\\\/logo\\\/image\\\/\"}}]}<\/script>\n<!-- \/ Yoast SEO plugin. -->","yoast_head_json":{"title":"Dermot Kennedy en concierto en el Festival Cru\u00eflla 2019. 5 de julio","description":"Compra entradas para el concierto de Dermot Kennedy en Barcelona. El viernes 5 de julio de 2019 en el Festival Cru\u00eflla, en el Parc del F\u00f2rum","robots":{"index":"index","follow":"follow","max-snippet":"max-snippet:-1","max-image-preview":"max-image-preview:large","max-video-preview":"max-video-preview:-1"},"canonical":"https:\/\/www.cruillabarcelona.cat\/es\/artists\/dermot-kennedy\/","og_locale":"es_ES","og_type":"article","og_title":"Dermot Kennedy en concierto en el Festival Cru\u00eflla 2019. 5 de julio","og_description":"Compra entradas para el concierto de Dermot Kennedy en Barcelona. El viernes 5 de julio de 2019 en el Festival Cru\u00eflla, en el Parc del F\u00f2rum","og_url":"https:\/\/www.cruillabarcelona.cat\/es\/artists\/dermot-kennedy\/","og_site_name":"Festival Cru\u00eflla","article_modified_time":"2019-05-13T15:53:11+00:00","og_image":[{"width":1200,"height":1200,"url":"https:\/\/www.cruillabarcelona.cat\/wp-content\/uploads\/2019\/04\/31_Dermont_Kennedy_Foto_Neta.jpg","type":"image\/jpeg"}],"twitter_card":"summary_large_image","twitter_misc":{"Tiempo de lectura":"1 minuto"},"schema":{"@context":"https:\/\/schema.org","@graph":[{"@type":"WebPage","@id":"https:\/\/www.cruillabarcelona.cat\/es\/artists\/dermot-kennedy\/","url":"https:\/\/www.cruillabarcelona.cat\/es\/artists\/dermot-kennedy\/","name":"Dermot Kennedy en concierto en el Festival Cru\u00eflla 2019. 5 de julio","isPartOf":{"@id":"https:\/\/www.cruillabarcelona.cat\/es\/#website"},"primaryImageOfPage":{"@id":"https:\/\/www.cruillabarcelona.cat\/es\/artists\/dermot-kennedy\/#primaryimage"},"image":{"@id":"https:\/\/www.cruillabarcelona.cat\/es\/artists\/dermot-kennedy\/#primaryimage"},"thumbnailUrl":"https:\/\/www.cruillabarcelona.cat\/wp-content\/uploads\/2019\/04\/31_Dermont_Kennedy_Foto_Neta.jpg","datePublished":"2019-04-02T08:58:06+00:00","dateModified":"2019-05-13T15:53:11+00:00","description":"Compra entradas para el concierto de Dermot Kennedy en Barcelona. El viernes 5 de julio de 2019 en el Festival Cru\u00eflla, en el Parc del F\u00f2rum","breadcrumb":{"@id":"https:\/\/www.cruillabarcelona.cat\/es\/artists\/dermot-kennedy\/#breadcrumb"},"inLanguage":"es","potentialAction":[{"@type":"ReadAction","target":["https:\/\/www.cruillabarcelona.cat\/es\/artists\/dermot-kennedy\/"]}]},{"@type":"ImageObject","inLanguage":"es","@id":"https:\/\/www.cruillabarcelona.cat\/es\/artists\/dermot-kennedy\/#primaryimage","url":"https:\/\/www.cruillabarcelona.cat\/wp-content\/uploads\/2019\/04\/31_Dermont_Kennedy_Foto_Neta.jpg","contentUrl":"https:\/\/www.cruillabarcelona.cat\/wp-content\/uploads\/2019\/04\/31_Dermont_Kennedy_Foto_Neta.jpg","width":1200,"height":1200,"caption":"Dermot Kennedy"},{"@type":"BreadcrumbList","@id":"https:\/\/www.cruillabarcelona.cat\/es\/artists\/dermot-kennedy\/#breadcrumb","itemListElement":[{"@type":"ListItem","position":1,"name":"Home","item":"https:\/\/www.cruillabarcelona.cat\/es\/"},{"@type":"ListItem","position":2,"name":"Dermot Kennedy"}]},{"@type":"WebSite","@id":"https:\/\/www.cruillabarcelona.cat\/es\/#website","url":"https:\/\/www.cruillabarcelona.cat\/es\/","name":"Festival Cru\u00eflla","description":"","publisher":{"@id":"https:\/\/www.cruillabarcelona.cat\/es\/#organization"},"potentialAction":[{"@type":"SearchAction","target":{"@type":"EntryPoint","urlTemplate":"https:\/\/www.cruillabarcelona.cat\/es\/?s={search_term_string}"},"query-input":{"@type":"PropertyValueSpecification","valueRequired":true,"valueName":"search_term_string"}}],"inLanguage":"es"},{"@type":"Organization","@id":"https:\/\/www.cruillabarcelona.cat\/es\/#organization","name":"Festival Cru\u00eflla","url":"https:\/\/www.cruillabarcelona.cat\/es\/","logo":{"@type":"ImageObject","inLanguage":"es","@id":"https:\/\/www.cruillabarcelona.cat\/es\/#\/schema\/logo\/image\/","url":"https:\/\/www.cruillabarcelona.cat\/wp-content\/uploads\/2025\/12\/cruill-logo-negativo.png","contentUrl":"https:\/\/www.cruillabarcelona.cat\/wp-content\/uploads\/2025\/12\/cruill-logo-negativo.png","width":400,"height":101,"caption":"Festival Cru\u00eflla"},"image":{"@id":"https:\/\/www.cruillabarcelona.cat\/es\/#\/schema\/logo\/image\/"}}]}},"_links":{"self":[{"href":"https:\/\/www.cruillabarcelona.cat\/es\/wp-json\/wp\/v2\/artists\/22459","targetHints":{"allow":["GET"]}}],"collection":[{"href":"https:\/\/www.cruillabarcelona.cat\/es\/wp-json\/wp\/v2\/artists"}],"about":[{"href":"https:\/\/www.cruillabarcelona.cat\/es\/wp-json\/wp\/v2\/types\/artists"}],"acf:term":[{"embeddable":true,"taxonomy":"artists_location","href":"https:\/\/www.cruillabarcelona.cat\/es\/wp-json\/wp\/v2\/artists_location\/591"},{"embeddable":true,"taxonomy":"artists_edition","href":"https:\/\/www.cruillabarcelona.cat\/es\/wp-json\/wp\/v2\/artists_edition\/729"}],"wp:featuredmedia":[{"embeddable":true,"href":"https:\/\/www.cruillabarcelona.cat\/es\/wp-json\/wp\/v2\/media\/22575"}],"wp:attachment":[{"href":"https:\/\/www.cruillabarcelona.cat\/es\/wp-json\/wp\/v2\/media?parent=22459"}],"wp:term":[{"taxonomy":"artists_edition","embeddable":true,"href":"https:\/\/www.cruillabarcelona.cat\/es\/wp-json\/wp\/v2\/artists_edition?post=22459"}],"curies":[{"name":"wp","href":"https:\/\/api.w.org\/{rel}","templated":true}]}}