{"id":22533,"date":"2019-04-02T10:55:56","date_gmt":"2019-04-02T08:55:56","guid":{"rendered":"https:\/\/www.cruillabarcelona.cat\/?post_type=artists&#038;p=22533"},"modified":"2019-05-14T10:27:46","modified_gmt":"2019-05-14T08:27:46","slug":"el-petit-de-cal-eril","status":"publish","type":"artists","link":"https:\/\/www.cruillabarcelona.cat\/es\/artists\/el-petit-de-cal-eril\/","title":{"rendered":"El Petit de Cal Eril"},"content":{"rendered":"<h2>El maestro de las historias honestas<\/h2>\n<p>El <strong>Petit de Cal Eril<\/strong> nunca enga\u00f1a a nadie. Si alguna cosa transmiten sus letras es <strong>sinceridad<\/strong>. Por eso, el m\u00fasico no tiene miedo a experimentar con cada disco y con cada canci\u00f3n, solo para ser fiel a<strong> cada fase de su vida<\/strong>.<\/p>\n<p>As\u00ed, le hemos visto evolucionar desde la <strong>inocencia<\/strong> de su \u00e1lbum de debut, <em>Per qu\u00e8 es grillen les patates?, <\/em>hasta el <strong>misticismo<\/strong> de <em>Vol i dol<\/em>, el <strong>optimismo<\/strong> de <em>La figura del buit<\/em> y, ahora, hasta la i<strong>ntrospecci\u00f3n<\/strong> en un tono m\u00e1s serio y psicod\u00e9lico con su \u00faltimo disco: <em>El disc triangular.<\/em><\/p>\n<p>Pero si hay alguna cosa que ha destacado durante toda su trayectoria musical ha sido el elemento de\u00a0<strong>sorpresa<\/strong>. Manteniendo algunos elementos b\u00e1sicos del<strong> folk<\/strong>, El Petit de Cal Eril ha conseguido que <strong>cada uno de sus discos tenga un sonido particular<\/strong>. Que nos transporte a un momento diferente, a un estado an\u00edmico diferente. Y, lo m\u00e1s importante, que nos explique una <strong>historia diferente<\/strong>.<\/p>\n<p>Porque El Petit de Cal Eril, por encima de todo, <strong>es un maestro explicando historias<\/strong>. Historias honestas y personales. Y el pr\u00f3ximo 6 de julio las compartir\u00e1 con el p\u00fablico del Cru\u00eflla en el Parc del F\u00f2rum.<\/p>\n<p>Adem\u00e1s, con tu entrada del s\u00e1bado tambi\u00e9n podr\u00e1s ver los conciertos de <a href=\"https:\/\/www.cruillabarcelona.cat\/es\/artists\/kylie-minogue\/\" target=\"_blank\" rel=\"noopener noreferrer\">Kylie Minogue<\/a>, <a href=\"https:\/\/www.cruillabarcelona.cat\/es\/artists\/love-of-lesbian\/\" target=\"_blank\" rel=\"noopener noreferrer\">Love of Lesbian<\/a>, <a href=\"https:\/\/www.cruillabarcelona.cat\/es\/artists\/parov-stelar-2019\/\" target=\"_blank\" rel=\"noopener noreferrer\">Parov Stelar<\/a> y muchos m\u00e1s artistas.<\/p>\n<hr \/>\n<p style=\"text-align: center;\"><em>Compra aqu\u00ed tu entrada del mi\u00e9rcoles o, si quieres vivir la experiencia completa, consigue uno de los abonos del festival.<\/em><\/p>\n<p style=\"text-align: center;\"><a class=\"efsbutton button \" target=\"_blank\">ENTRADAS<\/a><\/p>\n<hr \/>\n<p>El Petit de Cal Eril har\u00e1 un repaso por sus <strong>temas m\u00e1s cl\u00e1sicos, junto a las nuevas canciones<\/strong> de\u00a0<em>El disc triangular<\/em>. Un disco que, de hecho, es una trilog\u00eda de EPs, con 3 canciones in\u00e9ditas cada uno y con un total de 3 videoclips que explican una <strong>\u00fanica historia<\/strong>.<\/p>\n<p>\u00a1No te puedes perder la <strong>primera parada en Barcelona<\/strong> de la nueva gira de El Petit de Cal Eril! D\u00e9jate conquistar por su honestidad ecl\u00e9ctica y explora el bagaje emocional de sus historias.<\/p>\n<!-- auto-added video if acf\/single-artist-video not used  --> <iframe style=\"width: 100%;max-width: 100%;height: auto;aspect-ratio: 16 \/ 9;\" src=\"https:\/\/www.youtube-nocookie.com\/embed\/llt56MOXkw4\" frameborder=\"0\" allow=\"accelerometer; autoplay; encrypted-media; gyroscope; picture-in-picture\" allowfullscreen><\/iframe>","protected":false},"featured_media":22722,"template":"","meta":{"_acf_changed":false},"artists_edition":[729],"class_list":["post-22533","artists","type-artists","status-publish","has-post-thumbnail","hentry","artists_location-radio-3","artists_edition-729"],"acf":{"_thumbnail_id":22722,"youtube_player":"llt56MOXkw4","artist_edition":[729],"artist_date":"20190706","artist_time":"20:15:00","artist_time_2":"","artist_location":[591],"artist_ticket_url":"https:\/\/cruilla.seetickets.com\/event\/entrada-dissabte\/parc-del-forum-barcelona\/1278180?lang=es-ES","artist_ticket_status":"","artist_extra_date__show":false,"artist_extra_date_2":null,"artist_time_of_date2":"","artist_extra_date_3":null,"artist_time_of_date3":"","artist_extra_date_4":null,"artist_time_of_date4":"","artist_extra_date_5":null,"artist_time_of_date5":"","artist_date__show_month":false,"artist_sidebar_active":false,"show_in_agenda":false,"artist_sidebar__banner_img":null,"artist_sidebar__banner_link":"","artist_hero_content":"<p style=\"text-align: center;\">S\u00e1bado 6 de julio en el Festival Cru\u00eflla<\/p>","artist_style":false,"artist_nationality":false,"artist_audience_age":false},"yoast_head":"<!-- This site is optimized with the Yoast SEO plugin v27.5 - https:\/\/yoast.com\/product\/yoast-seo-wordpress\/ -->\n<title>El Petit de Cal Eril en concierto en el Festival Cru\u00eflla. S\u00e1bado 6 de julio<\/title>\n<meta name=\"description\" content=\"Compra entradas para el concierto de El Petit de Cal Eril en Barcelona. El s\u00e1bado 6 de julio de 2019 en el Festival Cru\u00eflla, en el Parc del F\u00f2rum\" \/>\n<meta name=\"robots\" content=\"index, follow, max-snippet:-1, max-image-preview:large, max-video-preview:-1\" \/>\n<link rel=\"canonical\" href=\"https:\/\/www.cruillabarcelona.cat\/es\/artists\/el-petit-de-cal-eril\/\" \/>\n<meta property=\"og:locale\" content=\"es_ES\" \/>\n<meta property=\"og:type\" content=\"article\" \/>\n<meta property=\"og:title\" content=\"El Petit de Cal Eril en concierto en el Festival Cru\u00eflla. S\u00e1bado 6 de julio\" \/>\n<meta property=\"og:description\" content=\"Compra entradas para el concierto de El Petit de Cal Eril en Barcelona. El s\u00e1bado 6 de julio de 2019 en el Festival Cru\u00eflla, en el Parc del F\u00f2rum\" \/>\n<meta property=\"og:url\" content=\"https:\/\/www.cruillabarcelona.cat\/es\/artists\/el-petit-de-cal-eril\/\" \/>\n<meta property=\"og:site_name\" content=\"Festival Cru\u00eflla\" \/>\n<meta property=\"article:modified_time\" content=\"2019-05-14T08:27:46+00:00\" \/>\n<meta property=\"og:image\" content=\"https:\/\/www.cruillabarcelona.cat\/wp-content\/uploads\/2019\/04\/37_ElPetitDeCalEril_Foto_Neta.jpg\" \/>\n\t<meta property=\"og:image:width\" content=\"1200\" \/>\n\t<meta property=\"og:image:height\" content=\"1200\" \/>\n\t<meta property=\"og:image:type\" content=\"image\/jpeg\" \/>\n<meta name=\"twitter:card\" content=\"summary_large_image\" \/>\n<meta name=\"twitter:label1\" content=\"Tiempo de lectura\" \/>\n\t<meta name=\"twitter:data1\" content=\"2 minutos\" \/>\n<script type=\"application\/ld+json\" class=\"yoast-schema-graph\">{\"@context\":\"https:\\\/\\\/schema.org\",\"@graph\":[{\"@type\":\"WebPage\",\"@id\":\"https:\\\/\\\/www.cruillabarcelona.cat\\\/es\\\/artists\\\/el-petit-de-cal-eril\\\/\",\"url\":\"https:\\\/\\\/www.cruillabarcelona.cat\\\/es\\\/artists\\\/el-petit-de-cal-eril\\\/\",\"name\":\"El Petit de Cal Eril en concierto en el Festival Cru\u00eflla. S\u00e1bado 6 de julio\",\"isPartOf\":{\"@id\":\"https:\\\/\\\/www.cruillabarcelona.cat\\\/es\\\/#website\"},\"primaryImageOfPage\":{\"@id\":\"https:\\\/\\\/www.cruillabarcelona.cat\\\/es\\\/artists\\\/el-petit-de-cal-eril\\\/#primaryimage\"},\"image\":{\"@id\":\"https:\\\/\\\/www.cruillabarcelona.cat\\\/es\\\/artists\\\/el-petit-de-cal-eril\\\/#primaryimage\"},\"thumbnailUrl\":\"https:\\\/\\\/www.cruillabarcelona.cat\\\/wp-content\\\/uploads\\\/2019\\\/04\\\/37_ElPetitDeCalEril_Foto_Neta.jpg\",\"datePublished\":\"2019-04-02T08:55:56+00:00\",\"dateModified\":\"2019-05-14T08:27:46+00:00\",\"description\":\"Compra entradas para el concierto de El Petit de Cal Eril en Barcelona. El s\u00e1bado 6 de julio de 2019 en el Festival Cru\u00eflla, en el Parc del F\u00f2rum\",\"breadcrumb\":{\"@id\":\"https:\\\/\\\/www.cruillabarcelona.cat\\\/es\\\/artists\\\/el-petit-de-cal-eril\\\/#breadcrumb\"},\"inLanguage\":\"es\",\"potentialAction\":[{\"@type\":\"ReadAction\",\"target\":[\"https:\\\/\\\/www.cruillabarcelona.cat\\\/es\\\/artists\\\/el-petit-de-cal-eril\\\/\"]}]},{\"@type\":\"ImageObject\",\"inLanguage\":\"es\",\"@id\":\"https:\\\/\\\/www.cruillabarcelona.cat\\\/es\\\/artists\\\/el-petit-de-cal-eril\\\/#primaryimage\",\"url\":\"https:\\\/\\\/www.cruillabarcelona.cat\\\/wp-content\\\/uploads\\\/2019\\\/04\\\/37_ElPetitDeCalEril_Foto_Neta.jpg\",\"contentUrl\":\"https:\\\/\\\/www.cruillabarcelona.cat\\\/wp-content\\\/uploads\\\/2019\\\/04\\\/37_ElPetitDeCalEril_Foto_Neta.jpg\",\"width\":1200,\"height\":1200,\"caption\":\"El Petit de Cal Eril\"},{\"@type\":\"BreadcrumbList\",\"@id\":\"https:\\\/\\\/www.cruillabarcelona.cat\\\/es\\\/artists\\\/el-petit-de-cal-eril\\\/#breadcrumb\",\"itemListElement\":[{\"@type\":\"ListItem\",\"position\":1,\"name\":\"Home\",\"item\":\"https:\\\/\\\/www.cruillabarcelona.cat\\\/es\\\/\"},{\"@type\":\"ListItem\",\"position\":2,\"name\":\"El Petit de Cal Eril\"}]},{\"@type\":\"WebSite\",\"@id\":\"https:\\\/\\\/www.cruillabarcelona.cat\\\/es\\\/#website\",\"url\":\"https:\\\/\\\/www.cruillabarcelona.cat\\\/es\\\/\",\"name\":\"Festival Cru\u00eflla\",\"description\":\"\",\"publisher\":{\"@id\":\"https:\\\/\\\/www.cruillabarcelona.cat\\\/es\\\/#organization\"},\"potentialAction\":[{\"@type\":\"SearchAction\",\"target\":{\"@type\":\"EntryPoint\",\"urlTemplate\":\"https:\\\/\\\/www.cruillabarcelona.cat\\\/es\\\/?s={search_term_string}\"},\"query-input\":{\"@type\":\"PropertyValueSpecification\",\"valueRequired\":true,\"valueName\":\"search_term_string\"}}],\"inLanguage\":\"es\"},{\"@type\":\"Organization\",\"@id\":\"https:\\\/\\\/www.cruillabarcelona.cat\\\/es\\\/#organization\",\"name\":\"Festival Cru\u00eflla\",\"url\":\"https:\\\/\\\/www.cruillabarcelona.cat\\\/es\\\/\",\"logo\":{\"@type\":\"ImageObject\",\"inLanguage\":\"es\",\"@id\":\"https:\\\/\\\/www.cruillabarcelona.cat\\\/es\\\/#\\\/schema\\\/logo\\\/image\\\/\",\"url\":\"https:\\\/\\\/www.cruillabarcelona.cat\\\/wp-content\\\/uploads\\\/2025\\\/12\\\/cruill-logo-negativo.png\",\"contentUrl\":\"https:\\\/\\\/www.cruillabarcelona.cat\\\/wp-content\\\/uploads\\\/2025\\\/12\\\/cruill-logo-negativo.png\",\"width\":400,\"height\":101,\"caption\":\"Festival Cru\u00eflla\"},\"image\":{\"@id\":\"https:\\\/\\\/www.cruillabarcelona.cat\\\/es\\\/#\\\/schema\\\/logo\\\/image\\\/\"}}]}<\/script>\n<!-- \/ Yoast SEO plugin. -->","yoast_head_json":{"title":"El Petit de Cal Eril en concierto en el Festival Cru\u00eflla. S\u00e1bado 6 de julio","description":"Compra entradas para el concierto de El Petit de Cal Eril en Barcelona. El s\u00e1bado 6 de julio de 2019 en el Festival Cru\u00eflla, en el Parc del F\u00f2rum","robots":{"index":"index","follow":"follow","max-snippet":"max-snippet:-1","max-image-preview":"max-image-preview:large","max-video-preview":"max-video-preview:-1"},"canonical":"https:\/\/www.cruillabarcelona.cat\/es\/artists\/el-petit-de-cal-eril\/","og_locale":"es_ES","og_type":"article","og_title":"El Petit de Cal Eril en concierto en el Festival Cru\u00eflla. S\u00e1bado 6 de julio","og_description":"Compra entradas para el concierto de El Petit de Cal Eril en Barcelona. El s\u00e1bado 6 de julio de 2019 en el Festival Cru\u00eflla, en el Parc del F\u00f2rum","og_url":"https:\/\/www.cruillabarcelona.cat\/es\/artists\/el-petit-de-cal-eril\/","og_site_name":"Festival Cru\u00eflla","article_modified_time":"2019-05-14T08:27:46+00:00","og_image":[{"width":1200,"height":1200,"url":"https:\/\/www.cruillabarcelona.cat\/wp-content\/uploads\/2019\/04\/37_ElPetitDeCalEril_Foto_Neta.jpg","type":"image\/jpeg"}],"twitter_card":"summary_large_image","twitter_misc":{"Tiempo de lectura":"2 minutos"},"schema":{"@context":"https:\/\/schema.org","@graph":[{"@type":"WebPage","@id":"https:\/\/www.cruillabarcelona.cat\/es\/artists\/el-petit-de-cal-eril\/","url":"https:\/\/www.cruillabarcelona.cat\/es\/artists\/el-petit-de-cal-eril\/","name":"El Petit de Cal Eril en concierto en el Festival Cru\u00eflla. S\u00e1bado 6 de julio","isPartOf":{"@id":"https:\/\/www.cruillabarcelona.cat\/es\/#website"},"primaryImageOfPage":{"@id":"https:\/\/www.cruillabarcelona.cat\/es\/artists\/el-petit-de-cal-eril\/#primaryimage"},"image":{"@id":"https:\/\/www.cruillabarcelona.cat\/es\/artists\/el-petit-de-cal-eril\/#primaryimage"},"thumbnailUrl":"https:\/\/www.cruillabarcelona.cat\/wp-content\/uploads\/2019\/04\/37_ElPetitDeCalEril_Foto_Neta.jpg","datePublished":"2019-04-02T08:55:56+00:00","dateModified":"2019-05-14T08:27:46+00:00","description":"Compra entradas para el concierto de El Petit de Cal Eril en Barcelona. El s\u00e1bado 6 de julio de 2019 en el Festival Cru\u00eflla, en el Parc del F\u00f2rum","breadcrumb":{"@id":"https:\/\/www.cruillabarcelona.cat\/es\/artists\/el-petit-de-cal-eril\/#breadcrumb"},"inLanguage":"es","potentialAction":[{"@type":"ReadAction","target":["https:\/\/www.cruillabarcelona.cat\/es\/artists\/el-petit-de-cal-eril\/"]}]},{"@type":"ImageObject","inLanguage":"es","@id":"https:\/\/www.cruillabarcelona.cat\/es\/artists\/el-petit-de-cal-eril\/#primaryimage","url":"https:\/\/www.cruillabarcelona.cat\/wp-content\/uploads\/2019\/04\/37_ElPetitDeCalEril_Foto_Neta.jpg","contentUrl":"https:\/\/www.cruillabarcelona.cat\/wp-content\/uploads\/2019\/04\/37_ElPetitDeCalEril_Foto_Neta.jpg","width":1200,"height":1200,"caption":"El Petit de Cal Eril"},{"@type":"BreadcrumbList","@id":"https:\/\/www.cruillabarcelona.cat\/es\/artists\/el-petit-de-cal-eril\/#breadcrumb","itemListElement":[{"@type":"ListItem","position":1,"name":"Home","item":"https:\/\/www.cruillabarcelona.cat\/es\/"},{"@type":"ListItem","position":2,"name":"El Petit de Cal Eril"}]},{"@type":"WebSite","@id":"https:\/\/www.cruillabarcelona.cat\/es\/#website","url":"https:\/\/www.cruillabarcelona.cat\/es\/","name":"Festival Cru\u00eflla","description":"","publisher":{"@id":"https:\/\/www.cruillabarcelona.cat\/es\/#organization"},"potentialAction":[{"@type":"SearchAction","target":{"@type":"EntryPoint","urlTemplate":"https:\/\/www.cruillabarcelona.cat\/es\/?s={search_term_string}"},"query-input":{"@type":"PropertyValueSpecification","valueRequired":true,"valueName":"search_term_string"}}],"inLanguage":"es"},{"@type":"Organization","@id":"https:\/\/www.cruillabarcelona.cat\/es\/#organization","name":"Festival Cru\u00eflla","url":"https:\/\/www.cruillabarcelona.cat\/es\/","logo":{"@type":"ImageObject","inLanguage":"es","@id":"https:\/\/www.cruillabarcelona.cat\/es\/#\/schema\/logo\/image\/","url":"https:\/\/www.cruillabarcelona.cat\/wp-content\/uploads\/2025\/12\/cruill-logo-negativo.png","contentUrl":"https:\/\/www.cruillabarcelona.cat\/wp-content\/uploads\/2025\/12\/cruill-logo-negativo.png","width":400,"height":101,"caption":"Festival Cru\u00eflla"},"image":{"@id":"https:\/\/www.cruillabarcelona.cat\/es\/#\/schema\/logo\/image\/"}}]}},"_links":{"self":[{"href":"https:\/\/www.cruillabarcelona.cat\/es\/wp-json\/wp\/v2\/artists\/22533","targetHints":{"allow":["GET"]}}],"collection":[{"href":"https:\/\/www.cruillabarcelona.cat\/es\/wp-json\/wp\/v2\/artists"}],"about":[{"href":"https:\/\/www.cruillabarcelona.cat\/es\/wp-json\/wp\/v2\/types\/artists"}],"acf:term":[{"embeddable":true,"taxonomy":"artists_location","href":"https:\/\/www.cruillabarcelona.cat\/es\/wp-json\/wp\/v2\/artists_location\/591"},{"embeddable":true,"taxonomy":"artists_edition","href":"https:\/\/www.cruillabarcelona.cat\/es\/wp-json\/wp\/v2\/artists_edition\/729"}],"wp:featuredmedia":[{"embeddable":true,"href":"https:\/\/www.cruillabarcelona.cat\/es\/wp-json\/wp\/v2\/media\/22722"}],"wp:attachment":[{"href":"https:\/\/www.cruillabarcelona.cat\/es\/wp-json\/wp\/v2\/media?parent=22533"}],"wp:term":[{"taxonomy":"artists_edition","embeddable":true,"href":"https:\/\/www.cruillabarcelona.cat\/es\/wp-json\/wp\/v2\/artists_edition?post=22533"}],"curies":[{"name":"wp","href":"https:\/\/api.w.org\/{rel}","templated":true}]}}