{"id":25539,"date":"2019-06-06T11:50:04","date_gmt":"2019-06-06T09:50:04","guid":{"rendered":"https:\/\/www.cruillabarcelona.cat\/?post_type=artists&#038;p=25539"},"modified":"2019-06-07T11:12:29","modified_gmt":"2019-06-07T09:12:29","slug":"tarana-burke","status":"publish","type":"artists","link":"https:\/\/www.cruillabarcelona.cat\/es\/artists\/tarana-burke\/","title":{"rendered":"Tarana Burke"},"content":{"rendered":"<h2>El #MeToo, \u00bfun momento o un movimiento?<\/h2>\n<p>Un\u00a0<strong>movimiento de supervivientes<\/strong>. Millones de v\u00edctimas de violencia sexual que piden que se acabe la impunidad de los agresores con una sola voz. El #MeToo es una\u00a0<strong>v\u00eda para encontrar comprensi\u00f3n y apoyo<\/strong>.<\/p>\n<p>\u00abMi visi\u00f3n para el movimiento\u00a0<strong>#MeToo<\/strong> es parte de una visi\u00f3n colectiva para conseguir un mundo libre de violencia sexual\u00bb. As\u00ed lo explica\u00a0<strong>Tarana Burke, fundadora de este movimiento en 2006<\/strong>.<\/p>\n<p>Ella es muy consciente de las implicaciones psicol\u00f3gicas que tiene la\u00a0<strong>violencia sexual machista<\/strong>, ya que la experiment\u00f3 hasta tres veces cuando era joven. Se sent\u00eda sola y desprotegida, pero consigui\u00f3 encontrar el camino a la superaci\u00f3n gracias a la ayuda de las personas que la apoyaron en los momentos de necesidad. De esta\u00a0<strong>sensaci\u00f3n de apoyo<\/strong> naci\u00f3 su\u00a0<strong>activismo<\/strong> y la necesidad de crear una <strong>comunidad<\/strong> que acompa\u00f1ara a las v\u00edctimas.<\/p>\n<p>Por eso, en 2006 decidi\u00f3 fundar\u00a0<strong>Just Be Inc<\/strong>, una organizaci\u00f3n juvenil sin \u00e1nimo de lucro y centrada en mujeres negras que, desde entonces, da apoyo a las v\u00edctimas de violencia sexual machista bajo el lema\u00a0<em><strong>Me<\/strong><\/em><strong><em> Too<\/em>.<\/strong><\/p>\n<p>Pero el lema no adquiri\u00f3 potencia medi\u00e1tica y difusi\u00f3n global hasta que,\u00a0<strong>en 2017, la actriz Alyssa Milano<\/strong> anim\u00f3 a las mujeres de todo el mundo a que denunciaran las situaciones de agresi\u00f3n o acoso sexual que hab\u00edan sufrido en su vida usando estas dos palabras.<\/p>\n<p>Desde entonces la repercusi\u00f3n que ha tenido el\u00a0<em>Me Too<\/em> alrededor del mundo ha sido espectacular.\u00a0<strong>Muchas personalidades p\u00fablicas<\/strong> se han sumado a esta campa\u00f1a, que ha servido para destapar\u00a0<strong>casos de agresiones sexuales masivas<\/strong> como el del productor de Hollywood Harvey Weinstein.<\/p>\n<p>A\u00fan as\u00ed, Burke es muy prudente con esta repercusi\u00f3n global, porque asegura que es peligroso que las mujeres \u00abrevelen su estatus de supervivientes en las redes sociales y\u00a0<strong>no tengan un espacio para procesarlo<\/strong>\u00ab. Por eso, asegura que no se debe perder nunca la esencia original del movimiento:\u00a0<strong>ayudar a las v\u00edctimas y acabar con la violencia sexual<\/strong>.<\/p>\n<p>El movimiento\u00a0<em>Me Too<\/em> sigue m\u00e1s vivo que nunca y, el pr\u00f3ximo 1 de julio, lo analizaremos en profundidad en el\u00a0<strong>Cru\u00eflla Talks<\/strong>.<\/p>\n<ul>\n<li><strong>Tarana Burke<\/strong> entrevistada por <strong>Luc\u00eda Lijtmaer<\/strong>.<\/li>\n<li><strong>Cu\u00e1ndo y d\u00f3nde<\/strong>: Lunes 1 de julio a las 19h en el CCCB.<\/li>\n<li><strong>Duraci\u00f3n<\/strong>: 60 minutos con preguntas del p\u00fablico.<\/li>\n<li><strong>Precio de la entrada<\/strong>: Donaci\u00f3n de 2\u20ac a la ONG Proactiva Open Arms. Entradas disponibles en taquilla.<\/li>\n<\/ul>\n<p style=\"text-align: center;\"><a class=\"efsbutton button \" target=\"_blank\">ENTRADAS<\/a><\/p>\n","protected":false},"featured_media":25496,"template":"","meta":{"_acf_changed":false},"artists_edition":[774],"class_list":["post-25539","artists","type-artists","status-publish","has-post-thumbnail","hentry","artists_location-cccb","artists_edition-2019-talks"],"acf":{"_thumbnail_id":25496,"youtube_player":"","artist_edition":[774],"artist_date":"20190701","artist_time":"19:00:00","artist_time_2":"","artist_location":[776],"artist_ticket_url":"https:\/\/cruillatalks.seetickets.com\/event\/cru-lla-talks-tarana-burke\/cccb\/1390848?direct=true","artist_ticket_status":"","artist_extra_date__show":false,"artist_extra_date_2":null,"artist_time_of_date2":"","artist_extra_date_3":null,"artist_time_of_date3":"","artist_extra_date_4":null,"artist_time_of_date4":"","artist_extra_date_5":null,"artist_time_of_date5":"","artist_date__show_month":true,"artist_sidebar_active":false,"show_in_agenda":false,"artist_sidebar__banner_img":null,"artist_sidebar__banner_link":"","artist_hero_content":"Fundadora del #MeToo, entrevistada por Luc\u00eda Lijtmaer","artist_style":false,"artist_nationality":false,"artist_audience_age":false},"yoast_head":"<!-- This site is optimized with the Yoast SEO plugin v27.5 - https:\/\/yoast.com\/product\/yoast-seo-wordpress\/ -->\n<title>Tarana Burke - Cru\u00eflla Talks. 1 de julio de 2019 en el CCCB, Barcelona.<\/title>\n<meta name=\"description\" content=\"Tarana Burke llega al Cru\u00eflla Talks para analizar el movimiento que fund\u00f3 en el 2006: el #MeToo. El 1 de julio de 2019 en el CCCB de Barcelona.\" \/>\n<meta name=\"robots\" content=\"index, follow, max-snippet:-1, max-image-preview:large, max-video-preview:-1\" \/>\n<link rel=\"canonical\" href=\"https:\/\/www.cruillabarcelona.cat\/es\/artists\/tarana-burke\/\" \/>\n<meta property=\"og:locale\" content=\"es_ES\" \/>\n<meta property=\"og:type\" content=\"article\" \/>\n<meta property=\"og:title\" content=\"Tarana Burke - Cru\u00eflla Talks. 1 de julio de 2019 en el CCCB, Barcelona.\" \/>\n<meta property=\"og:description\" content=\"Tarana Burke llega al Cru\u00eflla Talks para analizar el movimiento que fund\u00f3 en el 2006: el #MeToo. El 1 de julio de 2019 en el CCCB de Barcelona.\" \/>\n<meta property=\"og:url\" content=\"https:\/\/www.cruillabarcelona.cat\/es\/artists\/tarana-burke\/\" \/>\n<meta property=\"og:site_name\" content=\"Festival Cru\u00eflla\" \/>\n<meta property=\"article:modified_time\" content=\"2019-06-07T09:12:29+00:00\" \/>\n<meta property=\"og:image\" content=\"https:\/\/www.cruillabarcelona.cat\/wp-content\/uploads\/2019\/06\/1_Tarana.jpg\" \/>\n\t<meta property=\"og:image:width\" content=\"1200\" \/>\n\t<meta property=\"og:image:height\" content=\"1200\" \/>\n\t<meta property=\"og:image:type\" content=\"image\/jpeg\" \/>\n<meta name=\"twitter:card\" content=\"summary_large_image\" \/>\n<meta name=\"twitter:label1\" content=\"Tiempo de lectura\" \/>\n\t<meta name=\"twitter:data1\" content=\"2 minutos\" \/>\n<script type=\"application\/ld+json\" class=\"yoast-schema-graph\">{\"@context\":\"https:\\\/\\\/schema.org\",\"@graph\":[{\"@type\":\"WebPage\",\"@id\":\"https:\\\/\\\/www.cruillabarcelona.cat\\\/es\\\/artists\\\/tarana-burke\\\/\",\"url\":\"https:\\\/\\\/www.cruillabarcelona.cat\\\/es\\\/artists\\\/tarana-burke\\\/\",\"name\":\"Tarana Burke - Cru\u00eflla Talks. 1 de julio de 2019 en el CCCB, Barcelona.\",\"isPartOf\":{\"@id\":\"https:\\\/\\\/www.cruillabarcelona.cat\\\/es\\\/#website\"},\"primaryImageOfPage\":{\"@id\":\"https:\\\/\\\/www.cruillabarcelona.cat\\\/es\\\/artists\\\/tarana-burke\\\/#primaryimage\"},\"image\":{\"@id\":\"https:\\\/\\\/www.cruillabarcelona.cat\\\/es\\\/artists\\\/tarana-burke\\\/#primaryimage\"},\"thumbnailUrl\":\"https:\\\/\\\/www.cruillabarcelona.cat\\\/wp-content\\\/uploads\\\/2019\\\/06\\\/1_Tarana.jpg\",\"datePublished\":\"2019-06-06T09:50:04+00:00\",\"dateModified\":\"2019-06-07T09:12:29+00:00\",\"description\":\"Tarana Burke llega al Cru\u00eflla Talks para analizar el movimiento que fund\u00f3 en el 2006: el #MeToo. El 1 de julio de 2019 en el CCCB de Barcelona.\",\"breadcrumb\":{\"@id\":\"https:\\\/\\\/www.cruillabarcelona.cat\\\/es\\\/artists\\\/tarana-burke\\\/#breadcrumb\"},\"inLanguage\":\"es\",\"potentialAction\":[{\"@type\":\"ReadAction\",\"target\":[\"https:\\\/\\\/www.cruillabarcelona.cat\\\/es\\\/artists\\\/tarana-burke\\\/\"]}]},{\"@type\":\"ImageObject\",\"inLanguage\":\"es\",\"@id\":\"https:\\\/\\\/www.cruillabarcelona.cat\\\/es\\\/artists\\\/tarana-burke\\\/#primaryimage\",\"url\":\"https:\\\/\\\/www.cruillabarcelona.cat\\\/wp-content\\\/uploads\\\/2019\\\/06\\\/1_Tarana.jpg\",\"contentUrl\":\"https:\\\/\\\/www.cruillabarcelona.cat\\\/wp-content\\\/uploads\\\/2019\\\/06\\\/1_Tarana.jpg\",\"width\":1200,\"height\":1200,\"caption\":\"Tarana Burke\"},{\"@type\":\"BreadcrumbList\",\"@id\":\"https:\\\/\\\/www.cruillabarcelona.cat\\\/es\\\/artists\\\/tarana-burke\\\/#breadcrumb\",\"itemListElement\":[{\"@type\":\"ListItem\",\"position\":1,\"name\":\"Home\",\"item\":\"https:\\\/\\\/www.cruillabarcelona.cat\\\/es\\\/\"},{\"@type\":\"ListItem\",\"position\":2,\"name\":\"Tarana Burke\"}]},{\"@type\":\"WebSite\",\"@id\":\"https:\\\/\\\/www.cruillabarcelona.cat\\\/es\\\/#website\",\"url\":\"https:\\\/\\\/www.cruillabarcelona.cat\\\/es\\\/\",\"name\":\"Festival Cru\u00eflla\",\"description\":\"\",\"publisher\":{\"@id\":\"https:\\\/\\\/www.cruillabarcelona.cat\\\/es\\\/#organization\"},\"potentialAction\":[{\"@type\":\"SearchAction\",\"target\":{\"@type\":\"EntryPoint\",\"urlTemplate\":\"https:\\\/\\\/www.cruillabarcelona.cat\\\/es\\\/?s={search_term_string}\"},\"query-input\":{\"@type\":\"PropertyValueSpecification\",\"valueRequired\":true,\"valueName\":\"search_term_string\"}}],\"inLanguage\":\"es\"},{\"@type\":\"Organization\",\"@id\":\"https:\\\/\\\/www.cruillabarcelona.cat\\\/es\\\/#organization\",\"name\":\"Festival Cru\u00eflla\",\"url\":\"https:\\\/\\\/www.cruillabarcelona.cat\\\/es\\\/\",\"logo\":{\"@type\":\"ImageObject\",\"inLanguage\":\"es\",\"@id\":\"https:\\\/\\\/www.cruillabarcelona.cat\\\/es\\\/#\\\/schema\\\/logo\\\/image\\\/\",\"url\":\"https:\\\/\\\/www.cruillabarcelona.cat\\\/wp-content\\\/uploads\\\/2025\\\/12\\\/cruill-logo-negativo.png\",\"contentUrl\":\"https:\\\/\\\/www.cruillabarcelona.cat\\\/wp-content\\\/uploads\\\/2025\\\/12\\\/cruill-logo-negativo.png\",\"width\":400,\"height\":101,\"caption\":\"Festival Cru\u00eflla\"},\"image\":{\"@id\":\"https:\\\/\\\/www.cruillabarcelona.cat\\\/es\\\/#\\\/schema\\\/logo\\\/image\\\/\"}}]}<\/script>\n<!-- \/ Yoast SEO plugin. -->","yoast_head_json":{"title":"Tarana Burke - Cru\u00eflla Talks. 1 de julio de 2019 en el CCCB, Barcelona.","description":"Tarana Burke llega al Cru\u00eflla Talks para analizar el movimiento que fund\u00f3 en el 2006: el #MeToo. El 1 de julio de 2019 en el CCCB de Barcelona.","robots":{"index":"index","follow":"follow","max-snippet":"max-snippet:-1","max-image-preview":"max-image-preview:large","max-video-preview":"max-video-preview:-1"},"canonical":"https:\/\/www.cruillabarcelona.cat\/es\/artists\/tarana-burke\/","og_locale":"es_ES","og_type":"article","og_title":"Tarana Burke - Cru\u00eflla Talks. 1 de julio de 2019 en el CCCB, Barcelona.","og_description":"Tarana Burke llega al Cru\u00eflla Talks para analizar el movimiento que fund\u00f3 en el 2006: el #MeToo. El 1 de julio de 2019 en el CCCB de Barcelona.","og_url":"https:\/\/www.cruillabarcelona.cat\/es\/artists\/tarana-burke\/","og_site_name":"Festival Cru\u00eflla","article_modified_time":"2019-06-07T09:12:29+00:00","og_image":[{"width":1200,"height":1200,"url":"https:\/\/www.cruillabarcelona.cat\/wp-content\/uploads\/2019\/06\/1_Tarana.jpg","type":"image\/jpeg"}],"twitter_card":"summary_large_image","twitter_misc":{"Tiempo de lectura":"2 minutos"},"schema":{"@context":"https:\/\/schema.org","@graph":[{"@type":"WebPage","@id":"https:\/\/www.cruillabarcelona.cat\/es\/artists\/tarana-burke\/","url":"https:\/\/www.cruillabarcelona.cat\/es\/artists\/tarana-burke\/","name":"Tarana Burke - Cru\u00eflla Talks. 1 de julio de 2019 en el CCCB, Barcelona.","isPartOf":{"@id":"https:\/\/www.cruillabarcelona.cat\/es\/#website"},"primaryImageOfPage":{"@id":"https:\/\/www.cruillabarcelona.cat\/es\/artists\/tarana-burke\/#primaryimage"},"image":{"@id":"https:\/\/www.cruillabarcelona.cat\/es\/artists\/tarana-burke\/#primaryimage"},"thumbnailUrl":"https:\/\/www.cruillabarcelona.cat\/wp-content\/uploads\/2019\/06\/1_Tarana.jpg","datePublished":"2019-06-06T09:50:04+00:00","dateModified":"2019-06-07T09:12:29+00:00","description":"Tarana Burke llega al Cru\u00eflla Talks para analizar el movimiento que fund\u00f3 en el 2006: el #MeToo. El 1 de julio de 2019 en el CCCB de Barcelona.","breadcrumb":{"@id":"https:\/\/www.cruillabarcelona.cat\/es\/artists\/tarana-burke\/#breadcrumb"},"inLanguage":"es","potentialAction":[{"@type":"ReadAction","target":["https:\/\/www.cruillabarcelona.cat\/es\/artists\/tarana-burke\/"]}]},{"@type":"ImageObject","inLanguage":"es","@id":"https:\/\/www.cruillabarcelona.cat\/es\/artists\/tarana-burke\/#primaryimage","url":"https:\/\/www.cruillabarcelona.cat\/wp-content\/uploads\/2019\/06\/1_Tarana.jpg","contentUrl":"https:\/\/www.cruillabarcelona.cat\/wp-content\/uploads\/2019\/06\/1_Tarana.jpg","width":1200,"height":1200,"caption":"Tarana Burke"},{"@type":"BreadcrumbList","@id":"https:\/\/www.cruillabarcelona.cat\/es\/artists\/tarana-burke\/#breadcrumb","itemListElement":[{"@type":"ListItem","position":1,"name":"Home","item":"https:\/\/www.cruillabarcelona.cat\/es\/"},{"@type":"ListItem","position":2,"name":"Tarana Burke"}]},{"@type":"WebSite","@id":"https:\/\/www.cruillabarcelona.cat\/es\/#website","url":"https:\/\/www.cruillabarcelona.cat\/es\/","name":"Festival Cru\u00eflla","description":"","publisher":{"@id":"https:\/\/www.cruillabarcelona.cat\/es\/#organization"},"potentialAction":[{"@type":"SearchAction","target":{"@type":"EntryPoint","urlTemplate":"https:\/\/www.cruillabarcelona.cat\/es\/?s={search_term_string}"},"query-input":{"@type":"PropertyValueSpecification","valueRequired":true,"valueName":"search_term_string"}}],"inLanguage":"es"},{"@type":"Organization","@id":"https:\/\/www.cruillabarcelona.cat\/es\/#organization","name":"Festival Cru\u00eflla","url":"https:\/\/www.cruillabarcelona.cat\/es\/","logo":{"@type":"ImageObject","inLanguage":"es","@id":"https:\/\/www.cruillabarcelona.cat\/es\/#\/schema\/logo\/image\/","url":"https:\/\/www.cruillabarcelona.cat\/wp-content\/uploads\/2025\/12\/cruill-logo-negativo.png","contentUrl":"https:\/\/www.cruillabarcelona.cat\/wp-content\/uploads\/2025\/12\/cruill-logo-negativo.png","width":400,"height":101,"caption":"Festival Cru\u00eflla"},"image":{"@id":"https:\/\/www.cruillabarcelona.cat\/es\/#\/schema\/logo\/image\/"}}]}},"_links":{"self":[{"href":"https:\/\/www.cruillabarcelona.cat\/es\/wp-json\/wp\/v2\/artists\/25539","targetHints":{"allow":["GET"]}}],"collection":[{"href":"https:\/\/www.cruillabarcelona.cat\/es\/wp-json\/wp\/v2\/artists"}],"about":[{"href":"https:\/\/www.cruillabarcelona.cat\/es\/wp-json\/wp\/v2\/types\/artists"}],"acf:term":[{"embeddable":true,"taxonomy":"artists_location","href":"https:\/\/www.cruillabarcelona.cat\/es\/wp-json\/wp\/v2\/artists_location\/776"},{"embeddable":true,"taxonomy":"artists_edition","href":"https:\/\/www.cruillabarcelona.cat\/es\/wp-json\/wp\/v2\/artists_edition\/774"}],"wp:featuredmedia":[{"embeddable":true,"href":"https:\/\/www.cruillabarcelona.cat\/es\/wp-json\/wp\/v2\/media\/25496"}],"wp:attachment":[{"href":"https:\/\/www.cruillabarcelona.cat\/es\/wp-json\/wp\/v2\/media?parent=25539"}],"wp:term":[{"taxonomy":"artists_edition","embeddable":true,"href":"https:\/\/www.cruillabarcelona.cat\/es\/wp-json\/wp\/v2\/artists_edition?post=25539"}],"curies":[{"name":"wp","href":"https:\/\/api.w.org\/{rel}","templated":true}]}}