{"id":25543,"date":"2019-06-06T11:52:03","date_gmt":"2019-06-06T09:52:03","guid":{"rendered":"https:\/\/www.cruillabarcelona.cat\/?post_type=artists&#038;p=25543"},"modified":"2019-07-02T10:14:59","modified_gmt":"2019-07-02T08:14:59","slug":"riba-rossy-paula-bonet","status":"publish","type":"artists","link":"https:\/\/www.cruillabarcelona.cat\/es\/artists\/riba-rossy-paula-bonet\/","title":{"rendered":"Riba Rossy + Paula Bonet"},"content":{"rendered":"<h2>Contra el postureo, dos voces con mensaje en las redes sociales<\/h2>\n<p><strong>Dos ilustradoras<\/strong> con un \u00fanico objetivo: <strong>acabar con el miedo y con las barreras de la sociedad<\/strong>. Con sus dibujos, han convertido la pintura en el arma m\u00e1s poderosa para defender los derechos de las mujeres y, el pr\u00f3ximo 4 de julio, hablar\u00e1n sobre el arte reivindicativo en el <strong>Cru\u00eflla Talks<\/strong>.<\/p>\n<h3>Raquel Riba Rossy<\/h3>\n<p>Es la creadora de uno de los personajes m\u00e1s ic\u00f3nicos de la lucha feminista: <strong>Lola Vendetta<\/strong>. Una mujer rebelde e inconformista que, en sus c\u00f3mics, habla sin pudor sobre<strong> temas como la regla, el amor rom\u00e1ntico, las relaciones t\u00f3xicas y la maternidad<\/strong>.<\/p>\n<p>El objetivo b\u00e1sico de Raquel Riba Rossy es <strong>cuestionar los h\u00e1bitos impuestos por la sociedad y acabar con la invisibilidad de las mujeres<\/strong>. Con su obra, quiere romper las cadenas sociales que las atan y las inmovilizan.<\/p>\n<p>Y lo quiere conseguir hablando de <strong>su propia historia<\/strong>, hurgando en sus heridas emocionales y buscando entre sus vivencias personales. Desde historias de <em>bullying<\/em> y maltrato que ha vivido de cerca, hasta su experiencia como azafata de congresos. <strong>Todo es una fuente de inspiraci\u00f3n<\/strong>.<\/p>\n<h3>Paula Bonet<\/h3>\n<p><strong>\u00abNo creo en el arte que no se compromete con el contexto\u00bb<\/strong>. Con estas palabras Paula Bonet resume a la perfecci\u00f3n su trayectoria art\u00edstica.<\/p>\n<p>Ella es<strong> ilustradora y escritora<\/strong> y, en cualquier formato, su obra <strong>destila realidad<\/strong>: es humana, es cercana y no se preocupa por la correcci\u00f3n pol\u00edtica de los temas que trata. Es f\u00e1cil sentirse relacionado con su arte, porque explora la vida sin tab\u00fas.<\/p>\n<p>De hecho, su \u00faltimo libro ilustrado,\u00a0<strong><em>Roedores<\/em><\/strong>, pretende romper <strong>el tab\u00fa del aborto espont\u00e1neo\u00a0<\/strong>con un homenaje a sus dos hijos no nacidos. Esta experiencia le ha llevado a alejarse de su m\u00e9todo habitual de trabajo: en lugar de hacer un \u00abtrabajo bibliogr\u00e1fico e intelectual\u00bb que le permita teorizar sobre su obra, ha decidido centrar su arte en su propia vida.<\/p>\n<ul>\n<li>Conversaci\u00f3n entre <strong>Raquel Riba Rossy<\/strong> y\u00a0<strong>Paula Bonet<\/strong> moderada por <strong>Agn\u00e8s Marqu\u00e8s<\/strong>.<\/li>\n<li><strong>Cu\u00e1ndo y d\u00f3nde<\/strong>: Jueves 4 de julio a las 19h en el Centre d&#8217;Arts Santa M\u00f2nica.<\/li>\n<li><strong>Duraci\u00f3n<\/strong>: 60 minutos con preguntas del p\u00fablico.<\/li>\n<li><strong>Precio de la entrada<\/strong>: <span style=\"color: #ff0000;\">Entradas agotadas.<\/span><\/li>\n<\/ul>\n<p style=\"text-align: center;\">\n","protected":false},"featured_media":25505,"template":"","meta":{"_acf_changed":false},"artists_edition":[774],"class_list":["post-25543","artists","type-artists","status-publish","has-post-thumbnail","hentry","artists_location-arts-santa-monica","artists_edition-2019-talks"],"acf":{"_thumbnail_id":25505,"youtube_player":"","artist_edition":[774],"artist_date":"20190704","artist_time":"19:00:00","artist_time_2":"","artist_location":[777],"artist_ticket_url":"https:\/\/cruillatalks.seetickets.com\/event\/cru-lla-talks-raquel-riba-rossy-paula-bonet\/centre-d-arts-santa-m-nica\/1391140?direct=true","artist_ticket_status":"","artist_extra_date__show":false,"artist_extra_date_2":null,"artist_time_of_date2":"","artist_extra_date_3":null,"artist_time_of_date3":"","artist_extra_date_4":null,"artist_time_of_date4":"","artist_extra_date_5":null,"artist_time_of_date5":"","artist_date__show_month":true,"artist_sidebar_active":false,"show_in_agenda":false,"artist_sidebar__banner_img":null,"artist_sidebar__banner_link":"","artist_hero_content":"Ilustradoras","artist_style":false,"artist_nationality":false,"artist_audience_age":false},"yoast_head":"<!-- This site is optimized with the Yoast SEO plugin v27.5 - https:\/\/yoast.com\/product\/yoast-seo-wordpress\/ -->\n<title>Raquel Riba Rossy y Paula Bonet - Cru\u00eflla Talks. 4 de julio de 2019.<\/title>\n<meta name=\"description\" content=\"Las ilustradoras Raquel Riba Rossy y Paula Bonet se suman al Cru\u00eflla Talks. El 4 de julio de 2019 en el Centre d&#039;Arts Santa M\u00f2nica de Barcelona.\" \/>\n<meta name=\"robots\" content=\"index, follow, max-snippet:-1, max-image-preview:large, max-video-preview:-1\" \/>\n<link rel=\"canonical\" href=\"https:\/\/www.cruillabarcelona.cat\/es\/artists\/riba-rossy-paula-bonet\/\" \/>\n<meta property=\"og:locale\" content=\"es_ES\" \/>\n<meta property=\"og:type\" content=\"article\" \/>\n<meta property=\"og:title\" content=\"Raquel Riba Rossy y Paula Bonet - Cru\u00eflla Talks. 4 de julio de 2019.\" \/>\n<meta property=\"og:description\" content=\"Las ilustradoras Raquel Riba Rossy y Paula Bonet se suman al Cru\u00eflla Talks. El 4 de julio de 2019 en el Centre d&#039;Arts Santa M\u00f2nica de Barcelona.\" \/>\n<meta property=\"og:url\" content=\"https:\/\/www.cruillabarcelona.cat\/es\/artists\/riba-rossy-paula-bonet\/\" \/>\n<meta property=\"og:site_name\" content=\"Festival Cru\u00eflla\" \/>\n<meta property=\"article:modified_time\" content=\"2019-07-02T08:14:59+00:00\" \/>\n<meta property=\"og:image\" content=\"https:\/\/www.cruillabarcelona.cat\/wp-content\/uploads\/2019\/06\/3_Raquel_Paula.jpg\" \/>\n\t<meta property=\"og:image:width\" content=\"1200\" \/>\n\t<meta property=\"og:image:height\" content=\"1200\" \/>\n\t<meta property=\"og:image:type\" content=\"image\/jpeg\" \/>\n<meta name=\"twitter:card\" content=\"summary_large_image\" \/>\n<meta name=\"twitter:label1\" content=\"Tiempo de lectura\" \/>\n\t<meta name=\"twitter:data1\" content=\"2 minutos\" \/>\n<script type=\"application\/ld+json\" class=\"yoast-schema-graph\">{\"@context\":\"https:\\\/\\\/schema.org\",\"@graph\":[{\"@type\":\"WebPage\",\"@id\":\"https:\\\/\\\/www.cruillabarcelona.cat\\\/es\\\/artists\\\/riba-rossy-paula-bonet\\\/\",\"url\":\"https:\\\/\\\/www.cruillabarcelona.cat\\\/es\\\/artists\\\/riba-rossy-paula-bonet\\\/\",\"name\":\"Raquel Riba Rossy y Paula Bonet - Cru\u00eflla Talks. 4 de julio de 2019.\",\"isPartOf\":{\"@id\":\"https:\\\/\\\/www.cruillabarcelona.cat\\\/es\\\/#website\"},\"primaryImageOfPage\":{\"@id\":\"https:\\\/\\\/www.cruillabarcelona.cat\\\/es\\\/artists\\\/riba-rossy-paula-bonet\\\/#primaryimage\"},\"image\":{\"@id\":\"https:\\\/\\\/www.cruillabarcelona.cat\\\/es\\\/artists\\\/riba-rossy-paula-bonet\\\/#primaryimage\"},\"thumbnailUrl\":\"https:\\\/\\\/www.cruillabarcelona.cat\\\/wp-content\\\/uploads\\\/2019\\\/06\\\/3_Raquel_Paula.jpg\",\"datePublished\":\"2019-06-06T09:52:03+00:00\",\"dateModified\":\"2019-07-02T08:14:59+00:00\",\"description\":\"Las ilustradoras Raquel Riba Rossy y Paula Bonet se suman al Cru\u00eflla Talks. El 4 de julio de 2019 en el Centre d'Arts Santa M\u00f2nica de Barcelona.\",\"breadcrumb\":{\"@id\":\"https:\\\/\\\/www.cruillabarcelona.cat\\\/es\\\/artists\\\/riba-rossy-paula-bonet\\\/#breadcrumb\"},\"inLanguage\":\"es\",\"potentialAction\":[{\"@type\":\"ReadAction\",\"target\":[\"https:\\\/\\\/www.cruillabarcelona.cat\\\/es\\\/artists\\\/riba-rossy-paula-bonet\\\/\"]}]},{\"@type\":\"ImageObject\",\"inLanguage\":\"es\",\"@id\":\"https:\\\/\\\/www.cruillabarcelona.cat\\\/es\\\/artists\\\/riba-rossy-paula-bonet\\\/#primaryimage\",\"url\":\"https:\\\/\\\/www.cruillabarcelona.cat\\\/wp-content\\\/uploads\\\/2019\\\/06\\\/3_Raquel_Paula.jpg\",\"contentUrl\":\"https:\\\/\\\/www.cruillabarcelona.cat\\\/wp-content\\\/uploads\\\/2019\\\/06\\\/3_Raquel_Paula.jpg\",\"width\":1200,\"height\":1200},{\"@type\":\"BreadcrumbList\",\"@id\":\"https:\\\/\\\/www.cruillabarcelona.cat\\\/es\\\/artists\\\/riba-rossy-paula-bonet\\\/#breadcrumb\",\"itemListElement\":[{\"@type\":\"ListItem\",\"position\":1,\"name\":\"Home\",\"item\":\"https:\\\/\\\/www.cruillabarcelona.cat\\\/es\\\/\"},{\"@type\":\"ListItem\",\"position\":2,\"name\":\"Riba Rossy + Paula Bonet\"}]},{\"@type\":\"WebSite\",\"@id\":\"https:\\\/\\\/www.cruillabarcelona.cat\\\/es\\\/#website\",\"url\":\"https:\\\/\\\/www.cruillabarcelona.cat\\\/es\\\/\",\"name\":\"Festival Cru\u00eflla\",\"description\":\"\",\"publisher\":{\"@id\":\"https:\\\/\\\/www.cruillabarcelona.cat\\\/es\\\/#organization\"},\"potentialAction\":[{\"@type\":\"SearchAction\",\"target\":{\"@type\":\"EntryPoint\",\"urlTemplate\":\"https:\\\/\\\/www.cruillabarcelona.cat\\\/es\\\/?s={search_term_string}\"},\"query-input\":{\"@type\":\"PropertyValueSpecification\",\"valueRequired\":true,\"valueName\":\"search_term_string\"}}],\"inLanguage\":\"es\"},{\"@type\":\"Organization\",\"@id\":\"https:\\\/\\\/www.cruillabarcelona.cat\\\/es\\\/#organization\",\"name\":\"Festival Cru\u00eflla\",\"url\":\"https:\\\/\\\/www.cruillabarcelona.cat\\\/es\\\/\",\"logo\":{\"@type\":\"ImageObject\",\"inLanguage\":\"es\",\"@id\":\"https:\\\/\\\/www.cruillabarcelona.cat\\\/es\\\/#\\\/schema\\\/logo\\\/image\\\/\",\"url\":\"https:\\\/\\\/www.cruillabarcelona.cat\\\/wp-content\\\/uploads\\\/2025\\\/12\\\/cruill-logo-negativo.png\",\"contentUrl\":\"https:\\\/\\\/www.cruillabarcelona.cat\\\/wp-content\\\/uploads\\\/2025\\\/12\\\/cruill-logo-negativo.png\",\"width\":400,\"height\":101,\"caption\":\"Festival Cru\u00eflla\"},\"image\":{\"@id\":\"https:\\\/\\\/www.cruillabarcelona.cat\\\/es\\\/#\\\/schema\\\/logo\\\/image\\\/\"}}]}<\/script>\n<!-- \/ Yoast SEO plugin. -->","yoast_head_json":{"title":"Raquel Riba Rossy y Paula Bonet - Cru\u00eflla Talks. 4 de julio de 2019.","description":"Las ilustradoras Raquel Riba Rossy y Paula Bonet se suman al Cru\u00eflla Talks. El 4 de julio de 2019 en el Centre d'Arts Santa M\u00f2nica de Barcelona.","robots":{"index":"index","follow":"follow","max-snippet":"max-snippet:-1","max-image-preview":"max-image-preview:large","max-video-preview":"max-video-preview:-1"},"canonical":"https:\/\/www.cruillabarcelona.cat\/es\/artists\/riba-rossy-paula-bonet\/","og_locale":"es_ES","og_type":"article","og_title":"Raquel Riba Rossy y Paula Bonet - Cru\u00eflla Talks. 4 de julio de 2019.","og_description":"Las ilustradoras Raquel Riba Rossy y Paula Bonet se suman al Cru\u00eflla Talks. El 4 de julio de 2019 en el Centre d'Arts Santa M\u00f2nica de Barcelona.","og_url":"https:\/\/www.cruillabarcelona.cat\/es\/artists\/riba-rossy-paula-bonet\/","og_site_name":"Festival Cru\u00eflla","article_modified_time":"2019-07-02T08:14:59+00:00","og_image":[{"width":1200,"height":1200,"url":"https:\/\/www.cruillabarcelona.cat\/wp-content\/uploads\/2019\/06\/3_Raquel_Paula.jpg","type":"image\/jpeg"}],"twitter_card":"summary_large_image","twitter_misc":{"Tiempo de lectura":"2 minutos"},"schema":{"@context":"https:\/\/schema.org","@graph":[{"@type":"WebPage","@id":"https:\/\/www.cruillabarcelona.cat\/es\/artists\/riba-rossy-paula-bonet\/","url":"https:\/\/www.cruillabarcelona.cat\/es\/artists\/riba-rossy-paula-bonet\/","name":"Raquel Riba Rossy y Paula Bonet - Cru\u00eflla Talks. 4 de julio de 2019.","isPartOf":{"@id":"https:\/\/www.cruillabarcelona.cat\/es\/#website"},"primaryImageOfPage":{"@id":"https:\/\/www.cruillabarcelona.cat\/es\/artists\/riba-rossy-paula-bonet\/#primaryimage"},"image":{"@id":"https:\/\/www.cruillabarcelona.cat\/es\/artists\/riba-rossy-paula-bonet\/#primaryimage"},"thumbnailUrl":"https:\/\/www.cruillabarcelona.cat\/wp-content\/uploads\/2019\/06\/3_Raquel_Paula.jpg","datePublished":"2019-06-06T09:52:03+00:00","dateModified":"2019-07-02T08:14:59+00:00","description":"Las ilustradoras Raquel Riba Rossy y Paula Bonet se suman al Cru\u00eflla Talks. El 4 de julio de 2019 en el Centre d'Arts Santa M\u00f2nica de Barcelona.","breadcrumb":{"@id":"https:\/\/www.cruillabarcelona.cat\/es\/artists\/riba-rossy-paula-bonet\/#breadcrumb"},"inLanguage":"es","potentialAction":[{"@type":"ReadAction","target":["https:\/\/www.cruillabarcelona.cat\/es\/artists\/riba-rossy-paula-bonet\/"]}]},{"@type":"ImageObject","inLanguage":"es","@id":"https:\/\/www.cruillabarcelona.cat\/es\/artists\/riba-rossy-paula-bonet\/#primaryimage","url":"https:\/\/www.cruillabarcelona.cat\/wp-content\/uploads\/2019\/06\/3_Raquel_Paula.jpg","contentUrl":"https:\/\/www.cruillabarcelona.cat\/wp-content\/uploads\/2019\/06\/3_Raquel_Paula.jpg","width":1200,"height":1200},{"@type":"BreadcrumbList","@id":"https:\/\/www.cruillabarcelona.cat\/es\/artists\/riba-rossy-paula-bonet\/#breadcrumb","itemListElement":[{"@type":"ListItem","position":1,"name":"Home","item":"https:\/\/www.cruillabarcelona.cat\/es\/"},{"@type":"ListItem","position":2,"name":"Riba Rossy + Paula Bonet"}]},{"@type":"WebSite","@id":"https:\/\/www.cruillabarcelona.cat\/es\/#website","url":"https:\/\/www.cruillabarcelona.cat\/es\/","name":"Festival Cru\u00eflla","description":"","publisher":{"@id":"https:\/\/www.cruillabarcelona.cat\/es\/#organization"},"potentialAction":[{"@type":"SearchAction","target":{"@type":"EntryPoint","urlTemplate":"https:\/\/www.cruillabarcelona.cat\/es\/?s={search_term_string}"},"query-input":{"@type":"PropertyValueSpecification","valueRequired":true,"valueName":"search_term_string"}}],"inLanguage":"es"},{"@type":"Organization","@id":"https:\/\/www.cruillabarcelona.cat\/es\/#organization","name":"Festival Cru\u00eflla","url":"https:\/\/www.cruillabarcelona.cat\/es\/","logo":{"@type":"ImageObject","inLanguage":"es","@id":"https:\/\/www.cruillabarcelona.cat\/es\/#\/schema\/logo\/image\/","url":"https:\/\/www.cruillabarcelona.cat\/wp-content\/uploads\/2025\/12\/cruill-logo-negativo.png","contentUrl":"https:\/\/www.cruillabarcelona.cat\/wp-content\/uploads\/2025\/12\/cruill-logo-negativo.png","width":400,"height":101,"caption":"Festival Cru\u00eflla"},"image":{"@id":"https:\/\/www.cruillabarcelona.cat\/es\/#\/schema\/logo\/image\/"}}]}},"_links":{"self":[{"href":"https:\/\/www.cruillabarcelona.cat\/es\/wp-json\/wp\/v2\/artists\/25543","targetHints":{"allow":["GET"]}}],"collection":[{"href":"https:\/\/www.cruillabarcelona.cat\/es\/wp-json\/wp\/v2\/artists"}],"about":[{"href":"https:\/\/www.cruillabarcelona.cat\/es\/wp-json\/wp\/v2\/types\/artists"}],"acf:term":[{"embeddable":true,"taxonomy":"artists_location","href":"https:\/\/www.cruillabarcelona.cat\/es\/wp-json\/wp\/v2\/artists_location\/777"},{"embeddable":true,"taxonomy":"artists_edition","href":"https:\/\/www.cruillabarcelona.cat\/es\/wp-json\/wp\/v2\/artists_edition\/774"}],"wp:featuredmedia":[{"embeddable":true,"href":"https:\/\/www.cruillabarcelona.cat\/es\/wp-json\/wp\/v2\/media\/25505"}],"wp:attachment":[{"href":"https:\/\/www.cruillabarcelona.cat\/es\/wp-json\/wp\/v2\/media?parent=25543"}],"wp:term":[{"taxonomy":"artists_edition","embeddable":true,"href":"https:\/\/www.cruillabarcelona.cat\/es\/wp-json\/wp\/v2\/artists_edition?post=25543"}],"curies":[{"name":"wp","href":"https:\/\/api.w.org\/{rel}","templated":true}]}}