{"id":25546,"date":"2019-06-06T11:49:11","date_gmt":"2019-06-06T09:49:11","guid":{"rendered":"https:\/\/www.cruillabarcelona.cat\/?post_type=artists&#038;p=25546"},"modified":"2019-06-07T11:25:14","modified_gmt":"2019-06-07T09:25:14","slug":"cuentacuentos-historicas","status":"publish","type":"artists","link":"https:\/\/www.cruillabarcelona.cat\/es\/artists\/cuentacuentos-historicas\/","title":{"rendered":"Cuentacuentos &#8216;Hist\u00f3ricas&#8217;"},"content":{"rendered":"<h2>Ocho mujeres que revolucionaron el mundo<\/h2>\n<p>Las redes sociales dan visibilidad a nuevos movimientos y nuevos liderazgos que, en otros tiempos, se hubiesen quedado en la sombra. Una situaci\u00f3n que es todav\u00eda m\u00e1s evidente en el caso de las mujeres. <strong>Grandes figuras femeninas <\/strong>que\u00a0impulsaron cambios esenciales en la historia no recibieron el merecido reconocimiento en su \u00e9poca, en un contexto social que no les apoyaba. Por eso, ahora, queremos que tengan su propio espacio en el <strong>Cru\u00eflla Talks<\/strong>.<\/p>\n<p>Alba Editorial ha publicado la colecci\u00f3n de libros infantiles Petita&amp;Gran: una serie de cuentos de mujeres <strong>\u00abhist\u00f3ricas\u00bb<\/strong> como Marie Curie, Rosa Parks o Coco Chanel. Y el pr\u00f3ximo<strong> 29 de junio<\/strong>, ocho cuentacuentos de lujo nos leer\u00e1n ocho de estos relatos en el <strong>Centre d&#8217;Arts Santa M\u00f2nica<\/strong> entre las 10:00 y las 14:00. Una actividad totalmente <strong>gratuita<\/strong>.<\/p>\n<h3>10:00<\/h3>\n<p>La actriz <strong>Neus Ballb\u00e9<\/strong>, tambi\u00e9n conocida como la Pati Pla del Club Super3, nos explicar\u00e1 la historia de <strong>Ella Fitzgerald<\/strong>, quien todav\u00eda conserva el t\u00edtulo de \u00abreina del jazz\u00bb.<\/p>\n<p><strong>10:30<\/strong><\/p>\n<p>Tambi\u00e9n habr\u00e1 un espacio destinado a la lucha por los derechos civiles de los negros en EEUU, a trav\u00e9s de la figura de <strong>Rosa Parks<\/strong>. Este lectura correr\u00e1 a cargo de la dramaturga, actriz y poeta <strong>Estel Sol\u00e9<\/strong>.<\/p>\n<p><strong>11:00<\/strong><\/p>\n<p>El actor <strong>Roger Coma\u00a0<\/strong>nos har\u00e1 volar con el relato de la aviadora <strong>Amelia Earhart<\/strong>, que fue la primera persona en intentar dar la vuelta al mundo por encima de la l\u00ednea ecuatorial.<\/p>\n<p><strong>11:30<\/strong><\/p>\n<p>Los animales tambi\u00e9n tendr\u00e1 un espacio en el ciclo a trav\u00e9s de la historia de la primat\u00f3loga <strong>Jane Goodall<\/strong>: la mayor experta en chimpanc\u00e9s del mundo. La cantante <strong>Beth Rodergas<\/strong> pondr\u00e1 voz a su relato.<\/p>\n<p><strong>12:00<\/strong><\/p>\n<p>Mireia de &#8216;La Riera&#8217; tambi\u00e9n pasar\u00e1 por el ciclo &#8216;Hist\u00f3ricas&#8217;. La actriz <strong>Margalida Grimalt<\/strong> leer\u00e1 el cuento protagonizado por una leyenda de la ciencia: <strong>Marie Curie<\/strong>.<\/p>\n<p><strong>12:30<\/strong><\/p>\n<p>Y del mundo de la ciencia pasaremos al de la moda con la historia de <strong>Coco Chanel<\/strong>. Una lectura que correr\u00e1 a cargo del actor y humorista<strong> Pep Plaza<\/strong>.<\/p>\n<p><strong>13:00<\/strong><\/p>\n<p>A la cantante<strong> Txell Sust<\/strong> le acompa\u00f1ar\u00e1 una bailaora de excepci\u00f3n: <strong>Carmen Amaya<\/strong>. La artista de Matar\u00f3 nos leer\u00e1 el relato de este icono del flamenco a nivel global.<\/p>\n<p><strong>13:30<\/strong><\/p>\n<p>Y acabaremos con un cuento protagonizado por uno de los personajes m\u00e1s ic\u00f3nicos del feminismo: la escritora, profesora y fil\u00f3sofa francesa <strong>Simone de Beauvoir<\/strong>. Nos lo leer\u00e1 la poeta <strong>M\u00edriam Cano<\/strong>.<\/p>\n","protected":false},"featured_media":25550,"template":"","meta":{"_acf_changed":false},"artists_edition":[774],"class_list":["post-25546","artists","type-artists","status-publish","has-post-thumbnail","hentry","artists_location-arts-santa-monica","artists_edition-2019-talks"],"acf":{"_thumbnail_id":25550,"youtube_player":"","artist_edition":[774],"artist_date":"20190629","artist_time":"10:00:00","artist_time_2":"","artist_location":[777],"artist_ticket_url":"","artist_ticket_status":"","artist_extra_date__show":false,"artist_extra_date_2":null,"artist_time_of_date2":"","artist_extra_date_3":null,"artist_time_of_date3":"","artist_extra_date_4":null,"artist_time_of_date4":"","artist_extra_date_5":null,"artist_time_of_date5":"","artist_date__show_month":true,"artist_sidebar_active":false,"show_in_agenda":false,"artist_sidebar__banner_img":null,"artist_sidebar__banner_link":"","artist_hero_content":"Actividad familiar","artist_style":false,"artist_nationality":false,"artist_audience_age":false},"yoast_head":"<!-- This site is optimized with the Yoast SEO plugin v27.5 - https:\/\/yoast.com\/product\/yoast-seo-wordpress\/ -->\n<title>Cuentacuentos &#039;Hist\u00f3ricas&#039; - Cru\u00eflla Talks 2019. 29 de junio en Barcelona.<\/title>\n<meta name=\"description\" content=\"Ocho cuentacuentos de lujo explicar\u00e1n ocho relatos protagonizados por mujeres &quot;hist\u00f3ricas&quot; dentro del Cru\u00eflla Talks 2019. El 29 de junio en el CCCB.\" \/>\n<meta name=\"robots\" content=\"index, follow, max-snippet:-1, max-image-preview:large, max-video-preview:-1\" \/>\n<link rel=\"canonical\" href=\"https:\/\/www.cruillabarcelona.cat\/es\/artists\/cuentacuentos-historicas\/\" \/>\n<meta property=\"og:locale\" content=\"es_ES\" \/>\n<meta property=\"og:type\" content=\"article\" \/>\n<meta property=\"og:title\" content=\"Cuentacuentos &#039;Hist\u00f3ricas&#039; - Cru\u00eflla Talks 2019. 29 de junio en Barcelona.\" \/>\n<meta property=\"og:description\" content=\"Ocho cuentacuentos de lujo explicar\u00e1n ocho relatos protagonizados por mujeres &quot;hist\u00f3ricas&quot; dentro del Cru\u00eflla Talks 2019. El 29 de junio en el CCCB.\" \/>\n<meta property=\"og:url\" content=\"https:\/\/www.cruillabarcelona.cat\/es\/artists\/cuentacuentos-historicas\/\" \/>\n<meta property=\"og:site_name\" content=\"Festival Cru\u00eflla\" \/>\n<meta property=\"article:modified_time\" content=\"2019-06-07T09:25:14+00:00\" \/>\n<meta property=\"og:image\" content=\"https:\/\/www.cruillabarcelona.cat\/wp-content\/uploads\/2019\/06\/0_Hist\u00f2riques-1.jpg\" \/>\n\t<meta property=\"og:image:width\" content=\"1200\" \/>\n\t<meta property=\"og:image:height\" content=\"1200\" \/>\n\t<meta property=\"og:image:type\" content=\"image\/jpeg\" \/>\n<meta name=\"twitter:card\" content=\"summary_large_image\" \/>\n<meta name=\"twitter:label1\" content=\"Tiempo de lectura\" \/>\n\t<meta name=\"twitter:data1\" content=\"2 minutos\" \/>\n<script type=\"application\/ld+json\" class=\"yoast-schema-graph\">{\"@context\":\"https:\\\/\\\/schema.org\",\"@graph\":[{\"@type\":\"WebPage\",\"@id\":\"https:\\\/\\\/www.cruillabarcelona.cat\\\/es\\\/artists\\\/cuentacuentos-historicas\\\/\",\"url\":\"https:\\\/\\\/www.cruillabarcelona.cat\\\/es\\\/artists\\\/cuentacuentos-historicas\\\/\",\"name\":\"Cuentacuentos 'Hist\u00f3ricas' - Cru\u00eflla Talks 2019. 29 de junio en Barcelona.\",\"isPartOf\":{\"@id\":\"https:\\\/\\\/www.cruillabarcelona.cat\\\/es\\\/#website\"},\"primaryImageOfPage\":{\"@id\":\"https:\\\/\\\/www.cruillabarcelona.cat\\\/es\\\/artists\\\/cuentacuentos-historicas\\\/#primaryimage\"},\"image\":{\"@id\":\"https:\\\/\\\/www.cruillabarcelona.cat\\\/es\\\/artists\\\/cuentacuentos-historicas\\\/#primaryimage\"},\"thumbnailUrl\":\"https:\\\/\\\/www.cruillabarcelona.cat\\\/wp-content\\\/uploads\\\/2019\\\/06\\\/0_Hist\u00f2riques-1.jpg\",\"datePublished\":\"2019-06-06T09:49:11+00:00\",\"dateModified\":\"2019-06-07T09:25:14+00:00\",\"description\":\"Ocho cuentacuentos de lujo explicar\u00e1n ocho relatos protagonizados por mujeres \\\"hist\u00f3ricas\\\" dentro del Cru\u00eflla Talks 2019. El 29 de junio en el CCCB.\",\"breadcrumb\":{\"@id\":\"https:\\\/\\\/www.cruillabarcelona.cat\\\/es\\\/artists\\\/cuentacuentos-historicas\\\/#breadcrumb\"},\"inLanguage\":\"es\",\"potentialAction\":[{\"@type\":\"ReadAction\",\"target\":[\"https:\\\/\\\/www.cruillabarcelona.cat\\\/es\\\/artists\\\/cuentacuentos-historicas\\\/\"]}]},{\"@type\":\"ImageObject\",\"inLanguage\":\"es\",\"@id\":\"https:\\\/\\\/www.cruillabarcelona.cat\\\/es\\\/artists\\\/cuentacuentos-historicas\\\/#primaryimage\",\"url\":\"https:\\\/\\\/www.cruillabarcelona.cat\\\/wp-content\\\/uploads\\\/2019\\\/06\\\/0_Hist\u00f2riques-1.jpg\",\"contentUrl\":\"https:\\\/\\\/www.cruillabarcelona.cat\\\/wp-content\\\/uploads\\\/2019\\\/06\\\/0_Hist\u00f2riques-1.jpg\",\"width\":1200,\"height\":1200},{\"@type\":\"BreadcrumbList\",\"@id\":\"https:\\\/\\\/www.cruillabarcelona.cat\\\/es\\\/artists\\\/cuentacuentos-historicas\\\/#breadcrumb\",\"itemListElement\":[{\"@type\":\"ListItem\",\"position\":1,\"name\":\"Home\",\"item\":\"https:\\\/\\\/www.cruillabarcelona.cat\\\/es\\\/\"},{\"@type\":\"ListItem\",\"position\":2,\"name\":\"Cuentacuentos &#8216;Hist\u00f3ricas&#8217;\"}]},{\"@type\":\"WebSite\",\"@id\":\"https:\\\/\\\/www.cruillabarcelona.cat\\\/es\\\/#website\",\"url\":\"https:\\\/\\\/www.cruillabarcelona.cat\\\/es\\\/\",\"name\":\"Festival Cru\u00eflla\",\"description\":\"\",\"publisher\":{\"@id\":\"https:\\\/\\\/www.cruillabarcelona.cat\\\/es\\\/#organization\"},\"potentialAction\":[{\"@type\":\"SearchAction\",\"target\":{\"@type\":\"EntryPoint\",\"urlTemplate\":\"https:\\\/\\\/www.cruillabarcelona.cat\\\/es\\\/?s={search_term_string}\"},\"query-input\":{\"@type\":\"PropertyValueSpecification\",\"valueRequired\":true,\"valueName\":\"search_term_string\"}}],\"inLanguage\":\"es\"},{\"@type\":\"Organization\",\"@id\":\"https:\\\/\\\/www.cruillabarcelona.cat\\\/es\\\/#organization\",\"name\":\"Festival Cru\u00eflla\",\"url\":\"https:\\\/\\\/www.cruillabarcelona.cat\\\/es\\\/\",\"logo\":{\"@type\":\"ImageObject\",\"inLanguage\":\"es\",\"@id\":\"https:\\\/\\\/www.cruillabarcelona.cat\\\/es\\\/#\\\/schema\\\/logo\\\/image\\\/\",\"url\":\"https:\\\/\\\/www.cruillabarcelona.cat\\\/wp-content\\\/uploads\\\/2025\\\/12\\\/cruill-logo-negativo.png\",\"contentUrl\":\"https:\\\/\\\/www.cruillabarcelona.cat\\\/wp-content\\\/uploads\\\/2025\\\/12\\\/cruill-logo-negativo.png\",\"width\":400,\"height\":101,\"caption\":\"Festival Cru\u00eflla\"},\"image\":{\"@id\":\"https:\\\/\\\/www.cruillabarcelona.cat\\\/es\\\/#\\\/schema\\\/logo\\\/image\\\/\"}}]}<\/script>\n<!-- \/ Yoast SEO plugin. -->","yoast_head_json":{"title":"Cuentacuentos 'Hist\u00f3ricas' - Cru\u00eflla Talks 2019. 29 de junio en Barcelona.","description":"Ocho cuentacuentos de lujo explicar\u00e1n ocho relatos protagonizados por mujeres \"hist\u00f3ricas\" dentro del Cru\u00eflla Talks 2019. El 29 de junio en el CCCB.","robots":{"index":"index","follow":"follow","max-snippet":"max-snippet:-1","max-image-preview":"max-image-preview:large","max-video-preview":"max-video-preview:-1"},"canonical":"https:\/\/www.cruillabarcelona.cat\/es\/artists\/cuentacuentos-historicas\/","og_locale":"es_ES","og_type":"article","og_title":"Cuentacuentos 'Hist\u00f3ricas' - Cru\u00eflla Talks 2019. 29 de junio en Barcelona.","og_description":"Ocho cuentacuentos de lujo explicar\u00e1n ocho relatos protagonizados por mujeres \"hist\u00f3ricas\" dentro del Cru\u00eflla Talks 2019. El 29 de junio en el CCCB.","og_url":"https:\/\/www.cruillabarcelona.cat\/es\/artists\/cuentacuentos-historicas\/","og_site_name":"Festival Cru\u00eflla","article_modified_time":"2019-06-07T09:25:14+00:00","og_image":[{"width":1200,"height":1200,"url":"https:\/\/www.cruillabarcelona.cat\/wp-content\/uploads\/2019\/06\/0_Hist\u00f2riques-1.jpg","type":"image\/jpeg"}],"twitter_card":"summary_large_image","twitter_misc":{"Tiempo de lectura":"2 minutos"},"schema":{"@context":"https:\/\/schema.org","@graph":[{"@type":"WebPage","@id":"https:\/\/www.cruillabarcelona.cat\/es\/artists\/cuentacuentos-historicas\/","url":"https:\/\/www.cruillabarcelona.cat\/es\/artists\/cuentacuentos-historicas\/","name":"Cuentacuentos 'Hist\u00f3ricas' - Cru\u00eflla Talks 2019. 29 de junio en Barcelona.","isPartOf":{"@id":"https:\/\/www.cruillabarcelona.cat\/es\/#website"},"primaryImageOfPage":{"@id":"https:\/\/www.cruillabarcelona.cat\/es\/artists\/cuentacuentos-historicas\/#primaryimage"},"image":{"@id":"https:\/\/www.cruillabarcelona.cat\/es\/artists\/cuentacuentos-historicas\/#primaryimage"},"thumbnailUrl":"https:\/\/www.cruillabarcelona.cat\/wp-content\/uploads\/2019\/06\/0_Hist\u00f2riques-1.jpg","datePublished":"2019-06-06T09:49:11+00:00","dateModified":"2019-06-07T09:25:14+00:00","description":"Ocho cuentacuentos de lujo explicar\u00e1n ocho relatos protagonizados por mujeres \"hist\u00f3ricas\" dentro del Cru\u00eflla Talks 2019. El 29 de junio en el CCCB.","breadcrumb":{"@id":"https:\/\/www.cruillabarcelona.cat\/es\/artists\/cuentacuentos-historicas\/#breadcrumb"},"inLanguage":"es","potentialAction":[{"@type":"ReadAction","target":["https:\/\/www.cruillabarcelona.cat\/es\/artists\/cuentacuentos-historicas\/"]}]},{"@type":"ImageObject","inLanguage":"es","@id":"https:\/\/www.cruillabarcelona.cat\/es\/artists\/cuentacuentos-historicas\/#primaryimage","url":"https:\/\/www.cruillabarcelona.cat\/wp-content\/uploads\/2019\/06\/0_Hist\u00f2riques-1.jpg","contentUrl":"https:\/\/www.cruillabarcelona.cat\/wp-content\/uploads\/2019\/06\/0_Hist\u00f2riques-1.jpg","width":1200,"height":1200},{"@type":"BreadcrumbList","@id":"https:\/\/www.cruillabarcelona.cat\/es\/artists\/cuentacuentos-historicas\/#breadcrumb","itemListElement":[{"@type":"ListItem","position":1,"name":"Home","item":"https:\/\/www.cruillabarcelona.cat\/es\/"},{"@type":"ListItem","position":2,"name":"Cuentacuentos &#8216;Hist\u00f3ricas&#8217;"}]},{"@type":"WebSite","@id":"https:\/\/www.cruillabarcelona.cat\/es\/#website","url":"https:\/\/www.cruillabarcelona.cat\/es\/","name":"Festival Cru\u00eflla","description":"","publisher":{"@id":"https:\/\/www.cruillabarcelona.cat\/es\/#organization"},"potentialAction":[{"@type":"SearchAction","target":{"@type":"EntryPoint","urlTemplate":"https:\/\/www.cruillabarcelona.cat\/es\/?s={search_term_string}"},"query-input":{"@type":"PropertyValueSpecification","valueRequired":true,"valueName":"search_term_string"}}],"inLanguage":"es"},{"@type":"Organization","@id":"https:\/\/www.cruillabarcelona.cat\/es\/#organization","name":"Festival Cru\u00eflla","url":"https:\/\/www.cruillabarcelona.cat\/es\/","logo":{"@type":"ImageObject","inLanguage":"es","@id":"https:\/\/www.cruillabarcelona.cat\/es\/#\/schema\/logo\/image\/","url":"https:\/\/www.cruillabarcelona.cat\/wp-content\/uploads\/2025\/12\/cruill-logo-negativo.png","contentUrl":"https:\/\/www.cruillabarcelona.cat\/wp-content\/uploads\/2025\/12\/cruill-logo-negativo.png","width":400,"height":101,"caption":"Festival Cru\u00eflla"},"image":{"@id":"https:\/\/www.cruillabarcelona.cat\/es\/#\/schema\/logo\/image\/"}}]}},"_links":{"self":[{"href":"https:\/\/www.cruillabarcelona.cat\/es\/wp-json\/wp\/v2\/artists\/25546","targetHints":{"allow":["GET"]}}],"collection":[{"href":"https:\/\/www.cruillabarcelona.cat\/es\/wp-json\/wp\/v2\/artists"}],"about":[{"href":"https:\/\/www.cruillabarcelona.cat\/es\/wp-json\/wp\/v2\/types\/artists"}],"acf:term":[{"embeddable":true,"taxonomy":"artists_location","href":"https:\/\/www.cruillabarcelona.cat\/es\/wp-json\/wp\/v2\/artists_location\/777"},{"embeddable":true,"taxonomy":"artists_edition","href":"https:\/\/www.cruillabarcelona.cat\/es\/wp-json\/wp\/v2\/artists_edition\/774"}],"wp:featuredmedia":[{"embeddable":true,"href":"https:\/\/www.cruillabarcelona.cat\/es\/wp-json\/wp\/v2\/media\/25550"}],"wp:attachment":[{"href":"https:\/\/www.cruillabarcelona.cat\/es\/wp-json\/wp\/v2\/media?parent=25546"}],"wp:term":[{"taxonomy":"artists_edition","embeddable":true,"href":"https:\/\/www.cruillabarcelona.cat\/es\/wp-json\/wp\/v2\/artists_edition?post=25546"}],"curies":[{"name":"wp","href":"https:\/\/api.w.org\/{rel}","templated":true}]}}