{"id":26711,"date":"2020-11-23T13:50:08","date_gmt":"2020-11-23T11:50:08","guid":{"rendered":"https:\/\/www.cruillabarcelona.cat\/?post_type=artists&#038;p=26711"},"modified":"2022-05-06T14:14:16","modified_gmt":"2022-05-06T12:14:16","slug":"fat-freddys-drop","status":"publish","type":"artists","link":"https:\/\/www.cruillabarcelona.cat\/es\/artists\/fat-freddys-drop\/","title":{"rendered":"Fat Freddy&#8217;s Drop"},"content":{"rendered":"<h2 style=\"text-align: center;\">La f\u00f3rmula m\u00e1gica de Fat Freddy&#8217;s Drop<\/h2>\n<p style=\"text-align: left;\"><strong>Fat Freddy&#8217;s Drop<\/strong> es la banda m\u00e1s popular que nunca ha surgido de <strong>Nueva Zelanda<\/strong> y una de las m\u00e1s grandes <strong>en directo.<\/strong><\/p>\n<p>Como una f\u00f3rmula m\u00e1gica de receta secreta, su m\u00fasica contiene dosis indeterminadas de ingredientes tan saludables como el <strong>reggae, soul, funk, dub, jazz, rock y disco.<\/strong> Una cantidad id\u00f3nea de resultado 100% <strong>efectivo<\/strong>, <strong>disfrutable<\/strong> <strong>y estimulante<\/strong> que hay que <strong>vivir en concierto.<\/strong><\/p>\n<hr \/>\n<p style=\"text-align: center;\"><strong>Compra aqu\u00ed tus entradas<\/strong><\/p>\n<p style=\"text-align: center;\"><a class=\"efsbutton button \" target=\"_blank\">ENTRADAS<\/a><\/p>\n<hr \/>\n<p>Fundada en 1999 por el carism\u00e1tico<strong> DJ Fitchie<\/strong>, Fat Freddy s Drop se ha mantenido a lo largo de los a\u00f1os como un <strong>septeto<\/strong> que incluye guitarra, bater\u00eda, bajo, teclados, sintetizadores y tres vientos: una trompeta, un saxo y un tromb\u00f3n. Partiendo del reggae, su sonido ha evolucionado incorporando ritmos electr\u00f3nicos como el <strong>house<\/strong> o el <strong>techno<\/strong>. Destaca con fuerza la voz c\u00e1lida de <strong>Joe Dukie.<\/strong><\/p>\n<p>Actuaron en el <strong>Festival Cru\u00eflla en 2011 <\/strong>y nos dejaron muy buenas vibraciones. Ahora tenemos <strong>una nueva oportunidad<\/strong> de re-descubrir a Fat Freddy&#8217;s Drop en directo en el Cru\u00eflla 2022.<\/p>\n<!-- auto-added video if acf\/single-artist-video not used  --> <iframe style=\"width: 100%;max-width: 100%;height: auto;aspect-ratio: 16 \/ 9;\" src=\"https:\/\/www.youtube-nocookie.com\/embed\/N47KnuP8B9Q\" frameborder=\"0\" allow=\"accelerometer; autoplay; encrypted-media; gyroscope; picture-in-picture\" allowfullscreen><\/iframe>","protected":false},"featured_media":35276,"template":"","meta":{"_acf_changed":false},"artists_edition":[834],"class_list":["post-26711","artists","type-artists","status-publish","has-post-thumbnail","hentry","artists_location-escenari-vueling","artists_edition-834"],"acf":{"_thumbnail_id":35276,"youtube_player":"N47KnuP8B9Q","artist_edition":[834],"artist_date":"20220709","artist_time":"23:15","artist_time_2":"","artist_location":[875],"artist_ticket_url":"https:\/\/www.cruillabarcelona.cat\/es\/tickets\/","artist_ticket_status":"","artist_extra_date__show":false,"artist_extra_date_2":null,"artist_time_of_date2":"","artist_extra_date_3":null,"artist_time_of_date3":"","artist_extra_date_4":null,"artist_time_of_date4":"","artist_extra_date_5":null,"artist_time_of_date5":"","artist_date__show_month":true,"artist_sidebar_active":false,"show_in_agenda":false,"artist_sidebar__banner_img":null,"artist_sidebar__banner_link":"","artist_hero_content":"Cru\u00eflla 2022","artist_style":false,"artist_nationality":false,"artist_audience_age":false},"yoast_head":"<!-- This site is optimized with the Yoast SEO plugin v27.5 - https:\/\/yoast.com\/product\/yoast-seo-wordpress\/ -->\n<title>Fat Freddy&#039;s Drop en concierto en el Festival Cru\u00eflla 2022<\/title>\n<meta name=\"description\" content=\"Fat Freddy&#039;s Drop confirmado para el Festival Cru\u00eflla 2022. El concierto se celebrar\u00e1 el 9 de julio en el Parc del F\u00f2rum de Barcelona.\" \/>\n<meta name=\"robots\" content=\"index, follow, max-snippet:-1, max-image-preview:large, max-video-preview:-1\" \/>\n<link rel=\"canonical\" href=\"https:\/\/www.cruillabarcelona.cat\/es\/artists\/fat-freddys-drop\/\" \/>\n<meta property=\"og:locale\" content=\"es_ES\" \/>\n<meta property=\"og:type\" content=\"article\" \/>\n<meta property=\"og:title\" content=\"Fat Freddy&#039;s Drop en concierto en el Festival Cru\u00eflla 2022\" \/>\n<meta property=\"og:description\" content=\"Fat Freddy&#039;s Drop confirmado para el Festival Cru\u00eflla 2022. El concierto se celebrar\u00e1 el 9 de julio en el Parc del F\u00f2rum de Barcelona.\" \/>\n<meta property=\"og:url\" content=\"https:\/\/www.cruillabarcelona.cat\/es\/artists\/fat-freddys-drop\/\" \/>\n<meta property=\"og:site_name\" content=\"Festival Cru\u00eflla\" \/>\n<meta property=\"article:modified_time\" content=\"2022-05-06T12:14:16+00:00\" \/>\n<meta property=\"og:image\" content=\"https:\/\/www.cruillabarcelona.cat\/wp-content\/uploads\/2019\/07\/Fat-Freddys-Drop-blanc-i-negre.jpg\" \/>\n\t<meta property=\"og:image:width\" content=\"1200\" \/>\n\t<meta property=\"og:image:height\" content=\"1200\" \/>\n\t<meta property=\"og:image:type\" content=\"image\/jpeg\" \/>\n<meta name=\"twitter:card\" content=\"summary_large_image\" \/>\n<meta name=\"twitter:label1\" content=\"Tiempo de lectura\" \/>\n\t<meta name=\"twitter:data1\" content=\"1 minuto\" \/>\n<script type=\"application\/ld+json\" class=\"yoast-schema-graph\">{\"@context\":\"https:\\\/\\\/schema.org\",\"@graph\":[{\"@type\":\"WebPage\",\"@id\":\"https:\\\/\\\/www.cruillabarcelona.cat\\\/es\\\/artists\\\/fat-freddys-drop\\\/\",\"url\":\"https:\\\/\\\/www.cruillabarcelona.cat\\\/es\\\/artists\\\/fat-freddys-drop\\\/\",\"name\":\"Fat Freddy's Drop en concierto en el Festival Cru\u00eflla 2022\",\"isPartOf\":{\"@id\":\"https:\\\/\\\/www.cruillabarcelona.cat\\\/es\\\/#website\"},\"primaryImageOfPage\":{\"@id\":\"https:\\\/\\\/www.cruillabarcelona.cat\\\/es\\\/artists\\\/fat-freddys-drop\\\/#primaryimage\"},\"image\":{\"@id\":\"https:\\\/\\\/www.cruillabarcelona.cat\\\/es\\\/artists\\\/fat-freddys-drop\\\/#primaryimage\"},\"thumbnailUrl\":\"https:\\\/\\\/www.cruillabarcelona.cat\\\/wp-content\\\/uploads\\\/2019\\\/07\\\/Fat-Freddys-Drop-blanc-i-negre.jpg\",\"datePublished\":\"2020-11-23T11:50:08+00:00\",\"dateModified\":\"2022-05-06T12:14:16+00:00\",\"description\":\"Fat Freddy's Drop confirmado para el Festival Cru\u00eflla 2022. El concierto se celebrar\u00e1 el 9 de julio en el Parc del F\u00f2rum de Barcelona.\",\"breadcrumb\":{\"@id\":\"https:\\\/\\\/www.cruillabarcelona.cat\\\/es\\\/artists\\\/fat-freddys-drop\\\/#breadcrumb\"},\"inLanguage\":\"es\",\"potentialAction\":[{\"@type\":\"ReadAction\",\"target\":[\"https:\\\/\\\/www.cruillabarcelona.cat\\\/es\\\/artists\\\/fat-freddys-drop\\\/\"]}]},{\"@type\":\"ImageObject\",\"inLanguage\":\"es\",\"@id\":\"https:\\\/\\\/www.cruillabarcelona.cat\\\/es\\\/artists\\\/fat-freddys-drop\\\/#primaryimage\",\"url\":\"https:\\\/\\\/www.cruillabarcelona.cat\\\/wp-content\\\/uploads\\\/2019\\\/07\\\/Fat-Freddys-Drop-blanc-i-negre.jpg\",\"contentUrl\":\"https:\\\/\\\/www.cruillabarcelona.cat\\\/wp-content\\\/uploads\\\/2019\\\/07\\\/Fat-Freddys-Drop-blanc-i-negre.jpg\",\"width\":1200,\"height\":1200,\"caption\":\"Fat_freddys_drop\"},{\"@type\":\"BreadcrumbList\",\"@id\":\"https:\\\/\\\/www.cruillabarcelona.cat\\\/es\\\/artists\\\/fat-freddys-drop\\\/#breadcrumb\",\"itemListElement\":[{\"@type\":\"ListItem\",\"position\":1,\"name\":\"Home\",\"item\":\"https:\\\/\\\/www.cruillabarcelona.cat\\\/es\\\/\"},{\"@type\":\"ListItem\",\"position\":2,\"name\":\"Fat Freddy&#8217;s Drop\"}]},{\"@type\":\"WebSite\",\"@id\":\"https:\\\/\\\/www.cruillabarcelona.cat\\\/es\\\/#website\",\"url\":\"https:\\\/\\\/www.cruillabarcelona.cat\\\/es\\\/\",\"name\":\"Festival Cru\u00eflla\",\"description\":\"\",\"publisher\":{\"@id\":\"https:\\\/\\\/www.cruillabarcelona.cat\\\/es\\\/#organization\"},\"potentialAction\":[{\"@type\":\"SearchAction\",\"target\":{\"@type\":\"EntryPoint\",\"urlTemplate\":\"https:\\\/\\\/www.cruillabarcelona.cat\\\/es\\\/?s={search_term_string}\"},\"query-input\":{\"@type\":\"PropertyValueSpecification\",\"valueRequired\":true,\"valueName\":\"search_term_string\"}}],\"inLanguage\":\"es\"},{\"@type\":\"Organization\",\"@id\":\"https:\\\/\\\/www.cruillabarcelona.cat\\\/es\\\/#organization\",\"name\":\"Festival Cru\u00eflla\",\"url\":\"https:\\\/\\\/www.cruillabarcelona.cat\\\/es\\\/\",\"logo\":{\"@type\":\"ImageObject\",\"inLanguage\":\"es\",\"@id\":\"https:\\\/\\\/www.cruillabarcelona.cat\\\/es\\\/#\\\/schema\\\/logo\\\/image\\\/\",\"url\":\"https:\\\/\\\/www.cruillabarcelona.cat\\\/wp-content\\\/uploads\\\/2025\\\/12\\\/cruill-logo-negativo.png\",\"contentUrl\":\"https:\\\/\\\/www.cruillabarcelona.cat\\\/wp-content\\\/uploads\\\/2025\\\/12\\\/cruill-logo-negativo.png\",\"width\":400,\"height\":101,\"caption\":\"Festival Cru\u00eflla\"},\"image\":{\"@id\":\"https:\\\/\\\/www.cruillabarcelona.cat\\\/es\\\/#\\\/schema\\\/logo\\\/image\\\/\"}}]}<\/script>\n<!-- \/ Yoast SEO plugin. -->","yoast_head_json":{"title":"Fat Freddy's Drop en concierto en el Festival Cru\u00eflla 2022","description":"Fat Freddy's Drop confirmado para el Festival Cru\u00eflla 2022. El concierto se celebrar\u00e1 el 9 de julio en el Parc del F\u00f2rum de Barcelona.","robots":{"index":"index","follow":"follow","max-snippet":"max-snippet:-1","max-image-preview":"max-image-preview:large","max-video-preview":"max-video-preview:-1"},"canonical":"https:\/\/www.cruillabarcelona.cat\/es\/artists\/fat-freddys-drop\/","og_locale":"es_ES","og_type":"article","og_title":"Fat Freddy's Drop en concierto en el Festival Cru\u00eflla 2022","og_description":"Fat Freddy's Drop confirmado para el Festival Cru\u00eflla 2022. El concierto se celebrar\u00e1 el 9 de julio en el Parc del F\u00f2rum de Barcelona.","og_url":"https:\/\/www.cruillabarcelona.cat\/es\/artists\/fat-freddys-drop\/","og_site_name":"Festival Cru\u00eflla","article_modified_time":"2022-05-06T12:14:16+00:00","og_image":[{"width":1200,"height":1200,"url":"https:\/\/www.cruillabarcelona.cat\/wp-content\/uploads\/2019\/07\/Fat-Freddys-Drop-blanc-i-negre.jpg","type":"image\/jpeg"}],"twitter_card":"summary_large_image","twitter_misc":{"Tiempo de lectura":"1 minuto"},"schema":{"@context":"https:\/\/schema.org","@graph":[{"@type":"WebPage","@id":"https:\/\/www.cruillabarcelona.cat\/es\/artists\/fat-freddys-drop\/","url":"https:\/\/www.cruillabarcelona.cat\/es\/artists\/fat-freddys-drop\/","name":"Fat Freddy's Drop en concierto en el Festival Cru\u00eflla 2022","isPartOf":{"@id":"https:\/\/www.cruillabarcelona.cat\/es\/#website"},"primaryImageOfPage":{"@id":"https:\/\/www.cruillabarcelona.cat\/es\/artists\/fat-freddys-drop\/#primaryimage"},"image":{"@id":"https:\/\/www.cruillabarcelona.cat\/es\/artists\/fat-freddys-drop\/#primaryimage"},"thumbnailUrl":"https:\/\/www.cruillabarcelona.cat\/wp-content\/uploads\/2019\/07\/Fat-Freddys-Drop-blanc-i-negre.jpg","datePublished":"2020-11-23T11:50:08+00:00","dateModified":"2022-05-06T12:14:16+00:00","description":"Fat Freddy's Drop confirmado para el Festival Cru\u00eflla 2022. El concierto se celebrar\u00e1 el 9 de julio en el Parc del F\u00f2rum de Barcelona.","breadcrumb":{"@id":"https:\/\/www.cruillabarcelona.cat\/es\/artists\/fat-freddys-drop\/#breadcrumb"},"inLanguage":"es","potentialAction":[{"@type":"ReadAction","target":["https:\/\/www.cruillabarcelona.cat\/es\/artists\/fat-freddys-drop\/"]}]},{"@type":"ImageObject","inLanguage":"es","@id":"https:\/\/www.cruillabarcelona.cat\/es\/artists\/fat-freddys-drop\/#primaryimage","url":"https:\/\/www.cruillabarcelona.cat\/wp-content\/uploads\/2019\/07\/Fat-Freddys-Drop-blanc-i-negre.jpg","contentUrl":"https:\/\/www.cruillabarcelona.cat\/wp-content\/uploads\/2019\/07\/Fat-Freddys-Drop-blanc-i-negre.jpg","width":1200,"height":1200,"caption":"Fat_freddys_drop"},{"@type":"BreadcrumbList","@id":"https:\/\/www.cruillabarcelona.cat\/es\/artists\/fat-freddys-drop\/#breadcrumb","itemListElement":[{"@type":"ListItem","position":1,"name":"Home","item":"https:\/\/www.cruillabarcelona.cat\/es\/"},{"@type":"ListItem","position":2,"name":"Fat Freddy&#8217;s Drop"}]},{"@type":"WebSite","@id":"https:\/\/www.cruillabarcelona.cat\/es\/#website","url":"https:\/\/www.cruillabarcelona.cat\/es\/","name":"Festival Cru\u00eflla","description":"","publisher":{"@id":"https:\/\/www.cruillabarcelona.cat\/es\/#organization"},"potentialAction":[{"@type":"SearchAction","target":{"@type":"EntryPoint","urlTemplate":"https:\/\/www.cruillabarcelona.cat\/es\/?s={search_term_string}"},"query-input":{"@type":"PropertyValueSpecification","valueRequired":true,"valueName":"search_term_string"}}],"inLanguage":"es"},{"@type":"Organization","@id":"https:\/\/www.cruillabarcelona.cat\/es\/#organization","name":"Festival Cru\u00eflla","url":"https:\/\/www.cruillabarcelona.cat\/es\/","logo":{"@type":"ImageObject","inLanguage":"es","@id":"https:\/\/www.cruillabarcelona.cat\/es\/#\/schema\/logo\/image\/","url":"https:\/\/www.cruillabarcelona.cat\/wp-content\/uploads\/2025\/12\/cruill-logo-negativo.png","contentUrl":"https:\/\/www.cruillabarcelona.cat\/wp-content\/uploads\/2025\/12\/cruill-logo-negativo.png","width":400,"height":101,"caption":"Festival Cru\u00eflla"},"image":{"@id":"https:\/\/www.cruillabarcelona.cat\/es\/#\/schema\/logo\/image\/"}}]}},"_links":{"self":[{"href":"https:\/\/www.cruillabarcelona.cat\/es\/wp-json\/wp\/v2\/artists\/26711","targetHints":{"allow":["GET"]}}],"collection":[{"href":"https:\/\/www.cruillabarcelona.cat\/es\/wp-json\/wp\/v2\/artists"}],"about":[{"href":"https:\/\/www.cruillabarcelona.cat\/es\/wp-json\/wp\/v2\/types\/artists"}],"acf:term":[{"embeddable":true,"taxonomy":"artists_location","href":"https:\/\/www.cruillabarcelona.cat\/es\/wp-json\/wp\/v2\/artists_location\/875"},{"embeddable":true,"taxonomy":"artists_edition","href":"https:\/\/www.cruillabarcelona.cat\/es\/wp-json\/wp\/v2\/artists_edition\/834"}],"wp:featuredmedia":[{"embeddable":true,"href":"https:\/\/www.cruillabarcelona.cat\/es\/wp-json\/wp\/v2\/media\/35276"}],"wp:attachment":[{"href":"https:\/\/www.cruillabarcelona.cat\/es\/wp-json\/wp\/v2\/media?parent=26711"}],"wp:term":[{"taxonomy":"artists_edition","embeddable":true,"href":"https:\/\/www.cruillabarcelona.cat\/es\/wp-json\/wp\/v2\/artists_edition?post=26711"}],"curies":[{"name":"wp","href":"https:\/\/api.w.org\/{rel}","templated":true}]}}