{"id":27126,"date":"2019-09-12T12:20:21","date_gmt":"2019-09-12T10:20:21","guid":{"rendered":"https:\/\/www.cruillabarcelona.cat\/?post_type=artists&#038;p=27126"},"modified":"2019-11-06T16:37:32","modified_gmt":"2019-11-06T14:37:32","slug":"juanito-makande","status":"publish","type":"artists","link":"https:\/\/www.cruillabarcelona.cat\/es\/artists\/juanito-makande\/","title":{"rendered":"Juanito Makand\u00e9 + Ant\u00edlopez"},"content":{"rendered":"<h2>\u00bfQu\u00e9 tiene que nos encandila?<\/h2>\n<p>\u00abUna vez te vi en un chiringuito y me dijiste que te ibas a perseguir tu sue\u00f1o por Madrid\u00bb.\u00a0Este es el primer comentario en una de las canciones de <strong>Juanito Makand\u00e9<\/strong> en Youtube, escrito por Luc\u00eda. M\u00e1s all\u00e1 de si Luc\u00eda y Juanito realmente se conocieron, lo que es seguro es que Makand\u00e9 consigui\u00f3 lo que buscaba: ahora, <strong>cada vez que sube una canci\u00f3n le escuchan millones de personas<\/strong>.<\/p>\n<p>Quiz\u00e1 sea esa <strong>voz rota<\/strong> que es puro flamenco, o quiz\u00e1 es el arte y la rumba de sus guitarras. O quiz\u00e1 simplemente nos identificamos con las <strong>emociones de sus letras<\/strong>, sentimientos puros y sencillos de gente de la calle. La realidad es que Makand\u00e9 es, como a \u00e9l le gusta decir, \u00abun cantautor libre\u00bb.<\/p>\n<p>Abrir\u00e1 la noche\u00a0<strong>Ant\u00edlopez<\/strong>, un grupo que no enga\u00f1a a nadie con su humor absurdo y su actitud campechana: aunque ellos se describen como \u00abchiripop absurdo depresivo con catarsis tragic\u00f3mica\u00bb, en realidad son <strong>dos grandes m\u00fasicos<\/strong> que no paran de hacer\u00a0<em>sold outs<\/em> por toda la geograf\u00eda espa\u00f1ola.<\/p>\n<hr \/>\n<p style=\"text-align: center;\">Compra aqu\u00ed tus entradas para el concierto de de Juanito Makand\u00e9 + Ant\u00edlopez:<\/p>\n<p style=\"text-align: center;\"><a class=\"efsbutton button \" target=\"_blank\">ENTRADAS<\/a><\/p>\n<hr \/>\n<p>El concierto de Juanito Makand\u00e9 en el Cru\u00eflla de Tardor ser\u00e1 el <strong>\u00faltimo de la gira<\/strong> del cantautor gaditano. Escucharemos canciones de su \u00faltimo \u00e1lbum,\u00a0<strong><em>El habitante de la tarde roja<\/em><\/strong>, y sus grandes \u00e9xitos, canciones que nos rondan la cabeza y que lo har\u00e1n con m\u00e1s fuerza despu\u00e9s de o\u00edrlas en directo.<\/p>\n<!-- auto-added video if acf\/single-artist-video not used  --> <iframe style=\"width: 100%;max-width: 100%;height: auto;aspect-ratio: 16 \/ 9;\" src=\"https:\/\/www.youtube-nocookie.com\/embed\/h3EkrU74gyc\" frameborder=\"0\" allow=\"accelerometer; autoplay; encrypted-media; gyroscope; picture-in-picture\" allowfullscreen><\/iframe>","protected":false},"featured_media":27125,"template":"","meta":{"_acf_changed":false},"artists_edition":[745],"class_list":["post-27126","artists","type-artists","status-publish","has-post-thumbnail","hentry","artists_location-hivernacle-poble-espanyol","artists_edition-2019-tardor"],"acf":{"_thumbnail_id":27125,"youtube_player":"h3EkrU74gyc","artist_edition":[745],"artist_date":"20191109","artist_time":"20:00:00","artist_time_2":"","artist_location":[611],"artist_ticket_url":"https:\/\/cruillatardor.seetickets.com\/event\/juanito-makand-antilopez-cru-lla-tardor-2019-\/poble-espanyol\/1433959?lang=es-ES&_ga=2.36038370.374208766.1568275008-881069806.1567585357","artist_ticket_status":"","artist_extra_date__show":false,"artist_extra_date_2":null,"artist_time_of_date2":"","artist_extra_date_3":null,"artist_time_of_date3":"","artist_extra_date_4":null,"artist_time_of_date4":"","artist_extra_date_5":null,"artist_time_of_date5":"","artist_date__show_month":true,"artist_sidebar_active":false,"show_in_agenda":false,"artist_sidebar__banner_img":null,"artist_sidebar__banner_link":"","artist_hero_content":"","artist_style":false,"artist_nationality":false,"artist_audience_age":false},"yoast_head":"<!-- This site is optimized with the Yoast SEO plugin v27.5 - https:\/\/yoast.com\/product\/yoast-seo-wordpress\/ -->\n<title>Concierto de Juanito Makand\u00e9 + Ant\u00edlopez, 9 de noviembre en Barcelona<\/title>\n<meta name=\"description\" content=\"Compra entradas para el concierto de Juanito Makand\u00e9 + Ant\u00edlopez en el Cru\u00eflla de Tardor 2019, el 9 de noviembre en el Poble Espanyol de Barcelona\" \/>\n<meta name=\"robots\" content=\"index, follow, max-snippet:-1, max-image-preview:large, max-video-preview:-1\" \/>\n<link rel=\"canonical\" href=\"https:\/\/www.cruillabarcelona.cat\/es\/artists\/juanito-makande\/\" \/>\n<meta property=\"og:locale\" content=\"es_ES\" \/>\n<meta property=\"og:type\" content=\"article\" \/>\n<meta property=\"og:title\" content=\"Concierto de Juanito Makand\u00e9 + Ant\u00edlopez, 9 de noviembre en Barcelona\" \/>\n<meta property=\"og:description\" content=\"Compra entradas para el concierto de Juanito Makand\u00e9 + Ant\u00edlopez en el Cru\u00eflla de Tardor 2019, el 9 de noviembre en el Poble Espanyol de Barcelona\" \/>\n<meta property=\"og:url\" content=\"https:\/\/www.cruillabarcelona.cat\/es\/artists\/juanito-makande\/\" \/>\n<meta property=\"og:site_name\" content=\"Festival Cru\u00eflla\" \/>\n<meta property=\"article:modified_time\" content=\"2019-11-06T14:37:32+00:00\" \/>\n<meta property=\"og:image\" content=\"https:\/\/www.cruillabarcelona.cat\/wp-content\/uploads\/2019\/09\/makande.jpg\" \/>\n\t<meta property=\"og:image:width\" content=\"1329\" \/>\n\t<meta property=\"og:image:height\" content=\"1329\" \/>\n\t<meta property=\"og:image:type\" content=\"image\/jpeg\" \/>\n<meta name=\"twitter:card\" content=\"summary_large_image\" \/>\n<meta name=\"twitter:label1\" content=\"Tiempo de lectura\" \/>\n\t<meta name=\"twitter:data1\" content=\"1 minuto\" \/>\n<script type=\"application\/ld+json\" class=\"yoast-schema-graph\">{\"@context\":\"https:\\\/\\\/schema.org\",\"@graph\":[{\"@type\":\"WebPage\",\"@id\":\"https:\\\/\\\/www.cruillabarcelona.cat\\\/es\\\/artists\\\/juanito-makande\\\/\",\"url\":\"https:\\\/\\\/www.cruillabarcelona.cat\\\/es\\\/artists\\\/juanito-makande\\\/\",\"name\":\"Concierto de Juanito Makand\u00e9 + Ant\u00edlopez, 9 de noviembre en Barcelona\",\"isPartOf\":{\"@id\":\"https:\\\/\\\/www.cruillabarcelona.cat\\\/es\\\/#website\"},\"primaryImageOfPage\":{\"@id\":\"https:\\\/\\\/www.cruillabarcelona.cat\\\/es\\\/artists\\\/juanito-makande\\\/#primaryimage\"},\"image\":{\"@id\":\"https:\\\/\\\/www.cruillabarcelona.cat\\\/es\\\/artists\\\/juanito-makande\\\/#primaryimage\"},\"thumbnailUrl\":\"https:\\\/\\\/www.cruillabarcelona.cat\\\/wp-content\\\/uploads\\\/2019\\\/09\\\/makande.jpg\",\"datePublished\":\"2019-09-12T10:20:21+00:00\",\"dateModified\":\"2019-11-06T14:37:32+00:00\",\"description\":\"Compra entradas para el concierto de Juanito Makand\u00e9 + Ant\u00edlopez en el Cru\u00eflla de Tardor 2019, el 9 de noviembre en el Poble Espanyol de Barcelona\",\"breadcrumb\":{\"@id\":\"https:\\\/\\\/www.cruillabarcelona.cat\\\/es\\\/artists\\\/juanito-makande\\\/#breadcrumb\"},\"inLanguage\":\"es\",\"potentialAction\":[{\"@type\":\"ReadAction\",\"target\":[\"https:\\\/\\\/www.cruillabarcelona.cat\\\/es\\\/artists\\\/juanito-makande\\\/\"]}]},{\"@type\":\"ImageObject\",\"inLanguage\":\"es\",\"@id\":\"https:\\\/\\\/www.cruillabarcelona.cat\\\/es\\\/artists\\\/juanito-makande\\\/#primaryimage\",\"url\":\"https:\\\/\\\/www.cruillabarcelona.cat\\\/wp-content\\\/uploads\\\/2019\\\/09\\\/makande.jpg\",\"contentUrl\":\"https:\\\/\\\/www.cruillabarcelona.cat\\\/wp-content\\\/uploads\\\/2019\\\/09\\\/makande.jpg\",\"width\":1329,\"height\":1329},{\"@type\":\"BreadcrumbList\",\"@id\":\"https:\\\/\\\/www.cruillabarcelona.cat\\\/es\\\/artists\\\/juanito-makande\\\/#breadcrumb\",\"itemListElement\":[{\"@type\":\"ListItem\",\"position\":1,\"name\":\"Home\",\"item\":\"https:\\\/\\\/www.cruillabarcelona.cat\\\/es\\\/\"},{\"@type\":\"ListItem\",\"position\":2,\"name\":\"Juanito Makand\u00e9 + Ant\u00edlopez\"}]},{\"@type\":\"WebSite\",\"@id\":\"https:\\\/\\\/www.cruillabarcelona.cat\\\/es\\\/#website\",\"url\":\"https:\\\/\\\/www.cruillabarcelona.cat\\\/es\\\/\",\"name\":\"Festival Cru\u00eflla\",\"description\":\"\",\"publisher\":{\"@id\":\"https:\\\/\\\/www.cruillabarcelona.cat\\\/es\\\/#organization\"},\"potentialAction\":[{\"@type\":\"SearchAction\",\"target\":{\"@type\":\"EntryPoint\",\"urlTemplate\":\"https:\\\/\\\/www.cruillabarcelona.cat\\\/es\\\/?s={search_term_string}\"},\"query-input\":{\"@type\":\"PropertyValueSpecification\",\"valueRequired\":true,\"valueName\":\"search_term_string\"}}],\"inLanguage\":\"es\"},{\"@type\":\"Organization\",\"@id\":\"https:\\\/\\\/www.cruillabarcelona.cat\\\/es\\\/#organization\",\"name\":\"Festival Cru\u00eflla\",\"url\":\"https:\\\/\\\/www.cruillabarcelona.cat\\\/es\\\/\",\"logo\":{\"@type\":\"ImageObject\",\"inLanguage\":\"es\",\"@id\":\"https:\\\/\\\/www.cruillabarcelona.cat\\\/es\\\/#\\\/schema\\\/logo\\\/image\\\/\",\"url\":\"https:\\\/\\\/www.cruillabarcelona.cat\\\/wp-content\\\/uploads\\\/2025\\\/12\\\/cruill-logo-negativo.png\",\"contentUrl\":\"https:\\\/\\\/www.cruillabarcelona.cat\\\/wp-content\\\/uploads\\\/2025\\\/12\\\/cruill-logo-negativo.png\",\"width\":400,\"height\":101,\"caption\":\"Festival Cru\u00eflla\"},\"image\":{\"@id\":\"https:\\\/\\\/www.cruillabarcelona.cat\\\/es\\\/#\\\/schema\\\/logo\\\/image\\\/\"}}]}<\/script>\n<!-- \/ Yoast SEO plugin. -->","yoast_head_json":{"title":"Concierto de Juanito Makand\u00e9 + Ant\u00edlopez, 9 de noviembre en Barcelona","description":"Compra entradas para el concierto de Juanito Makand\u00e9 + Ant\u00edlopez en el Cru\u00eflla de Tardor 2019, el 9 de noviembre en el Poble Espanyol de Barcelona","robots":{"index":"index","follow":"follow","max-snippet":"max-snippet:-1","max-image-preview":"max-image-preview:large","max-video-preview":"max-video-preview:-1"},"canonical":"https:\/\/www.cruillabarcelona.cat\/es\/artists\/juanito-makande\/","og_locale":"es_ES","og_type":"article","og_title":"Concierto de Juanito Makand\u00e9 + Ant\u00edlopez, 9 de noviembre en Barcelona","og_description":"Compra entradas para el concierto de Juanito Makand\u00e9 + Ant\u00edlopez en el Cru\u00eflla de Tardor 2019, el 9 de noviembre en el Poble Espanyol de Barcelona","og_url":"https:\/\/www.cruillabarcelona.cat\/es\/artists\/juanito-makande\/","og_site_name":"Festival Cru\u00eflla","article_modified_time":"2019-11-06T14:37:32+00:00","og_image":[{"width":1329,"height":1329,"url":"https:\/\/www.cruillabarcelona.cat\/wp-content\/uploads\/2019\/09\/makande.jpg","type":"image\/jpeg"}],"twitter_card":"summary_large_image","twitter_misc":{"Tiempo de lectura":"1 minuto"},"schema":{"@context":"https:\/\/schema.org","@graph":[{"@type":"WebPage","@id":"https:\/\/www.cruillabarcelona.cat\/es\/artists\/juanito-makande\/","url":"https:\/\/www.cruillabarcelona.cat\/es\/artists\/juanito-makande\/","name":"Concierto de Juanito Makand\u00e9 + Ant\u00edlopez, 9 de noviembre en Barcelona","isPartOf":{"@id":"https:\/\/www.cruillabarcelona.cat\/es\/#website"},"primaryImageOfPage":{"@id":"https:\/\/www.cruillabarcelona.cat\/es\/artists\/juanito-makande\/#primaryimage"},"image":{"@id":"https:\/\/www.cruillabarcelona.cat\/es\/artists\/juanito-makande\/#primaryimage"},"thumbnailUrl":"https:\/\/www.cruillabarcelona.cat\/wp-content\/uploads\/2019\/09\/makande.jpg","datePublished":"2019-09-12T10:20:21+00:00","dateModified":"2019-11-06T14:37:32+00:00","description":"Compra entradas para el concierto de Juanito Makand\u00e9 + Ant\u00edlopez en el Cru\u00eflla de Tardor 2019, el 9 de noviembre en el Poble Espanyol de Barcelona","breadcrumb":{"@id":"https:\/\/www.cruillabarcelona.cat\/es\/artists\/juanito-makande\/#breadcrumb"},"inLanguage":"es","potentialAction":[{"@type":"ReadAction","target":["https:\/\/www.cruillabarcelona.cat\/es\/artists\/juanito-makande\/"]}]},{"@type":"ImageObject","inLanguage":"es","@id":"https:\/\/www.cruillabarcelona.cat\/es\/artists\/juanito-makande\/#primaryimage","url":"https:\/\/www.cruillabarcelona.cat\/wp-content\/uploads\/2019\/09\/makande.jpg","contentUrl":"https:\/\/www.cruillabarcelona.cat\/wp-content\/uploads\/2019\/09\/makande.jpg","width":1329,"height":1329},{"@type":"BreadcrumbList","@id":"https:\/\/www.cruillabarcelona.cat\/es\/artists\/juanito-makande\/#breadcrumb","itemListElement":[{"@type":"ListItem","position":1,"name":"Home","item":"https:\/\/www.cruillabarcelona.cat\/es\/"},{"@type":"ListItem","position":2,"name":"Juanito Makand\u00e9 + Ant\u00edlopez"}]},{"@type":"WebSite","@id":"https:\/\/www.cruillabarcelona.cat\/es\/#website","url":"https:\/\/www.cruillabarcelona.cat\/es\/","name":"Festival Cru\u00eflla","description":"","publisher":{"@id":"https:\/\/www.cruillabarcelona.cat\/es\/#organization"},"potentialAction":[{"@type":"SearchAction","target":{"@type":"EntryPoint","urlTemplate":"https:\/\/www.cruillabarcelona.cat\/es\/?s={search_term_string}"},"query-input":{"@type":"PropertyValueSpecification","valueRequired":true,"valueName":"search_term_string"}}],"inLanguage":"es"},{"@type":"Organization","@id":"https:\/\/www.cruillabarcelona.cat\/es\/#organization","name":"Festival Cru\u00eflla","url":"https:\/\/www.cruillabarcelona.cat\/es\/","logo":{"@type":"ImageObject","inLanguage":"es","@id":"https:\/\/www.cruillabarcelona.cat\/es\/#\/schema\/logo\/image\/","url":"https:\/\/www.cruillabarcelona.cat\/wp-content\/uploads\/2025\/12\/cruill-logo-negativo.png","contentUrl":"https:\/\/www.cruillabarcelona.cat\/wp-content\/uploads\/2025\/12\/cruill-logo-negativo.png","width":400,"height":101,"caption":"Festival Cru\u00eflla"},"image":{"@id":"https:\/\/www.cruillabarcelona.cat\/es\/#\/schema\/logo\/image\/"}}]}},"_links":{"self":[{"href":"https:\/\/www.cruillabarcelona.cat\/es\/wp-json\/wp\/v2\/artists\/27126","targetHints":{"allow":["GET"]}}],"collection":[{"href":"https:\/\/www.cruillabarcelona.cat\/es\/wp-json\/wp\/v2\/artists"}],"about":[{"href":"https:\/\/www.cruillabarcelona.cat\/es\/wp-json\/wp\/v2\/types\/artists"}],"acf:term":[{"embeddable":true,"taxonomy":"artists_location","href":"https:\/\/www.cruillabarcelona.cat\/es\/wp-json\/wp\/v2\/artists_location\/611"},{"embeddable":true,"taxonomy":"artists_edition","href":"https:\/\/www.cruillabarcelona.cat\/es\/wp-json\/wp\/v2\/artists_edition\/745"}],"wp:featuredmedia":[{"embeddable":true,"href":"https:\/\/www.cruillabarcelona.cat\/es\/wp-json\/wp\/v2\/media\/27125"}],"wp:attachment":[{"href":"https:\/\/www.cruillabarcelona.cat\/es\/wp-json\/wp\/v2\/media?parent=27126"}],"wp:term":[{"taxonomy":"artists_edition","embeddable":true,"href":"https:\/\/www.cruillabarcelona.cat\/es\/wp-json\/wp\/v2\/artists_edition?post=27126"}],"curies":[{"name":"wp","href":"https:\/\/api.w.org\/{rel}","templated":true}]}}