{"id":27665,"date":"2019-10-30T13:01:54","date_gmt":"2019-10-30T11:01:54","guid":{"rendered":"https:\/\/www.cruillabarcelona.cat\/?post_type=artists&#038;p=27665"},"modified":"2022-05-06T16:44:41","modified_gmt":"2022-05-06T14:44:41","slug":"residente","status":"publish","type":"artists","link":"https:\/\/www.cruillabarcelona.cat\/es\/artists\/residente\/","title":{"rendered":"Residente"},"content":{"rendered":"<h2 style=\"text-align: left;\">\u00a1Salte del Closet! \u00a1Vuelve Residente!<\/h2>\n<p>\u00abEl reggaeton es machista\u00bb. \u00abEl reggaeton es consumista\u00bb. O, directamente: \u00abEl reggaeton no es m\u00fasica\u00bb. Mientras la Europa de hoy todav\u00eda lucha por sacudirse los mil y un prejuicios hacia la m\u00fasica latina, hace m\u00e1s de diez a\u00f1os un m\u00fasico ya hac\u00eda <strong>reggaeton feminista<\/strong>, <strong>anticapitalista<\/strong> y <strong>de calidad<\/strong>: su nombre es Ren\u00e9 P\u00e9rez, AKA <strong>Residente<\/strong>. Su grupo, <strong>Calle 13<\/strong>.<\/p>\n<p>Residente es probablemente el \u00fanico cantante que ha conseguido poner a bailar a millones de personas con <strong>hip hop y reggaeton pol\u00edtico<\/strong>. Cuando\u00a0<strong>los ritmos latinos y el rechazo a la guerra se dan la mano<\/strong>, entonces sabes que otro reggaeton existe.<\/p>\n<p>Un show de Residente es tal y como te lo imaginas. <em>Atr\u00e9vete<\/em>, <em>Latinoam\u00e9rica<\/em>, <em>No hay nadie como t\u00fa<\/em>&#8230; <strong>Los \u00e9xitos de Calle 13<\/strong>\u00a0y la imparable\u00a0<strong>maquinaria de hits en solitario de Residente<\/strong> van a tomar los escenarios del Cru\u00eflla. Y nosotros bailaremos con orgullo, como siempre lo hacemos.<\/p>\n<hr \/>\n<p style=\"text-align: center;\"><strong>Compra aqu\u00ed tus entradas<\/strong><\/p>\n<p style=\"text-align: center;\"><a class=\"efsbutton button \" target=\"_blank\">ENTRADAS<\/a><\/p>\n<hr \/>\n<p>Le tuvimos en el <strong>Cru\u00eflla 2017<\/strong> y nos dio <strong>una de las actuaciones m\u00e1s \u00e9picas del festival<\/strong>. Los dos \u00e1lbums en solitario de Residente profundizan y matizan la l\u00ednea ideol\u00f3gica que marc\u00f3 Calle 13. Canciones como <em>Somos Anormales<\/em>, por ejemplo,\u00a0ataca la obsesi\u00f3n por el f\u00edsico normativo.<\/p>\n<p>Su hit <em>Bellacoso<\/em> (ft. Bad Bunny), <strong>puede parecer un tema de reggaeton al uso<\/strong>. Pero, si se mira con atenci\u00f3n, se encuentran <strong>gui\u00f1os a la transexualidad<\/strong> y a la homosexualidad, modelos con <strong>diversidad racial y f\u00edsica<\/strong>; una letra que <strong>rechaza expl\u00edcitamente al acoso sexual<\/strong> y apuesta por la <strong>democratizaci\u00f3n del perreo <\/strong>entre las clases pobres.<\/p>\n<!-- auto-added video if acf\/single-artist-video not used  --> <iframe style=\"width: 100%;max-width: 100%;height: auto;aspect-ratio: 16 \/ 9;\" src=\"https:\/\/www.youtube-nocookie.com\/embed\/-D3zwv9L-xM\" frameborder=\"0\" allow=\"accelerometer; autoplay; encrypted-media; gyroscope; picture-in-picture\" allowfullscreen><\/iframe>","protected":false},"featured_media":27719,"template":"","meta":{"_acf_changed":false},"artists_edition":[834],"class_list":["post-27665","artists","type-artists","status-publish","has-post-thumbnail","hentry","artists_location-estrella","artists_edition-834"],"acf":{"_thumbnail_id":27719,"youtube_player":"-D3zwv9L-xM","artist_edition":[834],"artist_date":"20220707","artist_time":"22:15","artist_time_2":"","artist_location":[20],"artist_ticket_url":"https:\/\/www.cruillabarcelona.cat\/es\/tickets\/","artist_ticket_status":"","artist_extra_date__show":false,"artist_extra_date_2":null,"artist_time_of_date2":"","artist_extra_date_3":null,"artist_time_of_date3":"","artist_extra_date_4":null,"artist_time_of_date4":"","artist_extra_date_5":null,"artist_time_of_date5":"","artist_date__show_month":true,"artist_sidebar_active":true,"show_in_agenda":false,"artist_sidebar__banner_img":"","artist_sidebar__banner_link":"","artist_hero_content":"Festival Cru\u00eflla 2022","artist_style":false,"artist_nationality":false,"artist_audience_age":false},"yoast_head":"<!-- This site is optimized with the Yoast SEO plugin v27.5 - https:\/\/yoast.com\/product\/yoast-seo-wordpress\/ -->\n<title>Residente en concierto en el Festival Cru\u00eflla 2022, 7 de julio en Barcelona<\/title>\n<meta name=\"description\" content=\"Residente confirmado para el Festival Cru\u00eflla 2022. El concierto se celebrar\u00e1 el 7 de julio en el Parc del F\u00f2rum de Barcelona.\" \/>\n<meta name=\"robots\" content=\"index, follow, max-snippet:-1, max-image-preview:large, max-video-preview:-1\" \/>\n<link rel=\"canonical\" href=\"https:\/\/www.cruillabarcelona.cat\/es\/artists\/residente\/\" \/>\n<meta property=\"og:locale\" content=\"es_ES\" \/>\n<meta property=\"og:type\" content=\"article\" \/>\n<meta property=\"og:title\" content=\"Residente en concierto en el Festival Cru\u00eflla 2022, 7 de julio en Barcelona\" \/>\n<meta property=\"og:description\" content=\"Residente confirmado para el Festival Cru\u00eflla 2022. El concierto se celebrar\u00e1 el 7 de julio en el Parc del F\u00f2rum de Barcelona.\" \/>\n<meta property=\"og:url\" content=\"https:\/\/www.cruillabarcelona.cat\/es\/artists\/residente\/\" \/>\n<meta property=\"og:site_name\" content=\"Festival Cru\u00eflla\" \/>\n<meta property=\"article:modified_time\" content=\"2022-05-06T14:44:41+00:00\" \/>\n<meta property=\"og:image\" content=\"https:\/\/www.cruillabarcelona.cat\/wp-content\/uploads\/2019\/10\/5_Residente_1200x1200-1.jpg\" \/>\n\t<meta property=\"og:image:width\" content=\"1200\" \/>\n\t<meta property=\"og:image:height\" content=\"1200\" \/>\n\t<meta property=\"og:image:type\" content=\"image\/jpeg\" \/>\n<meta name=\"twitter:card\" content=\"summary_large_image\" \/>\n<meta name=\"twitter:label1\" content=\"Tiempo de lectura\" \/>\n\t<meta name=\"twitter:data1\" content=\"2 minutos\" \/>\n<script type=\"application\/ld+json\" class=\"yoast-schema-graph\">{\"@context\":\"https:\\\/\\\/schema.org\",\"@graph\":[{\"@type\":\"WebPage\",\"@id\":\"https:\\\/\\\/www.cruillabarcelona.cat\\\/es\\\/artists\\\/residente\\\/\",\"url\":\"https:\\\/\\\/www.cruillabarcelona.cat\\\/es\\\/artists\\\/residente\\\/\",\"name\":\"Residente en concierto en el Festival Cru\u00eflla 2022, 7 de julio en Barcelona\",\"isPartOf\":{\"@id\":\"https:\\\/\\\/www.cruillabarcelona.cat\\\/es\\\/#website\"},\"primaryImageOfPage\":{\"@id\":\"https:\\\/\\\/www.cruillabarcelona.cat\\\/es\\\/artists\\\/residente\\\/#primaryimage\"},\"image\":{\"@id\":\"https:\\\/\\\/www.cruillabarcelona.cat\\\/es\\\/artists\\\/residente\\\/#primaryimage\"},\"thumbnailUrl\":\"https:\\\/\\\/www.cruillabarcelona.cat\\\/wp-content\\\/uploads\\\/2019\\\/10\\\/5_Residente_1200x1200-1.jpg\",\"datePublished\":\"2019-10-30T11:01:54+00:00\",\"dateModified\":\"2022-05-06T14:44:41+00:00\",\"description\":\"Residente confirmado para el Festival Cru\u00eflla 2022. El concierto se celebrar\u00e1 el 7 de julio en el Parc del F\u00f2rum de Barcelona.\",\"breadcrumb\":{\"@id\":\"https:\\\/\\\/www.cruillabarcelona.cat\\\/es\\\/artists\\\/residente\\\/#breadcrumb\"},\"inLanguage\":\"es\",\"potentialAction\":[{\"@type\":\"ReadAction\",\"target\":[\"https:\\\/\\\/www.cruillabarcelona.cat\\\/es\\\/artists\\\/residente\\\/\"]}]},{\"@type\":\"ImageObject\",\"inLanguage\":\"es\",\"@id\":\"https:\\\/\\\/www.cruillabarcelona.cat\\\/es\\\/artists\\\/residente\\\/#primaryimage\",\"url\":\"https:\\\/\\\/www.cruillabarcelona.cat\\\/wp-content\\\/uploads\\\/2019\\\/10\\\/5_Residente_1200x1200-1.jpg\",\"contentUrl\":\"https:\\\/\\\/www.cruillabarcelona.cat\\\/wp-content\\\/uploads\\\/2019\\\/10\\\/5_Residente_1200x1200-1.jpg\",\"width\":1200,\"height\":1200},{\"@type\":\"BreadcrumbList\",\"@id\":\"https:\\\/\\\/www.cruillabarcelona.cat\\\/es\\\/artists\\\/residente\\\/#breadcrumb\",\"itemListElement\":[{\"@type\":\"ListItem\",\"position\":1,\"name\":\"Home\",\"item\":\"https:\\\/\\\/www.cruillabarcelona.cat\\\/es\\\/\"},{\"@type\":\"ListItem\",\"position\":2,\"name\":\"Residente\"}]},{\"@type\":\"WebSite\",\"@id\":\"https:\\\/\\\/www.cruillabarcelona.cat\\\/es\\\/#website\",\"url\":\"https:\\\/\\\/www.cruillabarcelona.cat\\\/es\\\/\",\"name\":\"Festival Cru\u00eflla\",\"description\":\"\",\"publisher\":{\"@id\":\"https:\\\/\\\/www.cruillabarcelona.cat\\\/es\\\/#organization\"},\"potentialAction\":[{\"@type\":\"SearchAction\",\"target\":{\"@type\":\"EntryPoint\",\"urlTemplate\":\"https:\\\/\\\/www.cruillabarcelona.cat\\\/es\\\/?s={search_term_string}\"},\"query-input\":{\"@type\":\"PropertyValueSpecification\",\"valueRequired\":true,\"valueName\":\"search_term_string\"}}],\"inLanguage\":\"es\"},{\"@type\":\"Organization\",\"@id\":\"https:\\\/\\\/www.cruillabarcelona.cat\\\/es\\\/#organization\",\"name\":\"Festival Cru\u00eflla\",\"url\":\"https:\\\/\\\/www.cruillabarcelona.cat\\\/es\\\/\",\"logo\":{\"@type\":\"ImageObject\",\"inLanguage\":\"es\",\"@id\":\"https:\\\/\\\/www.cruillabarcelona.cat\\\/es\\\/#\\\/schema\\\/logo\\\/image\\\/\",\"url\":\"https:\\\/\\\/www.cruillabarcelona.cat\\\/wp-content\\\/uploads\\\/2025\\\/12\\\/cruill-logo-negativo.png\",\"contentUrl\":\"https:\\\/\\\/www.cruillabarcelona.cat\\\/wp-content\\\/uploads\\\/2025\\\/12\\\/cruill-logo-negativo.png\",\"width\":400,\"height\":101,\"caption\":\"Festival Cru\u00eflla\"},\"image\":{\"@id\":\"https:\\\/\\\/www.cruillabarcelona.cat\\\/es\\\/#\\\/schema\\\/logo\\\/image\\\/\"}}]}<\/script>\n<!-- \/ Yoast SEO plugin. -->","yoast_head_json":{"title":"Residente en concierto en el Festival Cru\u00eflla 2022, 7 de julio en Barcelona","description":"Residente confirmado para el Festival Cru\u00eflla 2022. El concierto se celebrar\u00e1 el 7 de julio en el Parc del F\u00f2rum de Barcelona.","robots":{"index":"index","follow":"follow","max-snippet":"max-snippet:-1","max-image-preview":"max-image-preview:large","max-video-preview":"max-video-preview:-1"},"canonical":"https:\/\/www.cruillabarcelona.cat\/es\/artists\/residente\/","og_locale":"es_ES","og_type":"article","og_title":"Residente en concierto en el Festival Cru\u00eflla 2022, 7 de julio en Barcelona","og_description":"Residente confirmado para el Festival Cru\u00eflla 2022. El concierto se celebrar\u00e1 el 7 de julio en el Parc del F\u00f2rum de Barcelona.","og_url":"https:\/\/www.cruillabarcelona.cat\/es\/artists\/residente\/","og_site_name":"Festival Cru\u00eflla","article_modified_time":"2022-05-06T14:44:41+00:00","og_image":[{"width":1200,"height":1200,"url":"https:\/\/www.cruillabarcelona.cat\/wp-content\/uploads\/2019\/10\/5_Residente_1200x1200-1.jpg","type":"image\/jpeg"}],"twitter_card":"summary_large_image","twitter_misc":{"Tiempo de lectura":"2 minutos"},"schema":{"@context":"https:\/\/schema.org","@graph":[{"@type":"WebPage","@id":"https:\/\/www.cruillabarcelona.cat\/es\/artists\/residente\/","url":"https:\/\/www.cruillabarcelona.cat\/es\/artists\/residente\/","name":"Residente en concierto en el Festival Cru\u00eflla 2022, 7 de julio en Barcelona","isPartOf":{"@id":"https:\/\/www.cruillabarcelona.cat\/es\/#website"},"primaryImageOfPage":{"@id":"https:\/\/www.cruillabarcelona.cat\/es\/artists\/residente\/#primaryimage"},"image":{"@id":"https:\/\/www.cruillabarcelona.cat\/es\/artists\/residente\/#primaryimage"},"thumbnailUrl":"https:\/\/www.cruillabarcelona.cat\/wp-content\/uploads\/2019\/10\/5_Residente_1200x1200-1.jpg","datePublished":"2019-10-30T11:01:54+00:00","dateModified":"2022-05-06T14:44:41+00:00","description":"Residente confirmado para el Festival Cru\u00eflla 2022. El concierto se celebrar\u00e1 el 7 de julio en el Parc del F\u00f2rum de Barcelona.","breadcrumb":{"@id":"https:\/\/www.cruillabarcelona.cat\/es\/artists\/residente\/#breadcrumb"},"inLanguage":"es","potentialAction":[{"@type":"ReadAction","target":["https:\/\/www.cruillabarcelona.cat\/es\/artists\/residente\/"]}]},{"@type":"ImageObject","inLanguage":"es","@id":"https:\/\/www.cruillabarcelona.cat\/es\/artists\/residente\/#primaryimage","url":"https:\/\/www.cruillabarcelona.cat\/wp-content\/uploads\/2019\/10\/5_Residente_1200x1200-1.jpg","contentUrl":"https:\/\/www.cruillabarcelona.cat\/wp-content\/uploads\/2019\/10\/5_Residente_1200x1200-1.jpg","width":1200,"height":1200},{"@type":"BreadcrumbList","@id":"https:\/\/www.cruillabarcelona.cat\/es\/artists\/residente\/#breadcrumb","itemListElement":[{"@type":"ListItem","position":1,"name":"Home","item":"https:\/\/www.cruillabarcelona.cat\/es\/"},{"@type":"ListItem","position":2,"name":"Residente"}]},{"@type":"WebSite","@id":"https:\/\/www.cruillabarcelona.cat\/es\/#website","url":"https:\/\/www.cruillabarcelona.cat\/es\/","name":"Festival Cru\u00eflla","description":"","publisher":{"@id":"https:\/\/www.cruillabarcelona.cat\/es\/#organization"},"potentialAction":[{"@type":"SearchAction","target":{"@type":"EntryPoint","urlTemplate":"https:\/\/www.cruillabarcelona.cat\/es\/?s={search_term_string}"},"query-input":{"@type":"PropertyValueSpecification","valueRequired":true,"valueName":"search_term_string"}}],"inLanguage":"es"},{"@type":"Organization","@id":"https:\/\/www.cruillabarcelona.cat\/es\/#organization","name":"Festival Cru\u00eflla","url":"https:\/\/www.cruillabarcelona.cat\/es\/","logo":{"@type":"ImageObject","inLanguage":"es","@id":"https:\/\/www.cruillabarcelona.cat\/es\/#\/schema\/logo\/image\/","url":"https:\/\/www.cruillabarcelona.cat\/wp-content\/uploads\/2025\/12\/cruill-logo-negativo.png","contentUrl":"https:\/\/www.cruillabarcelona.cat\/wp-content\/uploads\/2025\/12\/cruill-logo-negativo.png","width":400,"height":101,"caption":"Festival Cru\u00eflla"},"image":{"@id":"https:\/\/www.cruillabarcelona.cat\/es\/#\/schema\/logo\/image\/"}}]}},"_links":{"self":[{"href":"https:\/\/www.cruillabarcelona.cat\/es\/wp-json\/wp\/v2\/artists\/27665","targetHints":{"allow":["GET"]}}],"collection":[{"href":"https:\/\/www.cruillabarcelona.cat\/es\/wp-json\/wp\/v2\/artists"}],"about":[{"href":"https:\/\/www.cruillabarcelona.cat\/es\/wp-json\/wp\/v2\/types\/artists"}],"acf:term":[{"embeddable":true,"taxonomy":"artists_location","href":"https:\/\/www.cruillabarcelona.cat\/es\/wp-json\/wp\/v2\/artists_location\/20"},{"embeddable":true,"taxonomy":"artists_edition","href":"https:\/\/www.cruillabarcelona.cat\/es\/wp-json\/wp\/v2\/artists_edition\/834"}],"wp:featuredmedia":[{"embeddable":true,"href":"https:\/\/www.cruillabarcelona.cat\/es\/wp-json\/wp\/v2\/media\/27719"}],"wp:attachment":[{"href":"https:\/\/www.cruillabarcelona.cat\/es\/wp-json\/wp\/v2\/media?parent=27665"}],"wp:term":[{"taxonomy":"artists_edition","embeddable":true,"href":"https:\/\/www.cruillabarcelona.cat\/es\/wp-json\/wp\/v2\/artists_edition?post=27665"}],"curies":[{"name":"wp","href":"https:\/\/api.w.org\/{rel}","templated":true}]}}