{"id":32231,"date":"2020-05-28T18:15:13","date_gmt":"2020-05-28T16:15:13","guid":{"rendered":"https:\/\/www.cruillabarcelona.cat\/?post_type=artists&#038;p=32231"},"modified":"2020-06-17T17:59:10","modified_gmt":"2020-06-17T15:59:10","slug":"albert-guinovart","status":"publish","type":"artists","link":"https:\/\/www.cruillabarcelona.cat\/es\/artists\/albert-guinovart\/","title":{"rendered":"Els Musicals d&#8217;Albert Guinovart"},"content":{"rendered":"<h2 style=\"text-align: center;\">Cambio de ubicaci\u00f3n: Jardins del Teatre Nacional de Catalunya<\/h2>\n<p>Por cuestiones de producci\u00f3n, este concierto finalmente tendr\u00e1 lugar en los\u00a0<strong>Jardins del Teatre Nacional de Catalunya<\/strong>, en lugar del inicialmente previsto Recinte Modernista de Sant Pau. Si ya has comprado tu entrada, muy pronto te enviaremos el nuevo ticket actualizado.<\/p>\n<hr \/>\n<h2>Albert Guinovart en el Cru\u00eflla XXS<\/h2>\n<p><em>Mar i Cel<\/em>, <em>Scaramouche<\/em> o <em>La Vampira del Raval\u00a0<\/em> son solo tres de las obras musicales que ha escrito el compositor y pianista Albert Guinovart, entre otros formatos como bandas sonoras, \u00f3pera y ballet. Su larga y reconocida trayectoria desembocan ahora en el Cru\u00eflla XXS, con un repaso por todas sus composiciones m\u00e1s emblem\u00e1ticas.<\/p>\n<ul>\n<li><strong>Fecha:<\/strong> Jueves 23 de julio a las 21h<\/li>\n<li><strong>Lugar:<\/strong> Jardins del Teatre Nacional de Catalunya<\/li>\n<li><strong>Precio:<\/strong> de 30\u20ac a 35\u20ac<\/li>\n<\/ul>\n<hr \/>\n<p style=\"text-align: center;\"><strong>Compra aqu\u00ed tus entradas<\/strong><\/p>\n<p style=\"text-align: center;\"><a class=\"efsbutton button \" target=\"_blank\">ENTRADAS<\/a><\/p>\n<p style=\"text-align: center;\"><em>Con la colaboraci\u00f3n de:<\/em><\/p>\n<p><img decoding=\"async\" class=\"wp-image-32247 aligncenter\" src=\"https:\/\/www.cruillabarcelona.cat\/wp-content\/uploads\/2020\/05\/LogoVanguardia_Mesa-de-trabajo-1.png\" alt=\"\" width=\"157\" height=\"157\" srcset=\"https:\/\/www.cruillabarcelona.cat\/wp-content\/uploads\/2020\/05\/LogoVanguardia_Mesa-de-trabajo-1.png 1250w, https:\/\/www.cruillabarcelona.cat\/wp-content\/uploads\/2020\/05\/LogoVanguardia_Mesa-de-trabajo-1-1024x1024.png 1024w, https:\/\/www.cruillabarcelona.cat\/wp-content\/uploads\/2020\/05\/LogoVanguardia_Mesa-de-trabajo-1-150x150.png 150w, https:\/\/www.cruillabarcelona.cat\/wp-content\/uploads\/2020\/05\/LogoVanguardia_Mesa-de-trabajo-1-768x768.png 768w, https:\/\/www.cruillabarcelona.cat\/wp-content\/uploads\/2020\/05\/LogoVanguardia_Mesa-de-trabajo-1-300x300.png 300w, https:\/\/www.cruillabarcelona.cat\/wp-content\/uploads\/2020\/05\/LogoVanguardia_Mesa-de-trabajo-1-600x600.png 600w\" sizes=\"(max-width: 157px) 100vw, 157px\" \/><\/p>\n","protected":false},"featured_media":32236,"template":"","meta":{"_acf_changed":false},"artists_edition":[795],"class_list":["post-32231","artists","type-artists","status-publish","has-post-thumbnail","hentry","artists_location-tnc","artists_edition-cruilla-xxs"],"acf":{"_thumbnail_id":32236,"youtube_player":"","artist_edition":[795],"artist_date":"20200723","artist_time":"21:00","artist_time_2":"","artist_location":[796],"artist_ticket_url":"https:\/\/cruillaxxs.seetickets.com\/event\/els-musicals-d-albert-guinovart-cru-lla-xxs-\/sant-pau\/1534006?lang=es-ES","artist_ticket_status":"","artist_extra_date__show":false,"artist_extra_date_2":null,"artist_time_of_date2":"","artist_extra_date_3":null,"artist_time_of_date3":"","artist_extra_date_4":null,"artist_time_of_date4":"","artist_extra_date_5":null,"artist_time_of_date5":"","artist_date__show_month":true,"artist_sidebar_active":false,"show_in_agenda":false,"artist_sidebar__banner_img":null,"artist_sidebar__banner_link":"","artist_hero_content":"Cru\u00eflla XXS","artist_style":false,"artist_nationality":false,"artist_audience_age":false},"yoast_head":"<!-- This site is optimized with the Yoast SEO plugin v27.5 - https:\/\/yoast.com\/product\/yoast-seo-wordpress\/ -->\n<title>Els Musicals d&#039;Albert Guinovart - Festival Cru\u00eflla<\/title>\n<meta name=\"robots\" content=\"index, follow, max-snippet:-1, max-image-preview:large, max-video-preview:-1\" \/>\n<link rel=\"canonical\" href=\"https:\/\/www.cruillabarcelona.cat\/es\/artists\/albert-guinovart\/\" \/>\n<meta property=\"og:locale\" content=\"es_ES\" \/>\n<meta property=\"og:type\" content=\"article\" \/>\n<meta property=\"og:title\" content=\"Els Musicals d&#039;Albert Guinovart - Festival Cru\u00eflla\" \/>\n<meta property=\"og:description\" content=\"Cambio de ubicaci\u00f3n: Jardins del Teatre Nacional de Catalunya Por cuestiones de producci\u00f3n, este concierto finalmente tendr\u00e1 lugar en los\u00a0Jardins del Teatre Nacional de Catalunya, en [&hellip;]\" \/>\n<meta property=\"og:url\" content=\"https:\/\/www.cruillabarcelona.cat\/es\/artists\/albert-guinovart\/\" \/>\n<meta property=\"og:site_name\" content=\"Festival Cru\u00eflla\" \/>\n<meta property=\"article:modified_time\" content=\"2020-06-17T15:59:10+00:00\" \/>\n<meta property=\"og:image\" content=\"https:\/\/www.cruillabarcelona.cat\/wp-content\/uploads\/2020\/05\/Albert-piano-1.jpg\" \/>\n\t<meta property=\"og:image:width\" content=\"2560\" \/>\n\t<meta property=\"og:image:height\" content=\"1700\" \/>\n\t<meta property=\"og:image:type\" content=\"image\/jpeg\" \/>\n<meta name=\"twitter:card\" content=\"summary_large_image\" \/>\n<meta name=\"twitter:label1\" content=\"Tiempo de lectura\" \/>\n\t<meta name=\"twitter:data1\" content=\"1 minuto\" \/>\n<script type=\"application\/ld+json\" class=\"yoast-schema-graph\">{\"@context\":\"https:\\\/\\\/schema.org\",\"@graph\":[{\"@type\":\"WebPage\",\"@id\":\"https:\\\/\\\/www.cruillabarcelona.cat\\\/es\\\/artists\\\/albert-guinovart\\\/\",\"url\":\"https:\\\/\\\/www.cruillabarcelona.cat\\\/es\\\/artists\\\/albert-guinovart\\\/\",\"name\":\"Els Musicals d'Albert Guinovart - Festival Cru\u00eflla\",\"isPartOf\":{\"@id\":\"https:\\\/\\\/www.cruillabarcelona.cat\\\/es\\\/#website\"},\"primaryImageOfPage\":{\"@id\":\"https:\\\/\\\/www.cruillabarcelona.cat\\\/es\\\/artists\\\/albert-guinovart\\\/#primaryimage\"},\"image\":{\"@id\":\"https:\\\/\\\/www.cruillabarcelona.cat\\\/es\\\/artists\\\/albert-guinovart\\\/#primaryimage\"},\"thumbnailUrl\":\"https:\\\/\\\/www.cruillabarcelona.cat\\\/wp-content\\\/uploads\\\/2020\\\/05\\\/Albert-piano-1.jpg\",\"datePublished\":\"2020-05-28T16:15:13+00:00\",\"dateModified\":\"2020-06-17T15:59:10+00:00\",\"breadcrumb\":{\"@id\":\"https:\\\/\\\/www.cruillabarcelona.cat\\\/es\\\/artists\\\/albert-guinovart\\\/#breadcrumb\"},\"inLanguage\":\"es\",\"potentialAction\":[{\"@type\":\"ReadAction\",\"target\":[\"https:\\\/\\\/www.cruillabarcelona.cat\\\/es\\\/artists\\\/albert-guinovart\\\/\"]}]},{\"@type\":\"ImageObject\",\"inLanguage\":\"es\",\"@id\":\"https:\\\/\\\/www.cruillabarcelona.cat\\\/es\\\/artists\\\/albert-guinovart\\\/#primaryimage\",\"url\":\"https:\\\/\\\/www.cruillabarcelona.cat\\\/wp-content\\\/uploads\\\/2020\\\/05\\\/Albert-piano-1.jpg\",\"contentUrl\":\"https:\\\/\\\/www.cruillabarcelona.cat\\\/wp-content\\\/uploads\\\/2020\\\/05\\\/Albert-piano-1.jpg\",\"width\":2560,\"height\":1700},{\"@type\":\"BreadcrumbList\",\"@id\":\"https:\\\/\\\/www.cruillabarcelona.cat\\\/es\\\/artists\\\/albert-guinovart\\\/#breadcrumb\",\"itemListElement\":[{\"@type\":\"ListItem\",\"position\":1,\"name\":\"Home\",\"item\":\"https:\\\/\\\/www.cruillabarcelona.cat\\\/es\\\/\"},{\"@type\":\"ListItem\",\"position\":2,\"name\":\"Els Musicals d&#8217;Albert Guinovart\"}]},{\"@type\":\"WebSite\",\"@id\":\"https:\\\/\\\/www.cruillabarcelona.cat\\\/es\\\/#website\",\"url\":\"https:\\\/\\\/www.cruillabarcelona.cat\\\/es\\\/\",\"name\":\"Festival Cru\u00eflla\",\"description\":\"\",\"publisher\":{\"@id\":\"https:\\\/\\\/www.cruillabarcelona.cat\\\/es\\\/#organization\"},\"potentialAction\":[{\"@type\":\"SearchAction\",\"target\":{\"@type\":\"EntryPoint\",\"urlTemplate\":\"https:\\\/\\\/www.cruillabarcelona.cat\\\/es\\\/?s={search_term_string}\"},\"query-input\":{\"@type\":\"PropertyValueSpecification\",\"valueRequired\":true,\"valueName\":\"search_term_string\"}}],\"inLanguage\":\"es\"},{\"@type\":\"Organization\",\"@id\":\"https:\\\/\\\/www.cruillabarcelona.cat\\\/es\\\/#organization\",\"name\":\"Festival Cru\u00eflla\",\"url\":\"https:\\\/\\\/www.cruillabarcelona.cat\\\/es\\\/\",\"logo\":{\"@type\":\"ImageObject\",\"inLanguage\":\"es\",\"@id\":\"https:\\\/\\\/www.cruillabarcelona.cat\\\/es\\\/#\\\/schema\\\/logo\\\/image\\\/\",\"url\":\"https:\\\/\\\/www.cruillabarcelona.cat\\\/wp-content\\\/uploads\\\/2025\\\/12\\\/cruill-logo-negativo.png\",\"contentUrl\":\"https:\\\/\\\/www.cruillabarcelona.cat\\\/wp-content\\\/uploads\\\/2025\\\/12\\\/cruill-logo-negativo.png\",\"width\":400,\"height\":101,\"caption\":\"Festival Cru\u00eflla\"},\"image\":{\"@id\":\"https:\\\/\\\/www.cruillabarcelona.cat\\\/es\\\/#\\\/schema\\\/logo\\\/image\\\/\"}}]}<\/script>\n<!-- \/ Yoast SEO plugin. -->","yoast_head_json":{"title":"Els Musicals d'Albert Guinovart - Festival Cru\u00eflla","robots":{"index":"index","follow":"follow","max-snippet":"max-snippet:-1","max-image-preview":"max-image-preview:large","max-video-preview":"max-video-preview:-1"},"canonical":"https:\/\/www.cruillabarcelona.cat\/es\/artists\/albert-guinovart\/","og_locale":"es_ES","og_type":"article","og_title":"Els Musicals d'Albert Guinovart - Festival Cru\u00eflla","og_description":"Cambio de ubicaci\u00f3n: Jardins del Teatre Nacional de Catalunya Por cuestiones de producci\u00f3n, este concierto finalmente tendr\u00e1 lugar en los\u00a0Jardins del Teatre Nacional de Catalunya, en [&hellip;]","og_url":"https:\/\/www.cruillabarcelona.cat\/es\/artists\/albert-guinovart\/","og_site_name":"Festival Cru\u00eflla","article_modified_time":"2020-06-17T15:59:10+00:00","og_image":[{"width":2560,"height":1700,"url":"https:\/\/www.cruillabarcelona.cat\/wp-content\/uploads\/2020\/05\/Albert-piano-1.jpg","type":"image\/jpeg"}],"twitter_card":"summary_large_image","twitter_misc":{"Tiempo de lectura":"1 minuto"},"schema":{"@context":"https:\/\/schema.org","@graph":[{"@type":"WebPage","@id":"https:\/\/www.cruillabarcelona.cat\/es\/artists\/albert-guinovart\/","url":"https:\/\/www.cruillabarcelona.cat\/es\/artists\/albert-guinovart\/","name":"Els Musicals d'Albert Guinovart - Festival Cru\u00eflla","isPartOf":{"@id":"https:\/\/www.cruillabarcelona.cat\/es\/#website"},"primaryImageOfPage":{"@id":"https:\/\/www.cruillabarcelona.cat\/es\/artists\/albert-guinovart\/#primaryimage"},"image":{"@id":"https:\/\/www.cruillabarcelona.cat\/es\/artists\/albert-guinovart\/#primaryimage"},"thumbnailUrl":"https:\/\/www.cruillabarcelona.cat\/wp-content\/uploads\/2020\/05\/Albert-piano-1.jpg","datePublished":"2020-05-28T16:15:13+00:00","dateModified":"2020-06-17T15:59:10+00:00","breadcrumb":{"@id":"https:\/\/www.cruillabarcelona.cat\/es\/artists\/albert-guinovart\/#breadcrumb"},"inLanguage":"es","potentialAction":[{"@type":"ReadAction","target":["https:\/\/www.cruillabarcelona.cat\/es\/artists\/albert-guinovart\/"]}]},{"@type":"ImageObject","inLanguage":"es","@id":"https:\/\/www.cruillabarcelona.cat\/es\/artists\/albert-guinovart\/#primaryimage","url":"https:\/\/www.cruillabarcelona.cat\/wp-content\/uploads\/2020\/05\/Albert-piano-1.jpg","contentUrl":"https:\/\/www.cruillabarcelona.cat\/wp-content\/uploads\/2020\/05\/Albert-piano-1.jpg","width":2560,"height":1700},{"@type":"BreadcrumbList","@id":"https:\/\/www.cruillabarcelona.cat\/es\/artists\/albert-guinovart\/#breadcrumb","itemListElement":[{"@type":"ListItem","position":1,"name":"Home","item":"https:\/\/www.cruillabarcelona.cat\/es\/"},{"@type":"ListItem","position":2,"name":"Els Musicals d&#8217;Albert Guinovart"}]},{"@type":"WebSite","@id":"https:\/\/www.cruillabarcelona.cat\/es\/#website","url":"https:\/\/www.cruillabarcelona.cat\/es\/","name":"Festival Cru\u00eflla","description":"","publisher":{"@id":"https:\/\/www.cruillabarcelona.cat\/es\/#organization"},"potentialAction":[{"@type":"SearchAction","target":{"@type":"EntryPoint","urlTemplate":"https:\/\/www.cruillabarcelona.cat\/es\/?s={search_term_string}"},"query-input":{"@type":"PropertyValueSpecification","valueRequired":true,"valueName":"search_term_string"}}],"inLanguage":"es"},{"@type":"Organization","@id":"https:\/\/www.cruillabarcelona.cat\/es\/#organization","name":"Festival Cru\u00eflla","url":"https:\/\/www.cruillabarcelona.cat\/es\/","logo":{"@type":"ImageObject","inLanguage":"es","@id":"https:\/\/www.cruillabarcelona.cat\/es\/#\/schema\/logo\/image\/","url":"https:\/\/www.cruillabarcelona.cat\/wp-content\/uploads\/2025\/12\/cruill-logo-negativo.png","contentUrl":"https:\/\/www.cruillabarcelona.cat\/wp-content\/uploads\/2025\/12\/cruill-logo-negativo.png","width":400,"height":101,"caption":"Festival Cru\u00eflla"},"image":{"@id":"https:\/\/www.cruillabarcelona.cat\/es\/#\/schema\/logo\/image\/"}}]}},"_links":{"self":[{"href":"https:\/\/www.cruillabarcelona.cat\/es\/wp-json\/wp\/v2\/artists\/32231","targetHints":{"allow":["GET"]}}],"collection":[{"href":"https:\/\/www.cruillabarcelona.cat\/es\/wp-json\/wp\/v2\/artists"}],"about":[{"href":"https:\/\/www.cruillabarcelona.cat\/es\/wp-json\/wp\/v2\/types\/artists"}],"acf:term":[{"embeddable":true,"taxonomy":"artists_location","href":"https:\/\/www.cruillabarcelona.cat\/es\/wp-json\/wp\/v2\/artists_location\/796"},{"embeddable":true,"taxonomy":"artists_edition","href":"https:\/\/www.cruillabarcelona.cat\/es\/wp-json\/wp\/v2\/artists_edition\/795"}],"wp:featuredmedia":[{"embeddable":true,"href":"https:\/\/www.cruillabarcelona.cat\/es\/wp-json\/wp\/v2\/media\/32236"}],"wp:attachment":[{"href":"https:\/\/www.cruillabarcelona.cat\/es\/wp-json\/wp\/v2\/media?parent=32231"}],"wp:term":[{"taxonomy":"artists_edition","embeddable":true,"href":"https:\/\/www.cruillabarcelona.cat\/es\/wp-json\/wp\/v2\/artists_edition?post=32231"}],"curies":[{"name":"wp","href":"https:\/\/api.w.org\/{rel}","templated":true}]}}