{"id":32347,"date":"2020-06-05T12:06:17","date_gmt":"2020-06-05T10:06:17","guid":{"rendered":"https:\/\/www.cruillabarcelona.cat\/?post_type=artists&#038;p=32347"},"modified":"2020-06-05T15:22:48","modified_gmt":"2020-06-05T13:22:48","slug":"miquel-barcelona-korps","status":"publish","type":"artists","link":"https:\/\/www.cruillabarcelona.cat\/es\/artists\/miquel-barcelona-korps\/","title":{"rendered":"Miquel Barcelona [k\u00f3rps]"},"content":{"rendered":"<h2>Miquel Barcelona &#8211; [k\u00f3rps] en el Cru\u00eflla XXS<\/h2>\n<p>El bailar\u00edn <strong>Miquel Barcelona<\/strong> nos presenta<strong> [k\u00f3rps]<\/strong>, un espect\u00e1culo de danza contempor\u00e1nea que parte de la idea central del cuervo, un p\u00e1jaro muy presente en la tradici\u00f3n mitol\u00f3gica y que act\u00faa de <strong>mediador entre la vida y la muerte<\/strong>.<\/p>\n<p>Una propuesta multidisciplinar que interact\u00faa constantemente con <strong>la m\u00fasica electr\u00f3nica, la voz, la luz y la teatralidad<\/strong>.<\/p>\n<ul>\n<li><strong>Fecha<\/strong>: Jueves 2 de julio a las 20:30h<\/li>\n<li><strong>Espacio<\/strong>: Teatre Vict\u00f2ria<\/li>\n<li><strong>Precio<\/strong>: 20\u20ac<\/li>\n<\/ul>\n<hr \/>\n<p class=\"p1\" style=\"text-align: center;\"><span class=\"s1\">Entradas a la venta en exclusiva en el canal de<b>\u00a0TRESC<\/b>. Haz click aqu\u00ed:<\/span><\/p>\n<p class=\"p1\" style=\"text-align: center;\"><span class=\"s1\"><a class=\"efsbutton button \" target=\"_blank\">ENTRADAS<\/a><\/span><\/p>\n<p>&nbsp;<\/p>\n<p><iframe loading=\"lazy\" title=\"[ko\u0301rps] TEASER\" src=\"https:\/\/player.vimeo.com\/video\/349633023?dnt=1&amp;app_id=122963\" width=\"1200\" height=\"675\" frameborder=\"0\" allow=\"autoplay; fullscreen; picture-in-picture; clipboard-write; encrypted-media; web-share\" referrerpolicy=\"strict-origin-when-cross-origin\"><\/iframe><\/p>\n","protected":false},"featured_media":32351,"template":"","meta":{"_acf_changed":false},"artists_edition":[795],"class_list":["post-32347","artists","type-artists","status-publish","has-post-thumbnail","hentry","artists_location-teatre-victoria","artists_edition-cruilla-xxs"],"acf":{"_thumbnail_id":32351,"youtube_player":"","artist_edition":[795],"artist_date":"20200702","artist_time":"20:30","artist_time_2":"","artist_location":[803],"artist_ticket_url":"https:\/\/cruillaxxs.seetickets.com\/event\/miquel-barcelona-k-rps-cru-lla-xxs-\/teatro-victoria\/1567548?src=tresc","artist_ticket_status":"","artist_extra_date__show":false,"artist_extra_date_2":null,"artist_time_of_date2":"","artist_extra_date_3":null,"artist_time_of_date3":"","artist_extra_date_4":null,"artist_time_of_date4":"","artist_extra_date_5":null,"artist_time_of_date5":"","artist_date__show_month":true,"artist_sidebar_active":false,"show_in_agenda":false,"artist_sidebar__banner_img":null,"artist_sidebar__banner_link":"","artist_hero_content":"Cru\u00eflla XXS","artist_style":false,"artist_nationality":false,"artist_audience_age":false},"yoast_head":"<!-- This site is optimized with the Yoast SEO plugin v27.5 - https:\/\/yoast.com\/product\/yoast-seo-wordpress\/ -->\n<title>Miquel Barcelona [k\u00f3rps] en el Cru\u00eflla XXS - 2 de julio en el Teatre Vict\u00f2ria<\/title>\n<meta name=\"description\" content=\"El bailar\u00edn Miquel Barcelona nos presenta [k\u00f3rps], un espect\u00e1culo de danza contempor\u00e1nea en el Cru\u00eflla XXS el 2 de julio en el Teatre Vict\u00f2ria de Barcelona\" \/>\n<meta name=\"robots\" content=\"index, follow, max-snippet:-1, max-image-preview:large, max-video-preview:-1\" \/>\n<link rel=\"canonical\" href=\"https:\/\/www.cruillabarcelona.cat\/es\/artists\/miquel-barcelona-korps\/\" \/>\n<meta property=\"og:locale\" content=\"es_ES\" \/>\n<meta property=\"og:type\" content=\"article\" \/>\n<meta property=\"og:title\" content=\"Miquel Barcelona [k\u00f3rps] en el Cru\u00eflla XXS - 2 de julio en el Teatre Vict\u00f2ria\" \/>\n<meta property=\"og:description\" content=\"El bailar\u00edn Miquel Barcelona nos presenta [k\u00f3rps], un espect\u00e1culo de danza contempor\u00e1nea en el Cru\u00eflla XXS el 2 de julio en el Teatre Vict\u00f2ria de Barcelona\" \/>\n<meta property=\"og:url\" content=\"https:\/\/www.cruillabarcelona.cat\/es\/artists\/miquel-barcelona-korps\/\" \/>\n<meta property=\"og:site_name\" content=\"Festival Cru\u00eflla\" \/>\n<meta property=\"article:modified_time\" content=\"2020-06-05T13:22:48+00:00\" \/>\n<meta property=\"og:image\" content=\"https:\/\/www.cruillabarcelona.cat\/wp-content\/uploads\/2020\/06\/k\u00f3rps_31-1-1-1.jpg\" \/>\n\t<meta property=\"og:image:width\" content=\"936\" \/>\n\t<meta property=\"og:image:height\" content=\"936\" \/>\n\t<meta property=\"og:image:type\" content=\"image\/jpeg\" \/>\n<meta name=\"twitter:card\" content=\"summary_large_image\" \/>\n<meta name=\"twitter:label1\" content=\"Tiempo de lectura\" \/>\n\t<meta name=\"twitter:data1\" content=\"1 minuto\" \/>\n<script type=\"application\/ld+json\" class=\"yoast-schema-graph\">{\"@context\":\"https:\\\/\\\/schema.org\",\"@graph\":[{\"@type\":\"WebPage\",\"@id\":\"https:\\\/\\\/www.cruillabarcelona.cat\\\/es\\\/artists\\\/miquel-barcelona-korps\\\/\",\"url\":\"https:\\\/\\\/www.cruillabarcelona.cat\\\/es\\\/artists\\\/miquel-barcelona-korps\\\/\",\"name\":\"Miquel Barcelona [k\u00f3rps] en el Cru\u00eflla XXS - 2 de julio en el Teatre Vict\u00f2ria\",\"isPartOf\":{\"@id\":\"https:\\\/\\\/www.cruillabarcelona.cat\\\/es\\\/#website\"},\"primaryImageOfPage\":{\"@id\":\"https:\\\/\\\/www.cruillabarcelona.cat\\\/es\\\/artists\\\/miquel-barcelona-korps\\\/#primaryimage\"},\"image\":{\"@id\":\"https:\\\/\\\/www.cruillabarcelona.cat\\\/es\\\/artists\\\/miquel-barcelona-korps\\\/#primaryimage\"},\"thumbnailUrl\":\"https:\\\/\\\/www.cruillabarcelona.cat\\\/wp-content\\\/uploads\\\/2020\\\/06\\\/k\u00f3rps_31-1-1-1.jpg\",\"datePublished\":\"2020-06-05T10:06:17+00:00\",\"dateModified\":\"2020-06-05T13:22:48+00:00\",\"description\":\"El bailar\u00edn Miquel Barcelona nos presenta [k\u00f3rps], un espect\u00e1culo de danza contempor\u00e1nea en el Cru\u00eflla XXS el 2 de julio en el Teatre Vict\u00f2ria de Barcelona\",\"breadcrumb\":{\"@id\":\"https:\\\/\\\/www.cruillabarcelona.cat\\\/es\\\/artists\\\/miquel-barcelona-korps\\\/#breadcrumb\"},\"inLanguage\":\"es\",\"potentialAction\":[{\"@type\":\"ReadAction\",\"target\":[\"https:\\\/\\\/www.cruillabarcelona.cat\\\/es\\\/artists\\\/miquel-barcelona-korps\\\/\"]}]},{\"@type\":\"ImageObject\",\"inLanguage\":\"es\",\"@id\":\"https:\\\/\\\/www.cruillabarcelona.cat\\\/es\\\/artists\\\/miquel-barcelona-korps\\\/#primaryimage\",\"url\":\"https:\\\/\\\/www.cruillabarcelona.cat\\\/wp-content\\\/uploads\\\/2020\\\/06\\\/k\u00f3rps_31-1-1-1.jpg\",\"contentUrl\":\"https:\\\/\\\/www.cruillabarcelona.cat\\\/wp-content\\\/uploads\\\/2020\\\/06\\\/k\u00f3rps_31-1-1-1.jpg\",\"width\":936,\"height\":936},{\"@type\":\"BreadcrumbList\",\"@id\":\"https:\\\/\\\/www.cruillabarcelona.cat\\\/es\\\/artists\\\/miquel-barcelona-korps\\\/#breadcrumb\",\"itemListElement\":[{\"@type\":\"ListItem\",\"position\":1,\"name\":\"Home\",\"item\":\"https:\\\/\\\/www.cruillabarcelona.cat\\\/es\\\/\"},{\"@type\":\"ListItem\",\"position\":2,\"name\":\"Miquel Barcelona [k\u00f3rps]\"}]},{\"@type\":\"WebSite\",\"@id\":\"https:\\\/\\\/www.cruillabarcelona.cat\\\/es\\\/#website\",\"url\":\"https:\\\/\\\/www.cruillabarcelona.cat\\\/es\\\/\",\"name\":\"Festival Cru\u00eflla\",\"description\":\"\",\"publisher\":{\"@id\":\"https:\\\/\\\/www.cruillabarcelona.cat\\\/es\\\/#organization\"},\"potentialAction\":[{\"@type\":\"SearchAction\",\"target\":{\"@type\":\"EntryPoint\",\"urlTemplate\":\"https:\\\/\\\/www.cruillabarcelona.cat\\\/es\\\/?s={search_term_string}\"},\"query-input\":{\"@type\":\"PropertyValueSpecification\",\"valueRequired\":true,\"valueName\":\"search_term_string\"}}],\"inLanguage\":\"es\"},{\"@type\":\"Organization\",\"@id\":\"https:\\\/\\\/www.cruillabarcelona.cat\\\/es\\\/#organization\",\"name\":\"Festival Cru\u00eflla\",\"url\":\"https:\\\/\\\/www.cruillabarcelona.cat\\\/es\\\/\",\"logo\":{\"@type\":\"ImageObject\",\"inLanguage\":\"es\",\"@id\":\"https:\\\/\\\/www.cruillabarcelona.cat\\\/es\\\/#\\\/schema\\\/logo\\\/image\\\/\",\"url\":\"https:\\\/\\\/www.cruillabarcelona.cat\\\/wp-content\\\/uploads\\\/2025\\\/12\\\/cruill-logo-negativo.png\",\"contentUrl\":\"https:\\\/\\\/www.cruillabarcelona.cat\\\/wp-content\\\/uploads\\\/2025\\\/12\\\/cruill-logo-negativo.png\",\"width\":400,\"height\":101,\"caption\":\"Festival Cru\u00eflla\"},\"image\":{\"@id\":\"https:\\\/\\\/www.cruillabarcelona.cat\\\/es\\\/#\\\/schema\\\/logo\\\/image\\\/\"}}]}<\/script>\n<!-- \/ Yoast SEO plugin. -->","yoast_head_json":{"title":"Miquel Barcelona [k\u00f3rps] en el Cru\u00eflla XXS - 2 de julio en el Teatre Vict\u00f2ria","description":"El bailar\u00edn Miquel Barcelona nos presenta [k\u00f3rps], un espect\u00e1culo de danza contempor\u00e1nea en el Cru\u00eflla XXS el 2 de julio en el Teatre Vict\u00f2ria de Barcelona","robots":{"index":"index","follow":"follow","max-snippet":"max-snippet:-1","max-image-preview":"max-image-preview:large","max-video-preview":"max-video-preview:-1"},"canonical":"https:\/\/www.cruillabarcelona.cat\/es\/artists\/miquel-barcelona-korps\/","og_locale":"es_ES","og_type":"article","og_title":"Miquel Barcelona [k\u00f3rps] en el Cru\u00eflla XXS - 2 de julio en el Teatre Vict\u00f2ria","og_description":"El bailar\u00edn Miquel Barcelona nos presenta [k\u00f3rps], un espect\u00e1culo de danza contempor\u00e1nea en el Cru\u00eflla XXS el 2 de julio en el Teatre Vict\u00f2ria de Barcelona","og_url":"https:\/\/www.cruillabarcelona.cat\/es\/artists\/miquel-barcelona-korps\/","og_site_name":"Festival Cru\u00eflla","article_modified_time":"2020-06-05T13:22:48+00:00","og_image":[{"width":936,"height":936,"url":"https:\/\/www.cruillabarcelona.cat\/wp-content\/uploads\/2020\/06\/k\u00f3rps_31-1-1-1.jpg","type":"image\/jpeg"}],"twitter_card":"summary_large_image","twitter_misc":{"Tiempo de lectura":"1 minuto"},"schema":{"@context":"https:\/\/schema.org","@graph":[{"@type":"WebPage","@id":"https:\/\/www.cruillabarcelona.cat\/es\/artists\/miquel-barcelona-korps\/","url":"https:\/\/www.cruillabarcelona.cat\/es\/artists\/miquel-barcelona-korps\/","name":"Miquel Barcelona [k\u00f3rps] en el Cru\u00eflla XXS - 2 de julio en el Teatre Vict\u00f2ria","isPartOf":{"@id":"https:\/\/www.cruillabarcelona.cat\/es\/#website"},"primaryImageOfPage":{"@id":"https:\/\/www.cruillabarcelona.cat\/es\/artists\/miquel-barcelona-korps\/#primaryimage"},"image":{"@id":"https:\/\/www.cruillabarcelona.cat\/es\/artists\/miquel-barcelona-korps\/#primaryimage"},"thumbnailUrl":"https:\/\/www.cruillabarcelona.cat\/wp-content\/uploads\/2020\/06\/k\u00f3rps_31-1-1-1.jpg","datePublished":"2020-06-05T10:06:17+00:00","dateModified":"2020-06-05T13:22:48+00:00","description":"El bailar\u00edn Miquel Barcelona nos presenta [k\u00f3rps], un espect\u00e1culo de danza contempor\u00e1nea en el Cru\u00eflla XXS el 2 de julio en el Teatre Vict\u00f2ria de Barcelona","breadcrumb":{"@id":"https:\/\/www.cruillabarcelona.cat\/es\/artists\/miquel-barcelona-korps\/#breadcrumb"},"inLanguage":"es","potentialAction":[{"@type":"ReadAction","target":["https:\/\/www.cruillabarcelona.cat\/es\/artists\/miquel-barcelona-korps\/"]}]},{"@type":"ImageObject","inLanguage":"es","@id":"https:\/\/www.cruillabarcelona.cat\/es\/artists\/miquel-barcelona-korps\/#primaryimage","url":"https:\/\/www.cruillabarcelona.cat\/wp-content\/uploads\/2020\/06\/k\u00f3rps_31-1-1-1.jpg","contentUrl":"https:\/\/www.cruillabarcelona.cat\/wp-content\/uploads\/2020\/06\/k\u00f3rps_31-1-1-1.jpg","width":936,"height":936},{"@type":"BreadcrumbList","@id":"https:\/\/www.cruillabarcelona.cat\/es\/artists\/miquel-barcelona-korps\/#breadcrumb","itemListElement":[{"@type":"ListItem","position":1,"name":"Home","item":"https:\/\/www.cruillabarcelona.cat\/es\/"},{"@type":"ListItem","position":2,"name":"Miquel Barcelona [k\u00f3rps]"}]},{"@type":"WebSite","@id":"https:\/\/www.cruillabarcelona.cat\/es\/#website","url":"https:\/\/www.cruillabarcelona.cat\/es\/","name":"Festival Cru\u00eflla","description":"","publisher":{"@id":"https:\/\/www.cruillabarcelona.cat\/es\/#organization"},"potentialAction":[{"@type":"SearchAction","target":{"@type":"EntryPoint","urlTemplate":"https:\/\/www.cruillabarcelona.cat\/es\/?s={search_term_string}"},"query-input":{"@type":"PropertyValueSpecification","valueRequired":true,"valueName":"search_term_string"}}],"inLanguage":"es"},{"@type":"Organization","@id":"https:\/\/www.cruillabarcelona.cat\/es\/#organization","name":"Festival Cru\u00eflla","url":"https:\/\/www.cruillabarcelona.cat\/es\/","logo":{"@type":"ImageObject","inLanguage":"es","@id":"https:\/\/www.cruillabarcelona.cat\/es\/#\/schema\/logo\/image\/","url":"https:\/\/www.cruillabarcelona.cat\/wp-content\/uploads\/2025\/12\/cruill-logo-negativo.png","contentUrl":"https:\/\/www.cruillabarcelona.cat\/wp-content\/uploads\/2025\/12\/cruill-logo-negativo.png","width":400,"height":101,"caption":"Festival Cru\u00eflla"},"image":{"@id":"https:\/\/www.cruillabarcelona.cat\/es\/#\/schema\/logo\/image\/"}}]}},"_links":{"self":[{"href":"https:\/\/www.cruillabarcelona.cat\/es\/wp-json\/wp\/v2\/artists\/32347","targetHints":{"allow":["GET"]}}],"collection":[{"href":"https:\/\/www.cruillabarcelona.cat\/es\/wp-json\/wp\/v2\/artists"}],"about":[{"href":"https:\/\/www.cruillabarcelona.cat\/es\/wp-json\/wp\/v2\/types\/artists"}],"acf:term":[{"embeddable":true,"taxonomy":"artists_location","href":"https:\/\/www.cruillabarcelona.cat\/es\/wp-json\/wp\/v2\/artists_location\/803"},{"embeddable":true,"taxonomy":"artists_edition","href":"https:\/\/www.cruillabarcelona.cat\/es\/wp-json\/wp\/v2\/artists_edition\/795"}],"wp:featuredmedia":[{"embeddable":true,"href":"https:\/\/www.cruillabarcelona.cat\/es\/wp-json\/wp\/v2\/media\/32351"}],"wp:attachment":[{"href":"https:\/\/www.cruillabarcelona.cat\/es\/wp-json\/wp\/v2\/media?parent=32347"}],"wp:term":[{"taxonomy":"artists_edition","embeddable":true,"href":"https:\/\/www.cruillabarcelona.cat\/es\/wp-json\/wp\/v2\/artists_edition?post=32347"}],"curies":[{"name":"wp","href":"https:\/\/api.w.org\/{rel}","templated":true}]}}