{"id":32413,"date":"2020-06-05T12:06:16","date_gmt":"2020-06-05T10:06:16","guid":{"rendered":"https:\/\/www.cruillabarcelona.cat\/?post_type=artists&#038;p=32413"},"modified":"2020-07-24T17:22:18","modified_gmt":"2020-07-24T15:22:18","slug":"les-impuxibles","status":"publish","type":"artists","link":"https:\/\/www.cruillabarcelona.cat\/es\/artists\/les-impuxibles\/","title":{"rendered":"Les Impuxibles &#8211; Des-espera"},"content":{"rendered":"<h2>Les Impuxibles &#8211; &#8216;Des-espera&#8217;<\/h2>\n<p><strong>Les Impuxibles<\/strong> son una pianista y una bailarina. Son\u00a0<strong>dos hermanas<\/strong>, dos creadoras, dos int\u00e9rpretes. Son\u00a0<strong>Clara y Ariadna Peya<\/strong>. Son una fusi\u00f3n que contiene la potencia de la calidad art\u00edstica de cada una por separado y la armon\u00eda del v\u00ednculo que las une.<\/p>\n<p>Les Impuxibles llegan al Cru\u00eflla XXS con su\u00a0<strong>espect\u00e1culo\u00a0<em>Des-espera<\/em><\/strong>, una obra de\u00a0<strong>danza-teatro<\/strong> creada por Ariadna Peya, Clara Peya y Marc Soler a partir del \u00faltimo disco de Clara Peya. Una\u00a0<strong>propuesta po\u00e9tica desnuda, en\u00e9rgica y personal<\/strong>.<\/p>\n<p><em>Des-espera<\/em> habla de vivir en contradicci\u00f3n, y de la aceptaci\u00f3n de esta contradicci\u00f3n como camino para crecer. <em>Des-espera<\/em> habla de lo que se espera de nosotros, o de lo que no se espera. <em>Des-espera<\/em> habla de encender y apagar, de agitar y de calmar, de herir y de curar, de esperar y de des-esperar.<\/p>\n<ul>\n<li><strong>Fecha<\/strong>: Mi\u00e9rcoles 29 de julio a las 20:30h<\/li>\n<li><strong>Espacio<\/strong>: Teatre Vict\u00f2ria<\/li>\n<li><strong>Precio<\/strong>: 20\u20ac<\/li>\n<li><strong>Precio menores<\/strong>: Hasta 3 a\u00f1os, entrada gratuita si no ocupan asiento.<br \/>\nDe 4 a 16 a\u00f1os (incluidos): 5\u20ac<\/li>\n<\/ul>\n<hr \/>\n<p class=\"p1\" style=\"text-align: center;\">\n<p class=\"p1\" style=\"text-align: center;\"><span class=\"s1\"><a class=\"efsbutton button \" target=\"_blank\">ENTRADAS<\/a><\/span><\/p>\n<!-- auto-added video if acf\/single-artist-video not used  --> <iframe style=\"width: 100%;max-width: 100%;height: auto;aspect-ratio: 16 \/ 9;\" src=\"https:\/\/www.youtube-nocookie.com\/embed\/gwKL9kaPo8I\" frameborder=\"0\" allow=\"accelerometer; autoplay; encrypted-media; gyroscope; picture-in-picture\" allowfullscreen><\/iframe>","protected":false},"featured_media":34025,"template":"","meta":{"_acf_changed":false},"artists_edition":[795],"class_list":["post-32413","artists","type-artists","status-publish","has-post-thumbnail","hentry","artists_location-teatre-victoria","artists_edition-cruilla-xxs"],"acf":{"_thumbnail_id":34025,"youtube_player":"gwKL9kaPo8I","artist_edition":[795],"artist_date":"20200729","artist_time":"20:30","artist_time_2":"","artist_location":[803],"artist_ticket_url":"https:\/\/cruillaxxs.seetickets.com\/event\/les-impuxibles-des-espera-cru-lla-xxs-\/teatro-victoria\/1572570?src=tresc","artist_ticket_status":"","artist_extra_date__show":false,"artist_extra_date_2":null,"artist_time_of_date2":"","artist_extra_date_3":null,"artist_time_of_date3":"","artist_extra_date_4":null,"artist_time_of_date4":"","artist_extra_date_5":null,"artist_time_of_date5":"","artist_date__show_month":true,"artist_sidebar_active":false,"show_in_agenda":false,"artist_sidebar__banner_img":null,"artist_sidebar__banner_link":"","artist_hero_content":"Cru\u00eflla XXS","artist_style":false,"artist_nationality":false,"artist_audience_age":false},"yoast_head":"<!-- This site is optimized with the Yoast SEO plugin v27.5 - https:\/\/yoast.com\/product\/yoast-seo-wordpress\/ -->\n<title>Les Impuxibles en el Cru\u00eflla XXS - 29 de julio en el Teatre Vict\u00f2ria<\/title>\n<meta name=\"description\" content=\"Compra tu entrada para ver el espect\u00e1culo de Les Impuxibles en el Cru\u00eflla XXS. 29 de julio de 2020 en el Teatre Vict\u00f2ria de Barcelona.\" \/>\n<meta name=\"robots\" content=\"index, follow, max-snippet:-1, max-image-preview:large, max-video-preview:-1\" \/>\n<link rel=\"canonical\" href=\"https:\/\/www.cruillabarcelona.cat\/es\/artists\/les-impuxibles\/\" \/>\n<meta property=\"og:locale\" content=\"es_ES\" \/>\n<meta property=\"og:type\" content=\"article\" \/>\n<meta property=\"og:title\" content=\"Les Impuxibles en el Cru\u00eflla XXS - 29 de julio en el Teatre Vict\u00f2ria\" \/>\n<meta property=\"og:description\" content=\"Compra tu entrada para ver el espect\u00e1culo de Les Impuxibles en el Cru\u00eflla XXS. 29 de julio de 2020 en el Teatre Vict\u00f2ria de Barcelona.\" \/>\n<meta property=\"og:url\" content=\"https:\/\/www.cruillabarcelona.cat\/es\/artists\/les-impuxibles\/\" \/>\n<meta property=\"og:site_name\" content=\"Festival Cru\u00eflla\" \/>\n<meta property=\"article:modified_time\" content=\"2020-07-24T15:22:18+00:00\" \/>\n<meta property=\"og:image\" content=\"https:\/\/www.cruillabarcelona.cat\/wp-content\/uploads\/2020\/06\/DSCF3231-1.jpg\" \/>\n\t<meta property=\"og:image:width\" content=\"1040\" \/>\n\t<meta property=\"og:image:height\" content=\"1040\" \/>\n\t<meta property=\"og:image:type\" content=\"image\/jpeg\" \/>\n<meta name=\"twitter:card\" content=\"summary_large_image\" \/>\n<meta name=\"twitter:label1\" content=\"Tiempo de lectura\" \/>\n\t<meta name=\"twitter:data1\" content=\"1 minuto\" \/>\n<script type=\"application\/ld+json\" class=\"yoast-schema-graph\">{\"@context\":\"https:\\\/\\\/schema.org\",\"@graph\":[{\"@type\":\"WebPage\",\"@id\":\"https:\\\/\\\/www.cruillabarcelona.cat\\\/es\\\/artists\\\/les-impuxibles\\\/\",\"url\":\"https:\\\/\\\/www.cruillabarcelona.cat\\\/es\\\/artists\\\/les-impuxibles\\\/\",\"name\":\"Les Impuxibles en el Cru\u00eflla XXS - 29 de julio en el Teatre Vict\u00f2ria\",\"isPartOf\":{\"@id\":\"https:\\\/\\\/www.cruillabarcelona.cat\\\/es\\\/#website\"},\"primaryImageOfPage\":{\"@id\":\"https:\\\/\\\/www.cruillabarcelona.cat\\\/es\\\/artists\\\/les-impuxibles\\\/#primaryimage\"},\"image\":{\"@id\":\"https:\\\/\\\/www.cruillabarcelona.cat\\\/es\\\/artists\\\/les-impuxibles\\\/#primaryimage\"},\"thumbnailUrl\":\"https:\\\/\\\/www.cruillabarcelona.cat\\\/wp-content\\\/uploads\\\/2020\\\/06\\\/DSCF3231-1.jpg\",\"datePublished\":\"2020-06-05T10:06:16+00:00\",\"dateModified\":\"2020-07-24T15:22:18+00:00\",\"description\":\"Compra tu entrada para ver el espect\u00e1culo de Les Impuxibles en el Cru\u00eflla XXS. 29 de julio de 2020 en el Teatre Vict\u00f2ria de Barcelona.\",\"breadcrumb\":{\"@id\":\"https:\\\/\\\/www.cruillabarcelona.cat\\\/es\\\/artists\\\/les-impuxibles\\\/#breadcrumb\"},\"inLanguage\":\"es\",\"potentialAction\":[{\"@type\":\"ReadAction\",\"target\":[\"https:\\\/\\\/www.cruillabarcelona.cat\\\/es\\\/artists\\\/les-impuxibles\\\/\"]}]},{\"@type\":\"ImageObject\",\"inLanguage\":\"es\",\"@id\":\"https:\\\/\\\/www.cruillabarcelona.cat\\\/es\\\/artists\\\/les-impuxibles\\\/#primaryimage\",\"url\":\"https:\\\/\\\/www.cruillabarcelona.cat\\\/wp-content\\\/uploads\\\/2020\\\/06\\\/DSCF3231-1.jpg\",\"contentUrl\":\"https:\\\/\\\/www.cruillabarcelona.cat\\\/wp-content\\\/uploads\\\/2020\\\/06\\\/DSCF3231-1.jpg\",\"width\":1040,\"height\":1040},{\"@type\":\"BreadcrumbList\",\"@id\":\"https:\\\/\\\/www.cruillabarcelona.cat\\\/es\\\/artists\\\/les-impuxibles\\\/#breadcrumb\",\"itemListElement\":[{\"@type\":\"ListItem\",\"position\":1,\"name\":\"Home\",\"item\":\"https:\\\/\\\/www.cruillabarcelona.cat\\\/es\\\/\"},{\"@type\":\"ListItem\",\"position\":2,\"name\":\"Les Impuxibles &#8211; Des-espera\"}]},{\"@type\":\"WebSite\",\"@id\":\"https:\\\/\\\/www.cruillabarcelona.cat\\\/es\\\/#website\",\"url\":\"https:\\\/\\\/www.cruillabarcelona.cat\\\/es\\\/\",\"name\":\"Festival Cru\u00eflla\",\"description\":\"\",\"publisher\":{\"@id\":\"https:\\\/\\\/www.cruillabarcelona.cat\\\/es\\\/#organization\"},\"potentialAction\":[{\"@type\":\"SearchAction\",\"target\":{\"@type\":\"EntryPoint\",\"urlTemplate\":\"https:\\\/\\\/www.cruillabarcelona.cat\\\/es\\\/?s={search_term_string}\"},\"query-input\":{\"@type\":\"PropertyValueSpecification\",\"valueRequired\":true,\"valueName\":\"search_term_string\"}}],\"inLanguage\":\"es\"},{\"@type\":\"Organization\",\"@id\":\"https:\\\/\\\/www.cruillabarcelona.cat\\\/es\\\/#organization\",\"name\":\"Festival Cru\u00eflla\",\"url\":\"https:\\\/\\\/www.cruillabarcelona.cat\\\/es\\\/\",\"logo\":{\"@type\":\"ImageObject\",\"inLanguage\":\"es\",\"@id\":\"https:\\\/\\\/www.cruillabarcelona.cat\\\/es\\\/#\\\/schema\\\/logo\\\/image\\\/\",\"url\":\"https:\\\/\\\/www.cruillabarcelona.cat\\\/wp-content\\\/uploads\\\/2025\\\/12\\\/cruill-logo-negativo.png\",\"contentUrl\":\"https:\\\/\\\/www.cruillabarcelona.cat\\\/wp-content\\\/uploads\\\/2025\\\/12\\\/cruill-logo-negativo.png\",\"width\":400,\"height\":101,\"caption\":\"Festival Cru\u00eflla\"},\"image\":{\"@id\":\"https:\\\/\\\/www.cruillabarcelona.cat\\\/es\\\/#\\\/schema\\\/logo\\\/image\\\/\"}}]}<\/script>\n<!-- \/ Yoast SEO plugin. -->","yoast_head_json":{"title":"Les Impuxibles en el Cru\u00eflla XXS - 29 de julio en el Teatre Vict\u00f2ria","description":"Compra tu entrada para ver el espect\u00e1culo de Les Impuxibles en el Cru\u00eflla XXS. 29 de julio de 2020 en el Teatre Vict\u00f2ria de Barcelona.","robots":{"index":"index","follow":"follow","max-snippet":"max-snippet:-1","max-image-preview":"max-image-preview:large","max-video-preview":"max-video-preview:-1"},"canonical":"https:\/\/www.cruillabarcelona.cat\/es\/artists\/les-impuxibles\/","og_locale":"es_ES","og_type":"article","og_title":"Les Impuxibles en el Cru\u00eflla XXS - 29 de julio en el Teatre Vict\u00f2ria","og_description":"Compra tu entrada para ver el espect\u00e1culo de Les Impuxibles en el Cru\u00eflla XXS. 29 de julio de 2020 en el Teatre Vict\u00f2ria de Barcelona.","og_url":"https:\/\/www.cruillabarcelona.cat\/es\/artists\/les-impuxibles\/","og_site_name":"Festival Cru\u00eflla","article_modified_time":"2020-07-24T15:22:18+00:00","og_image":[{"width":1040,"height":1040,"url":"https:\/\/www.cruillabarcelona.cat\/wp-content\/uploads\/2020\/06\/DSCF3231-1.jpg","type":"image\/jpeg"}],"twitter_card":"summary_large_image","twitter_misc":{"Tiempo de lectura":"1 minuto"},"schema":{"@context":"https:\/\/schema.org","@graph":[{"@type":"WebPage","@id":"https:\/\/www.cruillabarcelona.cat\/es\/artists\/les-impuxibles\/","url":"https:\/\/www.cruillabarcelona.cat\/es\/artists\/les-impuxibles\/","name":"Les Impuxibles en el Cru\u00eflla XXS - 29 de julio en el Teatre Vict\u00f2ria","isPartOf":{"@id":"https:\/\/www.cruillabarcelona.cat\/es\/#website"},"primaryImageOfPage":{"@id":"https:\/\/www.cruillabarcelona.cat\/es\/artists\/les-impuxibles\/#primaryimage"},"image":{"@id":"https:\/\/www.cruillabarcelona.cat\/es\/artists\/les-impuxibles\/#primaryimage"},"thumbnailUrl":"https:\/\/www.cruillabarcelona.cat\/wp-content\/uploads\/2020\/06\/DSCF3231-1.jpg","datePublished":"2020-06-05T10:06:16+00:00","dateModified":"2020-07-24T15:22:18+00:00","description":"Compra tu entrada para ver el espect\u00e1culo de Les Impuxibles en el Cru\u00eflla XXS. 29 de julio de 2020 en el Teatre Vict\u00f2ria de Barcelona.","breadcrumb":{"@id":"https:\/\/www.cruillabarcelona.cat\/es\/artists\/les-impuxibles\/#breadcrumb"},"inLanguage":"es","potentialAction":[{"@type":"ReadAction","target":["https:\/\/www.cruillabarcelona.cat\/es\/artists\/les-impuxibles\/"]}]},{"@type":"ImageObject","inLanguage":"es","@id":"https:\/\/www.cruillabarcelona.cat\/es\/artists\/les-impuxibles\/#primaryimage","url":"https:\/\/www.cruillabarcelona.cat\/wp-content\/uploads\/2020\/06\/DSCF3231-1.jpg","contentUrl":"https:\/\/www.cruillabarcelona.cat\/wp-content\/uploads\/2020\/06\/DSCF3231-1.jpg","width":1040,"height":1040},{"@type":"BreadcrumbList","@id":"https:\/\/www.cruillabarcelona.cat\/es\/artists\/les-impuxibles\/#breadcrumb","itemListElement":[{"@type":"ListItem","position":1,"name":"Home","item":"https:\/\/www.cruillabarcelona.cat\/es\/"},{"@type":"ListItem","position":2,"name":"Les Impuxibles &#8211; Des-espera"}]},{"@type":"WebSite","@id":"https:\/\/www.cruillabarcelona.cat\/es\/#website","url":"https:\/\/www.cruillabarcelona.cat\/es\/","name":"Festival Cru\u00eflla","description":"","publisher":{"@id":"https:\/\/www.cruillabarcelona.cat\/es\/#organization"},"potentialAction":[{"@type":"SearchAction","target":{"@type":"EntryPoint","urlTemplate":"https:\/\/www.cruillabarcelona.cat\/es\/?s={search_term_string}"},"query-input":{"@type":"PropertyValueSpecification","valueRequired":true,"valueName":"search_term_string"}}],"inLanguage":"es"},{"@type":"Organization","@id":"https:\/\/www.cruillabarcelona.cat\/es\/#organization","name":"Festival Cru\u00eflla","url":"https:\/\/www.cruillabarcelona.cat\/es\/","logo":{"@type":"ImageObject","inLanguage":"es","@id":"https:\/\/www.cruillabarcelona.cat\/es\/#\/schema\/logo\/image\/","url":"https:\/\/www.cruillabarcelona.cat\/wp-content\/uploads\/2025\/12\/cruill-logo-negativo.png","contentUrl":"https:\/\/www.cruillabarcelona.cat\/wp-content\/uploads\/2025\/12\/cruill-logo-negativo.png","width":400,"height":101,"caption":"Festival Cru\u00eflla"},"image":{"@id":"https:\/\/www.cruillabarcelona.cat\/es\/#\/schema\/logo\/image\/"}}]}},"_links":{"self":[{"href":"https:\/\/www.cruillabarcelona.cat\/es\/wp-json\/wp\/v2\/artists\/32413","targetHints":{"allow":["GET"]}}],"collection":[{"href":"https:\/\/www.cruillabarcelona.cat\/es\/wp-json\/wp\/v2\/artists"}],"about":[{"href":"https:\/\/www.cruillabarcelona.cat\/es\/wp-json\/wp\/v2\/types\/artists"}],"acf:term":[{"embeddable":true,"taxonomy":"artists_location","href":"https:\/\/www.cruillabarcelona.cat\/es\/wp-json\/wp\/v2\/artists_location\/803"},{"embeddable":true,"taxonomy":"artists_edition","href":"https:\/\/www.cruillabarcelona.cat\/es\/wp-json\/wp\/v2\/artists_edition\/795"}],"wp:featuredmedia":[{"embeddable":true,"href":"https:\/\/www.cruillabarcelona.cat\/es\/wp-json\/wp\/v2\/media\/34025"}],"wp:attachment":[{"href":"https:\/\/www.cruillabarcelona.cat\/es\/wp-json\/wp\/v2\/media?parent=32413"}],"wp:term":[{"taxonomy":"artists_edition","embeddable":true,"href":"https:\/\/www.cruillabarcelona.cat\/es\/wp-json\/wp\/v2\/artists_edition?post=32413"}],"curies":[{"name":"wp","href":"https:\/\/api.w.org\/{rel}","templated":true}]}}