{"id":32660,"date":"2020-06-10T13:02:22","date_gmt":"2020-06-10T11:02:22","guid":{"rendered":"https:\/\/www.cruillabarcelona.cat\/?post_type=artists&#038;p=32660"},"modified":"2021-05-14T12:39:46","modified_gmt":"2021-05-14T10:39:46","slug":"xavi-daura-adri-romeo","status":"publish","type":"artists","link":"https:\/\/www.cruillabarcelona.cat\/es\/artists\/xavi-daura-adri-romeo\/","title":{"rendered":"Xavi Daura &#038; Adri Romeo"},"content":{"rendered":"<h2>Xavi Daura en el Cru\u00eflla XXS<\/h2>\n<p><strong>Xavi Daura<\/strong> es un c\u00f3mico de Barcelona y la mitad divisible del d\u00fao que forma con Esteban Navarro, <strong>Venga Monjas<\/strong>. Ha aparecido en series como Museo Coconut o Cosas de Hombres y tambi\u00e9n en programas como Ilustres Ignorantes o Comedy Central News. Sus creaciones con Venga Monjas incluyen <strong>sketches, entrevistas de calle y web series<\/strong> como Da Suisa, probablemente la parodia m\u00e1s loca y libremente interpretada de los Simpson que se ha hecho jam\u00e1s.<\/p>\n<h2>Adri Romeo en el Cru\u00eflla XXS<\/h2>\n<p><img decoding=\"async\" class=\"alignnone wp-image-33527\" src=\"https:\/\/www.cruillabarcelona.cat\/wp-content\/uploads\/2020\/06\/adriromeo1-1.jpg\" alt=\"\" width=\"471\" height=\"265\" srcset=\"https:\/\/www.cruillabarcelona.cat\/wp-content\/uploads\/2020\/06\/adriromeo1-1.jpg 1026w, https:\/\/www.cruillabarcelona.cat\/wp-content\/uploads\/2020\/06\/adriromeo1-1-1024x576.jpg 1024w, https:\/\/www.cruillabarcelona.cat\/wp-content\/uploads\/2020\/06\/adriromeo1-1-768x432.jpg 768w, https:\/\/www.cruillabarcelona.cat\/wp-content\/uploads\/2020\/06\/adriromeo1-1-300x169.jpg 300w\" sizes=\"(max-width: 471px) 100vw, 471px\" \/><br \/>\nXavi Daura estar\u00e1 acompa\u00f1ado por <strong>Adri Romeo<\/strong>, monologuista y podcaster a quien pudimos descubrir en el escenario Cru\u00eflla Comedy del Cru\u00eflla 2019.<\/p>\n<h2>Telonero: \u00a1Arnau Garcia!<\/h2>\n<ul>\n<li><strong>Fecha<\/strong>: Jueves 23 de julio a las 21h<\/li>\n<li><strong>Espacio<\/strong>: Jard\u00ed del Museu Mar\u00edtim<\/li>\n<li><strong>Precio<\/strong>: 15\u20ac<\/li>\n<\/ul>\n<hr \/>\n<p class=\"p1\" style=\"text-align: center;\"><span class=\"s1\">Entradas a la venta en exclusiva en el canal de<b>\u00a0TRESC<\/b>. Haz click aqu\u00ed:<\/span><\/p>\n<p class=\"p1\" style=\"text-align: center;\"><span class=\"s1\"><a class=\"efsbutton button \" target=\"_blank\">ENTRADAS<\/a><\/span><\/p>\n","protected":false},"featured_media":32731,"template":"","meta":{"_acf_changed":false},"artists_edition":[795],"class_list":["post-32660","artists","type-artists","status-publish","has-post-thumbnail","hentry","artists_location-museu-maritim","artists_edition-cruilla-xxs"],"acf":{"_thumbnail_id":32731,"youtube_player":"","artist_edition":[795],"artist_date":"20200723","artist_time":"21:00","artist_time_2":"","artist_location":[806],"artist_ticket_url":"https:\/\/cruillaxxs.seetickets.com\/event\/xavi-daura-adri-romeo-cru-lla-xxs-\/museu-mar-tim\/1573427?src=tresc","artist_ticket_status":"","artist_extra_date__show":false,"artist_extra_date_2":null,"artist_time_of_date2":"","artist_extra_date_3":null,"artist_time_of_date3":"","artist_extra_date_4":null,"artist_time_of_date4":"","artist_extra_date_5":null,"artist_time_of_date5":"","artist_date__show_month":true,"artist_sidebar_active":false,"show_in_agenda":false,"artist_sidebar__banner_img":null,"artist_sidebar__banner_link":"","artist_hero_content":"Cru\u00eflla XXS \u00b7 Comedy","artist_style":false,"artist_nationality":false,"artist_audience_age":false},"yoast_head":"<!-- This site is optimized with the Yoast SEO plugin v27.5 - https:\/\/yoast.com\/product\/yoast-seo-wordpress\/ -->\n<title>Xavi Daura &amp; Adri Romeo - Festival Cru\u00eflla<\/title>\n<meta name=\"robots\" content=\"index, follow, max-snippet:-1, max-image-preview:large, max-video-preview:-1\" \/>\n<link rel=\"canonical\" href=\"https:\/\/www.cruillabarcelona.cat\/es\/artists\/xavi-daura-adri-romeo\/\" \/>\n<meta property=\"og:locale\" content=\"es_ES\" \/>\n<meta property=\"og:type\" content=\"article\" \/>\n<meta property=\"og:title\" content=\"Xavi Daura &amp; Adri Romeo - Festival Cru\u00eflla\" \/>\n<meta property=\"og:description\" content=\"Xavi Daura en el Cru\u00eflla XXS Xavi Daura es un c\u00f3mico de Barcelona y la mitad divisible del d\u00fao que forma con Esteban Navarro, Venga Monjas. [&hellip;]\" \/>\n<meta property=\"og:url\" content=\"https:\/\/www.cruillabarcelona.cat\/es\/artists\/xavi-daura-adri-romeo\/\" \/>\n<meta property=\"og:site_name\" content=\"Festival Cru\u00eflla\" \/>\n<meta property=\"article:modified_time\" content=\"2021-05-14T10:39:46+00:00\" \/>\n<meta property=\"og:image\" content=\"https:\/\/www.cruillabarcelona.cat\/wp-content\/uploads\/2020\/06\/CG-Xavi-Daura-12-1-1.jpg\" \/>\n\t<meta property=\"og:image:width\" content=\"1317\" \/>\n\t<meta property=\"og:image:height\" content=\"1317\" \/>\n\t<meta property=\"og:image:type\" content=\"image\/jpeg\" \/>\n<meta name=\"twitter:card\" content=\"summary_large_image\" \/>\n<meta name=\"twitter:label1\" content=\"Tiempo de lectura\" \/>\n\t<meta name=\"twitter:data1\" content=\"1 minuto\" \/>\n<script type=\"application\/ld+json\" class=\"yoast-schema-graph\">{\"@context\":\"https:\\\/\\\/schema.org\",\"@graph\":[{\"@type\":\"WebPage\",\"@id\":\"https:\\\/\\\/www.cruillabarcelona.cat\\\/es\\\/artists\\\/xavi-daura-adri-romeo\\\/\",\"url\":\"https:\\\/\\\/www.cruillabarcelona.cat\\\/es\\\/artists\\\/xavi-daura-adri-romeo\\\/\",\"name\":\"Xavi Daura & Adri Romeo - Festival Cru\u00eflla\",\"isPartOf\":{\"@id\":\"https:\\\/\\\/www.cruillabarcelona.cat\\\/es\\\/#website\"},\"primaryImageOfPage\":{\"@id\":\"https:\\\/\\\/www.cruillabarcelona.cat\\\/es\\\/artists\\\/xavi-daura-adri-romeo\\\/#primaryimage\"},\"image\":{\"@id\":\"https:\\\/\\\/www.cruillabarcelona.cat\\\/es\\\/artists\\\/xavi-daura-adri-romeo\\\/#primaryimage\"},\"thumbnailUrl\":\"https:\\\/\\\/www.cruillabarcelona.cat\\\/wp-content\\\/uploads\\\/2020\\\/06\\\/CG-Xavi-Daura-12-1-1.jpg\",\"datePublished\":\"2020-06-10T11:02:22+00:00\",\"dateModified\":\"2021-05-14T10:39:46+00:00\",\"breadcrumb\":{\"@id\":\"https:\\\/\\\/www.cruillabarcelona.cat\\\/es\\\/artists\\\/xavi-daura-adri-romeo\\\/#breadcrumb\"},\"inLanguage\":\"es\",\"potentialAction\":[{\"@type\":\"ReadAction\",\"target\":[\"https:\\\/\\\/www.cruillabarcelona.cat\\\/es\\\/artists\\\/xavi-daura-adri-romeo\\\/\"]}]},{\"@type\":\"ImageObject\",\"inLanguage\":\"es\",\"@id\":\"https:\\\/\\\/www.cruillabarcelona.cat\\\/es\\\/artists\\\/xavi-daura-adri-romeo\\\/#primaryimage\",\"url\":\"https:\\\/\\\/www.cruillabarcelona.cat\\\/wp-content\\\/uploads\\\/2020\\\/06\\\/CG-Xavi-Daura-12-1-1.jpg\",\"contentUrl\":\"https:\\\/\\\/www.cruillabarcelona.cat\\\/wp-content\\\/uploads\\\/2020\\\/06\\\/CG-Xavi-Daura-12-1-1.jpg\",\"width\":1317,\"height\":1317},{\"@type\":\"BreadcrumbList\",\"@id\":\"https:\\\/\\\/www.cruillabarcelona.cat\\\/es\\\/artists\\\/xavi-daura-adri-romeo\\\/#breadcrumb\",\"itemListElement\":[{\"@type\":\"ListItem\",\"position\":1,\"name\":\"Home\",\"item\":\"https:\\\/\\\/www.cruillabarcelona.cat\\\/es\\\/\"},{\"@type\":\"ListItem\",\"position\":2,\"name\":\"Xavi Daura &#038; Adri Romeo\"}]},{\"@type\":\"WebSite\",\"@id\":\"https:\\\/\\\/www.cruillabarcelona.cat\\\/es\\\/#website\",\"url\":\"https:\\\/\\\/www.cruillabarcelona.cat\\\/es\\\/\",\"name\":\"Festival Cru\u00eflla\",\"description\":\"\",\"publisher\":{\"@id\":\"https:\\\/\\\/www.cruillabarcelona.cat\\\/es\\\/#organization\"},\"potentialAction\":[{\"@type\":\"SearchAction\",\"target\":{\"@type\":\"EntryPoint\",\"urlTemplate\":\"https:\\\/\\\/www.cruillabarcelona.cat\\\/es\\\/?s={search_term_string}\"},\"query-input\":{\"@type\":\"PropertyValueSpecification\",\"valueRequired\":true,\"valueName\":\"search_term_string\"}}],\"inLanguage\":\"es\"},{\"@type\":\"Organization\",\"@id\":\"https:\\\/\\\/www.cruillabarcelona.cat\\\/es\\\/#organization\",\"name\":\"Festival Cru\u00eflla\",\"url\":\"https:\\\/\\\/www.cruillabarcelona.cat\\\/es\\\/\",\"logo\":{\"@type\":\"ImageObject\",\"inLanguage\":\"es\",\"@id\":\"https:\\\/\\\/www.cruillabarcelona.cat\\\/es\\\/#\\\/schema\\\/logo\\\/image\\\/\",\"url\":\"https:\\\/\\\/www.cruillabarcelona.cat\\\/wp-content\\\/uploads\\\/2025\\\/12\\\/cruill-logo-negativo.png\",\"contentUrl\":\"https:\\\/\\\/www.cruillabarcelona.cat\\\/wp-content\\\/uploads\\\/2025\\\/12\\\/cruill-logo-negativo.png\",\"width\":400,\"height\":101,\"caption\":\"Festival Cru\u00eflla\"},\"image\":{\"@id\":\"https:\\\/\\\/www.cruillabarcelona.cat\\\/es\\\/#\\\/schema\\\/logo\\\/image\\\/\"}}]}<\/script>\n<!-- \/ Yoast SEO plugin. -->","yoast_head_json":{"title":"Xavi Daura & Adri Romeo - Festival Cru\u00eflla","robots":{"index":"index","follow":"follow","max-snippet":"max-snippet:-1","max-image-preview":"max-image-preview:large","max-video-preview":"max-video-preview:-1"},"canonical":"https:\/\/www.cruillabarcelona.cat\/es\/artists\/xavi-daura-adri-romeo\/","og_locale":"es_ES","og_type":"article","og_title":"Xavi Daura & Adri Romeo - Festival Cru\u00eflla","og_description":"Xavi Daura en el Cru\u00eflla XXS Xavi Daura es un c\u00f3mico de Barcelona y la mitad divisible del d\u00fao que forma con Esteban Navarro, Venga Monjas. [&hellip;]","og_url":"https:\/\/www.cruillabarcelona.cat\/es\/artists\/xavi-daura-adri-romeo\/","og_site_name":"Festival Cru\u00eflla","article_modified_time":"2021-05-14T10:39:46+00:00","og_image":[{"width":1317,"height":1317,"url":"https:\/\/www.cruillabarcelona.cat\/wp-content\/uploads\/2020\/06\/CG-Xavi-Daura-12-1-1.jpg","type":"image\/jpeg"}],"twitter_card":"summary_large_image","twitter_misc":{"Tiempo de lectura":"1 minuto"},"schema":{"@context":"https:\/\/schema.org","@graph":[{"@type":"WebPage","@id":"https:\/\/www.cruillabarcelona.cat\/es\/artists\/xavi-daura-adri-romeo\/","url":"https:\/\/www.cruillabarcelona.cat\/es\/artists\/xavi-daura-adri-romeo\/","name":"Xavi Daura & Adri Romeo - Festival Cru\u00eflla","isPartOf":{"@id":"https:\/\/www.cruillabarcelona.cat\/es\/#website"},"primaryImageOfPage":{"@id":"https:\/\/www.cruillabarcelona.cat\/es\/artists\/xavi-daura-adri-romeo\/#primaryimage"},"image":{"@id":"https:\/\/www.cruillabarcelona.cat\/es\/artists\/xavi-daura-adri-romeo\/#primaryimage"},"thumbnailUrl":"https:\/\/www.cruillabarcelona.cat\/wp-content\/uploads\/2020\/06\/CG-Xavi-Daura-12-1-1.jpg","datePublished":"2020-06-10T11:02:22+00:00","dateModified":"2021-05-14T10:39:46+00:00","breadcrumb":{"@id":"https:\/\/www.cruillabarcelona.cat\/es\/artists\/xavi-daura-adri-romeo\/#breadcrumb"},"inLanguage":"es","potentialAction":[{"@type":"ReadAction","target":["https:\/\/www.cruillabarcelona.cat\/es\/artists\/xavi-daura-adri-romeo\/"]}]},{"@type":"ImageObject","inLanguage":"es","@id":"https:\/\/www.cruillabarcelona.cat\/es\/artists\/xavi-daura-adri-romeo\/#primaryimage","url":"https:\/\/www.cruillabarcelona.cat\/wp-content\/uploads\/2020\/06\/CG-Xavi-Daura-12-1-1.jpg","contentUrl":"https:\/\/www.cruillabarcelona.cat\/wp-content\/uploads\/2020\/06\/CG-Xavi-Daura-12-1-1.jpg","width":1317,"height":1317},{"@type":"BreadcrumbList","@id":"https:\/\/www.cruillabarcelona.cat\/es\/artists\/xavi-daura-adri-romeo\/#breadcrumb","itemListElement":[{"@type":"ListItem","position":1,"name":"Home","item":"https:\/\/www.cruillabarcelona.cat\/es\/"},{"@type":"ListItem","position":2,"name":"Xavi Daura &#038; Adri Romeo"}]},{"@type":"WebSite","@id":"https:\/\/www.cruillabarcelona.cat\/es\/#website","url":"https:\/\/www.cruillabarcelona.cat\/es\/","name":"Festival Cru\u00eflla","description":"","publisher":{"@id":"https:\/\/www.cruillabarcelona.cat\/es\/#organization"},"potentialAction":[{"@type":"SearchAction","target":{"@type":"EntryPoint","urlTemplate":"https:\/\/www.cruillabarcelona.cat\/es\/?s={search_term_string}"},"query-input":{"@type":"PropertyValueSpecification","valueRequired":true,"valueName":"search_term_string"}}],"inLanguage":"es"},{"@type":"Organization","@id":"https:\/\/www.cruillabarcelona.cat\/es\/#organization","name":"Festival Cru\u00eflla","url":"https:\/\/www.cruillabarcelona.cat\/es\/","logo":{"@type":"ImageObject","inLanguage":"es","@id":"https:\/\/www.cruillabarcelona.cat\/es\/#\/schema\/logo\/image\/","url":"https:\/\/www.cruillabarcelona.cat\/wp-content\/uploads\/2025\/12\/cruill-logo-negativo.png","contentUrl":"https:\/\/www.cruillabarcelona.cat\/wp-content\/uploads\/2025\/12\/cruill-logo-negativo.png","width":400,"height":101,"caption":"Festival Cru\u00eflla"},"image":{"@id":"https:\/\/www.cruillabarcelona.cat\/es\/#\/schema\/logo\/image\/"}}]}},"_links":{"self":[{"href":"https:\/\/www.cruillabarcelona.cat\/es\/wp-json\/wp\/v2\/artists\/32660","targetHints":{"allow":["GET"]}}],"collection":[{"href":"https:\/\/www.cruillabarcelona.cat\/es\/wp-json\/wp\/v2\/artists"}],"about":[{"href":"https:\/\/www.cruillabarcelona.cat\/es\/wp-json\/wp\/v2\/types\/artists"}],"acf:term":[{"embeddable":true,"taxonomy":"artists_location","href":"https:\/\/www.cruillabarcelona.cat\/es\/wp-json\/wp\/v2\/artists_location\/806"},{"embeddable":true,"taxonomy":"artists_edition","href":"https:\/\/www.cruillabarcelona.cat\/es\/wp-json\/wp\/v2\/artists_edition\/795"}],"wp:featuredmedia":[{"embeddable":true,"href":"https:\/\/www.cruillabarcelona.cat\/es\/wp-json\/wp\/v2\/media\/32731"}],"wp:attachment":[{"href":"https:\/\/www.cruillabarcelona.cat\/es\/wp-json\/wp\/v2\/media?parent=32660"}],"wp:term":[{"taxonomy":"artists_edition","embeddable":true,"href":"https:\/\/www.cruillabarcelona.cat\/es\/wp-json\/wp\/v2\/artists_edition?post=32660"}],"curies":[{"name":"wp","href":"https:\/\/api.w.org\/{rel}","templated":true}]}}