{"id":32680,"date":"2020-06-10T13:02:21","date_gmt":"2020-06-10T11:02:21","guid":{"rendered":"https:\/\/www.cruillabarcelona.cat\/?post_type=artists&#038;p=32680"},"modified":"2020-06-26T11:04:16","modified_gmt":"2020-06-26T09:04:16","slug":"enzo-vizcaino-ignasi-taltavull-tomas-fuentes","status":"publish","type":"artists","link":"https:\/\/www.cruillabarcelona.cat\/es\/artists\/enzo-vizcaino-ignasi-taltavull-tomas-fuentes\/","title":{"rendered":"Enzo Vizca\u00edno, Ignasi Taltavull &#038; Tom\u00e0s Fuentes"},"content":{"rendered":"<h2>Enzo Vizca\u00edno en el Cru\u00eflla XXS<\/h2>\n<p><strong>Enzo Vizca\u00edno <\/strong>es c\u00f3mico y guionista. Escribe para programas de humor como <em>Est\u00e0 Pasant<\/em> y <em>Pol\u00f2nia<\/em>, colabora en <em>Late Motiv<\/em> y el <em>Mundo Today<\/em>. Descubriremos de su talento innegable para contar historias y para la comedia en el escenario del Cru\u00eflla XXS.<\/p>\n<h2>Ignasi Taltavull en el Cru\u00eflla XXS<\/h2>\n<p><img decoding=\"async\" class=\"alignnone wp-image-33484\" src=\"https:\/\/www.cruillabarcelona.cat\/wp-content\/uploads\/2020\/06\/Ignasi-Taltavull-1.jpg\" alt=\"\" width=\"470\" height=\"314\" srcset=\"https:\/\/www.cruillabarcelona.cat\/wp-content\/uploads\/2020\/06\/Ignasi-Taltavull-1.jpg 1459w, https:\/\/www.cruillabarcelona.cat\/wp-content\/uploads\/2020\/06\/Ignasi-Taltavull-1-1024x684.jpg 1024w, https:\/\/www.cruillabarcelona.cat\/wp-content\/uploads\/2020\/06\/Ignasi-Taltavull-1-768x513.jpg 768w, https:\/\/www.cruillabarcelona.cat\/wp-content\/uploads\/2020\/06\/Ignasi-Taltavull-1-300x200.jpg 300w\" sizes=\"(max-width: 470px) 100vw, 470px\" \/><\/p>\n<p><strong>Ignasi Taltavull<\/strong> es un c\u00f3mico y guionista de Barcelona. Adem\u00e1s de hacer mon\u00f3logos, tambi\u00e9n presenta el podcast de <em>La Ruina<\/em> con Tom\u00e0s Fuentes, es subdirector del programa <em>Est\u00e0 Passant<\/em> de TV3, ha creado las canciones de Adonde Boy y est\u00e1 detr\u00e1s de los sketches de <em>Haciendo La Mierda<\/em>.<\/p>\n<h2>Tom\u00e0s Fuentes en el Cru\u00eflla XXS<\/h2>\n<p><img decoding=\"async\" class=\"alignnone wp-image-33487\" src=\"https:\/\/www.cruillabarcelona.cat\/wp-content\/uploads\/2020\/06\/CG-bn-Tomas-Fuentes-1-1.jpg\" alt=\"\" width=\"470\" height=\"314\" srcset=\"https:\/\/www.cruillabarcelona.cat\/wp-content\/uploads\/2020\/06\/CG-bn-Tomas-Fuentes-1-1.jpg 1504w, https:\/\/www.cruillabarcelona.cat\/wp-content\/uploads\/2020\/06\/CG-bn-Tomas-Fuentes-1-1-1024x684.jpg 1024w, https:\/\/www.cruillabarcelona.cat\/wp-content\/uploads\/2020\/06\/CG-bn-Tomas-Fuentes-1-1-768x513.jpg 768w, https:\/\/www.cruillabarcelona.cat\/wp-content\/uploads\/2020\/06\/CG-bn-Tomas-Fuentes-1-1-300x200.jpg 300w, https:\/\/www.cruillabarcelona.cat\/wp-content\/uploads\/2020\/06\/CG-bn-Tomas-Fuentes-1-1-1500x1001.jpg 1500w\" sizes=\"(max-width: 470px) 100vw, 470px\" \/><br \/>\n<strong>Tom\u00e0s Fuentes<\/strong> est\u00e1 metido en todo! Es guionista de <em>La Compet\u00e8ncia<\/em> y <em>El Mundo Today<\/em>. Es una parte de <em>La Ruina Show<\/em> y las <em>Charlas Talks<\/em>, la parodia de las TED Talks.<\/p>\n<h2>Telonero: \u00a1David Arnau!<\/h2>\n<ul>\n<li><strong>Fecha<\/strong>: Viernes 24 de julio a las 21h<\/li>\n<li><strong>Espacio<\/strong>: Jard\u00ed del Museu Mar\u00edtim<\/li>\n<li><strong>Precio<\/strong>: 15\u20ac<\/li>\n<\/ul>\n<hr \/>\n<p class=\"p1\" style=\"text-align: center;\"><span class=\"s1\">Entradas a la venta en exclusiva en el canal de<b>\u00a0TRESC<\/b>. Haz click aqu\u00ed:<\/span><\/p>\n<p class=\"p1\" style=\"text-align: center;\"><span class=\"s1\"><a class=\"efsbutton button \" target=\"_blank\">ENTRADAS<\/a><\/span><\/p>\n","protected":false},"featured_media":32734,"template":"","meta":{"_acf_changed":false},"artists_edition":[795],"class_list":["post-32680","artists","type-artists","status-publish","has-post-thumbnail","hentry","artists_location-museu-maritim","artists_edition-cruilla-xxs"],"acf":{"_thumbnail_id":32734,"youtube_player":"","artist_edition":[795],"artist_date":"20200724","artist_time":"21:00","artist_time_2":"","artist_location":[806],"artist_ticket_url":"https:\/\/cruillaxxs.seetickets.com\/event\/e-vizca-no-i-taltavull-t-fuentes-c-xxs-\/museu-mar-tim\/1573428?src=tresc","artist_ticket_status":"","artist_extra_date__show":false,"artist_extra_date_2":null,"artist_time_of_date2":"","artist_extra_date_3":null,"artist_time_of_date3":"","artist_extra_date_4":null,"artist_time_of_date4":"","artist_extra_date_5":null,"artist_time_of_date5":"","artist_date__show_month":true,"artist_sidebar_active":false,"show_in_agenda":false,"artist_sidebar__banner_img":null,"artist_sidebar__banner_link":"","artist_hero_content":"Cru\u00eflla XXS \u00b7 Comedy","artist_style":false,"artist_nationality":false,"artist_audience_age":false},"yoast_head":"<!-- This site is optimized with the Yoast SEO plugin v27.5 - https:\/\/yoast.com\/product\/yoast-seo-wordpress\/ -->\n<title>Enzo Vizca\u00edno, Ignasi Taltavull &amp; Tom\u00e0s Fuentes - Festival Cru\u00eflla<\/title>\n<meta name=\"robots\" content=\"index, follow, max-snippet:-1, max-image-preview:large, max-video-preview:-1\" \/>\n<link rel=\"canonical\" href=\"https:\/\/www.cruillabarcelona.cat\/es\/artists\/enzo-vizcaino-ignasi-taltavull-tomas-fuentes\/\" \/>\n<meta property=\"og:locale\" content=\"es_ES\" \/>\n<meta property=\"og:type\" content=\"article\" \/>\n<meta property=\"og:title\" content=\"Enzo Vizca\u00edno, Ignasi Taltavull &amp; Tom\u00e0s Fuentes - Festival Cru\u00eflla\" \/>\n<meta property=\"og:description\" content=\"Enzo Vizca\u00edno en el Cru\u00eflla XXS Enzo Vizca\u00edno es c\u00f3mico y guionista. Escribe para programas de humor como Est\u00e0 Pasant y Pol\u00f2nia, colabora en Late Motiv [&hellip;]\" \/>\n<meta property=\"og:url\" content=\"https:\/\/www.cruillabarcelona.cat\/es\/artists\/enzo-vizcaino-ignasi-taltavull-tomas-fuentes\/\" \/>\n<meta property=\"og:site_name\" content=\"Festival Cru\u00eflla\" \/>\n<meta property=\"article:modified_time\" content=\"2020-06-26T09:04:16+00:00\" \/>\n<meta property=\"og:image\" content=\"https:\/\/www.cruillabarcelona.cat\/wp-content\/uploads\/2020\/06\/Enzo-container.jpg\" \/>\n\t<meta property=\"og:image:width\" content=\"768\" \/>\n\t<meta property=\"og:image:height\" content=\"768\" \/>\n\t<meta property=\"og:image:type\" content=\"image\/jpeg\" \/>\n<meta name=\"twitter:card\" content=\"summary_large_image\" \/>\n<meta name=\"twitter:label1\" content=\"Tiempo de lectura\" \/>\n\t<meta name=\"twitter:data1\" content=\"1 minuto\" \/>\n<script type=\"application\/ld+json\" class=\"yoast-schema-graph\">{\"@context\":\"https:\\\/\\\/schema.org\",\"@graph\":[{\"@type\":\"WebPage\",\"@id\":\"https:\\\/\\\/www.cruillabarcelona.cat\\\/es\\\/artists\\\/enzo-vizcaino-ignasi-taltavull-tomas-fuentes\\\/\",\"url\":\"https:\\\/\\\/www.cruillabarcelona.cat\\\/es\\\/artists\\\/enzo-vizcaino-ignasi-taltavull-tomas-fuentes\\\/\",\"name\":\"Enzo Vizca\u00edno, Ignasi Taltavull & Tom\u00e0s Fuentes - Festival Cru\u00eflla\",\"isPartOf\":{\"@id\":\"https:\\\/\\\/www.cruillabarcelona.cat\\\/es\\\/#website\"},\"primaryImageOfPage\":{\"@id\":\"https:\\\/\\\/www.cruillabarcelona.cat\\\/es\\\/artists\\\/enzo-vizcaino-ignasi-taltavull-tomas-fuentes\\\/#primaryimage\"},\"image\":{\"@id\":\"https:\\\/\\\/www.cruillabarcelona.cat\\\/es\\\/artists\\\/enzo-vizcaino-ignasi-taltavull-tomas-fuentes\\\/#primaryimage\"},\"thumbnailUrl\":\"https:\\\/\\\/www.cruillabarcelona.cat\\\/wp-content\\\/uploads\\\/2020\\\/06\\\/Enzo-container.jpg\",\"datePublished\":\"2020-06-10T11:02:21+00:00\",\"dateModified\":\"2020-06-26T09:04:16+00:00\",\"breadcrumb\":{\"@id\":\"https:\\\/\\\/www.cruillabarcelona.cat\\\/es\\\/artists\\\/enzo-vizcaino-ignasi-taltavull-tomas-fuentes\\\/#breadcrumb\"},\"inLanguage\":\"es\",\"potentialAction\":[{\"@type\":\"ReadAction\",\"target\":[\"https:\\\/\\\/www.cruillabarcelona.cat\\\/es\\\/artists\\\/enzo-vizcaino-ignasi-taltavull-tomas-fuentes\\\/\"]}]},{\"@type\":\"ImageObject\",\"inLanguage\":\"es\",\"@id\":\"https:\\\/\\\/www.cruillabarcelona.cat\\\/es\\\/artists\\\/enzo-vizcaino-ignasi-taltavull-tomas-fuentes\\\/#primaryimage\",\"url\":\"https:\\\/\\\/www.cruillabarcelona.cat\\\/wp-content\\\/uploads\\\/2020\\\/06\\\/Enzo-container.jpg\",\"contentUrl\":\"https:\\\/\\\/www.cruillabarcelona.cat\\\/wp-content\\\/uploads\\\/2020\\\/06\\\/Enzo-container.jpg\",\"width\":768,\"height\":768},{\"@type\":\"BreadcrumbList\",\"@id\":\"https:\\\/\\\/www.cruillabarcelona.cat\\\/es\\\/artists\\\/enzo-vizcaino-ignasi-taltavull-tomas-fuentes\\\/#breadcrumb\",\"itemListElement\":[{\"@type\":\"ListItem\",\"position\":1,\"name\":\"Home\",\"item\":\"https:\\\/\\\/www.cruillabarcelona.cat\\\/es\\\/\"},{\"@type\":\"ListItem\",\"position\":2,\"name\":\"Enzo Vizca\u00edno, Ignasi Taltavull &#038; Tom\u00e0s Fuentes\"}]},{\"@type\":\"WebSite\",\"@id\":\"https:\\\/\\\/www.cruillabarcelona.cat\\\/es\\\/#website\",\"url\":\"https:\\\/\\\/www.cruillabarcelona.cat\\\/es\\\/\",\"name\":\"Festival Cru\u00eflla\",\"description\":\"\",\"publisher\":{\"@id\":\"https:\\\/\\\/www.cruillabarcelona.cat\\\/es\\\/#organization\"},\"potentialAction\":[{\"@type\":\"SearchAction\",\"target\":{\"@type\":\"EntryPoint\",\"urlTemplate\":\"https:\\\/\\\/www.cruillabarcelona.cat\\\/es\\\/?s={search_term_string}\"},\"query-input\":{\"@type\":\"PropertyValueSpecification\",\"valueRequired\":true,\"valueName\":\"search_term_string\"}}],\"inLanguage\":\"es\"},{\"@type\":\"Organization\",\"@id\":\"https:\\\/\\\/www.cruillabarcelona.cat\\\/es\\\/#organization\",\"name\":\"Festival Cru\u00eflla\",\"url\":\"https:\\\/\\\/www.cruillabarcelona.cat\\\/es\\\/\",\"logo\":{\"@type\":\"ImageObject\",\"inLanguage\":\"es\",\"@id\":\"https:\\\/\\\/www.cruillabarcelona.cat\\\/es\\\/#\\\/schema\\\/logo\\\/image\\\/\",\"url\":\"https:\\\/\\\/www.cruillabarcelona.cat\\\/wp-content\\\/uploads\\\/2025\\\/12\\\/cruill-logo-negativo.png\",\"contentUrl\":\"https:\\\/\\\/www.cruillabarcelona.cat\\\/wp-content\\\/uploads\\\/2025\\\/12\\\/cruill-logo-negativo.png\",\"width\":400,\"height\":101,\"caption\":\"Festival Cru\u00eflla\"},\"image\":{\"@id\":\"https:\\\/\\\/www.cruillabarcelona.cat\\\/es\\\/#\\\/schema\\\/logo\\\/image\\\/\"}}]}<\/script>\n<!-- \/ Yoast SEO plugin. -->","yoast_head_json":{"title":"Enzo Vizca\u00edno, Ignasi Taltavull & Tom\u00e0s Fuentes - Festival Cru\u00eflla","robots":{"index":"index","follow":"follow","max-snippet":"max-snippet:-1","max-image-preview":"max-image-preview:large","max-video-preview":"max-video-preview:-1"},"canonical":"https:\/\/www.cruillabarcelona.cat\/es\/artists\/enzo-vizcaino-ignasi-taltavull-tomas-fuentes\/","og_locale":"es_ES","og_type":"article","og_title":"Enzo Vizca\u00edno, Ignasi Taltavull & Tom\u00e0s Fuentes - Festival Cru\u00eflla","og_description":"Enzo Vizca\u00edno en el Cru\u00eflla XXS Enzo Vizca\u00edno es c\u00f3mico y guionista. Escribe para programas de humor como Est\u00e0 Pasant y Pol\u00f2nia, colabora en Late Motiv [&hellip;]","og_url":"https:\/\/www.cruillabarcelona.cat\/es\/artists\/enzo-vizcaino-ignasi-taltavull-tomas-fuentes\/","og_site_name":"Festival Cru\u00eflla","article_modified_time":"2020-06-26T09:04:16+00:00","og_image":[{"width":768,"height":768,"url":"https:\/\/www.cruillabarcelona.cat\/wp-content\/uploads\/2020\/06\/Enzo-container.jpg","type":"image\/jpeg"}],"twitter_card":"summary_large_image","twitter_misc":{"Tiempo de lectura":"1 minuto"},"schema":{"@context":"https:\/\/schema.org","@graph":[{"@type":"WebPage","@id":"https:\/\/www.cruillabarcelona.cat\/es\/artists\/enzo-vizcaino-ignasi-taltavull-tomas-fuentes\/","url":"https:\/\/www.cruillabarcelona.cat\/es\/artists\/enzo-vizcaino-ignasi-taltavull-tomas-fuentes\/","name":"Enzo Vizca\u00edno, Ignasi Taltavull & Tom\u00e0s Fuentes - Festival Cru\u00eflla","isPartOf":{"@id":"https:\/\/www.cruillabarcelona.cat\/es\/#website"},"primaryImageOfPage":{"@id":"https:\/\/www.cruillabarcelona.cat\/es\/artists\/enzo-vizcaino-ignasi-taltavull-tomas-fuentes\/#primaryimage"},"image":{"@id":"https:\/\/www.cruillabarcelona.cat\/es\/artists\/enzo-vizcaino-ignasi-taltavull-tomas-fuentes\/#primaryimage"},"thumbnailUrl":"https:\/\/www.cruillabarcelona.cat\/wp-content\/uploads\/2020\/06\/Enzo-container.jpg","datePublished":"2020-06-10T11:02:21+00:00","dateModified":"2020-06-26T09:04:16+00:00","breadcrumb":{"@id":"https:\/\/www.cruillabarcelona.cat\/es\/artists\/enzo-vizcaino-ignasi-taltavull-tomas-fuentes\/#breadcrumb"},"inLanguage":"es","potentialAction":[{"@type":"ReadAction","target":["https:\/\/www.cruillabarcelona.cat\/es\/artists\/enzo-vizcaino-ignasi-taltavull-tomas-fuentes\/"]}]},{"@type":"ImageObject","inLanguage":"es","@id":"https:\/\/www.cruillabarcelona.cat\/es\/artists\/enzo-vizcaino-ignasi-taltavull-tomas-fuentes\/#primaryimage","url":"https:\/\/www.cruillabarcelona.cat\/wp-content\/uploads\/2020\/06\/Enzo-container.jpg","contentUrl":"https:\/\/www.cruillabarcelona.cat\/wp-content\/uploads\/2020\/06\/Enzo-container.jpg","width":768,"height":768},{"@type":"BreadcrumbList","@id":"https:\/\/www.cruillabarcelona.cat\/es\/artists\/enzo-vizcaino-ignasi-taltavull-tomas-fuentes\/#breadcrumb","itemListElement":[{"@type":"ListItem","position":1,"name":"Home","item":"https:\/\/www.cruillabarcelona.cat\/es\/"},{"@type":"ListItem","position":2,"name":"Enzo Vizca\u00edno, Ignasi Taltavull &#038; Tom\u00e0s Fuentes"}]},{"@type":"WebSite","@id":"https:\/\/www.cruillabarcelona.cat\/es\/#website","url":"https:\/\/www.cruillabarcelona.cat\/es\/","name":"Festival Cru\u00eflla","description":"","publisher":{"@id":"https:\/\/www.cruillabarcelona.cat\/es\/#organization"},"potentialAction":[{"@type":"SearchAction","target":{"@type":"EntryPoint","urlTemplate":"https:\/\/www.cruillabarcelona.cat\/es\/?s={search_term_string}"},"query-input":{"@type":"PropertyValueSpecification","valueRequired":true,"valueName":"search_term_string"}}],"inLanguage":"es"},{"@type":"Organization","@id":"https:\/\/www.cruillabarcelona.cat\/es\/#organization","name":"Festival Cru\u00eflla","url":"https:\/\/www.cruillabarcelona.cat\/es\/","logo":{"@type":"ImageObject","inLanguage":"es","@id":"https:\/\/www.cruillabarcelona.cat\/es\/#\/schema\/logo\/image\/","url":"https:\/\/www.cruillabarcelona.cat\/wp-content\/uploads\/2025\/12\/cruill-logo-negativo.png","contentUrl":"https:\/\/www.cruillabarcelona.cat\/wp-content\/uploads\/2025\/12\/cruill-logo-negativo.png","width":400,"height":101,"caption":"Festival Cru\u00eflla"},"image":{"@id":"https:\/\/www.cruillabarcelona.cat\/es\/#\/schema\/logo\/image\/"}}]}},"_links":{"self":[{"href":"https:\/\/www.cruillabarcelona.cat\/es\/wp-json\/wp\/v2\/artists\/32680","targetHints":{"allow":["GET"]}}],"collection":[{"href":"https:\/\/www.cruillabarcelona.cat\/es\/wp-json\/wp\/v2\/artists"}],"about":[{"href":"https:\/\/www.cruillabarcelona.cat\/es\/wp-json\/wp\/v2\/types\/artists"}],"acf:term":[{"embeddable":true,"taxonomy":"artists_location","href":"https:\/\/www.cruillabarcelona.cat\/es\/wp-json\/wp\/v2\/artists_location\/806"},{"embeddable":true,"taxonomy":"artists_edition","href":"https:\/\/www.cruillabarcelona.cat\/es\/wp-json\/wp\/v2\/artists_edition\/795"}],"wp:featuredmedia":[{"embeddable":true,"href":"https:\/\/www.cruillabarcelona.cat\/es\/wp-json\/wp\/v2\/media\/32734"}],"wp:attachment":[{"href":"https:\/\/www.cruillabarcelona.cat\/es\/wp-json\/wp\/v2\/media?parent=32680"}],"wp:term":[{"taxonomy":"artists_edition","embeddable":true,"href":"https:\/\/www.cruillabarcelona.cat\/es\/wp-json\/wp\/v2\/artists_edition?post=32680"}],"curies":[{"name":"wp","href":"https:\/\/api.w.org\/{rel}","templated":true}]}}