{"id":32753,"date":"2020-06-10T13:02:20","date_gmt":"2020-06-10T11:02:20","guid":{"rendered":"https:\/\/www.cruillabarcelona.cat\/?post_type=artists&#038;p=32753"},"modified":"2020-07-27T16:27:42","modified_gmt":"2020-07-27T14:27:42","slug":"jorge-yorya-kike-garcia","status":"publish","type":"artists","link":"https:\/\/www.cruillabarcelona.cat\/es\/artists\/jorge-yorya-kike-garcia\/","title":{"rendered":"Jorge Yorya &#038; Kike Garc\u00eda &#038; Antonio Lorente"},"content":{"rendered":"<h2>Kike Garc\u00eda en el Cru\u00eflla XXS<\/h2>\n<p><span style=\"font-weight: 400;\">Kike Garc\u00eda (Motilla del Palancar, 1957) es <strong>uno de los creadores de <em>El Mundo Today<\/em><\/strong>, donde escribe art\u00edculos, y colabora en medios como El Pa\u00eds y Cadena Ser.<\/span><\/p>\n<p><span style=\"font-weight: 400;\">Ha publicado dos libros: <em>Historia, el libro<\/em> y <em>Constituci\u00f3n Espa\u00f1ola<\/em>. Como c\u00f3mico tiene tres discos de comedia: <em>Live at La Llama Store<\/em>, <em>Un se\u00f1or bajito<\/em> y <em>Lo mejor de F\u00e9lix el gato<\/em>. Ha actuado en lugares de prestigio como YouTube y el Festival Cru\u00eflla.\u00a0<\/span><\/p>\n<h2>Jorge Yorya en el Cru\u00eflla XXS<\/h2>\n<p><img decoding=\"async\" class=\"alignnone wp-image-33499\" src=\"https:\/\/www.cruillabarcelona.cat\/wp-content\/uploads\/2020\/06\/Fotos-show-jrg-13-1-1.jpg\" alt=\"\" width=\"471\" height=\"265\" srcset=\"https:\/\/www.cruillabarcelona.cat\/wp-content\/uploads\/2020\/06\/Fotos-show-jrg-13-1-1.jpg 1427w, https:\/\/www.cruillabarcelona.cat\/wp-content\/uploads\/2020\/06\/Fotos-show-jrg-13-1-1-1024x576.jpg 1024w, https:\/\/www.cruillabarcelona.cat\/wp-content\/uploads\/2020\/06\/Fotos-show-jrg-13-1-1-768x432.jpg 768w, https:\/\/www.cruillabarcelona.cat\/wp-content\/uploads\/2020\/06\/Fotos-show-jrg-13-1-1-300x169.jpg 300w\" sizes=\"(max-width: 471px) 100vw, 471px\" \/><br \/>\n<strong>Jorge Yorya<\/strong> es un c\u00f3mico madrile\u00f1o entregado al podcast y al stand-up. Miembro de <em>Phi Beta Lambda<\/em> desde su fundaci\u00f3n, presentador de <em>Movidas Min\u00fasculas<\/em> y colaborador de <em>Comedia Perpetua<\/em>. Ha trabajado de 3\u00ba en mesa en <em>Anda Ya<\/em> y adem\u00e1s le gusta el autotune y los mariachis, pero eso mejor lo hablamos otro d\u00eda.<\/p>\n<h2>Antonio Lorente en el Cru\u00eflla XXS<\/h2>\n<p><img decoding=\"async\" class=\"alignnone wp-image-34802\" src=\"https:\/\/www.cruillabarcelona.cat\/wp-content\/uploads\/2020\/06\/antonio-lorente.jpg\" alt=\"\" width=\"487\" height=\"488\" srcset=\"https:\/\/www.cruillabarcelona.cat\/wp-content\/uploads\/2020\/06\/antonio-lorente.jpg 538w, https:\/\/www.cruillabarcelona.cat\/wp-content\/uploads\/2020\/06\/antonio-lorente-150x150.jpg 150w, https:\/\/www.cruillabarcelona.cat\/wp-content\/uploads\/2020\/06\/antonio-lorente-300x301.jpg 300w\" sizes=\"(max-width: 487px) 100vw, 487px\" \/><\/p>\n<p><strong>Antonio Lorente<\/strong> es c\u00f3mico y guionista. Ha trabajado escribiendo en <em>La Resistencia<\/em> y ha grabado diferentes mon\u00f3logos para <em>Comedy Central<\/em> y <em>Phi Beta Lambda<\/em>.<\/p>\n<h2>Telonero: \u00a1Alexis Diaz!<\/h2>\n<ul>\n<li><strong>Data<\/strong>: Dijous 30 de juliol a les 21:00h<\/li>\n<li><strong>Espai<\/strong>: Jard\u00ed del Museu Mar\u00edtim<\/li>\n<li><strong>Preu:\u00a0<\/strong>15\u20ac<\/li>\n<\/ul>\n<hr \/>\n<p class=\"p1\" style=\"text-align: center;\"><span class=\"s1\">Entradas a la venta en exclusiva en el canal de<b>\u00a0TRESC<\/b>. Haz click aqu\u00ed:<\/span><\/p>\n<p class=\"p1\" style=\"text-align: center;\"><span class=\"s1\"><a class=\"efsbutton button \" target=\"_blank\">ENTRADAS<\/a><\/span><\/p>\n","protected":false},"featured_media":32751,"template":"","meta":{"_acf_changed":false},"artists_edition":[795],"class_list":["post-32753","artists","type-artists","status-publish","has-post-thumbnail","hentry","artists_location-museu-maritim","artists_edition-cruilla-xxs"],"acf":{"_thumbnail_id":32751,"youtube_player":"","artist_edition":[795],"artist_date":"20200730","artist_time":"21:00","artist_time_2":"","artist_location":[806],"artist_ticket_url":"https:\/\/cruillaxxs.seetickets.com\/event\/jorge-yorya-kike-garc-a-cru-lla-xxs-\/museu-mar-tim\/1573436","artist_ticket_status":"","artist_extra_date__show":false,"artist_extra_date_2":null,"artist_time_of_date2":"","artist_extra_date_3":null,"artist_time_of_date3":"","artist_extra_date_4":null,"artist_time_of_date4":"","artist_extra_date_5":null,"artist_time_of_date5":"","artist_date__show_month":true,"artist_sidebar_active":false,"show_in_agenda":false,"artist_sidebar__banner_img":null,"artist_sidebar__banner_link":"","artist_hero_content":"Cru\u00eflla XXS \u00b7 Comedy","artist_style":false,"artist_nationality":false,"artist_audience_age":false},"yoast_head":"<!-- This site is optimized with the Yoast SEO plugin v27.5 - https:\/\/yoast.com\/product\/yoast-seo-wordpress\/ -->\n<title>Jorge Yorya &amp; Kike Garc\u00eda &amp; Antonio Lorente - Festival Cru\u00eflla<\/title>\n<meta name=\"robots\" content=\"index, follow, max-snippet:-1, max-image-preview:large, max-video-preview:-1\" \/>\n<link rel=\"canonical\" href=\"https:\/\/www.cruillabarcelona.cat\/es\/artists\/jorge-yorya-kike-garcia\/\" \/>\n<meta property=\"og:locale\" content=\"es_ES\" \/>\n<meta property=\"og:type\" content=\"article\" \/>\n<meta property=\"og:title\" content=\"Jorge Yorya &amp; Kike Garc\u00eda &amp; Antonio Lorente - Festival Cru\u00eflla\" \/>\n<meta property=\"og:description\" content=\"Kike Garc\u00eda en el Cru\u00eflla XXS Kike Garc\u00eda (Motilla del Palancar, 1957) es uno de los creadores de El Mundo Today, donde escribe art\u00edculos, y colabora [&hellip;]\" \/>\n<meta property=\"og:url\" content=\"https:\/\/www.cruillabarcelona.cat\/es\/artists\/jorge-yorya-kike-garcia\/\" \/>\n<meta property=\"og:site_name\" content=\"Festival Cru\u00eflla\" \/>\n<meta property=\"article:modified_time\" content=\"2020-07-27T14:27:42+00:00\" \/>\n<meta property=\"og:image\" content=\"https:\/\/www.cruillabarcelona.cat\/wp-content\/uploads\/2020\/06\/Foto-Kike-Garcia2-1.jpg\" \/>\n\t<meta property=\"og:image:width\" content=\"1690\" \/>\n\t<meta property=\"og:image:height\" content=\"1690\" \/>\n\t<meta property=\"og:image:type\" content=\"image\/jpeg\" \/>\n<meta name=\"twitter:card\" content=\"summary_large_image\" \/>\n<meta name=\"twitter:label1\" content=\"Tiempo de lectura\" \/>\n\t<meta name=\"twitter:data1\" content=\"1 minuto\" \/>\n<script type=\"application\/ld+json\" class=\"yoast-schema-graph\">{\"@context\":\"https:\\\/\\\/schema.org\",\"@graph\":[{\"@type\":\"WebPage\",\"@id\":\"https:\\\/\\\/www.cruillabarcelona.cat\\\/es\\\/artists\\\/jorge-yorya-kike-garcia\\\/\",\"url\":\"https:\\\/\\\/www.cruillabarcelona.cat\\\/es\\\/artists\\\/jorge-yorya-kike-garcia\\\/\",\"name\":\"Jorge Yorya & Kike Garc\u00eda & Antonio Lorente - Festival Cru\u00eflla\",\"isPartOf\":{\"@id\":\"https:\\\/\\\/www.cruillabarcelona.cat\\\/es\\\/#website\"},\"primaryImageOfPage\":{\"@id\":\"https:\\\/\\\/www.cruillabarcelona.cat\\\/es\\\/artists\\\/jorge-yorya-kike-garcia\\\/#primaryimage\"},\"image\":{\"@id\":\"https:\\\/\\\/www.cruillabarcelona.cat\\\/es\\\/artists\\\/jorge-yorya-kike-garcia\\\/#primaryimage\"},\"thumbnailUrl\":\"https:\\\/\\\/www.cruillabarcelona.cat\\\/wp-content\\\/uploads\\\/2020\\\/06\\\/Foto-Kike-Garcia2-1.jpg\",\"datePublished\":\"2020-06-10T11:02:20+00:00\",\"dateModified\":\"2020-07-27T14:27:42+00:00\",\"breadcrumb\":{\"@id\":\"https:\\\/\\\/www.cruillabarcelona.cat\\\/es\\\/artists\\\/jorge-yorya-kike-garcia\\\/#breadcrumb\"},\"inLanguage\":\"es\",\"potentialAction\":[{\"@type\":\"ReadAction\",\"target\":[\"https:\\\/\\\/www.cruillabarcelona.cat\\\/es\\\/artists\\\/jorge-yorya-kike-garcia\\\/\"]}]},{\"@type\":\"ImageObject\",\"inLanguage\":\"es\",\"@id\":\"https:\\\/\\\/www.cruillabarcelona.cat\\\/es\\\/artists\\\/jorge-yorya-kike-garcia\\\/#primaryimage\",\"url\":\"https:\\\/\\\/www.cruillabarcelona.cat\\\/wp-content\\\/uploads\\\/2020\\\/06\\\/Foto-Kike-Garcia2-1.jpg\",\"contentUrl\":\"https:\\\/\\\/www.cruillabarcelona.cat\\\/wp-content\\\/uploads\\\/2020\\\/06\\\/Foto-Kike-Garcia2-1.jpg\",\"width\":1690,\"height\":1690},{\"@type\":\"BreadcrumbList\",\"@id\":\"https:\\\/\\\/www.cruillabarcelona.cat\\\/es\\\/artists\\\/jorge-yorya-kike-garcia\\\/#breadcrumb\",\"itemListElement\":[{\"@type\":\"ListItem\",\"position\":1,\"name\":\"Home\",\"item\":\"https:\\\/\\\/www.cruillabarcelona.cat\\\/es\\\/\"},{\"@type\":\"ListItem\",\"position\":2,\"name\":\"Jorge Yorya &#038; Kike Garc\u00eda &#038; Antonio Lorente\"}]},{\"@type\":\"WebSite\",\"@id\":\"https:\\\/\\\/www.cruillabarcelona.cat\\\/es\\\/#website\",\"url\":\"https:\\\/\\\/www.cruillabarcelona.cat\\\/es\\\/\",\"name\":\"Festival Cru\u00eflla\",\"description\":\"\",\"publisher\":{\"@id\":\"https:\\\/\\\/www.cruillabarcelona.cat\\\/es\\\/#organization\"},\"potentialAction\":[{\"@type\":\"SearchAction\",\"target\":{\"@type\":\"EntryPoint\",\"urlTemplate\":\"https:\\\/\\\/www.cruillabarcelona.cat\\\/es\\\/?s={search_term_string}\"},\"query-input\":{\"@type\":\"PropertyValueSpecification\",\"valueRequired\":true,\"valueName\":\"search_term_string\"}}],\"inLanguage\":\"es\"},{\"@type\":\"Organization\",\"@id\":\"https:\\\/\\\/www.cruillabarcelona.cat\\\/es\\\/#organization\",\"name\":\"Festival Cru\u00eflla\",\"url\":\"https:\\\/\\\/www.cruillabarcelona.cat\\\/es\\\/\",\"logo\":{\"@type\":\"ImageObject\",\"inLanguage\":\"es\",\"@id\":\"https:\\\/\\\/www.cruillabarcelona.cat\\\/es\\\/#\\\/schema\\\/logo\\\/image\\\/\",\"url\":\"https:\\\/\\\/www.cruillabarcelona.cat\\\/wp-content\\\/uploads\\\/2025\\\/12\\\/cruill-logo-negativo.png\",\"contentUrl\":\"https:\\\/\\\/www.cruillabarcelona.cat\\\/wp-content\\\/uploads\\\/2025\\\/12\\\/cruill-logo-negativo.png\",\"width\":400,\"height\":101,\"caption\":\"Festival Cru\u00eflla\"},\"image\":{\"@id\":\"https:\\\/\\\/www.cruillabarcelona.cat\\\/es\\\/#\\\/schema\\\/logo\\\/image\\\/\"}}]}<\/script>\n<!-- \/ Yoast SEO plugin. -->","yoast_head_json":{"title":"Jorge Yorya & Kike Garc\u00eda & Antonio Lorente - Festival Cru\u00eflla","robots":{"index":"index","follow":"follow","max-snippet":"max-snippet:-1","max-image-preview":"max-image-preview:large","max-video-preview":"max-video-preview:-1"},"canonical":"https:\/\/www.cruillabarcelona.cat\/es\/artists\/jorge-yorya-kike-garcia\/","og_locale":"es_ES","og_type":"article","og_title":"Jorge Yorya & Kike Garc\u00eda & Antonio Lorente - Festival Cru\u00eflla","og_description":"Kike Garc\u00eda en el Cru\u00eflla XXS Kike Garc\u00eda (Motilla del Palancar, 1957) es uno de los creadores de El Mundo Today, donde escribe art\u00edculos, y colabora [&hellip;]","og_url":"https:\/\/www.cruillabarcelona.cat\/es\/artists\/jorge-yorya-kike-garcia\/","og_site_name":"Festival Cru\u00eflla","article_modified_time":"2020-07-27T14:27:42+00:00","og_image":[{"width":1690,"height":1690,"url":"https:\/\/www.cruillabarcelona.cat\/wp-content\/uploads\/2020\/06\/Foto-Kike-Garcia2-1.jpg","type":"image\/jpeg"}],"twitter_card":"summary_large_image","twitter_misc":{"Tiempo de lectura":"1 minuto"},"schema":{"@context":"https:\/\/schema.org","@graph":[{"@type":"WebPage","@id":"https:\/\/www.cruillabarcelona.cat\/es\/artists\/jorge-yorya-kike-garcia\/","url":"https:\/\/www.cruillabarcelona.cat\/es\/artists\/jorge-yorya-kike-garcia\/","name":"Jorge Yorya & Kike Garc\u00eda & Antonio Lorente - Festival Cru\u00eflla","isPartOf":{"@id":"https:\/\/www.cruillabarcelona.cat\/es\/#website"},"primaryImageOfPage":{"@id":"https:\/\/www.cruillabarcelona.cat\/es\/artists\/jorge-yorya-kike-garcia\/#primaryimage"},"image":{"@id":"https:\/\/www.cruillabarcelona.cat\/es\/artists\/jorge-yorya-kike-garcia\/#primaryimage"},"thumbnailUrl":"https:\/\/www.cruillabarcelona.cat\/wp-content\/uploads\/2020\/06\/Foto-Kike-Garcia2-1.jpg","datePublished":"2020-06-10T11:02:20+00:00","dateModified":"2020-07-27T14:27:42+00:00","breadcrumb":{"@id":"https:\/\/www.cruillabarcelona.cat\/es\/artists\/jorge-yorya-kike-garcia\/#breadcrumb"},"inLanguage":"es","potentialAction":[{"@type":"ReadAction","target":["https:\/\/www.cruillabarcelona.cat\/es\/artists\/jorge-yorya-kike-garcia\/"]}]},{"@type":"ImageObject","inLanguage":"es","@id":"https:\/\/www.cruillabarcelona.cat\/es\/artists\/jorge-yorya-kike-garcia\/#primaryimage","url":"https:\/\/www.cruillabarcelona.cat\/wp-content\/uploads\/2020\/06\/Foto-Kike-Garcia2-1.jpg","contentUrl":"https:\/\/www.cruillabarcelona.cat\/wp-content\/uploads\/2020\/06\/Foto-Kike-Garcia2-1.jpg","width":1690,"height":1690},{"@type":"BreadcrumbList","@id":"https:\/\/www.cruillabarcelona.cat\/es\/artists\/jorge-yorya-kike-garcia\/#breadcrumb","itemListElement":[{"@type":"ListItem","position":1,"name":"Home","item":"https:\/\/www.cruillabarcelona.cat\/es\/"},{"@type":"ListItem","position":2,"name":"Jorge Yorya &#038; Kike Garc\u00eda &#038; Antonio Lorente"}]},{"@type":"WebSite","@id":"https:\/\/www.cruillabarcelona.cat\/es\/#website","url":"https:\/\/www.cruillabarcelona.cat\/es\/","name":"Festival Cru\u00eflla","description":"","publisher":{"@id":"https:\/\/www.cruillabarcelona.cat\/es\/#organization"},"potentialAction":[{"@type":"SearchAction","target":{"@type":"EntryPoint","urlTemplate":"https:\/\/www.cruillabarcelona.cat\/es\/?s={search_term_string}"},"query-input":{"@type":"PropertyValueSpecification","valueRequired":true,"valueName":"search_term_string"}}],"inLanguage":"es"},{"@type":"Organization","@id":"https:\/\/www.cruillabarcelona.cat\/es\/#organization","name":"Festival Cru\u00eflla","url":"https:\/\/www.cruillabarcelona.cat\/es\/","logo":{"@type":"ImageObject","inLanguage":"es","@id":"https:\/\/www.cruillabarcelona.cat\/es\/#\/schema\/logo\/image\/","url":"https:\/\/www.cruillabarcelona.cat\/wp-content\/uploads\/2025\/12\/cruill-logo-negativo.png","contentUrl":"https:\/\/www.cruillabarcelona.cat\/wp-content\/uploads\/2025\/12\/cruill-logo-negativo.png","width":400,"height":101,"caption":"Festival Cru\u00eflla"},"image":{"@id":"https:\/\/www.cruillabarcelona.cat\/es\/#\/schema\/logo\/image\/"}}]}},"_links":{"self":[{"href":"https:\/\/www.cruillabarcelona.cat\/es\/wp-json\/wp\/v2\/artists\/32753","targetHints":{"allow":["GET"]}}],"collection":[{"href":"https:\/\/www.cruillabarcelona.cat\/es\/wp-json\/wp\/v2\/artists"}],"about":[{"href":"https:\/\/www.cruillabarcelona.cat\/es\/wp-json\/wp\/v2\/types\/artists"}],"acf:term":[{"embeddable":true,"taxonomy":"artists_location","href":"https:\/\/www.cruillabarcelona.cat\/es\/wp-json\/wp\/v2\/artists_location\/806"},{"embeddable":true,"taxonomy":"artists_edition","href":"https:\/\/www.cruillabarcelona.cat\/es\/wp-json\/wp\/v2\/artists_edition\/795"}],"wp:featuredmedia":[{"embeddable":true,"href":"https:\/\/www.cruillabarcelona.cat\/es\/wp-json\/wp\/v2\/media\/32751"}],"wp:attachment":[{"href":"https:\/\/www.cruillabarcelona.cat\/es\/wp-json\/wp\/v2\/media?parent=32753"}],"wp:term":[{"taxonomy":"artists_edition","embeddable":true,"href":"https:\/\/www.cruillabarcelona.cat\/es\/wp-json\/wp\/v2\/artists_edition?post=32753"}],"curies":[{"name":"wp","href":"https:\/\/api.w.org\/{rel}","templated":true}]}}