{"id":33754,"date":"2020-06-26T11:00:27","date_gmt":"2020-06-26T09:00:27","guid":{"rendered":"https:\/\/www.cruillabarcelona.cat\/?post_type=artists&#038;p=33754"},"modified":"2020-06-26T11:00:27","modified_gmt":"2020-06-26T09:00:27","slug":"barcelona-flamenco-ballet","status":"publish","type":"artists","link":"https:\/\/www.cruillabarcelona.cat\/es\/artists\/barcelona-flamenco-ballet\/","title":{"rendered":"Barcelona Flamenco Ballet &#8211; Atrapado en el tiempo"},"content":{"rendered":"<h2>Barcelona Flamenco Ballet &#8211; Atrapado en el tiempo en el Cru\u00eflla XXS<\/h2>\n<p>Barcelona se ha convertido en una capital m\u00e1s del flamenco, y muy especialmente de la danza flamenca. Ante la proliferaci\u00f3n de j\u00f3venes promesas en este arte, en 2019 naci\u00f3 la compa\u00f1\u00eda <strong>Barcelona Flamenco Ballet<\/strong> con el objetivo de <strong>amplificar el talento flamenco barcelon\u00e9s a nivel mundial<\/strong>.<\/p>\n<p>Ahora, la compa\u00f1\u00eda presenta <strong><em>Atrapado en el tiempo<\/em><\/strong>, una producci\u00f3n comercial del <em>bailaor<\/em> <strong>David Guti\u00e9rrez<\/strong>, que sube al escenario acompa\u00f1ado de <strong>una serie de bailarines y de 9 m\u00fasicos<\/strong>. Con composiciones musicales propias, todos ellos parten de la tradici\u00f3n m\u00e1s pura para marcar el camino de una nueva danza flamenca.<\/p>\n<ul>\n<li><strong>Fecha<\/strong>: Viernes 17 de julio a las 20:30h<\/li>\n<li><strong>Espacio<\/strong>: Teatre Vict\u00f2ria<\/li>\n<li><strong>Precio<\/strong>: 20\u20ac \/ Precio infantil: 5\u20ac<\/li>\n<\/ul>\n<hr \/>\n<p style=\"text-align: center;\"><strong>Compra aqu\u00ed tus entradas<\/strong><\/p>\n<p style=\"text-align: center;\"><a class=\"efsbutton button \" target=\"_blank\">ENTRADAS<\/a><\/p>\n<!-- auto-added video if acf\/single-artist-video not used  --> <iframe style=\"width: 100%;max-width: 100%;height: auto;aspect-ratio: 16 \/ 9;\" src=\"https:\/\/www.youtube-nocookie.com\/embed\/bSGlPcc0QoA\" frameborder=\"0\" allow=\"accelerometer; autoplay; encrypted-media; gyroscope; picture-in-picture\" allowfullscreen><\/iframe>","protected":false},"featured_media":33812,"template":"","meta":{"_acf_changed":false},"artists_edition":[795],"class_list":["post-33754","artists","type-artists","status-publish","has-post-thumbnail","hentry","artists_location-teatre-victoria","artists_edition-cruilla-xxs"],"acf":{"_thumbnail_id":33812,"youtube_player":"bSGlPcc0QoA","artist_edition":[795],"artist_date":"20200717","artist_time":"20:30","artist_time_2":"","artist_location":[803],"artist_ticket_url":"https:\/\/cruillaxxs.seetickets.com\/event\/barcelona-flamenco-ballet-cru-lla-xxs-\/teatro-victoria\/1578695","artist_ticket_status":"","artist_extra_date__show":false,"artist_extra_date_2":null,"artist_time_of_date2":"","artist_extra_date_3":null,"artist_time_of_date3":"","artist_extra_date_4":null,"artist_time_of_date4":"","artist_extra_date_5":null,"artist_time_of_date5":"","artist_date__show_month":true,"artist_sidebar_active":false,"show_in_agenda":false,"artist_sidebar__banner_img":null,"artist_sidebar__banner_link":"","artist_hero_content":"Cru\u00eflla XXS","artist_style":false,"artist_nationality":false,"artist_audience_age":false},"yoast_head":"<!-- This site is optimized with the Yoast SEO plugin v27.5 - https:\/\/yoast.com\/product\/yoast-seo-wordpress\/ -->\n<title>Concierto de Barcelona Flamenco Ballet en el Cru\u00eflla XXS, el 17 de julio en Barcelona<\/title>\n<meta name=\"description\" content=\"Compra entradas para el concierto de Barcelona Flamenco Ballet en el Cru\u00eflla XXS, el 17 de julio en el Teatre Vict\u00f2ria de Barcelona\" \/>\n<meta name=\"robots\" content=\"index, follow, max-snippet:-1, max-image-preview:large, max-video-preview:-1\" \/>\n<link rel=\"canonical\" href=\"https:\/\/www.cruillabarcelona.cat\/es\/artists\/barcelona-flamenco-ballet\/\" \/>\n<meta property=\"og:locale\" content=\"es_ES\" \/>\n<meta property=\"og:type\" content=\"article\" \/>\n<meta property=\"og:title\" content=\"Concierto de Barcelona Flamenco Ballet en el Cru\u00eflla XXS, el 17 de julio en Barcelona\" \/>\n<meta property=\"og:description\" content=\"Compra entradas para el concierto de Barcelona Flamenco Ballet en el Cru\u00eflla XXS, el 17 de julio en el Teatre Vict\u00f2ria de Barcelona\" \/>\n<meta property=\"og:url\" content=\"https:\/\/www.cruillabarcelona.cat\/es\/artists\/barcelona-flamenco-ballet\/\" \/>\n<meta property=\"og:site_name\" content=\"Festival Cru\u00eflla\" \/>\n<meta property=\"og:image\" content=\"https:\/\/www.cruillabarcelona.cat\/wp-content\/uploads\/2020\/06\/barcelona-flamenco-ballet.jpg\" \/>\n\t<meta property=\"og:image:width\" content=\"900\" \/>\n\t<meta property=\"og:image:height\" content=\"900\" \/>\n\t<meta property=\"og:image:type\" content=\"image\/jpeg\" \/>\n<meta name=\"twitter:card\" content=\"summary_large_image\" \/>\n<meta name=\"twitter:label1\" content=\"Tiempo de lectura\" \/>\n\t<meta name=\"twitter:data1\" content=\"1 minuto\" \/>\n<script type=\"application\/ld+json\" class=\"yoast-schema-graph\">{\"@context\":\"https:\\\/\\\/schema.org\",\"@graph\":[{\"@type\":\"WebPage\",\"@id\":\"https:\\\/\\\/www.cruillabarcelona.cat\\\/es\\\/artists\\\/barcelona-flamenco-ballet\\\/\",\"url\":\"https:\\\/\\\/www.cruillabarcelona.cat\\\/es\\\/artists\\\/barcelona-flamenco-ballet\\\/\",\"name\":\"Concierto de Barcelona Flamenco Ballet en el Cru\u00eflla XXS, el 17 de julio en Barcelona\",\"isPartOf\":{\"@id\":\"https:\\\/\\\/www.cruillabarcelona.cat\\\/es\\\/#website\"},\"primaryImageOfPage\":{\"@id\":\"https:\\\/\\\/www.cruillabarcelona.cat\\\/es\\\/artists\\\/barcelona-flamenco-ballet\\\/#primaryimage\"},\"image\":{\"@id\":\"https:\\\/\\\/www.cruillabarcelona.cat\\\/es\\\/artists\\\/barcelona-flamenco-ballet\\\/#primaryimage\"},\"thumbnailUrl\":\"https:\\\/\\\/www.cruillabarcelona.cat\\\/wp-content\\\/uploads\\\/2020\\\/06\\\/barcelona-flamenco-ballet.jpg\",\"datePublished\":\"2020-06-26T09:00:27+00:00\",\"description\":\"Compra entradas para el concierto de Barcelona Flamenco Ballet en el Cru\u00eflla XXS, el 17 de julio en el Teatre Vict\u00f2ria de Barcelona\",\"breadcrumb\":{\"@id\":\"https:\\\/\\\/www.cruillabarcelona.cat\\\/es\\\/artists\\\/barcelona-flamenco-ballet\\\/#breadcrumb\"},\"inLanguage\":\"es\",\"potentialAction\":[{\"@type\":\"ReadAction\",\"target\":[\"https:\\\/\\\/www.cruillabarcelona.cat\\\/es\\\/artists\\\/barcelona-flamenco-ballet\\\/\"]}]},{\"@type\":\"ImageObject\",\"inLanguage\":\"es\",\"@id\":\"https:\\\/\\\/www.cruillabarcelona.cat\\\/es\\\/artists\\\/barcelona-flamenco-ballet\\\/#primaryimage\",\"url\":\"https:\\\/\\\/www.cruillabarcelona.cat\\\/wp-content\\\/uploads\\\/2020\\\/06\\\/barcelona-flamenco-ballet.jpg\",\"contentUrl\":\"https:\\\/\\\/www.cruillabarcelona.cat\\\/wp-content\\\/uploads\\\/2020\\\/06\\\/barcelona-flamenco-ballet.jpg\",\"width\":900,\"height\":900},{\"@type\":\"BreadcrumbList\",\"@id\":\"https:\\\/\\\/www.cruillabarcelona.cat\\\/es\\\/artists\\\/barcelona-flamenco-ballet\\\/#breadcrumb\",\"itemListElement\":[{\"@type\":\"ListItem\",\"position\":1,\"name\":\"Home\",\"item\":\"https:\\\/\\\/www.cruillabarcelona.cat\\\/es\\\/\"},{\"@type\":\"ListItem\",\"position\":2,\"name\":\"Barcelona Flamenco Ballet &#8211; Atrapado en el tiempo\"}]},{\"@type\":\"WebSite\",\"@id\":\"https:\\\/\\\/www.cruillabarcelona.cat\\\/es\\\/#website\",\"url\":\"https:\\\/\\\/www.cruillabarcelona.cat\\\/es\\\/\",\"name\":\"Festival Cru\u00eflla\",\"description\":\"\",\"publisher\":{\"@id\":\"https:\\\/\\\/www.cruillabarcelona.cat\\\/es\\\/#organization\"},\"potentialAction\":[{\"@type\":\"SearchAction\",\"target\":{\"@type\":\"EntryPoint\",\"urlTemplate\":\"https:\\\/\\\/www.cruillabarcelona.cat\\\/es\\\/?s={search_term_string}\"},\"query-input\":{\"@type\":\"PropertyValueSpecification\",\"valueRequired\":true,\"valueName\":\"search_term_string\"}}],\"inLanguage\":\"es\"},{\"@type\":\"Organization\",\"@id\":\"https:\\\/\\\/www.cruillabarcelona.cat\\\/es\\\/#organization\",\"name\":\"Festival Cru\u00eflla\",\"url\":\"https:\\\/\\\/www.cruillabarcelona.cat\\\/es\\\/\",\"logo\":{\"@type\":\"ImageObject\",\"inLanguage\":\"es\",\"@id\":\"https:\\\/\\\/www.cruillabarcelona.cat\\\/es\\\/#\\\/schema\\\/logo\\\/image\\\/\",\"url\":\"https:\\\/\\\/www.cruillabarcelona.cat\\\/wp-content\\\/uploads\\\/2025\\\/12\\\/cruill-logo-negativo.png\",\"contentUrl\":\"https:\\\/\\\/www.cruillabarcelona.cat\\\/wp-content\\\/uploads\\\/2025\\\/12\\\/cruill-logo-negativo.png\",\"width\":400,\"height\":101,\"caption\":\"Festival Cru\u00eflla\"},\"image\":{\"@id\":\"https:\\\/\\\/www.cruillabarcelona.cat\\\/es\\\/#\\\/schema\\\/logo\\\/image\\\/\"}}]}<\/script>\n<!-- \/ Yoast SEO plugin. -->","yoast_head_json":{"title":"Concierto de Barcelona Flamenco Ballet en el Cru\u00eflla XXS, el 17 de julio en Barcelona","description":"Compra entradas para el concierto de Barcelona Flamenco Ballet en el Cru\u00eflla XXS, el 17 de julio en el Teatre Vict\u00f2ria de Barcelona","robots":{"index":"index","follow":"follow","max-snippet":"max-snippet:-1","max-image-preview":"max-image-preview:large","max-video-preview":"max-video-preview:-1"},"canonical":"https:\/\/www.cruillabarcelona.cat\/es\/artists\/barcelona-flamenco-ballet\/","og_locale":"es_ES","og_type":"article","og_title":"Concierto de Barcelona Flamenco Ballet en el Cru\u00eflla XXS, el 17 de julio en Barcelona","og_description":"Compra entradas para el concierto de Barcelona Flamenco Ballet en el Cru\u00eflla XXS, el 17 de julio en el Teatre Vict\u00f2ria de Barcelona","og_url":"https:\/\/www.cruillabarcelona.cat\/es\/artists\/barcelona-flamenco-ballet\/","og_site_name":"Festival Cru\u00eflla","og_image":[{"width":900,"height":900,"url":"https:\/\/www.cruillabarcelona.cat\/wp-content\/uploads\/2020\/06\/barcelona-flamenco-ballet.jpg","type":"image\/jpeg"}],"twitter_card":"summary_large_image","twitter_misc":{"Tiempo de lectura":"1 minuto"},"schema":{"@context":"https:\/\/schema.org","@graph":[{"@type":"WebPage","@id":"https:\/\/www.cruillabarcelona.cat\/es\/artists\/barcelona-flamenco-ballet\/","url":"https:\/\/www.cruillabarcelona.cat\/es\/artists\/barcelona-flamenco-ballet\/","name":"Concierto de Barcelona Flamenco Ballet en el Cru\u00eflla XXS, el 17 de julio en Barcelona","isPartOf":{"@id":"https:\/\/www.cruillabarcelona.cat\/es\/#website"},"primaryImageOfPage":{"@id":"https:\/\/www.cruillabarcelona.cat\/es\/artists\/barcelona-flamenco-ballet\/#primaryimage"},"image":{"@id":"https:\/\/www.cruillabarcelona.cat\/es\/artists\/barcelona-flamenco-ballet\/#primaryimage"},"thumbnailUrl":"https:\/\/www.cruillabarcelona.cat\/wp-content\/uploads\/2020\/06\/barcelona-flamenco-ballet.jpg","datePublished":"2020-06-26T09:00:27+00:00","description":"Compra entradas para el concierto de Barcelona Flamenco Ballet en el Cru\u00eflla XXS, el 17 de julio en el Teatre Vict\u00f2ria de Barcelona","breadcrumb":{"@id":"https:\/\/www.cruillabarcelona.cat\/es\/artists\/barcelona-flamenco-ballet\/#breadcrumb"},"inLanguage":"es","potentialAction":[{"@type":"ReadAction","target":["https:\/\/www.cruillabarcelona.cat\/es\/artists\/barcelona-flamenco-ballet\/"]}]},{"@type":"ImageObject","inLanguage":"es","@id":"https:\/\/www.cruillabarcelona.cat\/es\/artists\/barcelona-flamenco-ballet\/#primaryimage","url":"https:\/\/www.cruillabarcelona.cat\/wp-content\/uploads\/2020\/06\/barcelona-flamenco-ballet.jpg","contentUrl":"https:\/\/www.cruillabarcelona.cat\/wp-content\/uploads\/2020\/06\/barcelona-flamenco-ballet.jpg","width":900,"height":900},{"@type":"BreadcrumbList","@id":"https:\/\/www.cruillabarcelona.cat\/es\/artists\/barcelona-flamenco-ballet\/#breadcrumb","itemListElement":[{"@type":"ListItem","position":1,"name":"Home","item":"https:\/\/www.cruillabarcelona.cat\/es\/"},{"@type":"ListItem","position":2,"name":"Barcelona Flamenco Ballet &#8211; Atrapado en el tiempo"}]},{"@type":"WebSite","@id":"https:\/\/www.cruillabarcelona.cat\/es\/#website","url":"https:\/\/www.cruillabarcelona.cat\/es\/","name":"Festival Cru\u00eflla","description":"","publisher":{"@id":"https:\/\/www.cruillabarcelona.cat\/es\/#organization"},"potentialAction":[{"@type":"SearchAction","target":{"@type":"EntryPoint","urlTemplate":"https:\/\/www.cruillabarcelona.cat\/es\/?s={search_term_string}"},"query-input":{"@type":"PropertyValueSpecification","valueRequired":true,"valueName":"search_term_string"}}],"inLanguage":"es"},{"@type":"Organization","@id":"https:\/\/www.cruillabarcelona.cat\/es\/#organization","name":"Festival Cru\u00eflla","url":"https:\/\/www.cruillabarcelona.cat\/es\/","logo":{"@type":"ImageObject","inLanguage":"es","@id":"https:\/\/www.cruillabarcelona.cat\/es\/#\/schema\/logo\/image\/","url":"https:\/\/www.cruillabarcelona.cat\/wp-content\/uploads\/2025\/12\/cruill-logo-negativo.png","contentUrl":"https:\/\/www.cruillabarcelona.cat\/wp-content\/uploads\/2025\/12\/cruill-logo-negativo.png","width":400,"height":101,"caption":"Festival Cru\u00eflla"},"image":{"@id":"https:\/\/www.cruillabarcelona.cat\/es\/#\/schema\/logo\/image\/"}}]}},"_links":{"self":[{"href":"https:\/\/www.cruillabarcelona.cat\/es\/wp-json\/wp\/v2\/artists\/33754","targetHints":{"allow":["GET"]}}],"collection":[{"href":"https:\/\/www.cruillabarcelona.cat\/es\/wp-json\/wp\/v2\/artists"}],"about":[{"href":"https:\/\/www.cruillabarcelona.cat\/es\/wp-json\/wp\/v2\/types\/artists"}],"acf:term":[{"embeddable":true,"taxonomy":"artists_location","href":"https:\/\/www.cruillabarcelona.cat\/es\/wp-json\/wp\/v2\/artists_location\/803"},{"embeddable":true,"taxonomy":"artists_edition","href":"https:\/\/www.cruillabarcelona.cat\/es\/wp-json\/wp\/v2\/artists_edition\/795"}],"wp:featuredmedia":[{"embeddable":true,"href":"https:\/\/www.cruillabarcelona.cat\/es\/wp-json\/wp\/v2\/media\/33812"}],"wp:attachment":[{"href":"https:\/\/www.cruillabarcelona.cat\/es\/wp-json\/wp\/v2\/media?parent=33754"}],"wp:term":[{"taxonomy":"artists_edition","embeddable":true,"href":"https:\/\/www.cruillabarcelona.cat\/es\/wp-json\/wp\/v2\/artists_edition?post=33754"}],"curies":[{"name":"wp","href":"https:\/\/api.w.org\/{rel}","templated":true}]}}