{"id":33874,"date":"2020-06-25T18:42:19","date_gmt":"2020-06-25T16:42:19","guid":{"rendered":"https:\/\/www.cruillabarcelona.cat\/?post_type=artists&#038;p=33874"},"modified":"2020-07-21T16:47:19","modified_gmt":"2020-07-21T14:47:19","slug":"lyona-dj-amable","status":"publish","type":"artists","link":"https:\/\/www.cruillabarcelona.cat\/es\/artists\/lyona-dj-amable\/","title":{"rendered":"Lyona con DJ Amable"},"content":{"rendered":"<h2><span style=\"color: #ff0000;\">Espect\u00e1culo cancelado<\/span><\/h2>\n<p>Lamentablemente, este espect\u00e1culo ha sido cancelado. Si hab\u00edas adquirido una entrada, el importe se devolver\u00e1 autom\u00e1ticamente a la misma tarjeta que usaste durante la compra. \u00a1Disculpa las molestias!<\/p>\n<h2>Lyona con DJ Amable en el Cru\u00eflla XXS<\/h2>\n<p>La m\u00fasica tiene un gran <strong>poder visual<\/strong>: cada canci\u00f3n nos hace imaginar un universo completamente diferente. Entonces, \u00bfpor qu\u00e9 no hacer que estas im\u00e1genes cobren vida a trav\u00e9s del arte? En el <strong>Cru\u00eflla XXS<\/strong>, con la colaboraci\u00f3n de <strong>creatiBEty<\/strong>, hemos reunido <strong>a los mejores ilustradores del pa\u00eds<\/strong> para que dibujen en directo aquello que les evoca la m\u00fasica. Y no lo har\u00e1n con cualquier hilo musical, porque les acompa\u00f1ar\u00e1n con sus sesiones <strong>los DJs m\u00e1s populares de Razzmatazz<\/strong>.<\/p>\n<p>Este julio, <strong>la m\u00fasica nos entra por los ojos y por las orejas<\/strong>. Ven a vivir esta experiencia multi sensorial en el <strong>Disseny Hub de Barcelona<\/strong>.<\/p>\n<h3>Lyona<\/h3>\n<p>Directora de videoclips e ilustradora. Estas son las dos facetas con las que se describe <strong>Marta Puig, conocida en las redes como Lyona Ivanova<\/strong>. De hecho, de todas las artistas de este ciclo, es la que probablemente tenga un <strong>v\u00ednculo m\u00e1s estrecho con la m\u00fasica<\/strong> y, sobre todo, con uno de los grupos m\u00e1s cru\u00eflleros del panorama catal\u00e1n: <strong><em>Love of Lesbian<\/em><\/strong>. Concretamente, se encarg\u00f3 del dise\u00f1o gr\u00e1fico del disco \u201c1999\u201d y de dirigir siete de sus videoclips, adem\u00e1s de dibujar las ilustraciones del libro de Santi Balmes \u201cYo matar\u00e9 monstruos por ti\u201d. Y, el pr\u00f3ximo 23 de julio, <strong>volver\u00e1 a fusionar su arte con la m\u00fasica en el Cru\u00eflla XXS<\/strong>.<\/p>\n<p>Su estilo visual es muy caracter\u00edstico, con el <strong>predominio de colores pastel<\/strong> y con un <strong>dise\u00f1o de personajes tan particular<\/strong> que ya se ha vuelto claramente identificable en el entorno cultural.<\/p>\n<p>\u00c9chale un ojo a su obra: <a href=\"https:\/\/www.instagram.com\/lyona_ivanova\/\" target=\"_blank\" rel=\"noopener noreferrer\">@lyona_ivanova<\/a><\/p>\n<h3>DJ Amable<\/h3>\n<p>Hablando de artistas habituales del Cru\u00eflla, si hab\u00eda alguien que no pod\u00eda faltar en el Disseny Hub es DJ Amable. Probablemente, el <strong>DJ con una trayectoria m\u00e1s larga en la escena nocturna de Barcelona<\/strong>. Desde que empez\u00f3 su carrera en el 1985 en la sala Dip\u00f2sit Legal de Hospitalet de Llobregat, no ha parado. Actualmente, es el <strong>DJ residente de Razz Club<\/strong>, la sala principal de Razzmatazz, y, en todas sus sesiones, se nota que detr\u00e1s de los platos hay <strong>un aut\u00e9ntico profesional.<\/strong><\/p>\n<ul>\n<li><strong>Fecha<\/strong>: Jueves 23 de julio a las 21:00h<\/li>\n<li><strong>Espacio<\/strong>: Disseny Hub<\/li>\n<li><strong>Precio<\/strong>: 12\u20ac<\/li>\n<\/ul>\n","protected":false},"featured_media":33827,"template":"","meta":{"_acf_changed":false},"artists_edition":[795],"class_list":["post-33874","artists","type-artists","status-publish","has-post-thumbnail","hentry","artists_edition-cruilla-xxs"],"acf":{"_thumbnail_id":33827,"youtube_player":"","artist_edition":[795],"artist_date":"20200723","artist_time":"21:00","artist_time_2":"","artist_location":false,"artist_ticket_url":"","artist_ticket_status":"","artist_extra_date__show":false,"artist_extra_date_2":null,"artist_time_of_date2":"","artist_extra_date_3":null,"artist_time_of_date3":"","artist_extra_date_4":null,"artist_time_of_date4":"","artist_extra_date_5":null,"artist_time_of_date5":"","artist_date__show_month":true,"artist_sidebar_active":false,"show_in_agenda":false,"artist_sidebar__banner_img":null,"artist_sidebar__banner_link":"","artist_hero_content":"Cru\u00eflla XXS","artist_style":false,"artist_nationality":false,"artist_audience_age":false},"yoast_head":"<!-- This site is optimized with the Yoast SEO plugin v27.5 - https:\/\/yoast.com\/product\/yoast-seo-wordpress\/ -->\n<title>Concierto de Lyona con DJ Amable en el Cru\u00eflla XXS, el 23 de julio en Barcelona<\/title>\n<meta name=\"description\" content=\"Compra entradas para el concierto de Lyona con DJ Amable en el Cru\u00eflla XXS, el 23 de julio en el Disseny Hub de Barcelona\" \/>\n<meta name=\"robots\" content=\"index, follow, max-snippet:-1, max-image-preview:large, max-video-preview:-1\" \/>\n<link rel=\"canonical\" href=\"https:\/\/www.cruillabarcelona.cat\/es\/artists\/lyona-dj-amable\/\" \/>\n<meta property=\"og:locale\" content=\"es_ES\" \/>\n<meta property=\"og:type\" content=\"article\" \/>\n<meta property=\"og:title\" content=\"Concierto de Lyona con DJ Amable en el Cru\u00eflla XXS, el 23 de julio en Barcelona\" \/>\n<meta property=\"og:description\" content=\"Compra entradas para el concierto de Lyona con DJ Amable en el Cru\u00eflla XXS, el 23 de julio en el Disseny Hub de Barcelona\" \/>\n<meta property=\"og:url\" content=\"https:\/\/www.cruillabarcelona.cat\/es\/artists\/lyona-dj-amable\/\" \/>\n<meta property=\"og:site_name\" content=\"Festival Cru\u00eflla\" \/>\n<meta property=\"article:modified_time\" content=\"2020-07-21T14:47:19+00:00\" \/>\n<meta property=\"og:image\" content=\"https:\/\/www.cruillabarcelona.cat\/wp-content\/uploads\/2020\/06\/Lyona-con-Dj-Amable.jpg\" \/>\n\t<meta property=\"og:image:width\" content=\"1200\" \/>\n\t<meta property=\"og:image:height\" content=\"1200\" \/>\n\t<meta property=\"og:image:type\" content=\"image\/jpeg\" \/>\n<meta name=\"twitter:card\" content=\"summary_large_image\" \/>\n<meta name=\"twitter:label1\" content=\"Tiempo de lectura\" \/>\n\t<meta name=\"twitter:data1\" content=\"2 minutos\" \/>\n<script type=\"application\/ld+json\" class=\"yoast-schema-graph\">{\"@context\":\"https:\\\/\\\/schema.org\",\"@graph\":[{\"@type\":\"WebPage\",\"@id\":\"https:\\\/\\\/www.cruillabarcelona.cat\\\/es\\\/artists\\\/lyona-dj-amable\\\/\",\"url\":\"https:\\\/\\\/www.cruillabarcelona.cat\\\/es\\\/artists\\\/lyona-dj-amable\\\/\",\"name\":\"Concierto de Lyona con DJ Amable en el Cru\u00eflla XXS, el 23 de julio en Barcelona\",\"isPartOf\":{\"@id\":\"https:\\\/\\\/www.cruillabarcelona.cat\\\/es\\\/#website\"},\"primaryImageOfPage\":{\"@id\":\"https:\\\/\\\/www.cruillabarcelona.cat\\\/es\\\/artists\\\/lyona-dj-amable\\\/#primaryimage\"},\"image\":{\"@id\":\"https:\\\/\\\/www.cruillabarcelona.cat\\\/es\\\/artists\\\/lyona-dj-amable\\\/#primaryimage\"},\"thumbnailUrl\":\"https:\\\/\\\/www.cruillabarcelona.cat\\\/wp-content\\\/uploads\\\/2020\\\/06\\\/Lyona-con-Dj-Amable.jpg\",\"datePublished\":\"2020-06-25T16:42:19+00:00\",\"dateModified\":\"2020-07-21T14:47:19+00:00\",\"description\":\"Compra entradas para el concierto de Lyona con DJ Amable en el Cru\u00eflla XXS, el 23 de julio en el Disseny Hub de Barcelona\",\"breadcrumb\":{\"@id\":\"https:\\\/\\\/www.cruillabarcelona.cat\\\/es\\\/artists\\\/lyona-dj-amable\\\/#breadcrumb\"},\"inLanguage\":\"es\",\"potentialAction\":[{\"@type\":\"ReadAction\",\"target\":[\"https:\\\/\\\/www.cruillabarcelona.cat\\\/es\\\/artists\\\/lyona-dj-amable\\\/\"]}]},{\"@type\":\"ImageObject\",\"inLanguage\":\"es\",\"@id\":\"https:\\\/\\\/www.cruillabarcelona.cat\\\/es\\\/artists\\\/lyona-dj-amable\\\/#primaryimage\",\"url\":\"https:\\\/\\\/www.cruillabarcelona.cat\\\/wp-content\\\/uploads\\\/2020\\\/06\\\/Lyona-con-Dj-Amable.jpg\",\"contentUrl\":\"https:\\\/\\\/www.cruillabarcelona.cat\\\/wp-content\\\/uploads\\\/2020\\\/06\\\/Lyona-con-Dj-Amable.jpg\",\"width\":1200,\"height\":1200},{\"@type\":\"BreadcrumbList\",\"@id\":\"https:\\\/\\\/www.cruillabarcelona.cat\\\/es\\\/artists\\\/lyona-dj-amable\\\/#breadcrumb\",\"itemListElement\":[{\"@type\":\"ListItem\",\"position\":1,\"name\":\"Home\",\"item\":\"https:\\\/\\\/www.cruillabarcelona.cat\\\/es\\\/\"},{\"@type\":\"ListItem\",\"position\":2,\"name\":\"Lyona con DJ Amable\"}]},{\"@type\":\"WebSite\",\"@id\":\"https:\\\/\\\/www.cruillabarcelona.cat\\\/es\\\/#website\",\"url\":\"https:\\\/\\\/www.cruillabarcelona.cat\\\/es\\\/\",\"name\":\"Festival Cru\u00eflla\",\"description\":\"\",\"publisher\":{\"@id\":\"https:\\\/\\\/www.cruillabarcelona.cat\\\/es\\\/#organization\"},\"potentialAction\":[{\"@type\":\"SearchAction\",\"target\":{\"@type\":\"EntryPoint\",\"urlTemplate\":\"https:\\\/\\\/www.cruillabarcelona.cat\\\/es\\\/?s={search_term_string}\"},\"query-input\":{\"@type\":\"PropertyValueSpecification\",\"valueRequired\":true,\"valueName\":\"search_term_string\"}}],\"inLanguage\":\"es\"},{\"@type\":\"Organization\",\"@id\":\"https:\\\/\\\/www.cruillabarcelona.cat\\\/es\\\/#organization\",\"name\":\"Festival Cru\u00eflla\",\"url\":\"https:\\\/\\\/www.cruillabarcelona.cat\\\/es\\\/\",\"logo\":{\"@type\":\"ImageObject\",\"inLanguage\":\"es\",\"@id\":\"https:\\\/\\\/www.cruillabarcelona.cat\\\/es\\\/#\\\/schema\\\/logo\\\/image\\\/\",\"url\":\"https:\\\/\\\/www.cruillabarcelona.cat\\\/wp-content\\\/uploads\\\/2025\\\/12\\\/cruill-logo-negativo.png\",\"contentUrl\":\"https:\\\/\\\/www.cruillabarcelona.cat\\\/wp-content\\\/uploads\\\/2025\\\/12\\\/cruill-logo-negativo.png\",\"width\":400,\"height\":101,\"caption\":\"Festival Cru\u00eflla\"},\"image\":{\"@id\":\"https:\\\/\\\/www.cruillabarcelona.cat\\\/es\\\/#\\\/schema\\\/logo\\\/image\\\/\"}}]}<\/script>\n<!-- \/ Yoast SEO plugin. -->","yoast_head_json":{"title":"Concierto de Lyona con DJ Amable en el Cru\u00eflla XXS, el 23 de julio en Barcelona","description":"Compra entradas para el concierto de Lyona con DJ Amable en el Cru\u00eflla XXS, el 23 de julio en el Disseny Hub de Barcelona","robots":{"index":"index","follow":"follow","max-snippet":"max-snippet:-1","max-image-preview":"max-image-preview:large","max-video-preview":"max-video-preview:-1"},"canonical":"https:\/\/www.cruillabarcelona.cat\/es\/artists\/lyona-dj-amable\/","og_locale":"es_ES","og_type":"article","og_title":"Concierto de Lyona con DJ Amable en el Cru\u00eflla XXS, el 23 de julio en Barcelona","og_description":"Compra entradas para el concierto de Lyona con DJ Amable en el Cru\u00eflla XXS, el 23 de julio en el Disseny Hub de Barcelona","og_url":"https:\/\/www.cruillabarcelona.cat\/es\/artists\/lyona-dj-amable\/","og_site_name":"Festival Cru\u00eflla","article_modified_time":"2020-07-21T14:47:19+00:00","og_image":[{"width":1200,"height":1200,"url":"https:\/\/www.cruillabarcelona.cat\/wp-content\/uploads\/2020\/06\/Lyona-con-Dj-Amable.jpg","type":"image\/jpeg"}],"twitter_card":"summary_large_image","twitter_misc":{"Tiempo de lectura":"2 minutos"},"schema":{"@context":"https:\/\/schema.org","@graph":[{"@type":"WebPage","@id":"https:\/\/www.cruillabarcelona.cat\/es\/artists\/lyona-dj-amable\/","url":"https:\/\/www.cruillabarcelona.cat\/es\/artists\/lyona-dj-amable\/","name":"Concierto de Lyona con DJ Amable en el Cru\u00eflla XXS, el 23 de julio en Barcelona","isPartOf":{"@id":"https:\/\/www.cruillabarcelona.cat\/es\/#website"},"primaryImageOfPage":{"@id":"https:\/\/www.cruillabarcelona.cat\/es\/artists\/lyona-dj-amable\/#primaryimage"},"image":{"@id":"https:\/\/www.cruillabarcelona.cat\/es\/artists\/lyona-dj-amable\/#primaryimage"},"thumbnailUrl":"https:\/\/www.cruillabarcelona.cat\/wp-content\/uploads\/2020\/06\/Lyona-con-Dj-Amable.jpg","datePublished":"2020-06-25T16:42:19+00:00","dateModified":"2020-07-21T14:47:19+00:00","description":"Compra entradas para el concierto de Lyona con DJ Amable en el Cru\u00eflla XXS, el 23 de julio en el Disseny Hub de Barcelona","breadcrumb":{"@id":"https:\/\/www.cruillabarcelona.cat\/es\/artists\/lyona-dj-amable\/#breadcrumb"},"inLanguage":"es","potentialAction":[{"@type":"ReadAction","target":["https:\/\/www.cruillabarcelona.cat\/es\/artists\/lyona-dj-amable\/"]}]},{"@type":"ImageObject","inLanguage":"es","@id":"https:\/\/www.cruillabarcelona.cat\/es\/artists\/lyona-dj-amable\/#primaryimage","url":"https:\/\/www.cruillabarcelona.cat\/wp-content\/uploads\/2020\/06\/Lyona-con-Dj-Amable.jpg","contentUrl":"https:\/\/www.cruillabarcelona.cat\/wp-content\/uploads\/2020\/06\/Lyona-con-Dj-Amable.jpg","width":1200,"height":1200},{"@type":"BreadcrumbList","@id":"https:\/\/www.cruillabarcelona.cat\/es\/artists\/lyona-dj-amable\/#breadcrumb","itemListElement":[{"@type":"ListItem","position":1,"name":"Home","item":"https:\/\/www.cruillabarcelona.cat\/es\/"},{"@type":"ListItem","position":2,"name":"Lyona con DJ Amable"}]},{"@type":"WebSite","@id":"https:\/\/www.cruillabarcelona.cat\/es\/#website","url":"https:\/\/www.cruillabarcelona.cat\/es\/","name":"Festival Cru\u00eflla","description":"","publisher":{"@id":"https:\/\/www.cruillabarcelona.cat\/es\/#organization"},"potentialAction":[{"@type":"SearchAction","target":{"@type":"EntryPoint","urlTemplate":"https:\/\/www.cruillabarcelona.cat\/es\/?s={search_term_string}"},"query-input":{"@type":"PropertyValueSpecification","valueRequired":true,"valueName":"search_term_string"}}],"inLanguage":"es"},{"@type":"Organization","@id":"https:\/\/www.cruillabarcelona.cat\/es\/#organization","name":"Festival Cru\u00eflla","url":"https:\/\/www.cruillabarcelona.cat\/es\/","logo":{"@type":"ImageObject","inLanguage":"es","@id":"https:\/\/www.cruillabarcelona.cat\/es\/#\/schema\/logo\/image\/","url":"https:\/\/www.cruillabarcelona.cat\/wp-content\/uploads\/2025\/12\/cruill-logo-negativo.png","contentUrl":"https:\/\/www.cruillabarcelona.cat\/wp-content\/uploads\/2025\/12\/cruill-logo-negativo.png","width":400,"height":101,"caption":"Festival Cru\u00eflla"},"image":{"@id":"https:\/\/www.cruillabarcelona.cat\/es\/#\/schema\/logo\/image\/"}}]}},"_links":{"self":[{"href":"https:\/\/www.cruillabarcelona.cat\/es\/wp-json\/wp\/v2\/artists\/33874","targetHints":{"allow":["GET"]}}],"collection":[{"href":"https:\/\/www.cruillabarcelona.cat\/es\/wp-json\/wp\/v2\/artists"}],"about":[{"href":"https:\/\/www.cruillabarcelona.cat\/es\/wp-json\/wp\/v2\/types\/artists"}],"acf:term":[{"embeddable":true,"taxonomy":"artists_edition","href":"https:\/\/www.cruillabarcelona.cat\/es\/wp-json\/wp\/v2\/artists_edition\/795"}],"wp:featuredmedia":[{"embeddable":true,"href":"https:\/\/www.cruillabarcelona.cat\/es\/wp-json\/wp\/v2\/media\/33827"}],"wp:attachment":[{"href":"https:\/\/www.cruillabarcelona.cat\/es\/wp-json\/wp\/v2\/media?parent=33874"}],"wp:term":[{"taxonomy":"artists_edition","embeddable":true,"href":"https:\/\/www.cruillabarcelona.cat\/es\/wp-json\/wp\/v2\/artists_edition?post=33874"}],"curies":[{"name":"wp","href":"https:\/\/api.w.org\/{rel}","templated":true}]}}