{"id":34096,"date":"2020-06-30T13:26:03","date_gmt":"2020-06-30T11:26:03","guid":{"rendered":"https:\/\/www.cruillabarcelona.cat\/?post_type=artists&#038;p=34096"},"modified":"2020-06-30T13:26:03","modified_gmt":"2020-06-30T11:26:03","slug":"carlos-cros","status":"publish","type":"artists","link":"https:\/\/www.cruillabarcelona.cat\/es\/artists\/carlos-cros\/","title":{"rendered":"Carlos Cros"},"content":{"rendered":"<h2>Carlos Cros en el Cru\u00eflla XXS<\/h2>\n<p>Carlos Cros utiliza la m\u00fasica para <strong>hablar de la vida<\/strong>. S\u00ed, ya sabemos que eso es lo que hacen todos los artistas, pero \u00e9l tiene <strong>una habilidad especial para crear im\u00e1genes concretas y universales<\/strong>. Habla del amor real (con sus cosas buenas y malas) y de los problemas cotidianos, pero con una visi\u00f3n muy particular.<\/p>\n<p>La mayor\u00eda de los artistas escriben letras con las que te puedes identificar, pero Carlos Cros parece que <strong>escriba sobre ti<\/strong> y, adem\u00e1s, con las palabras que tu utilizar\u00edas. Su voluntad es <strong>reflejar la miserable vida diaria, pero con el filtro m\u00e1gico de sus canciones<\/strong>. Y, oye, \u00a1las desgracias con un poco de m\u00fasica siempre suenan mucho mejor!<\/p>\n<ul>\n<li><strong>Fecha<\/strong>: Mi\u00e9rcoles 22 de julio a las 21h<\/li>\n<li><strong>Espacio<\/strong>: Jard\u00ed del Museu Mar\u00edtim<\/li>\n<li><strong>Precio<\/strong>: 12\u20ac<\/li>\n<\/ul>\n<hr \/>\n<p style=\"text-align: center;\"><strong>Compra aqu\u00ed tus entradas<\/strong><\/p>\n<p style=\"text-align: center;\"><a class=\"efsbutton button \" target=\"_blank\">ENTRADAS<\/a><\/p>\n<!-- auto-added video if acf\/single-artist-video not used  --> <iframe style=\"width: 100%;max-width: 100%;height: auto;aspect-ratio: 16 \/ 9;\" src=\"https:\/\/www.youtube-nocookie.com\/embed\/8XOVl6aAG5s\" frameborder=\"0\" allow=\"accelerometer; autoplay; encrypted-media; gyroscope; picture-in-picture\" allowfullscreen><\/iframe>","protected":false},"featured_media":34111,"template":"","meta":{"_acf_changed":false},"artists_edition":[795],"class_list":["post-34096","artists","type-artists","status-publish","has-post-thumbnail","hentry","artists_location-museu-maritim","artists_edition-cruilla-xxs"],"acf":{"_thumbnail_id":34111,"youtube_player":"8XOVl6aAG5s","artist_edition":[795],"artist_date":"20200722","artist_time":"21:00","artist_time_2":"","artist_location":[806],"artist_ticket_url":"https:\/\/cruillaxxs.seetickets.com\/event\/carlos-cros-cru-lla-xxs-\/museu-mar-tim\/1582207","artist_ticket_status":"","artist_extra_date__show":false,"artist_extra_date_2":null,"artist_time_of_date2":"","artist_extra_date_3":null,"artist_time_of_date3":"","artist_extra_date_4":null,"artist_time_of_date4":"","artist_extra_date_5":null,"artist_time_of_date5":"","artist_date__show_month":true,"artist_sidebar_active":false,"show_in_agenda":false,"artist_sidebar__banner_img":null,"artist_sidebar__banner_link":"","artist_hero_content":"Cru\u00eflla XXS","artist_style":false,"artist_nationality":false,"artist_audience_age":false},"yoast_head":"<!-- This site is optimized with the Yoast SEO plugin v27.5 - https:\/\/yoast.com\/product\/yoast-seo-wordpress\/ -->\n<title>Concierto de Carlos Cros en el Cru\u00eflla XXS, el 22 de julio en Barcelona<\/title>\n<meta name=\"description\" content=\"Compra entradas para el concierto de Carlos Cros en el Cru\u00eflla XXS, el 22 de julio en el Jard\u00ed del Museu Mar\u00edtim de Barcelona\" \/>\n<meta name=\"robots\" content=\"index, follow, max-snippet:-1, max-image-preview:large, max-video-preview:-1\" \/>\n<link rel=\"canonical\" href=\"https:\/\/www.cruillabarcelona.cat\/es\/artists\/carlos-cros\/\" \/>\n<meta property=\"og:locale\" content=\"es_ES\" \/>\n<meta property=\"og:type\" content=\"article\" \/>\n<meta property=\"og:title\" content=\"Concierto de Carlos Cros en el Cru\u00eflla XXS, el 22 de julio en Barcelona\" \/>\n<meta property=\"og:description\" content=\"Compra entradas para el concierto de Carlos Cros en el Cru\u00eflla XXS, el 22 de julio en el Jard\u00ed del Museu Mar\u00edtim de Barcelona\" \/>\n<meta property=\"og:url\" content=\"https:\/\/www.cruillabarcelona.cat\/es\/artists\/carlos-cros\/\" \/>\n<meta property=\"og:site_name\" content=\"Festival Cru\u00eflla\" \/>\n<meta property=\"og:image\" content=\"https:\/\/www.cruillabarcelona.cat\/wp-content\/uploads\/2020\/06\/foto-Cros-nueva-1.jpg\" \/>\n\t<meta property=\"og:image:width\" content=\"982\" \/>\n\t<meta property=\"og:image:height\" content=\"982\" \/>\n\t<meta property=\"og:image:type\" content=\"image\/jpeg\" \/>\n<meta name=\"twitter:card\" content=\"summary_large_image\" \/>\n<meta name=\"twitter:label1\" content=\"Tiempo de lectura\" \/>\n\t<meta name=\"twitter:data1\" content=\"1 minuto\" \/>\n<script type=\"application\/ld+json\" class=\"yoast-schema-graph\">{\"@context\":\"https:\\\/\\\/schema.org\",\"@graph\":[{\"@type\":\"WebPage\",\"@id\":\"https:\\\/\\\/www.cruillabarcelona.cat\\\/es\\\/artists\\\/carlos-cros\\\/\",\"url\":\"https:\\\/\\\/www.cruillabarcelona.cat\\\/es\\\/artists\\\/carlos-cros\\\/\",\"name\":\"Concierto de Carlos Cros en el Cru\u00eflla XXS, el 22 de julio en Barcelona\",\"isPartOf\":{\"@id\":\"https:\\\/\\\/www.cruillabarcelona.cat\\\/es\\\/#website\"},\"primaryImageOfPage\":{\"@id\":\"https:\\\/\\\/www.cruillabarcelona.cat\\\/es\\\/artists\\\/carlos-cros\\\/#primaryimage\"},\"image\":{\"@id\":\"https:\\\/\\\/www.cruillabarcelona.cat\\\/es\\\/artists\\\/carlos-cros\\\/#primaryimage\"},\"thumbnailUrl\":\"https:\\\/\\\/www.cruillabarcelona.cat\\\/wp-content\\\/uploads\\\/2020\\\/06\\\/foto-Cros-nueva-1.jpg\",\"datePublished\":\"2020-06-30T11:26:03+00:00\",\"description\":\"Compra entradas para el concierto de Carlos Cros en el Cru\u00eflla XXS, el 22 de julio en el Jard\u00ed del Museu Mar\u00edtim de Barcelona\",\"breadcrumb\":{\"@id\":\"https:\\\/\\\/www.cruillabarcelona.cat\\\/es\\\/artists\\\/carlos-cros\\\/#breadcrumb\"},\"inLanguage\":\"es\",\"potentialAction\":[{\"@type\":\"ReadAction\",\"target\":[\"https:\\\/\\\/www.cruillabarcelona.cat\\\/es\\\/artists\\\/carlos-cros\\\/\"]}]},{\"@type\":\"ImageObject\",\"inLanguage\":\"es\",\"@id\":\"https:\\\/\\\/www.cruillabarcelona.cat\\\/es\\\/artists\\\/carlos-cros\\\/#primaryimage\",\"url\":\"https:\\\/\\\/www.cruillabarcelona.cat\\\/wp-content\\\/uploads\\\/2020\\\/06\\\/foto-Cros-nueva-1.jpg\",\"contentUrl\":\"https:\\\/\\\/www.cruillabarcelona.cat\\\/wp-content\\\/uploads\\\/2020\\\/06\\\/foto-Cros-nueva-1.jpg\",\"width\":982,\"height\":982},{\"@type\":\"BreadcrumbList\",\"@id\":\"https:\\\/\\\/www.cruillabarcelona.cat\\\/es\\\/artists\\\/carlos-cros\\\/#breadcrumb\",\"itemListElement\":[{\"@type\":\"ListItem\",\"position\":1,\"name\":\"Home\",\"item\":\"https:\\\/\\\/www.cruillabarcelona.cat\\\/es\\\/\"},{\"@type\":\"ListItem\",\"position\":2,\"name\":\"Carlos Cros\"}]},{\"@type\":\"WebSite\",\"@id\":\"https:\\\/\\\/www.cruillabarcelona.cat\\\/es\\\/#website\",\"url\":\"https:\\\/\\\/www.cruillabarcelona.cat\\\/es\\\/\",\"name\":\"Festival Cru\u00eflla\",\"description\":\"\",\"publisher\":{\"@id\":\"https:\\\/\\\/www.cruillabarcelona.cat\\\/es\\\/#organization\"},\"potentialAction\":[{\"@type\":\"SearchAction\",\"target\":{\"@type\":\"EntryPoint\",\"urlTemplate\":\"https:\\\/\\\/www.cruillabarcelona.cat\\\/es\\\/?s={search_term_string}\"},\"query-input\":{\"@type\":\"PropertyValueSpecification\",\"valueRequired\":true,\"valueName\":\"search_term_string\"}}],\"inLanguage\":\"es\"},{\"@type\":\"Organization\",\"@id\":\"https:\\\/\\\/www.cruillabarcelona.cat\\\/es\\\/#organization\",\"name\":\"Festival Cru\u00eflla\",\"url\":\"https:\\\/\\\/www.cruillabarcelona.cat\\\/es\\\/\",\"logo\":{\"@type\":\"ImageObject\",\"inLanguage\":\"es\",\"@id\":\"https:\\\/\\\/www.cruillabarcelona.cat\\\/es\\\/#\\\/schema\\\/logo\\\/image\\\/\",\"url\":\"https:\\\/\\\/www.cruillabarcelona.cat\\\/wp-content\\\/uploads\\\/2025\\\/12\\\/cruill-logo-negativo.png\",\"contentUrl\":\"https:\\\/\\\/www.cruillabarcelona.cat\\\/wp-content\\\/uploads\\\/2025\\\/12\\\/cruill-logo-negativo.png\",\"width\":400,\"height\":101,\"caption\":\"Festival Cru\u00eflla\"},\"image\":{\"@id\":\"https:\\\/\\\/www.cruillabarcelona.cat\\\/es\\\/#\\\/schema\\\/logo\\\/image\\\/\"}}]}<\/script>\n<!-- \/ Yoast SEO plugin. -->","yoast_head_json":{"title":"Concierto de Carlos Cros en el Cru\u00eflla XXS, el 22 de julio en Barcelona","description":"Compra entradas para el concierto de Carlos Cros en el Cru\u00eflla XXS, el 22 de julio en el Jard\u00ed del Museu Mar\u00edtim de Barcelona","robots":{"index":"index","follow":"follow","max-snippet":"max-snippet:-1","max-image-preview":"max-image-preview:large","max-video-preview":"max-video-preview:-1"},"canonical":"https:\/\/www.cruillabarcelona.cat\/es\/artists\/carlos-cros\/","og_locale":"es_ES","og_type":"article","og_title":"Concierto de Carlos Cros en el Cru\u00eflla XXS, el 22 de julio en Barcelona","og_description":"Compra entradas para el concierto de Carlos Cros en el Cru\u00eflla XXS, el 22 de julio en el Jard\u00ed del Museu Mar\u00edtim de Barcelona","og_url":"https:\/\/www.cruillabarcelona.cat\/es\/artists\/carlos-cros\/","og_site_name":"Festival Cru\u00eflla","og_image":[{"width":982,"height":982,"url":"https:\/\/www.cruillabarcelona.cat\/wp-content\/uploads\/2020\/06\/foto-Cros-nueva-1.jpg","type":"image\/jpeg"}],"twitter_card":"summary_large_image","twitter_misc":{"Tiempo de lectura":"1 minuto"},"schema":{"@context":"https:\/\/schema.org","@graph":[{"@type":"WebPage","@id":"https:\/\/www.cruillabarcelona.cat\/es\/artists\/carlos-cros\/","url":"https:\/\/www.cruillabarcelona.cat\/es\/artists\/carlos-cros\/","name":"Concierto de Carlos Cros en el Cru\u00eflla XXS, el 22 de julio en Barcelona","isPartOf":{"@id":"https:\/\/www.cruillabarcelona.cat\/es\/#website"},"primaryImageOfPage":{"@id":"https:\/\/www.cruillabarcelona.cat\/es\/artists\/carlos-cros\/#primaryimage"},"image":{"@id":"https:\/\/www.cruillabarcelona.cat\/es\/artists\/carlos-cros\/#primaryimage"},"thumbnailUrl":"https:\/\/www.cruillabarcelona.cat\/wp-content\/uploads\/2020\/06\/foto-Cros-nueva-1.jpg","datePublished":"2020-06-30T11:26:03+00:00","description":"Compra entradas para el concierto de Carlos Cros en el Cru\u00eflla XXS, el 22 de julio en el Jard\u00ed del Museu Mar\u00edtim de Barcelona","breadcrumb":{"@id":"https:\/\/www.cruillabarcelona.cat\/es\/artists\/carlos-cros\/#breadcrumb"},"inLanguage":"es","potentialAction":[{"@type":"ReadAction","target":["https:\/\/www.cruillabarcelona.cat\/es\/artists\/carlos-cros\/"]}]},{"@type":"ImageObject","inLanguage":"es","@id":"https:\/\/www.cruillabarcelona.cat\/es\/artists\/carlos-cros\/#primaryimage","url":"https:\/\/www.cruillabarcelona.cat\/wp-content\/uploads\/2020\/06\/foto-Cros-nueva-1.jpg","contentUrl":"https:\/\/www.cruillabarcelona.cat\/wp-content\/uploads\/2020\/06\/foto-Cros-nueva-1.jpg","width":982,"height":982},{"@type":"BreadcrumbList","@id":"https:\/\/www.cruillabarcelona.cat\/es\/artists\/carlos-cros\/#breadcrumb","itemListElement":[{"@type":"ListItem","position":1,"name":"Home","item":"https:\/\/www.cruillabarcelona.cat\/es\/"},{"@type":"ListItem","position":2,"name":"Carlos Cros"}]},{"@type":"WebSite","@id":"https:\/\/www.cruillabarcelona.cat\/es\/#website","url":"https:\/\/www.cruillabarcelona.cat\/es\/","name":"Festival Cru\u00eflla","description":"","publisher":{"@id":"https:\/\/www.cruillabarcelona.cat\/es\/#organization"},"potentialAction":[{"@type":"SearchAction","target":{"@type":"EntryPoint","urlTemplate":"https:\/\/www.cruillabarcelona.cat\/es\/?s={search_term_string}"},"query-input":{"@type":"PropertyValueSpecification","valueRequired":true,"valueName":"search_term_string"}}],"inLanguage":"es"},{"@type":"Organization","@id":"https:\/\/www.cruillabarcelona.cat\/es\/#organization","name":"Festival Cru\u00eflla","url":"https:\/\/www.cruillabarcelona.cat\/es\/","logo":{"@type":"ImageObject","inLanguage":"es","@id":"https:\/\/www.cruillabarcelona.cat\/es\/#\/schema\/logo\/image\/","url":"https:\/\/www.cruillabarcelona.cat\/wp-content\/uploads\/2025\/12\/cruill-logo-negativo.png","contentUrl":"https:\/\/www.cruillabarcelona.cat\/wp-content\/uploads\/2025\/12\/cruill-logo-negativo.png","width":400,"height":101,"caption":"Festival Cru\u00eflla"},"image":{"@id":"https:\/\/www.cruillabarcelona.cat\/es\/#\/schema\/logo\/image\/"}}]}},"_links":{"self":[{"href":"https:\/\/www.cruillabarcelona.cat\/es\/wp-json\/wp\/v2\/artists\/34096","targetHints":{"allow":["GET"]}}],"collection":[{"href":"https:\/\/www.cruillabarcelona.cat\/es\/wp-json\/wp\/v2\/artists"}],"about":[{"href":"https:\/\/www.cruillabarcelona.cat\/es\/wp-json\/wp\/v2\/types\/artists"}],"acf:term":[{"embeddable":true,"taxonomy":"artists_location","href":"https:\/\/www.cruillabarcelona.cat\/es\/wp-json\/wp\/v2\/artists_location\/806"},{"embeddable":true,"taxonomy":"artists_edition","href":"https:\/\/www.cruillabarcelona.cat\/es\/wp-json\/wp\/v2\/artists_edition\/795"}],"wp:featuredmedia":[{"embeddable":true,"href":"https:\/\/www.cruillabarcelona.cat\/es\/wp-json\/wp\/v2\/media\/34111"}],"wp:attachment":[{"href":"https:\/\/www.cruillabarcelona.cat\/es\/wp-json\/wp\/v2\/media?parent=34096"}],"wp:term":[{"taxonomy":"artists_edition","embeddable":true,"href":"https:\/\/www.cruillabarcelona.cat\/es\/wp-json\/wp\/v2\/artists_edition?post=34096"}],"curies":[{"name":"wp","href":"https:\/\/api.w.org\/{rel}","templated":true}]}}