{"id":34457,"date":"2020-07-13T09:56:17","date_gmt":"2020-07-13T07:56:17","guid":{"rendered":"https:\/\/www.cruillabarcelona.cat\/?post_type=artists&#038;p=34457"},"modified":"2020-07-13T09:56:17","modified_gmt":"2020-07-13T07:56:17","slug":"el-columpio-asesino","status":"publish","type":"artists","link":"https:\/\/www.cruillabarcelona.cat\/es\/artists\/el-columpio-asesino\/","title":{"rendered":"El Columpio Asesino"},"content":{"rendered":"<h2>El Columpio Asesino en el Cru\u00eflla XXS<\/h2>\n<p><strong>Cinco a\u00f1os se han hecho eternos sin la m\u00fasica de El Columpio Asesino<\/strong>. Pero el pasado mes de febrero, un lustro despu\u00e9s de su \u00faltimo trabajo de estudio, nos dejaron alucinados con su nuevo disco. <em><strong>Ataque Celeste <\/strong><\/em>mantiene su <strong>esencia electr\u00f3nica<\/strong> y la mezcla con algunos elementos de otros g\u00e9neros como <strong>el <em>krautrock<\/em> o el pop<\/strong>. As\u00ed que puede que la espera haya valido la pena.<\/p>\n<p>Eso s\u00ed, el viraje hacia sonidos m\u00e1s cercanos al pop no les ha hecho perder su se\u00f1a de identidad: <strong>un sonido psicod\u00e9lico<\/strong> que navega con extrema precisi\u00f3n <strong>entre la belleza y la oscuridad<\/strong>. Una combinaci\u00f3n que resulta tremendamente cautivadora des del primer momento que la escuchas.<\/p>\n<p>Prep\u00e1rate para recibir el impacto porque, este julio, <strong>\u00a1El Columpio Asesino dirigir\u00e1 su <em>Ataque Celeste<\/em> directamente al Cru\u00eflla XXS!<\/strong><\/p>\n<ul>\n<li><strong>Fecha<\/strong>: S\u00e1bado 1 de agosto a las 21h<\/li>\n<li><strong>Espacio<\/strong>: Poble Espanyol<\/li>\n<li><strong>Precio<\/strong>: De 20 a 25\u20ac<\/li>\n<\/ul>\n<hr \/>\n<p style=\"text-align: center;\"><strong>Compra aqu\u00ed tus entradas<\/strong><\/p>\n<p style=\"text-align: center;\"><a class=\"efsbutton button \" target=\"_blank\">ENTRADAS<\/a><\/p>\n<!-- auto-added video if acf\/single-artist-video not used  --> <iframe style=\"width: 100%;max-width: 100%;height: auto;aspect-ratio: 16 \/ 9;\" src=\"https:\/\/www.youtube-nocookie.com\/embed\/EHJtOrvbmao\" frameborder=\"0\" allow=\"accelerometer; autoplay; encrypted-media; gyroscope; picture-in-picture\" allowfullscreen><\/iframe>","protected":false},"featured_media":34478,"template":"","meta":{"_acf_changed":false},"artists_edition":[795],"class_list":["post-34457","artists","type-artists","status-publish","has-post-thumbnail","hentry","artists_location-poble-espanyol","artists_edition-cruilla-xxs"],"acf":{"_thumbnail_id":34478,"youtube_player":"EHJtOrvbmao","artist_edition":[795],"artist_date":"20200801","artist_time":"21:00","artist_time_2":"","artist_location":[731],"artist_ticket_url":"https:\/\/cruillaxxs.seetickets.com\/event\/el-columpio-asesino-cru-lla-xxs-\/poble-espanyol\/1585039","artist_ticket_status":"","artist_extra_date__show":false,"artist_extra_date_2":null,"artist_time_of_date2":"","artist_extra_date_3":null,"artist_time_of_date3":"","artist_extra_date_4":null,"artist_time_of_date4":"","artist_extra_date_5":null,"artist_time_of_date5":"","artist_date__show_month":true,"artist_sidebar_active":false,"show_in_agenda":false,"artist_sidebar__banner_img":null,"artist_sidebar__banner_link":"","artist_hero_content":"Cru\u00eflla XXS","artist_style":false,"artist_nationality":false,"artist_audience_age":false},"yoast_head":"<!-- This site is optimized with the Yoast SEO plugin v27.5 - https:\/\/yoast.com\/product\/yoast-seo-wordpress\/ -->\n<title>Concierto de El Columpio Asesino en el Cru\u00eflla XXS, el 1 de agosto en Barcelona<\/title>\n<meta name=\"description\" content=\"Compra entradas para el concierto de El Columpio Asesino en el Cru\u00eflla XXS, el 1 de agosto en el Poble Espanyol de Barcelona\" \/>\n<meta name=\"robots\" content=\"index, follow, max-snippet:-1, max-image-preview:large, max-video-preview:-1\" \/>\n<link rel=\"canonical\" href=\"https:\/\/www.cruillabarcelona.cat\/es\/artists\/el-columpio-asesino\/\" \/>\n<meta property=\"og:locale\" content=\"es_ES\" \/>\n<meta property=\"og:type\" content=\"article\" \/>\n<meta property=\"og:title\" content=\"Concierto de El Columpio Asesino en el Cru\u00eflla XXS, el 1 de agosto en Barcelona\" \/>\n<meta property=\"og:description\" content=\"Compra entradas para el concierto de El Columpio Asesino en el Cru\u00eflla XXS, el 1 de agosto en el Poble Espanyol de Barcelona\" \/>\n<meta property=\"og:url\" content=\"https:\/\/www.cruillabarcelona.cat\/es\/artists\/el-columpio-asesino\/\" \/>\n<meta property=\"og:site_name\" content=\"Festival Cru\u00eflla\" \/>\n<meta property=\"og:image\" content=\"https:\/\/www.cruillabarcelona.cat\/wp-content\/uploads\/2020\/07\/El-Columpio-Asesino-Promo-Huir-2019_byMikelMuruzabal-1.jpg\" \/>\n\t<meta property=\"og:image:width\" content=\"1020\" \/>\n\t<meta property=\"og:image:height\" content=\"1020\" \/>\n\t<meta property=\"og:image:type\" content=\"image\/jpeg\" \/>\n<meta name=\"twitter:card\" content=\"summary_large_image\" \/>\n<meta name=\"twitter:label1\" content=\"Tiempo de lectura\" \/>\n\t<meta name=\"twitter:data1\" content=\"1 minuto\" \/>\n<script type=\"application\/ld+json\" class=\"yoast-schema-graph\">{\"@context\":\"https:\\\/\\\/schema.org\",\"@graph\":[{\"@type\":\"WebPage\",\"@id\":\"https:\\\/\\\/www.cruillabarcelona.cat\\\/es\\\/artists\\\/el-columpio-asesino\\\/\",\"url\":\"https:\\\/\\\/www.cruillabarcelona.cat\\\/es\\\/artists\\\/el-columpio-asesino\\\/\",\"name\":\"Concierto de El Columpio Asesino en el Cru\u00eflla XXS, el 1 de agosto en Barcelona\",\"isPartOf\":{\"@id\":\"https:\\\/\\\/www.cruillabarcelona.cat\\\/es\\\/#website\"},\"primaryImageOfPage\":{\"@id\":\"https:\\\/\\\/www.cruillabarcelona.cat\\\/es\\\/artists\\\/el-columpio-asesino\\\/#primaryimage\"},\"image\":{\"@id\":\"https:\\\/\\\/www.cruillabarcelona.cat\\\/es\\\/artists\\\/el-columpio-asesino\\\/#primaryimage\"},\"thumbnailUrl\":\"https:\\\/\\\/www.cruillabarcelona.cat\\\/wp-content\\\/uploads\\\/2020\\\/07\\\/El-Columpio-Asesino-Promo-Huir-2019_byMikelMuruzabal-1.jpg\",\"datePublished\":\"2020-07-13T07:56:17+00:00\",\"description\":\"Compra entradas para el concierto de El Columpio Asesino en el Cru\u00eflla XXS, el 1 de agosto en el Poble Espanyol de Barcelona\",\"breadcrumb\":{\"@id\":\"https:\\\/\\\/www.cruillabarcelona.cat\\\/es\\\/artists\\\/el-columpio-asesino\\\/#breadcrumb\"},\"inLanguage\":\"es\",\"potentialAction\":[{\"@type\":\"ReadAction\",\"target\":[\"https:\\\/\\\/www.cruillabarcelona.cat\\\/es\\\/artists\\\/el-columpio-asesino\\\/\"]}]},{\"@type\":\"ImageObject\",\"inLanguage\":\"es\",\"@id\":\"https:\\\/\\\/www.cruillabarcelona.cat\\\/es\\\/artists\\\/el-columpio-asesino\\\/#primaryimage\",\"url\":\"https:\\\/\\\/www.cruillabarcelona.cat\\\/wp-content\\\/uploads\\\/2020\\\/07\\\/El-Columpio-Asesino-Promo-Huir-2019_byMikelMuruzabal-1.jpg\",\"contentUrl\":\"https:\\\/\\\/www.cruillabarcelona.cat\\\/wp-content\\\/uploads\\\/2020\\\/07\\\/El-Columpio-Asesino-Promo-Huir-2019_byMikelMuruzabal-1.jpg\",\"width\":1020,\"height\":1020},{\"@type\":\"BreadcrumbList\",\"@id\":\"https:\\\/\\\/www.cruillabarcelona.cat\\\/es\\\/artists\\\/el-columpio-asesino\\\/#breadcrumb\",\"itemListElement\":[{\"@type\":\"ListItem\",\"position\":1,\"name\":\"Home\",\"item\":\"https:\\\/\\\/www.cruillabarcelona.cat\\\/es\\\/\"},{\"@type\":\"ListItem\",\"position\":2,\"name\":\"El Columpio Asesino\"}]},{\"@type\":\"WebSite\",\"@id\":\"https:\\\/\\\/www.cruillabarcelona.cat\\\/es\\\/#website\",\"url\":\"https:\\\/\\\/www.cruillabarcelona.cat\\\/es\\\/\",\"name\":\"Festival Cru\u00eflla\",\"description\":\"\",\"publisher\":{\"@id\":\"https:\\\/\\\/www.cruillabarcelona.cat\\\/es\\\/#organization\"},\"potentialAction\":[{\"@type\":\"SearchAction\",\"target\":{\"@type\":\"EntryPoint\",\"urlTemplate\":\"https:\\\/\\\/www.cruillabarcelona.cat\\\/es\\\/?s={search_term_string}\"},\"query-input\":{\"@type\":\"PropertyValueSpecification\",\"valueRequired\":true,\"valueName\":\"search_term_string\"}}],\"inLanguage\":\"es\"},{\"@type\":\"Organization\",\"@id\":\"https:\\\/\\\/www.cruillabarcelona.cat\\\/es\\\/#organization\",\"name\":\"Festival Cru\u00eflla\",\"url\":\"https:\\\/\\\/www.cruillabarcelona.cat\\\/es\\\/\",\"logo\":{\"@type\":\"ImageObject\",\"inLanguage\":\"es\",\"@id\":\"https:\\\/\\\/www.cruillabarcelona.cat\\\/es\\\/#\\\/schema\\\/logo\\\/image\\\/\",\"url\":\"https:\\\/\\\/www.cruillabarcelona.cat\\\/wp-content\\\/uploads\\\/2025\\\/12\\\/cruill-logo-negativo.png\",\"contentUrl\":\"https:\\\/\\\/www.cruillabarcelona.cat\\\/wp-content\\\/uploads\\\/2025\\\/12\\\/cruill-logo-negativo.png\",\"width\":400,\"height\":101,\"caption\":\"Festival Cru\u00eflla\"},\"image\":{\"@id\":\"https:\\\/\\\/www.cruillabarcelona.cat\\\/es\\\/#\\\/schema\\\/logo\\\/image\\\/\"}}]}<\/script>\n<!-- \/ Yoast SEO plugin. -->","yoast_head_json":{"title":"Concierto de El Columpio Asesino en el Cru\u00eflla XXS, el 1 de agosto en Barcelona","description":"Compra entradas para el concierto de El Columpio Asesino en el Cru\u00eflla XXS, el 1 de agosto en el Poble Espanyol de Barcelona","robots":{"index":"index","follow":"follow","max-snippet":"max-snippet:-1","max-image-preview":"max-image-preview:large","max-video-preview":"max-video-preview:-1"},"canonical":"https:\/\/www.cruillabarcelona.cat\/es\/artists\/el-columpio-asesino\/","og_locale":"es_ES","og_type":"article","og_title":"Concierto de El Columpio Asesino en el Cru\u00eflla XXS, el 1 de agosto en Barcelona","og_description":"Compra entradas para el concierto de El Columpio Asesino en el Cru\u00eflla XXS, el 1 de agosto en el Poble Espanyol de Barcelona","og_url":"https:\/\/www.cruillabarcelona.cat\/es\/artists\/el-columpio-asesino\/","og_site_name":"Festival Cru\u00eflla","og_image":[{"width":1020,"height":1020,"url":"https:\/\/www.cruillabarcelona.cat\/wp-content\/uploads\/2020\/07\/El-Columpio-Asesino-Promo-Huir-2019_byMikelMuruzabal-1.jpg","type":"image\/jpeg"}],"twitter_card":"summary_large_image","twitter_misc":{"Tiempo de lectura":"1 minuto"},"schema":{"@context":"https:\/\/schema.org","@graph":[{"@type":"WebPage","@id":"https:\/\/www.cruillabarcelona.cat\/es\/artists\/el-columpio-asesino\/","url":"https:\/\/www.cruillabarcelona.cat\/es\/artists\/el-columpio-asesino\/","name":"Concierto de El Columpio Asesino en el Cru\u00eflla XXS, el 1 de agosto en Barcelona","isPartOf":{"@id":"https:\/\/www.cruillabarcelona.cat\/es\/#website"},"primaryImageOfPage":{"@id":"https:\/\/www.cruillabarcelona.cat\/es\/artists\/el-columpio-asesino\/#primaryimage"},"image":{"@id":"https:\/\/www.cruillabarcelona.cat\/es\/artists\/el-columpio-asesino\/#primaryimage"},"thumbnailUrl":"https:\/\/www.cruillabarcelona.cat\/wp-content\/uploads\/2020\/07\/El-Columpio-Asesino-Promo-Huir-2019_byMikelMuruzabal-1.jpg","datePublished":"2020-07-13T07:56:17+00:00","description":"Compra entradas para el concierto de El Columpio Asesino en el Cru\u00eflla XXS, el 1 de agosto en el Poble Espanyol de Barcelona","breadcrumb":{"@id":"https:\/\/www.cruillabarcelona.cat\/es\/artists\/el-columpio-asesino\/#breadcrumb"},"inLanguage":"es","potentialAction":[{"@type":"ReadAction","target":["https:\/\/www.cruillabarcelona.cat\/es\/artists\/el-columpio-asesino\/"]}]},{"@type":"ImageObject","inLanguage":"es","@id":"https:\/\/www.cruillabarcelona.cat\/es\/artists\/el-columpio-asesino\/#primaryimage","url":"https:\/\/www.cruillabarcelona.cat\/wp-content\/uploads\/2020\/07\/El-Columpio-Asesino-Promo-Huir-2019_byMikelMuruzabal-1.jpg","contentUrl":"https:\/\/www.cruillabarcelona.cat\/wp-content\/uploads\/2020\/07\/El-Columpio-Asesino-Promo-Huir-2019_byMikelMuruzabal-1.jpg","width":1020,"height":1020},{"@type":"BreadcrumbList","@id":"https:\/\/www.cruillabarcelona.cat\/es\/artists\/el-columpio-asesino\/#breadcrumb","itemListElement":[{"@type":"ListItem","position":1,"name":"Home","item":"https:\/\/www.cruillabarcelona.cat\/es\/"},{"@type":"ListItem","position":2,"name":"El Columpio Asesino"}]},{"@type":"WebSite","@id":"https:\/\/www.cruillabarcelona.cat\/es\/#website","url":"https:\/\/www.cruillabarcelona.cat\/es\/","name":"Festival Cru\u00eflla","description":"","publisher":{"@id":"https:\/\/www.cruillabarcelona.cat\/es\/#organization"},"potentialAction":[{"@type":"SearchAction","target":{"@type":"EntryPoint","urlTemplate":"https:\/\/www.cruillabarcelona.cat\/es\/?s={search_term_string}"},"query-input":{"@type":"PropertyValueSpecification","valueRequired":true,"valueName":"search_term_string"}}],"inLanguage":"es"},{"@type":"Organization","@id":"https:\/\/www.cruillabarcelona.cat\/es\/#organization","name":"Festival Cru\u00eflla","url":"https:\/\/www.cruillabarcelona.cat\/es\/","logo":{"@type":"ImageObject","inLanguage":"es","@id":"https:\/\/www.cruillabarcelona.cat\/es\/#\/schema\/logo\/image\/","url":"https:\/\/www.cruillabarcelona.cat\/wp-content\/uploads\/2025\/12\/cruill-logo-negativo.png","contentUrl":"https:\/\/www.cruillabarcelona.cat\/wp-content\/uploads\/2025\/12\/cruill-logo-negativo.png","width":400,"height":101,"caption":"Festival Cru\u00eflla"},"image":{"@id":"https:\/\/www.cruillabarcelona.cat\/es\/#\/schema\/logo\/image\/"}}]}},"_links":{"self":[{"href":"https:\/\/www.cruillabarcelona.cat\/es\/wp-json\/wp\/v2\/artists\/34457","targetHints":{"allow":["GET"]}}],"collection":[{"href":"https:\/\/www.cruillabarcelona.cat\/es\/wp-json\/wp\/v2\/artists"}],"about":[{"href":"https:\/\/www.cruillabarcelona.cat\/es\/wp-json\/wp\/v2\/types\/artists"}],"acf:term":[{"embeddable":true,"taxonomy":"artists_location","href":"https:\/\/www.cruillabarcelona.cat\/es\/wp-json\/wp\/v2\/artists_location\/731"},{"embeddable":true,"taxonomy":"artists_edition","href":"https:\/\/www.cruillabarcelona.cat\/es\/wp-json\/wp\/v2\/artists_edition\/795"}],"wp:featuredmedia":[{"embeddable":true,"href":"https:\/\/www.cruillabarcelona.cat\/es\/wp-json\/wp\/v2\/media\/34478"}],"wp:attachment":[{"href":"https:\/\/www.cruillabarcelona.cat\/es\/wp-json\/wp\/v2\/media?parent=34457"}],"wp:term":[{"taxonomy":"artists_edition","embeddable":true,"href":"https:\/\/www.cruillabarcelona.cat\/es\/wp-json\/wp\/v2\/artists_edition?post=34457"}],"curies":[{"name":"wp","href":"https:\/\/api.w.org\/{rel}","templated":true}]}}