{"id":36500,"date":"2021-04-14T12:00:16","date_gmt":"2021-04-14T10:00:16","guid":{"rendered":"https:\/\/www.cruillabarcelona.cat\/?post_type=artists&#038;p=36500"},"modified":"2021-04-19T15:09:49","modified_gmt":"2021-04-19T13:09:49","slug":"maren","status":"publish","type":"artists","link":"https:\/\/www.cruillabarcelona.cat\/es\/artists\/maren\/","title":{"rendered":"Maren"},"content":{"rendered":"<h2>Concierto de Maren en el Cru\u00eflla XXS 2021<\/h2>\n<p><strong>Maren<\/strong> es la definici\u00f3n de una artista polivalente. Con s\u00f3lo 11 a\u00f1os comenz\u00f3 a escribir sus primeras canciones. Al 2018, con 14 a\u00f1os, public\u00f3 su primer EP, <strong>Alguien sin verg\u00fcenza<\/strong>, con cinco canciones compuestas y escritas por ella misma en ingl\u00e9s, castellano y euskera.<\/p>\n<p>Despu\u00e9s de sacar su \u00faltimo single grabado y producido \u00edntegramente por ella misma en casa, <strong>Te invito a mi piscina (para matarte)<\/strong>, <strong>Maren<\/strong> contin\u00faa trabajando en su nuevo disco, que ver\u00e1 la luz en abril de 2021. Al mismo tiempo , prepara una gira que nos har\u00e1 vibrar con letras exquisitas y una personalidad \u00fanica sobre el escenario.<\/p>\n<p>Ven al <strong>Cru\u00eflla XXS<\/strong> a ver a tus artistas favoritos, con aforo limitado y distancia de seguridad, pero <strong>con toda la emoci\u00f3n de los grandes conciertos<\/strong>.<\/p>\n<hr \/>\n<p><strong>Precio<\/strong>: 15\u20ac + gastos de gesti\u00f3n.<\/p>\n<p style=\"text-align: center;\"><a class=\"efsbutton button \" target=\"_blank\">ENTRADAS<\/a><\/p>\n<!-- auto-added video if acf\/single-artist-video not used  --> <iframe style=\"width: 100%;max-width: 100%;height: auto;aspect-ratio: 16 \/ 9;\" src=\"https:\/\/www.youtube-nocookie.com\/embed\/lNWbVV4Bpgc\" frameborder=\"0\" allow=\"accelerometer; autoplay; encrypted-media; gyroscope; picture-in-picture\" allowfullscreen><\/iframe>","protected":false},"featured_media":36311,"template":"","meta":{"_acf_changed":false},"artists_edition":[833],"class_list":["post-36500","artists","type-artists","status-publish","has-post-thumbnail","hentry","artists_location-fabrica-estrelladamm","artists_edition-xxs-2021"],"acf":{"_thumbnail_id":36311,"youtube_player":"lNWbVV4Bpgc","artist_edition":[833],"artist_date":"20210612","artist_time":"20:00","artist_time_2":"19:30","artist_location":[832],"artist_ticket_url":"https:\/\/cruillaxxs.seetickets.com\/event\/maren-cru-lla-xxs\/antiga-f-brica-estrella-damm\/1834284?lang=es-ES&_ga=2.164555517.392823890.1618335276-1086802713.1613665591","artist_ticket_status":"","artist_extra_date__show":false,"artist_extra_date_2":null,"artist_time_of_date2":"","artist_extra_date_3":null,"artist_time_of_date3":"","artist_extra_date_4":null,"artist_time_of_date4":"","artist_extra_date_5":null,"artist_time_of_date5":"","artist_date__show_month":true,"artist_sidebar_active":false,"show_in_agenda":false,"artist_sidebar__banner_img":null,"artist_sidebar__banner_link":"","artist_hero_content":"Cru\u00eflla XXS 2021","artist_style":false,"artist_nationality":false,"artist_audience_age":false},"yoast_head":"<!-- This site is optimized with the Yoast SEO plugin v27.5 - https:\/\/yoast.com\/product\/yoast-seo-wordpress\/ -->\n<title>Concierto de Maren, 12 de junio del 2021 en la F\u00e0brica Estrella Damm<\/title>\n<meta name=\"description\" content=\"Compra entradas per al concert de Maren en el Cru\u00eflla XXS, el 12 de junio del 2021 en la Antiga F\u00e0brica Estrella Damm de Barcelona\" \/>\n<meta name=\"robots\" content=\"index, follow, max-snippet:-1, max-image-preview:large, max-video-preview:-1\" \/>\n<link rel=\"canonical\" href=\"https:\/\/www.cruillabarcelona.cat\/es\/artists\/maren\/\" \/>\n<meta property=\"og:locale\" content=\"es_ES\" \/>\n<meta property=\"og:type\" content=\"article\" \/>\n<meta property=\"og:title\" content=\"Concierto de Maren, 12 de junio del 2021 en la F\u00e0brica Estrella Damm\" \/>\n<meta property=\"og:description\" content=\"Compra entradas per al concert de Maren en el Cru\u00eflla XXS, el 12 de junio del 2021 en la Antiga F\u00e0brica Estrella Damm de Barcelona\" \/>\n<meta property=\"og:url\" content=\"https:\/\/www.cruillabarcelona.cat\/es\/artists\/maren\/\" \/>\n<meta property=\"og:site_name\" content=\"Festival Cru\u00eflla\" \/>\n<meta property=\"article:modified_time\" content=\"2021-04-19T13:09:49+00:00\" \/>\n<meta property=\"og:image\" content=\"https:\/\/www.cruillabarcelona.cat\/wp-content\/uploads\/2021\/04\/FOTO-PROMO-DISCO-autora-Beatriz-Berzosa-1.jpg\" \/>\n\t<meta property=\"og:image:width\" content=\"602\" \/>\n\t<meta property=\"og:image:height\" content=\"602\" \/>\n\t<meta property=\"og:image:type\" content=\"image\/jpeg\" \/>\n<meta name=\"twitter:card\" content=\"summary_large_image\" \/>\n<meta name=\"twitter:label1\" content=\"Tiempo de lectura\" \/>\n\t<meta name=\"twitter:data1\" content=\"1 minuto\" \/>\n<script type=\"application\/ld+json\" class=\"yoast-schema-graph\">{\"@context\":\"https:\\\/\\\/schema.org\",\"@graph\":[{\"@type\":\"WebPage\",\"@id\":\"https:\\\/\\\/www.cruillabarcelona.cat\\\/es\\\/artists\\\/maren\\\/\",\"url\":\"https:\\\/\\\/www.cruillabarcelona.cat\\\/es\\\/artists\\\/maren\\\/\",\"name\":\"Concierto de Maren, 12 de junio del 2021 en la F\u00e0brica Estrella Damm\",\"isPartOf\":{\"@id\":\"https:\\\/\\\/www.cruillabarcelona.cat\\\/es\\\/#website\"},\"primaryImageOfPage\":{\"@id\":\"https:\\\/\\\/www.cruillabarcelona.cat\\\/es\\\/artists\\\/maren\\\/#primaryimage\"},\"image\":{\"@id\":\"https:\\\/\\\/www.cruillabarcelona.cat\\\/es\\\/artists\\\/maren\\\/#primaryimage\"},\"thumbnailUrl\":\"https:\\\/\\\/www.cruillabarcelona.cat\\\/wp-content\\\/uploads\\\/2021\\\/04\\\/FOTO-PROMO-DISCO-autora-Beatriz-Berzosa-1.jpg\",\"datePublished\":\"2021-04-14T10:00:16+00:00\",\"dateModified\":\"2021-04-19T13:09:49+00:00\",\"description\":\"Compra entradas per al concert de Maren en el Cru\u00eflla XXS, el 12 de junio del 2021 en la Antiga F\u00e0brica Estrella Damm de Barcelona\",\"breadcrumb\":{\"@id\":\"https:\\\/\\\/www.cruillabarcelona.cat\\\/es\\\/artists\\\/maren\\\/#breadcrumb\"},\"inLanguage\":\"es\",\"potentialAction\":[{\"@type\":\"ReadAction\",\"target\":[\"https:\\\/\\\/www.cruillabarcelona.cat\\\/es\\\/artists\\\/maren\\\/\"]}]},{\"@type\":\"ImageObject\",\"inLanguage\":\"es\",\"@id\":\"https:\\\/\\\/www.cruillabarcelona.cat\\\/es\\\/artists\\\/maren\\\/#primaryimage\",\"url\":\"https:\\\/\\\/www.cruillabarcelona.cat\\\/wp-content\\\/uploads\\\/2021\\\/04\\\/FOTO-PROMO-DISCO-autora-Beatriz-Berzosa-1.jpg\",\"contentUrl\":\"https:\\\/\\\/www.cruillabarcelona.cat\\\/wp-content\\\/uploads\\\/2021\\\/04\\\/FOTO-PROMO-DISCO-autora-Beatriz-Berzosa-1.jpg\",\"width\":602,\"height\":602},{\"@type\":\"BreadcrumbList\",\"@id\":\"https:\\\/\\\/www.cruillabarcelona.cat\\\/es\\\/artists\\\/maren\\\/#breadcrumb\",\"itemListElement\":[{\"@type\":\"ListItem\",\"position\":1,\"name\":\"Home\",\"item\":\"https:\\\/\\\/www.cruillabarcelona.cat\\\/es\\\/\"},{\"@type\":\"ListItem\",\"position\":2,\"name\":\"Maren\"}]},{\"@type\":\"WebSite\",\"@id\":\"https:\\\/\\\/www.cruillabarcelona.cat\\\/es\\\/#website\",\"url\":\"https:\\\/\\\/www.cruillabarcelona.cat\\\/es\\\/\",\"name\":\"Festival Cru\u00eflla\",\"description\":\"\",\"publisher\":{\"@id\":\"https:\\\/\\\/www.cruillabarcelona.cat\\\/es\\\/#organization\"},\"potentialAction\":[{\"@type\":\"SearchAction\",\"target\":{\"@type\":\"EntryPoint\",\"urlTemplate\":\"https:\\\/\\\/www.cruillabarcelona.cat\\\/es\\\/?s={search_term_string}\"},\"query-input\":{\"@type\":\"PropertyValueSpecification\",\"valueRequired\":true,\"valueName\":\"search_term_string\"}}],\"inLanguage\":\"es\"},{\"@type\":\"Organization\",\"@id\":\"https:\\\/\\\/www.cruillabarcelona.cat\\\/es\\\/#organization\",\"name\":\"Festival Cru\u00eflla\",\"url\":\"https:\\\/\\\/www.cruillabarcelona.cat\\\/es\\\/\",\"logo\":{\"@type\":\"ImageObject\",\"inLanguage\":\"es\",\"@id\":\"https:\\\/\\\/www.cruillabarcelona.cat\\\/es\\\/#\\\/schema\\\/logo\\\/image\\\/\",\"url\":\"https:\\\/\\\/www.cruillabarcelona.cat\\\/wp-content\\\/uploads\\\/2025\\\/12\\\/cruill-logo-negativo.png\",\"contentUrl\":\"https:\\\/\\\/www.cruillabarcelona.cat\\\/wp-content\\\/uploads\\\/2025\\\/12\\\/cruill-logo-negativo.png\",\"width\":400,\"height\":101,\"caption\":\"Festival Cru\u00eflla\"},\"image\":{\"@id\":\"https:\\\/\\\/www.cruillabarcelona.cat\\\/es\\\/#\\\/schema\\\/logo\\\/image\\\/\"}}]}<\/script>\n<!-- \/ Yoast SEO plugin. -->","yoast_head_json":{"title":"Concierto de Maren, 12 de junio del 2021 en la F\u00e0brica Estrella Damm","description":"Compra entradas per al concert de Maren en el Cru\u00eflla XXS, el 12 de junio del 2021 en la Antiga F\u00e0brica Estrella Damm de Barcelona","robots":{"index":"index","follow":"follow","max-snippet":"max-snippet:-1","max-image-preview":"max-image-preview:large","max-video-preview":"max-video-preview:-1"},"canonical":"https:\/\/www.cruillabarcelona.cat\/es\/artists\/maren\/","og_locale":"es_ES","og_type":"article","og_title":"Concierto de Maren, 12 de junio del 2021 en la F\u00e0brica Estrella Damm","og_description":"Compra entradas per al concert de Maren en el Cru\u00eflla XXS, el 12 de junio del 2021 en la Antiga F\u00e0brica Estrella Damm de Barcelona","og_url":"https:\/\/www.cruillabarcelona.cat\/es\/artists\/maren\/","og_site_name":"Festival Cru\u00eflla","article_modified_time":"2021-04-19T13:09:49+00:00","og_image":[{"width":602,"height":602,"url":"https:\/\/www.cruillabarcelona.cat\/wp-content\/uploads\/2021\/04\/FOTO-PROMO-DISCO-autora-Beatriz-Berzosa-1.jpg","type":"image\/jpeg"}],"twitter_card":"summary_large_image","twitter_misc":{"Tiempo de lectura":"1 minuto"},"schema":{"@context":"https:\/\/schema.org","@graph":[{"@type":"WebPage","@id":"https:\/\/www.cruillabarcelona.cat\/es\/artists\/maren\/","url":"https:\/\/www.cruillabarcelona.cat\/es\/artists\/maren\/","name":"Concierto de Maren, 12 de junio del 2021 en la F\u00e0brica Estrella Damm","isPartOf":{"@id":"https:\/\/www.cruillabarcelona.cat\/es\/#website"},"primaryImageOfPage":{"@id":"https:\/\/www.cruillabarcelona.cat\/es\/artists\/maren\/#primaryimage"},"image":{"@id":"https:\/\/www.cruillabarcelona.cat\/es\/artists\/maren\/#primaryimage"},"thumbnailUrl":"https:\/\/www.cruillabarcelona.cat\/wp-content\/uploads\/2021\/04\/FOTO-PROMO-DISCO-autora-Beatriz-Berzosa-1.jpg","datePublished":"2021-04-14T10:00:16+00:00","dateModified":"2021-04-19T13:09:49+00:00","description":"Compra entradas per al concert de Maren en el Cru\u00eflla XXS, el 12 de junio del 2021 en la Antiga F\u00e0brica Estrella Damm de Barcelona","breadcrumb":{"@id":"https:\/\/www.cruillabarcelona.cat\/es\/artists\/maren\/#breadcrumb"},"inLanguage":"es","potentialAction":[{"@type":"ReadAction","target":["https:\/\/www.cruillabarcelona.cat\/es\/artists\/maren\/"]}]},{"@type":"ImageObject","inLanguage":"es","@id":"https:\/\/www.cruillabarcelona.cat\/es\/artists\/maren\/#primaryimage","url":"https:\/\/www.cruillabarcelona.cat\/wp-content\/uploads\/2021\/04\/FOTO-PROMO-DISCO-autora-Beatriz-Berzosa-1.jpg","contentUrl":"https:\/\/www.cruillabarcelona.cat\/wp-content\/uploads\/2021\/04\/FOTO-PROMO-DISCO-autora-Beatriz-Berzosa-1.jpg","width":602,"height":602},{"@type":"BreadcrumbList","@id":"https:\/\/www.cruillabarcelona.cat\/es\/artists\/maren\/#breadcrumb","itemListElement":[{"@type":"ListItem","position":1,"name":"Home","item":"https:\/\/www.cruillabarcelona.cat\/es\/"},{"@type":"ListItem","position":2,"name":"Maren"}]},{"@type":"WebSite","@id":"https:\/\/www.cruillabarcelona.cat\/es\/#website","url":"https:\/\/www.cruillabarcelona.cat\/es\/","name":"Festival Cru\u00eflla","description":"","publisher":{"@id":"https:\/\/www.cruillabarcelona.cat\/es\/#organization"},"potentialAction":[{"@type":"SearchAction","target":{"@type":"EntryPoint","urlTemplate":"https:\/\/www.cruillabarcelona.cat\/es\/?s={search_term_string}"},"query-input":{"@type":"PropertyValueSpecification","valueRequired":true,"valueName":"search_term_string"}}],"inLanguage":"es"},{"@type":"Organization","@id":"https:\/\/www.cruillabarcelona.cat\/es\/#organization","name":"Festival Cru\u00eflla","url":"https:\/\/www.cruillabarcelona.cat\/es\/","logo":{"@type":"ImageObject","inLanguage":"es","@id":"https:\/\/www.cruillabarcelona.cat\/es\/#\/schema\/logo\/image\/","url":"https:\/\/www.cruillabarcelona.cat\/wp-content\/uploads\/2025\/12\/cruill-logo-negativo.png","contentUrl":"https:\/\/www.cruillabarcelona.cat\/wp-content\/uploads\/2025\/12\/cruill-logo-negativo.png","width":400,"height":101,"caption":"Festival Cru\u00eflla"},"image":{"@id":"https:\/\/www.cruillabarcelona.cat\/es\/#\/schema\/logo\/image\/"}}]}},"_links":{"self":[{"href":"https:\/\/www.cruillabarcelona.cat\/es\/wp-json\/wp\/v2\/artists\/36500","targetHints":{"allow":["GET"]}}],"collection":[{"href":"https:\/\/www.cruillabarcelona.cat\/es\/wp-json\/wp\/v2\/artists"}],"about":[{"href":"https:\/\/www.cruillabarcelona.cat\/es\/wp-json\/wp\/v2\/types\/artists"}],"acf:term":[{"embeddable":true,"taxonomy":"artists_location","href":"https:\/\/www.cruillabarcelona.cat\/es\/wp-json\/wp\/v2\/artists_location\/832"},{"embeddable":true,"taxonomy":"artists_edition","href":"https:\/\/www.cruillabarcelona.cat\/es\/wp-json\/wp\/v2\/artists_edition\/833"}],"wp:featuredmedia":[{"embeddable":true,"href":"https:\/\/www.cruillabarcelona.cat\/es\/wp-json\/wp\/v2\/media\/36311"}],"wp:attachment":[{"href":"https:\/\/www.cruillabarcelona.cat\/es\/wp-json\/wp\/v2\/media?parent=36500"}],"wp:term":[{"taxonomy":"artists_edition","embeddable":true,"href":"https:\/\/www.cruillabarcelona.cat\/es\/wp-json\/wp\/v2\/artists_edition?post=36500"}],"curies":[{"name":"wp","href":"https:\/\/api.w.org\/{rel}","templated":true}]}}