{"id":38271,"date":"2021-07-08T12:27:37","date_gmt":"2021-07-08T10:27:37","guid":{"rendered":"https:\/\/www.cruillabarcelona.cat\/?post_type=artists&#038;p=38271"},"modified":"2022-05-06T17:48:22","modified_gmt":"2022-05-06T15:48:22","slug":"balkan-paradise-orchestra-2022","status":"publish","type":"artists","link":"https:\/\/www.cruillabarcelona.cat\/es\/artists\/balkan-paradise-orchestra-2022\/","title":{"rendered":"Balkan Paradise Orchestra"},"content":{"rendered":"<h2>Balkan Paradise Orchestra: fiesta balc\u00e1nica en el Festival Cru\u00eflla 2022<\/h2>\n<p>Poca gente hab\u00eda pensado en hermanar la <strong>tradici\u00f3n balc\u00e1nica<\/strong> y la <strong>fanfarria catalana<\/strong> cuando Olivia, Alba y Eva reunieron a ocho amigas m\u00e1s para formar la <strong>Balkan Paradise Orchestra<\/strong>. El resultado? Un soplo de aire fresco en el panorama de las<strong> fanfarrias<\/strong> del pa\u00eds. Sus canciones que transmiten<strong> fiesta y alegr\u00eda<\/strong> por todas las salas y plazas, pero tambi\u00e9n con melod\u00edas que nuestros vecinos a la otra banda del Mediterr\u00e1neo no dudar\u00edan en hacerse suyas.<\/p>\n<p>Con el premio <strong>Sons de la Mediterr\u00e0nia <\/strong>el 2017 y el <strong>Premio Enderrock al Mejor Disco de Folk<\/strong> del 2018 bajo el bolsillo, las Balkan han tardado muy poco en hacerse un nombre en el panorama catal\u00e1n. El pasado 2020 publicaron <em><strong>Odissea<\/strong><\/em>, su segundo trabajo, inspirado en la de Homero y la de Kubrick y con el cual estas <strong>once m\u00fasicas<\/strong> se han movido hacia sonidos m\u00e1s desconocidos con un gran resultado.<\/p>\n<p>\u00a1Si quer\u00e9is embarcaros en un viaje a trav\u00e9s de los Balcanes, podr\u00e9is subir a bordo el pr\u00f3ximo<strong> 7 de julio<\/strong> en el <strong>Festival Cru\u00eflla<\/strong> 2022!<\/p>\n<hr \/>\n<p class=\"p1\" style=\"text-align: center;\"><span class=\"s1\"><b>Compra aqu\u00ed tus entradas<\/b><\/span><\/p>\n<p class=\"p3\" style=\"text-align: center;\"><span class=\"s1\"><a class=\"efsbutton button \" target=\"_blank\">ENTRADAS<\/a><\/span><\/p>\n<!-- auto-added video if acf\/single-artist-video not used  --> <iframe style=\"width: 100%;max-width: 100%;height: auto;aspect-ratio: 16 \/ 9;\" src=\"https:\/\/www.youtube-nocookie.com\/embed\/GsSvdylr30c\" frameborder=\"0\" allow=\"accelerometer; autoplay; encrypted-media; gyroscope; picture-in-picture\" allowfullscreen><\/iframe>","protected":false},"featured_media":38380,"template":"","meta":{"_acf_changed":false},"artists_edition":[834],"class_list":["post-38271","artists","type-artists","status-publish","has-post-thumbnail","hentry","artists_location-cruilla-enamora","artists_edition-834"],"acf":{"_thumbnail_id":38380,"youtube_player":"GsSvdylr30c","artist_edition":[834],"artist_date":"20220707","artist_time":"18:15","artist_time_2":"","artist_location":[590],"artist_ticket_url":"https:\/\/www.cruillabarcelona.cat\/es\/tickets\/","artist_ticket_status":"","artist_extra_date__show":false,"artist_extra_date_2":null,"artist_time_of_date2":"","artist_extra_date_3":null,"artist_time_of_date3":"","artist_extra_date_4":null,"artist_time_of_date4":"","artist_extra_date_5":null,"artist_time_of_date5":"","artist_date__show_month":true,"artist_sidebar_active":true,"show_in_agenda":false,"artist_sidebar__banner_img":"","artist_sidebar__banner_link":"","artist_hero_content":"Festival Cru\u00eflla 2022","artist_style":false,"artist_nationality":false,"artist_audience_age":false},"yoast_head":"<!-- This site is optimized with the Yoast SEO plugin v27.5 - https:\/\/yoast.com\/product\/yoast-seo-wordpress\/ -->\n<title>Concierto de Balkan Paradise Orchestra, el 7 de julio en el Festival Cru\u00eflla<\/title>\n<meta name=\"description\" content=\"Compra entradas para el concierto de Balkan Paradise Orchestra en el Festival Cru\u00eflla 2022, el 7 de julio en el Parc del F\u00f2rum\" \/>\n<meta name=\"robots\" content=\"index, follow, max-snippet:-1, max-image-preview:large, max-video-preview:-1\" \/>\n<link rel=\"canonical\" href=\"https:\/\/www.cruillabarcelona.cat\/es\/artists\/balkan-paradise-orchestra-2022\/\" \/>\n<meta property=\"og:locale\" content=\"es_ES\" \/>\n<meta property=\"og:type\" content=\"article\" \/>\n<meta property=\"og:title\" content=\"Concierto de Balkan Paradise Orchestra, el 7 de julio en el Festival Cru\u00eflla\" \/>\n<meta property=\"og:description\" content=\"Compra entradas para el concierto de Balkan Paradise Orchestra en el Festival Cru\u00eflla 2022, el 7 de julio en el Parc del F\u00f2rum\" \/>\n<meta property=\"og:url\" content=\"https:\/\/www.cruillabarcelona.cat\/es\/artists\/balkan-paradise-orchestra-2022\/\" \/>\n<meta property=\"og:site_name\" content=\"Festival Cru\u00eflla\" \/>\n<meta property=\"article:modified_time\" content=\"2022-05-06T15:48:22+00:00\" \/>\n<meta property=\"og:image\" content=\"https:\/\/www.cruillabarcelona.cat\/wp-content\/uploads\/2021\/07\/Balkan-Paradise-Orchestra-2021-GemmaMartz13-1.jpg\" \/>\n\t<meta property=\"og:image:width\" content=\"889\" \/>\n\t<meta property=\"og:image:height\" content=\"889\" \/>\n\t<meta property=\"og:image:type\" content=\"image\/jpeg\" \/>\n<meta name=\"twitter:card\" content=\"summary_large_image\" \/>\n<meta name=\"twitter:label1\" content=\"Tiempo de lectura\" \/>\n\t<meta name=\"twitter:data1\" content=\"1 minuto\" \/>\n<script type=\"application\/ld+json\" class=\"yoast-schema-graph\">{\"@context\":\"https:\\\/\\\/schema.org\",\"@graph\":[{\"@type\":\"WebPage\",\"@id\":\"https:\\\/\\\/www.cruillabarcelona.cat\\\/es\\\/artists\\\/balkan-paradise-orchestra-2022\\\/\",\"url\":\"https:\\\/\\\/www.cruillabarcelona.cat\\\/es\\\/artists\\\/balkan-paradise-orchestra-2022\\\/\",\"name\":\"Concierto de Balkan Paradise Orchestra, el 7 de julio en el Festival Cru\u00eflla\",\"isPartOf\":{\"@id\":\"https:\\\/\\\/www.cruillabarcelona.cat\\\/es\\\/#website\"},\"primaryImageOfPage\":{\"@id\":\"https:\\\/\\\/www.cruillabarcelona.cat\\\/es\\\/artists\\\/balkan-paradise-orchestra-2022\\\/#primaryimage\"},\"image\":{\"@id\":\"https:\\\/\\\/www.cruillabarcelona.cat\\\/es\\\/artists\\\/balkan-paradise-orchestra-2022\\\/#primaryimage\"},\"thumbnailUrl\":\"https:\\\/\\\/www.cruillabarcelona.cat\\\/wp-content\\\/uploads\\\/2021\\\/07\\\/Balkan-Paradise-Orchestra-2021-GemmaMartz13-1.jpg\",\"datePublished\":\"2021-07-08T10:27:37+00:00\",\"dateModified\":\"2022-05-06T15:48:22+00:00\",\"description\":\"Compra entradas para el concierto de Balkan Paradise Orchestra en el Festival Cru\u00eflla 2022, el 7 de julio en el Parc del F\u00f2rum\",\"breadcrumb\":{\"@id\":\"https:\\\/\\\/www.cruillabarcelona.cat\\\/es\\\/artists\\\/balkan-paradise-orchestra-2022\\\/#breadcrumb\"},\"inLanguage\":\"es\",\"potentialAction\":[{\"@type\":\"ReadAction\",\"target\":[\"https:\\\/\\\/www.cruillabarcelona.cat\\\/es\\\/artists\\\/balkan-paradise-orchestra-2022\\\/\"]}]},{\"@type\":\"ImageObject\",\"inLanguage\":\"es\",\"@id\":\"https:\\\/\\\/www.cruillabarcelona.cat\\\/es\\\/artists\\\/balkan-paradise-orchestra-2022\\\/#primaryimage\",\"url\":\"https:\\\/\\\/www.cruillabarcelona.cat\\\/wp-content\\\/uploads\\\/2021\\\/07\\\/Balkan-Paradise-Orchestra-2021-GemmaMartz13-1.jpg\",\"contentUrl\":\"https:\\\/\\\/www.cruillabarcelona.cat\\\/wp-content\\\/uploads\\\/2021\\\/07\\\/Balkan-Paradise-Orchestra-2021-GemmaMartz13-1.jpg\",\"width\":889,\"height\":889},{\"@type\":\"BreadcrumbList\",\"@id\":\"https:\\\/\\\/www.cruillabarcelona.cat\\\/es\\\/artists\\\/balkan-paradise-orchestra-2022\\\/#breadcrumb\",\"itemListElement\":[{\"@type\":\"ListItem\",\"position\":1,\"name\":\"Home\",\"item\":\"https:\\\/\\\/www.cruillabarcelona.cat\\\/es\\\/\"},{\"@type\":\"ListItem\",\"position\":2,\"name\":\"Balkan Paradise Orchestra\"}]},{\"@type\":\"WebSite\",\"@id\":\"https:\\\/\\\/www.cruillabarcelona.cat\\\/es\\\/#website\",\"url\":\"https:\\\/\\\/www.cruillabarcelona.cat\\\/es\\\/\",\"name\":\"Festival Cru\u00eflla\",\"description\":\"\",\"publisher\":{\"@id\":\"https:\\\/\\\/www.cruillabarcelona.cat\\\/es\\\/#organization\"},\"potentialAction\":[{\"@type\":\"SearchAction\",\"target\":{\"@type\":\"EntryPoint\",\"urlTemplate\":\"https:\\\/\\\/www.cruillabarcelona.cat\\\/es\\\/?s={search_term_string}\"},\"query-input\":{\"@type\":\"PropertyValueSpecification\",\"valueRequired\":true,\"valueName\":\"search_term_string\"}}],\"inLanguage\":\"es\"},{\"@type\":\"Organization\",\"@id\":\"https:\\\/\\\/www.cruillabarcelona.cat\\\/es\\\/#organization\",\"name\":\"Festival Cru\u00eflla\",\"url\":\"https:\\\/\\\/www.cruillabarcelona.cat\\\/es\\\/\",\"logo\":{\"@type\":\"ImageObject\",\"inLanguage\":\"es\",\"@id\":\"https:\\\/\\\/www.cruillabarcelona.cat\\\/es\\\/#\\\/schema\\\/logo\\\/image\\\/\",\"url\":\"https:\\\/\\\/www.cruillabarcelona.cat\\\/wp-content\\\/uploads\\\/2025\\\/12\\\/cruill-logo-negativo.png\",\"contentUrl\":\"https:\\\/\\\/www.cruillabarcelona.cat\\\/wp-content\\\/uploads\\\/2025\\\/12\\\/cruill-logo-negativo.png\",\"width\":400,\"height\":101,\"caption\":\"Festival Cru\u00eflla\"},\"image\":{\"@id\":\"https:\\\/\\\/www.cruillabarcelona.cat\\\/es\\\/#\\\/schema\\\/logo\\\/image\\\/\"}}]}<\/script>\n<!-- \/ Yoast SEO plugin. -->","yoast_head_json":{"title":"Concierto de Balkan Paradise Orchestra, el 7 de julio en el Festival Cru\u00eflla","description":"Compra entradas para el concierto de Balkan Paradise Orchestra en el Festival Cru\u00eflla 2022, el 7 de julio en el Parc del F\u00f2rum","robots":{"index":"index","follow":"follow","max-snippet":"max-snippet:-1","max-image-preview":"max-image-preview:large","max-video-preview":"max-video-preview:-1"},"canonical":"https:\/\/www.cruillabarcelona.cat\/es\/artists\/balkan-paradise-orchestra-2022\/","og_locale":"es_ES","og_type":"article","og_title":"Concierto de Balkan Paradise Orchestra, el 7 de julio en el Festival Cru\u00eflla","og_description":"Compra entradas para el concierto de Balkan Paradise Orchestra en el Festival Cru\u00eflla 2022, el 7 de julio en el Parc del F\u00f2rum","og_url":"https:\/\/www.cruillabarcelona.cat\/es\/artists\/balkan-paradise-orchestra-2022\/","og_site_name":"Festival Cru\u00eflla","article_modified_time":"2022-05-06T15:48:22+00:00","og_image":[{"width":889,"height":889,"url":"https:\/\/www.cruillabarcelona.cat\/wp-content\/uploads\/2021\/07\/Balkan-Paradise-Orchestra-2021-GemmaMartz13-1.jpg","type":"image\/jpeg"}],"twitter_card":"summary_large_image","twitter_misc":{"Tiempo de lectura":"1 minuto"},"schema":{"@context":"https:\/\/schema.org","@graph":[{"@type":"WebPage","@id":"https:\/\/www.cruillabarcelona.cat\/es\/artists\/balkan-paradise-orchestra-2022\/","url":"https:\/\/www.cruillabarcelona.cat\/es\/artists\/balkan-paradise-orchestra-2022\/","name":"Concierto de Balkan Paradise Orchestra, el 7 de julio en el Festival Cru\u00eflla","isPartOf":{"@id":"https:\/\/www.cruillabarcelona.cat\/es\/#website"},"primaryImageOfPage":{"@id":"https:\/\/www.cruillabarcelona.cat\/es\/artists\/balkan-paradise-orchestra-2022\/#primaryimage"},"image":{"@id":"https:\/\/www.cruillabarcelona.cat\/es\/artists\/balkan-paradise-orchestra-2022\/#primaryimage"},"thumbnailUrl":"https:\/\/www.cruillabarcelona.cat\/wp-content\/uploads\/2021\/07\/Balkan-Paradise-Orchestra-2021-GemmaMartz13-1.jpg","datePublished":"2021-07-08T10:27:37+00:00","dateModified":"2022-05-06T15:48:22+00:00","description":"Compra entradas para el concierto de Balkan Paradise Orchestra en el Festival Cru\u00eflla 2022, el 7 de julio en el Parc del F\u00f2rum","breadcrumb":{"@id":"https:\/\/www.cruillabarcelona.cat\/es\/artists\/balkan-paradise-orchestra-2022\/#breadcrumb"},"inLanguage":"es","potentialAction":[{"@type":"ReadAction","target":["https:\/\/www.cruillabarcelona.cat\/es\/artists\/balkan-paradise-orchestra-2022\/"]}]},{"@type":"ImageObject","inLanguage":"es","@id":"https:\/\/www.cruillabarcelona.cat\/es\/artists\/balkan-paradise-orchestra-2022\/#primaryimage","url":"https:\/\/www.cruillabarcelona.cat\/wp-content\/uploads\/2021\/07\/Balkan-Paradise-Orchestra-2021-GemmaMartz13-1.jpg","contentUrl":"https:\/\/www.cruillabarcelona.cat\/wp-content\/uploads\/2021\/07\/Balkan-Paradise-Orchestra-2021-GemmaMartz13-1.jpg","width":889,"height":889},{"@type":"BreadcrumbList","@id":"https:\/\/www.cruillabarcelona.cat\/es\/artists\/balkan-paradise-orchestra-2022\/#breadcrumb","itemListElement":[{"@type":"ListItem","position":1,"name":"Home","item":"https:\/\/www.cruillabarcelona.cat\/es\/"},{"@type":"ListItem","position":2,"name":"Balkan Paradise Orchestra"}]},{"@type":"WebSite","@id":"https:\/\/www.cruillabarcelona.cat\/es\/#website","url":"https:\/\/www.cruillabarcelona.cat\/es\/","name":"Festival Cru\u00eflla","description":"","publisher":{"@id":"https:\/\/www.cruillabarcelona.cat\/es\/#organization"},"potentialAction":[{"@type":"SearchAction","target":{"@type":"EntryPoint","urlTemplate":"https:\/\/www.cruillabarcelona.cat\/es\/?s={search_term_string}"},"query-input":{"@type":"PropertyValueSpecification","valueRequired":true,"valueName":"search_term_string"}}],"inLanguage":"es"},{"@type":"Organization","@id":"https:\/\/www.cruillabarcelona.cat\/es\/#organization","name":"Festival Cru\u00eflla","url":"https:\/\/www.cruillabarcelona.cat\/es\/","logo":{"@type":"ImageObject","inLanguage":"es","@id":"https:\/\/www.cruillabarcelona.cat\/es\/#\/schema\/logo\/image\/","url":"https:\/\/www.cruillabarcelona.cat\/wp-content\/uploads\/2025\/12\/cruill-logo-negativo.png","contentUrl":"https:\/\/www.cruillabarcelona.cat\/wp-content\/uploads\/2025\/12\/cruill-logo-negativo.png","width":400,"height":101,"caption":"Festival Cru\u00eflla"},"image":{"@id":"https:\/\/www.cruillabarcelona.cat\/es\/#\/schema\/logo\/image\/"}}]}},"_links":{"self":[{"href":"https:\/\/www.cruillabarcelona.cat\/es\/wp-json\/wp\/v2\/artists\/38271","targetHints":{"allow":["GET"]}}],"collection":[{"href":"https:\/\/www.cruillabarcelona.cat\/es\/wp-json\/wp\/v2\/artists"}],"about":[{"href":"https:\/\/www.cruillabarcelona.cat\/es\/wp-json\/wp\/v2\/types\/artists"}],"acf:term":[{"embeddable":true,"taxonomy":"artists_location","href":"https:\/\/www.cruillabarcelona.cat\/es\/wp-json\/wp\/v2\/artists_location\/590"},{"embeddable":true,"taxonomy":"artists_edition","href":"https:\/\/www.cruillabarcelona.cat\/es\/wp-json\/wp\/v2\/artists_edition\/834"}],"wp:featuredmedia":[{"embeddable":true,"href":"https:\/\/www.cruillabarcelona.cat\/es\/wp-json\/wp\/v2\/media\/38380"}],"wp:attachment":[{"href":"https:\/\/www.cruillabarcelona.cat\/es\/wp-json\/wp\/v2\/media?parent=38271"}],"wp:term":[{"taxonomy":"artists_edition","embeddable":true,"href":"https:\/\/www.cruillabarcelona.cat\/es\/wp-json\/wp\/v2\/artists_edition?post=38271"}],"curies":[{"name":"wp","href":"https:\/\/api.w.org\/{rel}","templated":true}]}}